{"id":11702,"date":"2019-06-20T12:58:13","date_gmt":"2019-06-20T10:58:13","guid":{"rendered":"http:\/\/internacional.umh.es\/?page_id=11702"},"modified":"2024-02-13T12:48:00","modified_gmt":"2024-02-13T11:48:00","slug":"voluntariado-en-ongs","status":"publish","type":"page","link":"https:\/\/internacional.umh.es\/ca\/cooperacion-y-voluntariado\/voluntariado\/voluntariado-en-ongs\/","title":{"rendered":"ONGs"},"content":{"rendered":"<p><\/p>\n<p style=\"text-align: justify\">L&#8217;\u00c0rea de Cooperaci\u00f3 al Desenvolupament i Voluntariat de la UMH est\u00e0 plenament compromesa amb els <strong>Objectius de Desenvolupament Sostenible de l&#8217;Agenda 2030<\/strong> i mitjan\u00e7ant les seg\u00fcents activitats pret\u00e9n contribuir al <b> ODS 17<\/b> mitjan\u00e7ant la generaci\u00f3 d&#8217;Aliances <b><\/b> per a aconseguir objectius amb el tercer sector, a fi d&#8217;aprofitar recursos i experi\u00e8ncies i crear punts de trobada i actuaci\u00f3 conjunta, contribuint aix\u00ed al desenvolupament sostenible tant de la comunitat universit\u00e0ria, com de la societat civil en el seu conjunt.<\/p>\n<p>De la mateixa manera, col\u00b7labora amb ONGs donant difusi\u00f3 als seus projectes de voluntariat. <strong>Coneix ac\u00ed<\/strong> en quins <strong>projectes<\/strong> pots participar.<\/p>\n<hr>\n<h3><strong>Pichiriqui<\/strong><\/h3>\n<p style=\"text-align: justify\"><img loading=\"lazy\" class=\"size-medium wp-image-28038 alignleft\" src=\"https:\/\/internacional.umh.es\/files\/2022\/11\/313110479_138727855579872_6602175999372580833_n-300x300.jpg\" title=\"Fes-te voluntari en l'Associaci\u00f3 Pichiriqui per una Educaci\u00f3 de Qualitat\" alt=\"Associaci\u00f3 Pichiriqui disseny\" width=\"300\" height=\"300\" srcset=\"https:\/\/internacional.umh.es\/files\/2022\/11\/313110479_138727855579872_6602175999372580833_n-300x300.jpg 300w, https:\/\/internacional.umh.es\/files\/2022\/11\/313110479_138727855579872_6602175999372580833_n-1024x1024.jpg 1024w, https:\/\/internacional.umh.es\/files\/2022\/11\/313110479_138727855579872_6602175999372580833_n-150x150.jpg 150w, https:\/\/internacional.umh.es\/files\/2022\/11\/313110479_138727855579872_6602175999372580833_n-768x768.jpg 768w, https:\/\/internacional.umh.es\/files\/2022\/11\/313110479_138727855579872_6602175999372580833_n.jpg 1080w\" sizes=\"(max-width: 300px) 100vw, 300px\" \/>L&#8217;associaci\u00f3 t\u00e9 com a objectiu ajudar a nin@s i joves del Camp d\u00b4Elx perqu\u00e8 puguen gaudir de m\u00e9s oportunitats. Volem ser una opci\u00f3 real perqu\u00e8 els estudiants rurals puguen incrementar les seues habilitats i coneixements de manera gratu\u00efta. Complementarem la formaci\u00f3 que reben en els seus centres escolars. Encara que som una entitat de recent creaci\u00f3, tenim diversos projectes en marxa. Sincerament la nostra meta \u00e9s ajudar a la major quantitat de nin@s i fam\u00edlies que no tenen les mateixes oportunitats que els residents a les ciutats.<\/p>\n<p style=\"text-align: justify\">Les nostres activitats tracten d&#8217;art, cultura, medi ambient, ci\u00e8ncia, esports, etc. No a tots els estudiants els interessen les mateixes coses per tant, tractem d&#8217;oferir activitats diverses per\u00f2 sempre com a eix central l&#8217;educaci\u00f3 en valors.<\/p>\n<p>Si desitges participar en el seu programa de voluntariat, <a href=\"https:\/\/pichiriqui.org\/voluntarios\" target=\"_blank\" rel=\"noopener\" title=\"Ho veur\u00e0s en una nova finestra\">no dubtes a escriure en el formulari de pichiriqui.org\/voluntarios<\/a><\/p>\n<hr>\n<h3><strong>ASFEME<\/strong><\/h3>\n<p style=\"text-align: justify\"><img loading=\"lazy\" class=\"size-medium wp-image-27682 alignleft\" src=\"https:\/\/internacional.umh.es\/files\/2022\/09\/asfeme-300x300.jpg\" alt=\"Asfeme display\" title=\"Fes-te voluntari de ASFEME Associaci\u00f3 de Familiars i Persones amb Malaltia Mental Greu de la Prov\u00edncia d'Alacant\" width=\"300\" height=\"300\" srcset=\"https:\/\/internacional.umh.es\/files\/2022\/09\/asfeme-300x300.jpg 300w, https:\/\/internacional.umh.es\/files\/2022\/09\/asfeme-150x150.jpg 150w, https:\/\/internacional.umh.es\/files\/2022\/09\/asfeme.jpg 720w\" sizes=\"(max-width: 300px) 100vw, 300px\" \/>L&#8217;Associaci\u00f3 de Familiars i Persones amb Malaltia Mental Greu de la Prov\u00edncia d&#8217;Alacant, Elx visita la UMH per a captar voluntariat. ASFEME, que celebra el cinqu\u00e9 aniversari de la seua seu a Elx, ha instal\u00b7lat el seu t\u00f2tem informatiu en l&#8217;hall de l&#8217;edifici Altabix, el qual romandr\u00e0 durant un per\u00edode de 15 dies. En aquest t\u00f2tem, l&#8217;estudiantat trobar\u00e0 informaci\u00f3 relativa a l&#8217;associaci\u00f3, a la seua missi\u00f3, les dades de contacte de l&#8217;associaci\u00f3 i un codi QR que els portar\u00e0 directament a <a href=\"https:\/\/www.asfeme.org\/voluntariado\/\" target=\"_blank\" title=\"Ho veur\u00e0s en una nova finestra\" rel=\"noopener\">asfeme.org\/voluntariado<\/a><\/p>\n<p style=\"text-align: justify\">ASFEME \u00e9s una associaci\u00f3 sense \u00e0nim de lucre l&#8217;objectiu del qual \u00e9s el de l&#8217;adopci\u00f3 de totes les mesures que contribu\u00efsquen a la millora de la qualitat de vida de les persones afectades per malaltia mental i la dels seus familiars. Aix\u00ed com promoure la sensibilitzaci\u00f3 i mentalitzaci\u00f3 social cap a les persones amb malaltia mental i les seues fam\u00edlies i exigir la creaci\u00f3 de recursos comunitaris alternatius a l&#8217;hospitalitzaci\u00f3 psiqui\u00e0trica.<\/p>\n<p>Si desitges participar en el seu programa de voluntariat, <a href=\"mailto:info@asfeme.org\" title=\"Ho veur\u00e0s en una nova finestra\" target=\"_blank\" rel=\"noopener\">no dubtes a escriure a info@asfeme.org<\/a><\/p>\n<hr>\n<h3><strong>Creu Roja<\/strong><\/h3>\n<p style=\"text-align: justify\"><img loading=\"lazy\" class=\"size-medium wp-image-27650 alignleft\" src=\"https:\/\/internacional.umh.es\/files\/2022\/09\/IMG_0045_magic-1-300x169.jpg\" alt=\"Aula Torreblanca UMH Creu Roja\" title=\"Creu Roja Espanyola col\u00b7labora impartint classes d'espanyol en aules de la UMH a nouvinguts\" width=\"300\" height=\"169\" srcset=\"https:\/\/internacional.umh.es\/files\/2022\/09\/IMG_0045_magic-1-300x169.jpg 300w, https:\/\/internacional.umh.es\/files\/2022\/09\/IMG_0045_magic-1.jpg 600w\" sizes=\"(max-width: 300px) 100vw, 300px\" \/>La Universitat Miguel Hern\u00e1ndez (UMH) d&#8217;Elx, en virtut amb el conveni de col\u00b7laboraci\u00f3 que mant\u00e9 amb Creu Roja Espanyola, cedeix una aula de l&#8217;edifici Torreblanca perqu\u00e8 s&#8217;impartisquen classes de castell\u00e0 a immigrants nouvinguts. Entre els mesos de setembre a juny, una professora de castell\u00e0 iniciar\u00e0 a una vintena de nouvinguts en la llengua castellana.<\/p>\n<p>&nbsp;<\/p>\n<hr>\n<h3><strong>Fundaci\u00f3 Salut i Comunitat<\/strong><\/h3>\n<p style=\"text-align: justify\"><img loading=\"lazy\" class=\"wp-image-26886 alignleft\" src=\"https:\/\/internacional.umh.es\/files\/2022\/06\/economia-300x166.png\" title=\"Coneix les diferents novetats del programa de Millora de l'Economia Dom\u00e8stica programades\" alt=\"Programa Millora economia dom\u00e8stica disseny\" width=\"304\" height=\"168\" srcset=\"https:\/\/internacional.umh.es\/files\/2022\/06\/economia-300x166.png 300w, https:\/\/internacional.umh.es\/files\/2022\/06\/economia-768x425.png 768w, https:\/\/internacional.umh.es\/files\/2022\/06\/economia.png 796w\" sizes=\"(max-width: 304px) 100vw, 304px\" \/> La Fundaci\u00f3 Salut i Comunitat precisa de voluntaris\/as per als seus programes de exlusi\u00f3n residencial, enfocats a facilitar l&#8217;adquisici\u00f3 d&#8217;habilitats, capacitats i coneixements per a una millora de maneig de l&#8217;economia dom\u00e8stica i efici\u00e8ncia energ\u00e8tica. Aquests programes es desenvolupen en les localitats d&#8217;Elx, Alacant, Villena, Sant Vicent del Raspeig, per la qual cosa el\/la persona volunt\u00e0ria pot optar a realitzar la seua labor en qualsevol d&#8217;elles.<\/p>\n<p>Els programes en els quals s&#8217;ofereix el lloc de voluntariat s\u00f3n:<\/p>\n<ul>\n<li style=\"text-align: justify\"><strong>Acompanyament per a l&#8217;Exercici dels Drets Energ\u00e8tics (AEDEs). <\/strong>El seu objectiu \u00e9s millorar la qualitat de vida de les persones\/fam\u00edlies\/unitats de conviv\u00e8ncia, recolzant en la reducci\u00f3 de situacions de vulnerabilitat, treballant per a abordar l&#8217;\u00e0rea de pobresa energ\u00e8tica en llars vulnerables. Es desenvolupar\u00e0 a trav\u00e9s de Plans d&#8217;Acompanyament Energ\u00e8tics ajustats a les necessitats de les fam\u00edlies i caracter\u00edstiques tant dels seus habitatges, com del seu entorn. S&#8217;acompanya des de diferents nivells d&#8217;intervenci\u00f3 per a la cobertura de subministraments b\u00e0sics, l&#8217;efici\u00e8ncia i l&#8217;estalvi energ\u00e8tic, i l&#8217;apoderament en l&#8217;exercici dels drets.<\/li>\n<li style=\"text-align: justify\"><strong>Programa de Millora d&#8217;economia dom\u00e8stica per a fam\u00edlies en risc d&#8217;exclusi\u00f3 residencial <\/strong>per a fam\u00edlies en risc d&#8217;exclusi\u00f3 residencial. Es realitzen sessions socioeducatives amb aquestes, utilitzant un manual del qual es disposa, per a treballar l&#8217;adquisici\u00f3 de coneixements i habilitats dirigits a fer canvis que milloren el maneig de l&#8217;economia dom\u00e8stica en la llar.<\/li>\n<\/ul>\n<p>La\/s persona\/s volunt\u00e0ria\/s secundar\u00e0\/col\u00b7laborar\u00e0 amb els\/as t\u00e8cnics\/as de l&#8217;\u00e0rea.<\/p>\n<p><img loading=\"lazy\" class=\"alignnone wp-image-26889\" src=\"https:\/\/internacional.umh.es\/files\/2022\/06\/energia1-300x197.png\" alt=\"AEDE'S disseny\" title=\"*AEDE'S ofereix acompanyament en l'exercici dels drets energ\u00e8tics\" width=\"258\" height=\"169\" srcset=\"https:\/\/internacional.umh.es\/files\/2022\/06\/energia1-300x197.png 300w, https:\/\/internacional.umh.es\/files\/2022\/06\/energia1-768x503.png 768w, https:\/\/internacional.umh.es\/files\/2022\/06\/energia1.png 798w\" sizes=\"(max-width: 258px) 100vw, 258px\" \/><\/p>\n<hr>\n<p><img loading=\"lazy\" class=\"size-medium wp-image-26825 alignnone\" src=\"https:\/\/internacional.umh.es\/files\/2022\/06\/logo-fsc-nweb-cast-01-300x157.png\" alt=\"Logotip fundaci\u00f3 salut i comunitat\" title=\"Coneix les activitats de voluntariat realitzades en la Fundaci\u00f3 Salut i Comunitat\" width=\"300\" height=\"157\" srcset=\"https:\/\/internacional.umh.es\/files\/2022\/06\/logo-fsc-nweb-cast-01-300x157.png 300w, https:\/\/internacional.umh.es\/files\/2022\/06\/logo-fsc-nweb-cast-01.png 534w\" sizes=\"(max-width: 300px) 100vw, 300px\" \/><\/p>\n<p style=\"text-align: justify\">La Fundaci\u00f3 Salut i Comunitat precisa de l&#8217;ajuda de 2-3 voluntaris\/as que podran realitzar el voluntariat de manera presencial, telem\u00e0tica o de manera mixta. L&#8217;objectiu \u00e9s millorar l&#8217;ocupabilitat de les persones participants en els seus programes:<\/p>\n<ul>\n<li style=\"text-align: justify\"><strong>Programa d&#8217;ocupaci\u00f3 Jobs<\/strong>, a trav\u00e9s del qual es pret\u00e9n millorar l&#8217;ocupabilitat de persones en exclusi\u00f3 residencial a trav\u00e9s de l&#8217;acompanyament en els seus itineraris d&#8217;ocupaci\u00f3 personalitzats.<\/li>\n<li style=\"text-align: justify\"><strong>Coneix-T, Empra-T<\/strong>, amb el qual es duen a terme itineraris grupals per al desenvolupament personal i professional de persones en situaci\u00f3 de risc o exclusi\u00f3 social.<\/li>\n<li style=\"text-align: justify\"><strong>Perseo<\/strong>. Programa Estrat\u00e8gic de Responsabilitat Social i Especialitzaci\u00f3 Ocupacional per a la millora de l&#8217;ocupabilitat de persones en situaci\u00f3 d&#8217;exclusi\u00f3 o risc d&#8217;exclusi\u00f3 social.<\/li>\n<\/ul>\n<p style=\"text-align: justify\">La\/s persona\/s volunt\u00e0ria\/s secundar\u00e0\/col\u00b7laborar\u00e0 amb els\/as t\u00e8cnics\/as de l&#8217;\u00e0rea, en tasques com ara: Atenci\u00f3 de persones participants, avaluaci\u00f3 de compet\u00e8ncies, elaboraci\u00f3 d&#8217;itineraris d&#8217;ocupaci\u00f3 individualitzats, seguiment d&#8217;actuacions, orientaci\u00f3 sociolaboral, an\u00e0lisi del teixit empresarial, cerca d&#8217;ofertes d&#8217;ocupaci\u00f3 concorde als perfils de les persones participants, refor\u00e7 en actuacions, participaci\u00f3 en reunions de coordinaci\u00f3 de l&#8217;equip t\u00e8cnic, tasques administratives derivades dels programes.<\/p>\n<hr>\n<h3><strong>Voluntariat en la Fundaci\u00f3 LUKAS-Ayuda a la discapacitat<\/strong><\/h3>\n<p style=\"text-align: justify\"><img loading=\"lazy\" class=\" wp-image-26186 alignleft\" src=\"https:\/\/internacional.umh.es\/files\/2022\/05\/CasaHogar2_Portfolio_Home-300x300.jpg\" title=\"\nLes activitats solid\u00e0ries realitzades en la Fundaci\u00f3 LUKAS s\u00f3n un treball continu en equip\" alt=\"Fundaci\u00f3 LUKAS foto grup\" width=\"168\" height=\"168\" srcset=\"https:\/\/internacional.umh.es\/files\/2022\/05\/CasaHogar2_Portfolio_Home-300x300.jpg 300w, https:\/\/internacional.umh.es\/files\/2022\/05\/CasaHogar2_Portfolio_Home-150x150.jpg 150w, https:\/\/internacional.umh.es\/files\/2022\/05\/CasaHogar2_Portfolio_Home.jpg 360w\" sizes=\"(max-width: 168px) 100vw, 168px\" \/>La FUNDACI\u00d3 LUKAS- Ayuda a la Discapacitat, des de l&#8217;any de la seua constituci\u00f3 en 2009, \u00e9s millorar la qualitat de vida de xiquets i joves amb discapacitat m\u00faltiple severa, i la de les seues fam\u00edlies, a trav\u00e9s d&#8217;un model assistencial innovador. Tota la seua informaci\u00f3 est\u00e0 en <a href=\"https:\/\/www.fundacionlukas.org\/\" target=\"_blank\" rel=\"noopener\" title=\"Ho veur\u00e0s en una nova finestra\">fundacionlukas.org<\/a><\/p>\n<p style=\"text-align: justify\">Cada dissabte al mat\u00ed, duen a terme el seu programa REP\u00ccROS, que consisteix en passejos en bicis fins a la platja amb els xics, o b\u00e9 activitats al jard\u00ed sensorial i tamb\u00e9 jocs en piscina climatitzada, entre moltes altres coses. Perqu\u00e8 les fam\u00edlies tinguen un moment de desconnexi\u00f3 i els seus fills es divertisquen i estiguen atesos.<\/p>\n<hr>\n<h3><strong>Voluntariat Internacional Bios Cap Verd<\/strong><\/h3>\n<p style=\"text-align: justify\"><a href=\"https:\/\/internacional.umh.es\/files\/2022\/04\/Voluntariado-internacional-en-Cabo-Verde.png\" title=\"Ho veur\u00e0s en una nova finestra\" target=\"_blank\" rel=\"noopener\"><img loading=\"lazy\" class=\"size-medium wp-image-25904 alignleft\" src=\"https:\/\/internacional.umh.es\/files\/2022\/04\/Voluntariado-internacional-en-Cabo-Verde-300x212.png\" alt=\"Voluntariat Internacional Bios Cap Verd\" title=\"Coneix les novetats sobre el Voluntariat Internacional Bios Cap Verd\" width=\"300\" height=\"212\" srcset=\"https:\/\/internacional.umh.es\/files\/2022\/04\/Voluntariado-internacional-en-Cabo-Verde-300x212.png 300w, https:\/\/internacional.umh.es\/files\/2022\/04\/Voluntariado-internacional-en-Cabo-Verde-768x543.png 768w, https:\/\/internacional.umh.es\/files\/2022\/04\/Voluntariado-internacional-en-Cabo-Verde.png 798w\" sizes=\"(max-width: 300px) 100vw, 300px\" \/><\/a>Cap Verd \u00e9s l&#8217;\u00fanica zona de reproducci\u00f3 de la tortuga comuna en l&#8217;Atl\u00e0ntic Oriental. Aquesta poblaci\u00f3 est\u00e0 amena\u00e7ada sobretot per la captura il\u00b7legal de tortugues i els seus ous, les captures accidentals de les activitats pesqueres industrials i artesanals i per la disminuci\u00f3 de l&#8217;h\u00e0bitat adequat per a la implantaci\u00f3 a causa de l&#8217;erosi\u00f3 costanera, les inundacions, la construcci\u00f3 costanera, les pr\u00e0ctiques tur\u00edstiques no regulades, l&#8217;extracci\u00f3 d&#8217;arena o la depredaci\u00f3 insostenible per part d&#8217;esp\u00e8cies naturals i dom\u00e8stiques.<\/p>\n<p style=\"text-align: justify\"><a href=\"https:\/\/internacional.umh.es\/files\/2022\/04\/VOLUNTARIADO-INTERNACIONAL-tortuga-espanol-BiosCaboVerde.pdf\" target=\"_blank\" rel=\"noopener\" title=\"Ho veur\u00e0s en una nova finestra\">El programa de conservaci\u00f3 de tortugues marines (2Mb .pdf)<\/a> de BIOS a les platges de Jo\u00e3o Fangosa t\u00e9 com a objectius:<\/p>\n<ul>\n<li>Protegir, conservar i gestionar h\u00e0bitats importants per a tortugues marines.<\/li>\n<li>Evitar la ca\u00e7a furtiva de tortugues per falta de vigil\u00e0ncia durant la nit.<\/li>\n<li>Augmentar l&#8217;esc\u00e0s \u00e8xit d&#8217;eclosi\u00f3 degut tant a la forta depredaci\u00f3 per part dels crancs fantasma (Ocypode cursor) com a la destrucci\u00f3 dels nius per condicions meteorol\u00f2giques adverses (inundacions i marees vives) i contrarestar l&#8217;efecte del calfament global augmentant la producci\u00f3 de mascles.<\/li>\n<li>Monitorar l&#8217;activitat de nidificaci\u00f3 en aquesta zona per a millorar el coneixement (demografia, abund\u00e0ncia de nius, avaluaci\u00f3 de riscos, proporci\u00f3 de sexes, connectivitat, etc.) per a desenvolupar millors plans de gesti\u00f3.<\/li>\n<li>Augmentar la consci\u00e8ncia p\u00fablica sobre la situaci\u00f3 de les tortugues marines i millorar la participaci\u00f3 local en les activitats de conservaci\u00f3.<\/li>\n<li>Donar suport al desenvolupament sostenible de les poblacions locals, incloent-hi l&#8217;ocupaci\u00f3 directa i indirecta i la formaci\u00f3 t\u00e8cnica dels joves.<\/li>\n<li>Contribuir a la cooperaci\u00f3 local, regional, nacional i internacional per a la conservaci\u00f3 de les tortugues marines.<\/li>\n<\/ul>\n<p><iframe loading=\"lazy\" title=\"Bios Cabo Verde campanha desova tartaruga 2021 #nestingseason2021\" width=\"500\" height=\"281\" src=\"https:\/\/www.youtube.com\/embed\/_U8c1SS4McU?feature=oembed\" frameborder=\"0\" allow=\"accelerometer; autoplay; clipboard-write; encrypted-media; gyroscope; picture-in-picture; web-share\" allowfullscreen><\/iframe><\/p>\n<hr>\n<h3><strong>Fundaci\u00f3 DASYC<\/strong><\/h3>\n<p style=\"text-align: justify\"><img loading=\"lazy\" class=\"size-medium wp-image-23719 alignleft\" src=\"https:\/\/internacional.umh.es\/files\/2021\/12\/ACOMPANA-2-212x300.png\" alt=\"Fundaci\u00f3 DAYSC Acompa\u00f1a-2 cartell\" title=\"Fundaci\u00f3 DASYC gestional la campanya Acompanya-2 envelliment actiu en les 3 prov\u00edncies de la Comunitat Valenciana\" width=\"212\" height=\"300\" srcset=\"https:\/\/internacional.umh.es\/files\/2021\/12\/ACOMPANA-2-212x300.png 212w, https:\/\/internacional.umh.es\/files\/2021\/12\/ACOMPANA-2-724x1024.png 724w, https:\/\/internacional.umh.es\/files\/2021\/12\/ACOMPANA-2-768x1086.png 768w, https:\/\/internacional.umh.es\/files\/2021\/12\/ACOMPANA-2-1086x1536.png 1086w, https:\/\/internacional.umh.es\/files\/2021\/12\/ACOMPANA-2.png 1414w\" sizes=\"(max-width: 212px) 100vw, 212px\" \/>La fundaci\u00f3 DASYC cerca voluntaris i volunt\u00e0ries per al seu projecte ACOMPANYA-2 a la ciutat d&#8217;Elx.<\/p>\n<p><p style=\"text-align: justify\">Aquest projecte t\u00e9 com a objectiu disminuir la soledat i l&#8217;a\u00efllament que pateixen les persones majors a trav\u00e9s de l&#8217;acompanyament en domicilis i resid\u00e8ncies dels nostres voluntaris, els quals visiten a aquestes persones dues hores a la setmana. Moltes vegades gr\u00e0cies als acompanyaments tamb\u00e9 es propicia un espai de temps lliure i respir als familiars i\/o cuidadors de les persones dependents.<\/p>\n<p>&nbsp;<br \/>\n&nbsp;<br \/>\n&nbsp;<\/p>\n<hr>\n<h3><strong>Creu Roja Elx visita la UMH per a commemorar el Dia mundial contra la Sida<\/strong><\/h3>\n<p>L&#8217;Assemblea Local de Creu Roja Elx ha visitat la Universitat Miguel Hern\u00e1ndez (UMH) d&#8217;Elx amb motiu del Dia Mundial de la Lluita contra la SIDA.<\/p>\n<p style=\"text-align: justify\">Al llarg del mat\u00ed l&#8217;estudiantat s&#8217;ha acostat a l&#8217;estand situat en l&#8217;edifici Altabix de la UMH, on les volunt\u00e0ries de Creu Roja els han proporcionat informaci\u00f3 amb la finalitat de millorar la comprensi\u00f3 del VIH com un problema de salut p\u00fablica mundial.<\/p>\n<p>\n<img loading=\"lazy\" class=\"alignleft size-medium wp-image-23506\" src=\"https:\/\/internacional.umh.es\/files\/2021\/12\/WhatsApp-Image-2021-12-01-at-12.44.39-2-300x225.jpeg\" title=\"Algunes mostres de material per al Dia Mundial contra la Sida en l'Edifici Altabix de la UMH\" alt=\"Creu Roja Elx mostres voluntariat UMH\" width=\"300\" height=\"225\" srcset=\"https:\/\/internacional.umh.es\/files\/2021\/12\/WhatsApp-Image-2021-12-01-at-12.44.39-2-300x225.jpeg 300w, https:\/\/internacional.umh.es\/files\/2021\/12\/WhatsApp-Image-2021-12-01-at-12.44.39-2-1024x768.jpeg 1024w, https:\/\/internacional.umh.es\/files\/2021\/12\/WhatsApp-Image-2021-12-01-at-12.44.39-2-768x576.jpeg 768w, https:\/\/internacional.umh.es\/files\/2021\/12\/WhatsApp-Image-2021-12-01-at-12.44.39-2-1536x1153.jpeg 1536w, https:\/\/internacional.umh.es\/files\/2021\/12\/WhatsApp-Image-2021-12-01-at-12.44.39-2.jpeg 1999w\" sizes=\"(max-width: 300px) 100vw, 300px\" \/><img loading=\"lazy\" class=\"alignleft size-medium wp-image-23509\" src=\"https:\/\/internacional.umh.es\/files\/2021\/12\/WhatsApp-Image-2021-12-01-at-12.44.39-1-300x225.jpeg\" alt=\"Creu Roja Elx voluntaris Edifici Altabix Elx\" title=\"Creu Roja Elx capta voluntaris en l'edifici Altabix de la UMH\" width=\"300\" height=\"225\" srcset=\"https:\/\/internacional.umh.es\/files\/2021\/12\/WhatsApp-Image-2021-12-01-at-12.44.39-1-300x225.jpeg 300w, https:\/\/internacional.umh.es\/files\/2021\/12\/WhatsApp-Image-2021-12-01-at-12.44.39-1-1024x768.jpeg 1024w, https:\/\/internacional.umh.es\/files\/2021\/12\/WhatsApp-Image-2021-12-01-at-12.44.39-1-768x576.jpeg 768w, https:\/\/internacional.umh.es\/files\/2021\/12\/WhatsApp-Image-2021-12-01-at-12.44.39-1-1536x1152.jpeg 1536w, https:\/\/internacional.umh.es\/files\/2021\/12\/WhatsApp-Image-2021-12-01-at-12.44.39-1.jpeg 2000w\" sizes=\"(max-width: 300px) 100vw, 300px\" \/><img loading=\"lazy\" class=\" size-medium wp-image-23512\" src=\"https:\/\/internacional.umh.es\/files\/2021\/12\/WhatsApp-Image-2021-12-01-at-12.44.40-300x225.jpeg\" alt=\"Creu Roja Elx Dia Mundial contra Sida UMH\" title=\"Creu Roja Elx participa amb un estand de captaci\u00f3 de voluntariat en l'edifici Altabix de la UMH\" width=\"300\" height=\"225\" srcset=\"https:\/\/internacional.umh.es\/files\/2021\/12\/WhatsApp-Image-2021-12-01-at-12.44.40-300x225.jpeg 300w, https:\/\/internacional.umh.es\/files\/2021\/12\/WhatsApp-Image-2021-12-01-at-12.44.40-1024x768.jpeg 1024w, https:\/\/internacional.umh.es\/files\/2021\/12\/WhatsApp-Image-2021-12-01-at-12.44.40-768x576.jpeg 768w, https:\/\/internacional.umh.es\/files\/2021\/12\/WhatsApp-Image-2021-12-01-at-12.44.40-1536x1152.jpeg 1536w, https:\/\/internacional.umh.es\/files\/2021\/12\/WhatsApp-Image-2021-12-01-at-12.44.40.jpeg 2000w\" sizes=\"(max-width: 300px) 100vw, 300px\" \/><\/p>\n<hr>\n<h3><strong>Creu Roja Elx visita la UMH per a captar voluntariat<\/strong><\/h3>\n<p style=\"text-align: justify\"><img loading=\"lazy\" class=\"alignleft wp-image-23192 size-medium\" src=\"https:\/\/internacional.umh.es\/files\/2021\/11\/Cruz-roja-3-300x167.jpg\" alt=\"Ambul\u00e0ncia Creu Roja Campus Elx\" title=\"Creu Roja Elx capta tots els anys voluntaris en els exteriors de l'edifici Altabix del Campus d'Elx\" width=\"300\" height=\"167\" srcset=\"https:\/\/internacional.umh.es\/files\/2021\/11\/Cruz-roja-3-300x167.jpg 300w, https:\/\/internacional.umh.es\/files\/2021\/11\/Cruz-roja-3-768x429.jpg 768w, https:\/\/internacional.umh.es\/files\/2021\/11\/Cruz-roja-3.jpg 860w\" sizes=\"(max-width: 300px) 100vw, 300px\" \/>L&#8217;Assemblea local de Creu Roja d&#8217;Elx ha visitat la Universitat Miguel Hern\u00e1ndez (UMH) d&#8217;Elx per a informar l&#8217;alumnat sobre els seus programes de voluntariat. El lloc informatiu s&#8217;ha situat a partir de les 9.00 del mat\u00ed a l&#8217;esplanada de l&#8217;edifici Altabix del Campus d&#8217;Elx i ha rom\u00e0s all\u00ed fins a les 14.00 hores.<\/p>\n<p style=\"text-align: justify\">Al llarg del mat\u00ed, diferents alumnes i alumnes s&#8217;han acostat a con\u00e9ixer els programes de voluntariat que Creu Roja ofereix. Els i les portaveus han explicat a les persones que han assistits les diferents vies d&#8217;inscripci\u00f3, que tipus de comprom\u00eds \u00e9s necessari adquirir per a realitzar un voluntariat d&#8217;aquest tipus i tots els dubtes que els anaven sorgint.<\/p>\n<p style=\"text-align: justify\">Si est\u00e0s interessat o interessada a realitzar voluntariat amb Creu Roja, encara pots informar-te assistint en persona a la <a href=\"https:\/\/goo.gl\/maps\/q6fNNMb9phLwQJ9t5\" target=\"_blank\" rel=\"noopener noreferrer\" title=\"Ho veur\u00e0s en una nova finestra\">seu de l&#8217;Assemblea local<\/a>, al carrer Gabriel y Gal\u00e1n 33; a trav\u00e9s de <a href=\"https:\/\/www2.cruzroja.es\/alta-voluntario-web\" target=\"_blank\" rel=\"noopener noreferrer\" title=\"Ho veur\u00e0s en una nova finestra\">cruzroja.es<\/a>, prement en el bot\u00f3 &#8220;Fes Voluntariat&#8221;; o amb l&#8217;aplicaci\u00f3 per a m\u00f2bils compatible amb <a href=\"https:\/\/play.google.com\/store\/apps\/details?id=com.cruzroja.cruzroja.pro&amp;gl=ES\" target=\"_blank\" rel=\"noopener noreferrer\" title=\"Ho veur\u00e0s en una nova finestra\">Android<\/a> i <a href=\"https:\/\/apps.apple.com\/es\/app\/cruz-roja\/id1479839938\" target=\"_blank\" rel=\"noopener noreferrer\" title=\"Ho veur\u00e0s en una nova finestra\">iOS.<\/a><\/p>\n<p><img loading=\"lazy\" class=\"wp-image-23198 size-medium alignleft\" src=\"https:\/\/internacional.umh.es\/files\/2021\/11\/Cruz-roja-5-300x167.jpg\" title=\"Personal de Creu Roja Elx informa estudiants UMH de les condicions per a ser voluntaris\" alt=\"Ambul\u00e0ncia Creu Roja Elx voluntariat\" width=\"300\" height=\"167\" srcset=\"https:\/\/internacional.umh.es\/files\/2021\/11\/Cruz-roja-5-300x167.jpg 300w, https:\/\/internacional.umh.es\/files\/2021\/11\/Cruz-roja-5-768x429.jpg 768w, https:\/\/internacional.umh.es\/files\/2021\/11\/Cruz-roja-5.jpg 860w\" sizes=\"(max-width: 300px) 100vw, 300px\" \/><img loading=\"lazy\" class=\"alignleft wp-image-23195 size-medium\" src=\"https:\/\/internacional.umh.es\/files\/2021\/11\/Cruz-roja-4-300x167.jpg\" title=\"Part del material i documentaci\u00f3 informativa de Creu Roja Elx per a la captaci\u00f3 de voluntaris al campus de la UMH\" alt=\"Cartell captaci\u00f3 informaci\u00f3 volutariado Creu Roja Elx\" width=\"300\" height=\"167\" srcset=\"https:\/\/internacional.umh.es\/files\/2021\/11\/Cruz-roja-4-300x167.jpg 300w, https:\/\/internacional.umh.es\/files\/2021\/11\/Cruz-roja-4-768x429.jpg 768w, https:\/\/internacional.umh.es\/files\/2021\/11\/Cruz-roja-4.jpg 860w\" sizes=\"(max-width: 300px) 100vw, 300px\" \/><img loading=\"lazy\" class=\"wp-image-23201 size-medium\" src=\"https:\/\/internacional.umh.es\/files\/2021\/11\/Cruz-roja-6-300x167.jpg\" alt=\"Cues voluntaris Creu Roja Elx UMH\" title=\"Cada any desenes d'estudiants de la UMH realitzen cues per a interessar-se com a voluntaris de Creu Roja Elx\" width=\"300\" height=\"167\" srcset=\"https:\/\/internacional.umh.es\/files\/2021\/11\/Cruz-roja-6-300x167.jpg 300w, https:\/\/internacional.umh.es\/files\/2021\/11\/Cruz-roja-6-768x429.jpg 768w, https:\/\/internacional.umh.es\/files\/2021\/11\/Cruz-roja-6.jpg 860w\" sizes=\"(max-width: 300px) 100vw, 300px\" \/><\/p>\n<hr>\n<h3><strong>Nous projectes de l&#8217;assemblea local Creu Roja a Elx<\/strong><\/h3>\n<p style=\"text-align: justify\"><a href=\"https:\/\/internacional.umh.es\/files\/2021\/10\/triptico_CIUDAD11_CAST.jpg\" title=\"Ho veur\u00e0s en una nova finestra\" target=\"_blank\" rel=\"noopener\"><img loading=\"lazy\" class=\"size-medium wp-image-23019 alignleft\" src=\"https:\/\/internacional.umh.es\/files\/2021\/10\/triptico_CIUDAD11_CAST-300x214.jpg\" alt=\"CIUTAT 11 fam\u00edlies que transformen el m\u00f3n tr\u00edptic\" title=\"Creu Roja promou el projecte d'educaci\u00f3 per al desenvolupament en centres educatius on l'alumnat de 6\u00e9 de prim\u00e0ria\" width=\"300\" height=\"214\" srcset=\"https:\/\/internacional.umh.es\/files\/2021\/10\/triptico_CIUDAD11_CAST-300x214.jpg 300w, https:\/\/internacional.umh.es\/files\/2021\/10\/triptico_CIUDAD11_CAST-768x547.jpg 768w, https:\/\/internacional.umh.es\/files\/2021\/10\/triptico_CIUDAD11_CAST-1024x730.jpg 1024w, https:\/\/internacional.umh.es\/files\/2021\/10\/triptico_CIUDAD11_CAST.jpg 1280w\" sizes=\"(max-width: 300px) 100vw, 300px\" \/><\/a>T&#8217;abelleix participar en el pla de Cooperaci\u00f3 Internacional de Creu Roja? Vols sensibilitzar a inf\u00e0ncia i joventut sobre l&#8217;educaci\u00f3 per al desenvolupament? Des de l&#8217;Assemblea Local de Creu Roja a Elx et presentem dos projectes que comen\u00e7arem aquest mes i ens encantaria comptar amb tu.<\/p>\n<p style=\"text-align: justify\"><strong>Ciutat 11:<\/strong> Projecte d&#8217;educaci\u00f3 per al desenvolupament en centres educatius on l&#8217;alumnat de 6\u00e9 de prim\u00e0ria participa d&#8217;una forma activa amb l&#8217;objectiu de promoure la diplom\u00e0cia humanit\u00e0ria en el municipi.<\/p>\n<p style=\"text-align: justify\"><strong>Refugia&#8217;t: <\/strong>El projecte se centra en les migracions for\u00e7oses i els campaments de persones refugiades, promovent que l&#8217;alumnat de secund\u00e0ria es convertisca en agents sensibilitzadors i mediadors de les persones migrants en la nostra societat.<\/p>\n<p style=\"text-align: justify\">Si vols participar o con\u00e9ixer m\u00e9s sobre aquests, pots contactar amb Merce en el correu <a href=\"mailto:misasi@cruzroja.es\" target=\"_blank\" title=\"Ho veur\u00e0s en una nova finestra\" rel=\"noopener\">misasi@cruzroja.es<\/a> i estar\u00e0 encantada d&#8217;informar-te.<\/p>\n<p style=\"text-align: justify\">A m\u00e9s, el divendres <strong>5 de novembre<\/strong> podr\u00e0s trobar-nos al costat de <strong> l&#8217;edifici Altabix<\/strong> en <strong>horari de 09.00 a 14.00 hores<\/strong> per a informar-te d&#8217;aquest i d&#8217;altres projectes que desenvolupem en l&#8217;Assemblea Local d&#8217;Elx i que realitzen activitats amb diferents col\u00b7lectius vulnerables de la nostra ciutat, com poden ser inf\u00e0ncia i joventut, dona en risc d&#8217;exclusi\u00f3 social, persones sense llar, prostituci\u00f3, persones migrants i refugiades, persones majors, persones amb problemes amb l&#8217;ab\u00fas de subst\u00e0ncies, a m\u00e9s d&#8217;\u00e0rees m\u00e9s transversals com poden ser medi ambient, salut o formaci\u00f3.<\/p>\n<p>Per a participar nom\u00e9s necessites una cosa: humanitat.<\/p>\n<p>T&#8217;esperem!<\/p>\n<p><a href=\"https:\/\/internacional.umh.es\/files\/2021\/10\/triptico_CIUDAD11_CAST_2.jpg\" title=\"Coneix els consells que Creu Roja promou el projecte d'educaci\u00f3 per al desenvolupament en centres educatius on l'alumnat de 6\u00e9 de prim\u00e0ria en una nova finestra\" target=\"_blank\" rel=\"noopener\"><img loading=\"lazy\" class=\"alignnone size-medium wp-image-23022\" src=\"https:\/\/internacional.umh.es\/files\/2021\/10\/triptico_CIUDAD11_CAST_2-300x214.jpg\" alt=\"Consells campanya CIUTAT 11 fam\u00edlies que transformen el m\u00f3n tr\u00edptic\" title=\"Creu Roja promou el projecte d'educaci\u00f3 per al desenvolupament en centres educatius on l'alumnat de 6\u00e9 de prim\u00e0ria\" width=\"300\" height=\"214\" srcset=\"https:\/\/internacional.umh.es\/files\/2021\/10\/triptico_CIUDAD11_CAST_2-300x214.jpg 300w, https:\/\/internacional.umh.es\/files\/2021\/10\/triptico_CIUDAD11_CAST_2-768x547.jpg 768w, https:\/\/internacional.umh.es\/files\/2021\/10\/triptico_CIUDAD11_CAST_2.jpg 891w\" sizes=\"(max-width: 300px) 100vw, 300px\" \/><\/a><\/p>\n<hr>\n<h3><strong>Fundaci\u00f3 DASYC<\/strong><\/h3>\n<p style=\"text-align: justify\">La Fundaci\u00f3 <strong>Desenvolupament d&#8217;Accions Socials i Culturals (DASYC) <\/strong> busca persones responsables, majors d&#8217;edat, din\u00e0miques i compromeses per a participar en els seus dos projectes principals:<\/p>\n<ul>\n<li>\n<h4><strong>Valora<\/strong><\/h4>\n<p style=\"text-align: justify\"><img loading=\"lazy\" class=\"size-medium wp-image-22836 alignleft\" src=\"https:\/\/internacional.umh.es\/files\/2021\/10\/VALORA-207x300.jpg\" alt=\"Fundaci\u00f3 DASYC campanya Valora cartell\" title=\"Valora de Fundaci\u00f3 DASYC \u00e9s la campanya de suport escolar a menors en risc d'exclusi\u00f3 social en barris d'Alacant\" width=\"207\" height=\"300\" srcset=\"https:\/\/internacional.umh.es\/files\/2021\/10\/VALORA-207x300.jpg 207w, https:\/\/internacional.umh.es\/files\/2021\/10\/VALORA-768x1113.jpg 768w, https:\/\/internacional.umh.es\/files\/2021\/10\/VALORA-707x1024.jpg 707w, https:\/\/internacional.umh.es\/files\/2021\/10\/VALORA.jpg 1076w\" sizes=\"(max-width: 207px) 100vw, 207px\" \/>Programa de <strong>suport escolar<\/strong> per a menors en risc d&#8217;exclusi\u00f3 social d&#8217;entre <strong> 8 i 12 anys<\/strong> que es troben cursant prim\u00e0ria o secund\u00e0ria en diferents centres de la ciutat d&#8217;Alacant.<\/p>\n<p style=\"text-align: justify\">L&#8217;activitat es desenvolupa en les seg\u00fcents ubicacions de la ciutat:<\/p>\n<p style=\"text-align: justify\">&#8211; Sala PR\u00d2PIA (barri El Pla \u2013 horari dimarts de 16.00 a 17.30)<br \/>\n&#8211; Col\u00b7legi d&#8217;ensenyament primari (barri JOAN XXII \u2013 dilluns i\/o dimecres de 15.00 a 16.00)<br \/>\n&#8211; Institut d&#8217;ensenyament secundari (barri Bulevard del Pla-Gran Via \u2013 dilluns i\/o dimecres de 14.00 a 15.00)<\/p>\n<p style=\"text-align: justify\">El comprom\u00eds que s&#8217;ha d&#8217;adquirir \u00e9s <strong>un dia a la setmana<\/strong> com a m\u00ednim, a triar entre les opcions anteriors.<\/p>\n<\/li>\n<\/ul>\n<p>&nbsp;<\/p>\n<ul>\n<li>\n<h4><strong>MOU-T<\/strong><\/h4>\n<p style=\"text-align: justify\"><img loading=\"lazy\" class=\"size-medium wp-image-22833 alignleft\" src=\"https:\/\/internacional.umh.es\/files\/2021\/10\/MUEVE-T-207x300.jpg\" alt=\"Fundaci\u00f3 DASYC campanya Mueve-T\" title=\"Mou-T de la Fundaci\u00f3 DASYC \u00e9s el programa que fomenta activitats f\u00edsiques i esportives en menors amb el risc d'exclusi\u00f3 social\" width=\"207\" height=\"300\" srcset=\"https:\/\/internacional.umh.es\/files\/2021\/10\/MUEVE-T-207x300.jpg 207w, https:\/\/internacional.umh.es\/files\/2021\/10\/MUEVE-T-768x1111.jpg 768w, https:\/\/internacional.umh.es\/files\/2021\/10\/MUEVE-T-708x1024.jpg 708w, https:\/\/internacional.umh.es\/files\/2021\/10\/MUEVE-T.jpg 1076w\" sizes=\"(max-width: 207px) 100vw, 207px\" \/>Programa d&#8217;activitats <strong> f\u00edsiques i esportives<\/strong> amb menors d&#8217;entre <strong> 6 i 8 anys<\/strong> en risc d&#8217;exclusi\u00f3 social que es troben cursant prim\u00e0ria en un centre educatiu de la ciutat d&#8217;Alacant situat en el barri JOAN XXII.<\/p>\n<p style=\"text-align: justify\">El comprom\u00eds que s&#8217;ha d&#8217;adquirir \u00e9s <strong>un dia a la setmana<\/strong> com a m\u00ednim, a triar entre dilluns i\/o dimecres de 16.00 a 17.00.<\/p>\n<\/li>\n<\/ul>\n<p>&nbsp;<\/p>","protected":false},"excerpt":{"rendered":"<p>L&#8217;\u00c0rea de Cooperaci\u00f3 al Desenvolupament i Voluntariat de la UMH est\u00e0 plenament compromesa amb els Objectius de Desenvolupament Sostenible de l&#8217;Agenda 2030 i mitjan\u00e7ant les seg\u00fcents activitats pret\u00e9n contribuir al  ODS 17 mitjan\u00e7ant la generaci\u00f3 d&#8217;Aliances  per a aconseguir objectius amb el tercer sector, a fi d&#8217;aprofitar recursos i experi\u00e8ncies i crear punts [&#8230;]<\/p>\n","protected":false},"author":4274,"featured_media":0,"parent":7283,"menu_order":3,"comment_status":"closed","ping_status":"closed","template":"","meta":{"ngg_post_thumbnail":0,"_links_to":"","_links_to_target":""},"yoast_head":"<!-- This site is optimized with the Yoast SEO plugin v17.5 - https:\/\/yoast.com\/wordpress\/plugins\/seo\/ -->\n<meta name=\"description\" content=\"El \u00c1rea de Cooperaci\u00f3n al Desarrollo y Voluntariado de la UMH pretende contribuir a los 17 ODS en colaboraci\u00f3n con las ONGs inter\/nacionales\" \/>\n<meta name=\"robots\" content=\"index, follow, max-snippet:-1, max-image-preview:large, max-video-preview:-1\" \/>\n<link rel=\"canonical\" href=\"https:\/\/internacional.umh.es\/ca\/cooperacion-y-voluntariado\/voluntariado\/voluntariado-en-ongs\/\" \/>\n<meta property=\"og:locale\" content=\"ca_ES\" \/>\n<meta property=\"og:type\" content=\"article\" \/>\n<meta property=\"og:title\" content=\"ONGs - Voluntariado Universidad Miguel Hern\u00e1ndez - Global UMH\" \/>\n<meta property=\"og:description\" content=\"El \u00c1rea de Cooperaci\u00f3n al Desarrollo y Voluntariado de la UMH pretende contribuir a los 17 ODS en colaboraci\u00f3n con las ONGs inter\/nacionales\" \/>\n<meta property=\"og:url\" content=\"https:\/\/internacional.umh.es\/ca\/cooperacion-y-voluntariado\/voluntariado\/voluntariado-en-ongs\/\" \/>\n<meta property=\"og:site_name\" content=\"Internacionalitzaci\u00f3 i Cooperaci\u00f3\" \/>\n<meta property=\"article:modified_time\" content=\"2024-02-13T11:48:00+00:00\" \/>\n<meta property=\"og:image\" content=\"https:\/\/internacional.umh.es\/files\/2022\/11\/313110479_138727855579872_6602175999372580833_n-300x300.jpg\" \/>\n<meta name=\"twitter:card\" content=\"summary_large_image\" \/>\n<meta name=\"twitter:label1\" content=\"Est. reading time\" \/>\n\t<meta name=\"twitter:data1\" content=\"13 minuts\" \/>\n<script type=\"application\/ld+json\" class=\"yoast-schema-graph\">{\"@context\":\"https:\/\/schema.org\",\"@graph\":[{\"@type\":\"WebSite\",\"@id\":\"https:\/\/internacional.umh.es\/en\/#website\",\"url\":\"https:\/\/internacional.umh.es\/en\/\",\"name\":\"Internacionalitzaci\\u00f3 i Cooperaci\\u00f3\",\"description\":\"Universitat Miguel Hern\\u00e1ndez d&#039;Elx\",\"potentialAction\":[{\"@type\":\"SearchAction\",\"target\":{\"@type\":\"EntryPoint\",\"urlTemplate\":\"https:\/\/internacional.umh.es\/en\/?s={search_term_string}\"},\"query-input\":\"required name=search_term_string\"}],\"inLanguage\":\"ca\"},{\"@type\":\"ImageObject\",\"@id\":\"https:\/\/internacional.umh.es\/ca\/cooperacion-y-voluntariado\/voluntariado\/voluntariado-en-ongs\/#primaryimage\",\"inLanguage\":\"ca\",\"url\":\"https:\/\/internacional.umh.es\/files\/2022\/11\/313110479_138727855579872_6602175999372580833_n.jpg\",\"contentUrl\":\"https:\/\/internacional.umh.es\/files\/2022\/11\/313110479_138727855579872_6602175999372580833_n.jpg\",\"width\":1080,\"height\":1080,\"caption\":\"Pichiriqui dise\\u00f1o\"},{\"@type\":\"WebPage\",\"@id\":\"https:\/\/internacional.umh.es\/ca\/cooperacion-y-voluntariado\/voluntariado\/voluntariado-en-ongs\/#webpage\",\"url\":\"https:\/\/internacional.umh.es\/ca\/cooperacion-y-voluntariado\/voluntariado\/voluntariado-en-ongs\/\",\"name\":\"ONGs - Voluntariado Universidad Miguel Hern\\u00e1ndez - Global UMH\",\"isPartOf\":{\"@id\":\"https:\/\/internacional.umh.es\/en\/#website\"},\"primaryImageOfPage\":{\"@id\":\"https:\/\/internacional.umh.es\/ca\/cooperacion-y-voluntariado\/voluntariado\/voluntariado-en-ongs\/#primaryimage\"},\"datePublished\":\"2019-06-20T10:58:13+00:00\",\"dateModified\":\"2024-02-13T11:48:00+00:00\",\"description\":\"El \\u00c1rea de Cooperaci\\u00f3n al Desarrollo y Voluntariado de la UMH pretende contribuir a los 17 ODS en colaboraci\\u00f3n con las ONGs inter\/nacionales\",\"breadcrumb\":{\"@id\":\"https:\/\/internacional.umh.es\/ca\/cooperacion-y-voluntariado\/voluntariado\/voluntariado-en-ongs\/#breadcrumb\"},\"inLanguage\":\"ca\",\"potentialAction\":[{\"@type\":\"ReadAction\",\"target\":[\"https:\/\/internacional.umh.es\/ca\/cooperacion-y-voluntariado\/voluntariado\/voluntariado-en-ongs\/\"]}]},{\"@type\":\"BreadcrumbList\",\"@id\":\"https:\/\/internacional.umh.es\/ca\/cooperacion-y-voluntariado\/voluntariado\/voluntariado-en-ongs\/#breadcrumb\",\"itemListElement\":[{\"@type\":\"ListItem\",\"position\":1,\"name\":\"Home\",\"item\":\"https:\/\/internacional.umh.es\/en\/\"},{\"@type\":\"ListItem\",\"position\":2,\"name\":\"COOPERACI\\u00d3 I VOLUNTARIAT\",\"item\":\"https:\/\/internacional.umh.es\/ca\/cooperacion-y-voluntariado\/\"},{\"@type\":\"ListItem\",\"position\":3,\"name\":\"Voluntariat\",\"item\":\"https:\/\/internacional.umh.es\/ca\/cooperacion-y-voluntariado\/voluntariado\/\"},{\"@type\":\"ListItem\",\"position\":4,\"name\":\"ONGs\"}]}]}<\/script>\n<!-- \/ Yoast SEO plugin. -->","yoast_head_json":{"description":"El \u00c1rea de Cooperaci\u00f3n al Desarrollo y Voluntariado de la UMH pretende contribuir a los 17 ODS en colaboraci\u00f3n con las ONGs inter\/nacionales","robots":{"index":"index","follow":"follow","max-snippet":"max-snippet:-1","max-image-preview":"max-image-preview:large","max-video-preview":"max-video-preview:-1"},"canonical":"https:\/\/internacional.umh.es\/ca\/cooperacion-y-voluntariado\/voluntariado\/voluntariado-en-ongs\/","og_locale":"ca_ES","og_type":"article","og_title":"ONGs - Voluntariado Universidad Miguel Hern\u00e1ndez - Global UMH","og_description":"El \u00c1rea de Cooperaci\u00f3n al Desarrollo y Voluntariado de la UMH pretende contribuir a los 17 ODS en colaboraci\u00f3n con las ONGs inter\/nacionales","og_url":"https:\/\/internacional.umh.es\/ca\/cooperacion-y-voluntariado\/voluntariado\/voluntariado-en-ongs\/","og_site_name":"Internacionalitzaci\u00f3 i Cooperaci\u00f3","article_modified_time":"2024-02-13T11:48:00+00:00","og_image":[{"url":"https:\/\/internacional.umh.es\/files\/2022\/11\/313110479_138727855579872_6602175999372580833_n-300x300.jpg"}],"twitter_card":"summary_large_image","twitter_misc":{"Est. reading time":"13 minuts"},"schema":{"@context":"https:\/\/schema.org","@graph":[{"@type":"WebSite","@id":"https:\/\/internacional.umh.es\/en\/#website","url":"https:\/\/internacional.umh.es\/en\/","name":"Internacionalitzaci\u00f3 i Cooperaci\u00f3","description":"Universitat Miguel Hern\u00e1ndez d&#039;Elx","potentialAction":[{"@type":"SearchAction","target":{"@type":"EntryPoint","urlTemplate":"https:\/\/internacional.umh.es\/en\/?s={search_term_string}"},"query-input":"required name=search_term_string"}],"inLanguage":"ca"},{"@type":"ImageObject","@id":"https:\/\/internacional.umh.es\/ca\/cooperacion-y-voluntariado\/voluntariado\/voluntariado-en-ongs\/#primaryimage","inLanguage":"ca","url":"https:\/\/internacional.umh.es\/files\/2022\/11\/313110479_138727855579872_6602175999372580833_n.jpg","contentUrl":"https:\/\/internacional.umh.es\/files\/2022\/11\/313110479_138727855579872_6602175999372580833_n.jpg","width":1080,"height":1080,"caption":"Pichiriqui dise\u00f1o"},{"@type":"WebPage","@id":"https:\/\/internacional.umh.es\/ca\/cooperacion-y-voluntariado\/voluntariado\/voluntariado-en-ongs\/#webpage","url":"https:\/\/internacional.umh.es\/ca\/cooperacion-y-voluntariado\/voluntariado\/voluntariado-en-ongs\/","name":"ONGs - Voluntariado Universidad Miguel Hern\u00e1ndez - Global UMH","isPartOf":{"@id":"https:\/\/internacional.umh.es\/en\/#website"},"primaryImageOfPage":{"@id":"https:\/\/internacional.umh.es\/ca\/cooperacion-y-voluntariado\/voluntariado\/voluntariado-en-ongs\/#primaryimage"},"datePublished":"2019-06-20T10:58:13+00:00","dateModified":"2024-02-13T11:48:00+00:00","description":"El \u00c1rea de Cooperaci\u00f3n al Desarrollo y Voluntariado de la UMH pretende contribuir a los 17 ODS en colaboraci\u00f3n con las ONGs inter\/nacionales","breadcrumb":{"@id":"https:\/\/internacional.umh.es\/ca\/cooperacion-y-voluntariado\/voluntariado\/voluntariado-en-ongs\/#breadcrumb"},"inLanguage":"ca","potentialAction":[{"@type":"ReadAction","target":["https:\/\/internacional.umh.es\/ca\/cooperacion-y-voluntariado\/voluntariado\/voluntariado-en-ongs\/"]}]},{"@type":"BreadcrumbList","@id":"https:\/\/internacional.umh.es\/ca\/cooperacion-y-voluntariado\/voluntariado\/voluntariado-en-ongs\/#breadcrumb","itemListElement":[{"@type":"ListItem","position":1,"name":"Home","item":"https:\/\/internacional.umh.es\/en\/"},{"@type":"ListItem","position":2,"name":"COOPERACI\u00d3 I VOLUNTARIAT","item":"https:\/\/internacional.umh.es\/ca\/cooperacion-y-voluntariado\/"},{"@type":"ListItem","position":3,"name":"Voluntariat","item":"https:\/\/internacional.umh.es\/ca\/cooperacion-y-voluntariado\/voluntariado\/"},{"@type":"ListItem","position":4,"name":"ONGs"}]}]}},"_links":{"self":[{"href":"https:\/\/internacional.umh.es\/ca\/wp-json\/wp\/v2\/pages\/11702"}],"collection":[{"href":"https:\/\/internacional.umh.es\/ca\/wp-json\/wp\/v2\/pages"}],"about":[{"href":"https:\/\/internacional.umh.es\/ca\/wp-json\/wp\/v2\/types\/page"}],"author":[{"embeddable":true,"href":"https:\/\/internacional.umh.es\/ca\/wp-json\/wp\/v2\/users\/4274"}],"replies":[{"embeddable":true,"href":"https:\/\/internacional.umh.es\/ca\/wp-json\/wp\/v2\/comments?post=11702"}],"version-history":[{"count":0,"href":"https:\/\/internacional.umh.es\/ca\/wp-json\/wp\/v2\/pages\/11702\/revisions"}],"up":[{"embeddable":true,"href":"https:\/\/internacional.umh.es\/ca\/wp-json\/wp\/v2\/pages\/7283"}],"wp:attachment":[{"href":"https:\/\/internacional.umh.es\/ca\/wp-json\/wp\/v2\/media?parent=11702"}],"curies":[{"name":"wp","href":"https:\/\/api.w.org\/{rel}","templated":true}]}}