{"id":14685,"date":"2020-02-24T13:13:31","date_gmt":"2020-02-24T12:13:31","guid":{"rendered":"https:\/\/internacional.umh.es\/?page_id=14685"},"modified":"2025-07-29T13:48:30","modified_gmt":"2025-07-29T11:48:30","slug":"becas-santander-erasmus-2020-2021","status":"publish","type":"page","link":"https:\/\/internacional.umh.es\/ca\/movilidad\/estudiantes\/erasmus\/erasmus-estudios-2020-2021\/becas-santander-erasmus-2020-2021\/","title":{"rendered":"Beques Santander ERASMUS 2020\/2021"},"content":{"rendered":"<p><img loading=\"lazy\" class=\"alignnone wp-image-17996\" src=\"https:\/\/internacional.umh.es\/files\/2021\/02\/descarga-3-300x116.jpg\" alt=\"Logo Beques Santander\" title=\"Descobreix totes les novetats de la Beca Santander Estudis | Erasmus 2020\/2021\" width=\"251\" height=\"97\" srcset=\"https:\/\/internacional.umh.es\/files\/2021\/02\/descarga-3-300x116.jpg 300w, https:\/\/internacional.umh.es\/files\/2021\/02\/descarga-3.jpg 361w\" sizes=\"(max-width: 251px) 100vw, 251px\" \/><\/p>\n<p style=\"text-align: justify\"><strong><span style=\"color: #ff0000\">Nou (07\/07\/2020):<\/span><\/strong> El Vicerectorat de Relacions Internacionals de la Universitat Miguel Hern\u00e1ndez (UMH) d&#8217;Elx publica el llistat definitiu de sol\u00b7licituds admeses i excloses, aix\u00ed com el llistat definitiu de beques assignes de la <strong>Convocat\u00f2ria del Programa de Beques Santander ERASMUS per al curs acad\u00e8mic 2020\/2021.<\/strong> Pots consultar el llistat complet en el seg\u00fcent enlla\u00e7:<\/p>\n<p style=\"text-align: justify\"><a style=\"color: #0000ff\" href=\"https:\/\/boumh.umh.es\/files\/2020\/07\/RR_00987_2020.pdf\" target=\"_blank\" title=\"Ho veur\u00e0s en una nova finestra\" rel=\"noopener noreferrer\"> Consultar el llistat complet (531Kb .pdf)<\/a><\/p>\n<hr>\n<p style=\"text-align: justify\"><strong>(01\/06\/2020)<\/strong> Segons el Reial Decret 537\/2020 de 22 de maig (Article 9), a partir de hui 1 de juny es reprenen els terminis administratius.<\/p>\n<p style=\"text-align: justify\">Els estudiants disposen d&#8217;un termini de 10 dies h\u00e0bils per a realitzar al\u00b7legacions a trav\u00e9s de la seu electr\u00f2nica de la UMH. El termini \u00e9s <strong>fins al 12 de juny<\/strong> de 2020.<\/p>\n<hr>\n<p style=\"text-align: justify\"><strong>Anterior (29\/04\/2020)<\/strong>. El Vicerectorat de Relacions Internacionals de la Universitat Miguel Hern\u00e1ndez (UMH) d&#8217;Elx publica el llistat de sol\u00b7licituds admeses i excloses i el llistat provisional de beques assignes de la <strong>Convocat\u00f2ria del Programa de Beques Santander ERASMUS per al curs acad\u00e8mic 2020\/2021.<\/strong><\/p>\n<ul style=\"text-align: justify\">\n<li><a href=\"https:\/\/internacional.umh.es\/files\/2020\/04\/Resol.-Listado-definitivo-admit-y-excluidas.-RE_2020_001_2239.pdf\" target=\"_blank\" title=\"Ho veur\u00e0s en una nova finestra\" rel=\"noopener noreferrer\">Llistat de sol\u00b7licituds admeses i excloses (704Kb .pdf)<\/a><\/li>\n<li><a href=\"https:\/\/internacional.umh.es\/files\/2020\/04\/Resol.-provisional-ayudas-asignadas.-RE_2020_001_2240.pdf\" target=\"_blank\" title=\"Ho veur\u00e0s en una nova finestra\" rel=\"noopener noreferrer\">Llistat provisional de beques assignades (731Kb .pdf)<\/a><\/li>\n<\/ul>\n<p style=\"text-align: justify\">Donada la situaci\u00f3 en la qual estem aquests moments i a tenor del que es disposa en el punt 1 de la <a href=\"https:\/\/www.boe.es\/buscar\/act.php?id=BOE-A-2020-3692#da-3\" target=\"_blank\" title=\"Ho veur\u00e0s en una nova finestra\" rel=\"noopener noreferrer\"><strong>disposici\u00f3 addicional tercera<\/strong><\/a> del <a href=\"https:\/\/www.boe.es\/buscar\/act.php?lang=ca&amp;id=BOE-A-2020-3692&amp;tn=1&amp;p=\" target=\"_blank\" title=\"Ho veur\u00e0s en una nova finestra\" rel=\"noopener noreferrer\"><strong>Reial Decret 463\/2020, de 14 de mar\u00e7, pel qual es declara l&#8217;estat d&#8217;alarma per a la gesti\u00f3 de la situaci\u00f3 de crisi sanit\u00e0ria ocasionada pel COVID-19<\/strong><\/a> se suspenen termes i s&#8217;interrompen els terminis per a la tramitaci\u00f3 dels procediments de les entitats del sector p\u00fablic. El c\u00f2mput dels terminis comen\u00e7ar\u00e0 a comptar en el moment en qu\u00e8 perda vig\u00e8ncia el present reial decret o, en el seu cas, les pr\u00f2rrogues d&#8217;aquest.<\/p>\n<hr>\n<p style=\"text-align: justify\"><strong>24\/02\/2020.<\/strong> El Vicerectorat de Relacions Internacionals de la Universitat Miguel Hern\u00e1ndez (UMH) d&#8217;Elx ha publicat la Convocat\u00f2ria del Programa de Beques Santander ERASMUS per al curs acad\u00e8mic 2020\/2021.<\/p>\n<p style=\"text-align: justify\"><a href=\"https:\/\/internacional.umh.es\/files\/2020\/02\/Publicaci\u00f3n-RE_2020_001_967.pdf\" target=\"_blank\" title=\"Ho veur\u00e0s en una nova finestra\" rel=\"noopener noreferrer\"><strong>Text complet de la convocat\u00f2ria (4,20mb .pdf)<\/strong><\/a><\/p>\n<p style=\"text-align: justify\">El termini de sol\u00b7licitud de participaci\u00f3 en el Programa romandr\u00e0 obert fins al <strong>16 de mar\u00e7 de 2020<\/strong>.<\/p>\n<p style=\"text-align: justify\">Tots els interessats hauran de presentar la seua sol\u00b7licitud a trav\u00e9s de la plataforma del Banc Santander prevista per al Programa de Beques Santander ERASMUS en la seg\u00fcent direcci\u00f3 web: <a href=\"https:\/\/app.becas-santander.com\/ca\/program\/beca-santander-erasmus-2020-2021\" target=\"_blank\" title=\"Ho veur\u00e0s en una nova finestra\" rel=\"noopener noreferrer\"> becas-santander.com\/es\/program\/beca-santander-erasmus-2020-2021<\/a><\/p>\n<p style=\"text-align: justify\">Una vegada realitzada la inscripci\u00f3, el sol\u00b7licitant rebr\u00e0 un correu electr\u00f2nic de confirmaci\u00f3 d&#8217;aquesta, que haur\u00e0 de conservar. No s&#8217;entendr\u00e0 per presentada la sol\u00b7licitud si l&#8217;estudiant no s&#8217;inscriu correctament a trav\u00e9s de la plataforma del Banc Santander ressenyada anteriorment.<\/p>\n<hr>\n<p style=\"text-align: justify\">Els estudiants que opten per la <strong>MODALITAT A.2.<\/strong> hauran d&#8217;aportar el document de cl\u00e0usula de protecci\u00f3 de dades degudament signat. <a href=\"https:\/\/internacional.umh.es\/files\/2020\/02\/Clausula_de_Proteccion_de_Datos_Santander-Erasmus-2021.-1.pdf\" target=\"_blank\" title=\"Ho veur\u00e0s en una nova finestra\" rel=\"noopener noreferrer\">Descarregar Annex I (204Kb Castell\u00e0 .pdf)<\/a><\/p>\n<p>&nbsp;<\/p>","protected":false},"excerpt":{"rendered":"<p>Nou (07\/07\/2020): El Vicerectorat de Relacions Internacionals de la Universitat Miguel Hern\u00e1ndez (UMH) d&#8217;Elx publica el llistat definitiu de sol\u00b7licituds admeses i excloses, aix\u00ed com el llistat definitiu de beques assignes de la Convocat\u00f2ria del Programa de Beques Santander ERASMUS per al curs acad\u00e8mic 2020\/2021. Pots consultar el llistat complet en el seg\u00fcent enlla\u00e7:<br \/>\n Consultar [&#8230;]<\/p>\n","protected":false},"author":32,"featured_media":0,"parent":13043,"menu_order":0,"comment_status":"closed","ping_status":"closed","template":"","meta":{"ngg_post_thumbnail":0,"_links_to":"","_links_to_target":""},"yoast_head":"<!-- This site is optimized with the Yoast SEO plugin v17.5 - https:\/\/yoast.com\/wordpress\/plugins\/seo\/ -->\n<meta name=\"description\" content=\"El Vicerrectorado de Relaciones Internacionales UMH publica el listado de ayudas asignadas de la Convocatoria del Programa de Becas Santander ERASMUS 20\/21\" \/>\n<meta name=\"robots\" content=\"index, follow, max-snippet:-1, max-image-preview:large, max-video-preview:-1\" \/>\n<link rel=\"canonical\" href=\"https:\/\/internacional.umh.es\/ca\/movilidad\/estudiantes\/erasmus\/erasmus-estudios-2020-2021\/becas-santander-erasmus-2020-2021\/\" \/>\n<meta property=\"og:locale\" content=\"ca_ES\" \/>\n<meta property=\"og:type\" content=\"article\" \/>\n<meta property=\"og:title\" content=\"Beques Santander ERASMUS 2020\/2021 - Internacionalitzaci\u00f3 i Cooperaci\u00f3\" \/>\n<meta property=\"og:description\" content=\"El Vicerrectorado de Relaciones Internacionales UMH publica el listado de ayudas asignadas de la Convocatoria del Programa de Becas Santander ERASMUS 20\/21\" \/>\n<meta property=\"og:url\" content=\"https:\/\/internacional.umh.es\/movilidad\/estudiantes\/erasmus\/erasmus-estudios-2020-2021\/becas-santander-erasmus-2020-2021\/\" \/>\n<meta property=\"og:site_name\" content=\"Internacionalitzaci\u00f3 i Cooperaci\u00f3\" \/>\n<meta property=\"article:modified_time\" content=\"2025-07-29T11:48:30+00:00\" \/>\n<meta property=\"og:image\" content=\"https:\/\/internacional.umh.es\/files\/2021\/02\/descarga-3-300x116.jpg\" \/>\n<meta name=\"twitter:card\" content=\"summary_large_image\" \/>\n<meta name=\"twitter:label1\" content=\"Est. reading time\" \/>\n\t<meta name=\"twitter:data1\" content=\"3 minuts\" \/>\n<script type=\"application\/ld+json\" class=\"yoast-schema-graph\">{\"@context\":\"https:\/\/schema.org\",\"@graph\":[{\"@type\":\"WebSite\",\"@id\":\"https:\/\/internacional.umh.es\/en\/#website\",\"url\":\"https:\/\/internacional.umh.es\/en\/\",\"name\":\"Internacionalitzaci\\u00f3 i Cooperaci\\u00f3\",\"description\":\"Universitat Miguel Hern\\u00e1ndez d&#039;Elx\",\"potentialAction\":[{\"@type\":\"SearchAction\",\"target\":{\"@type\":\"EntryPoint\",\"urlTemplate\":\"https:\/\/internacional.umh.es\/en\/?s={search_term_string}\"},\"query-input\":\"required name=search_term_string\"}],\"inLanguage\":\"ca\"},{\"@type\":\"ImageObject\",\"@id\":\"https:\/\/internacional.umh.es\/movilidad\/estudiantes\/erasmus\/erasmus-estudios-2020-2021\/becas-santander-erasmus-2020-2021\/#primaryimage\",\"inLanguage\":\"ca\",\"url\":\"https:\/\/internacional.umh.es\/files\/2021\/02\/descarga-3.jpg\",\"contentUrl\":\"https:\/\/internacional.umh.es\/files\/2021\/02\/descarga-3.jpg\",\"width\":361,\"height\":140,\"caption\":\"Logo Santander Universidades\"},{\"@type\":\"WebPage\",\"@id\":\"https:\/\/internacional.umh.es\/movilidad\/estudiantes\/erasmus\/erasmus-estudios-2020-2021\/becas-santander-erasmus-2020-2021\/#webpage\",\"url\":\"https:\/\/internacional.umh.es\/movilidad\/estudiantes\/erasmus\/erasmus-estudios-2020-2021\/becas-santander-erasmus-2020-2021\/\",\"name\":\"Beques Santander ERASMUS 2020\/2021 - Internacionalitzaci\\u00f3 i Cooperaci\\u00f3\",\"isPartOf\":{\"@id\":\"https:\/\/internacional.umh.es\/en\/#website\"},\"primaryImageOfPage\":{\"@id\":\"https:\/\/internacional.umh.es\/movilidad\/estudiantes\/erasmus\/erasmus-estudios-2020-2021\/becas-santander-erasmus-2020-2021\/#primaryimage\"},\"datePublished\":\"2020-02-24T12:13:31+00:00\",\"dateModified\":\"2025-07-29T11:48:30+00:00\",\"description\":\"El Vicerrectorado de Relaciones Internacionales UMH publica el listado de ayudas asignadas de la Convocatoria del Programa de Becas Santander ERASMUS 20\/21\",\"breadcrumb\":{\"@id\":\"https:\/\/internacional.umh.es\/movilidad\/estudiantes\/erasmus\/erasmus-estudios-2020-2021\/becas-santander-erasmus-2020-2021\/#breadcrumb\"},\"inLanguage\":\"ca\",\"potentialAction\":[{\"@type\":\"ReadAction\",\"target\":[\"https:\/\/internacional.umh.es\/movilidad\/estudiantes\/erasmus\/erasmus-estudios-2020-2021\/becas-santander-erasmus-2020-2021\/\"]}]},{\"@type\":\"BreadcrumbList\",\"@id\":\"https:\/\/internacional.umh.es\/movilidad\/estudiantes\/erasmus\/erasmus-estudios-2020-2021\/becas-santander-erasmus-2020-2021\/#breadcrumb\",\"itemListElement\":[{\"@type\":\"ListItem\",\"position\":1,\"name\":\"Home\",\"item\":\"https:\/\/internacional.umh.es\/en\/\"},{\"@type\":\"ListItem\",\"position\":2,\"name\":\"MOBILITY\",\"item\":\"https:\/\/internacional.umh.es\/en\/movilidad\/\"},{\"@type\":\"ListItem\",\"position\":3,\"name\":\"Estudiantes\",\"item\":\"https:\/\/internacional.umh.es\/movilidad\/estudiantes\/\"},{\"@type\":\"ListItem\",\"position\":4,\"name\":\"ERASMUS\",\"item\":\"https:\/\/internacional.umh.es\/movilidad\/estudiantes\/erasmus\/\"},{\"@type\":\"ListItem\",\"position\":5,\"name\":\"2020-2021 Erasmus+ Studies\",\"item\":\"https:\/\/internacional.umh.es\/movilidad\/estudiantes\/erasmus\/erasmus-estudios-2020-2021\/\"},{\"@type\":\"ListItem\",\"position\":6,\"name\":\"2020-2021 Santander Erasmus Grants\"}]}]}<\/script>\n<!-- \/ Yoast SEO plugin. -->","yoast_head_json":{"description":"El Vicerrectorado de Relaciones Internacionales UMH publica el listado de ayudas asignadas de la Convocatoria del Programa de Becas Santander ERASMUS 20\/21","robots":{"index":"index","follow":"follow","max-snippet":"max-snippet:-1","max-image-preview":"max-image-preview:large","max-video-preview":"max-video-preview:-1"},"canonical":"https:\/\/internacional.umh.es\/ca\/movilidad\/estudiantes\/erasmus\/erasmus-estudios-2020-2021\/becas-santander-erasmus-2020-2021\/","og_locale":"ca_ES","og_type":"article","og_title":"Beques Santander ERASMUS 2020\/2021 - Internacionalitzaci\u00f3 i Cooperaci\u00f3","og_description":"El Vicerrectorado de Relaciones Internacionales UMH publica el listado de ayudas asignadas de la Convocatoria del Programa de Becas Santander ERASMUS 20\/21","og_url":"https:\/\/internacional.umh.es\/movilidad\/estudiantes\/erasmus\/erasmus-estudios-2020-2021\/becas-santander-erasmus-2020-2021\/","og_site_name":"Internacionalitzaci\u00f3 i Cooperaci\u00f3","article_modified_time":"2025-07-29T11:48:30+00:00","og_image":[{"url":"https:\/\/internacional.umh.es\/files\/2021\/02\/descarga-3-300x116.jpg"}],"twitter_card":"summary_large_image","twitter_misc":{"Est. reading time":"3 minuts"},"schema":{"@context":"https:\/\/schema.org","@graph":[{"@type":"WebSite","@id":"https:\/\/internacional.umh.es\/en\/#website","url":"https:\/\/internacional.umh.es\/en\/","name":"Internacionalitzaci\u00f3 i Cooperaci\u00f3","description":"Universitat Miguel Hern\u00e1ndez d&#039;Elx","potentialAction":[{"@type":"SearchAction","target":{"@type":"EntryPoint","urlTemplate":"https:\/\/internacional.umh.es\/en\/?s={search_term_string}"},"query-input":"required name=search_term_string"}],"inLanguage":"ca"},{"@type":"ImageObject","@id":"https:\/\/internacional.umh.es\/movilidad\/estudiantes\/erasmus\/erasmus-estudios-2020-2021\/becas-santander-erasmus-2020-2021\/#primaryimage","inLanguage":"ca","url":"https:\/\/internacional.umh.es\/files\/2021\/02\/descarga-3.jpg","contentUrl":"https:\/\/internacional.umh.es\/files\/2021\/02\/descarga-3.jpg","width":361,"height":140,"caption":"Logo Santander Universidades"},{"@type":"WebPage","@id":"https:\/\/internacional.umh.es\/movilidad\/estudiantes\/erasmus\/erasmus-estudios-2020-2021\/becas-santander-erasmus-2020-2021\/#webpage","url":"https:\/\/internacional.umh.es\/movilidad\/estudiantes\/erasmus\/erasmus-estudios-2020-2021\/becas-santander-erasmus-2020-2021\/","name":"Beques Santander ERASMUS 2020\/2021 - Internacionalitzaci\u00f3 i Cooperaci\u00f3","isPartOf":{"@id":"https:\/\/internacional.umh.es\/en\/#website"},"primaryImageOfPage":{"@id":"https:\/\/internacional.umh.es\/movilidad\/estudiantes\/erasmus\/erasmus-estudios-2020-2021\/becas-santander-erasmus-2020-2021\/#primaryimage"},"datePublished":"2020-02-24T12:13:31+00:00","dateModified":"2025-07-29T11:48:30+00:00","description":"El Vicerrectorado de Relaciones Internacionales UMH publica el listado de ayudas asignadas de la Convocatoria del Programa de Becas Santander ERASMUS 20\/21","breadcrumb":{"@id":"https:\/\/internacional.umh.es\/movilidad\/estudiantes\/erasmus\/erasmus-estudios-2020-2021\/becas-santander-erasmus-2020-2021\/#breadcrumb"},"inLanguage":"ca","potentialAction":[{"@type":"ReadAction","target":["https:\/\/internacional.umh.es\/movilidad\/estudiantes\/erasmus\/erasmus-estudios-2020-2021\/becas-santander-erasmus-2020-2021\/"]}]},{"@type":"BreadcrumbList","@id":"https:\/\/internacional.umh.es\/movilidad\/estudiantes\/erasmus\/erasmus-estudios-2020-2021\/becas-santander-erasmus-2020-2021\/#breadcrumb","itemListElement":[{"@type":"ListItem","position":1,"name":"Home","item":"https:\/\/internacional.umh.es\/en\/"},{"@type":"ListItem","position":2,"name":"MOBILITY","item":"https:\/\/internacional.umh.es\/en\/movilidad\/"},{"@type":"ListItem","position":3,"name":"Estudiantes","item":"https:\/\/internacional.umh.es\/movilidad\/estudiantes\/"},{"@type":"ListItem","position":4,"name":"ERASMUS","item":"https:\/\/internacional.umh.es\/movilidad\/estudiantes\/erasmus\/"},{"@type":"ListItem","position":5,"name":"2020-2021 Erasmus+ Studies","item":"https:\/\/internacional.umh.es\/movilidad\/estudiantes\/erasmus\/erasmus-estudios-2020-2021\/"},{"@type":"ListItem","position":6,"name":"2020-2021 Santander Erasmus Grants"}]}]}},"_links":{"self":[{"href":"https:\/\/internacional.umh.es\/ca\/wp-json\/wp\/v2\/pages\/14685"}],"collection":[{"href":"https:\/\/internacional.umh.es\/ca\/wp-json\/wp\/v2\/pages"}],"about":[{"href":"https:\/\/internacional.umh.es\/ca\/wp-json\/wp\/v2\/types\/page"}],"author":[{"embeddable":true,"href":"https:\/\/internacional.umh.es\/ca\/wp-json\/wp\/v2\/users\/32"}],"replies":[{"embeddable":true,"href":"https:\/\/internacional.umh.es\/ca\/wp-json\/wp\/v2\/comments?post=14685"}],"version-history":[{"count":0,"href":"https:\/\/internacional.umh.es\/ca\/wp-json\/wp\/v2\/pages\/14685\/revisions"}],"up":[{"embeddable":true,"href":"https:\/\/internacional.umh.es\/ca\/wp-json\/wp\/v2\/pages\/13043"}],"wp:attachment":[{"href":"https:\/\/internacional.umh.es\/ca\/wp-json\/wp\/v2\/media?parent=14685"}],"curies":[{"name":"wp","href":"https:\/\/api.w.org\/{rel}","templated":true}]}}