{"id":16164,"date":"2020-07-27T13:36:47","date_gmt":"2020-07-27T11:36:47","guid":{"rendered":"https:\/\/internacional.umh.es\/?page_id=16164"},"modified":"2025-05-20T13:04:09","modified_gmt":"2025-05-20T11:04:09","slug":"convenio-2017","status":"publish","type":"page","link":"https:\/\/internacional.umh.es\/ca\/cooperacion-y-voluntariado\/cooperacion-al-desarrollo\/convenio-cooperacion-universitaria-al-desarrollo\/convenio-2017\/","title":{"rendered":"Conveni 2017"},"content":{"rendered":"<p><a href=\"#formativa\"><strong> L\u00cdNIA FORMATIVA <\/strong><\/a>|<a href=\"#investigacio\"><strong> L\u00cdNIA INVESTIGACI\u00d3<\/strong><\/a> | <a href=\"#projectes\"><strong> L\u00cdNIES DE PROJECTES CUD<\/strong><\/a><\/p>\n<h3 id=\"formativa\"><strong>L\u00cdNIA FORMATIVA<\/strong><\/h3>\n<ol style=\"margin-bottom: 2px\">\n<li><a title=\"Amplia informaci\u00f3 sobre el curs de consum responsable ara\" href=\"https:\/\/internacional.umh.es\/ca\/2018\/03\/27\/curso-el-consumo-responsable-y-su-papel-en-los-ods\/\" rel=\"noopener noreferrer\">Curs Consum Responsable i el seu paper en els ODS<\/a><\/li>\n<li><a title=\"Accedeix a m\u00e9s informaci\u00f3 sobre el curs ara\" href=\"https:\/\/internacional.umh.es\/ca\/2018\/04\/24\/curso-necesidad-de-la-igualdad-de-genero-para-transformar-nuestro-mundo\/\" target=\"_blank\" rel=\"noopener noreferrer\">Curs la Necessitat de la igualtat de g\u00e8nere per a transformar el nostre m\u00f3n.<\/a><\/li>\n<li><a title=\"Accedeix a tota la informaci\u00f3 sobre la convocat\u00f2ria\" href=\"https:\/\/internacional.umh.es\/cooperacion-y-voluntariado\/becas-umh\/master-cooperacion-al-desarrollo\/\">Convocat\u00f2ria de Beques i bosses de viatge per a la realitzaci\u00f3 del &#8220;M\u00e0ster lnteruniversitario en Cooperaci\u00f3 al Desenvolupament&#8221;.<\/a><\/li>\n<li><a title=\"Ho veur\u00e0s en una nova finestra\" href=\"https:\/\/cooperacion.umh.es\/2018\/05\/24\/convocatoria-ayudas-umh-para-el-trabajo-fin-de-master-en-el-marco-de-promocion-de-los-ods\/\" target=\"_blank\" rel=\"noopener noreferrer\">Convocat\u00f2ria de Beques remunerades en pr\u00e0ctiques GVA- UMH (Universitat Miguel Hern\u00e1ndez d&#8217;Elx) per a la realitzaci\u00f3 de treballs fi de M\u00e0ster (TFM) sobre Cooperaci\u00f3 Internacional per al Desenvolupament.<\/a><\/li>\n<li><a title=\"Clica per a obtindre m\u00e9s informaci\u00f3 sobre la Universitat d'Hivern ara\" href=\"https:\/\/internacional.umh.es\/2019\/02\/04\/universitat-dhivern\/\">Organitzaci\u00f3 d&#8217;una &#8220;Universitat d&#8217;Hivern&#8221;, en col\u00b7laboraci\u00f3 amb les altres Universitats p\u00fabliques valencianes<\/a><\/li>\n<li><a title=\"Ho veur\u00e0s en una nova finestra\" href=\"http:\/\/cooperacion.umh.es\/2018\/06\/05\/i-concurso-campana-de-comunicacion-sobre-los-ods-para-la-participacion-de-la-comunidad-universitaria-de-la-comunitat-valenciana-en-la-divulgacion-y-comunicacion-de-los-objetivos-de-d\/\" target=\"_blank\" rel=\"noopener noreferrer\">Premis ODS<\/a><br \/>\n<a title=\"Accedeix a la not\u00edcia apareguda en Comunicaci\u00f3 UMH\" href=\"https:\/\/twitter.com\/CooperacionUMH\/status\/1011500340968030209\" target=\"_blank\" rel=\"noopener noreferrer\">&#8211; I a trav\u00e9s del perfil de Twitter de l&#8217;\u00c0rea de Cooperaci\u00f3 al Desenvolupament i Voluntariat de la UMH<\/a><br \/>\n<a title=\"Accedeix a les not\u00edcies relacionades amb voluntariat UMH\" href=\"https:\/\/internacional.umh.es\/category\/cooperacion-y-voluntariado\/voluntariado\/\">&#8211; Els premiats que van ser, Taller Munta els teus Objectius i el Teatre ODS els incloem com a activitats dins de les Jornades de Voluntariat realitzades el 4 i 5 d&#8217;abril en la UMH. Difonem les Jornades en la nostra p\u00e0gina web<\/a><\/li>\n<li><a title=\"Amplia informaci\u00f3 sobre formaci\u00f3 del voluntariat a Ruanda\" href=\"https:\/\/internacional.umh.es\/ca\/2018\/03\/02\/viii-programa-de-voluntariado-de-cooperacion-internacional-al-desarrollo-de-la-umh-en-ruanda\/\">Formaci\u00f3 del Voluntariat a Ruanda.<\/a><\/li>\n<p>&nbsp;<\/p>\n<h3 id=\"investigacio\"><strong>L\u00cdNIA INVESTIGACI\u00d3<\/strong><\/h3>\n<li><a title=\"Accedeix a tota la informaci\u00f3 sobre la convocat\u00f2ria ara\" href=\"https:\/\/internacional.umh.es\/2018\/05\/24\/la-umh-convoca-nuevas-ayudas-para-la-promocion-y-consecuccion-de-la-agenda-2030\/\">Convocat\u00f2ria d&#8217;ajudes per a finan\u00e7ar projectes d&#8217;investigaci\u00f3 de car\u00e0cter internacional per a la consecuci\u00f3 dels objectius de desenvolupament sostenible de l&#8217;Agenda 2030 de les Nacions Unides, en el marc dels projectes d&#8217;investigaci\u00f3 de la UMH<\/a><\/li>\n<p>&nbsp;<\/p>\n<h4>Projectes seleccionats:<\/h4>\n<ul>\n<li><a title=\"Coneix alguna cosa m\u00e9s sobre el projecte de Lucy Parker\" href=\"https:\/\/internacional.umh.\u00e9s\/2018\/12\/07\/posada-en-marxa-de-un-projecte-per a-promoure-la-salut-cardiovascular-en-les-zones-rurals-de-mozambique\/\">Proyecto de la Professora Lucy Parker \u201cPromoci\u00f3n de la salut cardiovascular en el districte rural de Chokwe (Mo\u00e7ambic), a trav\u00e9s de l&#8217;apoderament de les dones\u201d<\/a><\/li>\n<p> <\/p>\n<li><a title=\"Amplia informaci\u00f3 sobre el projecte de Lucrecia Acosta ara\" href=\"https:\/\/internacional.umh.es\/2019\/07\/03\/un-proyecto-de-cooperacion-al-desarrollo-de-la-umh-trabaja-en-el-control-y-diagnostico-de-la-lepra-en-argentina\/\">Projecte de la professora Lucrecia Acosta \u201cControl de Lepra en \u00e0rees de desigualtat social a l&#8217;Argentina: el cas de la triple frontera entre el Brasil, Paraguai i l&#8217;Argentina\u201d<\/a><a title=\"Accedeix a la not\u00edcia publicada en Comunicaci\u00f3 UMH en una nova finestra\" href=\"https:\/\/comunicacion.umh.es\/2019\/07\/04\/la-umh-trabaja-en-el-control-y-diagnostico-de-la-lepra-en-argentina-a-traves-de-un-proyecto-de-cooperacion-al-desarrollo\/\" target=\"_blank\" rel=\"noopener noreferrer\">&#8211; M\u00e9s informaci\u00f3 en la not\u00edcia publicada<\/a>.<br \/>\n<a title=\"Ho veur\u00e0s en una nova finestra\" href=\"https:\/\/www.elperiodic.com\/elx\/trabaja-control-diagnostico-lepra-argentina-traves-proyecto-cooperacion-desarrollo_629878\" target=\"_blank\" rel=\"noopener noreferrer\">&#8211; Accedeix a la publicaci\u00f3 en el Peri\u00f2dic.com Elx<\/a><\/li>\n<p> <\/p>\n<li><a title=\"Amplia informaci\u00f3 sobre aquest interessant projecte ara\" href=\"https:\/\/internacional.umh.es\/2018\/11\/28\/la-umh-firma-un-convenio-con-la-universidad-andina-simon-bolivar-sede-ecuador\/\">Projecte del professor Antonio Miguel Nogu\u00e9s \u201cEl paper de la governan\u00e7a en els Objectius de Desenvolupament Sostenible-ODS\u201d<\/a><a title=\"Accedeix a m\u00e9s not\u00edcies relacionades ara\" href=\"https:\/\/comunicacion.umh.es\/2018\/11\/29\/firma-de-un-convenio-con-la-universidad-andina-simon-bolivar-de-ecuador-para-la-movilidad-de-estudiantes-y-profesores\" target=\"_blank\" rel=\"noopener noreferrer\">&#8211; Veure m\u00e9s not\u00edcies relacionades amb aquest projecte<\/a><\/li>\n<p> <\/p>\n<li><a title=\"Descobreix m\u00e9s informaci\u00f3 rellevant ara\" href=\"https:\/\/internacional.umh.es\/2019\/02\/22\/la-umh-refuerza-la-estrategia-de-internacionalizacion-en-ruanda\/\">Projecte professor del professor Jos\u00e9 Luis Gonz\u00e1lez \u201cEstrategia educomunicativa en Nemba (Ruanda): la r\u00e0dio com a mitj\u00e0 per al desenvolupament.<\/a><a title=\"Accedeix a m\u00e9s not\u00edcies publicades en Comunicaci\u00f3 UMH\" href=\"https:\/\/comunicacion.umh.es\/2019\/02\/22\/refuerzo-de-la-estrategia-de-internacionalizacion-en-ruanda\/\" target=\"_blank\" rel=\"noopener noreferrer\">&#8211; Descobreix m\u00e9s not\u00edcies relacionades<\/a><\/li>\n<\/ul>\n<p>&nbsp;<\/p>\n<h3 id=\"projectes\"><strong>L\u00cdNIA DE PROJECTES CUD<\/strong><\/h3>\n<p>Cooperaci\u00f3 Universit\u00e0ria al Desenvolupament (CUD)<\/p>\n<li><a title=\"Amplia informaci\u00f3 sobre aquest projecte de cooperaci\u00f3 en una nova finestra\" href=\"https:\/\/comunicacion.umh.es\/2018\/07\/30\/la-umh-forma-a-profesionales-sanitarios-de-peru\/\" target=\"_blank\" rel=\"noopener noreferrer\">Projecte CUD \u201cCooperaci\u00f3 en formaci\u00f3 acad\u00e8mica i Investigaci\u00f3 en Ci\u00e8ncies de la Salut de la Universitat Nacional de la Amazon\u00eda Peruana de lquitos (el Per\u00fa) i les seues institucions sanit\u00e0ries (Hospital Regional de Loreto, Hospital de Suport de lquitos)\u201d<\/a><a title=\"Ho veur\u00e0s en una nova finestra\" href=\"https:\/\/joseramosr.edu.umh.es\/?s=peru\" target=\"_blank\" rel=\"noopener noreferrer\">&#8211; Visita la web projecte<\/a><br \/>\n<a title=\"Accedeix ara per a con\u00e9ixer m\u00e9s informaci\u00f3\" href=\"https:\/\/internacional.umh.es\/2018\/07\/30\/la-universidad-miguel-hernandez-forma-a-profesionales-sanitarios-de-peru\/\">&#8211; Accedeix a la not\u00edcia &#8220;La UMH forma professionals sanitaris al Per\u00fa&#8221;<\/a><br \/>\n<a title=\"Pots accedir l'article cient\u00edfic publicat en la revista Pathogens en una nova finestra\" href=\"https:\/\/internacional.umh.es\/files\/2021\/03\/Pathogens-09-00348-1_JMRamos_UMH_2020.pdf\" target=\"_blank\" rel=\"noopener noreferrer\">&#8211; Accedeix a l&#8217;article cient\u00edfic: &#8220;A Cross-Sectional Study of Seroprevalence of Strongyloidiasis in Pregnant Women (Peruvian Amazon Basin)&#8221; publicat en la revista Pathogens<\/a><br \/>\n<a title=\"Pots llegir l'article cient\u00edfic publicat en la revista Frontiers en una nova finestra\" href=\"https:\/\/internacional.umh.es\/files\/2021\/03\/FrontiersVeterinary_JMRamos_UMH_2020.pdf\" target=\"_blank\" rel=\"noopener noreferrer\">&#8211; Llegeix l&#8217;article cient\u00edfic: &#8220;Chagas Disease in Pregnant Women in the Peruvian Amazon Basin. Cross-Sectional Study&#8221; publicat en Frontriers<\/a><br \/>\n<a title=\"Pots llegir l'article cient\u00edfic publicat en la revista Pathogens en una nova finestra\" href=\"https:\/\/internacional.umh.es\/files\/2021\/03\/2021_pathogens-htlv-peru.pdf\" target=\"_blank\" rel=\"noopener noreferrer\">&#8211; Llegeix l&#8217;article cient\u00edfic: &#8220;Screening for Human T-Cell Lymphotropic Virus (HTLV) in Pregnant Women in the Peruvian Amazon and Systematic Review with Meta-Analysis of HTLV Infection in Peru&#8221; publicat en la revista Pathogens<\/a><\/li>\n<p>&nbsp;<\/p>\n<li><a title=\"Amplia informaci\u00f3 sobre aquest interessant projecte CUD\" href=\"https:\/\/internacional.umh.es\/2018\/11\/09\/la-umh-desarrolla-un-proyecto-de-cooperacion-al-desarrollo-para-afrontar-la-enfermedad-renal-cronica-en-nicaragua\/\">Projecte CUD \u201cFormaci\u00f3 i capacitaci\u00f3 en prevenci\u00f3-diagn\u00f2stic de factors ambientals i salut a Nicaragua\u201d<\/a><a title=\"Accedeix a la not\u00edcia apareguda en Comunicaci\u00f3 UMH\" href=\"https:\/\/comunicacion.umh.es\/2018\/11\/09\/proyecto-de-cooperacion-al-desarrollo-para-afrontar-la-enfermedad-renal-cronica-en-nicaragua\/\" target=\"_blank\" rel=\"noopener noreferrer\">&#8211; Accedeix a la not\u00edcia: &#8220;Projecte de cooperaci\u00f3 per a afrontar la Malaltia Renal Cr\u00f2nica a Nicaragua&#8221;<\/a><\/li>\n<\/ol>\n<p>&nbsp;<br \/>\n<!--[if lt IE 9]><script>document.createElement('audio');<\/script><![endif]-->\n<audio class=\"wp-audio-shortcode\" id=\"audio-16164-1\" preload=\"none\" style=\"width: 100%;\" controls=\"controls\"><source type=\"audio\/mpeg\" src=\"http:\/\/radio.umh.es\/files\/2018\/11\/191118-programa-global-umh.mp3?_=1\" \/><a href=\"http:\/\/radio.umh.es\/files\/2018\/11\/191118-programa-global-umh.mp3\">http:\/\/radio.umh.es\/files\/2018\/11\/191118-programa-global-umh.mp3<\/a><\/audio><\/p>\n<p><iframe  style=\"display: block; margin: 0px auto;\"  id=\"_ytid_42653\"  width=\"480\" height=\"270\"  data-origwidth=\"480\" data-origheight=\"270\" src=\"https:\/\/www.youtube.com\/embed\/h9imkazrmbe?enablejsapi=1&autoplay=0&cc_load_policy=0&cc_lang_pref=&iv_load_policy=1&loop=0&modestbranding=0&rel=1&fs=1&playsinline=0&autohide=2&theme=dark&color=red&controls=1&\" class=\"__youtube_prefs__  no-lazyload\" title=\"YouTube player\"  allow=\"accelerometer; autoplay; clipboard-write; encrypted-media; gyroscope; picture-in-picture\" allowfullscreen data-no-lazy=\"1\" data-skipgform_ajax_framebjll=\"\"><\/iframe><\/p>","protected":false},"excerpt":{"rendered":"<p> L\u00cdNIA FORMATIVA | L\u00cdNIA INVESTIGACI\u00d3 |  L\u00cdNIES DE PROJECTES CUD<br \/>\nL\u00cdNIA FORMATIVA<\/p>\n<p>Curs Consum Responsable i el seu paper en els ODS<br \/>\nCurs la Necessitat de la igualtat de g\u00e8nere per a transformar el nostre m\u00f3n.<br \/>\nConvocat\u00f2ria de Beques i bosses de viatge per a la realitzaci\u00f3 del &#8220;M\u00e0ster lnteruniversitario en Cooperaci\u00f3 al Desenvolupament&#8221;.<br \/>\nConvocat\u00f2ria de Beques remunerades [&#8230;]<\/p>\n","protected":false},"author":5216,"featured_media":0,"parent":14118,"menu_order":7,"comment_status":"closed","ping_status":"closed","template":"","meta":{"ngg_post_thumbnail":0,"_links_to":"","_links_to_target":""},"yoast_head":"<!-- This site is optimized with the Yoast SEO plugin v17.5 - https:\/\/yoast.com\/wordpress\/plugins\/seo\/ -->\n<meta name=\"description\" content=\"El Convenio 2017 desarrolla los proyectos: L\u00ednea formativa; L\u00ednea de investigaci\u00f3n y Proyectos Cooperaci\u00f3n Universitaria al Desarrollo\" \/>\n<meta name=\"robots\" content=\"index, follow, max-snippet:-1, max-image-preview:large, max-video-preview:-1\" \/>\n<link rel=\"canonical\" href=\"https:\/\/internacional.umh.es\/ca\/cooperacion-y-voluntariado\/cooperacion-al-desarrollo\/convenio-cooperacion-universitaria-al-desarrollo\/convenio-2017\/\" \/>\n<meta property=\"og:locale\" content=\"ca_ES\" \/>\n<meta property=\"og:type\" content=\"article\" \/>\n<meta property=\"og:title\" content=\"Conveni 2017 - Internacionalitzaci\u00f3 i Cooperaci\u00f3\" \/>\n<meta property=\"og:description\" content=\"El Convenio 2017 desarrolla los proyectos: L\u00ednea formativa; L\u00ednea de investigaci\u00f3n y Proyectos Cooperaci\u00f3n Universitaria al Desarrollo\" \/>\n<meta property=\"og:url\" content=\"https:\/\/internacional.umh.es\/ca\/cooperacion-y-voluntariado\/cooperacion-al-desarrollo\/convenio-cooperacion-universitaria-al-desarrollo\/convenio-2017\/\" \/>\n<meta property=\"og:site_name\" content=\"Internacionalitzaci\u00f3 i Cooperaci\u00f3\" \/>\n<meta property=\"article:modified_time\" content=\"2025-05-20T11:04:09+00:00\" \/>\n<meta name=\"twitter:card\" content=\"summary_large_image\" \/>\n<meta name=\"twitter:label1\" content=\"Est. reading time\" \/>\n\t<meta name=\"twitter:data1\" content=\"3 minuts\" \/>\n<script type=\"application\/ld+json\" class=\"yoast-schema-graph\">{\"@context\":\"https:\/\/schema.org\",\"@graph\":[{\"@type\":\"WebSite\",\"@id\":\"https:\/\/internacional.umh.es\/en\/#website\",\"url\":\"https:\/\/internacional.umh.es\/en\/\",\"name\":\"Internacionalitzaci\\u00f3 i Cooperaci\\u00f3\",\"description\":\"Universitat Miguel Hern\\u00e1ndez d&#039;Elx\",\"potentialAction\":[{\"@type\":\"SearchAction\",\"target\":{\"@type\":\"EntryPoint\",\"urlTemplate\":\"https:\/\/internacional.umh.es\/en\/?s={search_term_string}\"},\"query-input\":\"required name=search_term_string\"}],\"inLanguage\":\"ca\"},{\"@type\":\"WebPage\",\"@id\":\"https:\/\/internacional.umh.es\/ca\/cooperacion-y-voluntariado\/cooperacion-al-desarrollo\/convenio-cooperacion-universitaria-al-desarrollo\/convenio-2017\/#webpage\",\"url\":\"https:\/\/internacional.umh.es\/ca\/cooperacion-y-voluntariado\/cooperacion-al-desarrollo\/convenio-cooperacion-universitaria-al-desarrollo\/convenio-2017\/\",\"name\":\"Conveni 2017 - Internacionalitzaci\\u00f3 i Cooperaci\\u00f3\",\"isPartOf\":{\"@id\":\"https:\/\/internacional.umh.es\/en\/#website\"},\"datePublished\":\"2020-07-27T11:36:47+00:00\",\"dateModified\":\"2025-05-20T11:04:09+00:00\",\"description\":\"El Convenio 2017 desarrolla los proyectos: L\\u00ednea formativa; L\\u00ednea de investigaci\\u00f3n y Proyectos Cooperaci\\u00f3n Universitaria al Desarrollo\",\"breadcrumb\":{\"@id\":\"https:\/\/internacional.umh.es\/ca\/cooperacion-y-voluntariado\/cooperacion-al-desarrollo\/convenio-cooperacion-universitaria-al-desarrollo\/convenio-2017\/#breadcrumb\"},\"inLanguage\":\"ca\",\"potentialAction\":[{\"@type\":\"ReadAction\",\"target\":[\"https:\/\/internacional.umh.es\/ca\/cooperacion-y-voluntariado\/cooperacion-al-desarrollo\/convenio-cooperacion-universitaria-al-desarrollo\/convenio-2017\/\"]}]},{\"@type\":\"BreadcrumbList\",\"@id\":\"https:\/\/internacional.umh.es\/ca\/cooperacion-y-voluntariado\/cooperacion-al-desarrollo\/convenio-cooperacion-universitaria-al-desarrollo\/convenio-2017\/#breadcrumb\",\"itemListElement\":[{\"@type\":\"ListItem\",\"position\":1,\"name\":\"Home\",\"item\":\"https:\/\/internacional.umh.es\/en\/\"},{\"@type\":\"ListItem\",\"position\":2,\"name\":\"COOPERACI\\u00d3 I VOLUNTARIAT\",\"item\":\"https:\/\/internacional.umh.es\/ca\/cooperacion-y-voluntariado\/\"},{\"@type\":\"ListItem\",\"position\":3,\"name\":\"Cooperaci\\u00f3 aI Desenvolupament\",\"item\":\"https:\/\/internacional.umh.es\/ca\/cooperacion-y-voluntariado\/cooperacion-al-desarrollo\/\"},{\"@type\":\"ListItem\",\"position\":4,\"name\":\"Convenis de Cooperaci\\u00f3 Universitaria al Desenvolupament\",\"item\":\"https:\/\/internacional.umh.es\/ca\/cooperacion-y-voluntariado\/cooperacion-al-desarrollo\/convenio-cooperacion-universitaria-al-desarrollo\/\"},{\"@type\":\"ListItem\",\"position\":5,\"name\":\"Conveni 2017\"}]}]}<\/script>\n<!-- \/ Yoast SEO plugin. -->","yoast_head_json":{"description":"El Convenio 2017 desarrolla los proyectos: L\u00ednea formativa; L\u00ednea de investigaci\u00f3n y Proyectos Cooperaci\u00f3n Universitaria al Desarrollo","robots":{"index":"index","follow":"follow","max-snippet":"max-snippet:-1","max-image-preview":"max-image-preview:large","max-video-preview":"max-video-preview:-1"},"canonical":"https:\/\/internacional.umh.es\/ca\/cooperacion-y-voluntariado\/cooperacion-al-desarrollo\/convenio-cooperacion-universitaria-al-desarrollo\/convenio-2017\/","og_locale":"ca_ES","og_type":"article","og_title":"Conveni 2017 - Internacionalitzaci\u00f3 i Cooperaci\u00f3","og_description":"El Convenio 2017 desarrolla los proyectos: L\u00ednea formativa; L\u00ednea de investigaci\u00f3n y Proyectos Cooperaci\u00f3n Universitaria al Desarrollo","og_url":"https:\/\/internacional.umh.es\/ca\/cooperacion-y-voluntariado\/cooperacion-al-desarrollo\/convenio-cooperacion-universitaria-al-desarrollo\/convenio-2017\/","og_site_name":"Internacionalitzaci\u00f3 i Cooperaci\u00f3","article_modified_time":"2025-05-20T11:04:09+00:00","twitter_card":"summary_large_image","twitter_misc":{"Est. reading time":"3 minuts"},"schema":{"@context":"https:\/\/schema.org","@graph":[{"@type":"WebSite","@id":"https:\/\/internacional.umh.es\/en\/#website","url":"https:\/\/internacional.umh.es\/en\/","name":"Internacionalitzaci\u00f3 i Cooperaci\u00f3","description":"Universitat Miguel Hern\u00e1ndez d&#039;Elx","potentialAction":[{"@type":"SearchAction","target":{"@type":"EntryPoint","urlTemplate":"https:\/\/internacional.umh.es\/en\/?s={search_term_string}"},"query-input":"required name=search_term_string"}],"inLanguage":"ca"},{"@type":"WebPage","@id":"https:\/\/internacional.umh.es\/ca\/cooperacion-y-voluntariado\/cooperacion-al-desarrollo\/convenio-cooperacion-universitaria-al-desarrollo\/convenio-2017\/#webpage","url":"https:\/\/internacional.umh.es\/ca\/cooperacion-y-voluntariado\/cooperacion-al-desarrollo\/convenio-cooperacion-universitaria-al-desarrollo\/convenio-2017\/","name":"Conveni 2017 - Internacionalitzaci\u00f3 i Cooperaci\u00f3","isPartOf":{"@id":"https:\/\/internacional.umh.es\/en\/#website"},"datePublished":"2020-07-27T11:36:47+00:00","dateModified":"2025-05-20T11:04:09+00:00","description":"El Convenio 2017 desarrolla los proyectos: L\u00ednea formativa; L\u00ednea de investigaci\u00f3n y Proyectos Cooperaci\u00f3n Universitaria al Desarrollo","breadcrumb":{"@id":"https:\/\/internacional.umh.es\/ca\/cooperacion-y-voluntariado\/cooperacion-al-desarrollo\/convenio-cooperacion-universitaria-al-desarrollo\/convenio-2017\/#breadcrumb"},"inLanguage":"ca","potentialAction":[{"@type":"ReadAction","target":["https:\/\/internacional.umh.es\/ca\/cooperacion-y-voluntariado\/cooperacion-al-desarrollo\/convenio-cooperacion-universitaria-al-desarrollo\/convenio-2017\/"]}]},{"@type":"BreadcrumbList","@id":"https:\/\/internacional.umh.es\/ca\/cooperacion-y-voluntariado\/cooperacion-al-desarrollo\/convenio-cooperacion-universitaria-al-desarrollo\/convenio-2017\/#breadcrumb","itemListElement":[{"@type":"ListItem","position":1,"name":"Home","item":"https:\/\/internacional.umh.es\/en\/"},{"@type":"ListItem","position":2,"name":"COOPERACI\u00d3 I VOLUNTARIAT","item":"https:\/\/internacional.umh.es\/ca\/cooperacion-y-voluntariado\/"},{"@type":"ListItem","position":3,"name":"Cooperaci\u00f3 aI Desenvolupament","item":"https:\/\/internacional.umh.es\/ca\/cooperacion-y-voluntariado\/cooperacion-al-desarrollo\/"},{"@type":"ListItem","position":4,"name":"Convenis de Cooperaci\u00f3 Universitaria al Desenvolupament","item":"https:\/\/internacional.umh.es\/ca\/cooperacion-y-voluntariado\/cooperacion-al-desarrollo\/convenio-cooperacion-universitaria-al-desarrollo\/"},{"@type":"ListItem","position":5,"name":"Conveni 2017"}]}]}},"_links":{"self":[{"href":"https:\/\/internacional.umh.es\/ca\/wp-json\/wp\/v2\/pages\/16164"}],"collection":[{"href":"https:\/\/internacional.umh.es\/ca\/wp-json\/wp\/v2\/pages"}],"about":[{"href":"https:\/\/internacional.umh.es\/ca\/wp-json\/wp\/v2\/types\/page"}],"author":[{"embeddable":true,"href":"https:\/\/internacional.umh.es\/ca\/wp-json\/wp\/v2\/users\/5216"}],"replies":[{"embeddable":true,"href":"https:\/\/internacional.umh.es\/ca\/wp-json\/wp\/v2\/comments?post=16164"}],"version-history":[{"count":0,"href":"https:\/\/internacional.umh.es\/ca\/wp-json\/wp\/v2\/pages\/16164\/revisions"}],"up":[{"embeddable":true,"href":"https:\/\/internacional.umh.es\/ca\/wp-json\/wp\/v2\/pages\/14118"}],"wp:attachment":[{"href":"https:\/\/internacional.umh.es\/ca\/wp-json\/wp\/v2\/media?parent=16164"}],"curies":[{"name":"wp","href":"https:\/\/api.w.org\/{rel}","templated":true}]}}