{"id":17111,"date":"2020-10-22T13:15:01","date_gmt":"2020-10-22T11:15:01","guid":{"rendered":"https:\/\/internacional.umh.es\/?page_id=17111"},"modified":"2025-09-04T10:42:46","modified_gmt":"2025-09-04T08:42:46","slug":"eventos","status":"publish","type":"page","link":"https:\/\/internacional.umh.es\/ca\/cooperacion-y-voluntariado\/formacion-en-voluntariado\/eventos\/","title":{"rendered":"Esdeveniments"},"content":{"rendered":"<p><\/p>\n<h2><strong>VII Universitat de la Tardor<\/strong><\/h2>\n<p><\/p>\n<p style=\"text-align: justify\"><a href=\"https:\/\/internacional.umh.es\/files\/2023\/10\/Cartel-UNIVERSITAT-TARDOR-2.jpg\" title=\"Ho veur\u00e0s en una nova finestra\" target=\"_blank\" rel=\"noopener\"><img loading=\"lazy\" class=\"size-medium wp-image-31981 alignleft\" title=\"Amplia en una nova finestra per a con\u00e9ixer amb detall com la UMH torna a participar en la VII Universitat de la Tardor\" src=\"https:\/\/internacional.umh.es\/files\/2023\/10\/Cartel-UNIVERSITAT-TARDOR-2-210x300.jpg\" alt=\"Universitat Tardor cartell\" width=\"210\" height=\"300\" srcset=\"https:\/\/internacional.umh.es\/files\/2023\/10\/Cartel-UNIVERSITAT-TARDOR-2-210x300.jpg 210w, https:\/\/internacional.umh.es\/files\/2023\/10\/Cartel-UNIVERSITAT-TARDOR-2-717x1024.jpg 717w, https:\/\/internacional.umh.es\/files\/2023\/10\/Cartel-UNIVERSITAT-TARDOR-2-768x1097.jpg 768w, https:\/\/internacional.umh.es\/files\/2023\/10\/Cartel-UNIVERSITAT-TARDOR-2-1075x1536.jpg 1075w, https:\/\/internacional.umh.es\/files\/2023\/10\/Cartel-UNIVERSITAT-TARDOR-2-1434x2048.jpg 1434w, https:\/\/internacional.umh.es\/files\/2023\/10\/Cartel-UNIVERSITAT-TARDOR-2.jpg 1681w\" sizes=\"(max-width: 210px) 100vw, 210px\" \/><\/a>Mentre creixen els debats sobre la necessitat d&#8217;una revisi\u00f3 del sistema internacional d&#8217;ajuda al desenvolupament perqu\u00e8 puga afrontar millor desafiaments globals cada vegada m\u00e9s complexos, aquesta Universitat de Tardor, organitzada per les universitats valencianes, es proposa treballar i reflexionar sobre els canvis i transformacions que s&#8217;estan impulsant en el sistema de cooperaci\u00f3 a Espanya de la m\u00e0 de la nova <strong>Llei de Cooperaci\u00f3 per al Desenvolupament Sostenible i la Solidaritat Global<\/strong>, a nivell estatal, auton\u00f2mic i tamb\u00e9 des de la cooperaci\u00f3 valenciana.<\/p>\n<p style=\"text-align: justify\">La VII Universitat de Tardor, <strong>&#8216;Reptes davant el nou cicle de la cooperaci\u00f3 al desenvolupament: respostes a desafiaments globals m\u00e9s complexos&#8217;<\/strong>, se celebrar\u00e0 els dies <strong>21 i 22 de novembre<\/strong> de 2023 en el Sal\u00f3 de Graus de la Facultat de Ci\u00e8ncies Econ\u00f2miques i Empresarials del campus de Sant Vicent del Raspeig de la <strong>Universitat d&#8217;Alacant<\/strong>.<\/p>\n<p style=\"text-align: justify\">El Vicerectorat d&#8217;Internacionalitzaci\u00f3 i Cooperaci\u00f3 de la UMH assumir\u00e0 el cost d&#8217;inscripci\u00f3 <strong><\/strong> a aquestes jornades a aquelles persones de la comunitat universit\u00e0ria que estiguen interessades a assistir, per al que hauran d&#8217;emplenar <strong>abans del 31 d&#8217;octubre<\/strong>, el seg\u00fcent <strong><a href=\"https:\/\/docs.google.com\/forms\/d\/e\/1FAIpQLSeuDp1vWx0V-uzTU44Nsn_WsCxuSDEJ66VqCq9wbNjbA6PBAg\/viewform\" target=\"_blank\" title=\"Ho veur\u00e0s en una nova finestra\" rel=\"noopener\">formulari<\/a><\/strong>. La inscripci\u00f3 a les jornades <strong>inclou els menjars<\/strong> de les persones assistents. L&#8217;assist\u00e8ncia a aquestes jornades t\u00e9 autoritzat el <strong>reconeixement de cr\u00e8dits<\/strong> per compet\u00e8ncies transversals als estudiants de grau.<\/p>\n<ul>\n<li><a title=\"Ho veur\u00e0s en una nova finestra\" href=\"https:\/\/sri.ua.es\/va\/cooperacion\/unitardor\/ua2023.html\" target=\"_blank\" rel=\"noopener\">Consulta la programaci\u00f3 en sri.ua.es\/es\/cooperacion\/unitardor\/ua2023<\/a><\/li>\n<\/ul>\n<p><strong>CONTACTE:<\/strong> <a href=\"mailto:cooperacion@umh.es\" title=\"Ho veur\u00e0s en una nova finestra\" target=\"_blank\" rel=\"noopener\">cooperacion@umh.es<\/em><\/a> \/ 966658683<\/em><\/p>\n<p><em>Aquesta acci\u00f3 forma part del Programa de Cooperaci\u00f3 Universit\u00e0ria al Desenvolupament de la UMH que est\u00e0 subvencionat per la Direcci\u00f3 General de Cooperaci\u00f3 Internacional al Desenvolupament, de la Conselleria de Participaci\u00f3, Transpar\u00e8ncia, Cooperaci\u00f3 i Qualitat Democr\u00e0tica de la Generalitat Valenciana.<\/em><\/p>\n<p><\/p>\n<hr>\n<h2><strong>XVIII Jornades de promoci\u00f3 del voluntariat en la UMH<\/strong><\/h2>\n<p><\/p>\n<p style=\"text-align: justify\"><a href=\"https:\/\/internacional.umh.es\/files\/2023\/02\/XVIII-JPV.png\" title=\"Ho veur\u00e0s en una nova finestra\" target=\"_blank\" rel=\"noopener\"><img loading=\"lazy\" class=\"size-medium wp-image-28965 alignleft\" src=\"https:\/\/internacional.umh.es\/files\/2023\/02\/XVIII-JPV-300x300.png\" alt=\"XVIII Jornades de Promoci\u00f3 de Voluntariat UMH cartell\" title=\"Conoce todos los detalles de las XVIII Jornadas de Promoci\u00f3n de Voluntariado UMH en una nueva ventana\" width=\"300\" height=\"300\" srcset=\"https:\/\/internacional.umh.es\/files\/2023\/02\/XVIII-JPV-300x300.png 300w, https:\/\/internacional.umh.es\/files\/2023\/02\/XVIII-JPV-1024x1024.png 1024w, https:\/\/internacional.umh.es\/files\/2023\/02\/XVIII-JPV-150x150.png 150w, https:\/\/internacional.umh.es\/files\/2023\/02\/XVIII-JPV-768x768.png 768w, https:\/\/internacional.umh.es\/files\/2023\/02\/XVIII-JPV.png 1080w\" sizes=\"(max-width: 300px) 100vw, 300px\" \/><\/a>L&#8217;objectiu de les XVIII Jornades de Promoci\u00f3 del Voluntariat \u00e9s donar a con\u00e9ixer la realitat del voluntariat. Durant les jornades, es comptar\u00e0 amb la pres\u00e8ncia d&#8217;organitzacions i associacions relacionades amb la cooperaci\u00f3 al desenvolupament i el voluntariat, que donaran a con\u00e9ixer la labor assistencial i social que realitzen, i informaran a aquells que tinguen inquietuds sobre aquesta tem\u00e0tica. Les activitats que conformen les Jornades s\u00f3n les seg\u00fcents:<\/p>\n<ul>\n<li><a href=\"https:\/\/internacional.umh.es\/2022\/12\/15\/programa-global-umh-especial-dia-de-la-persona-voluntaria\/\" title=\"Ho veur\u00e0s en una nova finestra\" target=\"_blank\" rel=\"noopener\">Programa r\u00e0dio Global UMH especial dia de la persona volunt\u00e0ria<\/a><\/li>\n<li><a href=\"https:\/\/internacional.umh.es\/ca\/muestras-de-voluntariado-por-titulaciones\/\" title=\"Ho veur\u00e0s en una nova finestra\" target=\"_blank\" rel=\"noopener\">Mostres de voluntariat per titulacions<\/a><\/li>\n<li>Networking<\/li>\n<\/ul>\n<p>&nbsp;<\/p>\n<hr>\n<p><\/p>\n<h2><strong>VI Universitat de la Tardor<\/strong><\/h2>\n<p><\/p>\n<p style=\"text-align: justify\"><a href=\"https:\/\/internacional.umh.es\/files\/2022\/10\/122465.jpg\" title=\"Ho veur\u00e0s en una nova finestra\" target=\"_blank\" rel=\"noopener\"><img loading=\"lazy\" class=\"size-medium wp-image-27866 alignleft\" src=\"https:\/\/internacional.umh.es\/files\/2022\/10\/122465-300x145.jpg\" alt=\"VI Universitat de Tardor cartell\" title=\"Ampl\u00eda en una nueva ventana para conocer con detalle como la UMH vuelve a participar en la VI Universitat de la Tardor\" width=\"300\" height=\"145\" srcset=\"https:\/\/internacional.umh.es\/files\/2022\/10\/122465-300x145.jpg 300w, https:\/\/internacional.umh.es\/files\/2022\/10\/122465-1024x494.jpg 1024w, https:\/\/internacional.umh.es\/files\/2022\/10\/122465-768x371.jpg 768w, https:\/\/internacional.umh.es\/files\/2022\/10\/122465.jpg 1140w\" sizes=\"(max-width: 300px) 100vw, 300px\" \/><\/a>Obert el termini d&#8217;inscripci\u00f3 a la <strong>VI UNIVERSITAT DE TARDOR \u201cInvestigaci\u00f3 i cooperaci\u00f3: Motors pel canvi global\u201d<\/strong>, jornades interuniversit\u00e0ries de cooperaci\u00f3 organitzades per les cinc universitats p\u00fabliques de la Comunitat Valenciana i amb la col\u00b7laboraci\u00f3 de la Generalitat Valenciana (GVA), que se celebraran <strong>els dies 3 i 4 de novembre de 2022 al Jard\u00ed Bot\u00e0nic de la Universitat de Val\u00e8ncia.<\/strong><\/p>\n<p style=\"text-align: justify\">L&#8217;objectiu ser\u00e0 reflexionar sobre qu\u00e8 pot aportar la universitat en mat\u00e8ria d&#8217;innovaci\u00f3 i investigaci\u00f3 en cooperaci\u00f3 a les ONGD i entitats socials, amb la finalitat de crear sinergies per a conc\u00f3rrer en la <strong>pr\u00f2xima convocat\u00f2ria d&#8217;investigaci\u00f3 en cooperaci\u00f3<\/strong> que ser\u00e0 publicada en 2023 per la Conselleria de Participaci\u00f3, Transpar\u00e8ncia, Cooperaci\u00f3 i Qualitat Democr\u00e0tica de la Generalitat Valenciana.<\/p>\n<p style=\"text-align: justify\">Aquestes Jornades s&#8217;organitzen en el marc de <strong>Cooperarium<\/strong>, Fira de Cooperaci\u00f3 que realitzar\u00e0 la Generalitat Valenciana en la pla\u00e7a de l&#8217;Ajuntament de Val\u00e8ncia els dies 4 i 5 de novembre. Les conclusions de les jornades es presentaran en la fira el divendres a la vesprada.<\/p>\n<p>Pots consultar el <strong>programa provisional i realitzar la inscripci\u00f3 fins al pr\u00f2xim 30 d&#8217;octubre en la p\u00e0gina web<\/strong>:<\/p>\n<ul>\n<li><a href=\"https:\/\/esdeveniments.uv.es\/88949\/detail\/vi-universitat-de-tardor.html\" data-saferedirecturl=\"https:\/\/www.google.com\/url?q=https:\/\/esdeveniments.uv.es\/88949\/detail\/vi-universitat-de-tardor.html&amp;source=gmail&amp;ust=1665559842885000&amp;usg=AOvVaw2oYgZz6QByhnt8ng5lUrbg\" title=\"Ho veur\u00e0s en una nova finestra\" target=\"_blank\" rel=\"noopener\">esdeveniments.uv.es\/88949\/detail\/vi-universitat-de-tardor<\/a><\/li>\n<\/ul>\n<p style=\"text-align: justify\">El <strong>Vicerectorat de Relacions Internacionals reintegrar\u00e0 el cost d&#8217;inscripci\u00f3, despla\u00e7ament, allotjament i manutenci\u00f3 de les primeres 20 persones (PDI de la UMH) inscrites dins dels l\u00edmits normativament establits (*)<\/strong><\/p>\n<p>Les persones inscrites que no es troben entre les 20 primeres, quedaran en una llista de reserva per al cas de possibles ren\u00fancies.<\/p>\n<p><strong>CONTACTE:<\/strong> <a href=\"mailto:cooperacion@umh.es\" title=\"Ho veur\u00e0s en una nova finestra\" target=\"_blank\" rel=\"noopener\">cooperacion@umh.es<\/a> \/ 966658683<\/em><\/p>\n<p><em>Aquesta acci\u00f3 forma part del Programa de Cooperaci\u00f3 Universit\u00e0ria al Desenvolupament de la UMH que est\u00e0 subvencionat per la Direcci\u00f3 General de Cooperaci\u00f3 Internacional al Desenvolupament, de la Conselleria de Participaci\u00f3, Transpar\u00e8ncia, Cooperaci\u00f3 i Qualitat Democr\u00e0tica de la Generalitat Valenciana.<\/em><\/p>\n<p><em>(*) Ser\u00e0 requisit ser PDI de la UMH perqu\u00e8 opere aquest reintegrament. Seran aplicable els imports determinats en el DECRET 64\/2011, de 27 de maig, del Consell, pel qual es modifica el Decret 24\/1997, d&#8217;11 de febrer, sobre indemnitzacions per ra\u00f3 del servei i gratificacions per serveis extraordinaris.<\/em><\/p>\n<hr>\n<h2><strong>XVII Jornades de Promoci\u00f3 de Voluntariat UMH<\/strong><\/h2>\n<p><\/p>\n<p style=\"text-align: justify\"><a href=\"https:\/\/internacional.umh.es\/cooperacion-y-voluntariado\/formacion-en-voluntariado\/eventos\/xvii-jornadas-voluntariado-1\/\" rel=\"attachment wp-att-25099 noopener\" title=\"Ho veur\u00e0s en una nova finestra\" target=\"_blank\"><img loading=\"lazy\" class=\"size-medium wp-image-25099 alignleft\" src=\"https:\/\/internacional.umh.es\/files\/2022\/03\/xvii-jornadas-voluntariado-1-300x300.png\" alt=\"Cartell XVII Jornades Voluntariat UMH cartell\" title=\"Amplia en una nova finestra per a saber les novetats de la XVII Jornades Voluntariat en la UMH\" width=\"300\" height=\"300\" srcset=\"https:\/\/internacional.umh.es\/files\/2022\/03\/xvii-jornadas-voluntariado-1-300x300.png 300w, https:\/\/internacional.umh.es\/files\/2022\/03\/xvii-jornadas-voluntariado-1-1024x1024.png 1024w, https:\/\/internacional.umh.es\/files\/2022\/03\/xvii-jornadas-voluntariado-1-150x150.png 150w, https:\/\/internacional.umh.es\/files\/2022\/03\/xvii-jornadas-voluntariado-1-768x768.png 768w, https:\/\/internacional.umh.es\/files\/2022\/03\/xvii-jornadas-voluntariado-1.png 1080w\" sizes=\"(max-width: 300px) 100vw, 300px\" \/><\/a> <strong> L&#8217;\u00c0rea de Cooperaci\u00f3 al Desenvolupament i Voluntariat de la Universitat Miguel Hern\u00e1ndez<\/strong> (UMH) d&#8217;Elx organitza les <b>XVII Jornades de Promoci\u00f3 del Voluntariat en la UMH,<\/b> enguany sota el t\u00edtol el <b>Voluntariat en el Segle XXI.<\/b><\/p>\n<p style=\"text-align: justify\">Les jornades se celebraran els dies<b> 6 i 7 d&#8217;abril de 2022 a l&#8217;Aula Magna de l&#8217;Edifici Altabix<\/b> i en elles comptarem amb taules redones, confer\u00e8ncies, tallers i molt m\u00e9s. A m\u00e9s, de manera paral\u00b7lela, cada dia es desenvolupar\u00e0 una fira d&#8217;associacions per a qu\u00e8 perqu\u00e8 totes les persones interessades s&#8217;informen sobre les m\u00faltiples formes de voluntariat a nivell local i auton\u00f2mic.<\/p>\n<p style=\"text-align: justify\">A m\u00e9s, en la clausura de les jornades tindr\u00e0 lloc el lliurament de premis de la <strong>Convocat\u00f2ria de premis a projectes solidaris en els quals participen estudiants de la UMH<\/strong>, a la qual assistir\u00e0 i far\u00e0 lliurament el Rector de la Universitat Miguel Hern\u00e1ndezde Elx, Juan Jos\u00e9 Ruiz Mart\u00ednez i Antonia Serna Serrano, Secret\u00e0ria Auton\u00f2mica de Cooperaci\u00f3 i Qualitat Democr\u00e0tica de la GVA.<\/p>\n<p style=\"text-align: justify\"><b style=\"font-size: 16px\">Inscripci\u00f3 gratu\u00efta i oberta<\/b> a tota persona interessada (tant comunitat universit\u00e0ria com no universit\u00e0ria). A m\u00e9s, l&#8217;estudiantat que assistisca podr\u00e0 recon\u00e9ixer l&#8217;activitat per cr\u00e8dits per compet\u00e8ncies transversals.<\/p>\n<p>El <b> termini d&#8217;inscripci\u00f3 obert fins el pr\u00f2xim dia 23 de mar\u00e7:<\/b> <a href=\"https:\/\/universite.umh.es\/fpogestion\/aspx\/Preinscripcion\/Preinscripcion.aspx\" title=\"Ho veur\u00e0s en una nova finestra\" target=\"_blank\" rel=\"noopener\"><b>Emplena el formulari<\/b><\/a><\/p>\n<ul>\n<li><a href=\"https:\/\/internacional.umh.es\/files\/2022\/04\/1.-PROGRAMA-XVII-JORNADAS-VOLUNTARIADO-UMH_compressed-1.pdf\" title=\"Ho veur\u00e0s en una nova finestra\" target=\"_blank\" rel=\"noopener\"><strong>Desc\u00e0rrega el Programa de la XVII Jornades de Voluntariat UMH (1,44Mb Castell\u00e0 .pdf)<\/strong><\/a><\/li>\n<\/ul>\n<p>Per a l&#8217;obtenci\u00f3 de cr\u00e8dits per compet\u00e8ncies transversals s&#8217;haur\u00e0 de realitzar una activitat (per confirmar).<\/p>\n<p>Aquesta formaci\u00f3 es valorar\u00e0 positivament per a la futura convocat\u00f2ria del Programa de Voluntariat de Cooperaci\u00f3 Internacional en la UMH (pr\u00f2ximament m\u00e9s informaci\u00f3).<\/p>\n<hr>\n<h2><strong>V Universitat de Tardor: Cooperaci\u00f3 al desenvolupament, enfocaments de g\u00e8nere, interculturalitat i Agenda 2030<\/strong><\/h2>\n<p><\/p>\n<p style=\"text-align: justify\"><a href=\"https:\/\/internacional.umh.es\/files\/2021\/11\/universidadtardorfin.png\" title=\"Ho veur\u00e0s en una nova finestra\" target=\"_blank\" rel=\"noopener\"><img loading=\"lazy\" class=\"alignleft size-medium wp-image-23252\" src=\"https:\/\/internacional.umh.es\/files\/2021\/11\/universidadtardorfin-300x300.png\" alt=\"V Universitat de Tardor cartell\" title=\"Amplia en una nova finestra per a con\u00e9ixer com la Universitat Jaume I de Castell\u00f3 celebra durant 3 dies la V Universitat de Tardor\" width=\"300\" height=\"300\" srcset=\"https:\/\/internacional.umh.es\/files\/2021\/11\/universidadtardorfin-300x300.png 300w, https:\/\/internacional.umh.es\/files\/2021\/11\/universidadtardorfin-150x150.png 150w, https:\/\/internacional.umh.es\/files\/2021\/11\/universidadtardorfin-768x768.png 768w, https:\/\/internacional.umh.es\/files\/2021\/11\/universidadtardorfin-1024x1024.png 1024w, https:\/\/internacional.umh.es\/files\/2021\/11\/universidadtardorfin-32x32.png 32w, https:\/\/internacional.umh.es\/files\/2021\/11\/universidadtardorfin-64x64.png 64w, https:\/\/internacional.umh.es\/files\/2021\/11\/universidadtardorfin-96x96.png 96w, https:\/\/internacional.umh.es\/files\/2021\/11\/universidadtardorfin-128x128.png 128w, https:\/\/internacional.umh.es\/files\/2021\/11\/universidadtardorfin.png 1080w\" sizes=\"(max-width: 300px) 100vw, 300px\" \/><\/a><\/p>\n<p style=\"text-align: justify\">La Universitat Miguel Hern\u00e1ndez ha participat en la<strong> V Edici\u00f3 de la Universitat de Tardor, unes jornades de treball interuniversit\u00e0ries que enguany han tingut com a focus la cooperaci\u00f3 al desenvolupament, els enfocaments de g\u00e8nere, la interculturalitat i l&#8217;Agenda 2030.<\/strong> L&#8217;esdeveniment, organitzat per les cinc universitats p\u00fabliques valencianes en col\u00b7laboraci\u00f3 amb la Generalitat, ha tingut lloc de l&#8217;1 al 3 de desembre en la Universitat Jaume Primer de Castell\u00f3. A aquestes jornades van assistir estudiants de la UMH al costat de diferents membres del Servei de Relacions Internacionals Cooperaci\u00f3 al Desenvolupament i Voluntariat i professorat de la UMH.<\/p>\n<ul>\n<li><strong> <a href=\"https:\/\/internacional.umh.es\/2021\/12\/03\/la-umh-participa-en-la-v-universidad-de-otono\/\" target=\"_blank\" rel=\"noopener\" title=\"Ho veur\u00e0s en una nova finestra\">La UMH participa en la V Universitat de Tardor<\/a><\/strong><\/li>\n<li><strong><a href=\"https:\/\/radio.umh.es\/2021\/12\/15\/la-umh-continua-estrechando-lazos-con-republica-dominicana-en-global-umh-15-de-diciembre-de-2021\/\" target=\"_blank\" rel=\"noopener\" title=\"Ho veur\u00e0s en una nova finestra\">Escolta el programa 6&#215;07 Global UMH r\u00e0dio<\/a><\/strong><\/li>\n<li><strong><a title=\"Ho veur\u00e0s en una nova finestra\" href=\"https:\/\/utardor.es\/\" target=\"_blank\" rel=\"noopener\">utardor.es<\/a><\/strong><\/li>\n<\/ul>\n<p><\/p>\n<hr>\n<p><\/p>\n<h2><strong>XVI Jornades de Promoci\u00f3 de Voluntariat UMH<\/strong><\/h2>\n<p><\/p>\n<p style=\"text-align: justify\"><a href=\"https:\/\/internacional.umh.es\/files\/2020\/10\/XVI-Jornadas-Voluntaridado-UMH-1.png\" title=\"Ho veur\u00e0s en una nova finestra\" target=\"_blank\" rel=\"noopener\"><img loading=\"lazy\" class=\"size-medium wp-image-16956 alignleft\" src=\"https:\/\/internacional.umh.es\/files\/2020\/10\/XVI-Jornadas-Voluntaridado-UMH-1-300x300.png\" alt=\"XVI Jornades de Promoci\u00f3 de Voluntariat UMH cartell\" title=\"Coneix m\u00e9s detalls sobre les XVI Jornades de Promoci\u00f3 de Voluntariat en la UMH\" width=\"300\" height=\"300\" srcset=\"https:\/\/internacional.umh.es\/files\/2020\/10\/XVI-Jornadas-Voluntaridado-UMH-1-300x300.png 300w, https:\/\/internacional.umh.es\/files\/2020\/10\/XVI-Jornadas-Voluntaridado-UMH-1-150x150.png 150w, https:\/\/internacional.umh.es\/files\/2020\/10\/XVI-Jornadas-Voluntaridado-UMH-1-768x768.png 768w, https:\/\/internacional.umh.es\/files\/2020\/10\/XVI-Jornadas-Voluntaridado-UMH-1-1024x1024.png 1024w, https:\/\/internacional.umh.es\/files\/2020\/10\/XVI-Jornadas-Voluntaridado-UMH-1-32x32.png 32w, https:\/\/internacional.umh.es\/files\/2020\/10\/XVI-Jornadas-Voluntaridado-UMH-1-64x64.png 64w, https:\/\/internacional.umh.es\/files\/2020\/10\/XVI-Jornadas-Voluntaridado-UMH-1-96x96.png 96w, https:\/\/internacional.umh.es\/files\/2020\/10\/XVI-Jornadas-Voluntaridado-UMH-1-128x128.png 128w, https:\/\/internacional.umh.es\/files\/2020\/10\/XVI-Jornadas-Voluntaridado-UMH-1.png 1080w\" sizes=\"(max-width: 300px) 100vw, 300px\" \/><\/a>Les <strong>XVI Jornades de Promoci\u00f3 de Voluntariat en la UMH<\/strong> s&#8217;han celebrat us dies <strong>23 al 26 <\/strong><strong>de 16 a 19 h<\/strong>. En elles hem comptat amb taules redones, confer\u00e8ncies, tallers, concerts i fins a un concurs de fotografia.<\/p>\n<p style=\"text-align: justify\">A m\u00e9s, tots els dies organitzacions i associacions relacionades amb la cooperaci\u00f3 al desenvolupament i el voluntariat han exposat la labor que realitzen i han informat aquells\/as que tinguen inquietuds sobre aquesta tem\u00e0tica.<\/p>\n<ul>\n<li><strong><a href=\"https:\/\/view.genial.ly\/5f685bee51337070914e504c\/interactive-content-xvi-jornadas-voluntariado-umh\" target=\"_blank\" rel=\"noopener\" title=\"Ho veur\u00e0s en una nova finestra\">Accedeix al programa XVI Jornades de Promoci\u00f3 de Voluntariat de la UMH (Genially) Castell\u00e0<\/a><\/strong><\/li>\n<\/ul>\n<p>D&#8217;altra banda, s&#8217;ha realitzat un concurs de fotografia solid\u00e0ria:<\/p>\n<ul>\n<li><a href=\"https:\/\/internacional.umh.es\/files\/2020\/10\/CONCURSO-DE-FOTOGRAF%C3%8DA-SOLIDARIA-XVI-jornadas-de-Voluntariado-final.pdf\" target=\"_blank\" rel=\"noopener\" title=\"Ho veur\u00e0s en una nova finestra\">Bases del Concurs de fotografia Solid\u00e0ria &#8211; XVI jornades de Voluntariat (266kB Castell\u00e0 .pdf)<\/a><\/li>\n<li><a href=\"https:\/\/internacional.umh.es\/files\/2020\/11\/Acta-Reuni%C3%B3n-Jurado-Concurso-fotograf%C3%ADa.pdf\" target=\"_blank\" rel=\"noopener\" title=\"Ho veur\u00e0s en una nova finestra\">Acta reuni\u00f3 jurat Concurs fotografia solid\u00e0ria (421Kb Castell\u00e0 .pdf)<\/a><\/li>\n<li><a href=\"https:\/\/internacional.umh.es\/2020\/11\/26\/premis-concurs-fotografia-solid\u00e0ria-de-les-xvi-jornades-de-promocion-del-voluntariat-de-la-umh\/\" target=\"_blank\" rel=\"noopener\" title=\"El veur\u00e0s en una nova finestra\">Coneix les fotografies premiades del Concurs de Fotografia Solid\u00e0ria<\/a><\/li>\n<\/ul>\n<p>Tamb\u00e9 tens disponible les diverses xarrades, confer\u00e8ncies i tallers en el nostre canal de Youtube Global UMH.<\/p>\n<p><iframe loading=\"lazy\"  style=\"display: block; margin: 0px auto;\"  id=\"_ytid_26120\"  width=\"480\" height=\"270\"  data-origwidth=\"480\" data-origheight=\"270\" src=\"https:\/\/www.youtube.com\/embed\/vio6yxditpw?enablejsapi=1&#038;list=PLHoydwDVJAqYR1CvD3NDvvmaPX_EebtAR&#038;autoplay=0&#038;cc_load_policy=0&#038;cc_lang_pref=&#038;iv_load_policy=1&#038;loop=0&#038;modestbranding=0&#038;rel=1&#038;fs=1&#038;playsinline=0&#038;autohide=2&#038;theme=dark&#038;color=red&#038;controls=1&#038;\" class=\"__youtube_prefs__  epyt-is-override  no-lazyload\" title=\"YouTube player\"  allow=\"accelerometer; autoplay; clipboard-write; encrypted-media; gyroscope; picture-in-picture\" allowfullscreen data-no-lazy=\"1\" data-skipgform_ajax_framebjll=\"\"><\/iframe><\/p>\n<hr>\n<h2><strong>IV Universitat d&#8217;Hivern: La Cooperaci\u00f3 Internacional al Desenvolupament en la implementaci\u00f3 dels ODS<\/strong><\/h2>\n<p><\/p>\n<p style=\"text-align: justify\"><a href=\"https:\/\/internacional.umh.es\/files\/2020\/12\/uhivern.jpg\" title=\"Ho veur\u00e0s en una nova finestra\" target=\"_blank\" rel=\"noopener\"><img loading=\"lazy\" class=\"alignleft size-medium wp-image-17601\" src=\"https:\/\/internacional.umh.es\/files\/2020\/12\/uhivern-300x165.jpg\" alt=\"IV Universitat d'Hivern UMH cartell\" title=\"Amplia en una nova finestra i comprova com la UMH participa i organitza la IV Universitat d'Hivern\" width=\"300\" height=\"165\" srcset=\"https:\/\/internacional.umh.es\/files\/2020\/12\/uhivern-300x165.jpg 300w, https:\/\/internacional.umh.es\/files\/2020\/12\/uhivern.jpg 626w\" sizes=\"(max-width: 300px) 100vw, 300px\" \/><\/a>En aquestes jornades, que es porten realitzant des de 2017, les universitats pretenen donar a con\u00e9ixer els <strong>Objectius de Desenvolupament Sostenible de l&#8217;Agenda 2030<\/strong> de Nacions Unides que persegueixen erradicar la pobresa, protegir el planeta i afavorir un desenvolupament sostenible i igualitari que permeta a totes les persones gaudir de pau i prosperitat per a 2030. La IV universitat d&#8217;hivern abordar\u00e0 la contribuci\u00f3 de la cooperaci\u00f3 internacional al desenvolupament a la desaparici\u00f3 de les desigualtats entre persones i societats i, en conseq\u00fc\u00e8ncia, a la consecuci\u00f3 dels ODS.<\/p>\n<ul>\n<li><a href=\"https:\/\/internacional.umh.es\/2020\/01\/24\/iv-universidad-de-invierno-la-cooperacion-internacional-al-desarrollo-en-la-implementacion-de-los-ods\/\" target=\"_blank\" rel=\"noopener\" title=\"Ho veur\u00e0s en una nova finestra\">Descobreix el contingut de la IV Universitat d&#8217;Hivern 2020<\/a><\/li>\n<\/ul>\n<p><\/p>","protected":false},"excerpt":{"rendered":"<p>VII Universitat de la Tardor<\/p>\n<p>Mentre creixen els debats sobre la necessitat d&#8217;una revisi\u00f3 del sistema internacional d&#8217;ajuda al desenvolupament perqu\u00e8 puga afrontar millor desafiaments globals cada vegada m\u00e9s complexos, aquesta Universitat de Tardor, organitzada per les universitats valencianes, es proposa treballar i reflexionar sobre els canvis i transformacions que s&#8217;estan impulsant en el sistema de [&#8230;]<\/p>\n","protected":false},"author":5216,"featured_media":0,"parent":10271,"menu_order":0,"comment_status":"closed","ping_status":"closed","template":"","meta":{"ngg_post_thumbnail":0,"_links_to":"","_links_to_target":""},"yoast_head":"<!-- This site is optimized with the Yoast SEO plugin v17.5 - https:\/\/yoast.com\/wordpress\/plugins\/seo\/ -->\n<meta name=\"description\" content=\"La UMH organiza y participa en numerosos eventos relacionados con la cooperaci\u00f3n al desarrollo y voluntariado a nivel auton\u00f3mico y local.\" \/>\n<meta name=\"robots\" content=\"index, follow, max-snippet:-1, max-image-preview:large, max-video-preview:-1\" \/>\n<link rel=\"canonical\" href=\"https:\/\/internacional.umh.es\/ca\/cooperacion-y-voluntariado\/formacion-en-voluntariado\/eventos\/\" \/>\n<meta property=\"og:locale\" content=\"ca_ES\" \/>\n<meta property=\"og:type\" content=\"article\" \/>\n<meta property=\"og:title\" content=\"Esdeveniments - Internacionalitzaci\u00f3 i Cooperaci\u00f3\" \/>\n<meta property=\"og:description\" content=\"La UMH organiza y participa en numerosos eventos relacionados con la cooperaci\u00f3n al desarrollo y voluntariado a nivel auton\u00f3mico y local.\" \/>\n<meta property=\"og:url\" content=\"https:\/\/internacional.umh.es\/ca\/cooperacion-y-voluntariado\/formacion-en-voluntariado\/eventos\/\" \/>\n<meta property=\"og:site_name\" content=\"Internacionalitzaci\u00f3 i Cooperaci\u00f3\" \/>\n<meta property=\"article:modified_time\" content=\"2025-09-04T08:42:46+00:00\" \/>\n<meta property=\"og:image\" content=\"https:\/\/internacional.umh.es\/files\/2024\/11\/hist-conflictos-armados-169x300.png\" \/>\n<meta name=\"twitter:card\" content=\"summary_large_image\" \/>\n<meta name=\"twitter:label1\" content=\"Est. reading time\" \/>\n\t<meta name=\"twitter:data1\" content=\"11 minuts\" \/>\n<script type=\"application\/ld+json\" class=\"yoast-schema-graph\">{\"@context\":\"https:\/\/schema.org\",\"@graph\":[{\"@type\":\"WebSite\",\"@id\":\"https:\/\/internacional.umh.es\/en\/#website\",\"url\":\"https:\/\/internacional.umh.es\/en\/\",\"name\":\"Internacionalitzaci\\u00f3 i Cooperaci\\u00f3\",\"description\":\"Universitat Miguel Hern\\u00e1ndez d&#039;Elx\",\"potentialAction\":[{\"@type\":\"SearchAction\",\"target\":{\"@type\":\"EntryPoint\",\"urlTemplate\":\"https:\/\/internacional.umh.es\/en\/?s={search_term_string}\"},\"query-input\":\"required name=search_term_string\"}],\"inLanguage\":\"ca\"},{\"@type\":\"ImageObject\",\"@id\":\"https:\/\/internacional.umh.es\/ca\/cooperacion-y-voluntariado\/formacion-en-voluntariado\/eventos\/#primaryimage\",\"inLanguage\":\"ca\",\"url\":\"https:\/\/internacional.umh.es\/files\/2024\/11\/hist-conflictos-armados.png\",\"contentUrl\":\"https:\/\/internacional.umh.es\/files\/2024\/11\/hist-conflictos-armados.png\",\"width\":1080,\"height\":1920},{\"@type\":\"WebPage\",\"@id\":\"https:\/\/internacional.umh.es\/ca\/cooperacion-y-voluntariado\/formacion-en-voluntariado\/eventos\/#webpage\",\"url\":\"https:\/\/internacional.umh.es\/ca\/cooperacion-y-voluntariado\/formacion-en-voluntariado\/eventos\/\",\"name\":\"Esdeveniments - Internacionalitzaci\\u00f3 i Cooperaci\\u00f3\",\"isPartOf\":{\"@id\":\"https:\/\/internacional.umh.es\/en\/#website\"},\"primaryImageOfPage\":{\"@id\":\"https:\/\/internacional.umh.es\/ca\/cooperacion-y-voluntariado\/formacion-en-voluntariado\/eventos\/#primaryimage\"},\"datePublished\":\"2020-10-22T11:15:01+00:00\",\"dateModified\":\"2025-09-04T08:42:46+00:00\",\"description\":\"La UMH organiza y participa en numerosos eventos relacionados con la cooperaci\\u00f3n al desarrollo y voluntariado a nivel auton\\u00f3mico y local.\",\"breadcrumb\":{\"@id\":\"https:\/\/internacional.umh.es\/ca\/cooperacion-y-voluntariado\/formacion-en-voluntariado\/eventos\/#breadcrumb\"},\"inLanguage\":\"ca\",\"potentialAction\":[{\"@type\":\"ReadAction\",\"target\":[\"https:\/\/internacional.umh.es\/ca\/cooperacion-y-voluntariado\/formacion-en-voluntariado\/eventos\/\"]}]},{\"@type\":\"BreadcrumbList\",\"@id\":\"https:\/\/internacional.umh.es\/ca\/cooperacion-y-voluntariado\/formacion-en-voluntariado\/eventos\/#breadcrumb\",\"itemListElement\":[{\"@type\":\"ListItem\",\"position\":1,\"name\":\"Home\",\"item\":\"https:\/\/internacional.umh.es\/en\/\"},{\"@type\":\"ListItem\",\"position\":2,\"name\":\"COOPERACI\\u00d3 I VOLUNTARIAT\",\"item\":\"https:\/\/internacional.umh.es\/ca\/cooperacion-y-voluntariado\/\"},{\"@type\":\"ListItem\",\"position\":3,\"name\":\"Formaci\\u00f3 i esdeveniments\",\"item\":\"https:\/\/internacional.umh.es\/ca\/cooperacion-y-voluntariado\/formacion-en-voluntariado\/\"},{\"@type\":\"ListItem\",\"position\":4,\"name\":\"Esdeveniments\"}]}]}<\/script>\n<!-- \/ Yoast SEO plugin. -->","yoast_head_json":{"description":"La UMH organiza y participa en numerosos eventos relacionados con la cooperaci\u00f3n al desarrollo y voluntariado a nivel auton\u00f3mico y local.","robots":{"index":"index","follow":"follow","max-snippet":"max-snippet:-1","max-image-preview":"max-image-preview:large","max-video-preview":"max-video-preview:-1"},"canonical":"https:\/\/internacional.umh.es\/ca\/cooperacion-y-voluntariado\/formacion-en-voluntariado\/eventos\/","og_locale":"ca_ES","og_type":"article","og_title":"Esdeveniments - Internacionalitzaci\u00f3 i Cooperaci\u00f3","og_description":"La UMH organiza y participa en numerosos eventos relacionados con la cooperaci\u00f3n al desarrollo y voluntariado a nivel auton\u00f3mico y local.","og_url":"https:\/\/internacional.umh.es\/ca\/cooperacion-y-voluntariado\/formacion-en-voluntariado\/eventos\/","og_site_name":"Internacionalitzaci\u00f3 i Cooperaci\u00f3","article_modified_time":"2025-09-04T08:42:46+00:00","og_image":[{"url":"https:\/\/internacional.umh.es\/files\/2024\/11\/hist-conflictos-armados-169x300.png"}],"twitter_card":"summary_large_image","twitter_misc":{"Est. reading time":"11 minuts"},"schema":{"@context":"https:\/\/schema.org","@graph":[{"@type":"WebSite","@id":"https:\/\/internacional.umh.es\/en\/#website","url":"https:\/\/internacional.umh.es\/en\/","name":"Internacionalitzaci\u00f3 i Cooperaci\u00f3","description":"Universitat Miguel Hern\u00e1ndez d&#039;Elx","potentialAction":[{"@type":"SearchAction","target":{"@type":"EntryPoint","urlTemplate":"https:\/\/internacional.umh.es\/en\/?s={search_term_string}"},"query-input":"required name=search_term_string"}],"inLanguage":"ca"},{"@type":"ImageObject","@id":"https:\/\/internacional.umh.es\/ca\/cooperacion-y-voluntariado\/formacion-en-voluntariado\/eventos\/#primaryimage","inLanguage":"ca","url":"https:\/\/internacional.umh.es\/files\/2024\/11\/hist-conflictos-armados.png","contentUrl":"https:\/\/internacional.umh.es\/files\/2024\/11\/hist-conflictos-armados.png","width":1080,"height":1920},{"@type":"WebPage","@id":"https:\/\/internacional.umh.es\/ca\/cooperacion-y-voluntariado\/formacion-en-voluntariado\/eventos\/#webpage","url":"https:\/\/internacional.umh.es\/ca\/cooperacion-y-voluntariado\/formacion-en-voluntariado\/eventos\/","name":"Esdeveniments - Internacionalitzaci\u00f3 i Cooperaci\u00f3","isPartOf":{"@id":"https:\/\/internacional.umh.es\/en\/#website"},"primaryImageOfPage":{"@id":"https:\/\/internacional.umh.es\/ca\/cooperacion-y-voluntariado\/formacion-en-voluntariado\/eventos\/#primaryimage"},"datePublished":"2020-10-22T11:15:01+00:00","dateModified":"2025-09-04T08:42:46+00:00","description":"La UMH organiza y participa en numerosos eventos relacionados con la cooperaci\u00f3n al desarrollo y voluntariado a nivel auton\u00f3mico y local.","breadcrumb":{"@id":"https:\/\/internacional.umh.es\/ca\/cooperacion-y-voluntariado\/formacion-en-voluntariado\/eventos\/#breadcrumb"},"inLanguage":"ca","potentialAction":[{"@type":"ReadAction","target":["https:\/\/internacional.umh.es\/ca\/cooperacion-y-voluntariado\/formacion-en-voluntariado\/eventos\/"]}]},{"@type":"BreadcrumbList","@id":"https:\/\/internacional.umh.es\/ca\/cooperacion-y-voluntariado\/formacion-en-voluntariado\/eventos\/#breadcrumb","itemListElement":[{"@type":"ListItem","position":1,"name":"Home","item":"https:\/\/internacional.umh.es\/en\/"},{"@type":"ListItem","position":2,"name":"COOPERACI\u00d3 I VOLUNTARIAT","item":"https:\/\/internacional.umh.es\/ca\/cooperacion-y-voluntariado\/"},{"@type":"ListItem","position":3,"name":"Formaci\u00f3 i esdeveniments","item":"https:\/\/internacional.umh.es\/ca\/cooperacion-y-voluntariado\/formacion-en-voluntariado\/"},{"@type":"ListItem","position":4,"name":"Esdeveniments"}]}]}},"_links":{"self":[{"href":"https:\/\/internacional.umh.es\/ca\/wp-json\/wp\/v2\/pages\/17111"}],"collection":[{"href":"https:\/\/internacional.umh.es\/ca\/wp-json\/wp\/v2\/pages"}],"about":[{"href":"https:\/\/internacional.umh.es\/ca\/wp-json\/wp\/v2\/types\/page"}],"author":[{"embeddable":true,"href":"https:\/\/internacional.umh.es\/ca\/wp-json\/wp\/v2\/users\/5216"}],"replies":[{"embeddable":true,"href":"https:\/\/internacional.umh.es\/ca\/wp-json\/wp\/v2\/comments?post=17111"}],"version-history":[{"count":0,"href":"https:\/\/internacional.umh.es\/ca\/wp-json\/wp\/v2\/pages\/17111\/revisions"}],"up":[{"embeddable":true,"href":"https:\/\/internacional.umh.es\/ca\/wp-json\/wp\/v2\/pages\/10271"}],"wp:attachment":[{"href":"https:\/\/internacional.umh.es\/ca\/wp-json\/wp\/v2\/media?parent=17111"}],"curies":[{"name":"wp","href":"https:\/\/api.w.org\/{rel}","templated":true}]}}