{"id":17657,"date":"2020-12-15T12:58:06","date_gmt":"2020-12-15T11:58:06","guid":{"rendered":"https:\/\/internacional.umh.es\/?page_id=17657"},"modified":"2025-11-04T13:37:09","modified_gmt":"2025-11-04T12:37:09","slug":"vulcanus-2","status":"publish","type":"page","link":"https:\/\/internacional.umh.es\/ca\/movilidad\/estudiantes\/vulcanus-2\/","title":{"rendered":"Vulcanus"},"content":{"rendered":"<p><\/p>\n<p style=\"text-align: justify\"><img loading=\"lazy\" class=\"alignnone size-medium wp-image-32881\" title=\"Participa en el Programa Vulcanus per a obtindre una beca i s\u00e9 un dels afortunats de la UMH\" src=\"https:\/\/internacional.umh.es\/files\/2024\/01\/2022-12-13-FCEJ-VULCANUS-300x166.jpg\" alt=\"Vulcanus UMH logo\" width=\"300\" height=\"166\" srcset=\"https:\/\/internacional.umh.es\/files\/2024\/01\/2022-12-13-FCEJ-VULCANUS-300x166.jpg 300w, https:\/\/internacional.umh.es\/files\/2024\/01\/2022-12-13-FCEJ-VULCANUS-1024x567.jpg 1024w, https:\/\/internacional.umh.es\/files\/2024\/01\/2022-12-13-FCEJ-VULCANUS-768x426.jpg 768w, https:\/\/internacional.umh.es\/files\/2024\/01\/2022-12-13-FCEJ-VULCANUS.jpg 1054w\" sizes=\"(max-width: 300px) 100vw, 300px\" \/><\/p>\n<p style=\"text-align: justify\"><a title=\"Ho veur\u00e0s en una nova finestra\" href=\"http:\/\/www.eu-japan.eu\/events\/vulcanus-japan\" target=\"_blank\" rel=\"noopener\"><b>\u00abVulcanus al Jap\u00f3\u00bb<\/b><\/a> \u00e9s un programa per a la realitzaci\u00f3 de pr\u00e0ctiques en empreses japoneses dirigit a estudiants universitaris de la UE de la branca d&#8217;Enginyeria o Ci\u00e8ncies que es troben matriculats entre el quart any de grau i el pen\u00faltim any de doctorat.<\/p>\n<p style=\"text-align: justify\">L&#8217;objectiu del programa \u00e9s familiaritzar als futurs directius de la ind\u00fastria i l&#8217;administraci\u00f3 europea amb el m\u00f3n dels negocis japon\u00e9s, fomentant la creaci\u00f3 de l\u00ednies de relacions privilegiades, sovint determinants per a la realitzaci\u00f3 de projectes de cooperaci\u00f3 industrial entre els dos pols.<\/p>\n<p>El programa Vulcanus al Jap\u00f3 est\u00e0 subvencionat per l&#8217;empresa japonesa d&#8217;acolliment i pel Centre UE-Jap\u00f3.<\/p>\n<p>La beca cobreix:<\/p>\n<ul>\n<li>8.200\u20ac per al viatge d&#8217;anada\/tornada i despeses de manutenci\u00f3 al Jap\u00f3.<\/li>\n<li>Allotjament durant 8 mesos.<\/li>\n<li>Seminari d&#8217;una setmana al Jap\u00f3.<\/li>\n<li>Curs intensiu de japon\u00e9s de 2 mesos.<\/li>\n<li>Pr\u00e0ctiques en una empresa durant 6 mesos.<\/li>\n<\/ul>\n<p style=\"text-align: justify\">Els candidats s\u00f3n seleccionats pels seus resultats universitaris, l&#8217;opini\u00f3 dels seus professors, els seus coneixements d&#8217;angl\u00e9s escrit i parlat, la seua motivaci\u00f3, el seu inter\u00e9s per les relacions UE-Jap\u00f3 i la seua capacitat d&#8217;adaptaci\u00f3.<\/p>\n<h4><b>Requisits<\/b><\/h4>\n<p>Els sol\u00b7licitants, nacionals de la UE* \/ COSME, deuen:<\/p>\n<ul>\n<li>Estar matriculats en una universitat de sol\u00b7licitud<\/li>\n<li>Estar matriculats entre el quart any d&#8217;universitat i el pen\u00faltim any de PhD<\/li>\n<li>Poder absentar-se per un any dels seus estudis universitaris.<\/li>\n<\/ul>\n<p style=\"text-align: justify\">Les titulacions admeses seran les relacionades amb els estudis d&#8217;inform\u00e0tica, enginyeria, qu\u00edmica, biotecnologia, f\u00edsica, telecomunicacions, sistemes de producci\u00f3, etc.<\/p>\n<h4><b>Convocat\u00f2ria 2024\/2025<\/b><\/h4>\n<p>Sessi\u00f3: AGO 2024 \u2013 MAR 2025<\/p>\n<h4><b>Requisits<\/b><\/h4>\n<p>Els sol\u00b7licitants, nacionals de la UE* \/ COSME, deuen:<\/p>\n<ul>\n<li>Estar matriculats en una universitat de sol\u00b7licitud<\/li>\n<li>Estar matriculats entre el quart any d&#8217;universitat i el pen\u00faltim any de PhD<\/li>\n<li>Poder absentar-se per un any dels seus estudis universitaris.<\/li>\n<\/ul>\n<p style=\"text-align: justify\">Les titulacions admeses seran les relacionades amb els estudis d&#8217;inform\u00e0tica, enginyeria, qu\u00edmica, biotecnologia, f\u00edsica, telecomunicacions, sistemes de producci\u00f3, etc.<\/p>\n<h4><strong>Sol\u00b7licituds<\/strong><\/h4>\n<p>Les <b> sol\u00b7licituds<\/b> es tramitaran de manera <b>telem\u00e0tica.<\/b> La <b>data l\u00edmit<\/b> per a la presentaci\u00f3 de la documentaci\u00f3 seg\u00fcent \u00e9s el <b>20 de gener de 2024<\/b><\/p>\n<p style=\"text-align: justify\">\u00c9s <b>molt important llegir detingudament el document<\/b> <b>HOW TO APPLY<\/b> en el qual s&#8217;explica cada document a entregar espec\u00edficament la manera de fer-ho<\/p>\n<ul>\n<li><b>Document de sol\u00b7licitud <\/b> <a title=\"Ho veur\u00e0s en una nova finestra\" href=\"https:\/\/internacional.umh.es\/files\/2023\/12\/vj24-AF-2.doc\" target=\"_blank\" rel=\"noopener\"><b>application form (310Kb Angl\u00e9s .doc).<\/b><\/a> Ha de ser emplenat en angl\u00e9s, datat i signat<\/li>\n<li><b>Curriculum vitae<\/b> de l&#8217;estudiant (m\u00e0xim 1 p\u00e0gina i en angl\u00e9s)<\/li>\n<li><b>Carta de motivaci\u00f3<\/b> (m\u00e0xim 1 p\u00e0gina i en angl\u00e9s)<\/li>\n<li><b>Carta de recomanaci\u00f3<\/b> d&#8217;un dels professors de les assignatures m\u00e9s importants (en angl\u00e9s)<\/li>\n<li>Extracte de l&#8217;expedient <b> acad\u00e8mic<\/b> (en angl\u00e9s o en espanyol + traducci\u00f3 a l&#8217;angl\u00e9s realitzada per tu), segellat per la universitat<\/li>\n<li>Sistema de <b>qualificacions<\/b> de la universitat (en angl\u00e9s o en espanyol + traducci\u00f3 a l&#8217;angl\u00e9s realitzada per tu)<\/li>\n<li><b>Certificat d&#8217;estar matriculat<\/b> en la universitat (en angl\u00e9s)<\/li>\n<li>Presentaci\u00f3 de <b>sol\u00b7licitud en l\u00ednia amb la informaci\u00f3 del formulari de sol\u00b7licitud i el link al dropbox<\/b> amb els documents (en angl\u00e9s i solo es permet una).<\/li>\n<\/ul>\n<p>En cas de ser <b>preseleccionat,<\/b> enviament de <b>certificat de matr\u00edcula original<\/b> per missatgeria.<\/p>\n<p>El <b>termini<\/b> per a presentar les sol\u00b7licituds telem\u00e0ticament finalitza el <b>20 de gener de 2024.<\/b><\/p>\n<p style=\"text-align: justify\">Si ho desitges, pots <a title=\"Accedeix ara a aquesta informaci\u00f3 rellevant\" href=\"https:\/\/internacional.umh.es\/ca\/2020\/12\/15\/informacion-importante\/\"><b>sol\u00b7licitar cita pr\u00e8via amb el Servei de Relacions Internacionals<\/b><\/a> <b>fins al 16 de gener de 2024<\/b> perqu\u00e8 revisem amb tu la teua documentaci\u00f3, resoldre dubtes o si necessites ajuda a aconseguir algun dels documents requerits.<\/p>\n<p>A continuaci\u00f3 disposes d&#8217;un llistat de preguntes freq\u00fcents per a la convocat\u00f2ria 2024\/2025:<\/p>\n<ul>\n<li><a title=\"Ho veur\u00e0s en una nova finestra\" href=\"https:\/\/internacional.umh.es\/files\/2023\/12\/VJ24_FAQ-1.doc\" target=\"_blank\" rel=\"noopener\"><b>Consultar preguntes freq\u00fcents (93Kb Angl\u00e9s .doc)<\/b><\/a><\/li>\n<\/ul>\n<p>Si vols con\u00e9ixer m\u00e9s informaci\u00f3 sobre el programa, pots consultar els seg\u00fcents enlla\u00e7os:<\/p>\n<ul>\n<li><a title=\"Ho veur\u00e0s en una nova finestra\" href=\"https:\/\/www.eu-japan.eu\/events\/vulcanus-japan\" target=\"_blank\" rel=\"noopener\"><b>Web programa Vulcanus Japan<\/b><\/a><\/li>\n<li><a title=\"Ho veur\u00e0s en una nova finestra\" href=\"https:\/\/internacional.umh.es\/files\/2023\/12\/VJ-_flyer_en_PERMANENT-.pdf\" target=\"_blank\" rel=\"noopener\"><b>Full de m\u00e0 del programa Vulcanus Japan (938Kb .pdf)<\/b><\/a><\/li>\n<li><a title=\"Ho veur\u00e0s en una nova finestra\" href=\"https:\/\/www.eu-japan.eu\/sites\/default\/files\/imce\/vulcanus_japan\/tryptic_part2.jpg\" target=\"_blank\" rel=\"noopener\"><b>Estad\u00edstiques il\u00b7lustraci\u00f3 (angl\u00e9s .jpg)<\/b><\/a><\/li>\n<li><a title=\"Ho veur\u00e0s en una nova finestra\" href=\"https:\/\/www.eu-japan.eu\/videos\/vij\/MK-EN.mp4\" target=\"_blank\" rel=\"noopener\"><b>V\u00eddeo d&#8217;anteriors participants (63Mb .mp4)<\/b><\/a><\/li>\n<\/ul>\n<p>&nbsp;<\/p>\n<p><b>Email:<\/b> <a title=\"Ho veur\u00e0s en una nova finestra\" href=\"mailto:internacional@umh.es\" target=\"_blank\" rel=\"noopener\">internacional@umh.es<\/a><b><\/b><\/p>\n<p><b>Adre\u00e7a:<\/b><br \/>\nUniversitat Miguel Hern\u00e1ndez d&#8217;Elx<br \/>\n<b>Servei de Relacions Internacionals i Cooperaci\u00f3<\/b><br \/>\nEd. La G\u00e0l\u00b7lia (1a planta) \u2013 Av. de la Universitat, s\/n<br \/>\n03202 Elx &#8211; Espanya<\/p>","protected":false},"excerpt":{"rendered":"<p>\u00abVulcanus al Jap\u00f3\u00bb \u00e9s un programa per a la realitzaci\u00f3 de pr\u00e0ctiques en empreses japoneses dirigit a estudiants universitaris de la UE de la branca d&#8217;Enginyeria o Ci\u00e8ncies que es troben matriculats entre el quart any de grau i el pen\u00faltim any de doctorat.<br \/>\nL&#8217;objectiu del programa \u00e9s familiaritzar als futurs directius de la ind\u00fastria i [&#8230;]<\/p>\n","protected":false},"author":5213,"featured_media":0,"parent":169,"menu_order":16,"comment_status":"closed","ping_status":"closed","template":"","meta":{"ngg_post_thumbnail":0,"_links_to":"","_links_to_target":""},"yoast_head":"<!-- This site is optimized with the Yoast SEO plugin v17.5 - https:\/\/yoast.com\/wordpress\/plugins\/seo\/ -->\n<meta name=\"description\" content=\"Vulcanus en Jap\u00f3n es un programa UMH de pr\u00e1cticas industriales, de septiembre a agosto, ajust\u00e1ndose a calendarios acad\u00e9micos de pa\u00edses UE\" \/>\n<meta name=\"robots\" content=\"index, follow, max-snippet:-1, max-image-preview:large, max-video-preview:-1\" \/>\n<link rel=\"canonical\" href=\"https:\/\/internacional.umh.es\/ca\/movilidad\/estudiantes\/vulcanus-2\/\" \/>\n<meta property=\"og:locale\" content=\"ca_ES\" \/>\n<meta property=\"og:type\" content=\"article\" \/>\n<meta property=\"og:title\" content=\"Vulcanus - Internacionalitzaci\u00f3 i Cooperaci\u00f3\" \/>\n<meta property=\"og:description\" content=\"Vulcanus en Jap\u00f3n es un programa UMH de pr\u00e1cticas industriales, de septiembre a agosto, ajust\u00e1ndose a calendarios acad\u00e9micos de pa\u00edses UE\" \/>\n<meta property=\"og:url\" content=\"https:\/\/internacional.umh.es\/movilidad\/estudiantes\/vulcanus-2\/\" \/>\n<meta property=\"og:site_name\" content=\"Internacionalitzaci\u00f3 i Cooperaci\u00f3\" \/>\n<meta property=\"article:modified_time\" content=\"2025-11-04T12:37:09+00:00\" \/>\n<meta property=\"og:image\" content=\"https:\/\/internacional.umh.es\/files\/2024\/01\/2022-12-13-FCEJ-VULCANUS-300x166.jpg\" \/>\n<meta name=\"twitter:card\" content=\"summary_large_image\" \/>\n<meta name=\"twitter:label1\" content=\"Est. reading time\" \/>\n\t<meta name=\"twitter:data1\" content=\"3 minuts\" \/>\n<script type=\"application\/ld+json\" class=\"yoast-schema-graph\">{\"@context\":\"https:\/\/schema.org\",\"@graph\":[{\"@type\":\"WebSite\",\"@id\":\"https:\/\/internacional.umh.es\/en\/#website\",\"url\":\"https:\/\/internacional.umh.es\/en\/\",\"name\":\"Internacionalitzaci\\u00f3 i Cooperaci\\u00f3\",\"description\":\"Universitat Miguel Hern\\u00e1ndez d&#039;Elx\",\"potentialAction\":[{\"@type\":\"SearchAction\",\"target\":{\"@type\":\"EntryPoint\",\"urlTemplate\":\"https:\/\/internacional.umh.es\/en\/?s={search_term_string}\"},\"query-input\":\"required name=search_term_string\"}],\"inLanguage\":\"ca\"},{\"@type\":\"ImageObject\",\"@id\":\"https:\/\/internacional.umh.es\/movilidad\/estudiantes\/vulcanus-2\/#primaryimage\",\"inLanguage\":\"ca\",\"url\":\"https:\/\/internacional.umh.es\/files\/2024\/01\/2022-12-13-FCEJ-VULCANUS.jpg\",\"contentUrl\":\"https:\/\/internacional.umh.es\/files\/2024\/01\/2022-12-13-FCEJ-VULCANUS.jpg\",\"width\":1054,\"height\":584},{\"@type\":\"WebPage\",\"@id\":\"https:\/\/internacional.umh.es\/movilidad\/estudiantes\/vulcanus-2\/#webpage\",\"url\":\"https:\/\/internacional.umh.es\/movilidad\/estudiantes\/vulcanus-2\/\",\"name\":\"Vulcanus - Internacionalitzaci\\u00f3 i Cooperaci\\u00f3\",\"isPartOf\":{\"@id\":\"https:\/\/internacional.umh.es\/en\/#website\"},\"primaryImageOfPage\":{\"@id\":\"https:\/\/internacional.umh.es\/movilidad\/estudiantes\/vulcanus-2\/#primaryimage\"},\"datePublished\":\"2020-12-15T11:58:06+00:00\",\"dateModified\":\"2025-11-04T12:37:09+00:00\",\"description\":\"Vulcanus en Jap\\u00f3n es un programa UMH de pr\\u00e1cticas industriales, de septiembre a agosto, ajust\\u00e1ndose a calendarios acad\\u00e9micos de pa\\u00edses UE\",\"breadcrumb\":{\"@id\":\"https:\/\/internacional.umh.es\/movilidad\/estudiantes\/vulcanus-2\/#breadcrumb\"},\"inLanguage\":\"ca\",\"potentialAction\":[{\"@type\":\"ReadAction\",\"target\":[\"https:\/\/internacional.umh.es\/movilidad\/estudiantes\/vulcanus-2\/\"]}]},{\"@type\":\"BreadcrumbList\",\"@id\":\"https:\/\/internacional.umh.es\/movilidad\/estudiantes\/vulcanus-2\/#breadcrumb\",\"itemListElement\":[{\"@type\":\"ListItem\",\"position\":1,\"name\":\"Home\",\"item\":\"https:\/\/internacional.umh.es\/en\/\"},{\"@type\":\"ListItem\",\"position\":2,\"name\":\"MOBILITY\",\"item\":\"https:\/\/internacional.umh.es\/en\/movilidad\/\"},{\"@type\":\"ListItem\",\"position\":3,\"name\":\"Estudiantes\",\"item\":\"https:\/\/internacional.umh.es\/movilidad\/estudiantes\/\"},{\"@type\":\"ListItem\",\"position\":4,\"name\":\"Vulcanus\"}]}]}<\/script>\n<!-- \/ Yoast SEO plugin. -->","yoast_head_json":{"description":"Vulcanus en Jap\u00f3n es un programa UMH de pr\u00e1cticas industriales, de septiembre a agosto, ajust\u00e1ndose a calendarios acad\u00e9micos de pa\u00edses UE","robots":{"index":"index","follow":"follow","max-snippet":"max-snippet:-1","max-image-preview":"max-image-preview:large","max-video-preview":"max-video-preview:-1"},"canonical":"https:\/\/internacional.umh.es\/ca\/movilidad\/estudiantes\/vulcanus-2\/","og_locale":"ca_ES","og_type":"article","og_title":"Vulcanus - Internacionalitzaci\u00f3 i Cooperaci\u00f3","og_description":"Vulcanus en Jap\u00f3n es un programa UMH de pr\u00e1cticas industriales, de septiembre a agosto, ajust\u00e1ndose a calendarios acad\u00e9micos de pa\u00edses UE","og_url":"https:\/\/internacional.umh.es\/movilidad\/estudiantes\/vulcanus-2\/","og_site_name":"Internacionalitzaci\u00f3 i Cooperaci\u00f3","article_modified_time":"2025-11-04T12:37:09+00:00","og_image":[{"url":"https:\/\/internacional.umh.es\/files\/2024\/01\/2022-12-13-FCEJ-VULCANUS-300x166.jpg"}],"twitter_card":"summary_large_image","twitter_misc":{"Est. reading time":"3 minuts"},"schema":{"@context":"https:\/\/schema.org","@graph":[{"@type":"WebSite","@id":"https:\/\/internacional.umh.es\/en\/#website","url":"https:\/\/internacional.umh.es\/en\/","name":"Internacionalitzaci\u00f3 i Cooperaci\u00f3","description":"Universitat Miguel Hern\u00e1ndez d&#039;Elx","potentialAction":[{"@type":"SearchAction","target":{"@type":"EntryPoint","urlTemplate":"https:\/\/internacional.umh.es\/en\/?s={search_term_string}"},"query-input":"required name=search_term_string"}],"inLanguage":"ca"},{"@type":"ImageObject","@id":"https:\/\/internacional.umh.es\/movilidad\/estudiantes\/vulcanus-2\/#primaryimage","inLanguage":"ca","url":"https:\/\/internacional.umh.es\/files\/2024\/01\/2022-12-13-FCEJ-VULCANUS.jpg","contentUrl":"https:\/\/internacional.umh.es\/files\/2024\/01\/2022-12-13-FCEJ-VULCANUS.jpg","width":1054,"height":584},{"@type":"WebPage","@id":"https:\/\/internacional.umh.es\/movilidad\/estudiantes\/vulcanus-2\/#webpage","url":"https:\/\/internacional.umh.es\/movilidad\/estudiantes\/vulcanus-2\/","name":"Vulcanus - Internacionalitzaci\u00f3 i Cooperaci\u00f3","isPartOf":{"@id":"https:\/\/internacional.umh.es\/en\/#website"},"primaryImageOfPage":{"@id":"https:\/\/internacional.umh.es\/movilidad\/estudiantes\/vulcanus-2\/#primaryimage"},"datePublished":"2020-12-15T11:58:06+00:00","dateModified":"2025-11-04T12:37:09+00:00","description":"Vulcanus en Jap\u00f3n es un programa UMH de pr\u00e1cticas industriales, de septiembre a agosto, ajust\u00e1ndose a calendarios acad\u00e9micos de pa\u00edses UE","breadcrumb":{"@id":"https:\/\/internacional.umh.es\/movilidad\/estudiantes\/vulcanus-2\/#breadcrumb"},"inLanguage":"ca","potentialAction":[{"@type":"ReadAction","target":["https:\/\/internacional.umh.es\/movilidad\/estudiantes\/vulcanus-2\/"]}]},{"@type":"BreadcrumbList","@id":"https:\/\/internacional.umh.es\/movilidad\/estudiantes\/vulcanus-2\/#breadcrumb","itemListElement":[{"@type":"ListItem","position":1,"name":"Home","item":"https:\/\/internacional.umh.es\/en\/"},{"@type":"ListItem","position":2,"name":"MOBILITY","item":"https:\/\/internacional.umh.es\/en\/movilidad\/"},{"@type":"ListItem","position":3,"name":"Estudiantes","item":"https:\/\/internacional.umh.es\/movilidad\/estudiantes\/"},{"@type":"ListItem","position":4,"name":"Vulcanus"}]}]}},"_links":{"self":[{"href":"https:\/\/internacional.umh.es\/ca\/wp-json\/wp\/v2\/pages\/17657"}],"collection":[{"href":"https:\/\/internacional.umh.es\/ca\/wp-json\/wp\/v2\/pages"}],"about":[{"href":"https:\/\/internacional.umh.es\/ca\/wp-json\/wp\/v2\/types\/page"}],"author":[{"embeddable":true,"href":"https:\/\/internacional.umh.es\/ca\/wp-json\/wp\/v2\/users\/5213"}],"replies":[{"embeddable":true,"href":"https:\/\/internacional.umh.es\/ca\/wp-json\/wp\/v2\/comments?post=17657"}],"version-history":[{"count":0,"href":"https:\/\/internacional.umh.es\/ca\/wp-json\/wp\/v2\/pages\/17657\/revisions"}],"up":[{"embeddable":true,"href":"https:\/\/internacional.umh.es\/ca\/wp-json\/wp\/v2\/pages\/169"}],"wp:attachment":[{"href":"https:\/\/internacional.umh.es\/ca\/wp-json\/wp\/v2\/media?parent=17657"}],"curies":[{"name":"wp","href":"https:\/\/api.w.org\/{rel}","templated":true}]}}