{"id":20489,"date":"2021-06-10T12:10:26","date_gmt":"2021-06-10T10:10:26","guid":{"rendered":"https:\/\/internacional.umh.es\/?page_id=20489"},"modified":"2024-02-14T09:39:40","modified_gmt":"2024-02-14T08:39:40","slug":"proyectos-ka2-concedidos-finalizados","status":"publish","type":"page","link":"https:\/\/internacional.umh.es\/ca\/internacionalizacion\/proyectos\/proyectos-ka2-concedidos-finalizados\/","title":{"rendered":"Projectes KA2 concedits finalitzats"},"content":{"rendered":"<p><\/p>\n<table id=\"2021\" style=\"border: none\">\n<tbody>\n<tr style=\"border: none\">\n<td id=\"PACE\">\n<p><div style=\"width: 168px\" class=\"wp-caption alignleft\"><a href=\"http:\/\/paceproject.altervista.org\" target=\"_blank\" rel=\"noopener noreferrer\" title=\"Ho veur\u00e0s en una nova finestra\"><img loading=\"lazy\" class=\"wp-image-21012 size-full\" title=\"El projecte PACE Physical Activity Enhancement \u00e9s finan\u00e7at per la UE\" src=\"https:\/\/internacional.umh.es\/files\/2021\/06\/PACE-Physical-Activity-Enhancement-logo.jpg\" alt=\"PACE Physical Activity Enhancement logo\" width=\"158\" height=\"200\"><\/a><p class=\"wp-caption-text\"><a title=\"Accedeix a la web del projecte en una nova finestra\" href=\"http:\/\/paceproject.altervista.org\/\" target=\"_blank\" rel=\"noopener noreferrer\">paceproject.altervista.org<\/a><\/p><\/div><\/td>\n<\/tr>\n<tr style=\"border: none\">\n<td>&nbsp;<\/td>\n<\/tr>\n<tr style=\"border: none\">\n<td>\n<h5><em>Sport Small Collaborative Partenariat<\/em><\/h5>\n<\/td>\n<\/tr>\n<tr style=\"border: none\">\n<td>\n<h4><strong>PACE: Physical Activity Enhancement<\/strong><\/h4>\n<\/td>\n<\/tr>\n<tr style=\"border: none\">\n<td><strong><strong>SOCIS<br \/>\n<\/strong><\/strong>\n\t\t<style type=\"text\/css\">\n\t\t\t#gallery-101 {\n\t\t\t\tmargin: auto;\n\t\t\t}\n\t\t\t#gallery-101 .gallery-item {\n\t\t\t\tfloat: left;\n\t\t\t\tmargin-top: 10px;\n\t\t\t\ttext-align: center;\n\t\t\t\twidth: 16%;\n\t\t\t}\n\t\t\t#gallery-101 img {\n\t\t\t\tborder: 2px solid #cfcfcf;\n\t\t\t}\n\t\t\t#gallery-101 .gallery-caption {\n\t\t\t\tmargin-left: 0;\n\t\t\t}\n\t\t\t\/* see gallery_shortcode() in wp-includes\/media.php *\/\n\t\t<\/style>\n\t\t<div id='gallery-101' class='gallery galleryid-20489 gallery-columns-6 gallery-size-medium'><dl class='gallery-item'>\n\t\t\t<dt class='gallery-icon landscape'>\n\t\t\t\t<img width=\"197\" height=\"100\" src=\"https:\/\/internacional.umh.es\/files\/2021\/06\/Universidad-Miguel-Hern\u00e1ndez-Logo-e1623326215137.jpg\" class=\"attachment-medium size-medium\" alt=\"Universidad Miguel Hern\u00e1ndez Logo\" loading=\"lazy\" \/>\n\t\t\t<\/dt><\/dl><dl class='gallery-item'>\n\t\t\t<dt class='gallery-icon landscape'>\n\t\t\t\t<img width=\"169\" height=\"100\" src=\"https:\/\/internacional.umh.es\/files\/2021\/06\/UISP-sportpertutti-logo.jpg\" class=\"attachment-medium size-medium\" alt=\"UISP sportpertutti logo\" loading=\"lazy\" aria-describedby=\"gallery-101-20810\" \/>\n\t\t\t<\/dt>\n\t\t\t\t<dd class='wp-caption-text gallery-caption' id='gallery-101-20810'>\n\t\t\t\t<a href=\"http:\/\/www.uisp.it\/settimocirie\/\" target=\"_blank\" title=\"Lo ver\u00e1s en una nueva ventana\" rel=\"noopener noreferrer\">uisp.it<\/a>\n\t\t\t\t<\/dd><\/dl><dl class='gallery-item'>\n\t\t\t<dt class='gallery-icon landscape'>\n\t\t\t\t<img width=\"257\" height=\"100\" src=\"https:\/\/internacional.umh.es\/files\/2021\/06\/Courage-Foundation-logo.jpg\" class=\"attachment-medium size-medium\" alt=\"Courage Foundation logo\" loading=\"lazy\" aria-describedby=\"gallery-101-21024\" \/>\n\t\t\t<\/dt>\n\t\t\t\t<dd class='wp-caption-text gallery-caption' id='gallery-101-21024'>\n\t\t\t\t<a href=\"https:\/\/couragefoundationw.wixsite.com\/couragefoundation\" target=\"_blank\" title=\"Lo ver\u00e1s en una nueva ventana\" rel=\"noopener noreferrer\">couragefoundation<\/a>\n\t\t\t\t<\/dd><\/dl><dl class='gallery-item'>\n\t\t\t<dt class='gallery-icon landscape'>\n\t\t\t\t<img width=\"150\" height=\"150\" src=\"https:\/\/internacional.umh.es\/files\/2021\/06\/AJSPT-Suceava-logo.jpg\" class=\"attachment-medium size-medium\" alt=\"AJSPT Suceava logo\" loading=\"lazy\" aria-describedby=\"gallery-101-21027\" srcset=\"https:\/\/internacional.umh.es\/files\/2021\/06\/AJSPT-Suceava-logo.jpg 150w, https:\/\/internacional.umh.es\/files\/2021\/06\/AJSPT-Suceava-logo-32x32.jpg 32w, https:\/\/internacional.umh.es\/files\/2021\/06\/AJSPT-Suceava-logo-64x64.jpg 64w, https:\/\/internacional.umh.es\/files\/2021\/06\/AJSPT-Suceava-logo-96x96.jpg 96w, https:\/\/internacional.umh.es\/files\/2021\/06\/AJSPT-Suceava-logo-128x128.jpg 128w\" sizes=\"(max-width: 150px) 100vw, 150px\" \/>\n\t\t\t<\/dt>\n\t\t\t\t<dd class='wp-caption-text gallery-caption' id='gallery-101-21027'>\n\t\t\t\t<a href=\"https:\/\/www.sport4allsuceava.ro\" target=\"_blank\" title=\"Lo ver\u00e1s en una nueva ventana\" rel=\"noopener noreferrer\">sport4allsuceava.ro<\/a>\n\t\t\t\t<\/dd><\/dl><dl class='gallery-item'>\n\t\t\t<dt class='gallery-icon landscape'>\n\t\t\t\t<img width=\"112\" height=\"100\" src=\"https:\/\/internacional.umh.es\/files\/2021\/06\/GDYNIA-sport-logo.jpg\" class=\"attachment-medium size-medium\" alt=\"GDYNIA sport logo\" loading=\"lazy\" aria-describedby=\"gallery-101-20819\" \/>\n\t\t\t<\/dt>\n\t\t\t\t<dd class='wp-caption-text gallery-caption' id='gallery-101-20819'>\n\t\t\t\t<a href=\"https:\/\/gdyniasport.pl\/pl#googtrans(pl|es)\" target=\"_blank\" title=\"Lo ver\u00e1s en una nueva ventana\" rel=\"noopener noreferrer\">gdyniasport.pl<\/a>\n\t\t\t\t<\/dd><\/dl>\n\t\t\t<br style='clear: both' \/>\n\t\t<\/div>\n<\/td>\n<\/tr>\n<tr style=\"border: none\">\n<td><strong><strong>ENTITAT COORDINADORA<br \/>\n<\/strong><\/strong>\n\t\t<style type=\"text\/css\">\n\t\t\t#gallery-102 {\n\t\t\t\tmargin: auto;\n\t\t\t}\n\t\t\t#gallery-102 .gallery-item {\n\t\t\t\tfloat: left;\n\t\t\t\tmargin-top: 10px;\n\t\t\t\ttext-align: center;\n\t\t\t\twidth: 33%;\n\t\t\t}\n\t\t\t#gallery-102 img {\n\t\t\t\tborder: 2px solid #cfcfcf;\n\t\t\t}\n\t\t\t#gallery-102 .gallery-caption {\n\t\t\t\tmargin-left: 0;\n\t\t\t}\n\t\t\t\/* see gallery_shortcode() in wp-includes\/media.php *\/\n\t\t<\/style>\n\t\t<div id='gallery-102' class='gallery galleryid-20489 gallery-columns-3 gallery-size-medium'><dl class='gallery-item'>\n\t\t\t<dt class='gallery-icon landscape'>\n\t\t\t\t<img width=\"192\" height=\"100\" src=\"https:\/\/internacional.umh.es\/files\/2021\/06\/UISP-Sportpertuttui-logo-1.jpg\" class=\"attachment-medium size-medium\" alt=\"UISP Sportpertutti logo\" loading=\"lazy\" aria-describedby=\"gallery-102-21030\" \/>\n\t\t\t<\/dt>\n\t\t\t\t<dd class='wp-caption-text gallery-caption' id='gallery-102-21030'>\n\t\t\t\t<a href=\"http:\/\/www.uisp.it\/nazionale\" target=\"_blank\" title=\"Lo ver\u00e1s en una nueva ventana\" rel=\"noopener noreferrer\">uisp.it<\/a>\n\t\t\t\t<\/dd><\/dl>\n\t\t\t<br style='clear: both' \/>\n\t\t<\/div>\n<\/td>\n<\/tr>\n<tr style=\"border: none\">\n<td><strong>PA\u00cfSOS:<\/strong> It\u00e0lia, Bulg\u00e0ria, Pol\u00f2nia, Romania, Espanya<\/td>\n<\/tr>\n<tr style=\"border: none\">\n<td><strong>DATES:<\/strong> 01\/01\/2019 &#8211; 30\/06\/2020<\/td>\n<\/tr>\n<tr style=\"border: none\">\n<td style=\"text-align: justify\"><strong>DESCRIPCI\u00d3:<\/strong> El projecte PACE est\u00e0 en l\u00ednia amb un de les m\u00e9s actuals prioritats de la Comissi\u00f3 Europea: la promoci\u00f3 de la salut a trav\u00e9s de l&#8217;activitat f\u00edsica. El projecte pret\u00e9n despertar l&#8217;inter\u00e9s en l&#8217;esport i l&#8217;activitat f\u00edsica en persones sedent\u00e0ries majors de 50 anys. Aix\u00ed mateix, orientar-les en pr\u00e0ctiques saludables per a la seua edat i previndre malalties cardiovasculars i musculoesquel\u00e8tiques, una conseq\u00fc\u00e8ncia del sedentarisme o pr\u00e0ctiques inconsistents en activitat f\u00edsica.<\/td>\n<\/tr>\n<tr style=\"border: none\">\n<td>\n\t\t<style type=\"text\/css\">\n\t\t\t#gallery-103 {\n\t\t\t\tmargin: auto;\n\t\t\t}\n\t\t\t#gallery-103 .gallery-item {\n\t\t\t\tfloat: left;\n\t\t\t\tmargin-top: 10px;\n\t\t\t\ttext-align: center;\n\t\t\t\twidth: 16%;\n\t\t\t}\n\t\t\t#gallery-103 img {\n\t\t\t\tborder: 2px solid #cfcfcf;\n\t\t\t}\n\t\t\t#gallery-103 .gallery-caption {\n\t\t\t\tmargin-left: 0;\n\t\t\t}\n\t\t\t\/* see gallery_shortcode() in wp-includes\/media.php *\/\n\t\t<\/style>\n\t\t<div id='gallery-103' class='gallery galleryid-20489 gallery-columns-6 gallery-size-thumbnail'><dl class='gallery-item'>\n\t\t\t<dt class='gallery-icon landscape'>\n\t\t\t\t<a href='https:\/\/internacional.umh.es\/ca\/pace-proyecto-participantes-trekking\/'><img width=\"150\" height=\"150\" src=\"https:\/\/internacional.umh.es\/files\/2021\/06\/PACE-proyecto-participantes-trekking-150x150.jpg\" class=\"attachment-thumbnail size-thumbnail\" alt=\"PACE proyecto participantes trekking\" loading=\"lazy\" srcset=\"https:\/\/internacional.umh.es\/files\/2021\/06\/PACE-proyecto-participantes-trekking-150x150.jpg 150w, https:\/\/internacional.umh.es\/files\/2021\/06\/PACE-proyecto-participantes-trekking-32x32.jpg 32w, https:\/\/internacional.umh.es\/files\/2021\/06\/PACE-proyecto-participantes-trekking-64x64.jpg 64w, https:\/\/internacional.umh.es\/files\/2021\/06\/PACE-proyecto-participantes-trekking-96x96.jpg 96w, https:\/\/internacional.umh.es\/files\/2021\/06\/PACE-proyecto-participantes-trekking-128x128.jpg 128w\" sizes=\"(max-width: 150px) 100vw, 150px\" \/><\/a>\n\t\t\t<\/dt><\/dl><dl class='gallery-item'>\n\t\t\t<dt class='gallery-icon landscape'>\n\t\t\t\t<a href='https:\/\/internacional.umh.es\/ca\/pace-proyecto-presentacion-proyeccion\/'><img width=\"150\" height=\"150\" src=\"https:\/\/internacional.umh.es\/files\/2021\/06\/PACE-proyecto-presentacion-proyeccion-150x150.jpg\" class=\"attachment-thumbnail size-thumbnail\" alt=\"PACE proyecto presentaci\u00f3n proyecci\u00f3n\" loading=\"lazy\" srcset=\"https:\/\/internacional.umh.es\/files\/2021\/06\/PACE-proyecto-presentacion-proyeccion-150x150.jpg 150w, https:\/\/internacional.umh.es\/files\/2021\/06\/PACE-proyecto-presentacion-proyeccion-32x32.jpg 32w, https:\/\/internacional.umh.es\/files\/2021\/06\/PACE-proyecto-presentacion-proyeccion-64x64.jpg 64w, https:\/\/internacional.umh.es\/files\/2021\/06\/PACE-proyecto-presentacion-proyeccion-96x96.jpg 96w, https:\/\/internacional.umh.es\/files\/2021\/06\/PACE-proyecto-presentacion-proyeccion-128x128.jpg 128w\" sizes=\"(max-width: 150px) 100vw, 150px\" \/><\/a>\n\t\t\t<\/dt><\/dl><dl class='gallery-item'>\n\t\t\t<dt class='gallery-icon landscape'>\n\t\t\t\t<a href='https:\/\/internacional.umh.es\/ca\/actividad-fisica-paseo-participantes-proyecto-pace\/'><img width=\"150\" height=\"150\" src=\"https:\/\/internacional.umh.es\/files\/2021\/06\/Actividad-f\u00edsica-paseo-participantes-proyecto-PACE-150x150.jpg\" class=\"attachment-thumbnail size-thumbnail\" alt=\"Actividad f\u00edsica paseo participantes proyecto PACE\" loading=\"lazy\" srcset=\"https:\/\/internacional.umh.es\/files\/2021\/06\/Actividad-f\u00edsica-paseo-participantes-proyecto-PACE-150x150.jpg 150w, https:\/\/internacional.umh.es\/files\/2021\/06\/Actividad-f\u00edsica-paseo-participantes-proyecto-PACE-32x32.jpg 32w, https:\/\/internacional.umh.es\/files\/2021\/06\/Actividad-f\u00edsica-paseo-participantes-proyecto-PACE-64x64.jpg 64w, https:\/\/internacional.umh.es\/files\/2021\/06\/Actividad-f\u00edsica-paseo-participantes-proyecto-PACE-96x96.jpg 96w, https:\/\/internacional.umh.es\/files\/2021\/06\/Actividad-f\u00edsica-paseo-participantes-proyecto-PACE-128x128.jpg 128w\" sizes=\"(max-width: 150px) 100vw, 150px\" \/><\/a>\n\t\t\t<\/dt><\/dl><dl class='gallery-item'>\n\t\t\t<dt class='gallery-icon landscape'>\n\t\t\t\t<a href='https:\/\/internacional.umh.es\/ca\/recogida-datos-proyecto-pace\/'><img width=\"150\" height=\"150\" src=\"https:\/\/internacional.umh.es\/files\/2021\/06\/Recogida-datos-proyecto-PACE-150x150.jpg\" class=\"attachment-thumbnail size-thumbnail\" alt=\"Recogida datos proyecto PACE\" loading=\"lazy\" srcset=\"https:\/\/internacional.umh.es\/files\/2021\/06\/Recogida-datos-proyecto-PACE-150x150.jpg 150w, https:\/\/internacional.umh.es\/files\/2021\/06\/Recogida-datos-proyecto-PACE-32x32.jpg 32w, https:\/\/internacional.umh.es\/files\/2021\/06\/Recogida-datos-proyecto-PACE-64x64.jpg 64w, https:\/\/internacional.umh.es\/files\/2021\/06\/Recogida-datos-proyecto-PACE-96x96.jpg 96w, https:\/\/internacional.umh.es\/files\/2021\/06\/Recogida-datos-proyecto-PACE-128x128.jpg 128w\" sizes=\"(max-width: 150px) 100vw, 150px\" \/><\/a>\n\t\t\t<\/dt><\/dl><dl class='gallery-item'>\n\t\t\t<dt class='gallery-icon landscape'>\n\t\t\t\t<a href='https:\/\/internacional.umh.es\/ca\/actividad-fisica-ejercicios-participantes-proyecto-pace\/'><img width=\"150\" height=\"150\" src=\"https:\/\/internacional.umh.es\/files\/2021\/06\/Actividad-f\u00edsica-ejercicios-participantes-proyecto-PACE-150x150.jpg\" class=\"attachment-thumbnail size-thumbnail\" alt=\"Actividad f\u00edsica ejercicios participantes proyecto PACE\" loading=\"lazy\" srcset=\"https:\/\/internacional.umh.es\/files\/2021\/06\/Actividad-f\u00edsica-ejercicios-participantes-proyecto-PACE-150x150.jpg 150w, https:\/\/internacional.umh.es\/files\/2021\/06\/Actividad-f\u00edsica-ejercicios-participantes-proyecto-PACE-32x32.jpg 32w, https:\/\/internacional.umh.es\/files\/2021\/06\/Actividad-f\u00edsica-ejercicios-participantes-proyecto-PACE-64x64.jpg 64w, https:\/\/internacional.umh.es\/files\/2021\/06\/Actividad-f\u00edsica-ejercicios-participantes-proyecto-PACE-96x96.jpg 96w, https:\/\/internacional.umh.es\/files\/2021\/06\/Actividad-f\u00edsica-ejercicios-participantes-proyecto-PACE-128x128.jpg 128w\" sizes=\"(max-width: 150px) 100vw, 150px\" \/><\/a>\n\t\t\t<\/dt><\/dl><dl class='gallery-item'>\n\t\t\t<dt class='gallery-icon landscape'>\n\t\t\t\t<a href='https:\/\/internacional.umh.es\/ca\/elche-participantes-proyecto-pace\/'><img width=\"150\" height=\"150\" src=\"https:\/\/internacional.umh.es\/files\/2021\/06\/Elche-participantes-proyecto-PACE-150x150.jpg\" class=\"attachment-thumbnail size-thumbnail\" alt=\"Elche participantes proyecto PACE\" loading=\"lazy\" srcset=\"https:\/\/internacional.umh.es\/files\/2021\/06\/Elche-participantes-proyecto-PACE-150x150.jpg 150w, https:\/\/internacional.umh.es\/files\/2021\/06\/Elche-participantes-proyecto-PACE-32x32.jpg 32w, https:\/\/internacional.umh.es\/files\/2021\/06\/Elche-participantes-proyecto-PACE-64x64.jpg 64w, https:\/\/internacional.umh.es\/files\/2021\/06\/Elche-participantes-proyecto-PACE-96x96.jpg 96w, https:\/\/internacional.umh.es\/files\/2021\/06\/Elche-participantes-proyecto-PACE-128x128.jpg 128w\" sizes=\"(max-width: 150px) 100vw, 150px\" \/><\/a>\n\t\t\t<\/dt><\/dl><br style=\"clear: both\" \/>\n\t\t<\/div>\n<\/p>\n<p><iframe  style=\"display: block; margin: 0px auto;\"  id=\"_ytid_18309\"  width=\"480\" height=\"270\"  data-origwidth=\"480\" data-origheight=\"270\" src=\"https:\/\/www.youtube.com\/embed\/5JQOKX1l4PQ?enablejsapi=1&autoplay=0&cc_load_policy=0&cc_lang_pref=&iv_load_policy=1&loop=0&modestbranding=0&rel=1&fs=1&playsinline=0&autohide=2&theme=dark&color=red&controls=1&\" class=\"__youtube_prefs__  no-lazyload\" title=\"YouTube player\"  allow=\"accelerometer; autoplay; clipboard-write; encrypted-media; gyroscope; picture-in-picture\" allowfullscreen data-no-lazy=\"1\" data-skipgform_ajax_framebjll=\"\"><\/iframe><\/td>\n<\/tr>\n<tr style=\"border: none\">\n<td style=\"text-align: center\"><a title=\"Ho veur\u00e0s en una nova finestra\" href=\"http:\/\/paceproject.altervista.org\/blog\/\" target=\"_blank\" rel=\"noopener noreferrer\">paceproject.altervista.org<\/a> | <a title=\"Ho veur\u00e0s en una nova finestra\" href=\"http:\/\/uispeuropean.altervista.org\/pace-physical-acrivity-enhancement\/?doing_wp_cron=1624260255.0976829528808593750000\" target=\"_blank\" rel=\"noopener noreferrer\">uispeuropean.altervista.org<\/a> | <a title=\"Ho veur\u00e0s en una nova finestra\" href=\"https:\/\/research.umh.es\/vivo\/individual?uri=http%3A%2F%2Fresearch.umh.es%2Fvivo%2Fpub%2Fproyecto%2FErasmusPlusKA2Projectnumber603435\" target=\"_blank\" rel=\"noopener noreferrer\">research.umh.es<\/a> | <a title=\"Lo ver\u00e1s en una nueva ventana\" href=\"https:\/\/drive.google.com\/file\/d\/1iGDGYIfuckOJSXS3LWfmmEXi96noq6vX\/view\" target=\"_blank\" rel=\"noopener noreferrer\">paceproject\/trainingmanual<\/a> | <a title=\"Ho veur\u00e0s en una nova finestra\" href=\"https:\/\/internacional.umh.es\/2021\/06\/18\/informacion-importante\/\" target=\"_blank\" rel=\"noopener noreferrer\">Youtube.com<\/a> | <a title=\"Ho veur\u00e0s en una nova finestra\" href=\"https:\/\/www.cid-umh.es\/grupo\/giafis\/\" target=\"_blank\" rel=\"noopener noreferrer\">cid-umh.es<\/a> | <a title=\"Ho veur\u00e0s en una nova finestra\" href=\"https:\/\/www.sport4allsuceava.ro\/pace-project-physical-activity-enhancement\/\" target=\"_blank\" rel=\"noopener noreferrer\">sport4allsuceava.ro<\/a><\/td>\n<\/tr>\n<tr style=\"border: none\">\n<td><img loading=\"lazy\" class=\"wp-image-24394 aligncenter\" title=\"El projecte europeu PACE en el que ha participat la UMH \u00e9s finan\u00e7at per la Uni\u00f3 Europea\" src=\"https:\/\/internacional.umh.es\/files\/2022\/02\/EU-proyecto-logo-1-300x180.jpg\" alt=\"PACE projecte logo\" width=\"166\" height=\"100\" srcset=\"https:\/\/internacional.umh.es\/files\/2022\/02\/EU-proyecto-logo-1-300x180.jpg 300w, https:\/\/internacional.umh.es\/files\/2022\/02\/EU-proyecto-logo-1.jpg 303w\" sizes=\"(max-width: 166px) 100vw, 166px\" \/><\/td>\n<\/tr>\n<\/tbody>\n<\/table>\n<p>&nbsp;<\/p>\n<p><img loading=\"lazy\" class=\"alignleft wp-image-21596\" title=\"Veure m\u00e9s projectes KA2 realitzats pel servei\" src=\"https:\/\/internacional.umh.es\/files\/2021\/07\/Boton-mas-proyectos.png\" alt=\"Ver m\u00e1s bot\u00f3n\" width=\"34\" height=\"34\" srcset=\"https:\/\/internacional.umh.es\/files\/2021\/07\/Boton-mas-proyectos.png 44w, https:\/\/internacional.umh.es\/files\/2021\/07\/Boton-mas-proyectos-32x32.png 32w\" sizes=\"(max-width: 34px) 100vw, 34px\" \/><span style=\"font-size: 12px\"><strong><u>VEURE M\u00c9S PROJECTES KA2 DE 2018<\/u><\/strong><\/span><\/p>\n<p><a href=\"#2021\"><img loading=\"lazy\" class=\"alignright wp-image-20826 size-full\" title=\"Anar al principi de la p\u00e0gina\" src=\"https:\/\/internacional.umh.es\/files\/2021\/06\/Botonarriba.jpg\" alt=\"Bot\u00f3 damunt icona\" width=\"51\" height=\"50\" srcset=\"https:\/\/internacional.umh.es\/files\/2021\/06\/Botonarriba.jpg 51w, https:\/\/internacional.umh.es\/files\/2021\/06\/Botonarriba-32x32.jpg 32w\" sizes=\"(max-width: 51px) 100vw, 51px\" \/><\/a><\/p>\n<hr style=\"border-width: 5px 0 0 0\">\n<p>&nbsp;<\/p>\n<table id=\"SCILED\" style=\"border: none\">\n<tbody>\n<tr style=\"border: none\">\n<td>\n<div style=\"width: 188px\" class=\"wp-caption alignleft\"><a href=\"http:\/\/sciled.eu\/es\/home-es\" target=\"_blank\" rel=\"noopener noreferrer\" title=\"Ho veur\u00e0s en una nova finestra\"><img loading=\"lazy\" class=\"wp-image-20495\" title=\"El projecte SCILED de la ind\u00fastria del cal\u00e7at en el qual participa la UMH en 2019\" src=\"https:\/\/internacional.umh.es\/files\/2021\/06\/SCILED-logo-1.jpg\" alt=\"SCILED logo\" width=\"178\" height=\"80\"><\/a><p class=\"wp-caption-text\"><a title=\"Accedeix a la web del projecte en una nova finestra\" href=\"http:\/\/sciled.eu\/es\/home-es\" target=\"_blank\" rel=\"noopener noreferrer\">sciled.eu<\/a><\/p><\/div><\/td>\n<\/tr>\n<tr style=\"border: none\">\n<td>&nbsp;<\/td>\n<\/tr>\n<tr style=\"border: none\">\n<td>\n<h5><em>Strategic Partnership for Higher Education<\/em><\/h5>\n<\/td>\n<\/tr>\n<tr style=\"border: none\">\n<td>\n<h4><strong>SCILED: Cal\u00e7at en el segle XXI: <\/strong><strong>Noves habilitats per al disseny de productes de cal\u00e7at radicalment millorades quant a confort, sostenibilitat i moda, amb una base cient\u00edfica<\/strong><\/h4>\n<\/td>\n<\/tr>\n<tr style=\"border: none\">\n<td><strong><strong>SOCIS<br \/>\n<\/strong><\/strong>\n\t\t<style type=\"text\/css\">\n\t\t\t#gallery-104 {\n\t\t\t\tmargin: auto;\n\t\t\t}\n\t\t\t#gallery-104 .gallery-item {\n\t\t\t\tfloat: left;\n\t\t\t\tmargin-top: 10px;\n\t\t\t\ttext-align: center;\n\t\t\t\twidth: 20%;\n\t\t\t}\n\t\t\t#gallery-104 img {\n\t\t\t\tborder: 2px solid #cfcfcf;\n\t\t\t}\n\t\t\t#gallery-104 .gallery-caption {\n\t\t\t\tmargin-left: 0;\n\t\t\t}\n\t\t\t\/* see gallery_shortcode() in wp-includes\/media.php *\/\n\t\t<\/style>\n\t\t<div id='gallery-104' class='gallery galleryid-20489 gallery-columns-5 gallery-size-medium'><dl class='gallery-item'>\n\t\t\t<dt class='gallery-icon landscape'>\n\t\t\t\t<img width=\"197\" height=\"100\" src=\"https:\/\/internacional.umh.es\/files\/2021\/06\/Universidad-Miguel-Hern\u00e1ndez-Logo-e1623326215137.jpg\" class=\"attachment-medium size-medium\" alt=\"Universidad Miguel Hern\u00e1ndez Logo\" loading=\"lazy\" \/>\n\t\t\t<\/dt><\/dl><dl class='gallery-item'>\n\t\t\t<dt class='gallery-icon landscape'>\n\t\t\t\t<img width=\"300\" height=\"82\" src=\"https:\/\/internacional.umh.es\/files\/2021\/06\/Centro-Tecnol\u00f3gico-del-Calzado-de-Portugal-300x82.jpg\" class=\"attachment-medium size-medium\" alt=\"Centro Tecnol\u00f3gico del Calzado de Portugal logo\" loading=\"lazy\" aria-describedby=\"gallery-104-20555\" srcset=\"https:\/\/internacional.umh.es\/files\/2021\/06\/Centro-Tecnol\u00f3gico-del-Calzado-de-Portugal-300x82.jpg 300w, https:\/\/internacional.umh.es\/files\/2021\/06\/Centro-Tecnol\u00f3gico-del-Calzado-de-Portugal.jpg 366w\" sizes=\"(max-width: 300px) 100vw, 300px\" \/>\n\t\t\t<\/dt>\n\t\t\t\t<dd class='wp-caption-text gallery-caption' id='gallery-104-20555'>\n\t\t\t\t<a href=\"https:\/\/www.ctcp.pt\/\" target=\"_blank\" title=\"Lo ver\u00e1s en una nueva ventana\" rel=\"noopener noreferrer\">ctcp.pt<\/a>\n\t\t\t\t<\/dd><\/dl><dl class='gallery-item'>\n\t\t\t<dt class='gallery-icon landscape'>\n\t\t\t\t<img width=\"300\" height=\"86\" src=\"https:\/\/internacional.umh.es\/files\/2021\/06\/Activ-si-Independent_logo-300x86.png\" class=\"attachment-medium size-medium\" alt=\"Activ si Independent ortopedic logo\" loading=\"lazy\" aria-describedby=\"gallery-104-20549\" srcset=\"https:\/\/internacional.umh.es\/files\/2021\/06\/Activ-si-Independent_logo-300x86.png 300w, https:\/\/internacional.umh.es\/files\/2021\/06\/Activ-si-Independent_logo-768x220.png 768w, https:\/\/internacional.umh.es\/files\/2021\/06\/Activ-si-Independent_logo-1024x294.png 1024w, https:\/\/internacional.umh.es\/files\/2021\/06\/Activ-si-Independent_logo-e1623326186817.png 348w\" sizes=\"(max-width: 300px) 100vw, 300px\" \/>\n\t\t\t<\/dt>\n\t\t\t\t<dd class='wp-caption-text gallery-caption' id='gallery-104-20549'>\n\t\t\t\t<a href=\"https:\/\/activ-ortopedic.ro\" target=\"_blank\" title=\"Lo ver\u00e1s en una nueva ventana\" rel=\"noopener noreferrer\">activ-ortopedic.ro<\/a>\n\t\t\t\t<\/dd><\/dl><dl class='gallery-item'>\n\t\t\t<dt class='gallery-icon landscape'>\n\t\t\t\t<img width=\"265\" height=\"100\" src=\"https:\/\/internacional.umh.es\/files\/2021\/06\/ConfederacionEuropeadelaChaussure_logo.jpg\" class=\"attachment-medium size-medium\" alt=\"Confederaci\u00f3n Europea del Calzado logo\" loading=\"lazy\" aria-describedby=\"gallery-104-20543\" \/>\n\t\t\t<\/dt>\n\t\t\t\t<dd class='wp-caption-text gallery-caption' id='gallery-104-20543'>\n\t\t\t\t<a href=\"http:\/\/cec-footwearindustry.eu\" target=\"_blank\" title=\"Lo ver\u00e1s en una nueva ventana\" rel=\"noopener noreferrer\">cec-footwearindustry.eu<\/a>\n\t\t\t\t<\/dd><\/dl><dl class='gallery-item'>\n\t\t\t<dt class='gallery-icon landscape'>\n\t\t\t\t<img width=\"144\" height=\"100\" src=\"https:\/\/internacional.umh.es\/files\/2021\/06\/vibramSPA_logo.jpg\" class=\"attachment-medium size-medium\" alt=\"vibram SPA logo\" loading=\"lazy\" aria-describedby=\"gallery-104-20537\" \/>\n\t\t\t<\/dt>\n\t\t\t\t<dd class='wp-caption-text gallery-caption' id='gallery-104-20537'>\n\t\t\t\t<a href=\"https:\/\/eu.vibram.com\" target=\"_blank\" title=\"Lo ver\u00e1s en una nueva ventana\" rel=\"noopener noreferrer\">eu.vibram.com<\/a>\n\t\t\t\t<\/dd><\/dl><br style=\"clear: both\" \/><dl class='gallery-item'>\n\t\t\t<dt class='gallery-icon landscape'>\n\t\t\t\t<img width=\"300\" height=\"56\" src=\"https:\/\/internacional.umh.es\/files\/2021\/06\/INESCOP-logo-300x56.jpg\" class=\"attachment-medium size-medium\" alt=\"INESCOP logo\" loading=\"lazy\" aria-describedby=\"gallery-104-20531\" srcset=\"https:\/\/internacional.umh.es\/files\/2021\/06\/INESCOP-logo-300x56.jpg 300w, https:\/\/internacional.umh.es\/files\/2021\/06\/INESCOP-logo.jpg 532w\" sizes=\"(max-width: 300px) 100vw, 300px\" \/>\n\t\t\t<\/dt>\n\t\t\t\t<dd class='wp-caption-text gallery-caption' id='gallery-104-20531'>\n\t\t\t\t<a href=\"https:\/\/www.inescop.es\/es\/\" target=\"_blank\" title=\"Lo ver\u00e1s en una nueva ventana\" rel=\"noopener noreferrer\">inescop.es<\/a>\n\t\t\t\t<\/dd><\/dl><dl class='gallery-item'>\n\t\t\t<dt class='gallery-icon landscape'>\n\t\t\t\t<img width=\"300\" height=\"42\" src=\"https:\/\/internacional.umh.es\/files\/2021\/06\/Universidad-del-Egeologo-300x42.jpg\" class=\"attachment-medium size-medium\" alt=\"Universidad del Egeo logo\" loading=\"lazy\" aria-describedby=\"gallery-104-20552\" srcset=\"https:\/\/internacional.umh.es\/files\/2021\/06\/Universidad-del-Egeologo-300x42.jpg 300w, https:\/\/internacional.umh.es\/files\/2021\/06\/Universidad-del-Egeologo.jpg 359w\" sizes=\"(max-width: 300px) 100vw, 300px\" \/>\n\t\t\t<\/dt>\n\t\t\t\t<dd class='wp-caption-text gallery-caption' id='gallery-104-20552'>\n\t\t\t\t<a href=\"https:\/\/www1.aegean.gr\/aegean2\/index.html\" target=\"_blank\" title=\"Lo ver\u00e1s en una nueva ventana\" rel=\"noopener noreferrer\">aegean.gr<\/a>\n\t\t\t\t<\/dd><\/dl><dl class='gallery-item'>\n\t\t\t<dt class='gallery-icon portrait'>\n\t\t\t\t<img width=\"74\" height=\"100\" src=\"https:\/\/internacional.umh.es\/files\/2021\/06\/Universidad-T\u00e9cnica-Gheorghe-Asachi-de-lasi-e1623326207212.jpg\" class=\"attachment-medium size-medium\" alt=\"Universidad T\u00e9cnica Gheorghe Asachi de lasi Ruman\u00eda logo\" loading=\"lazy\" aria-describedby=\"gallery-104-20558\" \/>\n\t\t\t<\/dt>\n\t\t\t\t<dd class='wp-caption-text gallery-caption' id='gallery-104-20558'>\n\t\t\t\t<a href=\"https:\/\/www.tuiasi.ro\/?lang=en\" target=\"_blank\" title=\"Lo ver\u00e1s en una nueva ventana\" rel=\"noopener noreferrer\">tuiasi.ro<\/a>\n\t\t\t\t<\/dd><\/dl><dl class='gallery-item'>\n\t\t\t<dt class='gallery-icon landscape'>\n\t\t\t\t<img width=\"300\" height=\"49\" src=\"https:\/\/internacional.umh.es\/files\/2021\/06\/Logo-c.d-mail-300x49.png\" class=\"attachment-medium size-medium\" alt=\"Politecnico Milano Creative Industries LAB logos\" loading=\"lazy\" aria-describedby=\"gallery-104-20540\" \/>\n\t\t\t<\/dt>\n\t\t\t\t<dd class='wp-caption-text gallery-caption' id='gallery-104-20540'>\n\t\t\t\t<a href=\"https:\/\/www.polimi.it\/en\/\" target=\"_blank\" title=\"Lo ver\u00e1s en una nueva ventana\" rel=\"noopener noreferrer\">polimi.it<\/a>\n\t\t\t\t<\/dd><\/dl><dl class='gallery-item'>\n\t\t\t<dt class='gallery-icon landscape'>\n\t\t\t\t<img width=\"300\" height=\"82\" src=\"https:\/\/internacional.umh.es\/files\/2021\/06\/EVATHINK-logo-300x82.jpg\" class=\"attachment-medium size-medium\" alt=\"EVATHINK logo\" loading=\"lazy\" aria-describedby=\"gallery-104-20525\" srcset=\"https:\/\/internacional.umh.es\/files\/2021\/06\/EVATHINK-logo-300x82.jpg 300w, https:\/\/internacional.umh.es\/files\/2021\/06\/EVATHINK-logo.jpg 364w\" sizes=\"(max-width: 300px) 100vw, 300px\" \/>\n\t\t\t<\/dt>\n\t\t\t\t<dd class='wp-caption-text gallery-caption' id='gallery-104-20525'>\n\t\t\t\t<a href=\"http:\/\/www.evathink.com\" target=\"_blank\" title=\"Lo ver\u00e1s en una nueva ventana\" rel=\"noopener noreferrer\">evathink.com<\/a>\n\t\t\t\t<\/dd><\/dl><br style=\"clear: both\" \/><dl class='gallery-item'>\n\t\t\t<dt class='gallery-icon landscape'>\n\t\t\t\t<img width=\"300\" height=\"81\" src=\"https:\/\/internacional.umh.es\/files\/2021\/06\/virtualcampuslogo-300x81.png\" class=\"attachment-medium size-medium\" alt=\"virtualcampus logo\" loading=\"lazy\" aria-describedby=\"gallery-104-20522\" srcset=\"https:\/\/internacional.umh.es\/files\/2021\/06\/virtualcampuslogo-300x81.png 300w, https:\/\/internacional.umh.es\/files\/2021\/06\/virtualcampuslogo-e1623326132711.png 372w\" sizes=\"(max-width: 300px) 100vw, 300px\" \/>\n\t\t\t<\/dt>\n\t\t\t\t<dd class='wp-caption-text gallery-caption' id='gallery-104-20522'>\n\t\t\t\t<a href=\"http:\/\/virtual-campus.eu\/\" target=\"_blank\" title=\"Lo ver\u00e1s en una nueva ventana\" rel=\"noopener noreferrer\">virtual-campus.eu<\/a>\n\t\t\t\t<\/dd><\/dl><dl class='gallery-item'>\n\t\t\t<dt class='gallery-icon landscape'>\n\t\t\t\t<img width=\"299\" height=\"100\" src=\"https:\/\/internacional.umh.es\/files\/2021\/06\/Crethidevlogo.jpg\" class=\"attachment-medium size-medium\" alt=\"Cre thi dev logo\" loading=\"lazy\" aria-describedby=\"gallery-104-20546\" \/>\n\t\t\t<\/dt>\n\t\t\t\t<dd class='wp-caption-text gallery-caption' id='gallery-104-20546'>\n\t\t\t\t<a href=\"https:\/\/www.crethidev.gr\" target=\"_blank\" title=\"Lo ver\u00e1s en una nueva ventana\" rel=\"noopener noreferrer\">crethidev.gr<\/a>\n\t\t\t\t<\/dd><\/dl><dl class='gallery-item'>\n\t\t\t<dt class='gallery-icon landscape'>\n\t\t\t\t<img width=\"191\" height=\"100\" src=\"https:\/\/internacional.umh.es\/files\/2021\/06\/KLAVENESS-logo.jpg\" class=\"attachment-medium size-medium\" alt=\"KLAVENESS logo\" loading=\"lazy\" aria-describedby=\"gallery-104-20534\" \/>\n\t\t\t<\/dt>\n\t\t\t\t<dd class='wp-caption-text gallery-caption' id='gallery-104-20534'>\n\t\t\t\t<a href=\"https:\/\/klaveness.no\/\" target=\"_blank\" title=\"Lo ver\u00e1s en una nueva ventana\" rel=\"noopener noreferrer\">klaveness.no<\/a>\n\t\t\t\t<\/dd><\/dl><dl class='gallery-item'>\n\t\t\t<dt class='gallery-icon landscape'>\n\t\t\t\t<img width=\"271\" height=\"100\" src=\"https:\/\/internacional.umh.es\/files\/2021\/06\/ELSEVIE-logo-1.jpg\" class=\"attachment-medium size-medium\" alt=\"ELSEVIE logo\" loading=\"lazy\" aria-describedby=\"gallery-104-20607\" \/>\n\t\t\t<\/dt>\n\t\t\t\t<dd class='wp-caption-text gallery-caption' id='gallery-104-20607'>\n\t\t\t\t<a href=\"https:\/\/www.hellenicshoe.eu\" target=\"_blank\" title=\"Lo ver\u00e1s en una nueva ventana\" rel=\"noopener noreferrer\">hellenicshoe.eu<\/a>\n\t\t\t\t<\/dd><\/dl>\n\t\t\t<br style='clear: both' \/>\n\t\t<\/div>\n<\/td>\n<\/tr>\n<tr style=\"border: none\">\n<td><strong><strong>ENTITAT COORDINADORA<br \/>\n<\/strong><\/strong>\n\t\t<style type=\"text\/css\">\n\t\t\t#gallery-105 {\n\t\t\t\tmargin: auto;\n\t\t\t}\n\t\t\t#gallery-105 .gallery-item {\n\t\t\t\tfloat: left;\n\t\t\t\tmargin-top: 10px;\n\t\t\t\ttext-align: center;\n\t\t\t\twidth: 33%;\n\t\t\t}\n\t\t\t#gallery-105 img {\n\t\t\t\tborder: 2px solid #cfcfcf;\n\t\t\t}\n\t\t\t#gallery-105 .gallery-caption {\n\t\t\t\tmargin-left: 0;\n\t\t\t}\n\t\t\t\/* see gallery_shortcode() in wp-includes\/media.php *\/\n\t\t<\/style>\n\t\t<div id='gallery-105' class='gallery galleryid-20489 gallery-columns-3 gallery-size-medium'><dl class='gallery-item'>\n\t\t\t<dt class='gallery-icon portrait'>\n\t\t\t\t<img width=\"74\" height=\"100\" src=\"https:\/\/internacional.umh.es\/files\/2021\/06\/Universidad-T\u00e9cnica-Gheorghe-Asachi-de-lasi-e1623326207212.jpg\" class=\"attachment-medium size-medium\" alt=\"Universidad T\u00e9cnica Gheorghe Asachi de lasi Ruman\u00eda logo\" loading=\"lazy\" aria-describedby=\"gallery-105-20558\" \/>\n\t\t\t<\/dt>\n\t\t\t\t<dd class='wp-caption-text gallery-caption' id='gallery-105-20558'>\n\t\t\t\t<a href=\"https:\/\/www.tuiasi.ro\/?lang=en\" target=\"_blank\" title=\"Lo ver\u00e1s en una nueva ventana\" rel=\"noopener noreferrer\">tuiasi.ro<\/a>\n\t\t\t\t<\/dd><\/dl>\n\t\t\t<br style='clear: both' \/>\n\t\t<\/div>\n<\/td>\n<\/tr>\n<tr style=\"border: none\">\n<td><strong>PA\u00cfSOS:<\/strong> Romania, Espanya, Gr\u00e8cia, Portugal, B\u00e8lgica, It\u00e0lia<\/td>\n<\/tr>\n<tr style=\"border: none\">\n<td><strong>DATES:<\/strong> 01\/01\/2019 &#8211; 31\/12\/2021<\/td>\n<\/tr>\n<tr style=\"border: none\">\n<td style=\"text-align: justify\"><strong>DESCRIPCI\u00d3:<\/strong> El projecte ERASMUS+ SciLED cerca dotar als professionals del disseny i responsables de producte amb habilitats creatives i innovadores, aix\u00ed com amb coneixements s\u00f2lids sobre els aspectes que determinen el confort i la sostenibilitat del cal\u00e7at.<\/td>\n<\/tr>\n<tr style=\"border: none\">\n<td>\n\t\t<style type=\"text\/css\">\n\t\t\t#gallery-106 {\n\t\t\t\tmargin: auto;\n\t\t\t}\n\t\t\t#gallery-106 .gallery-item {\n\t\t\t\tfloat: left;\n\t\t\t\tmargin-top: 10px;\n\t\t\t\ttext-align: center;\n\t\t\t\twidth: 20%;\n\t\t\t}\n\t\t\t#gallery-106 img {\n\t\t\t\tborder: 2px solid #cfcfcf;\n\t\t\t}\n\t\t\t#gallery-106 .gallery-caption {\n\t\t\t\tmargin-left: 0;\n\t\t\t}\n\t\t\t\/* see gallery_shortcode() in wp-includes\/media.php *\/\n\t\t<\/style>\n\t\t<div id='gallery-106' class='gallery galleryid-20489 gallery-columns-5 gallery-size-thumbnail'><dl class='gallery-item'>\n\t\t\t<dt class='gallery-icon landscape'>\n\t\t\t\t<a href='https:\/\/internacional.umh.es\/ca\/banner_webinar_sciled\/'><img width=\"150\" height=\"150\" src=\"https:\/\/internacional.umh.es\/files\/2021\/06\/Banner_webinar_SCILED-150x150.jpg\" class=\"attachment-thumbnail size-thumbnail\" alt=\"Banner webinar SCILED\" loading=\"lazy\" srcset=\"https:\/\/internacional.umh.es\/files\/2021\/06\/Banner_webinar_SCILED-150x150.jpg 150w, https:\/\/internacional.umh.es\/files\/2021\/06\/Banner_webinar_SCILED-32x32.jpg 32w, https:\/\/internacional.umh.es\/files\/2021\/06\/Banner_webinar_SCILED-64x64.jpg 64w, https:\/\/internacional.umh.es\/files\/2021\/06\/Banner_webinar_SCILED-96x96.jpg 96w, https:\/\/internacional.umh.es\/files\/2021\/06\/Banner_webinar_SCILED-128x128.jpg 128w\" sizes=\"(max-width: 150px) 100vw, 150px\" \/><\/a>\n\t\t\t<\/dt><\/dl><dl class='gallery-item'>\n\t\t\t<dt class='gallery-icon landscape'>\n\t\t\t\t<a href='https:\/\/internacional.umh.es\/ca\/folleto_sciled\/'><img width=\"150\" height=\"150\" src=\"https:\/\/internacional.umh.es\/files\/2021\/06\/Folleto_SCILED-150x150.png\" class=\"attachment-thumbnail size-thumbnail\" alt=\"Folleto SCILED\" loading=\"lazy\" srcset=\"https:\/\/internacional.umh.es\/files\/2021\/06\/Folleto_SCILED-150x150.png 150w, https:\/\/internacional.umh.es\/files\/2021\/06\/Folleto_SCILED-32x32.png 32w, https:\/\/internacional.umh.es\/files\/2021\/06\/Folleto_SCILED-64x64.png 64w, https:\/\/internacional.umh.es\/files\/2021\/06\/Folleto_SCILED-96x96.png 96w, https:\/\/internacional.umh.es\/files\/2021\/06\/Folleto_SCILED-128x128.png 128w\" sizes=\"(max-width: 150px) 100vw, 150px\" \/><\/a>\n\t\t\t<\/dt><\/dl><dl class='gallery-item'>\n\t\t\t<dt class='gallery-icon landscape'>\n\t\t\t\t<a href='https:\/\/internacional.umh.es\/ca\/webinar_sciled\/'><img width=\"150\" height=\"150\" src=\"https:\/\/internacional.umh.es\/files\/2021\/06\/Webinar_SCILED-150x150.jpg\" class=\"attachment-thumbnail size-thumbnail\" alt=\"Captura pantalla webinar SCILED\" loading=\"lazy\" srcset=\"https:\/\/internacional.umh.es\/files\/2021\/06\/Webinar_SCILED-150x150.jpg 150w, https:\/\/internacional.umh.es\/files\/2021\/06\/Webinar_SCILED-32x32.jpg 32w, https:\/\/internacional.umh.es\/files\/2021\/06\/Webinar_SCILED-64x64.jpg 64w, https:\/\/internacional.umh.es\/files\/2021\/06\/Webinar_SCILED-96x96.jpg 96w, https:\/\/internacional.umh.es\/files\/2021\/06\/Webinar_SCILED-128x128.jpg 128w\" sizes=\"(max-width: 150px) 100vw, 150px\" \/><\/a>\n\t\t\t<\/dt><\/dl><dl class='gallery-item'>\n\t\t\t<dt class='gallery-icon portrait'>\n\t\t\t\t<a href='https:\/\/internacional.umh.es\/ca\/poster-sciled\/'><img width=\"150\" height=\"150\" src=\"https:\/\/internacional.umh.es\/files\/2021\/06\/Poster-SCILED-150x150.jpg\" class=\"attachment-thumbnail size-thumbnail\" alt=\"P\u00f3ster SCILED\" loading=\"lazy\" srcset=\"https:\/\/internacional.umh.es\/files\/2021\/06\/Poster-SCILED-150x150.jpg 150w, https:\/\/internacional.umh.es\/files\/2021\/06\/Poster-SCILED-32x32.jpg 32w, https:\/\/internacional.umh.es\/files\/2021\/06\/Poster-SCILED-64x64.jpg 64w, https:\/\/internacional.umh.es\/files\/2021\/06\/Poster-SCILED-96x96.jpg 96w, https:\/\/internacional.umh.es\/files\/2021\/06\/Poster-SCILED-128x128.jpg 128w\" sizes=\"(max-width: 150px) 100vw, 150px\" \/><\/a>\n\t\t\t<\/dt><\/dl><dl class='gallery-item'>\n\t\t\t<dt class='gallery-icon portrait'>\n\t\t\t\t<a href='https:\/\/internacional.umh.es\/ca\/programa_webinar_sciled\/'><img width=\"150\" height=\"150\" src=\"https:\/\/internacional.umh.es\/files\/2021\/06\/Programa_webinar_SCILED-150x150.jpg\" class=\"attachment-thumbnail size-thumbnail\" alt=\"Programa webinar SCILED\" loading=\"lazy\" srcset=\"https:\/\/internacional.umh.es\/files\/2021\/06\/Programa_webinar_SCILED-150x150.jpg 150w, https:\/\/internacional.umh.es\/files\/2021\/06\/Programa_webinar_SCILED-32x32.jpg 32w, https:\/\/internacional.umh.es\/files\/2021\/06\/Programa_webinar_SCILED-64x64.jpg 64w, https:\/\/internacional.umh.es\/files\/2021\/06\/Programa_webinar_SCILED-96x96.jpg 96w, https:\/\/internacional.umh.es\/files\/2021\/06\/Programa_webinar_SCILED-128x128.jpg 128w\" sizes=\"(max-width: 150px) 100vw, 150px\" \/><\/a>\n\t\t\t<\/dt><\/dl><br style=\"clear: both\" \/>\n\t\t<\/div>\n<\/p>\n<p><iframe  style=\"display: block; margin: 0px auto;\"  id=\"_ytid_85989\"  width=\"480\" height=\"270\"  data-origwidth=\"480\" data-origheight=\"270\" src=\"https:\/\/www.youtube.com\/embed\/7irfwfiv2rc?enablejsapi=1&autoplay=0&cc_load_policy=0&cc_lang_pref=&iv_load_policy=1&loop=0&modestbranding=0&rel=1&fs=1&playsinline=0&autohide=2&theme=dark&color=red&controls=1&\" class=\"__youtube_prefs__  no-lazyload\" title=\"YouTube player\"  allow=\"accelerometer; autoplay; clipboard-write; encrypted-media; gyroscope; picture-in-picture\" allowfullscreen data-no-lazy=\"1\" data-skipgform_ajax_framebjll=\"\"><\/iframe><\/td>\n<\/tr>\n<tr style=\"border: none\">\n<td style=\"text-align: center\"><a title=\"Ho veur\u00e0s en una nova finestra\" href=\"https:\/\/catedradelcalzado.umh.es\/files\/2021\/04\/PROGRAMA_WEBINAR_SCILED.pdf\" target=\"_blank\" rel=\"noopener noreferrer\">catedradelcalzado.umh.es<\/a> | <a title=\"Ho veur\u00e0s en una nova finestra\" href=\"https:\/\/componentescalzado.com\/seminario-online-futuro-del-diseno-del-calzado-12-de-mayo-de-1500-a-1800-horas\/\" target=\"_blank\" rel=\"noopener noreferrer\">componentescalzado.com<\/a> | <a title=\"Ho veur\u00e0s en una nova finestra\" href=\"https:\/\/www.inescop.es\/es\/actualidad\/noticias\/472-el-manifiesto-del-sciled-expone-los-beneficios-que-la-innovacion-supone-a-la-industria\" target=\"_blank\" rel=\"noopener noreferrer\">inescop.es<\/a> | <a title=\"Ho veur\u00e0s en una nova finestra\" href=\"https:\/\/www.facebook.com\/SciLedProject\/\" target=\"_blank\" rel=\"noopener noreferrer\">facebook.com<\/a> | <a title=\"Ho veur\u00e0s en una nova finestra\" href=\"https:\/\/www.informacion.es\/elche\/2022\/06\/04\/modelo-umh-inescop-predice-confort-66906617.html\" target=\"_blank\" rel=\"noopener noreferrer\">informacion.es<\/a><\/td>\n<\/tr>\n<tr style=\"border: none\">\n<td><img loading=\"lazy\" class=\"wp-image-24394 aligncenter\" title=\"El projecte europeu SCILED en el qual ha participat la UMH \u00e9s finan\u00e7at per la Uni\u00f3 Europea\" src=\"https:\/\/internacional.umh.es\/files\/2022\/02\/EU-proyecto-logo-1-300x180.jpg\" alt=\"SCILED projecte logo\" width=\"166\" height=\"100\" srcset=\"https:\/\/internacional.umh.es\/files\/2022\/02\/EU-proyecto-logo-1-300x180.jpg 300w, https:\/\/internacional.umh.es\/files\/2022\/02\/EU-proyecto-logo-1.jpg 303w\" sizes=\"(max-width: 166px) 100vw, 166px\" \/><\/td>\n<\/tr>\n<\/tbody>\n<\/table>\n<p>&nbsp;<\/p>\n<p><img loading=\"lazy\" class=\"alignleft wp-image-21596\" title=\"Veure m\u00e9s projectes KA2 realitzats pel servei\" src=\"https:\/\/internacional.umh.es\/files\/2021\/07\/Boton-mas-proyectos.png\" alt=\"Veure m\u00e9s bot\u00f3\" width=\"34\" height=\"34\" srcset=\"https:\/\/internacional.umh.es\/files\/2021\/07\/Boton-mas-proyectos.png 44w, https:\/\/internacional.umh.es\/files\/2021\/07\/Boton-mas-proyectos-32x32.png 32w\" sizes=\"(max-width: 34px) 100vw, 34px\" \/><span style=\"font-size: 12px\"><strong><u>VEURE M\u00c9S PROJECTES KA2 DE 2018<\/u><\/strong><\/span><\/p>\n<p><a href=\"#2021\"><img loading=\"lazy\" class=\"alignright wp-image-20826 size-full\" title=\"Anar al principi de la p\u00e0gina\" src=\"https:\/\/internacional.umh.es\/files\/2021\/06\/botonarriba.jpg\" alt=\"Bot\u00f3 arriba icona\" width=\"51\" height=\"50\"><\/a><\/p>\n<hr style=\"border-width: 5px 0 0 0\">\n<p>&nbsp;<\/p>\n<table id=\"neurosmartology\" style=\"border: none\">\n<tbody>\n<tr style=\"border: none\">\n<td>\n<p><div style=\"width: 310px\" class=\"wp-caption alignleft\"><a href=\"http:\/\/neurosmartology.edu.umh.es\" target=\"_blank\" rel=\"attachment noopener wp-att-20939 noreferrer\" title=\"Ho veur\u00e0s en una nova finestra\"><img loading=\"lazy\" class=\"wp-image-20939 size-medium\" title=\"Neurosmartology \u00e9s un atractiu projecte europeu de neuroci\u00e8ncia i aromater\u00e0pia\" src=\"https:\/\/internacional.umh.es\/files\/2021\/06\/Neurosmartology-logo-300x130.jpg\" alt=\"Neurosmartology logo\" width=\"300\" height=\"130\" srcset=\"https:\/\/internacional.umh.es\/files\/2021\/06\/Neurosmartology-logo-300x130.jpg 300w, https:\/\/internacional.umh.es\/files\/2021\/06\/Neurosmartology-logo.jpg 347w\" sizes=\"(max-width: 300px) 100vw, 300px\" \/><\/a><p class=\"wp-caption-text\"><a title=\"Accedeix a la web del projecte en una nova finestra\" href=\"http:\/\/neurosmartology.edu.umh.es\" target=\"_blank\" rel=\"noopener noreferrer\">neurosmartology.edu.umh.es<\/a><\/p><\/div><\/td>\n<\/tr>\n<tr style=\"border: none\">\n<td>&nbsp;<\/td>\n<\/tr>\n<tr style=\"border: none\">\n<td>\n<h5><em>Strategic Partnership for Higher Education<\/em><\/h5>\n<\/td>\n<\/tr>\n<tr style=\"border: none\">\n<td>\n<h4><strong>NEUROSMARTOLOGY: I<\/strong><strong>mplementation of Consumer NEUROscience and SMART Research Solutions in AromachOLOGY<\/strong><\/h4>\n<\/td>\n<\/tr>\n<tr style=\"border: none\">\n<td><strong><strong>SOCIS<\/strong><\/strong><\/p>\n<p>\n\t\t<style type=\"text\/css\">\n\t\t\t#gallery-107 {\n\t\t\t\tmargin: auto;\n\t\t\t}\n\t\t\t#gallery-107 .gallery-item {\n\t\t\t\tfloat: left;\n\t\t\t\tmargin-top: 10px;\n\t\t\t\ttext-align: center;\n\t\t\t\twidth: 14%;\n\t\t\t}\n\t\t\t#gallery-107 img {\n\t\t\t\tborder: 2px solid #cfcfcf;\n\t\t\t}\n\t\t\t#gallery-107 .gallery-caption {\n\t\t\t\tmargin-left: 0;\n\t\t\t}\n\t\t\t\/* see gallery_shortcode() in wp-includes\/media.php *\/\n\t\t<\/style>\n\t\t<div id='gallery-107' class='gallery galleryid-20489 gallery-columns-7 gallery-size-medium'><dl class='gallery-item'>\n\t\t\t<dt class='gallery-icon landscape'>\n\t\t\t\t<a href='https:\/\/internacional.umh.es\/ca\/internacionalizacion\/proyectos\/proyectos-ka2-concedidos-finalizados\/universidad-miguel-hernandez-logo-4\/'><img width=\"197\" height=\"100\" src=\"https:\/\/internacional.umh.es\/files\/2021\/06\/Universidad-Miguel-Hern\u00e1ndez-Logo-e1623326215137.jpg\" class=\"attachment-medium size-medium\" alt=\"Universidad Miguel Hern\u00e1ndez Logo\" loading=\"lazy\" \/><\/a>\n\t\t\t<\/dt><\/dl><dl class='gallery-item'>\n\t\t\t<dt class='gallery-icon landscape'>\n\t\t\t\t<a href='https:\/\/internacional.umh.es\/ca\/sdu-university-of-southern-denmark-logo\/'><img width=\"166\" height=\"100\" src=\"https:\/\/internacional.umh.es\/files\/2021\/06\/SDU-University-of-Southern-Denmark-logo.jpg\" class=\"attachment-medium size-medium\" alt=\"SDU University of Southern Denmark logo\" loading=\"lazy\" aria-describedby=\"gallery-107-21009\" \/><\/a>\n\t\t\t<\/dt>\n\t\t\t\t<dd class='wp-caption-text gallery-caption' id='gallery-107-21009'>\n\t\t\t\t<a href=\"https:\/\/www.sdu.dk\/en\" target=\"_blank\" title=\"Lo ver\u00e1s en una nueva ventana\" rel=\"noopener noreferrer\">sdu.dk<\/a>\n\t\t\t\t<\/dd><\/dl><dl class='gallery-item'>\n\t\t\t<dt class='gallery-icon landscape'>\n\t\t\t\t<a href='https:\/\/internacional.umh.es\/ca\/reima-art-concept-logo\/'><img width=\"100\" height=\"100\" src=\"https:\/\/internacional.umh.es\/files\/2021\/06\/REIMA-Art-Concept-logo.jpg\" class=\"attachment-medium size-medium\" alt=\"REIMA Air Concept logo\" loading=\"lazy\" aria-describedby=\"gallery-107-21003\" srcset=\"https:\/\/internacional.umh.es\/files\/2021\/06\/REIMA-Art-Concept-logo.jpg 100w, https:\/\/internacional.umh.es\/files\/2021\/06\/REIMA-Art-Concept-logo-32x32.jpg 32w, https:\/\/internacional.umh.es\/files\/2021\/06\/REIMA-Art-Concept-logo-64x64.jpg 64w, https:\/\/internacional.umh.es\/files\/2021\/06\/REIMA-Art-Concept-logo-96x96.jpg 96w\" sizes=\"(max-width: 100px) 100vw, 100px\" \/><\/a>\n\t\t\t<\/dt>\n\t\t\t\t<dd class='wp-caption-text gallery-caption' id='gallery-107-21003'>\n\t\t\t\t<a href=\"https:\/\/www.duftmarketing.de\/es\/index-es.html\" target=\"_blank\" title=\"Lo ver\u00e1s en una nueva ventana\" rel=\"noopener noreferrer\">duftmarketing.de<\/a>\n\t\t\t\t<\/dd><\/dl><dl class='gallery-item'>\n\t\t\t<dt class='gallery-icon landscape'>\n\t\t\t\t<a href='https:\/\/internacional.umh.es\/ca\/metropolia-university-of-applied-sciencies-logo\/'><img width=\"172\" height=\"100\" src=\"https:\/\/internacional.umh.es\/files\/2021\/06\/Metropolia-University-of-Applied-Sciencies-logo.jpg\" class=\"attachment-medium size-medium\" alt=\"Metropolia University of Applied Sciencies logo\" loading=\"lazy\" aria-describedby=\"gallery-107-21006\" \/><\/a>\n\t\t\t<\/dt>\n\t\t\t\t<dd class='wp-caption-text gallery-caption' id='gallery-107-21006'>\n\t\t\t\t<a href=\"https:\/\/www.metropolia.fi\/en\" target=\"_blank\" title=\"Lo ver\u00e1s en una nueva ventana\" rel=\"noopener noreferrer\">metropolia.fi<\/a>\n\t\t\t\t<\/dd><\/dl><dl class='gallery-item'>\n\t\t\t<dt class='gallery-icon landscape'>\n\t\t\t\t<a href='https:\/\/internacional.umh.es\/ca\/university-of-chemistry-and-technology-prague-logo\/'><img width=\"300\" height=\"98\" src=\"https:\/\/internacional.umh.es\/files\/2021\/06\/University-of-Chemistry-and-Technology-Prague-logo-300x98.jpg\" class=\"attachment-medium size-medium\" alt=\"University of Chemistry and Technology Prague logo\" loading=\"lazy\" aria-describedby=\"gallery-107-21000\" srcset=\"https:\/\/internacional.umh.es\/files\/2021\/06\/University-of-Chemistry-and-Technology-Prague-logo-300x98.jpg 300w, https:\/\/internacional.umh.es\/files\/2021\/06\/University-of-Chemistry-and-Technology-Prague-logo.jpg 306w\" sizes=\"(max-width: 300px) 100vw, 300px\" \/><\/a>\n\t\t\t<\/dt>\n\t\t\t\t<dd class='wp-caption-text gallery-caption' id='gallery-107-21000'>\n\t\t\t\t<a href=\"https:\/\/www.vscht.cz\/?jazyk=en\" target=\"_blank\" title=\"Lo ver\u00e1s en una nueva ventana\" rel=\"noopener noreferrer\">vscht.cz<\/a>\n\t\t\t\t<\/dd><\/dl><dl class='gallery-item'>\n\t\t\t<dt class='gallery-icon landscape'>\n\t\t\t\t<a href='https:\/\/internacional.umh.es\/ca\/catholic-university-in-ruzomberok-logo\/'><img width=\"114\" height=\"100\" src=\"https:\/\/internacional.umh.es\/files\/2021\/06\/Catholic-University-in-Ruzomberok-logo.jpg\" class=\"attachment-medium size-medium\" alt=\"Catholic University in Ruzomberok logo\" loading=\"lazy\" aria-describedby=\"gallery-107-20994\" \/><\/a>\n\t\t\t<\/dt>\n\t\t\t\t<dd class='wp-caption-text gallery-caption' id='gallery-107-20994'>\n\t\t\t\t<a href=\"https:\/\/www.ku.sk\/en\/\" target=\"_blank\" title=\"Lo ver\u00e1s en una nueva ventana\" rel=\"noopener noreferrer\">ku.sk<\/a>\n\t\t\t\t<\/dd><\/dl><dl class='gallery-item'>\n\t\t\t<dt class='gallery-icon landscape'>\n\t\t\t\t<a href='https:\/\/internacional.umh.es\/ca\/internacionalizacion\/proyectos\/proyectos-ka2-concedidos-finalizados\/poznan-university-of-economics-and-business-logo\/'><img width=\"274\" height=\"100\" src=\"https:\/\/internacional.umh.es\/files\/2021\/06\/Poznan-University-of-Economics-and-Business-logo.jpg\" class=\"attachment-medium size-medium\" alt=\"Poznan University of Economics and Business logo\" loading=\"lazy\" aria-describedby=\"gallery-107-20997\" \/><\/a>\n\t\t\t<\/dt>\n\t\t\t\t<dd class='wp-caption-text gallery-caption' id='gallery-107-20997'>\n\t\t\t\t<a href=\"https:\/\/ue.poznan.pl\/en\/\" target=\"_blank\" title=\"Lo ver\u00e1s en una nueva ventana\" rel=\"noopener noreferrer\">ue.poznan.pl<\/a>\n\t\t\t\t<\/dd><\/dl><br style=\"clear: both\" \/>\n\t\t<\/div>\n<\/td>\n<\/tr>\n<tr style=\"border: none\">\n<td><strong>ENTITAT COORDINADORA<\/strong><\/p>\n<p>\n\t\t<style type=\"text\/css\">\n\t\t\t#gallery-108 {\n\t\t\t\tmargin: auto;\n\t\t\t}\n\t\t\t#gallery-108 .gallery-item {\n\t\t\t\tfloat: left;\n\t\t\t\tmargin-top: 10px;\n\t\t\t\ttext-align: center;\n\t\t\t\twidth: 33%;\n\t\t\t}\n\t\t\t#gallery-108 img {\n\t\t\t\tborder: 2px solid #cfcfcf;\n\t\t\t}\n\t\t\t#gallery-108 .gallery-caption {\n\t\t\t\tmargin-left: 0;\n\t\t\t}\n\t\t\t\/* see gallery_shortcode() in wp-includes\/media.php *\/\n\t\t<\/style>\n\t\t<div id='gallery-108' class='gallery galleryid-20489 gallery-columns-3 gallery-size-thumbnail'><dl class='gallery-item'>\n\t\t\t<dt class='gallery-icon landscape'>\n\t\t\t\t<a href='https:\/\/internacional.umh.es\/ca\/internacionalizacion\/proyectos\/proyectos-ka2-concedidos-finalizados\/slovenska-polnohospodarska-univerzita-v-nitre\/'><img width=\"150\" height=\"150\" src=\"https:\/\/internacional.umh.es\/files\/2021\/06\/Slovenska-Polnohospodarska-Univerzita-V-Nitre-150x150.jpg\" class=\"attachment-thumbnail size-thumbnail\" alt=\"Slovenska Polnohospodarska Univerzita V Nitra logo\" loading=\"lazy\" aria-describedby=\"gallery-108-20694\" srcset=\"https:\/\/internacional.umh.es\/files\/2021\/06\/Slovenska-Polnohospodarska-Univerzita-V-Nitre-150x150.jpg 150w, https:\/\/internacional.umh.es\/files\/2021\/06\/Slovenska-Polnohospodarska-Univerzita-V-Nitre-32x32.jpg 32w, https:\/\/internacional.umh.es\/files\/2021\/06\/Slovenska-Polnohospodarska-Univerzita-V-Nitre-64x64.jpg 64w, https:\/\/internacional.umh.es\/files\/2021\/06\/Slovenska-Polnohospodarska-Univerzita-V-Nitre-96x96.jpg 96w, https:\/\/internacional.umh.es\/files\/2021\/06\/Slovenska-Polnohospodarska-Univerzita-V-Nitre-128x128.jpg 128w\" sizes=\"(max-width: 150px) 100vw, 150px\" \/><\/a>\n\t\t\t<\/dt>\n\t\t\t\t<dd class='wp-caption-text gallery-caption' id='gallery-108-20694'>\n\t\t\t\t<a href=\"https:\/\/www.uniag.sk\/en\/main-page\" target=\"_blank\" title=\"Lo ver\u00e1s en una nueva ventana\" rel=\"noopener noreferrer\">uniag.sk<\/a>\n\t\t\t\t<\/dd><\/dl>\n\t\t\t<br style='clear: both' \/>\n\t\t<\/div>\n<\/td>\n<\/tr>\n<tr style=\"border: none\">\n<td><strong>PA\u00cfSOS:<\/strong> Eslov\u00e0quia, Dinamarca, Rep\u00fablica Txeca, Finl\u00e0ndia, Pol\u00f2nia, Espanya<\/td>\n<\/tr>\n<tr style=\"border: none\">\n<td><strong>DATES:<\/strong> 01\/12\/2018 &#8211; 31\/05\/2021<\/td>\n<\/tr>\n<tr style=\"border: none\">\n<td style=\"text-align: justify\"><strong>DESCRIPCI\u00d3:<\/strong> Es tracta d&#8217;implementar solucions de neuroci\u00e8ncia per al consumidor i d&#8217;investigaci\u00f3 intel\u00b7ligent en aromacolog\u00eda. La vinculaci\u00f3 de la neuroci\u00e8ncia del consumidor, les solucions innovadores d&#8217;investigaci\u00f3 i la aromacolog\u00eda creen les condicions pr\u00e8vies per a obtindre nous coneixements i informaci\u00f3 fins ara desconeguts. El projecte contribueix activament a les innovacions en el camp de les tecnologies i serveis intel\u00b7ligents, la transfer\u00e8ncia de coneixements i tecnologies, i la seua aplicaci\u00f3 pot tindre un alt impacte econ\u00f2mic.<\/td>\n<\/tr>\n<tr style=\"border: none\">\n<td>\n\t\t<style type=\"text\/css\">\n\t\t\t#gallery-109 {\n\t\t\t\tmargin: auto;\n\t\t\t}\n\t\t\t#gallery-109 .gallery-item {\n\t\t\t\tfloat: left;\n\t\t\t\tmargin-top: 10px;\n\t\t\t\ttext-align: center;\n\t\t\t\twidth: 16%;\n\t\t\t}\n\t\t\t#gallery-109 img {\n\t\t\t\tborder: 2px solid #cfcfcf;\n\t\t\t}\n\t\t\t#gallery-109 .gallery-caption {\n\t\t\t\tmargin-left: 0;\n\t\t\t}\n\t\t\t\/* see gallery_shortcode() in wp-includes\/media.php *\/\n\t\t<\/style>\n\t\t<div id='gallery-109' class='gallery galleryid-20489 gallery-columns-6 gallery-size-thumbnail'><dl class='gallery-item'>\n\t\t\t<dt class='gallery-icon landscape'>\n\t\t\t\t<a href='https:\/\/internacional.umh.es\/ca\/internacionalizacion\/proyectos\/proyectos-ka2-concedidos-finalizados\/neurosmartology-cartel-conferencia\/'><img width=\"150\" height=\"150\" src=\"https:\/\/internacional.umh.es\/files\/2021\/06\/Neurosmartology-cartel-conferencia-150x150.jpg\" class=\"attachment-thumbnail size-thumbnail\" alt=\"Neurosmartology cartel conferencia\" loading=\"lazy\" srcset=\"https:\/\/internacional.umh.es\/files\/2021\/06\/Neurosmartology-cartel-conferencia-150x150.jpg 150w, https:\/\/internacional.umh.es\/files\/2021\/06\/Neurosmartology-cartel-conferencia-32x32.jpg 32w, https:\/\/internacional.umh.es\/files\/2021\/06\/Neurosmartology-cartel-conferencia-64x64.jpg 64w, https:\/\/internacional.umh.es\/files\/2021\/06\/Neurosmartology-cartel-conferencia-96x96.jpg 96w, https:\/\/internacional.umh.es\/files\/2021\/06\/Neurosmartology-cartel-conferencia-128x128.jpg 128w\" sizes=\"(max-width: 150px) 100vw, 150px\" \/><\/a>\n\t\t\t<\/dt><\/dl><dl class='gallery-item'>\n\t\t\t<dt class='gallery-icon landscape'>\n\t\t\t\t<a href='https:\/\/internacional.umh.es\/ca\/internacionalizacion\/proyectos\/proyectos-ka2-concedidos-finalizados\/neurosmartology-taller-aromas\/'><img width=\"150\" height=\"150\" src=\"https:\/\/internacional.umh.es\/files\/2021\/06\/Neurosmartology-taller-aromas-150x150.jpg\" class=\"attachment-thumbnail size-thumbnail\" alt=\"Neurosmartology taller aromas\" loading=\"lazy\" srcset=\"https:\/\/internacional.umh.es\/files\/2021\/06\/Neurosmartology-taller-aromas-150x150.jpg 150w, https:\/\/internacional.umh.es\/files\/2021\/06\/Neurosmartology-taller-aromas-32x32.jpg 32w, https:\/\/internacional.umh.es\/files\/2021\/06\/Neurosmartology-taller-aromas-64x64.jpg 64w, https:\/\/internacional.umh.es\/files\/2021\/06\/Neurosmartology-taller-aromas-96x96.jpg 96w, https:\/\/internacional.umh.es\/files\/2021\/06\/Neurosmartology-taller-aromas-128x128.jpg 128w\" sizes=\"(max-width: 150px) 100vw, 150px\" \/><\/a>\n\t\t\t<\/dt><\/dl><dl class='gallery-item'>\n\t\t\t<dt class='gallery-icon landscape'>\n\t\t\t\t<a href='https:\/\/internacional.umh.es\/ca\/internacionalizacion\/proyectos\/proyectos-ka2-concedidos-finalizados\/neurosmartology-asistentes-umh-eslovenia\/'><img width=\"150\" height=\"150\" src=\"https:\/\/internacional.umh.es\/files\/2021\/06\/Neurosmartology-asistentes-UMH-Eslovenia-150x150.jpg\" class=\"attachment-thumbnail size-thumbnail\" alt=\"Neurosmartology asistentes UMH Eslovaquia\" loading=\"lazy\" srcset=\"https:\/\/internacional.umh.es\/files\/2021\/06\/Neurosmartology-asistentes-UMH-Eslovenia-150x150.jpg 150w, https:\/\/internacional.umh.es\/files\/2021\/06\/Neurosmartology-asistentes-UMH-Eslovenia-32x32.jpg 32w, https:\/\/internacional.umh.es\/files\/2021\/06\/Neurosmartology-asistentes-UMH-Eslovenia-64x64.jpg 64w, https:\/\/internacional.umh.es\/files\/2021\/06\/Neurosmartology-asistentes-UMH-Eslovenia-96x96.jpg 96w, https:\/\/internacional.umh.es\/files\/2021\/06\/Neurosmartology-asistentes-UMH-Eslovenia-128x128.jpg 128w\" sizes=\"(max-width: 150px) 100vw, 150px\" \/><\/a>\n\t\t\t<\/dt><\/dl><dl class='gallery-item'>\n\t\t\t<dt class='gallery-icon landscape'>\n\t\t\t\t<a href='https:\/\/internacional.umh.es\/ca\/internacionalizacion\/proyectos\/proyectos-ka2-concedidos-finalizados\/neurosmartology-asistentes-taller-neurologia-eslovenia\/'><img width=\"150\" height=\"150\" src=\"https:\/\/internacional.umh.es\/files\/2021\/06\/Neurosmartology-asistentes-taller-neurologia-Eslovenia-150x150.jpg\" class=\"attachment-thumbnail size-thumbnail\" alt=\"Neurosmartology asistentes taller neurolog\u00eda Eslovenia\" loading=\"lazy\" srcset=\"https:\/\/internacional.umh.es\/files\/2021\/06\/Neurosmartology-asistentes-taller-neurologia-Eslovenia-150x150.jpg 150w, https:\/\/internacional.umh.es\/files\/2021\/06\/Neurosmartology-asistentes-taller-neurologia-Eslovenia-32x32.jpg 32w, https:\/\/internacional.umh.es\/files\/2021\/06\/Neurosmartology-asistentes-taller-neurologia-Eslovenia-64x64.jpg 64w, https:\/\/internacional.umh.es\/files\/2021\/06\/Neurosmartology-asistentes-taller-neurologia-Eslovenia-96x96.jpg 96w, https:\/\/internacional.umh.es\/files\/2021\/06\/Neurosmartology-asistentes-taller-neurologia-Eslovenia-128x128.jpg 128w\" sizes=\"(max-width: 150px) 100vw, 150px\" \/><\/a>\n\t\t\t<\/dt><\/dl><dl class='gallery-item'>\n\t\t\t<dt class='gallery-icon landscape'>\n\t\t\t\t<a href='https:\/\/internacional.umh.es\/ca\/internacionalizacion\/proyectos\/proyectos-ka2-concedidos-finalizados\/neurosmartology-asistentes-taller-diploma-eslovenia\/'><img width=\"150\" height=\"150\" src=\"https:\/\/internacional.umh.es\/files\/2021\/06\/Neurosmartology-asistentes-taller-diploma-Eslovenia-150x150.jpg\" class=\"attachment-thumbnail size-thumbnail\" alt=\"Neurosmartology asistentes taller diploma Eslovenia\" loading=\"lazy\" srcset=\"https:\/\/internacional.umh.es\/files\/2021\/06\/Neurosmartology-asistentes-taller-diploma-Eslovenia-150x150.jpg 150w, https:\/\/internacional.umh.es\/files\/2021\/06\/Neurosmartology-asistentes-taller-diploma-Eslovenia-32x32.jpg 32w, https:\/\/internacional.umh.es\/files\/2021\/06\/Neurosmartology-asistentes-taller-diploma-Eslovenia-64x64.jpg 64w, https:\/\/internacional.umh.es\/files\/2021\/06\/Neurosmartology-asistentes-taller-diploma-Eslovenia-96x96.jpg 96w, https:\/\/internacional.umh.es\/files\/2021\/06\/Neurosmartology-asistentes-taller-diploma-Eslovenia-128x128.jpg 128w\" sizes=\"(max-width: 150px) 100vw, 150px\" \/><\/a>\n\t\t\t<\/dt><\/dl><dl class='gallery-item'>\n\t\t\t<dt class='gallery-icon landscape'>\n\t\t\t\t<a href='https:\/\/internacional.umh.es\/ca\/internacionalizacion\/proyectos\/proyectos-ka2-concedidos-finalizados\/neurosmartology-asistentes-taller-universidad-eslovenia\/'><img width=\"150\" height=\"150\" src=\"https:\/\/internacional.umh.es\/files\/2021\/06\/Neurosmartology-asistentes-taller-universidad-Eslovenia-150x150.jpg\" class=\"attachment-thumbnail size-thumbnail\" alt=\"Neurosmartology asistentes taller universidad Eslovaquia\" loading=\"lazy\" srcset=\"https:\/\/internacional.umh.es\/files\/2021\/06\/Neurosmartology-asistentes-taller-universidad-Eslovenia-150x150.jpg 150w, https:\/\/internacional.umh.es\/files\/2021\/06\/Neurosmartology-asistentes-taller-universidad-Eslovenia-32x32.jpg 32w, https:\/\/internacional.umh.es\/files\/2021\/06\/Neurosmartology-asistentes-taller-universidad-Eslovenia-64x64.jpg 64w, https:\/\/internacional.umh.es\/files\/2021\/06\/Neurosmartology-asistentes-taller-universidad-Eslovenia-96x96.jpg 96w, https:\/\/internacional.umh.es\/files\/2021\/06\/Neurosmartology-asistentes-taller-universidad-Eslovenia-128x128.jpg 128w\" sizes=\"(max-width: 150px) 100vw, 150px\" \/><\/a>\n\t\t\t<\/dt><\/dl><br style=\"clear: both\" \/><dl class='gallery-item'>\n\t\t\t<dt class='gallery-icon landscape'>\n\t\t\t\t<a href='https:\/\/internacional.umh.es\/ca\/internacionalizacion\/proyectos\/proyectos-ka2-concedidos-finalizados\/neurosmartology-asistentes-universidad-eslovenia\/'><img width=\"150\" height=\"150\" src=\"https:\/\/internacional.umh.es\/files\/2021\/06\/Neurosmartology-asistentes-universidad-Eslovenia-150x150.jpg\" class=\"attachment-thumbnail size-thumbnail\" alt=\"Neurosmartology asistentes universidad Eslovaquia\" loading=\"lazy\" srcset=\"https:\/\/internacional.umh.es\/files\/2021\/06\/Neurosmartology-asistentes-universidad-Eslovenia-150x150.jpg 150w, https:\/\/internacional.umh.es\/files\/2021\/06\/Neurosmartology-asistentes-universidad-Eslovenia-32x32.jpg 32w, https:\/\/internacional.umh.es\/files\/2021\/06\/Neurosmartology-asistentes-universidad-Eslovenia-64x64.jpg 64w, https:\/\/internacional.umh.es\/files\/2021\/06\/Neurosmartology-asistentes-universidad-Eslovenia-96x96.jpg 96w, https:\/\/internacional.umh.es\/files\/2021\/06\/Neurosmartology-asistentes-universidad-Eslovenia-128x128.jpg 128w\" sizes=\"(max-width: 150px) 100vw, 150px\" \/><\/a>\n\t\t\t<\/dt><\/dl><dl class='gallery-item'>\n\t\t\t<dt class='gallery-icon portrait'>\n\t\t\t\t<a href='https:\/\/internacional.umh.es\/ca\/internacionalizacion\/proyectos\/proyectos-ka2-concedidos-finalizados\/neurosmartology-carpetas\/'><img width=\"150\" height=\"150\" src=\"https:\/\/internacional.umh.es\/files\/2021\/06\/Neurosmartology-carpetas-150x150.jpg\" class=\"attachment-thumbnail size-thumbnail\" alt=\"Neurosmartology carpetas\" loading=\"lazy\" srcset=\"https:\/\/internacional.umh.es\/files\/2021\/06\/Neurosmartology-carpetas-150x150.jpg 150w, https:\/\/internacional.umh.es\/files\/2021\/06\/Neurosmartology-carpetas-32x32.jpg 32w, https:\/\/internacional.umh.es\/files\/2021\/06\/Neurosmartology-carpetas-64x64.jpg 64w, https:\/\/internacional.umh.es\/files\/2021\/06\/Neurosmartology-carpetas-96x96.jpg 96w, https:\/\/internacional.umh.es\/files\/2021\/06\/Neurosmartology-carpetas-128x128.jpg 128w\" sizes=\"(max-width: 150px) 100vw, 150px\" \/><\/a>\n\t\t\t<\/dt><\/dl><dl class='gallery-item'>\n\t\t\t<dt class='gallery-icon landscape'>\n\t\t\t\t<a href='https:\/\/internacional.umh.es\/ca\/internacionalizacion\/proyectos\/proyectos-ka2-concedidos-finalizados\/neurosmartology-participantes-seminario\/'><img width=\"150\" height=\"150\" src=\"https:\/\/internacional.umh.es\/files\/2021\/06\/Neurosmartology-participantes-seminario-150x150.jpg\" class=\"attachment-thumbnail size-thumbnail\" alt=\"Neurosmartology participantes seminario\" loading=\"lazy\" srcset=\"https:\/\/internacional.umh.es\/files\/2021\/06\/Neurosmartology-participantes-seminario-150x150.jpg 150w, https:\/\/internacional.umh.es\/files\/2021\/06\/Neurosmartology-participantes-seminario-32x32.jpg 32w, https:\/\/internacional.umh.es\/files\/2021\/06\/Neurosmartology-participantes-seminario-64x64.jpg 64w, https:\/\/internacional.umh.es\/files\/2021\/06\/Neurosmartology-participantes-seminario-96x96.jpg 96w, https:\/\/internacional.umh.es\/files\/2021\/06\/Neurosmartology-participantes-seminario-128x128.jpg 128w\" sizes=\"(max-width: 150px) 100vw, 150px\" \/><\/a>\n\t\t\t<\/dt><\/dl><dl class='gallery-item'>\n\t\t\t<dt class='gallery-icon landscape'>\n\t\t\t\t<a href='https:\/\/internacional.umh.es\/ca\/internacionalizacion\/proyectos\/proyectos-ka2-concedidos-finalizados\/neurosmartology-participantes-laboratorio\/'><img width=\"150\" height=\"150\" src=\"https:\/\/internacional.umh.es\/files\/2021\/06\/Neurosmartology-participantes-laboratorio-150x150.jpg\" class=\"attachment-thumbnail size-thumbnail\" alt=\"Neurosmartology participantes laboratorio\" loading=\"lazy\" srcset=\"https:\/\/internacional.umh.es\/files\/2021\/06\/Neurosmartology-participantes-laboratorio-150x150.jpg 150w, https:\/\/internacional.umh.es\/files\/2021\/06\/Neurosmartology-participantes-laboratorio-32x32.jpg 32w, https:\/\/internacional.umh.es\/files\/2021\/06\/Neurosmartology-participantes-laboratorio-64x64.jpg 64w, https:\/\/internacional.umh.es\/files\/2021\/06\/Neurosmartology-participantes-laboratorio-96x96.jpg 96w, https:\/\/internacional.umh.es\/files\/2021\/06\/Neurosmartology-participantes-laboratorio-128x128.jpg 128w\" sizes=\"(max-width: 150px) 100vw, 150px\" \/><\/a>\n\t\t\t<\/dt><\/dl><dl class='gallery-item'>\n\t\t\t<dt class='gallery-icon landscape'>\n\t\t\t\t<a href='https:\/\/internacional.umh.es\/ca\/internacionalizacion\/proyectos\/proyectos-ka2-concedidos-finalizados\/neurosmartology-participantes-diplomas\/'><img width=\"150\" height=\"150\" src=\"https:\/\/internacional.umh.es\/files\/2021\/06\/Neurosmartology-participantes-diplomas-150x150.jpg\" class=\"attachment-thumbnail size-thumbnail\" alt=\"Neurosmartology participantes diplomas\" loading=\"lazy\" srcset=\"https:\/\/internacional.umh.es\/files\/2021\/06\/Neurosmartology-participantes-diplomas-150x150.jpg 150w, https:\/\/internacional.umh.es\/files\/2021\/06\/Neurosmartology-participantes-diplomas-32x32.jpg 32w, https:\/\/internacional.umh.es\/files\/2021\/06\/Neurosmartology-participantes-diplomas-64x64.jpg 64w, https:\/\/internacional.umh.es\/files\/2021\/06\/Neurosmartology-participantes-diplomas-96x96.jpg 96w, https:\/\/internacional.umh.es\/files\/2021\/06\/Neurosmartology-participantes-diplomas-128x128.jpg 128w\" sizes=\"(max-width: 150px) 100vw, 150px\" \/><\/a>\n\t\t\t<\/dt><\/dl><dl class='gallery-item'>\n\t\t\t<dt class='gallery-icon landscape'>\n\t\t\t\t<a href='https:\/\/internacional.umh.es\/ca\/internacionalizacion\/proyectos\/proyectos-ka2-concedidos-finalizados\/neurosmartology-cartel-conferencia-socios\/'><img width=\"150\" height=\"150\" src=\"https:\/\/internacional.umh.es\/files\/2021\/06\/Neurosmartology-cartel-conferencia-socios-150x150.jpg\" class=\"attachment-thumbnail size-thumbnail\" alt=\"Neurosmartology cartel conferencia socios\" loading=\"lazy\" srcset=\"https:\/\/internacional.umh.es\/files\/2021\/06\/Neurosmartology-cartel-conferencia-socios-150x150.jpg 150w, https:\/\/internacional.umh.es\/files\/2021\/06\/Neurosmartology-cartel-conferencia-socios-32x32.jpg 32w, https:\/\/internacional.umh.es\/files\/2021\/06\/Neurosmartology-cartel-conferencia-socios-64x64.jpg 64w, https:\/\/internacional.umh.es\/files\/2021\/06\/Neurosmartology-cartel-conferencia-socios-96x96.jpg 96w, https:\/\/internacional.umh.es\/files\/2021\/06\/Neurosmartology-cartel-conferencia-socios-128x128.jpg 128w\" sizes=\"(max-width: 150px) 100vw, 150px\" \/><\/a>\n\t\t\t<\/dt><\/dl><br style=\"clear: both\" \/>\n\t\t<\/div>\n<\/td>\n<\/tr>\n<tr style=\"border: none\">\n<td style=\"text-align: center\"><a title=\"Ho veur\u00e0s en una nova finestra\" href=\"https:\/\/fem.uniag.sk\/en\/news-reader\/neurosmartology-training-activity-in-germany\/\" target=\"_blank\" rel=\"noopener noreferrer\">fem.uniag.sk<\/a> | <a title=\"Ho veur\u00e0s en una nova finestra\" href=\"https:\/\/es-la.facebook.com\/events\/207351597900552\/\" target=\"_blank\" rel=\"noopener noreferrer\">facebook.com<\/a> | <a title=\"Ho veur\u00e0s en una nova finestra\" href=\"https:\/\/www.elperiodic.com\/elx\/expertos-reunen-alemania-torno-proyecto-europeo-neuromarketing-sobre-efecto-aromas-consumo_669071\" target=\"_blank\" rel=\"noopener noreferrer\">elperiodic.com<\/a> | <a title=\"Ho veur\u00e0s en una nova finestra\" href=\"https:\/\/internacional.umh.es\/2021\/03\/02\/arrancan-las-jornadas-de-formacion-2021-de-los-participantes-en-el-proyecto-neurosmartology\/\" target=\"_blank\" rel=\"noopener noreferrer\">internacional.umh.es<\/a> | <a title=\"Ho veur\u00e0s en una nova finestra\" href=\"https:\/\/twitter.com\/hashtag\/neurosmartology\" target=\"_blank\" rel=\"noopener noreferrer\">twitter.com<\/a> | <a title=\"Ho veur\u00e0s en una nova finestra\" href=\"https:\/\/gramho.com\/explore-hashtag\/neurosmartology\" target=\"_blank\" rel=\"noopener noreferrer\">gramho.com<\/a> | <a title=\"Ho veur\u00e0s en una nova finestra\" href=\"https:\/\/www.picuki.com\/media\/2068497238908756159\" target=\"_blank\" rel=\"noopener noreferrer\">picuki.com<\/a> | <a title=\"Ho veur\u00e0s en una nova finestra\" href=\"https:\/\/www.america-retail.com\/neuromarketing\/neuromarketing-proyecto-europeo-sobre-el-efecto-de-los-aromas-en-el-consumo\/\" target=\"_blank\" rel=\"noopener noreferrer\">america-retail.com<\/a> | <a title=\"Ho veur\u00e0s en una nova finestra\" href=\"http:\/\/neurosmartology.edu.umh.\u00e9s\" target=\"_blank\" rel=\"noopener noreferrer\">neurosmartology.edu.umh.es<\/a> | <a title=\"Ho veur\u00e0s en una nova finestra\" href=\"https:\/\/www.manazmentpp.sk\/blog\/online-stretnutie-timu-medzinarodneho-projektu-erasmus-neurosmartology\/\" target=\"_blank\" rel=\"noopener noreferrer\">manazmentpp.sk<\/a> | <a title=\"Ho veur\u00e0s en una nova finestra\" href=\"https:\/\/www.skolske.sk\/clanok\/47579\/katedramanazmentu-pf-ku-a-projekt-neurosmartology\" target=\"_blank\" rel=\"noopener noreferrer\">skolske.sk<\/a><\/td>\n<\/tr>\n<tr style=\"border: none\">\n<td><img loading=\"lazy\" class=\"wp-image-24394 aligncenter\" title=\"El projecte europeu NEUROSMARTOLOGY en el qual ha participat la UMH \u00e9s finan\u00e7at per la Uni\u00f3 Europea\" src=\"https:\/\/internacional.umh.es\/files\/2022\/02\/EU-proyecto-logo-1-300x180.jpg\" alt=\"NEUROSMARTOLOGY projecte logo\" width=\"166\" height=\"100\" srcset=\"https:\/\/internacional.umh.es\/files\/2022\/02\/EU-proyecto-logo-1-300x180.jpg 300w, https:\/\/internacional.umh.es\/files\/2022\/02\/EU-proyecto-logo-1.jpg 303w\" sizes=\"(max-width: 166px) 100vw, 166px\" \/><\/td>\n<\/tr>\n<\/tbody>\n<\/table>\n<p>&nbsp;<\/p>\n<p><img loading=\"lazy\" class=\"alignleft wp-image-21596\" title=\"Veure m\u00e9s projectes KA2 realitzats pel servei\" src=\"https:\/\/internacional.umh.es\/files\/2021\/07\/Boton-mas-proyectos.png\" alt=\"Veure m\u00e9s bot\u00f3\" width=\"34\" height=\"34\" srcset=\"https:\/\/internacional.umh.es\/files\/2021\/07\/Boton-mas-proyectos.png 44w, https:\/\/internacional.umh.es\/files\/2021\/07\/Boton-mas-proyectos-32x32.png 32w\" sizes=\"(max-width: 34px) 100vw, 34px\" \/><span style=\"font-size: 12px\"><strong><u>VEURE M\u00c9S PROJECTES KA2 DE 2018<\/u><\/strong><\/span><\/p>\n<p><a href=\"#2021\"><img loading=\"lazy\" class=\"alignright wp-image-20826 size-full\" title=\"Anar al principi de la p\u00e0gina\" src=\"https:\/\/internacional.umh.es\/files\/2021\/06\/Botonarriba.jpg\" alt=\"Bot\u00f3 arriba icona\" width=\"51\" height=\"50\" srcset=\"https:\/\/internacional.umh.es\/files\/2021\/06\/Botonarriba.jpg 51w, https:\/\/internacional.umh.es\/files\/2021\/06\/Botonarriba-32x32.jpg 32w\" sizes=\"(max-width: 51px) 100vw, 51px\" \/><\/a><\/p>\n<hr style=\"border-width: 5px 0 0 0\">\n<p>&nbsp;<\/p>\n<table id=\"Ulisse\" style=\"border: none\">\n<tbody>\n<tr style=\"border: none\">\n<td>\n<p><div style=\"width: 310px\" class=\"wp-caption alignleft\"><a href=\"https:\/\/ulisseproject.eu\" target=\"_blank\" rel=\"noopener noreferrer\" title=\"Ho veur\u00e0s en una nova finestra\"><img loading=\"lazy\" class=\"wp-image-20892 size-medium\" title=\"El projecte europeu Ulisee millora el desenvolupament de les habilitats blanes per part dels estudiants i graduats universitaris\" src=\"https:\/\/internacional.umh.es\/files\/2021\/06\/Logo-Ulisse_logo-1-300x130.jpg\" alt=\"Ulisse logo\" width=\"300\" height=\"130\" srcset=\"https:\/\/internacional.umh.es\/files\/2021\/06\/Logo-Ulisse_logo-1-300x130.jpg 300w, https:\/\/internacional.umh.es\/files\/2021\/06\/Logo-Ulisse_logo-1.jpg 306w\" sizes=\"(max-width: 300px) 100vw, 300px\" \/><\/a><p class=\"wp-caption-text\"><a title=\"Accedeix a la web del projecte en una nova finestra\" href=\"https:\/\/ulisseproject.eu\" target=\"_blank\" rel=\"noopener noreferrer\">ulisseproject.eu<\/a><\/p><\/div><\/td>\n<\/tr>\n<tr style=\"border: none\">\n<td>&nbsp;<\/td>\n<\/tr>\n<tr style=\"border: none\">\n<td>\n<h5><em>Strategic Partnership for Higher Education<\/em><\/h5>\n<\/td>\n<\/tr>\n<tr style=\"border: none\">\n<td>\n<h4><strong>ULISEE: <\/strong><strong>Understanding, Learning and Improving Soft Skills for Employability<\/strong><\/h4>\n<\/td>\n<\/tr>\n<tr style=\"border: none\">\n<td><strong><strong>SOCIS<\/strong><\/strong><\/p>\n<p>\n\t\t<style type=\"text\/css\">\n\t\t\t#gallery-110 {\n\t\t\t\tmargin: auto;\n\t\t\t}\n\t\t\t#gallery-110 .gallery-item {\n\t\t\t\tfloat: left;\n\t\t\t\tmargin-top: 10px;\n\t\t\t\ttext-align: center;\n\t\t\t\twidth: 16%;\n\t\t\t}\n\t\t\t#gallery-110 img {\n\t\t\t\tborder: 2px solid #cfcfcf;\n\t\t\t}\n\t\t\t#gallery-110 .gallery-caption {\n\t\t\t\tmargin-left: 0;\n\t\t\t}\n\t\t\t\/* see gallery_shortcode() in wp-includes\/media.php *\/\n\t\t<\/style>\n\t\t<div id='gallery-110' class='gallery galleryid-20489 gallery-columns-6 gallery-size-medium'><dl class='gallery-item'>\n\t\t\t<dt class='gallery-icon landscape'>\n\t\t\t\t<img width=\"197\" height=\"100\" src=\"https:\/\/internacional.umh.es\/files\/2021\/06\/Universidad-Miguel-Hern\u00e1ndez-Logo-e1623326215137.jpg\" class=\"attachment-medium size-medium\" alt=\"Universidad Miguel Hern\u00e1ndez Logo\" loading=\"lazy\" \/>\n\t\t\t<\/dt><\/dl><dl class='gallery-item'>\n\t\t\t<dt class='gallery-icon landscape'>\n\t\t\t\t<img width=\"300\" height=\"62\" src=\"https:\/\/internacional.umh.es\/files\/2021\/06\/ERREQUADRO-logo-300x62.jpg\" class=\"attachment-medium size-medium\" alt=\"ERREQUADRO Research over research logo\" loading=\"lazy\" aria-describedby=\"gallery-110-20880\" srcset=\"https:\/\/internacional.umh.es\/files\/2021\/06\/ERREQUADRO-logo-300x62.jpg 300w, https:\/\/internacional.umh.es\/files\/2021\/06\/ERREQUADRO-logo.jpg 484w\" sizes=\"(max-width: 300px) 100vw, 300px\" \/>\n\t\t\t<\/dt>\n\t\t\t\t<dd class='wp-caption-text gallery-caption' id='gallery-110-20880'>\n\t\t\t\t<a href=\"https:\/\/www.errequadrosrl.com\/\" target=\"_blank\" title=\"Lo ver\u00e1s en una nueva ventana\" rel=\"noopener noreferrer\">errequadrosrl.com<\/a>\n\t\t\t\t<\/dd><\/dl><dl class='gallery-item'>\n\t\t\t<dt class='gallery-icon landscape'>\n\t\t\t\t<img width=\"161\" height=\"150\" src=\"https:\/\/internacional.umh.es\/files\/2021\/06\/Universidad-de-Letonia-logo.jpg\" class=\"attachment-medium size-medium\" alt=\"Universidad de Letonia logo\" loading=\"lazy\" aria-describedby=\"gallery-110-20886\" \/>\n\t\t\t<\/dt>\n\t\t\t\t<dd class='wp-caption-text gallery-caption' id='gallery-110-20886'>\n\t\t\t\t<a href=\"https:\/\/www.lu.lv\/en\" target=\"_blank\" title=\"Lo ver\u00e1s en una nueva ventana\" rel=\"noopener noreferrer\">lu.lv<\/a>\n\t\t\t\t<\/dd><\/dl><dl class='gallery-item'>\n\t\t\t<dt class='gallery-icon landscape'>\n\t\t\t\t<img width=\"200\" height=\"100\" src=\"https:\/\/internacional.umh.es\/files\/2021\/06\/P-Porto-ISCAP-logo.jpg\" class=\"attachment-medium size-medium\" alt=\"P Porto ISCAP logo\" loading=\"lazy\" aria-describedby=\"gallery-110-20883\" \/>\n\t\t\t<\/dt>\n\t\t\t\t<dd class='wp-caption-text gallery-caption' id='gallery-110-20883'>\n\t\t\t\t<a href=\"https:\/\/www.iscap.ipp.pt\/internacional\/welcome\" target=\"_blank\" title=\"Lo ver\u00e1s en una nueva ventana\" rel=\"noopener noreferrer\">iscap.ipp.pt<\/a>\n\t\t\t\t<\/dd><\/dl>\n\t\t\t<br style='clear: both' \/>\n\t\t<\/div>\n<\/td>\n<\/tr>\n<tr style=\"border: none\">\n<td><strong>ENTITAT COORDINADORA<\/strong><br \/>\n\n\t\t<style type=\"text\/css\">\n\t\t\t#gallery-111 {\n\t\t\t\tmargin: auto;\n\t\t\t}\n\t\t\t#gallery-111 .gallery-item {\n\t\t\t\tfloat: left;\n\t\t\t\tmargin-top: 10px;\n\t\t\t\ttext-align: center;\n\t\t\t\twidth: 50%;\n\t\t\t}\n\t\t\t#gallery-111 img {\n\t\t\t\tborder: 2px solid #cfcfcf;\n\t\t\t}\n\t\t\t#gallery-111 .gallery-caption {\n\t\t\t\tmargin-left: 0;\n\t\t\t}\n\t\t\t\/* see gallery_shortcode() in wp-includes\/media.php *\/\n\t\t<\/style>\n\t\t<div id='gallery-111' class='gallery galleryid-20489 gallery-columns-2 gallery-size-medium'><dl class='gallery-item'>\n\t\t\t<dt class='gallery-icon landscape'>\n\t\t\t\t<img width=\"224\" height=\"150\" src=\"https:\/\/internacional.umh.es\/files\/2021\/06\/Universidad-de-Pisa-logo.jpg\" class=\"attachment-medium size-medium\" alt=\"Universidad de Pisa logo\" loading=\"lazy\" aria-describedby=\"gallery-111-20889\" \/>\n\t\t\t<\/dt>\n\t\t\t\t<dd class='wp-caption-text gallery-caption' id='gallery-111-20889'>\n\t\t\t\t<a href=\"https:\/\/www.unipi.it\/index.php\/espanol\" target=\"_blank\" title=\"Lo ver\u00e1s en una nueva ventana\" rel=\"noopener noreferrer\">unipi.it<\/a>\n\t\t\t\t<\/dd><\/dl>\n\t\t\t<br style='clear: both' \/>\n\t\t<\/div>\n<\/td>\n<\/tr>\n<tr style=\"border: none\">\n<td><strong>PA\u00cfSOS:<\/strong> Espanya, Portugal, Let\u00f2nia, It\u00e0lia<\/td>\n<\/tr>\n<tr style=\"border: none\">\n<td><strong>DATES:<\/strong> 01\/09\/2018 &#8211; 31\/08\/2021<\/td>\n<\/tr>\n<tr style=\"border: none\">\n<td style=\"text-align: justify\"><strong>DESCRIPCI\u00d3:<\/strong> Pret\u00e9n millorar el desenvolupament de les habilitats \u201cblanes\u201d per part dels estudiants i graduats universitaris, a trav\u00e9s de l&#8217;intercanvi de bones pr\u00e0ctiques entre els diferents socis participants.<\/td>\n<\/tr>\n<tr style=\"border: none\">\n<td>\n\t\t<style type=\"text\/css\">\n\t\t\t#gallery-112 {\n\t\t\t\tmargin: auto;\n\t\t\t}\n\t\t\t#gallery-112 .gallery-item {\n\t\t\t\tfloat: left;\n\t\t\t\tmargin-top: 10px;\n\t\t\t\ttext-align: center;\n\t\t\t\twidth: 16%;\n\t\t\t}\n\t\t\t#gallery-112 img {\n\t\t\t\tborder: 2px solid #cfcfcf;\n\t\t\t}\n\t\t\t#gallery-112 .gallery-caption {\n\t\t\t\tmargin-left: 0;\n\t\t\t}\n\t\t\t\/* see gallery_shortcode() in wp-includes\/media.php *\/\n\t\t<\/style>\n\t\t<div id='gallery-112' class='gallery galleryid-20489 gallery-columns-6 gallery-size-thumbnail'><dl class='gallery-item'>\n\t\t\t<dt class='gallery-icon landscape'>\n\t\t\t\t<a href='https:\/\/internacional.umh.es\/ca\/informe-gap-analysis-proyecto-ulisse\/'><img width=\"150\" height=\"150\" src=\"https:\/\/internacional.umh.es\/files\/2021\/06\/Informe-Gap-Analysis-Proyecto-Ulisse-150x150.jpg\" class=\"attachment-thumbnail size-thumbnail\" alt=\"\" loading=\"lazy\" srcset=\"https:\/\/internacional.umh.es\/files\/2021\/06\/Informe-Gap-Analysis-Proyecto-Ulisse-150x150.jpg 150w, https:\/\/internacional.umh.es\/files\/2021\/06\/Informe-Gap-Analysis-Proyecto-Ulisse-32x32.jpg 32w, https:\/\/internacional.umh.es\/files\/2021\/06\/Informe-Gap-Analysis-Proyecto-Ulisse-64x64.jpg 64w, https:\/\/internacional.umh.es\/files\/2021\/06\/Informe-Gap-Analysis-Proyecto-Ulisse-96x96.jpg 96w, https:\/\/internacional.umh.es\/files\/2021\/06\/Informe-Gap-Analysis-Proyecto-Ulisse-128x128.jpg 128w\" sizes=\"(max-width: 150px) 100vw, 150px\" \/><\/a>\n\t\t\t<\/dt><\/dl><dl class='gallery-item'>\n\t\t\t<dt class='gallery-icon landscape'>\n\t\t\t\t<a href='https:\/\/internacional.umh.es\/ca\/participantes-ulisse-umh\/'><img width=\"150\" height=\"150\" src=\"https:\/\/internacional.umh.es\/files\/2021\/06\/Participantes-Ulisse-UMH-150x150.jpg\" class=\"attachment-thumbnail size-thumbnail\" alt=\"\" loading=\"lazy\" srcset=\"https:\/\/internacional.umh.es\/files\/2021\/06\/Participantes-Ulisse-UMH-150x150.jpg 150w, https:\/\/internacional.umh.es\/files\/2021\/06\/Participantes-Ulisse-UMH-32x32.jpg 32w, https:\/\/internacional.umh.es\/files\/2021\/06\/Participantes-Ulisse-UMH-64x64.jpg 64w, https:\/\/internacional.umh.es\/files\/2021\/06\/Participantes-Ulisse-UMH-96x96.jpg 96w, https:\/\/internacional.umh.es\/files\/2021\/06\/Participantes-Ulisse-UMH-128x128.jpg 128w\" sizes=\"(max-width: 150px) 100vw, 150px\" \/><\/a>\n\t\t\t<\/dt><\/dl><dl class='gallery-item'>\n\t\t\t<dt class='gallery-icon landscape'>\n\t\t\t\t<a href='https:\/\/internacional.umh.es\/ca\/observatorio-ocupacional-umh-proyecto-ulisse\/'><img width=\"150\" height=\"150\" src=\"https:\/\/internacional.umh.es\/files\/2021\/06\/Observatorio-Ocupacional-UMH-Proyecto-Ulisse-150x150.jpg\" class=\"attachment-thumbnail size-thumbnail\" alt=\"\" loading=\"lazy\" srcset=\"https:\/\/internacional.umh.es\/files\/2021\/06\/Observatorio-Ocupacional-UMH-Proyecto-Ulisse-150x150.jpg 150w, https:\/\/internacional.umh.es\/files\/2021\/06\/Observatorio-Ocupacional-UMH-Proyecto-Ulisse-32x32.jpg 32w, https:\/\/internacional.umh.es\/files\/2021\/06\/Observatorio-Ocupacional-UMH-Proyecto-Ulisse-64x64.jpg 64w, https:\/\/internacional.umh.es\/files\/2021\/06\/Observatorio-Ocupacional-UMH-Proyecto-Ulisse-96x96.jpg 96w, https:\/\/internacional.umh.es\/files\/2021\/06\/Observatorio-Ocupacional-UMH-Proyecto-Ulisse-128x128.jpg 128w\" sizes=\"(max-width: 150px) 100vw, 150px\" \/><\/a>\n\t\t\t<\/dt><\/dl><dl class='gallery-item'>\n\t\t\t<dt class='gallery-icon landscape'>\n\t\t\t\t<a href='https:\/\/internacional.umh.es\/ca\/profesionales-observatorio-umh-proyecto-ulisse\/'><img width=\"150\" height=\"150\" src=\"https:\/\/internacional.umh.es\/files\/2021\/06\/Profesionales-Observatorio-UMH-Proyecto-Ulisse-150x150.jpg\" class=\"attachment-thumbnail size-thumbnail\" alt=\"\" loading=\"lazy\" srcset=\"https:\/\/internacional.umh.es\/files\/2021\/06\/Profesionales-Observatorio-UMH-Proyecto-Ulisse-150x150.jpg 150w, https:\/\/internacional.umh.es\/files\/2021\/06\/Profesionales-Observatorio-UMH-Proyecto-Ulisse-32x32.jpg 32w, https:\/\/internacional.umh.es\/files\/2021\/06\/Profesionales-Observatorio-UMH-Proyecto-Ulisse-64x64.jpg 64w, https:\/\/internacional.umh.es\/files\/2021\/06\/Profesionales-Observatorio-UMH-Proyecto-Ulisse-96x96.jpg 96w, https:\/\/internacional.umh.es\/files\/2021\/06\/Profesionales-Observatorio-UMH-Proyecto-Ulisse-128x128.jpg 128w\" sizes=\"(max-width: 150px) 100vw, 150px\" \/><\/a>\n\t\t\t<\/dt><\/dl><dl class='gallery-item'>\n\t\t\t<dt class='gallery-icon landscape'>\n\t\t\t\t<a href='https:\/\/internacional.umh.es\/ca\/socios-participantes-proyecto-ulisse\/'><img width=\"150\" height=\"150\" src=\"https:\/\/internacional.umh.es\/files\/2021\/06\/Socios-participantes-Proyecto-Ulisse-150x150.jpg\" class=\"attachment-thumbnail size-thumbnail\" alt=\"\" loading=\"lazy\" srcset=\"https:\/\/internacional.umh.es\/files\/2021\/06\/Socios-participantes-Proyecto-Ulisse-150x150.jpg 150w, https:\/\/internacional.umh.es\/files\/2021\/06\/Socios-participantes-Proyecto-Ulisse-32x32.jpg 32w, https:\/\/internacional.umh.es\/files\/2021\/06\/Socios-participantes-Proyecto-Ulisse-64x64.jpg 64w, https:\/\/internacional.umh.es\/files\/2021\/06\/Socios-participantes-Proyecto-Ulisse-96x96.jpg 96w, https:\/\/internacional.umh.es\/files\/2021\/06\/Socios-participantes-Proyecto-Ulisse-128x128.jpg 128w\" sizes=\"(max-width: 150px) 100vw, 150px\" \/><\/a>\n\t\t\t<\/dt><\/dl><dl class='gallery-item'>\n\t\t\t<dt class='gallery-icon landscape'>\n\t\t\t\t<a href='https:\/\/internacional.umh.es\/ca\/mapa-mental-proyecto-ulisse\/'><img width=\"150\" height=\"150\" src=\"https:\/\/internacional.umh.es\/files\/2021\/06\/Mapa-mental-Proyecto-Ulisse-150x150.jpg\" class=\"attachment-thumbnail size-thumbnail\" alt=\"\" loading=\"lazy\" srcset=\"https:\/\/internacional.umh.es\/files\/2021\/06\/Mapa-mental-Proyecto-Ulisse-150x150.jpg 150w, https:\/\/internacional.umh.es\/files\/2021\/06\/Mapa-mental-Proyecto-Ulisse-32x32.jpg 32w, https:\/\/internacional.umh.es\/files\/2021\/06\/Mapa-mental-Proyecto-Ulisse-64x64.jpg 64w, https:\/\/internacional.umh.es\/files\/2021\/06\/Mapa-mental-Proyecto-Ulisse-96x96.jpg 96w, https:\/\/internacional.umh.es\/files\/2021\/06\/Mapa-mental-Proyecto-Ulisse-128x128.jpg 128w\" sizes=\"(max-width: 150px) 100vw, 150px\" \/><\/a>\n\t\t\t<\/dt><\/dl><br style=\"clear: both\" \/>\n\t\t<\/div>\n<\/td>\n<\/tr>\n<tr style=\"border: none\">\n<td style=\"text-align: center\"><a title=\"Ho veur\u00e0s en una nova finestra\" href=\"https:\/\/www.linkedin.com\/pulse\/most-critical-soft-skills-identified-employers-survey-aguiar-vieira?trk=public_profile_article_view\" target=\"_blank\" rel=\"noopener noreferrer\">linkedin.com<\/a> | <a title=\"Ho veur\u00e0s en una nova finestra\" href=\"https:\/\/internacional.umh.es\/2019\/06\/06\/nueva-web-del-proyecto-europeo-ulisee-en-el-que-colabora-el-vicerrectorado-de-relaciones-internacionales\/\" target=\"_blank\" rel=\"noopener noreferrer\">internacional.umh.es<\/a> | <a title=\"Ho veur\u00e0s en una nova finestra\" href=\"https:\/\/comunicacion.umh.es\/2018\/09\/07\/proyecto-europeo-sobre-mejora-de-las-competencias-profesionales\/\" target=\"_blank\" rel=\"noopener noreferrer\">comunicacion.umh.es<\/a> | <a title=\"Ho veur\u00e0s en una nova finestra\" href=\"https:\/\/ulisseproject.eu\/whats-up\/\" target=\"_blank\" rel=\"noopener noreferrer\">ulisseproject.eu<\/a> | <a title=\"Ho veur\u00e0s en una nova finestra\" href=\"https:\/\/observatorio.umh.es\/2019\/12\/05\/el-observatorio-ocupacional-participa-en-un-encuentro-de-trabajo-del-proyecto-ulisse-en-oporto\/\" target=\"_blank\" rel=\"noopener noreferrer\">observatorio.umh.es<\/a> | <a title=\"Ho veur\u00e0s en una nova finestra\" href=\"https:\/\/www.linkedin.com\/pulse\/ser%C3%ADa-%C3%BAtil-tener-un-detector-de-habilidades-blandas-domingo-galiana?trk=public_profile_article_view\" target=\"_blank\" rel=\"noopener noreferrer\">linkedin.com<\/a> | <a title=\"Ho veur\u00e0s en una nova finestra\" href=\"https:\/\/ruvid.org\/wordpress\/?p=42248\" target=\"_blank\" rel=\"noopener noreferrer\">ruvid.org<\/a> | <a title=\"Ho veur\u00e0s en una nova finestra\" href=\"https:\/\/ulisseproject.eu\/wp-content\/uploads\/2020\/01\/Ulisseproject-Soft-skill-Lexicon.pdf\" target=\"_blank\" rel=\"noopener noreferrer\">softskilllexicon<\/a> | <a title=\"Ho veur\u00e0s en una nova finestra\" href=\"https:\/\/ulisseproject.eu\/wp-content\/uploads\/2020\/01\/ULISSE_Soft_Skills_MindMap_IO2.pdf\" target=\"_blank\" rel=\"noopener noreferrer\">softskillmindmap<\/a> | <a title=\"Ho veur\u00e0s en una nova finestra\" href=\"https:\/\/ulisseproject.eu\/wp-content\/uploads\/2020\/01\/ulisse_soft_skills_survey_report_io2.pdf\" target=\"_blank\" rel=\"noopener noreferrer\">softskillsurveyreport<\/a> | <a title=\"Ho veur\u00e0s en una nova finestra\" href=\"https:\/\/ulisseproject.eu\/wp-content\/uploads\/2020\/04\/ULISSE_IO3_Student_CV.pdf\" target=\"_blank\" rel=\"noopener noreferrer\">studentcvanalysis<\/a> | <a title=\"Ho veur\u00e0s en una nova finestra\" href=\"https:\/\/ulisseproject.eu\/wp-content\/uploads\/2020\/11\/ULISSE_IO3_Soft-skills_Gap-Analysis.pdf\" target=\"_blank\" rel=\"noopener noreferrer\">softskillsgapanalysis<\/a><\/td>\n<\/tr>\n<tr style=\"border: none\">\n<td><img loading=\"lazy\" class=\"wp-image-24394 aligncenter\" title=\"El projecte europeu ULISEE en el qual ha participat la UMH \u00e9s finan\u00e7at per la Uni\u00f3 Europea\" src=\"https:\/\/internacional.umh.es\/files\/2022\/02\/EU-proyecto-logo-1-300x180.jpg\" alt=\"ULISEE projecte logo\" width=\"166\" height=\"100\" srcset=\"https:\/\/internacional.umh.es\/files\/2022\/02\/EU-proyecto-logo-1-300x180.jpg 300w, https:\/\/internacional.umh.es\/files\/2022\/02\/EU-proyecto-logo-1.jpg 303w\" sizes=\"(max-width: 166px) 100vw, 166px\" \/><\/td>\n<\/tr>\n<\/tbody>\n<\/table>\n<p>&nbsp;<br \/>\n<a href=\"#2021\"><img loading=\"lazy\" class=\"alignright wp-image-20826 size-full\" title=\"Anar al principi de la p\u00e0gina\" src=\"https:\/\/internacional.umh.es\/files\/2021\/06\/Botonarriba.jpg\" alt=\"Bot\u00f3n arriba icono\" width=\"51\" height=\"50\" srcset=\"https:\/\/internacional.umh.es\/files\/2021\/06\/Botonarriba.jpg 51w, https:\/\/internacional.umh.es\/files\/2021\/06\/Botonarriba-32x32.jpg 32w\" sizes=\"(max-width: 51px) 100vw, 51px\" \/><\/a><\/p>\n<hr style=\"border-width: 5px 0 0 0\">\n<p>&nbsp;<\/p>\n<table id=\"2017\" style=\"border: none\">\n<tbody>\n<tr style=\"border: none\">\n<td id=\"TravelTransformation\">\n<p><div style=\"width: 199px\" class=\"wp-caption alignleft\"><a href=\"http:\/\/traveltransformation.ccclab.de\/es\" target=\"_blank\" rel=\"noopener noreferrer\" title=\"Ho veur\u00e0s en una nova finestra\"><img loading=\"lazy\" class=\"wp-image-20862\" title=\"En el projecte Travel Transformation participa la KMGNE i la UMH\" src=\"https:\/\/internacional.umh.es\/files\/2021\/06\/SUI17-Travel-Transformation-logo.jpg\" alt=\"SUI17 Travel Transformation logo\" width=\"189\" height=\"180\"><\/a><p class=\"wp-caption-text\"><a title=\"Accedeix a la web del projecte en una nova finestra\" href=\"http:\/\/traveltransformation.ccclab.de\/es\/\" target=\"_blank\" rel=\"noopener noreferrer\">traveltransformation.ccclab.de<\/a><\/p><\/div><\/td>\n<\/tr>\n<tr style=\"border: none\">\n<td>&nbsp;<\/td>\n<\/tr>\n<tr style=\"border: none\">\n<td>\n<h5><em>Capacity Building for Youth<\/em><\/h5>\n<\/td>\n<\/tr>\n<tr style=\"border: none\">\n<td>\n<h4><strong>Travel Transformation<\/strong><strong>: <\/strong><strong>A transm\u00e8dia travel guide on social-ecological challenges<\/strong><\/h4>\n<\/td>\n<\/tr>\n<tr style=\"border: none\">\n<td><strong><strong>SOCIS<\/strong><\/strong><br \/>\n\n\t\t<style type=\"text\/css\">\n\t\t\t#gallery-113 {\n\t\t\t\tmargin: auto;\n\t\t\t}\n\t\t\t#gallery-113 .gallery-item {\n\t\t\t\tfloat: left;\n\t\t\t\tmargin-top: 10px;\n\t\t\t\ttext-align: center;\n\t\t\t\twidth: 33%;\n\t\t\t}\n\t\t\t#gallery-113 img {\n\t\t\t\tborder: 2px solid #cfcfcf;\n\t\t\t}\n\t\t\t#gallery-113 .gallery-caption {\n\t\t\t\tmargin-left: 0;\n\t\t\t}\n\t\t\t\/* see gallery_shortcode() in wp-includes\/media.php *\/\n\t\t<\/style>\n\t\t<div id='gallery-113' class='gallery galleryid-20489 gallery-columns-3 gallery-size-medium'><dl class='gallery-item'>\n\t\t\t<dt class='gallery-icon landscape'>\n\t\t\t\t<img width=\"197\" height=\"100\" src=\"https:\/\/internacional.umh.es\/files\/2021\/06\/Universidad-Miguel-Hern\u00e1ndez-Logo-e1623326215137.jpg\" class=\"attachment-medium size-medium\" alt=\"Universidad Miguel Hern\u00e1ndez Logo\" loading=\"lazy\" \/>\n\t\t\t<\/dt><\/dl>\n\t\t\t<br style='clear: both' \/>\n\t\t<\/div>\n<\/td>\n<\/tr>\n<tr style=\"border: none\">\n<td><strong><strong>ENTITAT COORDINADORA<br \/>\n<\/strong><\/strong>\n\t\t<style type=\"text\/css\">\n\t\t\t#gallery-114 {\n\t\t\t\tmargin: auto;\n\t\t\t}\n\t\t\t#gallery-114 .gallery-item {\n\t\t\t\tfloat: left;\n\t\t\t\tmargin-top: 10px;\n\t\t\t\ttext-align: center;\n\t\t\t\twidth: 25%;\n\t\t\t}\n\t\t\t#gallery-114 img {\n\t\t\t\tborder: 2px solid #cfcfcf;\n\t\t\t}\n\t\t\t#gallery-114 .gallery-caption {\n\t\t\t\tmargin-left: 0;\n\t\t\t}\n\t\t\t\/* see gallery_shortcode() in wp-includes\/media.php *\/\n\t\t<\/style>\n\t\t<div id='gallery-114' class='gallery galleryid-20489 gallery-columns-4 gallery-size-medium'><dl class='gallery-item'>\n\t\t\t<dt class='gallery-icon landscape'>\n\t\t\t\t<img width=\"300\" height=\"114\" src=\"https:\/\/internacional.umh.es\/files\/2021\/06\/KMGNE-Kolleg-fUr-Management-und-Gestaltung-nachhaltiger-Entwicklung-1-300x114.jpg\" class=\"attachment-medium size-medium\" alt=\"KMGNE Kolleg fUr Management und Gestaltung nachhaltiger Entwicklung logo\" loading=\"lazy\" aria-describedby=\"gallery-114-20676\" srcset=\"https:\/\/internacional.umh.es\/files\/2021\/06\/KMGNE-Kolleg-fUr-Management-und-Gestaltung-nachhaltiger-Entwicklung-1-300x114.jpg 300w, https:\/\/internacional.umh.es\/files\/2021\/06\/KMGNE-Kolleg-fUr-Management-und-Gestaltung-nachhaltiger-Entwicklung-1.jpg 305w\" sizes=\"(max-width: 300px) 100vw, 300px\" \/>\n\t\t\t<\/dt>\n\t\t\t\t<dd class='wp-caption-text gallery-caption' id='gallery-114-20676'>\n\t\t\t\t<a href=\"http:\/\/spanish.kmgne.de\" target=\"_blank\" title=\"Lo ver\u00e1s en una nueva ventana\" rel=\"noopener noreferrer\">kmgne.de<\/a>\n\t\t\t\t<\/dd><\/dl>\n\t\t\t<br style='clear: both' \/>\n\t\t<\/div>\n<\/td>\n<\/tr>\n<tr style=\"border: none\">\n<td><strong>PA\u00cfSOS:<\/strong> Xile, M\u00e8xic, l&#8217;Equador, Gr\u00e8cia, Alemanya, Espanya<\/td>\n<\/tr>\n<tr style=\"border: none\">\n<td><strong>DATES:<\/strong> 01\/04\/2017 &#8211; 31\/04\/2018<\/td>\n<\/tr>\n<tr style=\"border: none\">\n<td style=\"text-align: justify\"><strong>DESCRIPCI\u00d3: <\/strong>En Travel Transformation l&#8217;objectiu \u00e9s millorar les capacitats comunicatives dels inscrits per a la conscienciaci\u00f3 del canvi clim\u00e0tic i la sostenibilitat. El grup de participants de sis pa\u00efsos diferents: Xile, M\u00e8xic, l&#8217;Equador, Gr\u00e8cia, Alemanya i Espanya, s&#8217;ha dividit en diversos tallers: espot, animaci\u00f3, TV en l\u00ednia, r\u00e0dio, pintura i transm\u00e8dia.<\/td>\n<\/tr>\n<tr style=\"border: none\">\n<td>\n\t\t<style type=\"text\/css\">\n\t\t\t#gallery-115 {\n\t\t\t\tmargin: auto;\n\t\t\t}\n\t\t\t#gallery-115 .gallery-item {\n\t\t\t\tfloat: left;\n\t\t\t\tmargin-top: 10px;\n\t\t\t\ttext-align: center;\n\t\t\t\twidth: 20%;\n\t\t\t}\n\t\t\t#gallery-115 img {\n\t\t\t\tborder: 2px solid #cfcfcf;\n\t\t\t}\n\t\t\t#gallery-115 .gallery-caption {\n\t\t\t\tmargin-left: 0;\n\t\t\t}\n\t\t\t\/* see gallery_shortcode() in wp-includes\/media.php *\/\n\t\t<\/style>\n\t\t<div id='gallery-115' class='gallery galleryid-20489 gallery-columns-5 gallery-size-thumbnail'><dl class='gallery-item'>\n\t\t\t<dt class='gallery-icon landscape'>\n\t\t\t\t<a href='https:\/\/internacional.umh.es\/ca\/c4cc-proyecto-grupo-de-trabajo-conferencia\/'><img width=\"150\" height=\"150\" src=\"https:\/\/internacional.umh.es\/files\/2021\/06\/C4CC-proyecto-grupo-de-trabajo-conferencia-150x150.jpg\" class=\"attachment-thumbnail size-thumbnail\" alt=\"C4CC proyecto grupo de trabajo conferencia\" loading=\"lazy\" srcset=\"https:\/\/internacional.umh.es\/files\/2021\/06\/C4CC-proyecto-grupo-de-trabajo-conferencia-150x150.jpg 150w, https:\/\/internacional.umh.es\/files\/2021\/06\/C4CC-proyecto-grupo-de-trabajo-conferencia-32x32.jpg 32w, https:\/\/internacional.umh.es\/files\/2021\/06\/C4CC-proyecto-grupo-de-trabajo-conferencia-64x64.jpg 64w, https:\/\/internacional.umh.es\/files\/2021\/06\/C4CC-proyecto-grupo-de-trabajo-conferencia-96x96.jpg 96w, https:\/\/internacional.umh.es\/files\/2021\/06\/C4CC-proyecto-grupo-de-trabajo-conferencia-128x128.jpg 128w\" sizes=\"(max-width: 150px) 100vw, 150px\" \/><\/a>\n\t\t\t<\/dt><\/dl><dl class='gallery-item'>\n\t\t\t<dt class='gallery-icon portrait'>\n\t\t\t\t<a href='https:\/\/internacional.umh.es\/ca\/cartel-taller-travel-transformation-umh\/'><img width=\"150\" height=\"150\" src=\"https:\/\/internacional.umh.es\/files\/2021\/06\/Cartel-taller-Travel-Transformation-UMH-150x150.jpg\" class=\"attachment-thumbnail size-thumbnail\" alt=\"Cartel taller Travel Transformation UMH\" loading=\"lazy\" srcset=\"https:\/\/internacional.umh.es\/files\/2021\/06\/Cartel-taller-Travel-Transformation-UMH-150x150.jpg 150w, https:\/\/internacional.umh.es\/files\/2021\/06\/Cartel-taller-Travel-Transformation-UMH-32x32.jpg 32w, https:\/\/internacional.umh.es\/files\/2021\/06\/Cartel-taller-Travel-Transformation-UMH-64x64.jpg 64w, https:\/\/internacional.umh.es\/files\/2021\/06\/Cartel-taller-Travel-Transformation-UMH-96x96.jpg 96w, https:\/\/internacional.umh.es\/files\/2021\/06\/Cartel-taller-Travel-Transformation-UMH-128x128.jpg 128w\" sizes=\"(max-width: 150px) 100vw, 150px\" \/><\/a>\n\t\t\t<\/dt><\/dl><dl class='gallery-item'>\n\t\t\t<dt class='gallery-icon landscape'>\n\t\t\t\t<a href='https:\/\/internacional.umh.es\/ca\/c4cc-proyecto-grupo-de-trabajo-conferencia-asistentes\/'><img width=\"150\" height=\"150\" src=\"https:\/\/internacional.umh.es\/files\/2021\/06\/C4CC-proyecto-grupo-de-trabajo-conferencia-asistentes-150x150.jpg\" class=\"attachment-thumbnail size-thumbnail\" alt=\"C4CC proyecto grupo de trabajo conferencia asistentes\" loading=\"lazy\" srcset=\"https:\/\/internacional.umh.es\/files\/2021\/06\/C4CC-proyecto-grupo-de-trabajo-conferencia-asistentes-150x150.jpg 150w, https:\/\/internacional.umh.es\/files\/2021\/06\/C4CC-proyecto-grupo-de-trabajo-conferencia-asistentes-32x32.jpg 32w, https:\/\/internacional.umh.es\/files\/2021\/06\/C4CC-proyecto-grupo-de-trabajo-conferencia-asistentes-64x64.jpg 64w, https:\/\/internacional.umh.es\/files\/2021\/06\/C4CC-proyecto-grupo-de-trabajo-conferencia-asistentes-96x96.jpg 96w, https:\/\/internacional.umh.es\/files\/2021\/06\/C4CC-proyecto-grupo-de-trabajo-conferencia-asistentes-128x128.jpg 128w\" sizes=\"(max-width: 150px) 100vw, 150px\" \/><\/a>\n\t\t\t<\/dt><\/dl><dl class='gallery-item'>\n\t\t\t<dt class='gallery-icon landscape'>\n\t\t\t\t<a href='https:\/\/internacional.umh.es\/ca\/c4cc-proyecto-grupo-de-trabajo-conferencia-puzzle\/'><img width=\"150\" height=\"150\" src=\"https:\/\/internacional.umh.es\/files\/2021\/06\/C4CC-proyecto-grupo-de-trabajo-conferencia-puzzle-150x150.jpg\" class=\"attachment-thumbnail size-thumbnail\" alt=\"C4CC proyecto grupo de trabajo conferencia puzzle\" loading=\"lazy\" srcset=\"https:\/\/internacional.umh.es\/files\/2021\/06\/C4CC-proyecto-grupo-de-trabajo-conferencia-puzzle-150x150.jpg 150w, https:\/\/internacional.umh.es\/files\/2021\/06\/C4CC-proyecto-grupo-de-trabajo-conferencia-puzzle-32x32.jpg 32w, https:\/\/internacional.umh.es\/files\/2021\/06\/C4CC-proyecto-grupo-de-trabajo-conferencia-puzzle-64x64.jpg 64w, https:\/\/internacional.umh.es\/files\/2021\/06\/C4CC-proyecto-grupo-de-trabajo-conferencia-puzzle-96x96.jpg 96w, https:\/\/internacional.umh.es\/files\/2021\/06\/C4CC-proyecto-grupo-de-trabajo-conferencia-puzzle-128x128.jpg 128w\" sizes=\"(max-width: 150px) 100vw, 150px\" \/><\/a>\n\t\t\t<\/dt><\/dl><dl class='gallery-item'>\n\t\t\t<dt class='gallery-icon landscape'>\n\t\t\t\t<a href='https:\/\/internacional.umh.es\/ca\/c4cc-proyecto-grupo-de-trabajo-conferencia-exteriores\/'><img width=\"150\" height=\"150\" src=\"https:\/\/internacional.umh.es\/files\/2021\/06\/C4CC-proyecto-grupo-de-trabajo-conferencia-exteriores-150x150.jpg\" class=\"attachment-thumbnail size-thumbnail\" alt=\"C4CC proyecto grupo de trabajo conferencia exteriores\" loading=\"lazy\" srcset=\"https:\/\/internacional.umh.es\/files\/2021\/06\/C4CC-proyecto-grupo-de-trabajo-conferencia-exteriores-150x150.jpg 150w, https:\/\/internacional.umh.es\/files\/2021\/06\/C4CC-proyecto-grupo-de-trabajo-conferencia-exteriores-32x32.jpg 32w, https:\/\/internacional.umh.es\/files\/2021\/06\/C4CC-proyecto-grupo-de-trabajo-conferencia-exteriores-64x64.jpg 64w, https:\/\/internacional.umh.es\/files\/2021\/06\/C4CC-proyecto-grupo-de-trabajo-conferencia-exteriores-96x96.jpg 96w, https:\/\/internacional.umh.es\/files\/2021\/06\/C4CC-proyecto-grupo-de-trabajo-conferencia-exteriores-128x128.jpg 128w\" sizes=\"(max-width: 150px) 100vw, 150px\" \/><\/a>\n\t\t\t<\/dt><\/dl><br style=\"clear: both\" \/><dl class='gallery-item'>\n\t\t\t<dt class='gallery-icon landscape'>\n\t\t\t\t<a href='https:\/\/internacional.umh.es\/ca\/c4cc-proyecto-logo-manual\/'><img width=\"150\" height=\"150\" src=\"https:\/\/internacional.umh.es\/files\/2021\/06\/C4CC-proyecto-logo-manual-150x150.jpg\" class=\"attachment-thumbnail size-thumbnail\" alt=\"C4CC proyecto logo manual\" loading=\"lazy\" srcset=\"https:\/\/internacional.umh.es\/files\/2021\/06\/C4CC-proyecto-logo-manual-150x150.jpg 150w, https:\/\/internacional.umh.es\/files\/2021\/06\/C4CC-proyecto-logo-manual-32x32.jpg 32w, https:\/\/internacional.umh.es\/files\/2021\/06\/C4CC-proyecto-logo-manual-64x64.jpg 64w, https:\/\/internacional.umh.es\/files\/2021\/06\/C4CC-proyecto-logo-manual-96x96.jpg 96w, https:\/\/internacional.umh.es\/files\/2021\/06\/C4CC-proyecto-logo-manual-128x128.jpg 128w\" sizes=\"(max-width: 150px) 100vw, 150px\" \/><\/a>\n\t\t\t<\/dt><\/dl><dl class='gallery-item'>\n\t\t\t<dt class='gallery-icon landscape'>\n\t\t\t\t<a href='https:\/\/internacional.umh.es\/ca\/c4cc-proyecto-grupo-de-trabajo-sesion-musica\/'><img width=\"150\" height=\"150\" src=\"https:\/\/internacional.umh.es\/files\/2021\/06\/C4CC-proyecto-grupo-de-trabajo-sesion-musica-150x150.jpg\" class=\"attachment-thumbnail size-thumbnail\" alt=\"C4CC proyecto grupo de trabajo sesi\u00f3n m\u00fasica\" loading=\"lazy\" srcset=\"https:\/\/internacional.umh.es\/files\/2021\/06\/C4CC-proyecto-grupo-de-trabajo-sesion-musica-150x150.jpg 150w, https:\/\/internacional.umh.es\/files\/2021\/06\/C4CC-proyecto-grupo-de-trabajo-sesion-musica-32x32.jpg 32w, https:\/\/internacional.umh.es\/files\/2021\/06\/C4CC-proyecto-grupo-de-trabajo-sesion-musica-64x64.jpg 64w, https:\/\/internacional.umh.es\/files\/2021\/06\/C4CC-proyecto-grupo-de-trabajo-sesion-musica-96x96.jpg 96w, https:\/\/internacional.umh.es\/files\/2021\/06\/C4CC-proyecto-grupo-de-trabajo-sesion-musica-128x128.jpg 128w\" sizes=\"(max-width: 150px) 100vw, 150px\" \/><\/a>\n\t\t\t<\/dt><\/dl><dl class='gallery-item'>\n\t\t\t<dt class='gallery-icon landscape'>\n\t\t\t\t<a href='https:\/\/internacional.umh.es\/ca\/c4cc-proyecto-taller-lugar-de-trabajo\/'><img width=\"150\" height=\"150\" src=\"https:\/\/internacional.umh.es\/files\/2021\/06\/C4CC-proyecto-taller-lugar-de-trabajo-150x150.jpg\" class=\"attachment-thumbnail size-thumbnail\" alt=\"C4CC proyecto taller lugar de trabajo\" loading=\"lazy\" srcset=\"https:\/\/internacional.umh.es\/files\/2021\/06\/C4CC-proyecto-taller-lugar-de-trabajo-150x150.jpg 150w, https:\/\/internacional.umh.es\/files\/2021\/06\/C4CC-proyecto-taller-lugar-de-trabajo-32x32.jpg 32w, https:\/\/internacional.umh.es\/files\/2021\/06\/C4CC-proyecto-taller-lugar-de-trabajo-64x64.jpg 64w, https:\/\/internacional.umh.es\/files\/2021\/06\/C4CC-proyecto-taller-lugar-de-trabajo-96x96.jpg 96w, https:\/\/internacional.umh.es\/files\/2021\/06\/C4CC-proyecto-taller-lugar-de-trabajo-128x128.jpg 128w\" sizes=\"(max-width: 150px) 100vw, 150px\" \/><\/a>\n\t\t\t<\/dt><\/dl><dl class='gallery-item'>\n\t\t\t<dt class='gallery-icon landscape'>\n\t\t\t\t<a href='https:\/\/internacional.umh.es\/ca\/c4cc-proyecto-grupo-de-trabajo-exteriores\/'><img width=\"150\" height=\"150\" src=\"https:\/\/internacional.umh.es\/files\/2021\/06\/C4CC-proyecto-grupo-de-trabajo-exteriores-150x150.jpg\" class=\"attachment-thumbnail size-thumbnail\" alt=\"C4CC proyecto grupo de trabajo exteriores\" loading=\"lazy\" srcset=\"https:\/\/internacional.umh.es\/files\/2021\/06\/C4CC-proyecto-grupo-de-trabajo-exteriores-150x150.jpg 150w, https:\/\/internacional.umh.es\/files\/2021\/06\/C4CC-proyecto-grupo-de-trabajo-exteriores-32x32.jpg 32w, https:\/\/internacional.umh.es\/files\/2021\/06\/C4CC-proyecto-grupo-de-trabajo-exteriores-64x64.jpg 64w, https:\/\/internacional.umh.es\/files\/2021\/06\/C4CC-proyecto-grupo-de-trabajo-exteriores-96x96.jpg 96w, https:\/\/internacional.umh.es\/files\/2021\/06\/C4CC-proyecto-grupo-de-trabajo-exteriores-128x128.jpg 128w\" sizes=\"(max-width: 150px) 100vw, 150px\" \/><\/a>\n\t\t\t<\/dt><\/dl><dl class='gallery-item'>\n\t\t\t<dt class='gallery-icon landscape'>\n\t\t\t\t<a href='https:\/\/internacional.umh.es\/ca\/c4cc-proyecto-grupo-de-trabajo-conferencia-oficina\/'><img width=\"150\" height=\"150\" src=\"https:\/\/internacional.umh.es\/files\/2021\/06\/C4CC-proyecto-grupo-de-trabajo-conferencia-oficina-150x150.jpg\" class=\"attachment-thumbnail size-thumbnail\" alt=\"C4CC proyecto grupo de trabajo conferencia oficina\" loading=\"lazy\" srcset=\"https:\/\/internacional.umh.es\/files\/2021\/06\/C4CC-proyecto-grupo-de-trabajo-conferencia-oficina-150x150.jpg 150w, https:\/\/internacional.umh.es\/files\/2021\/06\/C4CC-proyecto-grupo-de-trabajo-conferencia-oficina-32x32.jpg 32w, https:\/\/internacional.umh.es\/files\/2021\/06\/C4CC-proyecto-grupo-de-trabajo-conferencia-oficina-64x64.jpg 64w, https:\/\/internacional.umh.es\/files\/2021\/06\/C4CC-proyecto-grupo-de-trabajo-conferencia-oficina-96x96.jpg 96w, https:\/\/internacional.umh.es\/files\/2021\/06\/C4CC-proyecto-grupo-de-trabajo-conferencia-oficina-128x128.jpg 128w\" sizes=\"(max-width: 150px) 100vw, 150px\" \/><\/a>\n\t\t\t<\/dt><\/dl><br style=\"clear: both\" \/>\n\t\t<\/div>\n<\/p>\n<p><iframe  style=\"display: block; margin: 0px auto;\"  id=\"_ytid_32164\"  width=\"480\" height=\"270\"  data-origwidth=\"480\" data-origheight=\"270\" src=\"https:\/\/www.youtube.com\/embed\/cLbv87ZSuZg?enablejsapi=1&autoplay=0&cc_load_policy=0&cc_lang_pref=&iv_load_policy=1&loop=0&modestbranding=0&rel=1&fs=1&playsinline=0&autohide=2&theme=dark&color=red&controls=1&\" class=\"__youtube_prefs__  no-lazyload\" title=\"YouTube player\"  allow=\"accelerometer; autoplay; clipboard-write; encrypted-media; gyroscope; picture-in-picture\" allowfullscreen data-no-lazy=\"1\" data-skipgform_ajax_framebjll=\"\"><\/iframe><\/td>\n<\/tr>\n<tr style=\"border: none\">\n<td style=\"text-align: center\"><a title=\"Ho veur\u00e0s en una nova finestra\" href=\"http:\/\/spanish.kmgne.de\" target=\"_blank\" rel=\"noopener noreferrer\">spanish.kmgne.de<\/a> | <a title=\"Ho veur\u00e0s en una nova finestra\" href=\"http:\/\/kmgne.de\/wir-machen\/projekte-liste\/travel-transformation\/\" target=\"_blank\" rel=\"noopener noreferrer\">kmgne.de<\/a> | <a title=\"Ho veur\u00e0s en una nova finestra\" href=\"https:\/\/internacional.umh.es\/2018\/02\/05\/estudiantes-de-la-umh-concluyen-la-fase-presencial-del-proyecto-internacional-travel-transformation-para-el-desarrollo-sostenible\/\" target=\"_blank\" rel=\"noopener noreferrer\">internacional.umh.es<\/a> | <a title=\"Ho veur\u00e0s en una nova finestra\" href=\"https:\/\/internacional.umh.es\/2017\/09\/05\/la-umh-participa-en-un-proyecto-para-concienciar-sobre-el-cambio-climatico\/\" target=\"_blank\" rel=\"noopener noreferrer\">umh.es<\/a> | <a title=\"Ho veur\u00e0s en una nova finestra\" href=\"http:\/\/traveltransformation.ccclab.de\" target=\"_blank\" rel=\"noopener noreferrer\">traveltransformation.ccclab.de<\/a> | <a title=\"Ho veur\u00e0s en una nova finestra\" href=\"https:\/\/diplomadointernacionaldeverano.wordpress.com\" target=\"_blank\" rel=\"noopener noreferrer\">diplomadointernacionaldeverano<\/a><\/td>\n<\/tr>\n<tr style=\"border: none\">\n<td><img loading=\"lazy\" class=\"wp-image-24394 aligncenter\" title=\"El projecte europeu Travel Transformation en el qual ha participat la UMH \u00e9s finan\u00e7at per la Uni\u00f3 Europea\" src=\"https:\/\/internacional.umh.es\/files\/2022\/02\/EU-proyecto-logo-1-300x180.jpg\" alt=\"Travel Transformation projecte logo\" width=\"166\" height=\"100\" srcset=\"https:\/\/internacional.umh.es\/files\/2022\/02\/EU-proyecto-logo-1-300x180.jpg 300w, https:\/\/internacional.umh.es\/files\/2022\/02\/EU-proyecto-logo-1.jpg 303w\" sizes=\"(max-width: 166px) 100vw, 166px\" \/><\/td>\n<\/tr>\n<\/tbody>\n<\/table>\n<p>&nbsp;<br \/>\n<a href=\"#2021\"><img loading=\"lazy\" class=\"alignright wp-image-20826 size-full\" title=\"Anar al principi de la p\u00e0gina\" src=\"https:\/\/internacional.umh.es\/files\/2021\/06\/Botonarriba.jpg\" alt=\"Bot\u00f3 arriba icona\" width=\"51\" height=\"50\" srcset=\"https:\/\/internacional.umh.es\/files\/2021\/06\/Botonarriba.jpg 51w, https:\/\/internacional.umh.es\/files\/2021\/06\/Botonarriba-32x32.jpg 32w\" sizes=\"(max-width: 51px) 100vw, 51px\" \/><\/a><\/p>\n<hr style=\"border-width: 5px 0 0 0\">\n<p>&nbsp;<\/p>\n<table id=\"2016\" style=\"border: none\">\n<tbody>\n<tr style=\"border: none\">\n<td id=\"memtrain\">\n<p><div style=\"width: 237px\" class=\"wp-caption alignleft\"><a href=\"https:\/\/memtrain.eu\" target=\"_blank\" rel=\"noopener noreferrer\" title=\"Ho veur\u00e0s en una nova finestra\"><img loading=\"lazy\" class=\"wp-image-20780 size-full\" title=\"El projecte europeu MemTrain se centra en exercici f\u00edsic i entrenament mental entre la poblaci\u00f3 adulta\" src=\"https:\/\/internacional.umh.es\/files\/2021\/06\/memtrain-logo.jpg\" alt=\"MemTrain logo\" width=\"227\" height=\"140\"><\/a><p class=\"wp-caption-text\"><a title=\"Accedeix a la web del projecte en una nova finestra\" href=\"https:\/\/memtrain.eu\" target=\"_blank\" rel=\"noopener noreferrer\">memtrain.eu<\/a><\/p><\/div><\/td>\n<\/tr>\n<tr style=\"border: none\">\n<td>&nbsp;<\/td>\n<\/tr>\n<tr style=\"border: none\">\n<td>\n<h5><em>Strategic Partnership for Adult Education<\/em><\/h5>\n<\/td>\n<\/tr>\n<tr style=\"border: none\">\n<td>\n<h4><strong>MEMTRAIN: <\/strong><strong>Memory Training for Older Adults (55+) Linking Physical Exercise and Brain Training to promalnom Healthy Ageing<\/strong><\/h4>\n<\/td>\n<\/tr>\n<tr style=\"border: none\">\n<td><strong><strong>SOCIS<\/strong><\/strong><\/p>\n<p>\n\t\t<style type=\"text\/css\">\n\t\t\t#gallery-116 {\n\t\t\t\tmargin: auto;\n\t\t\t}\n\t\t\t#gallery-116 .gallery-item {\n\t\t\t\tfloat: left;\n\t\t\t\tmargin-top: 10px;\n\t\t\t\ttext-align: center;\n\t\t\t\twidth: 25%;\n\t\t\t}\n\t\t\t#gallery-116 img {\n\t\t\t\tborder: 2px solid #cfcfcf;\n\t\t\t}\n\t\t\t#gallery-116 .gallery-caption {\n\t\t\t\tmargin-left: 0;\n\t\t\t}\n\t\t\t\/* see gallery_shortcode() in wp-includes\/media.php *\/\n\t\t<\/style>\n\t\t<div id='gallery-116' class='gallery galleryid-20489 gallery-columns-4 gallery-size-medium'><dl class='gallery-item'>\n\t\t\t<dt class='gallery-icon landscape'>\n\t\t\t\t<img width=\"197\" height=\"100\" src=\"https:\/\/internacional.umh.es\/files\/2021\/06\/Universidad-Miguel-Hern\u00e1ndez-Logo-e1623326215137.jpg\" class=\"attachment-medium size-medium\" alt=\"Universidad Miguel Hern\u00e1ndez Logo\" loading=\"lazy\" \/>\n\t\t\t<\/dt><\/dl><dl class='gallery-item'>\n\t\t\t<dt class='gallery-icon landscape'>\n\t\t\t\t<img width=\"112\" height=\"100\" src=\"https:\/\/internacional.umh.es\/files\/2021\/06\/GDYNIA-sport-logo.jpg\" class=\"attachment-medium size-medium\" alt=\"GDYNIA sport logo\" loading=\"lazy\" aria-describedby=\"gallery-116-20819\" \/>\n\t\t\t<\/dt>\n\t\t\t\t<dd class='wp-caption-text gallery-caption' id='gallery-116-20819'>\n\t\t\t\t<a href=\"https:\/\/gdyniasport.pl\/pl#googtrans(pl|es)\" target=\"_blank\" title=\"Lo ver\u00e1s en una nueva ventana\" rel=\"noopener noreferrer\">gdyniasport.pl<\/a>\n\t\t\t\t<\/dd><\/dl><dl class='gallery-item'>\n\t\t\t<dt class='gallery-icon landscape'>\n\t\t\t\t<img width=\"221\" height=\"100\" src=\"https:\/\/internacional.umh.es\/files\/2021\/06\/Ljudska-univerza-Roga\u0161ka-Slatina-logo.jpg\" class=\"attachment-medium size-medium\" alt=\"Ljudska univerza Roga\u0161ka Slatina logo\" loading=\"lazy\" aria-describedby=\"gallery-116-20816\" \/>\n\t\t\t<\/dt>\n\t\t\t\t<dd class='wp-caption-text gallery-caption' id='gallery-116-20816'>\n\t\t\t\t<a href=\"http:\/\/www.lu-rogaska.si\/default.aspx\" target=\"_blank\" title=\"Lo ver\u00e1s en una nueva ventana\" rel=\"noopener noreferrer\">lu-rogaska.si<\/a>\n\t\t\t\t<\/dd><\/dl><dl class='gallery-item'>\n\t\t\t<dt class='gallery-icon landscape'>\n\t\t\t\t<img width=\"300\" height=\"75\" src=\"https:\/\/internacional.umh.es\/files\/2021\/06\/Cestou-zdravi-zs-300x75.jpg\" class=\"attachment-medium size-medium\" alt=\"Cestou zdravi zs logo\" loading=\"lazy\" aria-describedby=\"gallery-116-20804\" srcset=\"https:\/\/internacional.umh.es\/files\/2021\/06\/Cestou-zdravi-zs-300x75.jpg 300w, https:\/\/internacional.umh.es\/files\/2021\/06\/Cestou-zdravi-zs.jpg 320w\" sizes=\"(max-width: 300px) 100vw, 300px\" \/>\n\t\t\t<\/dt>\n\t\t\t\t<dd class='wp-caption-text gallery-caption' id='gallery-116-20804'>\n\t\t\t\t<a href=\"https:\/\/www.cestouzdravizs.cz\" target=\"_blank\" title=\"Lo ver\u00e1s en una nueva ventana\" rel=\"noopener noreferrer\">cestouzdravizs.cz<\/a>\n\t\t\t\t<\/dd><\/dl><br style=\"clear: both\" \/><dl class='gallery-item'>\n\t\t\t<dt class='gallery-icon landscape'>\n\t\t\t\t<img width=\"177\" height=\"100\" src=\"https:\/\/internacional.umh.es\/files\/2021\/06\/Athletics-Ireland-logo.jpg\" class=\"attachment-medium size-medium\" alt=\"Athletics Ireland logo\" loading=\"lazy\" aria-describedby=\"gallery-116-20813\" \/>\n\t\t\t<\/dt>\n\t\t\t\t<dd class='wp-caption-text gallery-caption' id='gallery-116-20813'>\n\t\t\t\t<a href=\"https:\/\/www.athleticsireland.ie\" target=\"_blank\" title=\"Lo ver\u00e1s en una nueva ventana\" rel=\"noopener noreferrer\">athleticsireland.ie<\/a>\n\t\t\t\t<\/dd><\/dl><dl class='gallery-item'>\n\t\t\t<dt class='gallery-icon landscape'>\n\t\t\t\t<img width=\"169\" height=\"100\" src=\"https:\/\/internacional.umh.es\/files\/2021\/06\/UISP-sportpertutti-logo.jpg\" class=\"attachment-medium size-medium\" alt=\"UISP sportpertutti logo\" loading=\"lazy\" aria-describedby=\"gallery-116-20810\" \/>\n\t\t\t<\/dt>\n\t\t\t\t<dd class='wp-caption-text gallery-caption' id='gallery-116-20810'>\n\t\t\t\t<a href=\"http:\/\/www.uisp.it\/settimocirie\/\" target=\"_blank\" title=\"Lo ver\u00e1s en una nueva ventana\" rel=\"noopener noreferrer\">uisp.it<\/a>\n\t\t\t\t<\/dd><\/dl>\n\t\t\t<br style='clear: both' \/>\n\t\t<\/div>\n<\/td>\n<\/tr>\n<tr style=\"border: none\">\n<td><strong><strong>ENTITAT COORDINADORA<br \/>\n<\/strong><\/strong>\n\t\t<style type=\"text\/css\">\n\t\t\t#gallery-117 {\n\t\t\t\tmargin: auto;\n\t\t\t}\n\t\t\t#gallery-117 .gallery-item {\n\t\t\t\tfloat: left;\n\t\t\t\tmargin-top: 10px;\n\t\t\t\ttext-align: center;\n\t\t\t\twidth: 33%;\n\t\t\t}\n\t\t\t#gallery-117 img {\n\t\t\t\tborder: 2px solid #cfcfcf;\n\t\t\t}\n\t\t\t#gallery-117 .gallery-caption {\n\t\t\t\tmargin-left: 0;\n\t\t\t}\n\t\t\t\/* see gallery_shortcode() in wp-includes\/media.php *\/\n\t\t<\/style>\n\t\t<div id='gallery-117' class='gallery galleryid-20489 gallery-columns-3 gallery-size-medium'><dl class='gallery-item'>\n\t\t\t<dt class='gallery-icon landscape'>\n\t\t\t\t<img width=\"292\" height=\"100\" src=\"https:\/\/internacional.umh.es\/files\/2021\/06\/Prave_ted_pruhledne-logo.jpg\" class=\"attachment-medium size-medium\" alt=\"Prave ted pruhledne logo\" loading=\"lazy\" aria-describedby=\"gallery-117-20777\" \/>\n\t\t\t<\/dt>\n\t\t\t\t<dd class='wp-caption-text gallery-caption' id='gallery-117-20777'>\n\t\t\t\t<a href=\"https:\/\/pravetedops.cz\" target=\"_blank\" title=\"Lo ver\u00e1s en una nueva ventana\" rel=\"noopener noreferrer\">pravetedops.cz<\/a>\n\t\t\t\t<\/dd><\/dl>\n\t\t\t<br style='clear: both' \/>\n\t\t<\/div>\n<\/td>\n<\/tr>\n<tr style=\"border: none\">\n<td><strong>PA\u00cfSOS:<\/strong> Rep\u00fablica Txeca, Espanya, It\u00e0lia, Eslov\u00e8nia, Pol\u00f2nia, Irlanda<\/td>\n<\/tr>\n<tr style=\"border: none\">\n<td><strong>DATES:<\/strong> 01\/10\/2016 &#8211; 30\/09\/2018<\/td>\n<\/tr>\n<tr style=\"border: none\">\n<td style=\"text-align: justify\"><strong>DESCRIPCI\u00d3: <\/strong>Persegueix compartir coneixement i experi\u00e8ncies d&#8217;entrenadors esportius professionals, entrenadors mentals, cient\u00edfics, psic\u00f2legs i experts en la cura esportiva en l&#8217;\u00e0rea de combinar exercici f\u00edsic i entrenament mental. L&#8217;intercanvi internacional del know-how \u00e9s molt important per a l&#8217;\u00e8xit del projecte.<\/td>\n<\/tr>\n<tr style=\"border: none\">\n<td>\n\t\t<style type=\"text\/css\">\n\t\t\t#gallery-118 {\n\t\t\t\tmargin: auto;\n\t\t\t}\n\t\t\t#gallery-118 .gallery-item {\n\t\t\t\tfloat: left;\n\t\t\t\tmargin-top: 10px;\n\t\t\t\ttext-align: center;\n\t\t\t\twidth: 20%;\n\t\t\t}\n\t\t\t#gallery-118 img {\n\t\t\t\tborder: 2px solid #cfcfcf;\n\t\t\t}\n\t\t\t#gallery-118 .gallery-caption {\n\t\t\t\tmargin-left: 0;\n\t\t\t}\n\t\t\t\/* see gallery_shortcode() in wp-includes\/media.php *\/\n\t\t<\/style>\n\t\t<div id='gallery-118' class='gallery galleryid-20489 gallery-columns-5 gallery-size-thumbnail'><dl class='gallery-item'>\n\t\t\t<dt class='gallery-icon landscape'>\n\t\t\t\t<a href='https:\/\/internacional.umh.es\/ca\/internacionalizacion\/proyectos\/proyectos-ka2-concedidos-finalizados\/memtrain-monitoria-sesion-fitness\/'><img width=\"150\" height=\"150\" src=\"https:\/\/internacional.umh.es\/files\/2021\/06\/Memtrain-monitoria-sesion-fitness-150x150.jpg\" class=\"attachment-thumbnail size-thumbnail\" alt=\"Memtrain monitoria sesi\u00f3n fitness\" loading=\"lazy\" srcset=\"https:\/\/internacional.umh.es\/files\/2021\/06\/Memtrain-monitoria-sesion-fitness-150x150.jpg 150w, https:\/\/internacional.umh.es\/files\/2021\/06\/Memtrain-monitoria-sesion-fitness-32x32.jpg 32w, https:\/\/internacional.umh.es\/files\/2021\/06\/Memtrain-monitoria-sesion-fitness-64x64.jpg 64w, https:\/\/internacional.umh.es\/files\/2021\/06\/Memtrain-monitoria-sesion-fitness-96x96.jpg 96w, https:\/\/internacional.umh.es\/files\/2021\/06\/Memtrain-monitoria-sesion-fitness-128x128.jpg 128w\" sizes=\"(max-width: 150px) 100vw, 150px\" \/><\/a>\n\t\t\t<\/dt><\/dl><dl class='gallery-item'>\n\t\t\t<dt class='gallery-icon landscape'>\n\t\t\t\t<a href='https:\/\/internacional.umh.es\/ca\/internacionalizacion\/proyectos\/proyectos-ka2-concedidos-finalizados\/memtrain-folletos\/'><img width=\"150\" height=\"150\" src=\"https:\/\/internacional.umh.es\/files\/2021\/06\/Memtrain-folletos-150x150.jpg\" class=\"attachment-thumbnail size-thumbnail\" alt=\"Memtrain folletos\" loading=\"lazy\" srcset=\"https:\/\/internacional.umh.es\/files\/2021\/06\/Memtrain-folletos-150x150.jpg 150w, https:\/\/internacional.umh.es\/files\/2021\/06\/Memtrain-folletos-32x32.jpg 32w, https:\/\/internacional.umh.es\/files\/2021\/06\/Memtrain-folletos-64x64.jpg 64w, https:\/\/internacional.umh.es\/files\/2021\/06\/Memtrain-folletos-96x96.jpg 96w, https:\/\/internacional.umh.es\/files\/2021\/06\/Memtrain-folletos-128x128.jpg 128w\" sizes=\"(max-width: 150px) 100vw, 150px\" \/><\/a>\n\t\t\t<\/dt><\/dl><dl class='gallery-item'>\n\t\t\t<dt class='gallery-icon landscape'>\n\t\t\t\t<a href='https:\/\/internacional.umh.es\/ca\/internacionalizacion\/proyectos\/proyectos-ka2-concedidos-finalizados\/video-ciencia-memtrain\/'><img width=\"150\" height=\"150\" src=\"https:\/\/internacional.umh.es\/files\/2021\/06\/Video-Ciencia-Memtrain-150x150.jpg\" class=\"attachment-thumbnail size-thumbnail\" alt=\"V\u00eddeo Ciencia Memtrain\" loading=\"lazy\" srcset=\"https:\/\/internacional.umh.es\/files\/2021\/06\/Video-Ciencia-Memtrain-150x150.jpg 150w, https:\/\/internacional.umh.es\/files\/2021\/06\/Video-Ciencia-Memtrain-32x32.jpg 32w, https:\/\/internacional.umh.es\/files\/2021\/06\/Video-Ciencia-Memtrain-64x64.jpg 64w, https:\/\/internacional.umh.es\/files\/2021\/06\/Video-Ciencia-Memtrain-96x96.jpg 96w, https:\/\/internacional.umh.es\/files\/2021\/06\/Video-Ciencia-Memtrain-128x128.jpg 128w\" sizes=\"(max-width: 150px) 100vw, 150px\" \/><\/a>\n\t\t\t<\/dt><\/dl><dl class='gallery-item'>\n\t\t\t<dt class='gallery-icon landscape'>\n\t\t\t\t<a href='https:\/\/internacional.umh.es\/ca\/internacionalizacion\/proyectos\/proyectos-ka2-concedidos-finalizados\/memtrain-taller-zumba\/'><img width=\"150\" height=\"150\" src=\"https:\/\/internacional.umh.es\/files\/2021\/06\/Memtrain-taller-zumba-150x150.jpg\" class=\"attachment-thumbnail size-thumbnail\" alt=\"Memtrain taller zumba\" loading=\"lazy\" srcset=\"https:\/\/internacional.umh.es\/files\/2021\/06\/Memtrain-taller-zumba-150x150.jpg 150w, https:\/\/internacional.umh.es\/files\/2021\/06\/Memtrain-taller-zumba-32x32.jpg 32w, https:\/\/internacional.umh.es\/files\/2021\/06\/Memtrain-taller-zumba-64x64.jpg 64w, https:\/\/internacional.umh.es\/files\/2021\/06\/Memtrain-taller-zumba-96x96.jpg 96w, https:\/\/internacional.umh.es\/files\/2021\/06\/Memtrain-taller-zumba-128x128.jpg 128w\" sizes=\"(max-width: 150px) 100vw, 150px\" \/><\/a>\n\t\t\t<\/dt><\/dl><dl class='gallery-item'>\n\t\t\t<dt class='gallery-icon portrait'>\n\t\t\t\t<a href='https:\/\/internacional.umh.es\/ca\/internacionalizacion\/proyectos\/proyectos-ka2-concedidos-finalizados\/memtrain-pieza-grafica\/'><img width=\"150\" height=\"150\" src=\"https:\/\/internacional.umh.es\/files\/2021\/06\/Memtrain-pieza-grafica-150x150.jpg\" class=\"attachment-thumbnail size-thumbnail\" alt=\"Memtrain pieza gr\u00e1fica\" loading=\"lazy\" srcset=\"https:\/\/internacional.umh.es\/files\/2021\/06\/Memtrain-pieza-grafica-150x150.jpg 150w, https:\/\/internacional.umh.es\/files\/2021\/06\/Memtrain-pieza-grafica-32x32.jpg 32w, https:\/\/internacional.umh.es\/files\/2021\/06\/Memtrain-pieza-grafica-64x64.jpg 64w, https:\/\/internacional.umh.es\/files\/2021\/06\/Memtrain-pieza-grafica-96x96.jpg 96w, https:\/\/internacional.umh.es\/files\/2021\/06\/Memtrain-pieza-grafica-128x128.jpg 128w\" sizes=\"(max-width: 150px) 100vw, 150px\" \/><\/a>\n\t\t\t<\/dt><\/dl><br style=\"clear: both\" \/><dl class='gallery-item'>\n\t\t\t<dt class='gallery-icon landscape'>\n\t\t\t\t<a href='https:\/\/internacional.umh.es\/ca\/internacionalizacion\/proyectos\/proyectos-ka2-concedidos-finalizados\/memtrain-ejercicios-fisicos\/'><img width=\"150\" height=\"150\" src=\"https:\/\/internacional.umh.es\/files\/2021\/06\/Memtrain-ejercicios-fisicos-150x150.jpg\" class=\"attachment-thumbnail size-thumbnail\" alt=\"Memtrain ejercicios f\u00edsicos\" loading=\"lazy\" srcset=\"https:\/\/internacional.umh.es\/files\/2021\/06\/Memtrain-ejercicios-fisicos-150x150.jpg 150w, https:\/\/internacional.umh.es\/files\/2021\/06\/Memtrain-ejercicios-fisicos-32x32.jpg 32w, https:\/\/internacional.umh.es\/files\/2021\/06\/Memtrain-ejercicios-fisicos-64x64.jpg 64w, https:\/\/internacional.umh.es\/files\/2021\/06\/Memtrain-ejercicios-fisicos-96x96.jpg 96w, https:\/\/internacional.umh.es\/files\/2021\/06\/Memtrain-ejercicios-fisicos-128x128.jpg 128w\" sizes=\"(max-width: 150px) 100vw, 150px\" \/><\/a>\n\t\t\t<\/dt><\/dl><dl class='gallery-item'>\n\t\t\t<dt class='gallery-icon portrait'>\n\t\t\t\t<a href='https:\/\/internacional.umh.es\/ca\/internacionalizacion\/proyectos\/proyectos-ka2-concedidos-finalizados\/memtrain-design-persona-mayor\/'><img width=\"150\" height=\"150\" src=\"https:\/\/internacional.umh.es\/files\/2021\/06\/Memtrain-design-persona-mayor-150x150.jpg\" class=\"attachment-thumbnail size-thumbnail\" alt=\"Memtrain dise\u00f1o persona mayor\" loading=\"lazy\" srcset=\"https:\/\/internacional.umh.es\/files\/2021\/06\/Memtrain-design-persona-mayor-150x150.jpg 150w, https:\/\/internacional.umh.es\/files\/2021\/06\/Memtrain-design-persona-mayor-32x32.jpg 32w, https:\/\/internacional.umh.es\/files\/2021\/06\/Memtrain-design-persona-mayor-64x64.jpg 64w, https:\/\/internacional.umh.es\/files\/2021\/06\/Memtrain-design-persona-mayor-96x96.jpg 96w, https:\/\/internacional.umh.es\/files\/2021\/06\/Memtrain-design-persona-mayor-128x128.jpg 128w\" sizes=\"(max-width: 150px) 100vw, 150px\" \/><\/a>\n\t\t\t<\/dt><\/dl><dl class='gallery-item'>\n\t\t\t<dt class='gallery-icon landscape'>\n\t\t\t\t<a href='https:\/\/internacional.umh.es\/ca\/internacionalizacion\/proyectos\/proyectos-ka2-concedidos-finalizados\/memtrain-sesion-ejercicios\/'><img width=\"150\" height=\"150\" src=\"https:\/\/internacional.umh.es\/files\/2021\/06\/Memtrain-sesion-ejercicios-150x150.jpg\" class=\"attachment-thumbnail size-thumbnail\" alt=\"Memtrain sesi\u00f3n ejercicios\" loading=\"lazy\" srcset=\"https:\/\/internacional.umh.es\/files\/2021\/06\/Memtrain-sesion-ejercicios-150x150.jpg 150w, https:\/\/internacional.umh.es\/files\/2021\/06\/Memtrain-sesion-ejercicios-32x32.jpg 32w, https:\/\/internacional.umh.es\/files\/2021\/06\/Memtrain-sesion-ejercicios-64x64.jpg 64w, https:\/\/internacional.umh.es\/files\/2021\/06\/Memtrain-sesion-ejercicios-96x96.jpg 96w, https:\/\/internacional.umh.es\/files\/2021\/06\/Memtrain-sesion-ejercicios-128x128.jpg 128w\" sizes=\"(max-width: 150px) 100vw, 150px\" \/><\/a>\n\t\t\t<\/dt><\/dl><dl class='gallery-item'>\n\t\t\t<dt class='gallery-icon landscape'>\n\t\t\t\t<a href='https:\/\/internacional.umh.es\/ca\/internacionalizacion\/proyectos\/proyectos-ka2-concedidos-finalizados\/memtrain-sesion-fitness\/'><img width=\"150\" height=\"150\" src=\"https:\/\/internacional.umh.es\/files\/2021\/06\/Memtrain-sesion-fitness-150x150.jpg\" class=\"attachment-thumbnail size-thumbnail\" alt=\"Memtrain sesi\u00f3n fitness\" loading=\"lazy\" srcset=\"https:\/\/internacional.umh.es\/files\/2021\/06\/Memtrain-sesion-fitness-150x150.jpg 150w, https:\/\/internacional.umh.es\/files\/2021\/06\/Memtrain-sesion-fitness-32x32.jpg 32w, https:\/\/internacional.umh.es\/files\/2021\/06\/Memtrain-sesion-fitness-64x64.jpg 64w, https:\/\/internacional.umh.es\/files\/2021\/06\/Memtrain-sesion-fitness-96x96.jpg 96w, https:\/\/internacional.umh.es\/files\/2021\/06\/Memtrain-sesion-fitness-128x128.jpg 128w\" sizes=\"(max-width: 150px) 100vw, 150px\" \/><\/a>\n\t\t\t<\/dt><\/dl><dl class='gallery-item'>\n\t\t\t<dt class='gallery-icon portrait'>\n\t\t\t\t<a href='https:\/\/internacional.umh.es\/ca\/internacionalizacion\/proyectos\/proyectos-ka2-concedidos-finalizados\/memtrain-app-movil\/'><img width=\"150\" height=\"150\" src=\"https:\/\/internacional.umh.es\/files\/2021\/06\/Memtrain-app-movil-150x150.jpg\" class=\"attachment-thumbnail size-thumbnail\" alt=\"Memtrain app m\u00f3vil\" loading=\"lazy\" srcset=\"https:\/\/internacional.umh.es\/files\/2021\/06\/Memtrain-app-movil-150x150.jpg 150w, https:\/\/internacional.umh.es\/files\/2021\/06\/Memtrain-app-movil-32x32.jpg 32w, https:\/\/internacional.umh.es\/files\/2021\/06\/Memtrain-app-movil-64x64.jpg 64w, https:\/\/internacional.umh.es\/files\/2021\/06\/Memtrain-app-movil-96x96.jpg 96w, https:\/\/internacional.umh.es\/files\/2021\/06\/Memtrain-app-movil-128x128.jpg 128w\" sizes=\"(max-width: 150px) 100vw, 150px\" \/><\/a>\n\t\t\t<\/dt><\/dl><br style=\"clear: both\" \/>\n\t\t<\/div>\n<\/p>\n<p><iframe  style=\"display: block; margin: 0px auto;\"  id=\"_ytid_35274\"  width=\"480\" height=\"270\"  data-origwidth=\"480\" data-origheight=\"270\" src=\"https:\/\/www.youtube.com\/embed\/1UNfeKw3nSo?enablejsapi=1&autoplay=0&cc_load_policy=0&cc_lang_pref=&iv_load_policy=1&loop=0&modestbranding=0&rel=1&fs=1&playsinline=0&autohide=2&theme=dark&color=red&controls=1&\" class=\"__youtube_prefs__  no-lazyload\" title=\"YouTube player\"  allow=\"accelerometer; autoplay; clipboard-write; encrypted-media; gyroscope; picture-in-picture\" allowfullscreen data-no-lazy=\"1\" data-skipgform_ajax_framebjll=\"\"><\/iframe><\/td>\n<\/tr>\n<tr style=\"border: none\">\n<td style=\"text-align: center\"><a title=\"Ho veur\u00e0s en una nova finestra\" href=\"https:\/\/epale.ec.europa.eu\/es\/blog\/sport-key-subversive-learning-tool\" target=\"_blank\" rel=\"noopener noreferrer\">epale.ec.europa.eu<\/a> | <a title=\"Ho veur\u00e0s en una nova finestra\" href=\"https:\/\/apkpure.com\/test-stroop-umh-memtrain\/com.umh.miguel.stroop\" target=\"_blank\" rel=\"noopener noreferrer\">apkpure.com<\/a> | <a title=\"Ho veur\u00e0s en una nova finestra\" href=\"https:\/\/ec.europa.eu\/programmes\/erasmus-plus\/projects\/eplus-project-details\/#project\/2016-1-CZ01-KA204-023823\" target=\"_blank\" rel=\"noopener noreferrer\">ec.europa.eu<\/a> | <a title=\"Ho veur\u00e0s en una nova finestra\" href=\"https:\/\/memtrain.eu\/wp-content\/uploads\/2018\/09\/Training-manual_final.pdf\" target=\"_blank\" rel=\"noopener noreferrer\">manual<\/a> | <a title=\"Ho veur\u00e0s en una nova finestra\" href=\"https:\/\/www.youtube.com\/channel\/UCqXImlRLBaTn5S-kQEc04XA\/videos\" target=\"_blank\" rel=\"noopener noreferrer\">YouTube<\/a> | <a title=\"Ho veur\u00e0s en una nova finestra\" href=\"https:\/\/memtrain.eu\/news\/\" target=\"_blank\" rel=\"noopener noreferrer\">not\u00edcies<\/a> | <a title=\"Ho veur\u00e0s en una nova finestra\" href=\"https:\/\/twitter.com\/GlobalUMH\/status\/1045256538351374336\" target=\"_blank\" rel=\"noopener noreferrer\">Twitter<\/a> | <a title=\"Ho veur\u00e0s en una nova finestra\" href=\"https:\/\/www.facebook.com\/memtrainproject\/\" target=\"_blank\" rel=\"noopener noreferrer\">Facebook<\/a> | <a title=\"Ho veur\u00e0s en una nova finestra\" href=\"https:\/\/appsonwindows.com\/apk\/2736716\/\" target=\"_blank\" rel=\"noopener noreferrer\">Appwindows<\/a> | <a title=\"Ho veur\u00e0s en una nova finestra\" href=\"https:\/\/play.google.com\/store\/apps\/details?id=com.umh.miguel.stroop&amp;hl=uk\" target=\"_blank\" rel=\"noopener noreferrer\">Googleplay<\/a><\/td>\n<\/tr>\n<tr style=\"border: none\">\n<td><img loading=\"lazy\" class=\"wp-image-24394 aligncenter\" title=\"El projecte europeu MEMTRAIN en el qual ha participat la UMH \u00e9s finan\u00e7at per la Uni\u00f3 Europea\" src=\"https:\/\/internacional.umh.es\/files\/2022\/02\/EU-proyecto-logo-1-300x180.jpg\" alt=\"MEMTRAIN projecte logo\" width=\"166\" height=\"100\" srcset=\"https:\/\/internacional.umh.es\/files\/2022\/02\/EU-proyecto-logo-1-300x180.jpg 300w, https:\/\/internacional.umh.es\/files\/2022\/02\/EU-proyecto-logo-1.jpg 303w\" sizes=\"(max-width: 166px) 100vw, 166px\" \/><\/td>\n<\/tr>\n<\/tbody>\n<\/table>\n<p>&nbsp;<\/p>\n<p><img loading=\"lazy\" class=\"alignleft wp-image-21596\" title=\"Veure m\u00e9s projectes KA2 realitzats pel servei\" src=\"https:\/\/internacional.umh.es\/files\/2021\/07\/Boton-mas-proyectos.png\" alt=\"Veure m\u00e9s bot\u00f3\" width=\"34\" height=\"34\" srcset=\"https:\/\/internacional.umh.es\/files\/2021\/07\/Boton-mas-proyectos.png 44w, https:\/\/internacional.umh.es\/files\/2021\/07\/Boton-mas-proyectos-32x32.png 32w\" sizes=\"(max-width: 34px) 100vw, 34px\" \/><span style=\"font-size: 12px\"><strong><u>VEURE M\u00c9S PROJECTES KA2 DE 2016<\/u><\/strong><\/span><\/p>\n<p><a href=\"#2021\"><img loading=\"lazy\" class=\"alignright wp-image-20826 size-full\" title=\"Anar al principi de la p\u00e0gina\" src=\"https:\/\/internacional.umh.es\/files\/2021\/06\/Botonarriba.jpg\" alt=\"Bot\u00f3 arriba icona\" width=\"51\" height=\"50\" srcset=\"https:\/\/internacional.umh.es\/files\/2021\/06\/Botonarriba.jpg 51w, https:\/\/internacional.umh.es\/files\/2021\/06\/Botonarriba-32x32.jpg 32w\" sizes=\"(max-width: 51px) 100vw, 51px\" \/><\/a><\/p>\n<hr style=\"border-width: 5px 0 0 0\">\n<p>&nbsp;<\/p>\n<table id=\"RISK\" style=\"border: none\">\n<tbody>\n<tr style=\"border: none\">\n<td>\n<p><div style=\"width: 201px\" class=\"wp-caption alignleft\"><a href=\"http:\/\/www.theriskproject.eu\" target=\"_blank\" rel=\"noopener noreferrer\" title=\"Ho veur\u00e0s en una nova finestra\"><img loading=\"lazy\" class=\"wp-image-20753 size-full\" title=\"En el proyecto K2 RISK Reducing Injury in Sport with Kids participa la UMH\" src=\"https:\/\/internacional.umh.es\/files\/2021\/06\/RISK-Reducing-Injury-in-Sport-with-Kids-logo.jpg\" alt=\"RISK Reducing Injury in Sport with Kids logo\" width=\"191\" height=\"100\"><\/a><p class=\"wp-caption-text\"><a title=\"Accedeix a la web del projecte en una nova finestra\" href=\"http:\/\/www.theriskproject.eu\" target=\"_blank\" rel=\"noopener noreferrer\">theriskproject.eu<\/a><\/p><\/div><\/td>\n<\/tr>\n<tr style=\"border: none\">\n<td>&nbsp;<\/td>\n<\/tr>\n<tr style=\"border: none\">\n<td>\n<h5><em>Sport Small Collaborative Partnership<\/em><\/h5>\n<\/td>\n<\/tr>\n<tr style=\"border: none\">\n<td>\n<h4><strong>RISK: <\/strong><strong>Reducing Injury in Sport with Kids through a grass-roots coach education programme<\/strong><\/h4>\n<\/td>\n<\/tr>\n<tr style=\"border: none\">\n<td><strong><strong>SOCIS<br \/>\n<\/strong><\/strong>\n\t\t<style type=\"text\/css\">\n\t\t\t#gallery-119 {\n\t\t\t\tmargin: auto;\n\t\t\t}\n\t\t\t#gallery-119 .gallery-item {\n\t\t\t\tfloat: left;\n\t\t\t\tmargin-top: 10px;\n\t\t\t\ttext-align: center;\n\t\t\t\twidth: 33%;\n\t\t\t}\n\t\t\t#gallery-119 img {\n\t\t\t\tborder: 2px solid #cfcfcf;\n\t\t\t}\n\t\t\t#gallery-119 .gallery-caption {\n\t\t\t\tmargin-left: 0;\n\t\t\t}\n\t\t\t\/* see gallery_shortcode() in wp-includes\/media.php *\/\n\t\t<\/style>\n\t\t<div id='gallery-119' class='gallery galleryid-20489 gallery-columns-3 gallery-size-medium'><dl class='gallery-item'>\n\t\t\t<dt class='gallery-icon landscape'>\n\t\t\t\t<img width=\"250\" height=\"114\" src=\"https:\/\/internacional.umh.es\/files\/2021\/06\/Palacky-University-Olomuc_logo.png\" class=\"attachment-medium size-medium\" alt=\"Palacky University Olomuc logo\" loading=\"lazy\" aria-describedby=\"gallery-119-20756\" \/>\n\t\t\t<\/dt>\n\t\t\t\t<dd class='wp-caption-text gallery-caption' id='gallery-119-20756'>\n\t\t\t\t<a href=\"https:\/\/www.upol.cz\/en\/\" target=\"_blank\" title=\"Lo ver\u00e1s en una nueva ventana\" rel=\"noopener noreferrer\">upol.cz<\/a>\n\t\t\t\t<\/dd><\/dl><dl class='gallery-item'>\n\t\t\t<dt class='gallery-icon landscape'>\n\t\t\t\t<img width=\"197\" height=\"100\" src=\"https:\/\/internacional.umh.es\/files\/2021\/06\/Universidad-Miguel-Hern\u00e1ndez-Logo-e1623326215137.jpg\" class=\"attachment-medium size-medium\" alt=\"Universidad Miguel Hern\u00e1ndez Logo\" loading=\"lazy\" \/>\n\t\t\t<\/dt><\/dl>\n\t\t\t<br style='clear: both' \/>\n\t\t<\/div>\n<\/td>\n<\/tr>\n<tr style=\"border: none\">\n<td><strong><strong>ENTITAT COORDINADORA<br \/>\n<\/strong><\/strong>\n\t\t<style type=\"text\/css\">\n\t\t\t#gallery-120 {\n\t\t\t\tmargin: auto;\n\t\t\t}\n\t\t\t#gallery-120 .gallery-item {\n\t\t\t\tfloat: left;\n\t\t\t\tmargin-top: 10px;\n\t\t\t\ttext-align: center;\n\t\t\t\twidth: 25%;\n\t\t\t}\n\t\t\t#gallery-120 img {\n\t\t\t\tborder: 2px solid #cfcfcf;\n\t\t\t}\n\t\t\t#gallery-120 .gallery-caption {\n\t\t\t\tmargin-left: 0;\n\t\t\t}\n\t\t\t\/* see gallery_shortcode() in wp-includes\/media.php *\/\n\t\t<\/style>\n\t\t<div id='gallery-120' class='gallery galleryid-20489 gallery-columns-4 gallery-size-medium'><dl class='gallery-item'>\n\t\t\t<dt class='gallery-icon landscape'>\n\t\t\t\t<img width=\"300\" height=\"75\" src=\"https:\/\/internacional.umh.es\/files\/2021\/06\/Universidad-de-Gloucestershire-logo-300x75.jpg\" class=\"attachment-medium size-medium\" alt=\"Universidad de Gloucestershire logo\" loading=\"lazy\" aria-describedby=\"gallery-120-20759\" srcset=\"https:\/\/internacional.umh.es\/files\/2021\/06\/Universidad-de-Gloucestershire-logo-300x75.jpg 300w, https:\/\/internacional.umh.es\/files\/2021\/06\/Universidad-de-Gloucestershire-logo.jpg 399w\" sizes=\"(max-width: 300px) 100vw, 300px\" \/>\n\t\t\t<\/dt>\n\t\t\t\t<dd class='wp-caption-text gallery-caption' id='gallery-120-20759'>\n\t\t\t\t<a href=\"https:\/\/www.glos.ac.uk\/\" target=\"_blank\" title=\"Lo ver\u00e1s en una nueva ventana\" rel=\"noopener noreferrer\">glos.ac.uk<\/a>\n\t\t\t\t<\/dd><\/dl>\n\t\t\t<br style='clear: both' \/>\n\t\t<\/div>\n<\/td>\n<\/tr>\n<tr style=\"border: none\">\n<td><strong>PA\u00cfSOS:<\/strong> Rep\u00fablica Txeca, Espanya, el Regne Unit<\/td>\n<\/tr>\n<tr style=\"border: none\">\n<td><strong>DATES:<\/strong> 01\/01\/2017 &#8211; 30\/06\/2018<\/td>\n<\/tr>\n<tr style=\"border: none\">\n<td style=\"text-align: justify\"><strong>DESCRIPCI\u00d3:<\/strong> Promoure la salut i el benestar dels joves mitjan\u00e7ant la formaci\u00f3 dels entrenadors esportius en mesures destinades a la prevenci\u00f3 de lesions. En el projecte RISK (Reducing Injuries in Sport with Kids) col\u00b7laboren aix\u00ed mateix universitats del Regne Unit i la Rep\u00fablica Txeca. Entre les accions que es duran a terme destaca l&#8217;elaboraci\u00f3 i posada en pr\u00e0ctica d&#8217;un taller educatiu destinat a millorar les compet\u00e8ncies dels entrenadors per a implantar de manera eficient programes de prevenci\u00f3 de lesions en les seues sessions d&#8217;entrenament.<\/td>\n<\/tr>\n<tr style=\"border: none\">\n<td>\n\t\t<style type=\"text\/css\">\n\t\t\t#gallery-121 {\n\t\t\t\tmargin: auto;\n\t\t\t}\n\t\t\t#gallery-121 .gallery-item {\n\t\t\t\tfloat: left;\n\t\t\t\tmargin-top: 10px;\n\t\t\t\ttext-align: center;\n\t\t\t\twidth: 20%;\n\t\t\t}\n\t\t\t#gallery-121 img {\n\t\t\t\tborder: 2px solid #cfcfcf;\n\t\t\t}\n\t\t\t#gallery-121 .gallery-caption {\n\t\t\t\tmargin-left: 0;\n\t\t\t}\n\t\t\t\/* see gallery_shortcode() in wp-includes\/media.php *\/\n\t\t<\/style>\n\t\t<div id='gallery-121' class='gallery galleryid-20489 gallery-columns-5 gallery-size-thumbnail'><dl class='gallery-item'>\n\t\t\t<dt class='gallery-icon landscape'>\n\t\t\t\t<a href='https:\/\/internacional.umh.es\/files\/2021\/06\/Profesores-participantes-Universidad-Olomuc-proyecto-RISK.jpg'><img width=\"150\" height=\"150\" src=\"https:\/\/internacional.umh.es\/files\/2021\/06\/Profesores-participantes-Universidad-Olomuc-proyecto-RISK-150x150.jpg\" class=\"attachment-thumbnail size-thumbnail\" alt=\"Ni\u00f1o jugando polo proyecto RISK\" loading=\"lazy\" srcset=\"https:\/\/internacional.umh.es\/files\/2021\/06\/Profesores-participantes-Universidad-Olomuc-proyecto-RISK-150x150.jpg 150w, https:\/\/internacional.umh.es\/files\/2021\/06\/Profesores-participantes-Universidad-Olomuc-proyecto-RISK-32x32.jpg 32w, https:\/\/internacional.umh.es\/files\/2021\/06\/Profesores-participantes-Universidad-Olomuc-proyecto-RISK-64x64.jpg 64w, https:\/\/internacional.umh.es\/files\/2021\/06\/Profesores-participantes-Universidad-Olomuc-proyecto-RISK-96x96.jpg 96w, https:\/\/internacional.umh.es\/files\/2021\/06\/Profesores-participantes-Universidad-Olomuc-proyecto-RISK-128x128.jpg 128w\" sizes=\"(max-width: 150px) 100vw, 150px\" \/><\/a>\n\t\t\t<\/dt><\/dl><dl class='gallery-item'>\n\t\t\t<dt class='gallery-icon landscape'>\n\t\t\t\t<a href='https:\/\/internacional.umh.es\/files\/2021\/06\/Ni\u00f1o-jugando-polo-proyecto-RISK-1.jpg'><img width=\"150\" height=\"150\" src=\"https:\/\/internacional.umh.es\/files\/2021\/06\/Ni\u00f1o-jugando-polo-proyecto-RISK-1-150x150.jpg\" class=\"attachment-thumbnail size-thumbnail\" alt=\"Ni\u00f1os jugando polo Proyecto RISK EU\" loading=\"lazy\" srcset=\"https:\/\/internacional.umh.es\/files\/2021\/06\/Ni\u00f1o-jugando-polo-proyecto-RISK-1-150x150.jpg 150w, https:\/\/internacional.umh.es\/files\/2021\/06\/Ni\u00f1o-jugando-polo-proyecto-RISK-1-32x32.jpg 32w, https:\/\/internacional.umh.es\/files\/2021\/06\/Ni\u00f1o-jugando-polo-proyecto-RISK-1-64x64.jpg 64w, https:\/\/internacional.umh.es\/files\/2021\/06\/Ni\u00f1o-jugando-polo-proyecto-RISK-1-96x96.jpg 96w, https:\/\/internacional.umh.es\/files\/2021\/06\/Ni\u00f1o-jugando-polo-proyecto-RISK-1-128x128.jpg 128w\" sizes=\"(max-width: 150px) 100vw, 150px\" \/><\/a>\n\t\t\t<\/dt><\/dl><dl class='gallery-item'>\n\t\t\t<dt class='gallery-icon landscape'>\n\t\t\t\t<a href='https:\/\/internacional.umh.es\/files\/2021\/06\/Ni\u00f1os-jugando-futbol-Proyecto-RISK-EU.jpg'><img width=\"150\" height=\"150\" src=\"https:\/\/internacional.umh.es\/files\/2021\/06\/Ni\u00f1os-jugando-futbol-Proyecto-RISK-EU-150x150.jpg\" class=\"attachment-thumbnail size-thumbnail\" alt=\"Ni\u00f1os jugando futbol Proyecto RISK EU\" loading=\"lazy\" srcset=\"https:\/\/internacional.umh.es\/files\/2021\/06\/Ni\u00f1os-jugando-futbol-Proyecto-RISK-EU-150x150.jpg 150w, https:\/\/internacional.umh.es\/files\/2021\/06\/Ni\u00f1os-jugando-futbol-Proyecto-RISK-EU-32x32.jpg 32w, https:\/\/internacional.umh.es\/files\/2021\/06\/Ni\u00f1os-jugando-futbol-Proyecto-RISK-EU-64x64.jpg 64w, https:\/\/internacional.umh.es\/files\/2021\/06\/Ni\u00f1os-jugando-futbol-Proyecto-RISK-EU-96x96.jpg 96w, https:\/\/internacional.umh.es\/files\/2021\/06\/Ni\u00f1os-jugando-futbol-Proyecto-RISK-EU-128x128.jpg 128w\" sizes=\"(max-width: 150px) 100vw, 150px\" \/><\/a>\n\t\t\t<\/dt><\/dl>\n\t\t\t<br style='clear: both' \/>\n\t\t<\/div>\n<\/p>\n<p><iframe  style=\"display: block; margin: 0px auto;\"  id=\"_ytid_91390\"  width=\"480\" height=\"270\"  data-origwidth=\"480\" data-origheight=\"270\" src=\"https:\/\/www.youtube.com\/embed\/QhjIhVA-0MU?enablejsapi=1&autoplay=0&cc_load_policy=0&cc_lang_pref=&iv_load_policy=1&loop=0&modestbranding=0&rel=1&fs=1&playsinline=0&autohide=2&theme=dark&color=red&controls=1&\" class=\"__youtube_prefs__  no-lazyload\" title=\"YouTube player\"  allow=\"accelerometer; autoplay; clipboard-write; encrypted-media; gyroscope; picture-in-picture\" allowfullscreen data-no-lazy=\"1\" data-skipgform_ajax_framebjll=\"\"><\/iframe><\/td>\n<\/tr>\n<tr style=\"border: none\">\n<td style=\"text-align: center\"><a title=\"Ho veur\u00e0s en una nova finestra\" href=\"https:\/\/www.glos.ac.uk\/content\/reducing-injury-in-sport-with-kids-risk\/\" target=\"_blank\" rel=\"noopener noreferrer\">glos.ac.uk<\/a> | <a title=\"Ho veur\u00e0s en una nova finestra\" href=\"http:\/\/www.theriskproject.eu\/\" target=\"_blank\" rel=\"noopener noreferrer\">theriskproject.eu<\/a> | <a title=\"Ho veur\u00e0s en una nova finestra\" href=\"https:\/\/4bbf9ba9-f56b-4091-806f-3390aa8507bc.filesusr.com\/ugd\/5b88d4_fbf2e1b093344c9ebff6d9d4ac52689e.pdf\" target=\"_blank\" rel=\"noopener noreferrer\">program<\/a> | <a title=\"Ho veur\u00e0s en una nova finestra\" href=\"https:\/\/comunicacion.umh.es\/2017\/05\/09\/participacion-en-un-proyecto-de-investigacion-europeo-para-ayudar-a-entrenadores-de-futbol-a-prevenir-lesiones-en-los-ninos\/\" target=\"_blank\" rel=\"noopener noreferrer\">comunicacion.umh.es<\/a> | <a title=\"Ho veur\u00e0s en una nova finestra\" href=\"https:\/\/www.cid-umh.es\/profesores-del-cid-participan-en-proyecto-erasmus-sobre-prevencion-de-lesiones\/\" target=\"_blank\" rel=\"noopener noreferrer\">cid-umh.es<\/a> | <a title=\"Ho veur\u00e0s en una nova finestra\" href=\"https:\/\/www.mundosilbato.es\/blog\/curso-gratuito-entrenadores-prevencion-lesiones-ninos\/\" target=\"_blank\" rel=\"noopener noreferrer\">mundosilbato.es<\/a> | <a title=\"Ho veur\u00e0s en una nova finestra\" href=\"https:\/\/www.diariomedico.com\/medicina\/profesion\/un-proyecto-europeo-busca-prevenir-lesiones-en-el-futbol-infantil.html\" target=\"_blank\" rel=\"noopener noreferrer\">diariomedico.com<\/a><\/td>\n<\/tr>\n<tr style=\"border: none\">\n<td><img loading=\"lazy\" class=\"wp-image-24394 aligncenter\" title=\"El projecte europeu RISK en el qual ha participat la UMH \u00e9s finan\u00e7at per la Uni\u00f3 Europea\" src=\"https:\/\/internacional.umh.es\/files\/2022\/02\/EU-proyecto-logo-1-300x180.jpg\" alt=\"RISK projecte logo\" width=\"166\" height=\"100\" srcset=\"https:\/\/internacional.umh.es\/files\/2022\/02\/EU-proyecto-logo-1-300x180.jpg 300w, https:\/\/internacional.umh.es\/files\/2022\/02\/EU-proyecto-logo-1.jpg 303w\" sizes=\"(max-width: 166px) 100vw, 166px\" \/><\/td>\n<\/tr>\n<\/tbody>\n<\/table>\n<p>&nbsp;<br \/>\n<a href=\"#2021\"><img loading=\"lazy\" class=\"alignright wp-image-20826 size-full\" title=\"Anar al principi de la p\u00e0gina\" src=\"https:\/\/internacional.umh.es\/files\/2021\/06\/Botonarriba.jpg\" alt=\"Bot\u00f3 arriba icona\" width=\"51\" height=\"50\" srcset=\"https:\/\/internacional.umh.es\/files\/2021\/06\/Botonarriba.jpg 51w, https:\/\/internacional.umh.es\/files\/2021\/06\/Botonarriba-32x32.jpg 32w\" sizes=\"(max-width: 51px) 100vw, 51px\" \/><\/a><\/p>\n<hr style=\"border-width: 5px 0 0 0\">\n<p>&nbsp;<\/p>\n<table id=\"2015\" style=\"border: none\">\n<tbody>\n<tr style=\"border: none\">\n<td id=\"FOODCOST\">\n<p><div style=\"width: 310px\" class=\"wp-caption alignleft\"><a href=\"https:\/\/foodcost.edu.umh.es\" target=\"_blank\" rel=\"noopener noreferrer\" title=\"Ho veur\u00e0s en una nova finestra\"><img loading=\"lazy\" class=\"wp-image-20691 size-medium\" title=\"El projecte de la Uni\u00f3 Europea Foodcost Food Quality and Consumer Studies es converteix en un referent per a la societat\" src=\"https:\/\/internacional.umh.es\/files\/2021\/06\/FOODCOST-logo-300x81.jpg\" alt=\"FOODCOST logo\" width=\"300\" height=\"81\" srcset=\"https:\/\/internacional.umh.es\/files\/2021\/06\/FOODCOST-logo-300x81.jpg 300w, https:\/\/internacional.umh.es\/files\/2021\/06\/FOODCOST-logo.jpg 314w\" sizes=\"(max-width: 300px) 100vw, 300px\" \/><\/a><p class=\"wp-caption-text\"><a title=\"Accedeix a la web del projecte en una nova finestra\" href=\"https:\/\/foodcost.edu.umh.es\" target=\"_blank\" rel=\"noopener noreferrer\">foodcost.edu.umh.es<\/a><\/p><\/div><\/td>\n<\/tr>\n<tr style=\"border: none\">\n<td>&nbsp;<\/td>\n<\/tr>\n<tr style=\"border: none\">\n<td>\n<h5><em>Strategic Partnership for Higher Education<\/em><\/h5>\n<\/td>\n<\/tr>\n<tr style=\"border: none\">\n<td>\n<h4><strong>FOODCOST: Food Quality and Consumer Studies<\/strong><\/h4>\n<\/td>\n<\/tr>\n<tr style=\"border: none\">\n<td><strong><strong>SOCIS <\/strong><\/strong><strong><strong><br \/>\n<\/strong><\/strong>\n\t\t<style type=\"text\/css\">\n\t\t\t#gallery-122 {\n\t\t\t\tmargin: auto;\n\t\t\t}\n\t\t\t#gallery-122 .gallery-item {\n\t\t\t\tfloat: left;\n\t\t\t\tmargin-top: 10px;\n\t\t\t\ttext-align: center;\n\t\t\t\twidth: 25%;\n\t\t\t}\n\t\t\t#gallery-122 img {\n\t\t\t\tborder: 2px solid #cfcfcf;\n\t\t\t}\n\t\t\t#gallery-122 .gallery-caption {\n\t\t\t\tmargin-left: 0;\n\t\t\t}\n\t\t\t\/* see gallery_shortcode() in wp-includes\/media.php *\/\n\t\t<\/style>\n\t\t<div id='gallery-122' class='gallery galleryid-20489 gallery-columns-4 gallery-size-medium'><dl class='gallery-item'>\n\t\t\t<dt class='gallery-icon landscape'>\n\t\t\t\t<img width=\"197\" height=\"100\" src=\"https:\/\/internacional.umh.es\/files\/2021\/06\/Universidad-Miguel-Hern\u00e1ndez-Logo-e1623326215137.jpg\" class=\"attachment-medium size-medium\" alt=\"Universidad Miguel Hern\u00e1ndez Logo\" loading=\"lazy\" \/>\n\t\t\t<\/dt><\/dl><dl class='gallery-item'>\n\t\t\t<dt class='gallery-icon landscape'>\n\t\t\t\t<img width=\"233\" height=\"50\" src=\"https:\/\/internacional.umh.es\/files\/2021\/06\/Tomas-bata-University-in-Zlin-logo.jpg\" class=\"attachment-medium size-medium\" alt=\"Tomas Bata University in Zlin logo\" loading=\"lazy\" aria-describedby=\"gallery-122-20730\" \/>\n\t\t\t<\/dt>\n\t\t\t\t<dd class='wp-caption-text gallery-caption' id='gallery-122-20730'>\n\t\t\t\t<a href=\"https:\/\/www.utb.cz\/en\/\" target=\"_blank\" title=\"Lo ver\u00e1s en una nueva ventana\" rel=\"noopener noreferrer\">utb.cz<\/a>\n\t\t\t\t<\/dd><\/dl><dl class='gallery-item'>\n\t\t\t<dt class='gallery-icon landscape'>\n\t\t\t\t<img width=\"300\" height=\"96\" src=\"https:\/\/internacional.umh.es\/files\/2021\/06\/PoznanUniversity_Department-of-Commerce-and-MarketingEconomics-and-Business-300x96.jpg\" class=\"attachment-medium size-medium\" alt=\"Poznan University Department of Commerce and Marketing Economics and Business logo\" loading=\"lazy\" aria-describedby=\"gallery-122-20727\" srcset=\"https:\/\/internacional.umh.es\/files\/2021\/06\/PoznanUniversity_Department-of-Commerce-and-MarketingEconomics-and-Business-300x96.jpg 300w, https:\/\/internacional.umh.es\/files\/2021\/06\/PoznanUniversity_Department-of-Commerce-and-MarketingEconomics-and-Business.jpg 312w\" sizes=\"(max-width: 300px) 100vw, 300px\" \/>\n\t\t\t<\/dt>\n\t\t\t\t<dd class='wp-caption-text gallery-caption' id='gallery-122-20727'>\n\t\t\t\t<a href=\"https:\/\/ue.poznan.pl\/en\/\" target=\"_blank\" title=\"Lo ver\u00e1s en una nueva ventana\" rel=\"noopener noreferrer\">ue.poznan.pl<\/a>\n\t\t\t\t<\/dd><\/dl><dl class='gallery-item'>\n\t\t\t<dt class='gallery-icon landscape'>\n\t\t\t\t<img width=\"300\" height=\"58\" src=\"https:\/\/internacional.umh.es\/files\/2021\/06\/Aarhus-University-School-of-Business-and-Social-Sciences-300x58.jpg\" class=\"attachment-medium size-medium\" alt=\"Aarhus University School of Business and Social Sciences logo\" loading=\"lazy\" aria-describedby=\"gallery-122-20744\" srcset=\"https:\/\/internacional.umh.es\/files\/2021\/06\/Aarhus-University-School-of-Business-and-Social-Sciences-300x58.jpg 300w, https:\/\/internacional.umh.es\/files\/2021\/06\/Aarhus-University-School-of-Business-and-Social-Sciences.jpg 513w\" sizes=\"(max-width: 300px) 100vw, 300px\" \/>\n\t\t\t<\/dt>\n\t\t\t\t<dd class='wp-caption-text gallery-caption' id='gallery-122-20744'>\n\t\t\t\t<a href=\"https:\/\/mgmt.au.dk\/research\/marketing\/mapp\/\" target=\"_blank\" title=\"Lo ver\u00e1s en una nueva ventana\" rel=\"noopener noreferrer\">mgmt.au.dk<\/a>\n\t\t\t\t<\/dd><\/dl><br style=\"clear: both\" \/><dl class='gallery-item'>\n\t\t\t<dt class='gallery-icon landscape'>\n\t\t\t\t<img width=\"300\" height=\"88\" src=\"https:\/\/internacional.umh.es\/files\/2021\/06\/INTEGAR-Institut-fur-Technologien-im-Gartenbau-logo-300x88.jpg\" class=\"attachment-medium size-medium\" alt=\"INTEGAR Institut f\u00fcr Technologien im Gartenbau logo\" loading=\"lazy\" aria-describedby=\"gallery-122-20747\" srcset=\"https:\/\/internacional.umh.es\/files\/2021\/06\/INTEGAR-Institut-fur-Technologien-im-Gartenbau-logo-300x88.jpg 300w, https:\/\/internacional.umh.es\/files\/2021\/06\/INTEGAR-Institut-fur-Technologien-im-Gartenbau-logo.jpg 340w\" sizes=\"(max-width: 300px) 100vw, 300px\" \/>\n\t\t\t<\/dt>\n\t\t\t\t<dd class='wp-caption-text gallery-caption' id='gallery-122-20747'>\n\t\t\t\t<a href=\"https:\/\/www.integar.de\/en\/\" target=\"_blank\" title=\"Lo ver\u00e1s en una nueva ventana\" rel=\"noopener noreferrer\">integar.de<\/a>\n\t\t\t\t<\/dd><\/dl><dl class='gallery-item'>\n\t\t\t<dt class='gallery-icon landscape'>\n\t\t\t\t<img width=\"100\" height=\"100\" src=\"https:\/\/internacional.umh.es\/files\/2021\/06\/BOKU-logo.jpg\" class=\"attachment-medium size-medium\" alt=\"BOKU Department of Economics and Social Sciences logo\" loading=\"lazy\" aria-describedby=\"gallery-122-20750\" srcset=\"https:\/\/internacional.umh.es\/files\/2021\/06\/BOKU-logo.jpg 100w, https:\/\/internacional.umh.es\/files\/2021\/06\/BOKU-logo-32x32.jpg 32w, https:\/\/internacional.umh.es\/files\/2021\/06\/BOKU-logo-64x64.jpg 64w, https:\/\/internacional.umh.es\/files\/2021\/06\/BOKU-logo-96x96.jpg 96w\" sizes=\"(max-width: 100px) 100vw, 100px\" \/>\n\t\t\t<\/dt>\n\t\t\t\t<dd class='wp-caption-text gallery-caption' id='gallery-122-20750'>\n\t\t\t\t<a href=\"https:\/\/boku.ac.at\/en\/wiso\" target=\"_blank\" title=\"Lo ver\u00e1s en una nueva ventana\" rel=\"noopener noreferrer\">boku.ac.at<\/a>\n\t\t\t\t<\/dd><\/dl><dl class='gallery-item'>\n\t\t\t<dt class='gallery-icon landscape'>\n\t\t\t\t<img width=\"255\" height=\"100\" src=\"https:\/\/internacional.umh.es\/files\/2021\/06\/NoldusInformationTecnology.jpg\" class=\"attachment-medium size-medium\" alt=\"Noldus Information Tecnology logo\" loading=\"lazy\" aria-describedby=\"gallery-122-20741\" \/>\n\t\t\t<\/dt>\n\t\t\t\t<dd class='wp-caption-text gallery-caption' id='gallery-122-20741'>\n\t\t\t\t<a href=\"https:\/\/www.noldus.com\/\" target=\"_blank\" title=\"Lo ver\u00e1s en una nueva ventana\" rel=\"noopener noreferrer\">noldus.com<\/a>\n\t\t\t\t<\/dd><\/dl>\n\t\t\t<br style='clear: both' \/>\n\t\t<\/div>\n<\/td>\n<\/tr>\n<tr style=\"border: none\">\n<td><strong>ENTITAT COORDINADORA<\/strong><strong><br \/>\n<\/strong>\n\t\t<style type=\"text\/css\">\n\t\t\t#gallery-123 {\n\t\t\t\tmargin: auto;\n\t\t\t}\n\t\t\t#gallery-123 .gallery-item {\n\t\t\t\tfloat: left;\n\t\t\t\tmargin-top: 10px;\n\t\t\t\ttext-align: center;\n\t\t\t\twidth: 33%;\n\t\t\t}\n\t\t\t#gallery-123 img {\n\t\t\t\tborder: 2px solid #cfcfcf;\n\t\t\t}\n\t\t\t#gallery-123 .gallery-caption {\n\t\t\t\tmargin-left: 0;\n\t\t\t}\n\t\t\t\/* see gallery_shortcode() in wp-includes\/media.php *\/\n\t\t<\/style>\n\t\t<div id='gallery-123' class='gallery galleryid-20489 gallery-columns-3 gallery-size-medium'><dl class='gallery-item'>\n\t\t\t<dt class='gallery-icon landscape'>\n\t\t\t\t<a href='https:\/\/internacional.umh.es\/ca\/internacionalizacion\/proyectos\/proyectos-ka2-concedidos-finalizados\/slovenska-polnohospodarska-univerzita-v-nitre\/'><img width=\"152\" height=\"150\" src=\"https:\/\/internacional.umh.es\/files\/2021\/06\/Slovenska-Polnohospodarska-Univerzita-V-Nitre.jpg\" class=\"attachment-medium size-medium\" alt=\"Slovenska Polnohospodarska Univerzita V Nitra logo\" loading=\"lazy\" aria-describedby=\"gallery-123-20694\" srcset=\"https:\/\/internacional.umh.es\/files\/2021\/06\/Slovenska-Polnohospodarska-Univerzita-V-Nitre.jpg 152w, https:\/\/internacional.umh.es\/files\/2021\/06\/Slovenska-Polnohospodarska-Univerzita-V-Nitre-32x32.jpg 32w, https:\/\/internacional.umh.es\/files\/2021\/06\/Slovenska-Polnohospodarska-Univerzita-V-Nitre-64x64.jpg 64w, https:\/\/internacional.umh.es\/files\/2021\/06\/Slovenska-Polnohospodarska-Univerzita-V-Nitre-96x96.jpg 96w\" sizes=\"(max-width: 152px) 100vw, 152px\" \/><\/a>\n\t\t\t<\/dt>\n\t\t\t\t<dd class='wp-caption-text gallery-caption' id='gallery-123-20694'>\n\t\t\t\t<a href=\"https:\/\/www.uniag.sk\/en\/main-page\" target=\"_blank\" title=\"Lo ver\u00e1s en una nueva ventana\" rel=\"noopener noreferrer\">uniag.sk<\/a>\n\t\t\t\t<\/dd><\/dl>\n\t\t\t<br style='clear: both' \/>\n\t\t<\/div>\n<\/td>\n<\/tr>\n<tr style=\"border: none\">\n<td><strong>PA\u00cfSOS: <\/strong>Eslov\u00e0quia, Espanya, Pol\u00f2nia, Dinamarca, Rep\u00fablica Txeca, Pa\u00efsos Baixos, Alemanya, \u00c0ustria, el Regne Unit<\/td>\n<\/tr>\n<tr style=\"border: none\">\n<td><strong>DATES:<\/strong> 01\/09\/2015 &#8211; 31\/08\/2017<\/td>\n<\/tr>\n<tr style=\"border: none\">\n<td style=\"text-align: justify\"><strong>DESCRIPCI\u00d3:<\/strong> Contribuir a la modernitzaci\u00f3 dels sistemes d&#8217;educaci\u00f3 universit\u00e0ria d&#8217;Europa de l&#8217;Agenda de Modernitzaci\u00f3 de la Uni\u00f3 Europea de 2011. Nous curr\u00edculums\/ m\u00e8todes educatius\/desenvolupament de cursos d&#8217;aprenentatge. Recerca i desenvolupament de l&#8217;agricultura, enginyeria forestal i pesca.<\/td>\n<\/tr>\n<tr style=\"border: none\">\n<td>\n\t\t<style type=\"text\/css\">\n\t\t\t#gallery-124 {\n\t\t\t\tmargin: auto;\n\t\t\t}\n\t\t\t#gallery-124 .gallery-item {\n\t\t\t\tfloat: left;\n\t\t\t\tmargin-top: 10px;\n\t\t\t\ttext-align: center;\n\t\t\t\twidth: 20%;\n\t\t\t}\n\t\t\t#gallery-124 img {\n\t\t\t\tborder: 2px solid #cfcfcf;\n\t\t\t}\n\t\t\t#gallery-124 .gallery-caption {\n\t\t\t\tmargin-left: 0;\n\t\t\t}\n\t\t\t\/* see gallery_shortcode() in wp-includes\/media.php *\/\n\t\t<\/style>\n\t\t<div id='gallery-124' class='gallery galleryid-20489 gallery-columns-5 gallery-size-thumbnail'><dl class='gallery-item'>\n\t\t\t<dt class='gallery-icon landscape'>\n\t\t\t\t<a href='https:\/\/internacional.umh.es\/ca\/seminario-foodcost\/'><img width=\"150\" height=\"150\" src=\"https:\/\/internacional.umh.es\/files\/2021\/06\/Seminario-FOODCOST-150x150.jpg\" class=\"attachment-thumbnail size-thumbnail\" alt=\"Participantes Seminario FOODCOST\" loading=\"lazy\" srcset=\"https:\/\/internacional.umh.es\/files\/2021\/06\/Seminario-FOODCOST-150x150.jpg 150w, https:\/\/internacional.umh.es\/files\/2021\/06\/Seminario-FOODCOST-32x32.jpg 32w, https:\/\/internacional.umh.es\/files\/2021\/06\/Seminario-FOODCOST-64x64.jpg 64w, https:\/\/internacional.umh.es\/files\/2021\/06\/Seminario-FOODCOST-96x96.jpg 96w, https:\/\/internacional.umh.es\/files\/2021\/06\/Seminario-FOODCOST-128x128.jpg 128w\" sizes=\"(max-width: 150px) 100vw, 150px\" \/><\/a>\n\t\t\t<\/dt><\/dl><dl class='gallery-item'>\n\t\t\t<dt class='gallery-icon landscape'>\n\t\t\t\t<a href='https:\/\/internacional.umh.es\/ca\/taller-profesora-foodcost\/'><img width=\"150\" height=\"150\" src=\"https:\/\/internacional.umh.es\/files\/2021\/06\/Taller-profesora-FOODCOST-150x150.jpg\" class=\"attachment-thumbnail size-thumbnail\" alt=\"Taller profesora FOODCOST\" loading=\"lazy\" srcset=\"https:\/\/internacional.umh.es\/files\/2021\/06\/Taller-profesora-FOODCOST-150x150.jpg 150w, https:\/\/internacional.umh.es\/files\/2021\/06\/Taller-profesora-FOODCOST-32x32.jpg 32w, https:\/\/internacional.umh.es\/files\/2021\/06\/Taller-profesora-FOODCOST-64x64.jpg 64w, https:\/\/internacional.umh.es\/files\/2021\/06\/Taller-profesora-FOODCOST-96x96.jpg 96w, https:\/\/internacional.umh.es\/files\/2021\/06\/Taller-profesora-FOODCOST-128x128.jpg 128w\" sizes=\"(max-width: 150px) 100vw, 150px\" \/><\/a>\n\t\t\t<\/dt><\/dl><dl class='gallery-item'>\n\t\t\t<dt class='gallery-icon landscape'>\n\t\t\t\t<a href='https:\/\/internacional.umh.es\/ca\/cata-bodega-foodcost\/'><img width=\"150\" height=\"150\" src=\"https:\/\/internacional.umh.es\/files\/2021\/06\/Cata-bodega-FOODCOST-150x150.jpg\" class=\"attachment-thumbnail size-thumbnail\" alt=\"Cata bodega FOODCOST\" loading=\"lazy\" srcset=\"https:\/\/internacional.umh.es\/files\/2021\/06\/Cata-bodega-FOODCOST-150x150.jpg 150w, https:\/\/internacional.umh.es\/files\/2021\/06\/Cata-bodega-FOODCOST-32x32.jpg 32w, https:\/\/internacional.umh.es\/files\/2021\/06\/Cata-bodega-FOODCOST-64x64.jpg 64w, https:\/\/internacional.umh.es\/files\/2021\/06\/Cata-bodega-FOODCOST-96x96.jpg 96w, https:\/\/internacional.umh.es\/files\/2021\/06\/Cata-bodega-FOODCOST-128x128.jpg 128w\" sizes=\"(max-width: 150px) 100vw, 150px\" \/><\/a>\n\t\t\t<\/dt><\/dl><dl class='gallery-item'>\n\t\t\t<dt class='gallery-icon landscape'>\n\t\t\t\t<a href='https:\/\/internacional.umh.es\/ca\/prresentacion-autoridades-foodcost\/'><img width=\"150\" height=\"150\" src=\"https:\/\/internacional.umh.es\/files\/2021\/06\/Prresentaci\u00f3n-autoridades-FOODCOST-150x150.jpg\" class=\"attachment-thumbnail size-thumbnail\" alt=\"Presentaci\u00f3n autoridades FOODCOST\" loading=\"lazy\" srcset=\"https:\/\/internacional.umh.es\/files\/2021\/06\/Prresentaci\u00f3n-autoridades-FOODCOST-150x150.jpg 150w, https:\/\/internacional.umh.es\/files\/2021\/06\/Prresentaci\u00f3n-autoridades-FOODCOST-32x32.jpg 32w, https:\/\/internacional.umh.es\/files\/2021\/06\/Prresentaci\u00f3n-autoridades-FOODCOST-64x64.jpg 64w, https:\/\/internacional.umh.es\/files\/2021\/06\/Prresentaci\u00f3n-autoridades-FOODCOST-96x96.jpg 96w, https:\/\/internacional.umh.es\/files\/2021\/06\/Prresentaci\u00f3n-autoridades-FOODCOST-128x128.jpg 128w\" sizes=\"(max-width: 150px) 100vw, 150px\" \/><\/a>\n\t\t\t<\/dt><\/dl><dl class='gallery-item'>\n\t\t\t<dt class='gallery-icon landscape'>\n\t\t\t\t<a href='https:\/\/internacional.umh.es\/ca\/cata-alimentos-proyecto-foodcost\/'><img width=\"150\" height=\"150\" src=\"https:\/\/internacional.umh.es\/files\/2021\/06\/Cata-alimentos-proyecto-FOODCOST-150x150.jpg\" class=\"attachment-thumbnail size-thumbnail\" alt=\"Voluntarios cata alimentos proyecto FOODCOST\" loading=\"lazy\" srcset=\"https:\/\/internacional.umh.es\/files\/2021\/06\/Cata-alimentos-proyecto-FOODCOST-150x150.jpg 150w, https:\/\/internacional.umh.es\/files\/2021\/06\/Cata-alimentos-proyecto-FOODCOST-32x32.jpg 32w, https:\/\/internacional.umh.es\/files\/2021\/06\/Cata-alimentos-proyecto-FOODCOST-64x64.jpg 64w, https:\/\/internacional.umh.es\/files\/2021\/06\/Cata-alimentos-proyecto-FOODCOST-96x96.jpg 96w, https:\/\/internacional.umh.es\/files\/2021\/06\/Cata-alimentos-proyecto-FOODCOST-128x128.jpg 128w\" sizes=\"(max-width: 150px) 100vw, 150px\" \/><\/a>\n\t\t\t<\/dt><\/dl><br style=\"clear: both\" \/><dl class='gallery-item'>\n\t\t\t<dt class='gallery-icon landscape'>\n\t\t\t\t<a href='https:\/\/internacional.umh.es\/ca\/participantes-proyecto-foodcost\/'><img width=\"150\" height=\"150\" src=\"https:\/\/internacional.umh.es\/files\/2021\/06\/Participantes-proyecto-FOODCOST-150x150.jpg\" class=\"attachment-thumbnail size-thumbnail\" alt=\"Participantes proyecto FOODCOST\" loading=\"lazy\" srcset=\"https:\/\/internacional.umh.es\/files\/2021\/06\/Participantes-proyecto-FOODCOST-150x150.jpg 150w, https:\/\/internacional.umh.es\/files\/2021\/06\/Participantes-proyecto-FOODCOST-32x32.jpg 32w, https:\/\/internacional.umh.es\/files\/2021\/06\/Participantes-proyecto-FOODCOST-64x64.jpg 64w, https:\/\/internacional.umh.es\/files\/2021\/06\/Participantes-proyecto-FOODCOST-96x96.jpg 96w, https:\/\/internacional.umh.es\/files\/2021\/06\/Participantes-proyecto-FOODCOST-128x128.jpg 128w\" sizes=\"(max-width: 150px) 100vw, 150px\" \/><\/a>\n\t\t\t<\/dt><\/dl><dl class='gallery-item'>\n\t\t\t<dt class='gallery-icon landscape'>\n\t\t\t\t<a href='https:\/\/internacional.umh.es\/ca\/carteleria-difusion-proyecto-foodcost\/'><img width=\"150\" height=\"150\" src=\"https:\/\/internacional.umh.es\/files\/2021\/06\/Carteleria-difusion-proyecto-FOODCOST-150x150.jpg\" class=\"attachment-thumbnail size-thumbnail\" alt=\"Carteler\u00eda difusi\u00f3n proyecto FOODCOST\" loading=\"lazy\" srcset=\"https:\/\/internacional.umh.es\/files\/2021\/06\/Carteleria-difusion-proyecto-FOODCOST-150x150.jpg 150w, https:\/\/internacional.umh.es\/files\/2021\/06\/Carteleria-difusion-proyecto-FOODCOST-32x32.jpg 32w, https:\/\/internacional.umh.es\/files\/2021\/06\/Carteleria-difusion-proyecto-FOODCOST-64x64.jpg 64w, https:\/\/internacional.umh.es\/files\/2021\/06\/Carteleria-difusion-proyecto-FOODCOST-96x96.jpg 96w, https:\/\/internacional.umh.es\/files\/2021\/06\/Carteleria-difusion-proyecto-FOODCOST-128x128.jpg 128w\" sizes=\"(max-width: 150px) 100vw, 150px\" \/><\/a>\n\t\t\t<\/dt><\/dl><dl class='gallery-item'>\n\t\t\t<dt class='gallery-icon landscape'>\n\t\t\t\t<a href='https:\/\/internacional.umh.es\/ca\/certificado-participantes-proyecto-foodcost\/'><img width=\"150\" height=\"150\" src=\"https:\/\/internacional.umh.es\/files\/2021\/06\/Certificado-participantes-proyecto-FOODCOST-150x150.jpg\" class=\"attachment-thumbnail size-thumbnail\" alt=\"Certificado participantes proyecto FOODCOST\" loading=\"lazy\" srcset=\"https:\/\/internacional.umh.es\/files\/2021\/06\/Certificado-participantes-proyecto-FOODCOST-150x150.jpg 150w, https:\/\/internacional.umh.es\/files\/2021\/06\/Certificado-participantes-proyecto-FOODCOST-32x32.jpg 32w, https:\/\/internacional.umh.es\/files\/2021\/06\/Certificado-participantes-proyecto-FOODCOST-64x64.jpg 64w, https:\/\/internacional.umh.es\/files\/2021\/06\/Certificado-participantes-proyecto-FOODCOST-96x96.jpg 96w, https:\/\/internacional.umh.es\/files\/2021\/06\/Certificado-participantes-proyecto-FOODCOST-128x128.jpg 128w\" sizes=\"(max-width: 150px) 100vw, 150px\" \/><\/a>\n\t\t\t<\/dt><\/dl><dl class='gallery-item'>\n\t\t\t<dt class='gallery-icon landscape'>\n\t\t\t\t<a href='https:\/\/internacional.umh.es\/ca\/proyecto-foodcost-miembros\/'><img width=\"150\" height=\"150\" src=\"https:\/\/internacional.umh.es\/files\/2021\/06\/Proyecto-FOODCOST-miembros-150x150.jpg\" class=\"attachment-thumbnail size-thumbnail\" alt=\"Proyecto FOODCOST miembros\" loading=\"lazy\" srcset=\"https:\/\/internacional.umh.es\/files\/2021\/06\/Proyecto-FOODCOST-miembros-150x150.jpg 150w, https:\/\/internacional.umh.es\/files\/2021\/06\/Proyecto-FOODCOST-miembros-32x32.jpg 32w, https:\/\/internacional.umh.es\/files\/2021\/06\/Proyecto-FOODCOST-miembros-64x64.jpg 64w, https:\/\/internacional.umh.es\/files\/2021\/06\/Proyecto-FOODCOST-miembros-96x96.jpg 96w, https:\/\/internacional.umh.es\/files\/2021\/06\/Proyecto-FOODCOST-miembros-128x128.jpg 128w\" sizes=\"(max-width: 150px) 100vw, 150px\" \/><\/a>\n\t\t\t<\/dt><\/dl><dl class='gallery-item'>\n\t\t\t<dt class='gallery-icon landscape'>\n\t\t\t\t<a href='https:\/\/internacional.umh.es\/ca\/asistentes-proyecto-foodcost-umh\/'><img width=\"150\" height=\"150\" src=\"https:\/\/internacional.umh.es\/files\/2021\/07\/Asistentes-Proyecto-Foodcost-UMH-150x150.jpg\" class=\"attachment-thumbnail size-thumbnail\" alt=\"Asistentes Proyecto Foodcost UMH\" loading=\"lazy\" srcset=\"https:\/\/internacional.umh.es\/files\/2021\/07\/Asistentes-Proyecto-Foodcost-UMH-150x150.jpg 150w, https:\/\/internacional.umh.es\/files\/2021\/07\/Asistentes-Proyecto-Foodcost-UMH-32x32.jpg 32w, https:\/\/internacional.umh.es\/files\/2021\/07\/Asistentes-Proyecto-Foodcost-UMH-64x64.jpg 64w, https:\/\/internacional.umh.es\/files\/2021\/07\/Asistentes-Proyecto-Foodcost-UMH-96x96.jpg 96w, https:\/\/internacional.umh.es\/files\/2021\/07\/Asistentes-Proyecto-Foodcost-UMH-128x128.jpg 128w\" sizes=\"(max-width: 150px) 100vw, 150px\" \/><\/a>\n\t\t\t<\/dt><\/dl><br style=\"clear: both\" \/>\n\t\t<\/div>\n<\/p>\n<p><iframe  style=\"display: block; margin: 0px auto;\"  id=\"_ytid_11459\"  width=\"480\" height=\"270\"  data-origwidth=\"480\" data-origheight=\"270\" src=\"https:\/\/www.youtube.com\/embed\/ss6r770CnOY?enablejsapi=1&autoplay=0&cc_load_policy=0&cc_lang_pref=&iv_load_policy=1&loop=0&modestbranding=0&rel=1&fs=1&playsinline=0&autohide=2&theme=dark&color=red&controls=1&\" class=\"__youtube_prefs__  no-lazyload\" title=\"YouTube player\"  allow=\"accelerometer; autoplay; clipboard-write; encrypted-media; gyroscope; picture-in-picture\" allowfullscreen data-no-lazy=\"1\" data-skipgform_ajax_framebjll=\"\"><\/iframe><\/td>\n<\/tr>\n<tr style=\"border: none\">\n<td style=\"text-align: center\"><a href=\"https:\/\/fem.uniag.sk\/en\/food-quality-and-consumer-studies-copy\/\" target=\"_blank\" rel=\"noopener noreferrer\" title=\"Ho veur\u00e0s en una nova finestra\">fem.uniag.sk<\/a> | <a href=\"https:\/\/www.noldus.com\/projects\/foodcost\" target=\"_blank\" rel=\"noopener noreferrer\" title=\"Ho veur\u00e0s en una nova finestra\">noldus.com<\/a> | <a href=\"http:\/\/foodcost.edu.umh.es\/wp-content\/uploads\/sites\/1224\/2016\/11\/Neuromarketing.pdf\" target=\"_blank\" rel=\"noopener noreferrer\" title=\"Ho veur\u00e0s en una nova finestra\">foodcost.edu.umh.es<\/a> | <a href=\"https:\/\/spu.fem.uniag.sk\/Elena.Horska\/foodcost\/activities.html\" target=\"_blank\" rel=\"noopener noreferrer\" title=\"Ho veur\u00e0s en una nova finestra\">spu.fem.uniag.sk<\/a><\/td>\n<\/tr>\n<tr style=\"border: none\">\n<td><img loading=\"lazy\" class=\"wp-image-24394 aligncenter\" title=\"El projecte europeu FOODCOST en el qual ha participat la UMH \u00e9s finan\u00e7at per la Uni\u00f3 Europea\" src=\"https:\/\/internacional.umh.es\/files\/2022\/02\/EU-proyecto-logo-1-300x180.jpg\" alt=\"FOODCOST projecte logo\" width=\"166\" height=\"100\" srcset=\"https:\/\/internacional.umh.es\/files\/2022\/02\/EU-proyecto-logo-1-300x180.jpg 300w, https:\/\/internacional.umh.es\/files\/2022\/02\/EU-proyecto-logo-1.jpg 303w\" sizes=\"(max-width: 166px) 100vw, 166px\" \/><\/td>\n<\/tr>\n<\/tbody>\n<\/table>\n<p>&nbsp;<\/p>\n<p><img loading=\"lazy\" class=\"alignleft wp-image-21596\" title=\"Veure m\u00e9s projectes KA2 realitzats pel servei\" src=\"https:\/\/internacional.umh.es\/files\/2021\/07\/Boton-mas-proyectos.png\" alt=\"Veure m\u00e9s bot\u00f3\" width=\"34\" height=\"34\" srcset=\"https:\/\/internacional.umh.es\/files\/2021\/07\/Boton-mas-proyectos.png 44w, https:\/\/internacional.umh.es\/files\/2021\/07\/Boton-mas-proyectos-32x32.png 32w\" sizes=\"(max-width: 34px) 100vw, 34px\" \/><span style=\"font-size: 12px\"><strong><u>VEURE M\u00c9S PROJECTES KA2 DE 2015<\/u><\/strong><\/span><\/p>\n<p><a href=\"#2021\"><img loading=\"lazy\" class=\"alignright wp-image-20826 size-full\" title=\"Anar al principi de la p\u00e0gina\" src=\"https:\/\/internacional.umh.es\/files\/2021\/06\/Botonarriba.jpg\" alt=\"Bot\u00f3 arriba icona\" width=\"51\" height=\"50\" srcset=\"https:\/\/internacional.umh.es\/files\/2021\/06\/Botonarriba.jpg 51w, https:\/\/internacional.umh.es\/files\/2021\/06\/Botonarriba-32x32.jpg 32w\" sizes=\"(max-width: 51px) 100vw, 51px\" \/><\/a><\/p>\n<hr style=\"border-width: 5px 0 0 0\">\n<p>&nbsp;<\/p>\n<table style=\"border: none\">\n<tbody>\n<tr style=\"border: none\">\n<td id=\"CCCLab\">\n<p><div style=\"width: 305px\" class=\"wp-caption alignleft\"><a href=\"https:\/\/ccclab.info\/c4cc\" target=\"_blank\" rel=\"noopener noreferrer\"><img loading=\"lazy\" class=\"wp-image-20679 size-full\" title=\"El projecte europeu C4CC Capacities 4 Climate Change \u00e9s un actiu en la lluita pel medi ambient\" src=\"https:\/\/internacional.umh.es\/files\/2021\/06\/C4CC-Capacities-4-Climate-Change-logo.jpg\" alt=\"C4CC Capacities 4 Climate Change logo\" width=\"295\" height=\"120\"><\/a><p class=\"wp-caption-text\"><a title=\"Accedeix a la web del projecte en una nova finestra\" href=\"https:\/\/ccclab.info\/c4cc\" target=\"_blank\" rel=\"noopener noreferrer\">ccclab.info\/c4cc<\/a><\/p><\/div><\/td>\n<\/tr>\n<tr style=\"border: none\">\n<td>&nbsp;<\/td>\n<\/tr>\n<tr style=\"border: none\">\n<td>\n<h5><em>Capacity Building for Youth<\/em><\/h5>\n<\/td>\n<\/tr>\n<tr style=\"border: none\">\n<td>\n<h4><strong>C4CC: Capacitats per al Canvi Clim\u00e0tic <\/strong><\/h4>\n<\/td>\n<\/tr>\n<tr style=\"border: none\">\n<td><strong><strong>SOCIS<br \/>\n<\/strong><\/strong>\n\t\t<style type=\"text\/css\">\n\t\t\t#gallery-125 {\n\t\t\t\tmargin: auto;\n\t\t\t}\n\t\t\t#gallery-125 .gallery-item {\n\t\t\t\tfloat: left;\n\t\t\t\tmargin-top: 10px;\n\t\t\t\ttext-align: center;\n\t\t\t\twidth: 20%;\n\t\t\t}\n\t\t\t#gallery-125 img {\n\t\t\t\tborder: 2px solid #cfcfcf;\n\t\t\t}\n\t\t\t#gallery-125 .gallery-caption {\n\t\t\t\tmargin-left: 0;\n\t\t\t}\n\t\t\t\/* see gallery_shortcode() in wp-includes\/media.php *\/\n\t\t<\/style>\n\t\t<div id='gallery-125' class='gallery galleryid-20489 gallery-columns-5 gallery-size-medium'><dl class='gallery-item'>\n\t\t\t<dt class='gallery-icon landscape'>\n\t\t\t\t<img width=\"197\" height=\"100\" src=\"https:\/\/internacional.umh.es\/files\/2021\/06\/Universidad-Miguel-Hern\u00e1ndez-Logo-e1623326215137.jpg\" class=\"attachment-medium size-medium\" alt=\"Universidad Miguel Hern\u00e1ndez Logo\" loading=\"lazy\" \/>\n\t\t\t<\/dt><\/dl><dl class='gallery-item'>\n\t\t\t<dt class='gallery-icon landscape'>\n\t\t\t\t<img width=\"100\" height=\"69\" src=\"https:\/\/internacional.umh.es\/files\/2021\/06\/ANCE-logo.png\" class=\"attachment-medium size-medium\" alt=\"ANCE Grecia logo\" loading=\"lazy\" aria-describedby=\"gallery-125-20688\" \/>\n\t\t\t<\/dt>\n\t\t\t\t<dd class='wp-caption-text gallery-caption' id='gallery-125-20688'>\n\t\t\t\t<a href=\"http:\/\/ance-hellas.org\/en\/\" target=\"_blank\" title=\"Lo ver\u00e1s en una nueva ventana\" rel=\"noopener noreferrer\">ance-hellas.org<\/a>\n\t\t\t\t<\/dd><\/dl><dl class='gallery-item'>\n\t\t\t<dt class='gallery-icon landscape'>\n\t\t\t\t<img width=\"156\" height=\"100\" src=\"https:\/\/internacional.umh.es\/files\/2021\/06\/ecoMingaEcuador-logo.jpg\" class=\"attachment-medium size-medium\" alt=\"Fundaci\u00f3n eco Minga Ecuador logo\" loading=\"lazy\" aria-describedby=\"gallery-125-20685\" \/>\n\t\t\t<\/dt>\n\t\t\t\t<dd class='wp-caption-text gallery-caption' id='gallery-125-20685'>\n\t\t\t\t<a href=\"https:\/\/ecomingafoundation.wordpress.com\" target=\"_blank\" title=\"Lo ver\u00e1s en una nueva ventana\" rel=\"noopener noreferrer\">ecomingafoundation<\/a>\n\t\t\t\t<\/dd><\/dl><dl class='gallery-item'>\n\t\t\t<dt class='gallery-icon landscape'>\n\t\t\t\t<img width=\"100\" height=\"100\" src=\"https:\/\/internacional.umh.es\/files\/2021\/06\/Fundacion-ArtecolorChile.jpg\" class=\"attachment-medium size-medium\" alt=\"Fundaci\u00f3n Artecolor Chile logo\" loading=\"lazy\" aria-describedby=\"gallery-125-20682\" srcset=\"https:\/\/internacional.umh.es\/files\/2021\/06\/Fundacion-ArtecolorChile.jpg 100w, https:\/\/internacional.umh.es\/files\/2021\/06\/Fundacion-ArtecolorChile-32x32.jpg 32w, https:\/\/internacional.umh.es\/files\/2021\/06\/Fundacion-ArtecolorChile-64x64.jpg 64w, https:\/\/internacional.umh.es\/files\/2021\/06\/Fundacion-ArtecolorChile-96x96.jpg 96w\" sizes=\"(max-width: 100px) 100vw, 100px\" \/>\n\t\t\t<\/dt>\n\t\t\t\t<dd class='wp-caption-text gallery-caption' id='gallery-125-20682'>\n\t\t\t\t<a href=\"https:\/\/colorearte.cl\" target=\"_blank\" title=\"Lo ver\u00e1s en una nueva ventana\" rel=\"noopener noreferrer\">colorearte.cl<\/a>\n\t\t\t\t<\/dd><\/dl>\n\t\t\t<br style='clear: both' \/>\n\t\t<\/div>\n<\/td>\n<\/tr>\n<tr style=\"border: none\">\n<td><strong>ENTITAT COORDINADORA<\/strong><strong><br \/>\n<\/strong>\n\t\t<style type=\"text\/css\">\n\t\t\t#gallery-126 {\n\t\t\t\tmargin: auto;\n\t\t\t}\n\t\t\t#gallery-126 .gallery-item {\n\t\t\t\tfloat: left;\n\t\t\t\tmargin-top: 10px;\n\t\t\t\ttext-align: center;\n\t\t\t\twidth: 25%;\n\t\t\t}\n\t\t\t#gallery-126 img {\n\t\t\t\tborder: 2px solid #cfcfcf;\n\t\t\t}\n\t\t\t#gallery-126 .gallery-caption {\n\t\t\t\tmargin-left: 0;\n\t\t\t}\n\t\t\t\/* see gallery_shortcode() in wp-includes\/media.php *\/\n\t\t<\/style>\n\t\t<div id='gallery-126' class='gallery galleryid-20489 gallery-columns-4 gallery-size-medium'><dl class='gallery-item'>\n\t\t\t<dt class='gallery-icon landscape'>\n\t\t\t\t<a href='https:\/\/internacional.umh.es\/ca\/internacionalizacion\/proyectos\/proyectos-ka2-concedidos-finalizados\/kmgne-kolleg-fur-management-und-gestaltung-nachhaltiger-entwicklung-2\/'><img width=\"300\" height=\"114\" src=\"https:\/\/internacional.umh.es\/files\/2021\/06\/KMGNE-Kolleg-fUr-Management-und-Gestaltung-nachhaltiger-Entwicklung-1-300x114.jpg\" class=\"attachment-medium size-medium\" alt=\"KMGNE Kolleg fUr Management und Gestaltung nachhaltiger Entwicklung logo\" loading=\"lazy\" aria-describedby=\"gallery-126-20676\" srcset=\"https:\/\/internacional.umh.es\/files\/2021\/06\/KMGNE-Kolleg-fUr-Management-und-Gestaltung-nachhaltiger-Entwicklung-1-300x114.jpg 300w, https:\/\/internacional.umh.es\/files\/2021\/06\/KMGNE-Kolleg-fUr-Management-und-Gestaltung-nachhaltiger-Entwicklung-1.jpg 305w\" sizes=\"(max-width: 300px) 100vw, 300px\" \/><\/a>\n\t\t\t<\/dt>\n\t\t\t\t<dd class='wp-caption-text gallery-caption' id='gallery-126-20676'>\n\t\t\t\t<a href=\"http:\/\/spanish.kmgne.de\" target=\"_blank\" title=\"Lo ver\u00e1s en una nueva ventana\" rel=\"noopener noreferrer\">kmgne.de<\/a>\n\t\t\t\t<\/dd><\/dl>\n\t\t\t<br style='clear: both' \/>\n\t\t<\/div>\n<\/td>\n<\/tr>\n<tr style=\"border: none\">\n<td><strong>PA\u00cfSOS: <\/strong>Alemanya, Espanya, Gr\u00e8cia, l&#8217;Equador, M\u00e8xic, Xile<\/td>\n<\/tr>\n<tr style=\"border: none\">\n<td><strong>DATES:<\/strong> 01\/07\/2016 &#8211; 31\/12\/2017<\/td>\n<\/tr>\n<tr style=\"border: none\">\n<td style=\"text-align: justify\"><strong>DESCRIPCI\u00d3:<\/strong> Que els joves adults i treballadors joves d&#8217;Alemanya (MV), Espanya (Val\u00e8ncia i voltants), Gr\u00e8cia (Atenes i voltants), l&#8217;Equador (Quito, Ba\u00f1os, Pedrenyals), M\u00e8xic (DF) i Xile (La Ligua, Santiago) entenen, comprenen, reflexionen i comuniquen la gran import\u00e0ncia i les necessitats de l&#8217;adaptaci\u00f3 clim\u00e0tica local, regional i global, en el seu nivell concret d&#8217;acci\u00f3 com a joves multiplicadors, per\u00f2 tamb\u00e9 respecte a a les pol\u00edtiques i estrat\u00e8gies d&#8217;Adaptaci\u00f3. En el projecte, els joves podran desenvolupar habilitats transformadores per a l&#8217;adaptaci\u00f3 clim\u00e0tica i assumir la responsabilitat en el seu paper com a formadors del futur cap a processos de transformaci\u00f3 per a l&#8217;adaptaci\u00f3 clim\u00e0tica.<\/td>\n<\/tr>\n<tr style=\"border: none\">\n<td>\n\t\t<style type=\"text\/css\">\n\t\t\t#gallery-127 {\n\t\t\t\tmargin: auto;\n\t\t\t}\n\t\t\t#gallery-127 .gallery-item {\n\t\t\t\tfloat: left;\n\t\t\t\tmargin-top: 10px;\n\t\t\t\ttext-align: center;\n\t\t\t\twidth: 20%;\n\t\t\t}\n\t\t\t#gallery-127 img {\n\t\t\t\tborder: 2px solid #cfcfcf;\n\t\t\t}\n\t\t\t#gallery-127 .gallery-caption {\n\t\t\t\tmargin-left: 0;\n\t\t\t}\n\t\t\t\/* see gallery_shortcode() in wp-includes\/media.php *\/\n\t\t<\/style>\n\t\t<div id='gallery-127' class='gallery galleryid-20489 gallery-columns-5 gallery-size-thumbnail'><dl class='gallery-item'>\n\t\t\t<dt class='gallery-icon landscape'>\n\t\t\t\t<a href='https:\/\/internacional.umh.es\/ca\/internacionalizacion\/proyectos\/proyectos-ka2-concedidos-finalizados\/c4cc-travel-transformation-logo-2\/'><img width=\"150\" height=\"150\" src=\"https:\/\/internacional.umh.es\/files\/2021\/06\/C4CC-Travel-Transformation-logo-1-150x150.jpg\" class=\"attachment-thumbnail size-thumbnail\" alt=\"C4CC Travel Transformation logo\" loading=\"lazy\" srcset=\"https:\/\/internacional.umh.es\/files\/2021\/06\/C4CC-Travel-Transformation-logo-1-150x150.jpg 150w, https:\/\/internacional.umh.es\/files\/2021\/06\/C4CC-Travel-Transformation-logo-1-32x32.jpg 32w, https:\/\/internacional.umh.es\/files\/2021\/06\/C4CC-Travel-Transformation-logo-1-64x64.jpg 64w, https:\/\/internacional.umh.es\/files\/2021\/06\/C4CC-Travel-Transformation-logo-1-96x96.jpg 96w, https:\/\/internacional.umh.es\/files\/2021\/06\/C4CC-Travel-Transformation-logo-1-128x128.jpg 128w\" sizes=\"(max-width: 150px) 100vw, 150px\" \/><\/a>\n\t\t\t<\/dt><\/dl><dl class='gallery-item'>\n\t\t\t<dt class='gallery-icon landscape'>\n\t\t\t\t<a href='https:\/\/internacional.umh.es\/ca\/internacionalizacion\/proyectos\/proyectos-ka2-concedidos-finalizados\/c4cc-proyecto-grupo-de-trabajo\/'><img width=\"150\" height=\"150\" src=\"https:\/\/internacional.umh.es\/files\/2021\/06\/C4CC-proyecto-grupo-de-trabajo-150x150.jpg\" class=\"attachment-thumbnail size-thumbnail\" alt=\"C4CC proyecto grupo de trabajo\" loading=\"lazy\" srcset=\"https:\/\/internacional.umh.es\/files\/2021\/06\/C4CC-proyecto-grupo-de-trabajo-150x150.jpg 150w, https:\/\/internacional.umh.es\/files\/2021\/06\/C4CC-proyecto-grupo-de-trabajo-32x32.jpg 32w, https:\/\/internacional.umh.es\/files\/2021\/06\/C4CC-proyecto-grupo-de-trabajo-64x64.jpg 64w, https:\/\/internacional.umh.es\/files\/2021\/06\/C4CC-proyecto-grupo-de-trabajo-96x96.jpg 96w, https:\/\/internacional.umh.es\/files\/2021\/06\/C4CC-proyecto-grupo-de-trabajo-128x128.jpg 128w\" sizes=\"(max-width: 150px) 100vw, 150px\" \/><\/a>\n\t\t\t<\/dt><\/dl>\n\t\t\t<br style='clear: both' \/>\n\t\t<\/div>\n<\/td>\n<\/tr>\n<tr style=\"border: none\">\n<td style=\"text-align: center\"><a title=\"Ho veur\u00e0s en una nova finestra\" href=\"https:\/\/ccclab.info\" target=\"_blank\" rel=\"noopener noreferrer\">ccclab.info<\/a> | <a title=\"Ho veur\u00e0s en una nova finestra\" href=\"http:\/\/spanish.kmgne.de\" target=\"_blank\" rel=\"noopener noreferrer\">spanish.kmgne.de<\/a><\/td>\n<\/tr>\n<tr style=\"border: none\">\n<td><img loading=\"lazy\" class=\"wp-image-24394 aligncenter\" title=\"El projecte europeu CCCLab en el qual ha participat la UMH \u00e9s finan\u00e7at per la Uni\u00f3 Europea\" src=\"https:\/\/internacional.umh.es\/files\/2022\/02\/EU-proyecto-logo-1-300x180.jpg\" alt=\"CCCLab projecte logo\" width=\"166\" height=\"100\" srcset=\"https:\/\/internacional.umh.es\/files\/2022\/02\/EU-proyecto-logo-1-300x180.jpg 300w, https:\/\/internacional.umh.es\/files\/2022\/02\/EU-proyecto-logo-1.jpg 303w\" sizes=\"(max-width: 166px) 100vw, 166px\" \/><\/td>\n<\/tr>\n<\/tbody>\n<\/table>\n<p>&nbsp;<br \/>\n<a href=\"#2021\"><img loading=\"lazy\" class=\"alignright wp-image-20826 size-full\" title=\"Anar al principi de la p\u00e0gina\" src=\"https:\/\/internacional.umh.es\/files\/2021\/06\/Botonarriba.jpg\" alt=\"Bot\u00f3 a dalt de la p\u00e0gina\" width=\"51\" height=\"50\" srcset=\"https:\/\/internacional.umh.es\/files\/2021\/06\/Botonarriba.jpg 51w, https:\/\/internacional.umh.es\/files\/2021\/06\/Botonarriba-32x32.jpg 32w\" sizes=\"(max-width: 51px) 100vw, 51px\" \/><\/a><\/p>\n<hr style=\"border-width: 5px 0 0 0\">\n<p>&nbsp;<\/p>\n<table id=\"2014\" style=\"border: none\">\n<tbody>\n<tr style=\"border: none\">\n<td id=\"gymsen\">\n<p><div style=\"width: 278px\" class=\"wp-caption alignleft\"><a href=\"https:\/\/euda.eu\/projekt-gymsen\" target=\"_blank\" rel=\"noopener noreferrer\"><img loading=\"lazy\" class=\"wp-image-20570\" title=\"El projecte gymsen de gimn\u00e0stica sensorial per a persones majors en el qual participa i coordina la UMH en 2014\" src=\"https:\/\/internacional.umh.es\/files\/2021\/06\/gymsen-proyecto-logo.jpg\" alt=\"gymsen projecte logo\" width=\"268\" height=\"150\" srcset=\"https:\/\/internacional.umh.es\/files\/2021\/06\/gymsen-proyecto-logo.jpg 334w, https:\/\/internacional.umh.es\/files\/2021\/06\/gymsen-proyecto-logo-300x168.jpg 300w\" sizes=\"(max-width: 268px) 100vw, 268px\" \/><\/a><p class=\"wp-caption-text\"><a title=\"Accedeix a la web del projecte en una nova finestra\" href=\"https:\/\/euda.eu\/projekt-gymsen\" target=\"_blank\" rel=\"noopener noreferrer\">euda.eu\/projekt-gymsen<\/a><\/p><\/div><\/td>\n<\/tr>\n<tr style=\"border: none\">\n<td>&nbsp;<\/td>\n<\/tr>\n<tr style=\"border: none\">\n<td>\n<h5><em>Strategic Partnership for Higher Education<\/em><\/h5>\n<\/td>\n<\/tr>\n<tr style=\"border: none\">\n<td>\n<h4><strong>Gimn\u00e0stica sensorial per a majors. Programa per al manteniment de les capacitats sensorials de les persones majors<\/strong><\/h4>\n<\/td>\n<\/tr>\n<tr style=\"border: none\">\n<td><strong>SOCIS<\/strong><br \/>\n\n\t\t<style type=\"text\/css\">\n\t\t\t#gallery-128 {\n\t\t\t\tmargin: auto;\n\t\t\t}\n\t\t\t#gallery-128 .gallery-item {\n\t\t\t\tfloat: left;\n\t\t\t\tmargin-top: 10px;\n\t\t\t\ttext-align: center;\n\t\t\t\twidth: 20%;\n\t\t\t}\n\t\t\t#gallery-128 img {\n\t\t\t\tborder: 2px solid #cfcfcf;\n\t\t\t}\n\t\t\t#gallery-128 .gallery-caption {\n\t\t\t\tmargin-left: 0;\n\t\t\t}\n\t\t\t\/* see gallery_shortcode() in wp-includes\/media.php *\/\n\t\t<\/style>\n\t\t<div id='gallery-128' class='gallery galleryid-20489 gallery-columns-5 gallery-size-medium'><dl class='gallery-item'>\n\t\t\t<dt class='gallery-icon portrait'>\n\t\t\t\t<img width=\"74\" height=\"100\" src=\"https:\/\/internacional.umh.es\/files\/2021\/06\/RISE-Sveriges-Tekniska-Forskningsinstitut-logo.jpg\" class=\"attachment-medium size-medium\" alt=\"RISE Sveriges Tekniska Forskningsinstitut logo\" loading=\"lazy\" aria-describedby=\"gallery-128-20582\" \/>\n\t\t\t<\/dt>\n\t\t\t\t<dd class='wp-caption-text gallery-caption' id='gallery-128-20582'>\n\t\t\t\t<a href=\"https:\/\/www.ri.se\/en\" target=\"_blank\" title=\"Lo ver\u00e1s en una nueva ventana\" rel=\"noopener noreferrer\">ri.se<\/a>\n\t\t\t\t<\/dd><\/dl><dl class='gallery-item'>\n\t\t\t<dt class='gallery-icon landscape'>\n\t\t\t\t<img width=\"280\" height=\"100\" src=\"https:\/\/internacional.umh.es\/files\/2021\/06\/Ainia-centro-tecnologico-logo.jpg\" class=\"attachment-medium size-medium\" alt=\"Ainia centro tecnol\u00f3gico logo\" loading=\"lazy\" aria-describedby=\"gallery-128-20579\" \/>\n\t\t\t<\/dt>\n\t\t\t\t<dd class='wp-caption-text gallery-caption' id='gallery-128-20579'>\n\t\t\t\t<a href=\"https:\/\/www.ainia.es\" target=\"_blank\" title=\"Lo ver\u00e1s en una nueva ventana\" rel=\"noopener noreferrer\">ainia.es<\/a>\n\t\t\t\t<\/dd><\/dl><dl class='gallery-item'>\n\t\t\t<dt class='gallery-icon portrait'>\n\t\t\t\t<img width=\"71\" height=\"100\" src=\"https:\/\/internacional.umh.es\/files\/2021\/06\/Alzheimer-Athens-logo.jpg\" class=\"attachment-medium size-medium\" alt=\"Alzheimer Athens logo\" loading=\"lazy\" aria-describedby=\"gallery-128-20573\" \/>\n\t\t\t<\/dt>\n\t\t\t\t<dd class='wp-caption-text gallery-caption' id='gallery-128-20573'>\n\t\t\t\t<a href=\"https:\/\/alzheimerathens.gr\/en\" target=\"_blank\" title=\"Lo ver\u00e1s en una nueva ventana\" rel=\"noopener noreferrer\">alzheimerathens.gr<\/a>\n\t\t\t\t<\/dd><\/dl><dl class='gallery-item'>\n\t\t\t<dt class='gallery-icon landscape'>\n\t\t\t\t<img width=\"300\" height=\"119\" src=\"https:\/\/internacional.umh.es\/files\/2021\/06\/ANS_Anzani-e-non-solo-logo-300x119.png\" class=\"attachment-medium size-medium\" alt=\"ANS Anzani e non solo logo\" loading=\"lazy\" aria-describedby=\"gallery-128-20576\" srcset=\"https:\/\/internacional.umh.es\/files\/2021\/06\/ANS_Anzani-e-non-solo-logo-300x119.png 300w, https:\/\/internacional.umh.es\/files\/2021\/06\/ANS_Anzani-e-non-solo-logo-768x306.png 768w, https:\/\/internacional.umh.es\/files\/2021\/06\/ANS_Anzani-e-non-solo-logo-1024x408.png 1024w, https:\/\/internacional.umh.es\/files\/2021\/06\/ANS_Anzani-e-non-solo-logo.png 1246w\" sizes=\"(max-width: 300px) 100vw, 300px\" \/>\n\t\t\t<\/dt>\n\t\t\t\t<dd class='wp-caption-text gallery-caption' id='gallery-128-20576'>\n\t\t\t\t<a href=\"https:\/\/www.anzianienonsolo.it\/online\/en\/home-2-english\/\" target=\"_blank\" title=\"Lo ver\u00e1s en una nueva ventana\" rel=\"noopener noreferrer\">anzianienonsolo.it<\/a>\n\t\t\t\t<\/dd><\/dl>\n\t\t\t<br style='clear: both' \/>\n\t\t<\/div>\n<\/td>\n<\/tr>\n<tr style=\"border: none\">\n<td><strong>ENTITAT COORDINADORA<br \/>\n<\/strong>\n\t\t<style type=\"text\/css\">\n\t\t\t#gallery-129 {\n\t\t\t\tmargin: auto;\n\t\t\t}\n\t\t\t#gallery-129 .gallery-item {\n\t\t\t\tfloat: left;\n\t\t\t\tmargin-top: 10px;\n\t\t\t\ttext-align: center;\n\t\t\t\twidth: 20%;\n\t\t\t}\n\t\t\t#gallery-129 img {\n\t\t\t\tborder: 2px solid #cfcfcf;\n\t\t\t}\n\t\t\t#gallery-129 .gallery-caption {\n\t\t\t\tmargin-left: 0;\n\t\t\t}\n\t\t\t\/* see gallery_shortcode() in wp-includes\/media.php *\/\n\t\t<\/style>\n\t\t<div id='gallery-129' class='gallery galleryid-20489 gallery-columns-5 gallery-size-medium'><dl class='gallery-item'>\n\t\t\t<dt class='gallery-icon landscape'>\n\t\t\t\t<img width=\"197\" height=\"100\" src=\"https:\/\/internacional.umh.es\/files\/2021\/06\/Universidad-Miguel-Hern\u00e1ndez-Logo-e1623326215137.jpg\" class=\"attachment-medium size-medium\" alt=\"Universidad Miguel Hern\u00e1ndez Logo\" loading=\"lazy\" \/>\n\t\t\t<\/dt><\/dl>\n\t\t\t<br style='clear: both' \/>\n\t\t<\/div>\n<\/td>\n<\/tr>\n<tr style=\"border: none\">\n<td><strong>PA\u00cfSOS: <\/strong>Su\u00e8cia, Espanya, It\u00e0lia, Gr\u00e8cia, Rep\u00fablica Txeca<\/td>\n<\/tr>\n<tr style=\"border: none\">\n<td><strong>DATES:<\/strong> 01\/09\/2014 &#8211; 31\/08\/2016<\/td>\n<\/tr>\n<tr style=\"border: none\">\n<td style=\"text-align: justify\"><strong>DESCRIPCI\u00d3:<\/strong> Descobrir a les persones majors nous sabors que puguen introduir en la seua dieta per a fer-la m\u00e9s sana i equilibrada, alhora que m\u00e9s atractiva per als seus sentits, \u00e9s l&#8217;objectiu del projecte \u2018Gymsen: Gimn\u00e0stica Sensorial per a Majors\u2019.<\/td>\n<\/tr>\n<tr style=\"border: none\">\n<td>\n\t\t<style type=\"text\/css\">\n\t\t\t#gallery-130 {\n\t\t\t\tmargin: auto;\n\t\t\t}\n\t\t\t#gallery-130 .gallery-item {\n\t\t\t\tfloat: left;\n\t\t\t\tmargin-top: 10px;\n\t\t\t\ttext-align: center;\n\t\t\t\twidth: 16%;\n\t\t\t}\n\t\t\t#gallery-130 img {\n\t\t\t\tborder: 2px solid #cfcfcf;\n\t\t\t}\n\t\t\t#gallery-130 .gallery-caption {\n\t\t\t\tmargin-left: 0;\n\t\t\t}\n\t\t\t\/* see gallery_shortcode() in wp-includes\/media.php *\/\n\t\t<\/style>\n\t\t<div id='gallery-130' class='gallery galleryid-20489 gallery-columns-6 gallery-size-thumbnail'><dl class='gallery-item'>\n\t\t\t<dt class='gallery-icon portrait'>\n\t\t\t\t<a href='https:\/\/internacional.umh.es\/ca\/reportaje-gymnsen-revista-sapiens-umh\/'><img width=\"150\" height=\"150\" src=\"https:\/\/internacional.umh.es\/files\/2021\/06\/Reportaje-Gymnsen-revista-Sapiens-UMH-150x150.jpg\" class=\"attachment-thumbnail size-thumbnail\" alt=\"Reportaje Gymsen revista Sapiens UMH\" loading=\"lazy\" srcset=\"https:\/\/internacional.umh.es\/files\/2021\/06\/Reportaje-Gymnsen-revista-Sapiens-UMH-150x150.jpg 150w, https:\/\/internacional.umh.es\/files\/2021\/06\/Reportaje-Gymnsen-revista-Sapiens-UMH-32x32.jpg 32w, https:\/\/internacional.umh.es\/files\/2021\/06\/Reportaje-Gymnsen-revista-Sapiens-UMH-64x64.jpg 64w, https:\/\/internacional.umh.es\/files\/2021\/06\/Reportaje-Gymnsen-revista-Sapiens-UMH-96x96.jpg 96w, https:\/\/internacional.umh.es\/files\/2021\/06\/Reportaje-Gymnsen-revista-Sapiens-UMH-128x128.jpg 128w\" sizes=\"(max-width: 150px) 100vw, 150px\" \/><\/a>\n\t\t\t<\/dt><\/dl><dl class='gallery-item'>\n\t\t\t<dt class='gallery-icon landscape'>\n\t\t\t\t<a href='https:\/\/internacional.umh.es\/ca\/personas-mayores-proyecto-gymnsen\/'><img width=\"150\" height=\"150\" src=\"https:\/\/internacional.umh.es\/files\/2021\/06\/Personas-mayores-proyecto-gymnsen-150x150.jpg\" class=\"attachment-thumbnail size-thumbnail\" alt=\"Personas mayores proyecto Gymnsen\" loading=\"lazy\" srcset=\"https:\/\/internacional.umh.es\/files\/2021\/06\/Personas-mayores-proyecto-gymnsen-150x150.jpg 150w, https:\/\/internacional.umh.es\/files\/2021\/06\/Personas-mayores-proyecto-gymnsen-32x32.jpg 32w, https:\/\/internacional.umh.es\/files\/2021\/06\/Personas-mayores-proyecto-gymnsen-64x64.jpg 64w, https:\/\/internacional.umh.es\/files\/2021\/06\/Personas-mayores-proyecto-gymnsen-96x96.jpg 96w, https:\/\/internacional.umh.es\/files\/2021\/06\/Personas-mayores-proyecto-gymnsen-128x128.jpg 128w\" sizes=\"(max-width: 150px) 100vw, 150px\" \/><\/a>\n\t\t\t<\/dt><\/dl><dl class='gallery-item'>\n\t\t\t<dt class='gallery-icon landscape'>\n\t\t\t\t<a href='https:\/\/internacional.umh.es\/ca\/proyecto-gymsen-reuniones\/'><img width=\"150\" height=\"150\" src=\"https:\/\/internacional.umh.es\/files\/2021\/06\/Proyecto-Gymsen-reuniones-150x150.jpg\" class=\"attachment-thumbnail size-thumbnail\" alt=\"Proyecto Gymsen reuniones\" loading=\"lazy\" srcset=\"https:\/\/internacional.umh.es\/files\/2021\/06\/Proyecto-Gymsen-reuniones-150x150.jpg 150w, https:\/\/internacional.umh.es\/files\/2021\/06\/Proyecto-Gymsen-reuniones-32x32.jpg 32w, https:\/\/internacional.umh.es\/files\/2021\/06\/Proyecto-Gymsen-reuniones-64x64.jpg 64w, https:\/\/internacional.umh.es\/files\/2021\/06\/Proyecto-Gymsen-reuniones-96x96.jpg 96w, https:\/\/internacional.umh.es\/files\/2021\/06\/Proyecto-Gymsen-reuniones-128x128.jpg 128w\" sizes=\"(max-width: 150px) 100vw, 150px\" \/><\/a>\n\t\t\t<\/dt><\/dl><dl class='gallery-item'>\n\t\t\t<dt class='gallery-icon landscape'>\n\t\t\t\t<a href='https:\/\/internacional.umh.es\/ca\/proyecto-gymsen-reuniones-cientificas\/'><img width=\"150\" height=\"150\" src=\"https:\/\/internacional.umh.es\/files\/2021\/06\/Proyecto-Gymsen-reuniones-cientificas-150x150.jpg\" class=\"attachment-thumbnail size-thumbnail\" alt=\"Proyecto Gymsen reuniones cient\u00edficas\" loading=\"lazy\" srcset=\"https:\/\/internacional.umh.es\/files\/2021\/06\/Proyecto-Gymsen-reuniones-cientificas-150x150.jpg 150w, https:\/\/internacional.umh.es\/files\/2021\/06\/Proyecto-Gymsen-reuniones-cientificas-32x32.jpg 32w, https:\/\/internacional.umh.es\/files\/2021\/06\/Proyecto-Gymsen-reuniones-cientificas-64x64.jpg 64w, https:\/\/internacional.umh.es\/files\/2021\/06\/Proyecto-Gymsen-reuniones-cientificas-96x96.jpg 96w, https:\/\/internacional.umh.es\/files\/2021\/06\/Proyecto-Gymsen-reuniones-cientificas-128x128.jpg 128w\" sizes=\"(max-width: 150px) 100vw, 150px\" \/><\/a>\n\t\t\t<\/dt><\/dl><dl class='gallery-item'>\n\t\t\t<dt class='gallery-icon landscape'>\n\t\t\t\t<a href='https:\/\/internacional.umh.es\/ca\/seminario-proyecto-gymsen-umh\/'><img width=\"150\" height=\"150\" src=\"https:\/\/internacional.umh.es\/files\/2021\/06\/Seminario-Proyecto-Gymsen-UMH-150x150.jpg\" class=\"attachment-thumbnail size-thumbnail\" alt=\"Seminario Proyecto Gymsen UMH\" loading=\"lazy\" srcset=\"https:\/\/internacional.umh.es\/files\/2021\/06\/Seminario-Proyecto-Gymsen-UMH-150x150.jpg 150w, https:\/\/internacional.umh.es\/files\/2021\/06\/Seminario-Proyecto-Gymsen-UMH-32x32.jpg 32w, https:\/\/internacional.umh.es\/files\/2021\/06\/Seminario-Proyecto-Gymsen-UMH-64x64.jpg 64w, https:\/\/internacional.umh.es\/files\/2021\/06\/Seminario-Proyecto-Gymsen-UMH-96x96.jpg 96w, https:\/\/internacional.umh.es\/files\/2021\/06\/Seminario-Proyecto-Gymsen-UMH-128x128.jpg 128w\" sizes=\"(max-width: 150px) 100vw, 150px\" \/><\/a>\n\t\t\t<\/dt><\/dl><dl class='gallery-item'>\n\t\t\t<dt class='gallery-icon portrait'>\n\t\t\t\t<a href='https:\/\/internacional.umh.es\/ca\/global-umh-2-revista-proyecto-gymnsen\/'><img width=\"150\" height=\"150\" src=\"https:\/\/internacional.umh.es\/files\/2021\/06\/Global-UMH-2-revista-proyecto-Gymnsen-150x150.jpg\" class=\"attachment-thumbnail size-thumbnail\" alt=\"Global UMH 2 revista proyecto Gymnsen\" loading=\"lazy\" srcset=\"https:\/\/internacional.umh.es\/files\/2021\/06\/Global-UMH-2-revista-proyecto-Gymnsen-150x150.jpg 150w, https:\/\/internacional.umh.es\/files\/2021\/06\/Global-UMH-2-revista-proyecto-Gymnsen-32x32.jpg 32w, https:\/\/internacional.umh.es\/files\/2021\/06\/Global-UMH-2-revista-proyecto-Gymnsen-64x64.jpg 64w, https:\/\/internacional.umh.es\/files\/2021\/06\/Global-UMH-2-revista-proyecto-Gymnsen-96x96.jpg 96w, https:\/\/internacional.umh.es\/files\/2021\/06\/Global-UMH-2-revista-proyecto-Gymnsen-128x128.jpg 128w\" sizes=\"(max-width: 150px) 100vw, 150px\" \/><\/a>\n\t\t\t<\/dt><\/dl><br style=\"clear: both\" \/>\n\t\t<\/div>\n<\/p>\n<p><iframe  style=\"display: block; margin: 0px auto;\"  id=\"_ytid_27781\"  width=\"480\" height=\"270\"  data-origwidth=\"480\" data-origheight=\"270\" src=\"https:\/\/www.youtube.com\/embed\/gtEwO0nzr-0?enablejsapi=1&autoplay=0&cc_load_policy=0&cc_lang_pref=&iv_load_policy=1&loop=0&modestbranding=0&rel=1&fs=1&playsinline=0&autohide=2&theme=dark&color=red&controls=1&\" class=\"__youtube_prefs__  no-lazyload\" title=\"YouTube player\"  allow=\"accelerometer; autoplay; clipboard-write; encrypted-media; gyroscope; picture-in-picture\" allowfullscreen data-no-lazy=\"1\" data-skipgform_ajax_framebjll=\"\"><\/iframe><\/td>\n<\/tr>\n<tr style=\"border: none\">\n<td style=\"text-align: center\"><a title=\"Ho veur\u00e0s en una nova finestra\" href=\"http:\/\/euda.eu\/wp-content\/uploads\/2015\/02\/1st-press-release.pdf\" target=\"_blank\" rel=\"noopener noreferrer\">euda.eu<\/a> |<a title=\"Lo ver\u00e1s en una nueva ventana\" href=\"http:\/\/dspace.umh.es\/bitstream\/11000\/4714\/1\/Nutrici%C3%B3n%20y%20Bromatolog%C3%ADa%20_%20Gymsen%2c%20Gimnasia%20Sensorial%20para%20Mayores.pdf\" target=\"_blank\" rel=\"noopener noreferrer\"> dspace.umh.es<\/a> | <a title=\"Ho veur\u00e0s en una nova finestra\" href=\"https:\/\/es.linkedin.com\/in\/gymsen-eu-6b4612125\" target=\"_blank\" rel=\"noopener noreferrer\">linkedin.com<\/a>| <a title=\"Ho veur\u00e0s en una nova finestra\" href=\"https:\/\/www.facebook.com\/gymsen.eu\/\" target=\"_blank\" rel=\"noopener noreferrer\">facebook.com<\/a> | <a title=\"Ho veur\u00e0s en una nova finestra\" href=\"https:\/\/umhsapiens.com\/gymsen-gimnasia-sensorial-para-mayores\/\" target=\"_blank\" rel=\"noopener noreferrer\">umhsapiens.com<\/a> | <a title=\"Ho veur\u00e0s en una nova finestra\" href=\"https:\/\/www.rtve.es\/m\/alacarta\/audios\/cuaderno-mayor\/cuaderno-mayor-proyecto-gymsen-05-11-15\/3348201\/\" target=\"_blank\" rel=\"noopener noreferrer\">rtve.es<\/a> | <a title=\"Ho veur\u00e0s en una nova finestra\" href=\"https:\/\/www.geriatricarea.com\/2016\/08\/12\/gymsen-desarrolla-una-herramienta-mejorar-la-capacidad-sensorial-estado-nutricional-los-mayores\/\" target=\"_blank\" rel=\"noopener noreferrer\">geriatricarea.com<\/a> | <a title=\"Ho veur\u00e0s en una nova finestra\" href=\"https:\/\/wsimag.com\/es\/ciencia-y-tecnologia\/22188-estimulacion-sensitiva-contra-el-alzheimer\" target=\"_blank\" rel=\"noopener noreferrer\">wsimag.com<\/a> | <a title=\"Ho veur\u00e0s en una nova finestra\" href=\"https:\/\/cadenaser.com\/emisora\/2016\/11\/10\/radio_valencia\/1478790733_741113.html\" target=\"_blank\" rel=\"noopener noreferrer\">cadenaser.com<\/a> | <a title=\"Ho veur\u00e0s en una nova finestra\" href=\"http:\/\/diariote.mx\/?p=13013\" target=\"_blank\" rel=\"noopener noreferrer\">diariote.mx<\/a> | <a title=\"Ho veur\u00e0s en una nova finestra\" href=\"https:\/\/issuu.com\/globalumh\/docs\/globalumh2\/29\" target=\"_blank\" rel=\"noopener noreferrer\">Globalumh.\u00e9s<\/a><\/td>\n<\/tr>\n<tr style=\"border: none\">\n<td><img loading=\"lazy\" class=\"wp-image-24394 aligncenter\" title=\"El projecte europeu GYMSEN en el qual ha participat la UMH \u00e9s finan\u00e7at per la Uni\u00f3 Europea\" src=\"https:\/\/internacional.umh.es\/files\/2022\/02\/EU-proyecto-logo-1-300x180.jpg\" alt=\"GYMSEN projecte logo\" width=\"166\" height=\"100\" srcset=\"https:\/\/internacional.umh.es\/files\/2022\/02\/EU-proyecto-logo-1-300x180.jpg 300w, https:\/\/internacional.umh.es\/files\/2022\/02\/EU-proyecto-logo-1.jpg 303w\" sizes=\"(max-width: 166px) 100vw, 166px\" \/><\/td>\n<\/tr>\n<\/tbody>\n<\/table>\n<p>&nbsp;<br \/>\n<a href=\"#2021\"><img loading=\"lazy\" class=\"alignright wp-image-20826 size-full\" title=\"Anar al principi de la p\u00e0gina\" src=\"https:\/\/internacional.umh.es\/files\/2021\/06\/Botonarriba.jpg\" alt=\"Bot\u00f3 arriba icona\" width=\"51\" height=\"50\" srcset=\"https:\/\/internacional.umh.es\/files\/2021\/06\/Botonarriba.jpg 51w, https:\/\/internacional.umh.es\/files\/2021\/06\/Botonarriba-32x32.jpg 32w\" sizes=\"(max-width: 51px) 100vw, 51px\" \/><\/a><\/p>\n<hr style=\"border-width: 5px 0 0 0\">\n<table style=\"border: none\">\n<tbody>\n<tr style=\"border: none\">\n<td><a title=\"Torna a veure altres projectes KA2 concedits o finalitzats\" href=\"https:\/\/internacional.umh.es\/ca\/proyectos-ka2-en-curso\/\"><img loading=\"lazy\" class=\"alignleft wp-image-24862 size-full\" src=\"https:\/\/internacional.umh.es\/files\/2022\/02\/Boton-mas-proyectos-atras-e1646036526575.png\" alt=\"Bot\u00f3 m\u00e9s projectes KA2 arrere\" width=\"44\" height=\"44\"><\/a><\/td>\n<td style=\"vertical-align: middle\"><a title=\"Torna a veure altres projectes KA2 concedits o finalitzats\" href=\"https:\/\/internacional.umh.es\/ca\/proyectos-ka2-en-curso\/\">TORNAR A PROJECTES KA2<\/a><\/td>\n<\/tr>\n<\/tbody>\n<\/table>\n<p>&nbsp;<\/p>","protected":false},"excerpt":{"rendered":"<p>paceproject.altervista.org<\/p>\n<p>&nbsp;<\/p>\n<p>Sport Small Collaborative Partenariat<\/p>\n<p>PACE: Physical Activity Enhancement<\/p>\n<p>SOCIS<\/p>\n<p>\t\t\t#gallery-231 {<br \/>\n\t\t\t\tmargin: auto;<br \/>\n\t\t\t}<br \/>\n\t\t\t#gallery-231 .gallery-item {<br \/>\n\t\t\t\tfloat: left;<br \/>\n\t\t\t\tmargin-top: 10px;<br \/>\n\t\t\t\ttext-align: center;<br \/>\n\t\t\t\twidth: 16%;<br \/>\n\t\t\t}<br \/>\n\t\t\t#gallery-231 img {<br \/>\n\t\t\t\tborder: 2px solid #cfcfcf;<br \/>\n\t\t\t}<br \/>\n\t\t\t#gallery-231 .gallery-caption {<br \/>\n\t\t\t\tmargin-left: 0;<br \/>\n\t\t\t}<br \/>\n\t\t\t\/* see gallery_shortcode() in wp-includes\/media.php *\/<\/p>\n<p>\t\t\t\tuisp.it<\/p>\n<p>\t\t\t\tcouragefoundation<\/p>\n<p>\t\t\t\tsport4allsuceava.ro<\/p>\n<p>\t\t\t\tgdyniasport.pl<\/p>\n<p>ENTITAT COORDINADORA<\/p>\n<p>\t\t\t#gallery-232 {<br \/>\n\t\t\t\tmargin: auto;<br \/>\n\t\t\t}<br \/>\n\t\t\t#gallery-232 .gallery-item {<br \/>\n\t\t\t\tfloat: left;<br \/>\n\t\t\t\tmargin-top: 10px;<br \/>\n\t\t\t\ttext-align: center;<br \/>\n\t\t\t\twidth: 33%;<br \/>\n\t\t\t}<br \/>\n\t\t\t#gallery-232 img {<br \/>\n\t\t\t\tborder: 2px solid #cfcfcf;<br \/>\n\t\t\t}<br \/>\n\t\t\t#gallery-232 .gallery-caption {<br \/>\n\t\t\t\tmargin-left: 0;<br \/>\n\t\t\t}<br \/>\n\t\t\t\/* see gallery_shortcode() in wp-includes\/media.php *\/<\/p>\n<p>\t\t\t\tuisp.it<\/p>\n<p>PA\u00cfSOS: It\u00e0lia, Bulg\u00e0ria, Pol\u00f2nia, Romania, Espanya<\/p>\n<p>DATES: [&#8230;]<\/p>\n","protected":false},"author":3107,"featured_media":0,"parent":5732,"menu_order":0,"comment_status":"closed","ping_status":"closed","template":"","meta":{"ngg_post_thumbnail":0,"_links_to":"","_links_to_target":""},"yoast_head":"<!-- This site is optimized with the Yoast SEO plugin v17.5 - https:\/\/yoast.com\/wordpress\/plugins\/seo\/ -->\n<meta name=\"description\" content=\"Proyectos KA2 finalizados en los que ha participado la Universidad Miguel Hern\u00e1ndez de Elche (UMH) de car\u00e1cter internacional de\" \/>\n<meta name=\"robots\" content=\"index, follow, max-snippet:-1, max-image-preview:large, max-video-preview:-1\" \/>\n<link rel=\"canonical\" href=\"https:\/\/internacional.umh.es\/ca\/internacionalizacion\/proyectos\/proyectos-ka2-concedidos-finalizados\/\" \/>\n<meta property=\"og:locale\" content=\"ca_ES\" \/>\n<meta property=\"og:type\" content=\"article\" \/>\n<meta property=\"og:title\" content=\"Projectes KA2 concedits finalitzats - Internacionalitzaci\u00f3 i Cooperaci\u00f3\" \/>\n<meta property=\"og:description\" content=\"Proyectos KA2 finalizados en los que ha participado la Universidad Miguel Hern\u00e1ndez de Elche (UMH) de car\u00e1cter internacional de\" \/>\n<meta property=\"og:url\" content=\"https:\/\/internacional.umh.es\/internacionalizacion\/proyectos\/proyectos-ka2-concedidos-finalizados\/\" \/>\n<meta property=\"og:site_name\" content=\"Internacionalitzaci\u00f3 i Cooperaci\u00f3\" \/>\n<meta property=\"article:modified_time\" content=\"2024-02-14T08:39:40+00:00\" \/>\n<meta property=\"og:image\" content=\"https:\/\/internacional.umh.es\/files\/2021\/06\/Universidad-Miguel-Hern\u00e1ndez-Logo-e1623326215137.jpg\" \/>\n<meta name=\"twitter:card\" content=\"summary_large_image\" \/>\n<meta name=\"twitter:label1\" content=\"Est. reading time\" \/>\n\t<meta name=\"twitter:data1\" content=\"32 minuts\" \/>\n<script type=\"application\/ld+json\" class=\"yoast-schema-graph\">{\"@context\":\"https:\/\/schema.org\",\"@graph\":[{\"@type\":\"WebSite\",\"@id\":\"https:\/\/internacional.umh.es\/en\/#website\",\"url\":\"https:\/\/internacional.umh.es\/en\/\",\"name\":\"Internacionalitzaci\\u00f3 i Cooperaci\\u00f3\",\"description\":\"Universitat Miguel Hern\\u00e1ndez d&#039;Elx\",\"potentialAction\":[{\"@type\":\"SearchAction\",\"target\":{\"@type\":\"EntryPoint\",\"urlTemplate\":\"https:\/\/internacional.umh.es\/en\/?s={search_term_string}\"},\"query-input\":\"required name=search_term_string\"}],\"inLanguage\":\"ca\"},{\"@type\":\"ImageObject\",\"@id\":\"https:\/\/internacional.umh.es\/internacionalizacion\/proyectos\/proyectos-ka2-concedidos-finalizados\/#primaryimage\",\"inLanguage\":\"ca\",\"url\":\"https:\/\/internacional.umh.es\/files\/2021\/06\/PACE-Physical-Activity-Enhancement-logo.jpg\",\"contentUrl\":\"https:\/\/internacional.umh.es\/files\/2021\/06\/PACE-Physical-Activity-Enhancement-logo.jpg\",\"width\":158,\"height\":200,\"caption\":\"PACE Physical Activity Enhancement logo\"},{\"@type\":\"WebPage\",\"@id\":\"https:\/\/internacional.umh.es\/internacionalizacion\/proyectos\/proyectos-ka2-concedidos-finalizados\/#webpage\",\"url\":\"https:\/\/internacional.umh.es\/internacionalizacion\/proyectos\/proyectos-ka2-concedidos-finalizados\/\",\"name\":\"Projectes KA2 concedits finalitzats - Internacionalitzaci\\u00f3 i Cooperaci\\u00f3\",\"isPartOf\":{\"@id\":\"https:\/\/internacional.umh.es\/en\/#website\"},\"primaryImageOfPage\":{\"@id\":\"https:\/\/internacional.umh.es\/internacionalizacion\/proyectos\/proyectos-ka2-concedidos-finalizados\/#primaryimage\"},\"datePublished\":\"2021-06-10T10:10:26+00:00\",\"dateModified\":\"2024-02-14T08:39:40+00:00\",\"description\":\"Proyectos KA2 finalizados en los que ha participado la Universidad Miguel Hern\\u00e1ndez de Elche (UMH) de car\\u00e1cter internacional de\",\"breadcrumb\":{\"@id\":\"https:\/\/internacional.umh.es\/internacionalizacion\/proyectos\/proyectos-ka2-concedidos-finalizados\/#breadcrumb\"},\"inLanguage\":\"ca\",\"potentialAction\":[{\"@type\":\"ReadAction\",\"target\":[\"https:\/\/internacional.umh.es\/internacionalizacion\/proyectos\/proyectos-ka2-concedidos-finalizados\/\"]}]},{\"@type\":\"BreadcrumbList\",\"@id\":\"https:\/\/internacional.umh.es\/internacionalizacion\/proyectos\/proyectos-ka2-concedidos-finalizados\/#breadcrumb\",\"itemListElement\":[{\"@type\":\"ListItem\",\"position\":1,\"name\":\"Home\",\"item\":\"https:\/\/internacional.umh.es\/en\/\"},{\"@type\":\"ListItem\",\"position\":2,\"name\":\"INTERNATIONALIZATION\",\"item\":\"https:\/\/internacional.umh.es\/en\/internacionalizacion\/\"},{\"@type\":\"ListItem\",\"position\":3,\"name\":\"Proyectos\",\"item\":\"https:\/\/internacional.umh.es\/internacionalizacion\/proyectos\/\"},{\"@type\":\"ListItem\",\"position\":4,\"name\":\"Finished granted KA2 projects\"}]}]}<\/script>\n<!-- \/ Yoast SEO plugin. -->","yoast_head_json":{"description":"Proyectos KA2 finalizados en los que ha participado la Universidad Miguel Hern\u00e1ndez de Elche (UMH) de car\u00e1cter internacional de","robots":{"index":"index","follow":"follow","max-snippet":"max-snippet:-1","max-image-preview":"max-image-preview:large","max-video-preview":"max-video-preview:-1"},"canonical":"https:\/\/internacional.umh.es\/ca\/internacionalizacion\/proyectos\/proyectos-ka2-concedidos-finalizados\/","og_locale":"ca_ES","og_type":"article","og_title":"Projectes KA2 concedits finalitzats - Internacionalitzaci\u00f3 i Cooperaci\u00f3","og_description":"Proyectos KA2 finalizados en los que ha participado la Universidad Miguel Hern\u00e1ndez de Elche (UMH) de car\u00e1cter internacional de","og_url":"https:\/\/internacional.umh.es\/internacionalizacion\/proyectos\/proyectos-ka2-concedidos-finalizados\/","og_site_name":"Internacionalitzaci\u00f3 i Cooperaci\u00f3","article_modified_time":"2024-02-14T08:39:40+00:00","og_image":[{"url":"https:\/\/internacional.umh.es\/files\/2021\/06\/Universidad-Miguel-Hern\u00e1ndez-Logo-e1623326215137.jpg"}],"twitter_card":"summary_large_image","twitter_misc":{"Est. reading time":"32 minuts"},"schema":{"@context":"https:\/\/schema.org","@graph":[{"@type":"WebSite","@id":"https:\/\/internacional.umh.es\/en\/#website","url":"https:\/\/internacional.umh.es\/en\/","name":"Internacionalitzaci\u00f3 i Cooperaci\u00f3","description":"Universitat Miguel Hern\u00e1ndez d&#039;Elx","potentialAction":[{"@type":"SearchAction","target":{"@type":"EntryPoint","urlTemplate":"https:\/\/internacional.umh.es\/en\/?s={search_term_string}"},"query-input":"required name=search_term_string"}],"inLanguage":"ca"},{"@type":"ImageObject","@id":"https:\/\/internacional.umh.es\/internacionalizacion\/proyectos\/proyectos-ka2-concedidos-finalizados\/#primaryimage","inLanguage":"ca","url":"https:\/\/internacional.umh.es\/files\/2021\/06\/PACE-Physical-Activity-Enhancement-logo.jpg","contentUrl":"https:\/\/internacional.umh.es\/files\/2021\/06\/PACE-Physical-Activity-Enhancement-logo.jpg","width":158,"height":200,"caption":"PACE Physical Activity Enhancement logo"},{"@type":"WebPage","@id":"https:\/\/internacional.umh.es\/internacionalizacion\/proyectos\/proyectos-ka2-concedidos-finalizados\/#webpage","url":"https:\/\/internacional.umh.es\/internacionalizacion\/proyectos\/proyectos-ka2-concedidos-finalizados\/","name":"Projectes KA2 concedits finalitzats - Internacionalitzaci\u00f3 i Cooperaci\u00f3","isPartOf":{"@id":"https:\/\/internacional.umh.es\/en\/#website"},"primaryImageOfPage":{"@id":"https:\/\/internacional.umh.es\/internacionalizacion\/proyectos\/proyectos-ka2-concedidos-finalizados\/#primaryimage"},"datePublished":"2021-06-10T10:10:26+00:00","dateModified":"2024-02-14T08:39:40+00:00","description":"Proyectos KA2 finalizados en los que ha participado la Universidad Miguel Hern\u00e1ndez de Elche (UMH) de car\u00e1cter internacional de","breadcrumb":{"@id":"https:\/\/internacional.umh.es\/internacionalizacion\/proyectos\/proyectos-ka2-concedidos-finalizados\/#breadcrumb"},"inLanguage":"ca","potentialAction":[{"@type":"ReadAction","target":["https:\/\/internacional.umh.es\/internacionalizacion\/proyectos\/proyectos-ka2-concedidos-finalizados\/"]}]},{"@type":"BreadcrumbList","@id":"https:\/\/internacional.umh.es\/internacionalizacion\/proyectos\/proyectos-ka2-concedidos-finalizados\/#breadcrumb","itemListElement":[{"@type":"ListItem","position":1,"name":"Home","item":"https:\/\/internacional.umh.es\/en\/"},{"@type":"ListItem","position":2,"name":"INTERNATIONALIZATION","item":"https:\/\/internacional.umh.es\/en\/internacionalizacion\/"},{"@type":"ListItem","position":3,"name":"Proyectos","item":"https:\/\/internacional.umh.es\/internacionalizacion\/proyectos\/"},{"@type":"ListItem","position":4,"name":"Finished granted KA2 projects"}]}]}},"_links":{"self":[{"href":"https:\/\/internacional.umh.es\/ca\/wp-json\/wp\/v2\/pages\/20489"}],"collection":[{"href":"https:\/\/internacional.umh.es\/ca\/wp-json\/wp\/v2\/pages"}],"about":[{"href":"https:\/\/internacional.umh.es\/ca\/wp-json\/wp\/v2\/types\/page"}],"author":[{"embeddable":true,"href":"https:\/\/internacional.umh.es\/ca\/wp-json\/wp\/v2\/users\/3107"}],"replies":[{"embeddable":true,"href":"https:\/\/internacional.umh.es\/ca\/wp-json\/wp\/v2\/comments?post=20489"}],"version-history":[{"count":0,"href":"https:\/\/internacional.umh.es\/ca\/wp-json\/wp\/v2\/pages\/20489\/revisions"}],"up":[{"embeddable":true,"href":"https:\/\/internacional.umh.es\/ca\/wp-json\/wp\/v2\/pages\/5732"}],"wp:attachment":[{"href":"https:\/\/internacional.umh.es\/ca\/wp-json\/wp\/v2\/media?parent=20489"}],"curies":[{"name":"wp","href":"https:\/\/api.w.org\/{rel}","templated":true}]}}