{"id":20871,"date":"2021-06-16T14:09:54","date_gmt":"2021-06-16T12:09:54","guid":{"rendered":"https:\/\/internacional.umh.es\/?page_id=20871"},"modified":"2022-04-05T09:29:54","modified_gmt":"2022-04-05T07:29:54","slug":"internacionalizacion-de-la-docencia-universitaria-en-la-umh","status":"publish","type":"page","link":"https:\/\/internacional.umh.es\/ca\/internacionalizacion\/internacionalizacion-de-la-docencia-universitaria-en-la-umh\/","title":{"rendered":"INTERNACIONALITZACI\u00d3 DE LA DOC\u00c8NCIA UNIVERSIT\u00c0RIA EN LA UMH"},"content":{"rendered":"<p><\/p>\n<h5><strong>CURS FORMATIU SOBRE INTERNACIONALITZACI\u00d3 DE LA DOC\u00c8NCIA UNIVERSIT\u00c0RIA EN LA UMH<\/strong><\/h5>\n<p style=\"text-align:justify\">El Vicerectorat de Relacions Internacionals de la Universitat Miguel Hern\u00e1ndez d&#8217;Elx (UMH), juntament amb el Servei de Relacions Internacionals, Cooperaci\u00f3 al Desenvolupament i Voluntariat, organitzen un curs en l\u00ednia de suport a la internacionalitzaci\u00f3 de la doc\u00e8ncia.<\/p>\n<h6><strong><u>SESSIONS<\/u><\/strong><\/h6>\n<p>A continuaci\u00f3 pots accedir a les v\u00eddeos de les sessions agrupats per dies:<\/p>\n<p><strong>Divendres, 4 de juny de 2021: <\/strong>en aquesta sessi\u00f3 es presenta el seminari, per a posteriorment abordar un rep\u00e0s de les estrat\u00e8gies d&#8217;internacionalitzaci\u00f3 de la UMH i el programa Erasmus+<\/p>\n<ol>\n<li style=\"font-weight:bolder\"><strong>Presentaci\u00f3 (Castell\u00e0).<\/strong><br \/>\n<br \/>\n<iframe  style=\"display: block; margin: 0px auto;\"  id=\"_ytid_49090\"  width=\"480\" height=\"270\"  data-origwidth=\"480\" data-origheight=\"270\" src=\"https:\/\/www.youtube.com\/embed\/EHGfprqTAaA?enablejsapi=1&autoplay=0&cc_load_policy=0&cc_lang_pref=&iv_load_policy=1&loop=0&modestbranding=0&rel=1&fs=1&playsinline=0&autohide=2&theme=dark&color=red&controls=1&\" class=\"__youtube_prefs__  no-lazyload\" title=\"YouTube player\"  allow=\"accelerometer; autoplay; clipboard-write; encrypted-media; gyroscope; picture-in-picture\" allowfullscreen data-no-lazy=\"1\" data-skipgform_ajax_framebjll=\"\"><\/iframe><\/li>\n<p><\/p>\n<li><strong>Estrat\u00e8gies d&#8217;Internacionalitzaci\u00f3 (Castell\u00e0).<\/strong><br \/>\n<br \/>\n<iframe  style=\"display: block; margin: 0px auto;\"  id=\"_ytid_33600\"  width=\"480\" height=\"270\"  data-origwidth=\"480\" data-origheight=\"270\" src=\"https:\/\/www.youtube.com\/embed\/3IwN7tYjJsY?enablejsapi=1&autoplay=0&cc_load_policy=0&cc_lang_pref=&iv_load_policy=1&loop=0&modestbranding=0&rel=1&fs=1&playsinline=0&autohide=2&theme=dark&color=red&controls=1&\" class=\"__youtube_prefs__  no-lazyload\" title=\"YouTube player\"  allow=\"accelerometer; autoplay; clipboard-write; encrypted-media; gyroscope; picture-in-picture\" allowfullscreen data-no-lazy=\"1\" data-skipgform_ajax_framebjll=\"\"><\/iframe><\/li>\n<p><\/p>\n<li style=\"font-weight:bolder\"><strong>Programa Erasmus (Castell\u00e0).<\/strong><br \/>\n<br \/>\n<iframe  style=\"display: block; margin: 0px auto;\"  id=\"_ytid_14190\"  width=\"480\" height=\"270\"  data-origwidth=\"480\" data-origheight=\"270\" src=\"https:\/\/www.youtube.com\/embed\/lOcPCmnJJ6s?enablejsapi=1&autoplay=0&cc_load_policy=0&cc_lang_pref=&iv_load_policy=1&loop=0&modestbranding=0&rel=1&fs=1&playsinline=0&autohide=2&theme=dark&color=red&controls=1&\" class=\"__youtube_prefs__  no-lazyload\" title=\"YouTube player\"  allow=\"accelerometer; autoplay; clipboard-write; encrypted-media; gyroscope; picture-in-picture\" allowfullscreen data-no-lazy=\"1\" data-skipgform_ajax_framebjll=\"\"><\/iframe><\/li>\n<p>&nbsp;<br \/>\n&nbsp;<\/p>\n<p style=\"text-align:justify\"><strong>Divendres, 11 de juny de 2021:<\/strong> en aquesta ocasi\u00f3 s&#8217;ofereix completa informaci\u00f3 als docents sobre protocols i tipus d&#8217;acords amb altres universitats i l&#8217;impuls de les dobles titulacions internacionals.<\/p>\n<p>&nbsp;<\/p>\n<li style=\"font-weight:bolder\"><strong>Acords internacionals (Castell\u00e0).<\/strong><br \/>\n<br \/>\n<iframe  style=\"display: block; margin: 0px auto;\"  id=\"_ytid_41791\"  width=\"480\" height=\"270\"  data-origwidth=\"480\" data-origheight=\"270\" src=\"https:\/\/www.youtube.com\/embed\/Jw2YpZedvtA?enablejsapi=1&autoplay=0&cc_load_policy=0&cc_lang_pref=&iv_load_policy=1&loop=0&modestbranding=0&rel=1&fs=1&playsinline=0&autohide=2&theme=dark&color=red&controls=1&\" class=\"__youtube_prefs__  no-lazyload\" title=\"YouTube player\"  allow=\"accelerometer; autoplay; clipboard-write; encrypted-media; gyroscope; picture-in-picture\" allowfullscreen data-no-lazy=\"1\" data-skipgform_ajax_framebjll=\"\"><\/iframe><\/li>\n<p><\/p>\n<li style=\"font-weight:bolder\"><strong>Dobles titulacions internacionals (Castell\u00e0).<\/strong><br \/>\n<br \/>\n<iframe  style=\"display: block; margin: 0px auto;\"  id=\"_ytid_83013\"  width=\"480\" height=\"360\"  data-origwidth=\"480\" data-origheight=\"360\" src=\"https:\/\/www.youtube.com\/embed\/Mp9wUsPi9RQ?enablejsapi=1&autoplay=0&cc_load_policy=0&cc_lang_pref=&iv_load_policy=1&loop=0&modestbranding=0&rel=1&fs=1&playsinline=0&autohide=2&theme=dark&color=red&controls=1&\" class=\"__youtube_prefs__  no-lazyload\" title=\"YouTube player\"  allow=\"accelerometer; autoplay; clipboard-write; encrypted-media; gyroscope; picture-in-picture\" allowfullscreen data-no-lazy=\"1\" data-skipgform_ajax_framebjll=\"\"><\/iframe><\/li>\n<p>&nbsp;<br \/>\n&nbsp;<\/p>\n<p style=\"text-align:justify\"><strong>Divendres, 18 de juny de 2021,<\/strong> es tracten les ajudes a la internacionalitzaci\u00f3 de la doc\u00e8ncia, la import\u00e0ncia de la internacionalitzaci\u00f3 en la carrera docent i, finalment, s&#8217;aborden q\u00fcestions relacionades amb cooperaci\u00f3 i voluntariat.<\/p>\n<p>&nbsp;<\/p>\n<li style=\"font-weight:bolder\"><strong>Ajudes Internacionalitzaci\u00f3 doc\u00e8ncia UMH (Castell\u00e0).<\/strong><br \/>\n<br \/>\n<iframe  style=\"display: block; margin: 0px auto;\"  id=\"_ytid_41680\"  width=\"480\" height=\"270\"  data-origwidth=\"480\" data-origheight=\"270\" src=\"https:\/\/www.youtube.com\/embed\/OS4Cnx-nR74?enablejsapi=1&autoplay=0&cc_load_policy=0&cc_lang_pref=&iv_load_policy=1&loop=0&modestbranding=0&rel=1&fs=1&playsinline=0&autohide=2&theme=dark&color=red&controls=1&\" class=\"__youtube_prefs__  no-lazyload\" title=\"YouTube player\"  allow=\"accelerometer; autoplay; clipboard-write; encrypted-media; gyroscope; picture-in-picture\" allowfullscreen data-no-lazy=\"1\" data-skipgform_ajax_framebjll=\"\"><\/iframe><\/li>\n<p><\/p>\n<li style=\"font-weight:bolder\"><strong>Cooperaci\u00f3 i Voluntariat (Castell\u00e0).<\/strong><br \/>\n<br \/>\n<iframe  style=\"display: block; margin: 0px auto;\"  id=\"_ytid_54520\"  width=\"480\" height=\"270\"  data-origwidth=\"480\" data-origheight=\"270\" src=\"https:\/\/www.youtube.com\/embed\/DCw34Ib1FlE?enablejsapi=1&autoplay=0&cc_load_policy=0&cc_lang_pref=&iv_load_policy=1&loop=0&modestbranding=0&rel=1&fs=1&playsinline=0&autohide=2&theme=dark&color=red&controls=1&\" class=\"__youtube_prefs__  no-lazyload\" title=\"YouTube player\"  allow=\"accelerometer; autoplay; clipboard-write; encrypted-media; gyroscope; picture-in-picture\" allowfullscreen data-no-lazy=\"1\" data-skipgform_ajax_framebjll=\"\"><\/iframe><\/li>\n<p><\/p>\n<li style=\"font-weight:bolder\"><strong>Import\u00e0ncia de la internacionalitzaci\u00f3 (Castell\u00e0).<\/strong><br \/>\n<br \/>\n<iframe  style=\"display: block; margin: 0px auto;\"  id=\"_ytid_57685\"  width=\"480\" height=\"270\"  data-origwidth=\"480\" data-origheight=\"270\" src=\"https:\/\/www.youtube.com\/embed\/MOb7WshbcoQ?enablejsapi=1&autoplay=0&cc_load_policy=0&cc_lang_pref=&iv_load_policy=1&loop=0&modestbranding=0&rel=1&fs=1&playsinline=0&autohide=2&theme=dark&color=red&controls=1&\" class=\"__youtube_prefs__  no-lazyload\" title=\"YouTube player\"  allow=\"accelerometer; autoplay; clipboard-write; encrypted-media; gyroscope; picture-in-picture\" allowfullscreen data-no-lazy=\"1\" data-skipgform_ajax_framebjll=\"\"><\/iframe><\/li>\n<\/ol>\n<p><\/p>\n<p style=\"text-align:justify\">Recorda subscriure&#8217;t al nostre canal de YouTube Global UMH per a estar informat sobre les \u00faltimes novetats en internacionalitzaci\u00f3 i cooperaci\u00f3 al desenvolupament i voluntariat de la UMH.<\/p>\n<p><strong><a href=\"https:\/\/www.youtube.com\/channel\/UC-YhTgu7_MXRB1Xxdd77ayQ\" title=\"Ho veur\u00e0s en una nova finestra\" target=\"_blank\" rel=\"noopener\">Subscriu-te ara al nostre Canal de YouTube Global UMH i descobreix m\u00e9s novetats<\/a><\/strong><br \/>\n&nbsp;<\/p>\n<h6><strong><u>PRESENTACIONS DE LES SESSIONS<\/u><\/strong><\/h6>\n<p>A continuaci\u00f3 posem a la teua disposici\u00f3 els arxius en format pdf de les presentacions emprades en les sessions.<\/p>\n<p><a href=\"https:\/\/internacional.umh.es\/files\/2021\/06\/1.-Presentacion.pptx.pdf\" title=\"Ho veur\u00e0s en una nova finestra\" target=\"_blank\" rel=\"noopener\">1. Presentaci\u00f3 (438Kb Castell\u00e0 .pdf)<\/a><br \/>\n<a href=\"https:\/\/internacional.umh.es\/files\/2021\/06\/2.-Estrategia-de-Internacionalizacion.pptx.pdf\" title=\"Ho veur\u00e0s en una nova finestra\" target=\"_blank\" rel=\"noopener\">2. Estrat\u00e8gia de Internacionalizacion (3,88Kb.pdf)<\/a><br \/>\n<a href=\"https:\/\/internacional.umh.es\/files\/2021\/06\/3.-Programa-ERASMUS.pptx.pdf\" title=\"Ho veur\u00e0s en una nova finestra\" target=\"_blank\" rel=\"noopener\">3. Programa ERASMUS+ (1,59Mb Castell\u00e0 .pdf)<\/a><br \/>\n<a href=\"https:\/\/internacional.umh.es\/files\/2021\/06\/4.-Tipos-de-Acuerdos.pptx.pdf\" title=\"Ho veur\u00e0s en una nova finestra\" target=\"_blank\" rel=\"noopener\">4. Tipus d&#8217;Acords (424Kb Castell\u00e0 .pdf)<\/a><\/p>\n<p><a href=\"https:\/\/internacional.umh.es\/files\/2021\/06\/5.-dobles-titulaciones_parte1.pptx.pdf\" title=\"Ho veur\u00e0s en una nova finestra\" target=\"_*blank\" rel=\"*noopener noopener\">5. Dobles Titulacions_Parte1 (1,96Mb Castell\u00e0 .pdf)<\/a><br \/>\n<a href=\"https:\/\/internacional.umh.es\/files\/2021\/06\/5.-Dobles-Titulaciones_Parte2.pptx.pdf\" title=\"Ho veur\u00e0s en una nova finestra\" target=\"_blank\" rel=\"noopener\">5. Dobles Titulacions_Parte2 (770Kb Castell\u00e0 .pdf)<\/a><\/p>\n<p><a href=\"https:\/\/internacional.umh.es\/files\/2021\/06\/6.-Ayudas-Internacionalizacion_Parte1.pptx.pdf\" title=\"Ho veur\u00e0s en una nova finestra\" target=\"_blank\" rel=\"noopener\">6. Ajudes Internacionalizacion_*Parte1 (1,50Mb Castell\u00e0 .pdf)<\/a><br \/>\n<a href=\"https:\/\/internacional.umh.es\/files\/2021\/06\/6.-Ayudas-Internacionalizaci\u00f3n_Parte2.pptx.pdf\" title=\"Ho veur\u00e0s en una nova finestra\" target=\"_blank\" rel=\"noopener\">6. Ajudes Internacionalitzaci\u00f3_Parte2 (324Kb Castell\u00e0 .pdf)<\/a><br \/>\n<a href=\"https:\/\/internacional.umh.es\/files\/2021\/06\/6.-Ayudas-Internacionalizacion_Parte3.pptx.pdf\" title=\"Ho veur\u00e0s en una nova finestra\" target=\"_blank\" rel=\"noopener\">6. Ajudes Internacionalizacion_*Parte3 (287Kb Castell\u00e0.pdf)<\/a><\/p>\n<p><a href=\"https:\/\/internacional.umh.es\/files\/2021\/06\/7.-Cooperacion-y-Voluntariado.pptx.pdf\" title=\"Ho veur\u00e0s en una nova finestra\" target=\"_blank\" rel=\"noopener\">7. Cooperacion i Voluntariat (1,09Mb Castell\u00e0 .pdf)<\/a><br \/>\n<a href=\"https:\/\/internacional.umh.es\/files\/2021\/06\/8.-Importancia-de-la-Internacionalizacion.pptx.pdf\" title=\"Ho veur\u00e0s en una nova finestra\" target=\"_blank\" rel=\"noopener\">8. Import\u00e0ncia de la Internacionalizacion (1,21Mb Castell\u00e0 .pdf)<\/a><br \/>\n&nbsp;<\/p>","protected":false},"excerpt":{"rendered":"<p>CURS FORMATIU SOBRE INTERNACIONALITZACI\u00d3 DE LA DOC\u00c8NCIA UNIVERSIT\u00c0RIA EN LA UMH<br \/>\nEl Vicerectorat de Relacions Internacionals de la Universitat Miguel Hern\u00e1ndez d&#8217;Elx (UMH), juntament amb el Servei de Relacions Internacionals, Cooperaci\u00f3 al Desenvolupament i Voluntariat, organitzen un curs en l\u00ednia de suport a la internacionalitzaci\u00f3 de la doc\u00e8ncia.<br \/>\nSESSIONS<br \/>\nA continuaci\u00f3 pots accedir a les v\u00eddeos de les [&#8230;]<\/p>\n","protected":false},"author":5216,"featured_media":0,"parent":2740,"menu_order":0,"comment_status":"closed","ping_status":"closed","template":"","meta":{"ngg_post_thumbnail":0,"_links_to":"","_links_to_target":""},"yoast_head":"<!-- This site is optimized with the Yoast SEO plugin v17.5 - https:\/\/yoast.com\/wordpress\/plugins\/seo\/ -->\n<meta name=\"description\" content=\"El Vicerrectorado de RR.II. y Servicio de Relaciones Internacionales organizan curso online de apoyo a la internacionalizaci\u00f3n de la docencia\" \/>\n<meta name=\"robots\" content=\"index, follow, max-snippet:-1, max-image-preview:large, max-video-preview:-1\" \/>\n<link rel=\"canonical\" href=\"https:\/\/internacional.umh.es\/ca\/internacionalizacion\/internacionalizacion-de-la-docencia-universitaria-en-la-umh\/\" \/>\n<meta property=\"og:locale\" content=\"ca_ES\" \/>\n<meta property=\"og:type\" content=\"article\" \/>\n<meta property=\"og:title\" content=\"INTERNACIONALITZACI\u00d3 DE LA DOC\u00c8NCIA UNIVERSIT\u00c0RIA EN LA UMH - Internacionalitzaci\u00f3 i Cooperaci\u00f3\" \/>\n<meta property=\"og:description\" content=\"El Vicerrectorado de RR.II. y Servicio de Relaciones Internacionales organizan curso online de apoyo a la internacionalizaci\u00f3n de la docencia\" \/>\n<meta property=\"og:url\" content=\"https:\/\/internacional.umh.es\/en\/internacionalizacion\/internacionalizacion-de-la-docencia-universitaria-en-la-umh\/\" \/>\n<meta property=\"og:site_name\" content=\"Internacionalitzaci\u00f3 i Cooperaci\u00f3\" \/>\n<meta property=\"article:modified_time\" content=\"2022-04-05T07:29:54+00:00\" \/>\n<meta name=\"twitter:card\" content=\"summary_large_image\" \/>\n<meta name=\"twitter:label1\" content=\"Est. reading time\" \/>\n\t<meta name=\"twitter:data1\" content=\"4 minuts\" \/>\n<script type=\"application\/ld+json\" class=\"yoast-schema-graph\">{\"@context\":\"https:\/\/schema.org\",\"@graph\":[{\"@type\":\"WebSite\",\"@id\":\"https:\/\/internacional.umh.es\/en\/#website\",\"url\":\"https:\/\/internacional.umh.es\/en\/\",\"name\":\"Internacionalitzaci\\u00f3 i Cooperaci\\u00f3\",\"description\":\"Universitat Miguel Hern\\u00e1ndez d&#039;Elx\",\"potentialAction\":[{\"@type\":\"SearchAction\",\"target\":{\"@type\":\"EntryPoint\",\"urlTemplate\":\"https:\/\/internacional.umh.es\/en\/?s={search_term_string}\"},\"query-input\":\"required name=search_term_string\"}],\"inLanguage\":\"ca\"},{\"@type\":\"WebPage\",\"@id\":\"https:\/\/internacional.umh.es\/en\/internacionalizacion\/internacionalizacion-de-la-docencia-universitaria-en-la-umh\/#webpage\",\"url\":\"https:\/\/internacional.umh.es\/en\/internacionalizacion\/internacionalizacion-de-la-docencia-universitaria-en-la-umh\/\",\"name\":\"INTERNACIONALITZACI\\u00d3 DE LA DOC\\u00c8NCIA UNIVERSIT\\u00c0RIA EN LA UMH - Internacionalitzaci\\u00f3 i Cooperaci\\u00f3\",\"isPartOf\":{\"@id\":\"https:\/\/internacional.umh.es\/en\/#website\"},\"datePublished\":\"2021-06-16T12:09:54+00:00\",\"dateModified\":\"2022-04-05T07:29:54+00:00\",\"description\":\"El Vicerrectorado de RR.II. y Servicio de Relaciones Internacionales organizan curso online de apoyo a la internacionalizaci\\u00f3n de la docencia\",\"breadcrumb\":{\"@id\":\"https:\/\/internacional.umh.es\/en\/internacionalizacion\/internacionalizacion-de-la-docencia-universitaria-en-la-umh\/#breadcrumb\"},\"inLanguage\":\"ca\",\"potentialAction\":[{\"@type\":\"ReadAction\",\"target\":[\"https:\/\/internacional.umh.es\/en\/internacionalizacion\/internacionalizacion-de-la-docencia-universitaria-en-la-umh\/\"]}]},{\"@type\":\"BreadcrumbList\",\"@id\":\"https:\/\/internacional.umh.es\/en\/internacionalizacion\/internacionalizacion-de-la-docencia-universitaria-en-la-umh\/#breadcrumb\",\"itemListElement\":[{\"@type\":\"ListItem\",\"position\":1,\"name\":\"Home\",\"item\":\"https:\/\/internacional.umh.es\/en\/\"},{\"@type\":\"ListItem\",\"position\":2,\"name\":\"INTERNATIONALIZATION\",\"item\":\"https:\/\/internacional.umh.es\/en\/internacionalizacion\/\"},{\"@type\":\"ListItem\",\"position\":3,\"name\":\"(Espa\\u00f1ol) INTERNACIONALIZACI\\u00d3N DE LA DOCENCIA UNIVERSITARIA EN LA UMH\"}]}]}<\/script>\n<!-- \/ Yoast SEO plugin. -->","yoast_head_json":{"description":"El Vicerrectorado de RR.II. y Servicio de Relaciones Internacionales organizan curso online de apoyo a la internacionalizaci\u00f3n de la docencia","robots":{"index":"index","follow":"follow","max-snippet":"max-snippet:-1","max-image-preview":"max-image-preview:large","max-video-preview":"max-video-preview:-1"},"canonical":"https:\/\/internacional.umh.es\/ca\/internacionalizacion\/internacionalizacion-de-la-docencia-universitaria-en-la-umh\/","og_locale":"ca_ES","og_type":"article","og_title":"INTERNACIONALITZACI\u00d3 DE LA DOC\u00c8NCIA UNIVERSIT\u00c0RIA EN LA UMH - Internacionalitzaci\u00f3 i Cooperaci\u00f3","og_description":"El Vicerrectorado de RR.II. y Servicio de Relaciones Internacionales organizan curso online de apoyo a la internacionalizaci\u00f3n de la docencia","og_url":"https:\/\/internacional.umh.es\/en\/internacionalizacion\/internacionalizacion-de-la-docencia-universitaria-en-la-umh\/","og_site_name":"Internacionalitzaci\u00f3 i Cooperaci\u00f3","article_modified_time":"2022-04-05T07:29:54+00:00","twitter_card":"summary_large_image","twitter_misc":{"Est. reading time":"4 minuts"},"schema":{"@context":"https:\/\/schema.org","@graph":[{"@type":"WebSite","@id":"https:\/\/internacional.umh.es\/en\/#website","url":"https:\/\/internacional.umh.es\/en\/","name":"Internacionalitzaci\u00f3 i Cooperaci\u00f3","description":"Universitat Miguel Hern\u00e1ndez d&#039;Elx","potentialAction":[{"@type":"SearchAction","target":{"@type":"EntryPoint","urlTemplate":"https:\/\/internacional.umh.es\/en\/?s={search_term_string}"},"query-input":"required name=search_term_string"}],"inLanguage":"ca"},{"@type":"WebPage","@id":"https:\/\/internacional.umh.es\/en\/internacionalizacion\/internacionalizacion-de-la-docencia-universitaria-en-la-umh\/#webpage","url":"https:\/\/internacional.umh.es\/en\/internacionalizacion\/internacionalizacion-de-la-docencia-universitaria-en-la-umh\/","name":"INTERNACIONALITZACI\u00d3 DE LA DOC\u00c8NCIA UNIVERSIT\u00c0RIA EN LA UMH - Internacionalitzaci\u00f3 i Cooperaci\u00f3","isPartOf":{"@id":"https:\/\/internacional.umh.es\/en\/#website"},"datePublished":"2021-06-16T12:09:54+00:00","dateModified":"2022-04-05T07:29:54+00:00","description":"El Vicerrectorado de RR.II. y Servicio de Relaciones Internacionales organizan curso online de apoyo a la internacionalizaci\u00f3n de la docencia","breadcrumb":{"@id":"https:\/\/internacional.umh.es\/en\/internacionalizacion\/internacionalizacion-de-la-docencia-universitaria-en-la-umh\/#breadcrumb"},"inLanguage":"ca","potentialAction":[{"@type":"ReadAction","target":["https:\/\/internacional.umh.es\/en\/internacionalizacion\/internacionalizacion-de-la-docencia-universitaria-en-la-umh\/"]}]},{"@type":"BreadcrumbList","@id":"https:\/\/internacional.umh.es\/en\/internacionalizacion\/internacionalizacion-de-la-docencia-universitaria-en-la-umh\/#breadcrumb","itemListElement":[{"@type":"ListItem","position":1,"name":"Home","item":"https:\/\/internacional.umh.es\/en\/"},{"@type":"ListItem","position":2,"name":"INTERNATIONALIZATION","item":"https:\/\/internacional.umh.es\/en\/internacionalizacion\/"},{"@type":"ListItem","position":3,"name":"(Espa\u00f1ol) INTERNACIONALIZACI\u00d3N DE LA DOCENCIA UNIVERSITARIA EN LA UMH"}]}]}},"_links":{"self":[{"href":"https:\/\/internacional.umh.es\/ca\/wp-json\/wp\/v2\/pages\/20871"}],"collection":[{"href":"https:\/\/internacional.umh.es\/ca\/wp-json\/wp\/v2\/pages"}],"about":[{"href":"https:\/\/internacional.umh.es\/ca\/wp-json\/wp\/v2\/types\/page"}],"author":[{"embeddable":true,"href":"https:\/\/internacional.umh.es\/ca\/wp-json\/wp\/v2\/users\/5216"}],"replies":[{"embeddable":true,"href":"https:\/\/internacional.umh.es\/ca\/wp-json\/wp\/v2\/comments?post=20871"}],"version-history":[{"count":0,"href":"https:\/\/internacional.umh.es\/ca\/wp-json\/wp\/v2\/pages\/20871\/revisions"}],"up":[{"embeddable":true,"href":"https:\/\/internacional.umh.es\/ca\/wp-json\/wp\/v2\/pages\/2740"}],"wp:attachment":[{"href":"https:\/\/internacional.umh.es\/ca\/wp-json\/wp\/v2\/media?parent=20871"}],"curies":[{"name":"wp","href":"https:\/\/api.w.org\/{rel}","templated":true}]}}