{"id":21977,"date":"2021-07-16T14:54:43","date_gmt":"2021-07-16T12:54:43","guid":{"rendered":"https:\/\/internacional.umh.es\/?page_id=21977"},"modified":"2024-02-15T11:31:03","modified_gmt":"2024-02-15T10:31:03","slug":"erasmus-practicas-2020-2021","status":"publish","type":"page","link":"https:\/\/internacional.umh.es\/ca\/movilidad\/estudiantes\/erasmus\/erasmuspracticas\/erasmus-practicas-2020-2021\/","title":{"rendered":"ERASMUS+ Pr\u00e0ctiques 2020\/2021"},"content":{"rendered":"<p><\/p>\n<p style=\"text-align: justify\"><img loading=\"lazy\" class=\"alignnone wp-image-17289\" title=\"Els projectes llistats estan cofinan\u00e7ats pel programa Erasmus+ de la Uni\u00f3 Europea\" src=\"https:\/\/internacional.umh.es\/files\/2020\/11\/logo-erasmus-plus-300x61.png\" alt=\"Logo Erasmus+ Pr\u00e0ctiques logo\" width=\"275\" height=\"56\" srcset=\"https:\/\/internacional.umh.es\/files\/2020\/11\/logo-erasmus-plus-300x61.png 300w, https:\/\/internacional.umh.es\/files\/2020\/11\/logo-erasmus-plus-768x156.png 768w, https:\/\/internacional.umh.es\/files\/2020\/11\/logo-erasmus-plus-1024x209.png 1024w, https:\/\/internacional.umh.es\/files\/2020\/11\/logo-erasmus-plus.png 1758w\" sizes=\"(max-width: 275px) 100vw, 275px\" \/><img loading=\"lazy\" class=\"alignnone wp-image-17766\" title=\"Les sessions informatives i programa Erasmus+ Pr\u00e0ctiques formen part de l'oferta del Servei de Relacions Internacionals de la UMH\" src=\"https:\/\/internacional.umh.es\/files\/2021\/01\/logo-cofinanciado-ue-300x69.png\" alt=\"Logo projectes cofinan\u00e7ats pel programa Erasmus+ Pr\u00e0ctiques de la Uni\u00f3 Europea\" width=\"274\" height=\"63\" srcset=\"https:\/\/internacional.umh.es\/files\/2021\/01\/logo-cofinanciado-ue-300x69.png 300w, https:\/\/internacional.umh.es\/files\/2021\/01\/logo-cofinanciado-ue.png 512w\" sizes=\"(max-width: 274px) 100vw, 274px\" \/><\/p>\n<hr>\n<h4><strong>Convocat\u00f2ria 2020\/2021<\/strong><\/h4>\n<p><strong>1a CONVOCAT\u00d2RIA<\/strong><\/p>\n<p><strong>NOVETAT (29\/03\/2021): <\/strong>El <a title=\"Ho veur\u00e0s en una nova finestra\" href=\"https:\/\/www.umh.es\/contenido\/Universidad\/:uor_1798\/datos_es.html\" target=\"_blank\" rel=\"noopener noreferrer\">Vicerectorat de Relacions Internacionals de la Universitat Miguel Hern\u00e1ndez (UMH) d&#8217;Elx<\/a> publica el <strong>llistat definitiu d&#8217;ajudes assignades de la 1a convocat\u00f2ria <\/strong><strong>Erasmus+ Pr\u00e0ctiques<\/strong> 2020\/2021.<\/p>\n<p style=\"text-align: justify\"><a title=\"Ho veur\u00e0s en una nova finestra\" href=\"https:\/\/internacional.umh.es\/files\/2021\/04\/Publicado-definitivo.-RR_02908_2021.pdf\" target=\"Accede para m\u00e1s informaci\u00f3n\" rel=\"noopener noreferrer\">Pots consultar el llistat definitiu d&#8217;ajudes assignades Erasmus Pr\u00e1ctica (1Mb .pdf)<\/a><\/p>\n<p style=\"text-align: justify\"><strong>(23\/03\/2021):<\/strong> El Vicerectorat de Relacions Internacionals de la Universitat Miguel Hern\u00e1ndez (UMH) d&#8217;Elx publica el <strong>llistat definitiu de sol\u00b7licituds admeses i excloses i el llistat provisional d&#8217;ajudes assignades de la 1a convocat\u00f2ria <\/strong><strong>Erasmus+ Pr\u00e0ctiques<\/strong> 2020\/2021.<\/p>\n<p>Pots consultar el llistat a continuaci\u00f3:<\/p>\n<p style=\"text-align: justify\"><a title=\"Fes clic per a obtindre informaci\u00f3 detallada\" href=\"https:\/\/internacional.umh.es\/2021\/03\/23\/listado-definitivo-de-solicitudes-admitidas-y-excluidas-y-el-listado-provisional-de-ayudas-asignadas-de-la-1a-convocatoria-erasmus-practicas\/\">Consultar llistat provisional sol\u00b7licituds admeses i excloses i llistat provisional d&#8217;ajudes assignades<\/a><\/p>\n<p style=\"text-align: justify\">Les persones interessades a presentar al\u00b7legacions poden fer-ho fins al <strong>8 d&#8217;abril de 2021 <\/strong>a trav\u00e9s de la seu electr\u00f2nica de la UMH, el Registre General, Auxiliars dels campus.<\/p>\n<hr>\n<p style=\"text-align: justify\"><strong>Anterior (16\/02\/2021):<\/strong> El Vicerectorat de Relacions Internacionals de la Universitat Miguel Hern\u00e1ndez (UMH) d&#8217;Elx publica el <strong>llistat provisional de sol\u00b7licituds admeses, pendents d&#8217;esmenar i provisionalment excloses de la 1a convocat\u00f2ria <\/strong><strong>Erasmus+ Pr\u00e0ctiques<\/strong> 2020\/2021. Pots consultar el llistat a continuaci\u00f3:<\/p>\n<p style=\"text-align: justify\"><a title=\"Ho veur\u00e0s en una nova finestra\" href=\"https:\/\/internacional.umh.es\/files\/2021\/02\/Publicado.-resolucin-listado-de-admitidos-excluidos-y-pendientes-de-subsanar-20-21.pdf\" target=\"_blank\" rel=\"noopener noreferrer\">Consultar llistat provisional sol\u00b7licituds (416kb .pdf)<\/a><\/p>\n<p style=\"text-align: justify\">Aquelles persones que desitgen presentar al\u00b7legacions o esmenar la seua sol\u00b7licitud tenen <strong>fins al 2 de mar\u00e7 de 2021<\/strong> per a fer-ho, a trav\u00e9s de la seu electr\u00f2nica de la UMH, Registre General o en els Auxiliars de cada campus.<\/p>\n<hr>\n<p><span style=\"color: #000000\"><strong>Anterior (18\/01\/21):<\/strong><\/span> El Vicerectorat de Relacions Internacionals de la Universitat Miguel Hern\u00e1ndez (UMH) d&#8217;Elx ha publicat la<strong> 1a convocat\u00f2ria Erasmus+ Pr\u00e0ctiques 2020\/2021.<\/strong> Aquestes ajudes permeten a estudiants de titulacions oficials de la UMH realitzar un per\u00edode de pr\u00e0ctiques en qualsevol organitzaci\u00f3, p\u00fablica o privada, dels pa\u00efsos participants. Els interessats hauran de realitzar la sol\u00b7licitud de manera en l\u00ednia i presentar-la, al costat de la resta de la documentaci\u00f3, a trav\u00e9s de Registre General, Auxiliars o Universitats.<\/p>\n<p><strong><a title=\"Ho veur\u00e0s en una nova finestra\" href=\"https:\/\/internacional.umh.es\/files\/2020\/12\/Publicacion-BOUMH.RR_02436_2020.pdf\" target=\"_blank\" rel=\"noopener noreferrer\">Pots consultar les <strong>bases de la convocat\u00f2ria<\/strong>, els criteris de concessi\u00f3 i procediment de sol\u00b7licitud en aquest a continuaci\u00f3 (409Kb .pdf)<\/a><\/strong><\/p>\n<p>Pots consultar l&#8217;extracte del DOGV a continuaci\u00f3:<\/p>\n<p style=\"text-align: justify\"><a title=\"Ho veur\u00e0s en una nova finestra\" href=\"https:\/\/internacional.umh.es\/files\/2021\/01\/Publicado-en-DOGV.-2021_404.pdf\" target=\"_blank\" rel=\"noopener noreferrer\"><strong>Consultar extracte del DOGV (192kb .pdf)<\/strong><\/a><\/p>\n<p style=\"text-align: justify\">La duraci\u00f3 de les pr\u00e0ctiques no ha de ser inferior a<strong> 2 mesos ni superior a 12 mesos<\/strong> per cicle d&#8217;estudis (entenent-se com a cicle d&#8217;estudis: grau, m\u00e0ster i doctorat) havent d&#8217;acabar obligat\u00f2riament <strong>amb data m\u00e0xima el 30 de setembre de 2021.<\/strong><\/p>\n<p style=\"text-align: justify\">La sol\u00b7licitud es realitzar\u00e0 <strong>EN L\u00cdNIA<\/strong>, a trav\u00e9s de l&#8217;acc\u00e9s personalitzat dels estudiants (a trav\u00e9s de la ruta: Aplicacions\/Estudis\/Informaci\u00f3 acad\u00e8mica\/en la part de baix, on posa \u2018Programes d&#8217;Intercanvi\u2019, se selecciona l&#8217;opci\u00f3 Erasmus+ Pr\u00e0ctiques).<\/p>\n<p style=\"text-align: justify\">El termini de presentaci\u00f3 de sol\u00b7licituds ser\u00e0 fins al <strong>8 de febrer.<\/strong><\/p>\n<p>La documentaci\u00f3 a aportar ser\u00e0 la seg\u00fcent:<\/p>\n<ol style=\"text-align: justify\">\n<li>Sol\u00b7licitud signada (una vegada realitzada la inscripci\u00f3 EN L\u00cdNIA, l&#8217;estudiant ha de descarregar el PDF, imprimir-lo i signar-lo).<\/li>\n<li>Certificat d&#8217;acceptaci\u00f3 de l&#8217;empresa.<\/li>\n<li>Fotoc\u00f2pia del DNI, passaport o perm\u00eds de resid\u00e8ncia.<\/li>\n<li>C\u00f2pia de l&#8217;expedient acad\u00e8mic personal (sense validesa acad\u00e8mica).<\/li>\n<li>Curriculum vitae<\/li>\n<li>C\u00f2pia del certificat o document acreditatiu de coneixements d&#8217;idiomes.<\/li>\n<li>Learning Agreement for Traineeship signat pel sol\u00b7licitant i l&#8217;empresa d&#8217;acolliment: model de l&#8217;Annex <strong>II: <a title=\"Ho veur\u00e0s en una nova finestra\" href=\"https:\/\/internacional.umh.es\/files\/2020\/12\/Agreement-Erasmus-Practicas-2020-2021.docx\">Agreement-Erasmus-Pr\u00e0ctiques 2020-2021 (301Kb angl\u00e9s .docx)<\/a><\/strong><\/li>\n<\/ol>\n<p style=\"text-align: justify\">Tota la documentaci\u00f3 que haja d&#8217;aportar-se es presentar\u00e0 a trav\u00e9s del <strong>Registre General de la UMH,<\/strong> dels <strong>Auxiliars dels CEGECAS<\/strong> o la <strong>seu electr\u00f2nica.<\/strong><\/p>\n<p><\/p>","protected":false},"excerpt":{"rendered":"<p>Convocat\u00f2ria 2020\/2021<br \/>\n1a CONVOCAT\u00d2RIA<br \/>\nNOVETAT (29\/03\/2021): El Vicerectorat de Relacions Internacionals de la Universitat Miguel Hern\u00e1ndez (UMH) d&#8217;Elx publica el llistat definitiu d&#8217;ajudes assignades de la 1a convocat\u00f2ria Erasmus+ Pr\u00e0ctiques 2020\/2021.<br \/>\nPots consultar el llistat definitiu d&#8217;ajudes assignades Erasmus Pr\u00e1ctica (1Mb .pdf)<br \/>\n(23\/03\/2021): El Vicerectorat de Relacions Internacionals de la Universitat Miguel Hern\u00e1ndez (UMH) d&#8217;Elx publica el llistat definitiu [&#8230;]<\/p>\n","protected":false},"author":4886,"featured_media":0,"parent":2907,"menu_order":0,"comment_status":"closed","ping_status":"closed","template":"","meta":{"ngg_post_thumbnail":0,"_links_to":"","_links_to_target":""},"yoast_head":"<!-- This site is optimized with the Yoast SEO plugin v17.5 - https:\/\/yoast.com\/wordpress\/plugins\/seo\/ -->\n<meta name=\"description\" content=\"El Vicerrectorado de Relaciones Internacionales de la UMH hace p\u00fablicas las convocatorias Erasmus+ Pr\u00e1cticas 2020\/2021 en organizaciones p\u00fablicas o privadas\" \/>\n<meta name=\"robots\" content=\"index, follow, max-snippet:-1, max-image-preview:large, max-video-preview:-1\" \/>\n<link rel=\"canonical\" href=\"https:\/\/internacional.umh.es\/ca\/movilidad\/estudiantes\/erasmus\/erasmuspracticas\/erasmus-practicas-2020-2021\/\" \/>\n<meta property=\"og:locale\" content=\"ca_ES\" \/>\n<meta property=\"og:type\" content=\"article\" \/>\n<meta property=\"og:title\" content=\"ERASMUS+ Pr\u00e0ctiques 2020\/2021 - Internacionalitzaci\u00f3 i Cooperaci\u00f3\" \/>\n<meta property=\"og:description\" content=\"El Vicerrectorado de Relaciones Internacionales de la UMH hace p\u00fablicas las convocatorias Erasmus+ Pr\u00e1cticas 2020\/2021 en organizaciones p\u00fablicas o privadas\" \/>\n<meta property=\"og:url\" content=\"https:\/\/internacional.umh.es\/movilidad\/estudiantes\/erasmus\/erasmuspracticas\/erasmus-practicas-2020-2021\/\" \/>\n<meta property=\"og:site_name\" content=\"Internacionalitzaci\u00f3 i Cooperaci\u00f3\" \/>\n<meta property=\"article:modified_time\" content=\"2024-02-15T10:31:03+00:00\" \/>\n<meta property=\"og:image\" content=\"https:\/\/internacional.umh.es\/files\/2020\/11\/logo-erasmus-plus-300x61.png\" \/>\n<meta name=\"twitter:card\" content=\"summary_large_image\" \/>\n<meta name=\"twitter:label1\" content=\"Est. reading time\" \/>\n\t<meta name=\"twitter:data1\" content=\"6 minuts\" \/>\n<script type=\"application\/ld+json\" class=\"yoast-schema-graph\">{\"@context\":\"https:\/\/schema.org\",\"@graph\":[{\"@type\":\"WebSite\",\"@id\":\"https:\/\/internacional.umh.es\/en\/#website\",\"url\":\"https:\/\/internacional.umh.es\/en\/\",\"name\":\"Internacionalitzaci\\u00f3 i Cooperaci\\u00f3\",\"description\":\"Universitat Miguel Hern\\u00e1ndez d&#039;Elx\",\"potentialAction\":[{\"@type\":\"SearchAction\",\"target\":{\"@type\":\"EntryPoint\",\"urlTemplate\":\"https:\/\/internacional.umh.es\/en\/?s={search_term_string}\"},\"query-input\":\"required name=search_term_string\"}],\"inLanguage\":\"ca\"},{\"@type\":\"ImageObject\",\"@id\":\"https:\/\/internacional.umh.es\/movilidad\/estudiantes\/erasmus\/erasmuspracticas\/erasmus-practicas-2020-2021\/#primaryimage\",\"inLanguage\":\"ca\",\"url\":\"https:\/\/internacional.umh.es\/files\/2020\/11\/logo-erasmus-plus.png\",\"contentUrl\":\"https:\/\/internacional.umh.es\/files\/2020\/11\/logo-erasmus-plus.png\",\"width\":1758,\"height\":358,\"caption\":\"Logo Erasmus+\"},{\"@type\":\"WebPage\",\"@id\":\"https:\/\/internacional.umh.es\/movilidad\/estudiantes\/erasmus\/erasmuspracticas\/erasmus-practicas-2020-2021\/#webpage\",\"url\":\"https:\/\/internacional.umh.es\/movilidad\/estudiantes\/erasmus\/erasmuspracticas\/erasmus-practicas-2020-2021\/\",\"name\":\"ERASMUS+ Pr\\u00e0ctiques 2020\/2021 - Internacionalitzaci\\u00f3 i Cooperaci\\u00f3\",\"isPartOf\":{\"@id\":\"https:\/\/internacional.umh.es\/en\/#website\"},\"primaryImageOfPage\":{\"@id\":\"https:\/\/internacional.umh.es\/movilidad\/estudiantes\/erasmus\/erasmuspracticas\/erasmus-practicas-2020-2021\/#primaryimage\"},\"datePublished\":\"2021-07-16T12:54:43+00:00\",\"dateModified\":\"2024-02-15T10:31:03+00:00\",\"description\":\"El Vicerrectorado de Relaciones Internacionales de la UMH hace p\\u00fablicas las convocatorias Erasmus+ Pr\\u00e1cticas 2020\/2021 en organizaciones p\\u00fablicas o privadas\",\"breadcrumb\":{\"@id\":\"https:\/\/internacional.umh.es\/movilidad\/estudiantes\/erasmus\/erasmuspracticas\/erasmus-practicas-2020-2021\/#breadcrumb\"},\"inLanguage\":\"ca\",\"potentialAction\":[{\"@type\":\"ReadAction\",\"target\":[\"https:\/\/internacional.umh.es\/movilidad\/estudiantes\/erasmus\/erasmuspracticas\/erasmus-practicas-2020-2021\/\"]}]},{\"@type\":\"BreadcrumbList\",\"@id\":\"https:\/\/internacional.umh.es\/movilidad\/estudiantes\/erasmus\/erasmuspracticas\/erasmus-practicas-2020-2021\/#breadcrumb\",\"itemListElement\":[{\"@type\":\"ListItem\",\"position\":1,\"name\":\"Home\",\"item\":\"https:\/\/internacional.umh.es\/en\/\"},{\"@type\":\"ListItem\",\"position\":2,\"name\":\"MOBILITY\",\"item\":\"https:\/\/internacional.umh.es\/en\/movilidad\/\"},{\"@type\":\"ListItem\",\"position\":3,\"name\":\"Estudiantes\",\"item\":\"https:\/\/internacional.umh.es\/movilidad\/estudiantes\/\"},{\"@type\":\"ListItem\",\"position\":4,\"name\":\"ERASMUS\",\"item\":\"https:\/\/internacional.umh.es\/movilidad\/estudiantes\/erasmus\/\"},{\"@type\":\"ListItem\",\"position\":5,\"name\":\"ERASMUS+ Pr\\u00e1cticas\",\"item\":\"https:\/\/internacional.umh.es\/movilidad\/estudiantes\/erasmus\/erasmuspracticas\/\"},{\"@type\":\"ListItem\",\"position\":6,\"name\":\"2020\/2021 Erasmus+ Traineeships\"}]}]}<\/script>\n<!-- \/ Yoast SEO plugin. -->","yoast_head_json":{"description":"El Vicerrectorado de Relaciones Internacionales de la UMH hace p\u00fablicas las convocatorias Erasmus+ Pr\u00e1cticas 2020\/2021 en organizaciones p\u00fablicas o privadas","robots":{"index":"index","follow":"follow","max-snippet":"max-snippet:-1","max-image-preview":"max-image-preview:large","max-video-preview":"max-video-preview:-1"},"canonical":"https:\/\/internacional.umh.es\/ca\/movilidad\/estudiantes\/erasmus\/erasmuspracticas\/erasmus-practicas-2020-2021\/","og_locale":"ca_ES","og_type":"article","og_title":"ERASMUS+ Pr\u00e0ctiques 2020\/2021 - Internacionalitzaci\u00f3 i Cooperaci\u00f3","og_description":"El Vicerrectorado de Relaciones Internacionales de la UMH hace p\u00fablicas las convocatorias Erasmus+ Pr\u00e1cticas 2020\/2021 en organizaciones p\u00fablicas o privadas","og_url":"https:\/\/internacional.umh.es\/movilidad\/estudiantes\/erasmus\/erasmuspracticas\/erasmus-practicas-2020-2021\/","og_site_name":"Internacionalitzaci\u00f3 i Cooperaci\u00f3","article_modified_time":"2024-02-15T10:31:03+00:00","og_image":[{"url":"https:\/\/internacional.umh.es\/files\/2020\/11\/logo-erasmus-plus-300x61.png"}],"twitter_card":"summary_large_image","twitter_misc":{"Est. reading time":"6 minuts"},"schema":{"@context":"https:\/\/schema.org","@graph":[{"@type":"WebSite","@id":"https:\/\/internacional.umh.es\/en\/#website","url":"https:\/\/internacional.umh.es\/en\/","name":"Internacionalitzaci\u00f3 i Cooperaci\u00f3","description":"Universitat Miguel Hern\u00e1ndez d&#039;Elx","potentialAction":[{"@type":"SearchAction","target":{"@type":"EntryPoint","urlTemplate":"https:\/\/internacional.umh.es\/en\/?s={search_term_string}"},"query-input":"required name=search_term_string"}],"inLanguage":"ca"},{"@type":"ImageObject","@id":"https:\/\/internacional.umh.es\/movilidad\/estudiantes\/erasmus\/erasmuspracticas\/erasmus-practicas-2020-2021\/#primaryimage","inLanguage":"ca","url":"https:\/\/internacional.umh.es\/files\/2020\/11\/logo-erasmus-plus.png","contentUrl":"https:\/\/internacional.umh.es\/files\/2020\/11\/logo-erasmus-plus.png","width":1758,"height":358,"caption":"Logo Erasmus+"},{"@type":"WebPage","@id":"https:\/\/internacional.umh.es\/movilidad\/estudiantes\/erasmus\/erasmuspracticas\/erasmus-practicas-2020-2021\/#webpage","url":"https:\/\/internacional.umh.es\/movilidad\/estudiantes\/erasmus\/erasmuspracticas\/erasmus-practicas-2020-2021\/","name":"ERASMUS+ Pr\u00e0ctiques 2020\/2021 - Internacionalitzaci\u00f3 i Cooperaci\u00f3","isPartOf":{"@id":"https:\/\/internacional.umh.es\/en\/#website"},"primaryImageOfPage":{"@id":"https:\/\/internacional.umh.es\/movilidad\/estudiantes\/erasmus\/erasmuspracticas\/erasmus-practicas-2020-2021\/#primaryimage"},"datePublished":"2021-07-16T12:54:43+00:00","dateModified":"2024-02-15T10:31:03+00:00","description":"El Vicerrectorado de Relaciones Internacionales de la UMH hace p\u00fablicas las convocatorias Erasmus+ Pr\u00e1cticas 2020\/2021 en organizaciones p\u00fablicas o privadas","breadcrumb":{"@id":"https:\/\/internacional.umh.es\/movilidad\/estudiantes\/erasmus\/erasmuspracticas\/erasmus-practicas-2020-2021\/#breadcrumb"},"inLanguage":"ca","potentialAction":[{"@type":"ReadAction","target":["https:\/\/internacional.umh.es\/movilidad\/estudiantes\/erasmus\/erasmuspracticas\/erasmus-practicas-2020-2021\/"]}]},{"@type":"BreadcrumbList","@id":"https:\/\/internacional.umh.es\/movilidad\/estudiantes\/erasmus\/erasmuspracticas\/erasmus-practicas-2020-2021\/#breadcrumb","itemListElement":[{"@type":"ListItem","position":1,"name":"Home","item":"https:\/\/internacional.umh.es\/en\/"},{"@type":"ListItem","position":2,"name":"MOBILITY","item":"https:\/\/internacional.umh.es\/en\/movilidad\/"},{"@type":"ListItem","position":3,"name":"Estudiantes","item":"https:\/\/internacional.umh.es\/movilidad\/estudiantes\/"},{"@type":"ListItem","position":4,"name":"ERASMUS","item":"https:\/\/internacional.umh.es\/movilidad\/estudiantes\/erasmus\/"},{"@type":"ListItem","position":5,"name":"ERASMUS+ Pr\u00e1cticas","item":"https:\/\/internacional.umh.es\/movilidad\/estudiantes\/erasmus\/erasmuspracticas\/"},{"@type":"ListItem","position":6,"name":"2020\/2021 Erasmus+ Traineeships"}]}]}},"_links":{"self":[{"href":"https:\/\/internacional.umh.es\/ca\/wp-json\/wp\/v2\/pages\/21977"}],"collection":[{"href":"https:\/\/internacional.umh.es\/ca\/wp-json\/wp\/v2\/pages"}],"about":[{"href":"https:\/\/internacional.umh.es\/ca\/wp-json\/wp\/v2\/types\/page"}],"author":[{"embeddable":true,"href":"https:\/\/internacional.umh.es\/ca\/wp-json\/wp\/v2\/users\/4886"}],"replies":[{"embeddable":true,"href":"https:\/\/internacional.umh.es\/ca\/wp-json\/wp\/v2\/comments?post=21977"}],"version-history":[{"count":0,"href":"https:\/\/internacional.umh.es\/ca\/wp-json\/wp\/v2\/pages\/21977\/revisions"}],"up":[{"embeddable":true,"href":"https:\/\/internacional.umh.es\/ca\/wp-json\/wp\/v2\/pages\/2907"}],"wp:attachment":[{"href":"https:\/\/internacional.umh.es\/ca\/wp-json\/wp\/v2\/media?parent=21977"}],"curies":[{"name":"wp","href":"https:\/\/api.w.org\/{rel}","templated":true}]}}