{"id":22082,"date":"2021-07-23T10:20:06","date_gmt":"2021-07-23T08:20:06","guid":{"rendered":"https:\/\/internacional.umh.es\/?page_id=22082"},"modified":"2022-12-20T11:38:45","modified_gmt":"2022-12-20T10:38:45","slug":"jornadas-de-bienvenida-2020-2021","status":"publish","type":"page","link":"https:\/\/internacional.umh.es\/ca\/incoming\/jornadas-de-bienvenida-2020-2021\/","title":{"rendered":"Jornada de benvinguda 2020\/2021"},"content":{"rendered":"<p><\/p>\n<h4 style=\"text-align: left\">Jornada de benvinguda<\/h4>\n<p>Benvinguts i benvingudes a la Universitat Miguel Hern\u00e1ndez!<\/p>\n<p style=\"text-align: justify\"><span style=\"font-weight: 400\"><img loading=\"lazy\" class=\"alignleft wp-image-16235\" title=\"Alumnes i Erasmus gaudint de xarxes Wifi gratu\u00eftes al campus de la UMH\" src=\"https:\/\/internacional.umh.es\/files\/2020\/07\/22-1024x683.jpg\" alt=\"Joves Incoming port\u00e0tils La G\u00e0l\u00b7lia UMH\" width=\"444\" height=\"296\" srcset=\"https:\/\/internacional.umh.es\/files\/2020\/07\/22-1024x683.jpg 1024w, https:\/\/internacional.umh.es\/files\/2020\/07\/22-300x200.jpg 300w, https:\/\/internacional.umh.es\/files\/2020\/07\/22-768x512.jpg 768w\" sizes=\"(max-width: 444px) 100vw, 444px\" \/><strong>(30\/07\/2020)<\/strong> Enguany tot \u00e9s diferent, no podem saludar-te presencialment encara, per\u00f2 et volem donar una calorosa benvinguda a la UMH.<\/span><\/p>\n<p style=\"text-align: justify\"><b>Anima&#8217;t, apunta&#8217;t a la <a title=\"Ho veur\u00e0s en una nova finestra\" href=\"https:\/\/view.genial.ly\/5f2342fba07dc10d6f8028b7\/interactive-content-2-welcome-days\" target=\"_blank\" rel=\"noopener noreferrer\">SETMANA DE BENVINGUDA<\/a><\/b><span style=\"font-weight: 400\">, et donarem molts tips per a aprofitar al m\u00e0xim la teua experi\u00e8ncia internacional amb nosaltres en la UMH. L&#8217;\u00fanic requisit \u00e9s que estigues adm\u00e9s com a estudiant <em>incoming<\/em> de la UMH.<\/span><\/p>\n<p style=\"text-align: justify\"><strong>Durant cinc dies en la segona setmana de setembre de 2020 <\/strong><span style=\"font-weight: 400\"> t&#8217;esperem des de les 9:00h. a les 10:30h. per a comen\u00e7ar a con\u00e9ixer la nostra universitat, els seus serveis d&#8217;atenci\u00f3 a l&#8217;estudiant i el personal que els gestiona, les possibilitats de trobar allotjament, les nostres instal\u00b7lacions i oferta esportiva i de salut, les seues biblioteques, les seues cantines i restaurants, l&#8217;oferta cultural i el nostre Club Erasmus, per a ajudar-te a integrar-te i con\u00e9ixer als qui seran els teus companys en el pr\u00f2xim curs.<\/span><\/p>\n<p style=\"text-align: justify\"><span style=\"font-weight: 400\">Hem preparat <\/span><b>trobades virtuals mitjan\u00e7ant GOOGLE MEET<\/b><span style=\"font-weight: 400\"> amb tots ells, juntament amb activitats m\u00e9s lleugeres, en sessions de poc m\u00e9s d&#8217;una hora di\u00e0ria i que esperem que siguen amenes i del vostre inter\u00e9s.<\/span><\/p>\n<p style=\"text-align: justify\"><span style=\"font-weight: 400\">Nom\u00e9s necessites inscriure&#8217;t mitjan\u00e7ant el seg\u00fcent <\/span><a title=\"S'obrir\u00e0 en una nova finestra\" href=\"https:\/\/forms.gle\/BYfYkvWHgzm6vkfM7\" target=\"_blank\" rel=\"noopener noreferrer\"><b>FORMULARI<\/b><\/a><span style=\"font-weight: 400\"> i t&#8217;enviarem la teua <\/span><b>invitaci\u00f3 <\/b><span style=\"font-weight: 400\">per a unir-te a les sessions MEET di\u00e0ries del 7 a l&#8217;11 de setembre.<\/span><\/p>\n<h4><strong>MATERIALS DE LES SESSIONS<\/strong><\/h4>\n<p>A continuaci\u00f3 s&#8217;adjunten els materials de les sessions en l\u00ednia organitzats per dies.<\/p>\n<p><strong>Dilluns 7 de setembre:<\/strong><\/p>\n<ul>\n<li>Presentaci\u00f3 de la UMH: <a title=\"S'obrir\u00e0 en una nova finestra\" href=\"https:\/\/internacional.umh.es\/files\/2020\/08\/Welcome-to-UMH-2020-WelcomeDays.pptx\" target=\"_blank\" rel=\"noopener noreferrer\">Welcome to UMH 2020 (27 Mb .pptx)<\/a><\/li>\n<li>V\u00eddeo de presentaci\u00f3 de la universitat: <a title=\"S'obrir\u00e0 en una nova finestra\" href=\"https:\/\/www.youtube.com\/watch?v=ASfN9yLAE_0\" target=\"_blank\" rel=\"noopener noreferrer\">V\u00eddeo de la UMH (angl\u00e9s)<\/a><\/li>\n<\/ul>\n<p><strong>Dimarts 8 de setembre:<\/strong><\/p>\n<ul>\n<li>Documents i la seua gesti\u00f3: <a title=\"S'obrir\u00e0 en una nova finestra\" href=\"https:\/\/internacional.umh.es\/files\/2020\/08\/WELCOME-DAY-2020-2021.pptx\" target=\"_blank\" rel=\"noopener noreferrer\">WELCOME DAY 2020-2021 (6,3 Mb .pptx)<\/a><\/li>\n<li>Documents i les seues gesti\u00f3 instruccions de plantilla examen: <a title=\"S'obrir\u00e0 en una nova finestra\" href=\"https:\/\/internacional.umh.es\/files\/2020\/08\/INSTRUCCIONES-PLANTILLA-DE-EXAMEN-MODIFICADO-18-05-2017.doc\" target=\"_blank\" rel=\"noopener noreferrer\">INSTRUCCIONS PLANTILLA D&#8217;EXAMEN (2,74Mb .docx)<\/a><\/li>\n<li>Presentaci\u00f3 del Centre d&#8217;Idiomes de la UMH <a title=\"S'obrir\u00e0 en una nova finestra\" href=\"https:\/\/internacional.umh.es\/files\/2020\/08\/Welcome-Days-UMH-8sept2020.pptx\" target=\"_blank\" rel=\"noopener noreferrer\">Welcome Days UMH 8 sept 2020 (4,98Mb .pptx)<\/a><\/li>\n<li>Presentaci\u00f3 de la Facultat de Medicina del Campus de Sant Joan: <a title=\"S'obrir\u00e0 en una nova finestra\" href=\"https:\/\/docs.google.com\/presentation\/d\/14rlVO5fmvm08vHCfHRYJKmj9w6bngFq4IbdJAZ766F4\/edit?usp=sharing\" target=\"_blank\" rel=\"noopener noreferrer\">Presentaci\u00f3<\/a><\/li>\n<\/ul>\n<p><strong>Dimecres 9 de setembre:<\/strong><\/p>\n<ul>\n<li>Serveis a la comunitat UMH (allotjament, transport&#8230;): <a title=\"S'obrir\u00e0 en una nova finestra\" href=\"https:\/\/internacional.umh.es\/files\/2020\/09\/Lista-sitios-para-Incoming.pdf\" target=\"_blank\" rel=\"noopener noreferrer\">Llista de serveis (70Kb .pdf)<\/a><\/li>\n<\/ul>\n<p><strong>Dijous 10 de setembre:<\/strong><\/p>\n<ul>\n<li>Pr\u00e0ctiques en Empreses: <a title=\"S'obrir\u00e0 en una nova finestra\" href=\"https:\/\/internacional.umh.es\/files\/2020\/09\/What-do-we-do-ingles-visita-universidades-UK-02_2018.pdf\" target=\"_blank\" rel=\"noopener noreferrer\">Presentaci\u00f3 (6,57Mb .pdf)<\/a><\/li>\n<\/ul>\n<p><strong>Divendres 11 de setembre:<\/strong><\/p>\n<ul>\n<li>Activitat &#8216;Take a Selfie&#8217;\n<ul>\n<li><a title=\"S'obrir\u00e0 en una nova finestra\" href=\"https:\/\/internacional.umh.es\/files\/2020\/09\/Take-a-SELFIE-in-UMH-Campus-Elche.pdf\" target=\"_blank\" rel=\"noopener noreferrer\">Campus Elx (2,73Mb .pdf)<\/a><\/li>\n<li><a title=\"Ho veur\u00e0s en una nova finestra\" href=\"https:\/\/internacional.umh.es\/files\/2020\/09\/Take-a-SELFIE-in-UMH-Campus-Altea-y-San-Juan.pdf\" target=\"_blank\" rel=\"noopener noreferrer\">Campus Altea i Sant Joan (2,73Mb .pdf)<\/a><\/li>\n<li><a title=\"S'obrir\u00e0 en una nova finestra\" href=\"https:\/\/internacional.umh.es\/files\/2020\/09\/Bases-actividad-Take-a-Selfie.pdf\" target=\"_blank\" rel=\"noopener noreferrer\">Bases del concurs (104Kb .pdf)<\/a><\/li>\n<\/ul>\n<\/li>\n<\/ul>\n<p><iframe  style=\"display: block; margin: 0px auto;\"  id=\"_ytid_88872\"  width=\"480\" height=\"270\"  data-origwidth=\"480\" data-origheight=\"270\" src=\"https:\/\/www.youtube.com\/embed\/OhoHMYQBpD0?enablejsapi=1&autoplay=0&cc_load_policy=0&cc_lang_pref=&iv_load_policy=1&loop=0&modestbranding=0&rel=1&fs=1&playsinline=0&autohide=2&theme=dark&color=red&controls=1&\" class=\"__youtube_prefs__  no-lazyload\" title=\"YouTube player\"  allow=\"accelerometer; autoplay; clipboard-write; encrypted-media; gyroscope; picture-in-picture\" allowfullscreen data-no-lazy=\"1\" data-skipgform_ajax_framebjll=\"\"><\/iframe><br \/>\n&nbsp;<br \/>\n<strong>ANTERIOR (07\/07\/2020): <\/strong>Academic situation for international mobility students for the 2020-2021 academic year: <strong><a title=\"Ho veur\u00e0s en una nova finestra\" href=\"https:\/\/internacional.umh.es\/files\/2020\/07\/Letter-to-students-partners-universities-July-2020.pdf\" target=\"_blank\" rel=\"noopener noreferrer\">July 2020 COVID-19 letter to university student partners (137Kb .pdf)<\/a><\/strong><\/p>\n<p><span style=\"color: #000000\"><strong>ANTERIOR (07\/07\/2020): <\/strong>Situaci\u00f3 acad\u00e8mica per a la mobilitat internacional durant el curs 2020-2021: <a title=\"Ho veur\u00e0s en una nova finestra\" href=\"https:\/\/internacional.umh.es\/files\/2020\/07\/Carta-estudiantes-ES-copia-autentica-1.pdf\" target=\"_blank\" rel=\"noopener noreferrer\"><strong>enlla\u00e7 a carta informativa (205 Kb .pdf)<\/strong><\/a><\/span><\/p>\n<h4>ON ESTEM?<\/h4>\n<p style=\"text-align: justify\"><strong>Servei de Relacions Internacionals, Cooperaci\u00f3 al Desenvolupament i Voluntariat<\/strong><br \/>\nEdifici La G\u00e0l\u00b7lia. 1a Planta.<br \/>\nAv. de la Universitat, s\/n \u2013 03202 -Elx &#8211; Espanya<br \/>\nTel.: +34 966 658 710<br \/>\n<strong><a title=\"Ho veur\u00e0s en una nova finestra\" href=\"http:\/\/incoming@umh.es\">incoming@umh.es<\/a><\/strong><\/p>\n<p data-wp-editing=\"1\"><img loading=\"lazy\" class=\"alignleft wp-image-17289 size-medium\" title=\"La Mobilitat en la UMH \u00e9s el principal objectiu del Vicerectorat i Servei de Relacions Internacionals de la UMH\" src=\"https:\/\/internacional.umh.es\/files\/2020\/11\/logo-erasmus-plus-300x61.png\" alt=\"Logo Erasmus +\" width=\"300\" height=\"61\" srcset=\"https:\/\/internacional.umh.es\/files\/2020\/11\/logo-erasmus-plus-300x61.png 300w, https:\/\/internacional.umh.es\/files\/2020\/11\/logo-erasmus-plus-768x156.png 768w, https:\/\/internacional.umh.es\/files\/2020\/11\/logo-erasmus-plus-1024x209.png 1024w, https:\/\/internacional.umh.es\/files\/2020\/11\/logo-erasmus-plus.png 1758w\" sizes=\"(max-width: 300px) 100vw, 300px\" \/><\/p>\n<p><\/p>","protected":false},"excerpt":{"rendered":"<p>Jornada de benvinguda<br \/>\nBenvinguts i benvingudes a la Universitat Miguel Hern\u00e1ndez!<br \/>\n(30\/07\/2020) Enguany tot \u00e9s diferent, no podem saludar-te presencialment encara, per\u00f2 et volem donar una calorosa benvinguda a la UMH.<br \/>\nAnima&#8217;t, apunta&#8217;t a la SETMANA DE BENVINGUDA, et donarem molts tips per a aprofitar al m\u00e0xim la teua experi\u00e8ncia internacional amb nosaltres en la UMH. L&#8217;\u00fanic requisit [&#8230;]<\/p>\n","protected":false},"author":4886,"featured_media":0,"parent":8,"menu_order":0,"comment_status":"closed","ping_status":"closed","template":"","meta":{"ngg_post_thumbnail":0,"_links_to":"","_links_to_target":""},"yoast_head":"<!-- This site is optimized with the Yoast SEO plugin v17.5 - https:\/\/yoast.com\/wordpress\/plugins\/seo\/ -->\n<meta name=\"robots\" content=\"index, follow, max-snippet:-1, max-image-preview:large, max-video-preview:-1\" \/>\n<link rel=\"canonical\" href=\"https:\/\/internacional.umh.es\/ca\/incoming\/jornadas-de-bienvenida-2020-2021\/\" \/>\n<meta property=\"og:locale\" content=\"ca_ES\" \/>\n<meta property=\"og:type\" content=\"article\" \/>\n<meta property=\"og:title\" content=\"Jornada de benvinguda 2020\/2021 - Internacionalitzaci\u00f3 i Cooperaci\u00f3\" \/>\n<meta property=\"og:description\" content=\"Jornada de benvinguda Benvinguts i benvingudes a la Universitat Miguel Hern\u00e1ndez! (30\/07\/2020) Enguany tot \u00e9s diferent, no podem saludar-te presencialment encara, per\u00f2 et volem donar una calorosa benvinguda a la UMH. Anima&#8217;t, apunta&#8217;t a la SETMANA DE BENVINGUDA, et donarem molts tips per a aprofitar al m\u00e0xim la teua experi\u00e8ncia internacional amb nosaltres en la UMH. L&#8217;\u00fanic requisit [...]\" \/>\n<meta property=\"og:url\" content=\"https:\/\/internacional.umh.es\/incoming\/jornadas-de-bienvenida-2020-2021\/\" \/>\n<meta property=\"og:site_name\" content=\"Internacionalitzaci\u00f3 i Cooperaci\u00f3\" \/>\n<meta property=\"article:modified_time\" content=\"2022-12-20T10:38:45+00:00\" \/>\n<meta property=\"og:image\" content=\"https:\/\/internacional.umh.es\/files\/2020\/07\/22-1024x683.jpg\" \/>\n<meta name=\"twitter:card\" content=\"summary_large_image\" \/>\n<meta name=\"twitter:label1\" content=\"Est. reading time\" \/>\n\t<meta name=\"twitter:data1\" content=\"6 minuts\" \/>\n<script type=\"application\/ld+json\" class=\"yoast-schema-graph\">{\"@context\":\"https:\/\/schema.org\",\"@graph\":[{\"@type\":\"WebSite\",\"@id\":\"https:\/\/internacional.umh.es\/en\/#website\",\"url\":\"https:\/\/internacional.umh.es\/en\/\",\"name\":\"Internacionalitzaci\\u00f3 i Cooperaci\\u00f3\",\"description\":\"Universitat Miguel Hern\\u00e1ndez d&#039;Elx\",\"potentialAction\":[{\"@type\":\"SearchAction\",\"target\":{\"@type\":\"EntryPoint\",\"urlTemplate\":\"https:\/\/internacional.umh.es\/en\/?s={search_term_string}\"},\"query-input\":\"required name=search_term_string\"}],\"inLanguage\":\"ca\"},{\"@type\":\"ImageObject\",\"@id\":\"https:\/\/internacional.umh.es\/incoming\/jornadas-de-bienvenida-2020-2021\/#primaryimage\",\"inLanguage\":\"ca\",\"url\":\"https:\/\/internacional.umh.es\/files\/2020\/07\/22.jpg\",\"contentUrl\":\"https:\/\/internacional.umh.es\/files\/2020\/07\/22.jpg\",\"width\":3062,\"height\":2041},{\"@type\":\"WebPage\",\"@id\":\"https:\/\/internacional.umh.es\/incoming\/jornadas-de-bienvenida-2020-2021\/#webpage\",\"url\":\"https:\/\/internacional.umh.es\/incoming\/jornadas-de-bienvenida-2020-2021\/\",\"name\":\"Jornada de benvinguda 2020\/2021 - Internacionalitzaci\\u00f3 i Cooperaci\\u00f3\",\"isPartOf\":{\"@id\":\"https:\/\/internacional.umh.es\/en\/#website\"},\"primaryImageOfPage\":{\"@id\":\"https:\/\/internacional.umh.es\/incoming\/jornadas-de-bienvenida-2020-2021\/#primaryimage\"},\"datePublished\":\"2021-07-23T08:20:06+00:00\",\"dateModified\":\"2022-12-20T10:38:45+00:00\",\"breadcrumb\":{\"@id\":\"https:\/\/internacional.umh.es\/incoming\/jornadas-de-bienvenida-2020-2021\/#breadcrumb\"},\"inLanguage\":\"ca\",\"potentialAction\":[{\"@type\":\"ReadAction\",\"target\":[\"https:\/\/internacional.umh.es\/incoming\/jornadas-de-bienvenida-2020-2021\/\"]}]},{\"@type\":\"BreadcrumbList\",\"@id\":\"https:\/\/internacional.umh.es\/incoming\/jornadas-de-bienvenida-2020-2021\/#breadcrumb\",\"itemListElement\":[{\"@type\":\"ListItem\",\"position\":1,\"name\":\"Home\",\"item\":\"https:\/\/internacional.umh.es\/en\/\"},{\"@type\":\"ListItem\",\"position\":2,\"name\":\"INCOMING\",\"item\":\"https:\/\/internacional.umh.es\/incoming\/\"},{\"@type\":\"ListItem\",\"position\":3,\"name\":\"Jornadas de bienvenida 2020\/2021\"}]}]}<\/script>\n<!-- \/ Yoast SEO plugin. -->","yoast_head_json":{"robots":{"index":"index","follow":"follow","max-snippet":"max-snippet:-1","max-image-preview":"max-image-preview:large","max-video-preview":"max-video-preview:-1"},"canonical":"https:\/\/internacional.umh.es\/ca\/incoming\/jornadas-de-bienvenida-2020-2021\/","og_locale":"ca_ES","og_type":"article","og_title":"Jornada de benvinguda 2020\/2021 - Internacionalitzaci\u00f3 i Cooperaci\u00f3","og_description":"Jornada de benvinguda Benvinguts i benvingudes a la Universitat Miguel Hern\u00e1ndez! (30\/07\/2020) Enguany tot \u00e9s diferent, no podem saludar-te presencialment encara, per\u00f2 et volem donar una calorosa benvinguda a la UMH. Anima&#8217;t, apunta&#8217;t a la SETMANA DE BENVINGUDA, et donarem molts tips per a aprofitar al m\u00e0xim la teua experi\u00e8ncia internacional amb nosaltres en la UMH. L&#8217;\u00fanic requisit [...]","og_url":"https:\/\/internacional.umh.es\/incoming\/jornadas-de-bienvenida-2020-2021\/","og_site_name":"Internacionalitzaci\u00f3 i Cooperaci\u00f3","article_modified_time":"2022-12-20T10:38:45+00:00","og_image":[{"url":"https:\/\/internacional.umh.es\/files\/2020\/07\/22-1024x683.jpg"}],"twitter_card":"summary_large_image","twitter_misc":{"Est. reading time":"6 minuts"},"schema":{"@context":"https:\/\/schema.org","@graph":[{"@type":"WebSite","@id":"https:\/\/internacional.umh.es\/en\/#website","url":"https:\/\/internacional.umh.es\/en\/","name":"Internacionalitzaci\u00f3 i Cooperaci\u00f3","description":"Universitat Miguel Hern\u00e1ndez d&#039;Elx","potentialAction":[{"@type":"SearchAction","target":{"@type":"EntryPoint","urlTemplate":"https:\/\/internacional.umh.es\/en\/?s={search_term_string}"},"query-input":"required name=search_term_string"}],"inLanguage":"ca"},{"@type":"ImageObject","@id":"https:\/\/internacional.umh.es\/incoming\/jornadas-de-bienvenida-2020-2021\/#primaryimage","inLanguage":"ca","url":"https:\/\/internacional.umh.es\/files\/2020\/07\/22.jpg","contentUrl":"https:\/\/internacional.umh.es\/files\/2020\/07\/22.jpg","width":3062,"height":2041},{"@type":"WebPage","@id":"https:\/\/internacional.umh.es\/incoming\/jornadas-de-bienvenida-2020-2021\/#webpage","url":"https:\/\/internacional.umh.es\/incoming\/jornadas-de-bienvenida-2020-2021\/","name":"Jornada de benvinguda 2020\/2021 - Internacionalitzaci\u00f3 i Cooperaci\u00f3","isPartOf":{"@id":"https:\/\/internacional.umh.es\/en\/#website"},"primaryImageOfPage":{"@id":"https:\/\/internacional.umh.es\/incoming\/jornadas-de-bienvenida-2020-2021\/#primaryimage"},"datePublished":"2021-07-23T08:20:06+00:00","dateModified":"2022-12-20T10:38:45+00:00","breadcrumb":{"@id":"https:\/\/internacional.umh.es\/incoming\/jornadas-de-bienvenida-2020-2021\/#breadcrumb"},"inLanguage":"ca","potentialAction":[{"@type":"ReadAction","target":["https:\/\/internacional.umh.es\/incoming\/jornadas-de-bienvenida-2020-2021\/"]}]},{"@type":"BreadcrumbList","@id":"https:\/\/internacional.umh.es\/incoming\/jornadas-de-bienvenida-2020-2021\/#breadcrumb","itemListElement":[{"@type":"ListItem","position":1,"name":"Home","item":"https:\/\/internacional.umh.es\/en\/"},{"@type":"ListItem","position":2,"name":"INCOMING","item":"https:\/\/internacional.umh.es\/incoming\/"},{"@type":"ListItem","position":3,"name":"Jornadas de bienvenida 2020\/2021"}]}]}},"_links":{"self":[{"href":"https:\/\/internacional.umh.es\/ca\/wp-json\/wp\/v2\/pages\/22082"}],"collection":[{"href":"https:\/\/internacional.umh.es\/ca\/wp-json\/wp\/v2\/pages"}],"about":[{"href":"https:\/\/internacional.umh.es\/ca\/wp-json\/wp\/v2\/types\/page"}],"author":[{"embeddable":true,"href":"https:\/\/internacional.umh.es\/ca\/wp-json\/wp\/v2\/users\/4886"}],"replies":[{"embeddable":true,"href":"https:\/\/internacional.umh.es\/ca\/wp-json\/wp\/v2\/comments?post=22082"}],"version-history":[{"count":0,"href":"https:\/\/internacional.umh.es\/ca\/wp-json\/wp\/v2\/pages\/22082\/revisions"}],"up":[{"embeddable":true,"href":"https:\/\/internacional.umh.es\/ca\/wp-json\/wp\/v2\/pages\/8"}],"wp:attachment":[{"href":"https:\/\/internacional.umh.es\/ca\/wp-json\/wp\/v2\/media?parent=22082"}],"curies":[{"name":"wp","href":"https:\/\/api.w.org\/{rel}","templated":true}]}}