{"id":23818,"date":"2021-12-22T11:36:08","date_gmt":"2021-12-22T10:36:08","guid":{"rendered":"https:\/\/internacional.umh.es\/?page_id=23818"},"modified":"2022-12-12T09:50:36","modified_gmt":"2022-12-12T08:50:36","slug":"bosnia-2021","status":"publish","type":"page","link":"https:\/\/internacional.umh.es\/ca\/movilidad\/pas\/erasmus\/movilidad-internacional-erasmus-con-paises-asociados-ka107-2019\/bosnia-2021\/","title":{"rendered":"Mobilitat internacional Erasmus+ amb pa\u00efsos associats (KA107) \u2013 B\u00f2snia 2021"},"content":{"rendered":"<p><a href=\"https:\/\/erasmus-plus.ec.europa.eu\/es\/acerca-de-erasmus\/que-es-erasmus\" target=\"_blank\" title=\"Accedeix a m\u00e9s informaci\u00f3 sobre Erasmus+ Uni\u00f3 Europea en una nova finestra\" rel=\"noopener\"><img loading=\"lazy\" class=\"wp-image-17289 alignnone\" src=\"https:\/\/internacional.umh.es\/files\/2020\/11\/logo-erasmus-plus-300x61.png\" title=\"Consulta les convocat\u00f2ries Erasmus+ pa\u00efsos associats (KA107) \u2013 B\u00f2snia 2021 de la UMH\" alt=\"Erasmus+ pa\u00efsos associats (KA107) \u2013 B\u00f2snia logo\" width=\"261\" height=\"53\" srcset=\"https:\/\/internacional.umh.es\/files\/2020\/11\/logo-erasmus-plus-300x61.png 300w, https:\/\/internacional.umh.es\/files\/2020\/11\/logo-erasmus-plus-768x156.png 768w, https:\/\/internacional.umh.es\/files\/2020\/11\/logo-erasmus-plus-1024x209.png 1024w, https:\/\/internacional.umh.es\/files\/2020\/11\/logo-erasmus-plus.png 1758w\" sizes=\"(max-width: 261px) 100vw, 261px\" \/><\/a><img loading=\"lazy\" class=\"size-medium wp-image-17766 alignnone\" src=\"https:\/\/internacional.umh.es\/files\/2021\/01\/logo-cofinanciado-ue-300x69.png\" title=\"El Programa Erasmus+ de la UE cofinancia les seg\u00fcents convocat\u00f2ries Erasmus+ pa\u00efsos associats (KA107) \u2013 B\u00f2snia 2021 per a la UMH\" alt=\"Logo pa\u00efsos associats (KA107) \u2013 B\u00f2snia Cofinanciat pel Programa Erasmus+ Uni\u00f3 Europea\" width=\"300\" height=\"69\" srcset=\"https:\/\/internacional.umh.es\/files\/2021\/01\/logo-cofinanciado-ue-300x69.png 300w, https:\/\/internacional.umh.es\/files\/2021\/01\/logo-cofinanciado-ue.png 512w\" sizes=\"(max-width: 300px) 100vw, 300px\" \/><\/p>\n<p style=\"text-align: justify\"><strong><span style=\"color: #ff0000\">NOU (18\/06\/2021):<\/span> <\/strong>El Vicerectorat de Relacions Internacionals de la Universitat Miguel Hern\u00e1ndez (UMH) d&#8217;Elx publica el <strong>llistat definitiu d&#8217;ajudes assignades en<\/strong> la convocat\u00f2ria del <strong>programa de mobilitat internacional Erasmus+ amb pa\u00efsos associats (KA107) \u2013 B\u00f2snia<\/strong> per a l&#8217;any 2021 modalitat personal docent i no docent per a impartir doc\u00e8ncia (STA) i modalitat formaci\u00f3 (STT) per a l&#8217;any 2021.<\/p>\n<p style=\"text-align: justify\">Pots consultar el llistat a continuaci\u00f3:<\/p>\n<ul>\n<li><a href=\"https:\/\/internacional.umh.es\/files\/2021\/06\/Publicado.RR_03342_2021.pdf\" target=\"_blank\" title=\"Ho veur\u00e0s en una nova finestra\" rel=\"noopener\">Publicaci\u00f3 llistat definitiu ajudes assignades KA107 B\u00f2snia (315Kb .pdf)<\/a><\/li>\n<\/ul>\n<hr>\n<p style=\"text-align: justify\"><strong>(26\/05\/2021):<\/strong> El Vicerectorat de Relacions Internacionals de la Universitat Miguel Hern\u00e1ndez (UMH) d&#8217;Elx publica el <strong>llistat definitiu de sol\u00b7licituds admeses i llistat provisional d&#8217;ajudes assignades <\/strong><strong>en<\/strong> la convocat\u00f2ria del <strong>programa de mobilitat internacional Erasmus+ amb pa\u00efsos associats (KA107) \u2013 B\u00f2snia<\/strong> per a l&#8217;any 2021 modalitat personal docent i no docent per a impartir doc\u00e8ncia (STA) i modalitat formaci\u00f3 (STT) per a l&#8217;any 2021. Pots consultar el llistat a continuaci\u00f3:<\/p>\n<ul>\n<li><a href=\"https:\/\/internacional.umh.es\/files\/2021\/05\/Publicado.concesion-provisional-y-listado-admitidas-defini-ka107-bosnia-firmado.pdf\" target=\"_blank\" title=\"Ho veur\u00e0s en una nova finestra\" rel=\"noopener\">Llistat definitiu sol\u00b7licituds admeses i provisional ajudes Erasmus+ amb pa\u00efsos associats (KA107) (2,27Mb .pdf)<\/a><\/li>\n<\/ul>\n<p style=\"text-align: justify\">Les persones interessades a presentar al\u00b7legacions poden fer-ho fins al <strong>9 de juny de 2021 <\/strong>a trav\u00e9s de la seu electr\u00f2nica de la UMH, el Registre General, Auxiliars dels campus.<\/p>\n<hr>\n<p style=\"text-align: justify\"><strong>(09\/02\/2021): <\/strong>El Vicerectorat de Relacions Internacionals de la Universitat Miguel Hern\u00e1ndez (UMH) d&#8217;Elx convoca el<strong> programa de mobilitat internacional Erasmus+ amb pa\u00efsos associats (KA107) \u2013 B\u00f2snia<\/strong> per a l&#8217;any 2021.<\/p>\n<p style=\"text-align: justify\">La present convocat\u00f2ria est\u00e0 destinada a seleccionar professors i personal d&#8217;administraci\u00f3 i serveis de la UMH per a realitzar un per\u00edode docent i\/o de formaci\u00f3 en el marc del programa Erasmus + en la instituci\u00f3 d&#8217;educaci\u00f3 superior International University of Sarajevo (B\u00f2snia Hercegovina), participant en el programa com a pa\u00eds associat.<\/p>\n<p style=\"text-align: justify\">Les estades d&#8217;aquesta convocat\u00f2ria hauran de realitzar-se <strong>fins al 30 de desembre de 2021<\/strong><\/p>\n<p style=\"text-align: justify\">Pots consultar els requisits dels beneficiaris, els criteris de valoraci\u00f3 i la resta d&#8217;informaci\u00f3 de la convocat\u00f2ria en el <strong>text complet:<\/strong><\/p>\n<ul>\n<li><a href=\"https:\/\/internacional.umh.es\/files\/2021\/01\/publicacion-en-boumh-.-convocatoria-bosnia-1.pdf\" target=\"_*blank\" title=\"Ho veur\u00e0s en una nova finestra\" rel=\"*noopener noopener\">Text complet de la convocat\u00f2ria (724Kb .pdf)<\/a><\/li>\n<li><a href=\"https:\/\/internacional.umh.es\/files\/2021\/02\/Publiaci%C3%B3n-DOGV.-2021_1075.pdf\" target=\"_blank\" title=\"Ho veur\u00e0s en una nova finestra\" rel=\"noopener\">Publicaci\u00f3 en el DOGV (194Kb .pdf)<\/a><\/li>\n<\/ul>\n<p style=\"text-align: justify\">El termini per a<strong> presentar sol\u00b7licituds <\/strong>\u00e9s fins a l&#8217;1<strong> de mar\u00e7 de 2021.<\/strong><\/p>\n<p style=\"text-align: justify\">Les <strong>sol\u00b7licituds<\/strong> es podran presentar a trav\u00e9s de la <strong>Seu<\/strong> <strong>Electr\u00f2nica<\/strong> (forma aconsellable per la situaci\u00f3 d&#8217;estat d&#8217;alarma pel COVID), del Registre General de la UMH o dels Registres Auxiliars dels Centres de Gesti\u00f3 de cada Campus.<\/p>\n<p style=\"text-align: justify\">\n<strong>Documents a presentar:<\/strong><\/p>\n<ul>\n<li><a href=\"https:\/\/internacional.umh.es\/files\/2021\/01\/Modelo-de-solicitud.CONVOCATORIA-KA107-2021-Bosnia-1.docx\" target=\"_blank\" title=\"Ho veur\u00e0s en una nova finestra\" rel=\"noopener\">Model de sol\u00b7licitud (247Kb .docx)<\/a><\/li>\n<li><a href=\"https:\/\/internacional.umh.es\/files\/2021\/02\/6.Staff-Mobility-Agreement_training_integr_2019-EN.docx\" target=\"_blank\" title=\"Ho veur\u00e0s en una nova finestra\" rel=\"noopener\">Staff mobility Agreement for Training (91kb Angl\u00e9s .docx)<\/a><\/li>\n<\/ul>\n<p>&nbsp;<\/p>","protected":false},"excerpt":{"rendered":"<p>NOU (18\/06\/2021): El Vicerectorat de Relacions Internacionals de la Universitat Miguel Hern\u00e1ndez (UMH) d&#8217;Elx publica el llistat definitiu d&#8217;ajudes assignades en la convocat\u00f2ria del programa de mobilitat internacional Erasmus+ amb pa\u00efsos associats (KA107) \u2013 B\u00f2snia per a l&#8217;any 2021 modalitat personal docent i no docent per a impartir doc\u00e8ncia (STA) i modalitat formaci\u00f3 (STT) per [&#8230;]<\/p>\n","protected":false},"author":4886,"featured_media":0,"parent":10403,"menu_order":0,"comment_status":"closed","ping_status":"closed","template":"","meta":{"ngg_post_thumbnail":0,"_links_to":"","_links_to_target":""},"yoast_head":"<!-- This site is optimized with the Yoast SEO plugin v17.5 - https:\/\/yoast.com\/wordpress\/plugins\/seo\/ -->\n<meta name=\"description\" content=\"La Universidad Miguel Hern\u00e1ndez realiza la Convocatoria de Movilidad internacional Erasmus+ con pa\u00edses asociados (KA107) Bosnia 2021\" \/>\n<meta name=\"robots\" content=\"index, follow, max-snippet:-1, max-image-preview:large, max-video-preview:-1\" \/>\n<link rel=\"canonical\" href=\"https:\/\/internacional.umh.es\/ca\/movilidad\/pas\/erasmus\/movilidad-internacional-erasmus-con-paises-asociados-ka107-2019\/bosnia-2021\/\" \/>\n<meta property=\"og:locale\" content=\"ca_ES\" \/>\n<meta property=\"og:type\" content=\"article\" \/>\n<meta property=\"og:title\" content=\"Mobilitat internacional Erasmus+ amb pa\u00efsos associats (KA107) \u2013 B\u00f2snia 2021 - Internacionalitzaci\u00f3 i Cooperaci\u00f3\" \/>\n<meta property=\"og:description\" content=\"La Universidad Miguel Hern\u00e1ndez realiza la Convocatoria de Movilidad internacional Erasmus+ con pa\u00edses asociados (KA107) Bosnia 2021\" \/>\n<meta property=\"og:url\" content=\"https:\/\/internacional.umh.es\/movilidad\/pas\/erasmus\/movilidad-internacional-erasmus-con-paises-asociados-ka107-2019\/bosnia-2021\/\" \/>\n<meta property=\"og:site_name\" content=\"Internacionalitzaci\u00f3 i Cooperaci\u00f3\" \/>\n<meta property=\"article:modified_time\" content=\"2022-12-12T08:50:36+00:00\" \/>\n<meta property=\"og:image\" content=\"https:\/\/internacional.umh.es\/files\/2020\/11\/logo-erasmus-plus-300x61.png\" \/>\n<meta name=\"twitter:card\" content=\"summary_large_image\" \/>\n<meta name=\"twitter:label1\" content=\"Est. reading time\" \/>\n\t<meta name=\"twitter:data1\" content=\"1 minut\" \/>\n<script type=\"application\/ld+json\" class=\"yoast-schema-graph\">{\"@context\":\"https:\/\/schema.org\",\"@graph\":[{\"@type\":\"WebSite\",\"@id\":\"https:\/\/internacional.umh.es\/en\/#website\",\"url\":\"https:\/\/internacional.umh.es\/en\/\",\"name\":\"Internacionalitzaci\\u00f3 i Cooperaci\\u00f3\",\"description\":\"Universitat Miguel Hern\\u00e1ndez d&#039;Elx\",\"potentialAction\":[{\"@type\":\"SearchAction\",\"target\":{\"@type\":\"EntryPoint\",\"urlTemplate\":\"https:\/\/internacional.umh.es\/en\/?s={search_term_string}\"},\"query-input\":\"required name=search_term_string\"}],\"inLanguage\":\"ca\"},{\"@type\":\"ImageObject\",\"@id\":\"https:\/\/internacional.umh.es\/movilidad\/pas\/erasmus\/movilidad-internacional-erasmus-con-paises-asociados-ka107-2019\/bosnia-2021\/#primaryimage\",\"inLanguage\":\"ca\",\"url\":\"https:\/\/internacional.umh.es\/files\/2020\/11\/logo-erasmus-plus.png\",\"contentUrl\":\"https:\/\/internacional.umh.es\/files\/2020\/11\/logo-erasmus-plus.png\",\"width\":1758,\"height\":358,\"caption\":\"Logo Erasmus+\"},{\"@type\":\"WebPage\",\"@id\":\"https:\/\/internacional.umh.es\/movilidad\/pas\/erasmus\/movilidad-internacional-erasmus-con-paises-asociados-ka107-2019\/bosnia-2021\/#webpage\",\"url\":\"https:\/\/internacional.umh.es\/movilidad\/pas\/erasmus\/movilidad-internacional-erasmus-con-paises-asociados-ka107-2019\/bosnia-2021\/\",\"name\":\"Mobilitat internacional Erasmus+ amb pa\\u00efsos associats (KA107) \\u2013 B\\u00f2snia 2021 - Internacionalitzaci\\u00f3 i Cooperaci\\u00f3\",\"isPartOf\":{\"@id\":\"https:\/\/internacional.umh.es\/en\/#website\"},\"primaryImageOfPage\":{\"@id\":\"https:\/\/internacional.umh.es\/movilidad\/pas\/erasmus\/movilidad-internacional-erasmus-con-paises-asociados-ka107-2019\/bosnia-2021\/#primaryimage\"},\"datePublished\":\"2021-12-22T10:36:08+00:00\",\"dateModified\":\"2022-12-12T08:50:36+00:00\",\"description\":\"La Universidad Miguel Hern\\u00e1ndez realiza la Convocatoria de Movilidad internacional Erasmus+ con pa\\u00edses asociados (KA107) Bosnia 2021\",\"breadcrumb\":{\"@id\":\"https:\/\/internacional.umh.es\/movilidad\/pas\/erasmus\/movilidad-internacional-erasmus-con-paises-asociados-ka107-2019\/bosnia-2021\/#breadcrumb\"},\"inLanguage\":\"ca\",\"potentialAction\":[{\"@type\":\"ReadAction\",\"target\":[\"https:\/\/internacional.umh.es\/movilidad\/pas\/erasmus\/movilidad-internacional-erasmus-con-paises-asociados-ka107-2019\/bosnia-2021\/\"]}]},{\"@type\":\"BreadcrumbList\",\"@id\":\"https:\/\/internacional.umh.es\/movilidad\/pas\/erasmus\/movilidad-internacional-erasmus-con-paises-asociados-ka107-2019\/bosnia-2021\/#breadcrumb\",\"itemListElement\":[{\"@type\":\"ListItem\",\"position\":1,\"name\":\"Home\",\"item\":\"https:\/\/internacional.umh.es\/en\/\"},{\"@type\":\"ListItem\",\"position\":2,\"name\":\"MOBILITY\",\"item\":\"https:\/\/internacional.umh.es\/en\/movilidad\/\"},{\"@type\":\"ListItem\",\"position\":3,\"name\":\"PTGAS\",\"item\":\"https:\/\/internacional.umh.es\/movilidad\/pas\/\"},{\"@type\":\"ListItem\",\"position\":4,\"name\":\"ERASMUS PTGAS &#8211; Estancias formativas\",\"item\":\"https:\/\/internacional.umh.es\/movilidad\/pas\/erasmus\/\"},{\"@type\":\"ListItem\",\"position\":5,\"name\":\"2021 International Erasmus+ mobility with partner countries (KA107)\",\"item\":\"https:\/\/internacional.umh.es\/movilidad\/pas\/erasmus\/movilidad-internacional-erasmus-con-paises-asociados-ka107-2019\/\"},{\"@type\":\"ListItem\",\"position\":6,\"name\":\"International Erasmus+ Mobility with Partner Countries (KA107) &#8211; Bosnia and Herzegovina 2021\"}]}]}<\/script>\n<!-- \/ Yoast SEO plugin. -->","yoast_head_json":{"description":"La Universidad Miguel Hern\u00e1ndez realiza la Convocatoria de Movilidad internacional Erasmus+ con pa\u00edses asociados (KA107) Bosnia 2021","robots":{"index":"index","follow":"follow","max-snippet":"max-snippet:-1","max-image-preview":"max-image-preview:large","max-video-preview":"max-video-preview:-1"},"canonical":"https:\/\/internacional.umh.es\/ca\/movilidad\/pas\/erasmus\/movilidad-internacional-erasmus-con-paises-asociados-ka107-2019\/bosnia-2021\/","og_locale":"ca_ES","og_type":"article","og_title":"Mobilitat internacional Erasmus+ amb pa\u00efsos associats (KA107) \u2013 B\u00f2snia 2021 - Internacionalitzaci\u00f3 i Cooperaci\u00f3","og_description":"La Universidad Miguel Hern\u00e1ndez realiza la Convocatoria de Movilidad internacional Erasmus+ con pa\u00edses asociados (KA107) Bosnia 2021","og_url":"https:\/\/internacional.umh.es\/movilidad\/pas\/erasmus\/movilidad-internacional-erasmus-con-paises-asociados-ka107-2019\/bosnia-2021\/","og_site_name":"Internacionalitzaci\u00f3 i Cooperaci\u00f3","article_modified_time":"2022-12-12T08:50:36+00:00","og_image":[{"url":"https:\/\/internacional.umh.es\/files\/2020\/11\/logo-erasmus-plus-300x61.png"}],"twitter_card":"summary_large_image","twitter_misc":{"Est. reading time":"1 minut"},"schema":{"@context":"https:\/\/schema.org","@graph":[{"@type":"WebSite","@id":"https:\/\/internacional.umh.es\/en\/#website","url":"https:\/\/internacional.umh.es\/en\/","name":"Internacionalitzaci\u00f3 i Cooperaci\u00f3","description":"Universitat Miguel Hern\u00e1ndez d&#039;Elx","potentialAction":[{"@type":"SearchAction","target":{"@type":"EntryPoint","urlTemplate":"https:\/\/internacional.umh.es\/en\/?s={search_term_string}"},"query-input":"required name=search_term_string"}],"inLanguage":"ca"},{"@type":"ImageObject","@id":"https:\/\/internacional.umh.es\/movilidad\/pas\/erasmus\/movilidad-internacional-erasmus-con-paises-asociados-ka107-2019\/bosnia-2021\/#primaryimage","inLanguage":"ca","url":"https:\/\/internacional.umh.es\/files\/2020\/11\/logo-erasmus-plus.png","contentUrl":"https:\/\/internacional.umh.es\/files\/2020\/11\/logo-erasmus-plus.png","width":1758,"height":358,"caption":"Logo Erasmus+"},{"@type":"WebPage","@id":"https:\/\/internacional.umh.es\/movilidad\/pas\/erasmus\/movilidad-internacional-erasmus-con-paises-asociados-ka107-2019\/bosnia-2021\/#webpage","url":"https:\/\/internacional.umh.es\/movilidad\/pas\/erasmus\/movilidad-internacional-erasmus-con-paises-asociados-ka107-2019\/bosnia-2021\/","name":"Mobilitat internacional Erasmus+ amb pa\u00efsos associats (KA107) \u2013 B\u00f2snia 2021 - Internacionalitzaci\u00f3 i Cooperaci\u00f3","isPartOf":{"@id":"https:\/\/internacional.umh.es\/en\/#website"},"primaryImageOfPage":{"@id":"https:\/\/internacional.umh.es\/movilidad\/pas\/erasmus\/movilidad-internacional-erasmus-con-paises-asociados-ka107-2019\/bosnia-2021\/#primaryimage"},"datePublished":"2021-12-22T10:36:08+00:00","dateModified":"2022-12-12T08:50:36+00:00","description":"La Universidad Miguel Hern\u00e1ndez realiza la Convocatoria de Movilidad internacional Erasmus+ con pa\u00edses asociados (KA107) Bosnia 2021","breadcrumb":{"@id":"https:\/\/internacional.umh.es\/movilidad\/pas\/erasmus\/movilidad-internacional-erasmus-con-paises-asociados-ka107-2019\/bosnia-2021\/#breadcrumb"},"inLanguage":"ca","potentialAction":[{"@type":"ReadAction","target":["https:\/\/internacional.umh.es\/movilidad\/pas\/erasmus\/movilidad-internacional-erasmus-con-paises-asociados-ka107-2019\/bosnia-2021\/"]}]},{"@type":"BreadcrumbList","@id":"https:\/\/internacional.umh.es\/movilidad\/pas\/erasmus\/movilidad-internacional-erasmus-con-paises-asociados-ka107-2019\/bosnia-2021\/#breadcrumb","itemListElement":[{"@type":"ListItem","position":1,"name":"Home","item":"https:\/\/internacional.umh.es\/en\/"},{"@type":"ListItem","position":2,"name":"MOBILITY","item":"https:\/\/internacional.umh.es\/en\/movilidad\/"},{"@type":"ListItem","position":3,"name":"PTGAS","item":"https:\/\/internacional.umh.es\/movilidad\/pas\/"},{"@type":"ListItem","position":4,"name":"ERASMUS PTGAS &#8211; Estancias formativas","item":"https:\/\/internacional.umh.es\/movilidad\/pas\/erasmus\/"},{"@type":"ListItem","position":5,"name":"2021 International Erasmus+ mobility with partner countries (KA107)","item":"https:\/\/internacional.umh.es\/movilidad\/pas\/erasmus\/movilidad-internacional-erasmus-con-paises-asociados-ka107-2019\/"},{"@type":"ListItem","position":6,"name":"International Erasmus+ Mobility with Partner Countries (KA107) &#8211; Bosnia and Herzegovina 2021"}]}]}},"_links":{"self":[{"href":"https:\/\/internacional.umh.es\/ca\/wp-json\/wp\/v2\/pages\/23818"}],"collection":[{"href":"https:\/\/internacional.umh.es\/ca\/wp-json\/wp\/v2\/pages"}],"about":[{"href":"https:\/\/internacional.umh.es\/ca\/wp-json\/wp\/v2\/types\/page"}],"author":[{"embeddable":true,"href":"https:\/\/internacional.umh.es\/ca\/wp-json\/wp\/v2\/users\/4886"}],"replies":[{"embeddable":true,"href":"https:\/\/internacional.umh.es\/ca\/wp-json\/wp\/v2\/comments?post=23818"}],"version-history":[{"count":0,"href":"https:\/\/internacional.umh.es\/ca\/wp-json\/wp\/v2\/pages\/23818\/revisions"}],"up":[{"embeddable":true,"href":"https:\/\/internacional.umh.es\/ca\/wp-json\/wp\/v2\/pages\/10403"}],"wp:attachment":[{"href":"https:\/\/internacional.umh.es\/ca\/wp-json\/wp\/v2\/media?parent=23818"}],"curies":[{"name":"wp","href":"https:\/\/api.w.org\/{rel}","templated":true}]}}