{"id":23830,"date":"2021-12-22T12:04:35","date_gmt":"2021-12-22T11:04:35","guid":{"rendered":"https:\/\/internacional.umh.es\/?page_id=23830"},"modified":"2022-12-12T09:52:44","modified_gmt":"2022-12-12T08:52:44","slug":"armenia-2021","status":"publish","type":"page","link":"https:\/\/internacional.umh.es\/ca\/movilidad\/pas\/erasmus\/movilidad-internacional-erasmus-con-paises-asociados-ka107-2019\/armenia-2021\/","title":{"rendered":"Mobilitat internacional Erasmus+ amb pa\u00efsos associats (KA107) \u2013 Arm\u00e8nia 2021\/2022"},"content":{"rendered":"<p><a href=\"https:\/\/erasmus-plus.ec.europa.eu\/es\/acerca-de-erasmus\/que-es-erasmus\" target=\"_blank\" title=\"Accedeix a m\u00e9s informaci\u00f3 sobre Erasmus+ Uni\u00f3 Europea en una nova finestra\n\" rel=\"noopener\"><img loading=\"lazy\" class=\"wp-image-17289 alignnone\" src=\"https:\/\/internacional.umh.es\/files\/2020\/11\/logo-erasmus-plus-300x61.png\" title=\"Consulta les convocat\u00f2ries Erasmus+ pa\u00efsos associats (KA107) \u2013 Arm\u00e8nia 2021 de la UMH\" alt=\"Erasmus+ pa\u00efsos associats (KA107) \u2013 Arm\u00e8nia logo\" width=\"261\" height=\"53\" srcset=\"https:\/\/internacional.umh.es\/files\/2020\/11\/logo-erasmus-plus-300x61.png 300w, https:\/\/internacional.umh.es\/files\/2020\/11\/logo-erasmus-plus-768x156.png 768w, https:\/\/internacional.umh.es\/files\/2020\/11\/logo-erasmus-plus-1024x209.png 1024w, https:\/\/internacional.umh.es\/files\/2020\/11\/logo-erasmus-plus.png 1758w\" sizes=\"(max-width: 261px) 100vw, 261px\" \/><\/a><img loading=\"lazy\" class=\"size-medium wp-image-17766 alignnone\" src=\"https:\/\/internacional.umh.es\/files\/2021\/01\/logo-cofinanciado-ue-300x69.png\" title=\"El Programa Erasmus+ de la UE cofinan\u00e7a les seg\u00fcents convocat\u00f2ries Erasmus+ pa\u00efsos associats (KA107) \u2013 Arm\u00e8nia 2021 per a la UMH\" alt=\"Logo pa\u00efsos associats (KA107) \u2013 Arm\u00e8nia cofinanciat pel Programa Erasmus+ Uni\u00f3 Europea\" width=\"300\" height=\"69\" srcset=\"https:\/\/internacional.umh.es\/files\/2021\/01\/logo-cofinanciado-ue-300x69.png 300w, https:\/\/internacional.umh.es\/files\/2021\/01\/logo-cofinanciado-ue.png 512w\" sizes=\"(max-width: 300px) 100vw, 300px\" \/><\/p>\n<p style=\"text-align: justify\"><span style=\"color: #ff0000\"><strong>NOU (26\/01\/2022): <\/strong><\/span>El Vicerectorat de Relacions Internacionals de la Universitat Miguel Hern\u00e1ndez (UMH) d&#8217;Elx convoca el<strong> programa de mobilitat internacional Erasmus+ amb pa\u00efsos associats (KA107) \u2013 Arm\u00e8nia<\/strong> per al curs acad\u00e8mic 2021\/2022.<\/p>\n<p style=\"text-align: justify\">La present convocat\u00f2ria est\u00e0 destinada a seleccionar personal de la UMH per a realitzar un per\u00edode de formaci\u00f3 en el marc del programa Erasmus+ en la Instituci\u00f3 d&#8217;Educaci\u00f3 Superior Armenian National Agrarian University (ANAU), participant en el programa com a pa\u00eds associat.<\/p>\n<p>Les estades d&#8217;aquesta convocat\u00f2ria podran realitzar-se <strong>fins al 30 juliol de 2022<\/strong><\/p>\n<p style=\"text-align: justify\">Pots consultar els requisits dels beneficiaris, els criteris de valoraci\u00f3 i la resta d&#8217;informaci\u00f3 de la convocat\u00f2ria en el <strong><a href=\"https:\/\/internacional.umh.es\/files\/2021\/12\/Publicado-en-BOUMH.-RR_05033_2021.pdf\" title=\"Ho veur\u00e0s en una nova finestra\" target=\"_blank\" rel=\"noopener\">text complet (711Kb .pdf)<\/a>.<\/strong><\/p>\n<ul>\n<li><a title=\"Ho veur\u00e0s en una nova finestra\" href=\"https:\/\/internacional.umh.es\/files\/2022\/01\/Publi.-DOGV.-2022_497.pdf\" target=\"_blank\" rel=\"noopener\"><strong>Publicat en el DOGV (240Kb .pdf)<\/strong><\/a><\/li>\n<\/ul>\n<p><strong>El termini per a presentaci\u00f3 de les sol\u00b7licituds<\/strong> ser\u00e0 fins al 8 de febrer.<\/p>\n<p>Documents:<\/p>\n<ul>\n<li><a href=\"https:\/\/internacional.umh.es\/files\/2021\/12\/Modelo-de-solicitud-Proyec.-2019-Armenia.docx\" target=\"_blank\" title=\"Ho veur\u00e0s en una nova finestra\" rel=\"noopener\">Model de sol\u00b7licitud (257Kb Castell\u00e0 .docx)<\/a><\/li>\n<li><a href=\"https:\/\/internacional.umh.es\/files\/2021\/12\/6.Staff-Mobility-Agreement_training_integr_2019-EN.docx\" title=\"Ho veur\u00e0s en una nova finestra\" target=\"_blank\" rel=\"noopener\">Staff mobility Agreement for Training (91Kb Angl\u00e9s .docx)<\/a><\/li>\n<\/ul>\n<p>&nbsp;<\/p>","protected":false},"excerpt":{"rendered":"<p>NOU (26\/01\/2022): El Vicerectorat de Relacions Internacionals de la Universitat Miguel Hern\u00e1ndez (UMH) d&#8217;Elx convoca el programa de mobilitat internacional Erasmus+ amb pa\u00efsos associats (KA107) \u2013 Arm\u00e8nia per al curs acad\u00e8mic 2021\/2022.<br \/>\nLa present convocat\u00f2ria est\u00e0 destinada a seleccionar personal de la UMH per a realitzar un per\u00edode de formaci\u00f3 en el marc del programa Erasmus+ [&#8230;]<\/p>\n","protected":false},"author":4886,"featured_media":0,"parent":10403,"menu_order":0,"comment_status":"closed","ping_status":"closed","template":"","meta":{"ngg_post_thumbnail":0,"_links_to":"","_links_to_target":""},"yoast_head":"<!-- This site is optimized with the Yoast SEO plugin v17.5 - https:\/\/yoast.com\/wordpress\/plugins\/seo\/ -->\n<meta name=\"description\" content=\"El Vicerrectorado de RR.II. de la UMH convoca el programa Erasmus+ con pa\u00edses asociados (KA107) \u2013 Armenia para el curso acad\u00e9mico 2021\/2022\" \/>\n<meta name=\"robots\" content=\"index, follow, max-snippet:-1, max-image-preview:large, max-video-preview:-1\" \/>\n<link rel=\"canonical\" href=\"https:\/\/internacional.umh.es\/ca\/movilidad\/pas\/erasmus\/movilidad-internacional-erasmus-con-paises-asociados-ka107-2019\/armenia-2021\/\" \/>\n<meta property=\"og:locale\" content=\"ca_ES\" \/>\n<meta property=\"og:type\" content=\"article\" \/>\n<meta property=\"og:title\" content=\"Mobilitat internacional Erasmus+ amb pa\u00efsos associats (KA107) \u2013 Arm\u00e8nia 2021\/2022 - Internacionalitzaci\u00f3 i Cooperaci\u00f3\" \/>\n<meta property=\"og:description\" content=\"El Vicerrectorado de RR.II. de la UMH convoca el programa Erasmus+ con pa\u00edses asociados (KA107) \u2013 Armenia para el curso acad\u00e9mico 2021\/2022\" \/>\n<meta property=\"og:url\" content=\"https:\/\/internacional.umh.es\/movilidad\/pas\/erasmus\/movilidad-internacional-erasmus-con-paises-asociados-ka107-2019\/armenia-2021\/\" \/>\n<meta property=\"og:site_name\" content=\"Internacionalitzaci\u00f3 i Cooperaci\u00f3\" \/>\n<meta property=\"article:modified_time\" content=\"2022-12-12T08:52:44+00:00\" \/>\n<meta property=\"og:image\" content=\"https:\/\/internacional.umh.es\/files\/2020\/11\/logo-erasmus-plus-300x61.png\" \/>\n<meta name=\"twitter:card\" content=\"summary_large_image\" \/>\n<meta name=\"twitter:label1\" content=\"Est. reading time\" \/>\n\t<meta name=\"twitter:data1\" content=\"1 minut\" \/>\n<script type=\"application\/ld+json\" class=\"yoast-schema-graph\">{\"@context\":\"https:\/\/schema.org\",\"@graph\":[{\"@type\":\"WebSite\",\"@id\":\"https:\/\/internacional.umh.es\/en\/#website\",\"url\":\"https:\/\/internacional.umh.es\/en\/\",\"name\":\"Internacionalitzaci\\u00f3 i Cooperaci\\u00f3\",\"description\":\"Universitat Miguel Hern\\u00e1ndez d&#039;Elx\",\"potentialAction\":[{\"@type\":\"SearchAction\",\"target\":{\"@type\":\"EntryPoint\",\"urlTemplate\":\"https:\/\/internacional.umh.es\/en\/?s={search_term_string}\"},\"query-input\":\"required name=search_term_string\"}],\"inLanguage\":\"ca\"},{\"@type\":\"ImageObject\",\"@id\":\"https:\/\/internacional.umh.es\/movilidad\/pas\/erasmus\/movilidad-internacional-erasmus-con-paises-asociados-ka107-2019\/armenia-2021\/#primaryimage\",\"inLanguage\":\"ca\",\"url\":\"https:\/\/internacional.umh.es\/files\/2020\/11\/logo-erasmus-plus.png\",\"contentUrl\":\"https:\/\/internacional.umh.es\/files\/2020\/11\/logo-erasmus-plus.png\",\"width\":1758,\"height\":358,\"caption\":\"Logo Erasmus+\"},{\"@type\":\"WebPage\",\"@id\":\"https:\/\/internacional.umh.es\/movilidad\/pas\/erasmus\/movilidad-internacional-erasmus-con-paises-asociados-ka107-2019\/armenia-2021\/#webpage\",\"url\":\"https:\/\/internacional.umh.es\/movilidad\/pas\/erasmus\/movilidad-internacional-erasmus-con-paises-asociados-ka107-2019\/armenia-2021\/\",\"name\":\"Mobilitat internacional Erasmus+ amb pa\\u00efsos associats (KA107) \\u2013 Arm\\u00e8nia 2021\/2022 - Internacionalitzaci\\u00f3 i Cooperaci\\u00f3\",\"isPartOf\":{\"@id\":\"https:\/\/internacional.umh.es\/en\/#website\"},\"primaryImageOfPage\":{\"@id\":\"https:\/\/internacional.umh.es\/movilidad\/pas\/erasmus\/movilidad-internacional-erasmus-con-paises-asociados-ka107-2019\/armenia-2021\/#primaryimage\"},\"datePublished\":\"2021-12-22T11:04:35+00:00\",\"dateModified\":\"2022-12-12T08:52:44+00:00\",\"description\":\"El Vicerrectorado de RR.II. de la UMH convoca el programa Erasmus+ con pa\\u00edses asociados (KA107) \\u2013 Armenia para el curso acad\\u00e9mico 2021\/2022\",\"breadcrumb\":{\"@id\":\"https:\/\/internacional.umh.es\/movilidad\/pas\/erasmus\/movilidad-internacional-erasmus-con-paises-asociados-ka107-2019\/armenia-2021\/#breadcrumb\"},\"inLanguage\":\"ca\",\"potentialAction\":[{\"@type\":\"ReadAction\",\"target\":[\"https:\/\/internacional.umh.es\/movilidad\/pas\/erasmus\/movilidad-internacional-erasmus-con-paises-asociados-ka107-2019\/armenia-2021\/\"]}]},{\"@type\":\"BreadcrumbList\",\"@id\":\"https:\/\/internacional.umh.es\/movilidad\/pas\/erasmus\/movilidad-internacional-erasmus-con-paises-asociados-ka107-2019\/armenia-2021\/#breadcrumb\",\"itemListElement\":[{\"@type\":\"ListItem\",\"position\":1,\"name\":\"Home\",\"item\":\"https:\/\/internacional.umh.es\/en\/\"},{\"@type\":\"ListItem\",\"position\":2,\"name\":\"MOBILITY\",\"item\":\"https:\/\/internacional.umh.es\/en\/movilidad\/\"},{\"@type\":\"ListItem\",\"position\":3,\"name\":\"PTGAS\",\"item\":\"https:\/\/internacional.umh.es\/movilidad\/pas\/\"},{\"@type\":\"ListItem\",\"position\":4,\"name\":\"ERASMUS PTGAS &#8211; Estancias formativas\",\"item\":\"https:\/\/internacional.umh.es\/movilidad\/pas\/erasmus\/\"},{\"@type\":\"ListItem\",\"position\":5,\"name\":\"2021 International Erasmus+ mobility with partner countries (KA107)\",\"item\":\"https:\/\/internacional.umh.es\/movilidad\/pas\/erasmus\/movilidad-internacional-erasmus-con-paises-asociados-ka107-2019\/\"},{\"@type\":\"ListItem\",\"position\":6,\"name\":\"International Erasmus+ Mobility with Partner Countries (KA107) &#8211; Armenia 2021\/2022\"}]}]}<\/script>\n<!-- \/ Yoast SEO plugin. -->","yoast_head_json":{"description":"El Vicerrectorado de RR.II. de la UMH convoca el programa Erasmus+ con pa\u00edses asociados (KA107) \u2013 Armenia para el curso acad\u00e9mico 2021\/2022","robots":{"index":"index","follow":"follow","max-snippet":"max-snippet:-1","max-image-preview":"max-image-preview:large","max-video-preview":"max-video-preview:-1"},"canonical":"https:\/\/internacional.umh.es\/ca\/movilidad\/pas\/erasmus\/movilidad-internacional-erasmus-con-paises-asociados-ka107-2019\/armenia-2021\/","og_locale":"ca_ES","og_type":"article","og_title":"Mobilitat internacional Erasmus+ amb pa\u00efsos associats (KA107) \u2013 Arm\u00e8nia 2021\/2022 - Internacionalitzaci\u00f3 i Cooperaci\u00f3","og_description":"El Vicerrectorado de RR.II. de la UMH convoca el programa Erasmus+ con pa\u00edses asociados (KA107) \u2013 Armenia para el curso acad\u00e9mico 2021\/2022","og_url":"https:\/\/internacional.umh.es\/movilidad\/pas\/erasmus\/movilidad-internacional-erasmus-con-paises-asociados-ka107-2019\/armenia-2021\/","og_site_name":"Internacionalitzaci\u00f3 i Cooperaci\u00f3","article_modified_time":"2022-12-12T08:52:44+00:00","og_image":[{"url":"https:\/\/internacional.umh.es\/files\/2020\/11\/logo-erasmus-plus-300x61.png"}],"twitter_card":"summary_large_image","twitter_misc":{"Est. reading time":"1 minut"},"schema":{"@context":"https:\/\/schema.org","@graph":[{"@type":"WebSite","@id":"https:\/\/internacional.umh.es\/en\/#website","url":"https:\/\/internacional.umh.es\/en\/","name":"Internacionalitzaci\u00f3 i Cooperaci\u00f3","description":"Universitat Miguel Hern\u00e1ndez d&#039;Elx","potentialAction":[{"@type":"SearchAction","target":{"@type":"EntryPoint","urlTemplate":"https:\/\/internacional.umh.es\/en\/?s={search_term_string}"},"query-input":"required name=search_term_string"}],"inLanguage":"ca"},{"@type":"ImageObject","@id":"https:\/\/internacional.umh.es\/movilidad\/pas\/erasmus\/movilidad-internacional-erasmus-con-paises-asociados-ka107-2019\/armenia-2021\/#primaryimage","inLanguage":"ca","url":"https:\/\/internacional.umh.es\/files\/2020\/11\/logo-erasmus-plus.png","contentUrl":"https:\/\/internacional.umh.es\/files\/2020\/11\/logo-erasmus-plus.png","width":1758,"height":358,"caption":"Logo Erasmus+"},{"@type":"WebPage","@id":"https:\/\/internacional.umh.es\/movilidad\/pas\/erasmus\/movilidad-internacional-erasmus-con-paises-asociados-ka107-2019\/armenia-2021\/#webpage","url":"https:\/\/internacional.umh.es\/movilidad\/pas\/erasmus\/movilidad-internacional-erasmus-con-paises-asociados-ka107-2019\/armenia-2021\/","name":"Mobilitat internacional Erasmus+ amb pa\u00efsos associats (KA107) \u2013 Arm\u00e8nia 2021\/2022 - Internacionalitzaci\u00f3 i Cooperaci\u00f3","isPartOf":{"@id":"https:\/\/internacional.umh.es\/en\/#website"},"primaryImageOfPage":{"@id":"https:\/\/internacional.umh.es\/movilidad\/pas\/erasmus\/movilidad-internacional-erasmus-con-paises-asociados-ka107-2019\/armenia-2021\/#primaryimage"},"datePublished":"2021-12-22T11:04:35+00:00","dateModified":"2022-12-12T08:52:44+00:00","description":"El Vicerrectorado de RR.II. de la UMH convoca el programa Erasmus+ con pa\u00edses asociados (KA107) \u2013 Armenia para el curso acad\u00e9mico 2021\/2022","breadcrumb":{"@id":"https:\/\/internacional.umh.es\/movilidad\/pas\/erasmus\/movilidad-internacional-erasmus-con-paises-asociados-ka107-2019\/armenia-2021\/#breadcrumb"},"inLanguage":"ca","potentialAction":[{"@type":"ReadAction","target":["https:\/\/internacional.umh.es\/movilidad\/pas\/erasmus\/movilidad-internacional-erasmus-con-paises-asociados-ka107-2019\/armenia-2021\/"]}]},{"@type":"BreadcrumbList","@id":"https:\/\/internacional.umh.es\/movilidad\/pas\/erasmus\/movilidad-internacional-erasmus-con-paises-asociados-ka107-2019\/armenia-2021\/#breadcrumb","itemListElement":[{"@type":"ListItem","position":1,"name":"Home","item":"https:\/\/internacional.umh.es\/en\/"},{"@type":"ListItem","position":2,"name":"MOBILITY","item":"https:\/\/internacional.umh.es\/en\/movilidad\/"},{"@type":"ListItem","position":3,"name":"PTGAS","item":"https:\/\/internacional.umh.es\/movilidad\/pas\/"},{"@type":"ListItem","position":4,"name":"ERASMUS PTGAS &#8211; Estancias formativas","item":"https:\/\/internacional.umh.es\/movilidad\/pas\/erasmus\/"},{"@type":"ListItem","position":5,"name":"2021 International Erasmus+ mobility with partner countries (KA107)","item":"https:\/\/internacional.umh.es\/movilidad\/pas\/erasmus\/movilidad-internacional-erasmus-con-paises-asociados-ka107-2019\/"},{"@type":"ListItem","position":6,"name":"International Erasmus+ Mobility with Partner Countries (KA107) &#8211; Armenia 2021\/2022"}]}]}},"_links":{"self":[{"href":"https:\/\/internacional.umh.es\/ca\/wp-json\/wp\/v2\/pages\/23830"}],"collection":[{"href":"https:\/\/internacional.umh.es\/ca\/wp-json\/wp\/v2\/pages"}],"about":[{"href":"https:\/\/internacional.umh.es\/ca\/wp-json\/wp\/v2\/types\/page"}],"author":[{"embeddable":true,"href":"https:\/\/internacional.umh.es\/ca\/wp-json\/wp\/v2\/users\/4886"}],"replies":[{"embeddable":true,"href":"https:\/\/internacional.umh.es\/ca\/wp-json\/wp\/v2\/comments?post=23830"}],"version-history":[{"count":0,"href":"https:\/\/internacional.umh.es\/ca\/wp-json\/wp\/v2\/pages\/23830\/revisions"}],"up":[{"embeddable":true,"href":"https:\/\/internacional.umh.es\/ca\/wp-json\/wp\/v2\/pages\/10403"}],"wp:attachment":[{"href":"https:\/\/internacional.umh.es\/ca\/wp-json\/wp\/v2\/media?parent=23830"}],"curies":[{"name":"wp","href":"https:\/\/api.w.org\/{rel}","templated":true}]}}