{"id":24457,"date":"2022-02-11T09:40:53","date_gmt":"2022-02-11T08:40:53","guid":{"rendered":"https:\/\/internacional.umh.es\/?page_id=24457"},"modified":"2025-07-29T14:18:42","modified_gmt":"2025-07-29T12:18:42","slug":"sicue-convocatoria-2021-2022","status":"publish","type":"page","link":"https:\/\/internacional.umh.es\/ca\/sicue-convocatoria-2021-2022\/","title":{"rendered":"SICUE Convocat\u00f2ria 2021-2022"},"content":{"rendered":"<p><\/p>\n<p style=\"text-align: justify\"><strong>(12\/11\/2021):<\/strong> El Vicerectorat de Relacions Internacionals publica l&#8217;Adjudicaci\u00f3 Definitiva d&#8217;Ajudes UMH a la mobilitat SICUE 21\/22.<\/p>\n<ul>\n<li><strong><a title=\"Ho veur\u00e0s en una nova finestra\" href=\"https:\/\/boumh.umh.es\/files\/2021\/11\/RR_04764_2021.pdf\" target=\"_blank\" rel=\"noopener noreferrer\" data-saferedirecturl=\"https:\/\/www.google.com\/url?q=https:\/\/boumh.umh.es\/files\/2021\/11\/RR_04764_2021.pdf&amp;source=gmail&amp;ust=1637055726986000&amp;usg=AOvVaw2cX2686PIZj_jgePqCIVnz\">Pots descarregar el document de resoluci\u00f3 d&#8217;Adjudicaci\u00f3 definitiva d&#8217;ajudes UMH, SICUE 21\/22 (343Kb .pdf)<\/a><\/strong><\/li>\n<\/ul>\n<p style=\"text-align: justify\">At\u00e9s que s&#8217;han <b>produ\u00eft ren\u00fancies i reduccions dels per\u00edodes d&#8217;estada \u00e9s possible que algun de vosaltres vegeu modificat favorablement els totals finalment adjudicats o passeu directament a ser beneficiaris de l&#8217;ajuda.<\/b><\/p>\n<p><b>Revisa els llistats<\/b> per a veure si la teua situaci\u00f3 ha canviat.<\/p>\n<ul>\n<li><a title=\"Ho veur\u00e0s en una nova finestra\" href=\"https:\/\/internacional.umh.es\/files\/2021\/11\/CONVENIO-FINANCIERO.docx\" target=\"_blank\" rel=\"noopener\">Si eres beneficiari\/a d&#8217;ajuda ja pots emplenar i signar el Conveni financer (48Kb .docx)<\/a><\/li>\n<\/ul>\n<p>Coses que has de tindre en compte a l&#8217;hora d&#8217;emplenar-ho:<\/p>\n<ul>\n<li> El <strong>n\u00fam. de conveni, ho heu de deixar en blanc<\/strong>, ho emplenem nosaltres.<\/li>\n<li> En l&#8217;apartat del<strong> Beneficiari<\/strong> heu de posar les vostres <strong>dades personals.<\/strong><\/li>\n<li> En l&#8217;apartat 2, quantia de l&#8217;ajuda. Heu de mirar en la resoluci\u00f3. Us adjuntem un link a la p\u00e0gina: <a title=\"Ho veur\u00e0s en una nova finestra\" href=\"https:\/\/internacional.umh.es\/ca\/movilidad\/estudiantes\/sicue\/\" target=\"_blank\" rel=\"noopener noreferrer\" data-saferedirecturl=\"https:\/\/www.google.com\/url?q=https:\/\/internacional.umh.es\/movilidad\/estudiantes\/sicue\/&amp;source=gmail&amp;ust=1637055726986000&amp;usg=AOvVaw2yumlBLaZeDchrIT7d1275\">internacional.umh.es\/movilidad\/estudiantes\/sicue\/<\/a><\/li>\n<li> En l&#8217;apartat 3, heu d&#8217;indicar les vostres dades banc\u00e0ries. <b>Heu de ser vosaltres els titulars del compte bancari.<\/b><\/li>\n<li> Els documents han de ser <u>signats electr\u00f2nicament<\/u> amb certificat digital.<\/li>\n<\/ul>\n<p style=\"text-align: justify\"><strong><u>En cas que com a estudiant no disposes d&#8217;aquesta, pots obtindre-la<\/u><\/strong> <u>en els CEGECA (Centres de Gesti\u00f3 de Campus) corresponents, i en l&#8217;Oficina de Registre General de la UMH,<\/u> i entre altres organismes p\u00fablics, a trav\u00e9s d&#8217;ajuntaments (o punts d&#8217;atenci\u00f3 a la ciutadania de la teua localitat), a la F\u00e0brica Nacional de Moneda i Timbre <a title=\"Ho veur\u00e0s en una nova finestra\" href=\"https:\/\/www.cert.fnmt.es\/certificados\" target=\"_blank\" rel=\"noopener noreferrer\" data-saferedirecturl=\"https:\/\/www.google.com\/url?q=https:\/\/www.cert.fnmt.es\/certificados&amp;source=gmail&amp;ust=1637055726986000&amp;usg=AOvVaw2tit3n2XfyoBYrB59gS41y\"><b>(cert.fnmt.es\/certificados).<\/b><\/a><br \/>\nUna vegada signat amb certificat digital, has de <b>remetre-ho per email al nostre Servei de Relacions Internacionals al seg\u00fcent email: <a title=\"Ho veur\u00e0s en una nova finestra\" href=\"mailto:movilidad@umh.es\" target=\"_blank\" rel=\"noopener noreferrer\">movilidad@umh.es<\/a><\/b><\/p>\n<p style=\"text-align: justify\"><strong><u>Com a novetat, deveu igualment emplenar, signar i enviar (al costat del Conveni Financer) l&#8217;AUTORITZACI\u00d3 PER A la CONSULTA TELEM\u00c0TICA DE DADES I DECLARACI\u00d3 RESPONSABLE DE NO ESTAR INCURS\/A EN CIRCUMST\u00c0NCIES QUE IMPEDEIXEN OBTINDRE LA CONDICI\u00d3 DE BENEFICIARI\/A<\/u><\/strong><\/p>\n<p style=\"text-align: justify\">Pots descarregar aquesta autoritzaci\u00f3 en el <strong>seg\u00fcent enlla\u00e7<\/strong>:<\/p>\n<ul>\n<li><strong><a title=\"Ho veur\u00e0s en una nova finestra\" href=\"https:\/\/internacional.umh.es\/files\/2021\/11\/autorizaci%C3%93N-PER A-LA-CONSULTA-TELEM%C3%81TICA-DE-DADES-I-DECLARACI%C3%93N-RESPONSABLE-DE-NO-ESTAR-INCURS.docx\" target=\"_blank\" rel=\"noopener\">AUTORITZACI\u00d3 PER A LA CONSULTA TELEM\u00c0TICA DE DADES I DECLARACI\u00d3 RESPONSABLE DE NO ESTAR INCURS (237Kb .docx)<\/a><\/strong><\/li>\n<\/ul>\n<hr>\n<p style=\"text-align: justify\"><strong>(18\/10\/2021):<\/strong> El Vicerectorat de Relacions Internacionals de la Universitat Miguel Hern\u00e1ndez (UMH) d&#8217;Elx publica <strong>el llistat provisional d&#8217;ajudes assignades<\/strong> per a estudiants participants en el programa de mobilitat nacional SICUE 2021\/2022.<\/p>\n<p style=\"text-align: justify\">El termini de presentaci\u00f3 d&#8217;al\u00b7legacions ser\u00e0 de 10 dies h\u00e0bils a comptar <strong>a partir del 19 d&#8217;octubre de 2021.<\/strong><\/p>\n<p style=\"text-align: justify\">Pots descarregar el document a trav\u00e9s del <strong>seg\u00fcent enlla\u00e7:<\/strong><\/p>\n<ul>\n<li><a title=\"Ho veur\u00e0s en una nova finestra\" href=\"https:\/\/internacional.umh.es\/files\/2021\/10\/bil-adjudicacin-provisional-de-ayudas_21_22-copia-autentica.pdf\" target=\"_blank\" rel=\"noopener noreferrer\">Llistat provisional d&#8217;ajudes assignades SICUE 2021\/2022 (270Kb .pdf)<\/a><\/li>\n<\/ul>\n<hr>\n<p style=\"text-align: justify\"><strong>(18\/10\/2021):<\/strong> El Vicerectorat de Relacions Internacionals de la Universitat Miguel Hern\u00e1ndez (UMH) d&#8217;Elx publica <strong>el llistat definitiu de sol\u00b7licituds admeses<\/strong> per a estudiants participants en el programa de mobilitat nacional SICUE 2021\/2022.<\/p>\n<p style=\"text-align: justify\">Pots descarregar el document a trav\u00e9s del <strong>seg\u00fcent enlla\u00e7:<\/strong><\/p>\n<ul>\n<li><a title=\"Ho veur\u00e0s en una nova finestra\" href=\"https:\/\/internacional.umh.es\/files\/2021\/10\/bil-Admision-definitiva_21_22-copia-autentica.pdf\" target=\"_blank\" rel=\"noopener noreferrer\">Llistat definitiu de sol\u00b7licituds admeses SICUE 2021\/2022 (270Kb .pdf)<\/a><\/li>\n<\/ul>\n<hr>\n<p><strong>(08\/09\/2021): <\/strong>El Vicerectorat de Relacions Internacionals de la Universitat Miguel Hern\u00e1ndez (UMH) d&#8217;Elx publica la <strong>convocat\u00f2ria d&#8217;ajudes UMH<\/strong> per a estudiants participants en el programa de mobilitat nacional SICUE 2021\/2022.<\/p>\n<p>El termini de presentaci\u00f3 de sol\u00b7licituds ser\u00e0 de 10 dies h\u00e0bils a comptar <strong>a partir del 16 de setembre de 2021<\/strong>.<\/p>\n<p>Pots descarregar el document a trav\u00e9s del <strong>seg\u00fcent enlla\u00e7:<\/strong><\/p>\n<ul>\n<li><a title=\"Ho veur\u00e0s en una nova finestra\" href=\"https:\/\/internacional.umh.es\/files\/2021\/09\/RR_03910_2021.pdf\" target=\"_blank\" rel=\"noopener noreferrer\">Convocat\u00f2ria ajudes UMH per a SICUE 2021\/2022 (421Kb .pdf)<\/a><\/li>\n<li><a title=\"Ho veur\u00e0s en una nova finestra\" href=\"https:\/\/internacional.umh.es\/files\/2021\/09\/2021_9142.pdf\" target=\"_blank\" rel=\"noopener noreferrer\">Extracte de la publicaci\u00f3 en el DOGV (205Kb .pdf)<\/a><\/li>\n<\/ul>\n<hr>\n<p style=\"text-align: justify\"><strong>(10\/05\/2021): <\/strong>Dijous que ve<strong> 13 de maig a les 13 hores <\/strong>i per a tots aquells estudiants que han obtingut una pla\u00e7a <strong>SICUE 21\/22<\/strong> es realitzar\u00e0 una <strong>SESSI\u00d3 INFORMATIVA EN L\u00cdNIA<\/strong> on es tractaran q\u00fcestions sobre tota la documentaci\u00f3 SICUE (<strong>Acords Acad\u00e8mics<\/strong> inclosos) i se us donaran indicacions sobre els tr\u00e0mits que heu de realitzar a partir d&#8217;ara.<\/p>\n<p style=\"text-align: justify\">Els assistents hauran d&#8217;entrar a l&#8217;adre\u00e7a de Meet (que s&#8217;ha fet arribar als interessats) amb el seu correu electr\u00f2nic UMH.<\/p>\n<p style=\"text-align: justify\">Les persones que <strong>no van poder assistir a la sessi\u00f3 informativa<\/strong>, poden veure-la a continuaci\u00f3:<\/p>\n<ul>\n<li><strong><a title=\"Ho veur\u00e0s en una nova finestra\" href=\"https:\/\/drive.google.com\/file\/d\/14YJBodacqTpa2XCW90mzMUYEVSYRBsZB\/view?usp=sharing\" target=\"_blank\" rel=\"noopener noreferrer\">Veure v\u00eddeo sessi\u00f3 informativa SICUE (Castell\u00e0 120 min. sol usuaris UMH)<\/a><\/strong><\/li>\n<\/ul>\n<hr>\n<p style=\"text-align: justify\"><b>(30\/04\/2021):<\/b> El Vicerectorat de Relacions Internacionals de la Universitat Miguel Hern\u00e1ndez (UMH) d&#8217;Elx publica el <a title=\"Ho veur\u00e0s en una nova finestra\" href=\"https:\/\/boumh.umh.es\/files\/2021\/04\/RR_02922_2021.pdf\" target=\"_blank\" rel=\"noopener\"><b>llistat definitiu de places adjudicades per al programa SICUE per al curs 2021\/2022. (153Kb .pdf)<\/b><\/a><b><\/b><\/p>\n<p style=\"text-align: justify\">En breu es convocar\u00e0 als estudiants amb pla\u00e7a definitiva assignada a<strong> sessions informatives espec\u00edfiques sobre la mobilitat SICUE 21\/22<\/strong> i la preparaci\u00f3 dels Acords Acad\u00e8mics.<\/p>\n<hr>\n<p><b>(19\/04\/2021): <\/b>En relaci\u00f3 a la convocat\u00f2ria del <strong>Programa SICUE 2021\/2022,<\/strong> i una vegada finalitzat el termini de presentaci\u00f3 d&#8217;acceptacions i ren\u00fancies, es procedir\u00e0 a realitzar <strong><u>el moviment de llista i subhasta de places vacants<\/u><\/strong> per a tots aquells que estiguen interessats a assistir.<\/p>\n<ul>\n<li><a title=\"Ho veur\u00e0s en una nova finestra\" href=\"https:\/\/internacional.umh.es\/files\/2021\/04\/VACANTES_Listado-de-plazas-21_22.pdf\" target=\"_blank\" rel=\"noopener noreferrer\">Consulta el llistat de places vacants (1,13Mb Castell\u00e0 .pdf)<\/a><\/li>\n<\/ul>\n<p>At\u00e9s que tot el proc\u00e9s es realitzar\u00e0 de manera telem\u00e0tica, tots els assistents hauran d&#8217;entrar a la direcci\u00f3 de Meet, indicada m\u00e9s a baix, ateses les seg\u00fcents instruccions:<\/p>\n<p>\u2013 Entrar amb l&#8217;adre\u00e7a de correu electr\u00f2nic de la UMH<br \/>\n\u2013 Tindre les c\u00e0meres obertes i els micr\u00f2fons tancats.<br \/>\n\u2013 Tindre el DNI amb si durant tot el proc\u00e9s<\/p>\n<table width=\"100%\">\n<tbody>\n<tr>\n<td><strong>CAMPUS<\/strong><\/td>\n<td><strong>DATA<\/strong><\/td>\n<td><strong>LLOC I HORA<\/strong><\/td>\n<\/tr>\n<tr>\n<td>Oriola (Desamparados) \/<br \/>\nAltea<\/td>\n<td>21 d&#8217;abril de 2021<\/td>\n<td>En l\u00ednia:<br \/>\n<a title=\"Ho veur\u00e0s en una nova finestra\" href=\"http:\/\/meet.google.com\/eca-mewv-gek\" target=\"_blank\" rel=\"noopener noreferrer\" data-saferedirecturl=\"https:\/\/www.google.com\/url?q=http:\/\/meet.google.com\/eca-mewv-gek&amp;source=gmail&amp;ust=1618913147476000&amp;usg=AFQjCNGS1mbU6ZsEucxkJSIOfcM96dzOyw\">meet.google.com\/eca-mewv-gek<\/a><br \/>\n16.00 hores<\/td>\n<\/tr>\n<tr>\n<td>Elx \/<br \/>\nOriola (Salesas)<\/td>\n<td>21 d&#8217;abril de 2021<\/td>\n<td>En l\u00ednia:<br \/>\n<a title=\"Ho veur\u00e0s en una nova finestra\" href=\"http:\/\/meet.google.com\/eca-mewv-gek\" target=\"_blank\" rel=\"noopener noreferrer\" data-saferedirecturl=\"https:\/\/www.google.com\/url?q=http:\/\/meet.google.com\/eca-mewv-gek&amp;source=gmail&amp;ust=1618913147476000&amp;usg=AFQjCNGS1mbU6ZsEucxkJSIOfcM96dzOyw\">meet.google.com\/eca-mewv-gek<\/a><br \/>\n16.30 hores<\/td>\n<\/tr>\n<tr>\n<td>Sant Joan<\/td>\n<td>21 d&#8217;abril de 2021<\/td>\n<td>En l\u00ednia:<br \/>\n<a title=\"Ho veur\u00e0s en una nova finestra\" href=\"http:\/\/meet.google.com\/eca-mewv-gek\" target=\"_blank\" rel=\"noopener noreferrer\" data-saferedirecturl=\"https:\/\/www.google.com\/url?q=http:\/\/meet.google.com\/eca-mewv-gek&amp;source=gmail&amp;ust=1618913147476000&amp;usg=AFQjCNGS1mbU6ZsEucxkJSIOfcM96dzOyw\">meet.google.com\/eca-mewv-gek<\/a><br \/>\n17.15 hores<\/td>\n<\/tr>\n<\/tbody>\n<\/table>\n<p><\/p>\n<hr>\n<p><strong>(31\/03\/2021):<\/strong> El Vicerectorat de Relacions Internacionals procedeix a la <a title=\"Ho veur\u00e0s en una nova finestra\" href=\"https:\/\/internacional.umh.es\/files\/2021\/04\/Publicado-en-BOUMH.-bil-publicacin-correccin-de-errores-asignacin-provisional-de-plazas_sicue_21_22_firmado.pdf\" target=\"_blank\" rel=\"noopener noreferrer\">publicaci\u00f3 de la CORRECCI\u00d3 D&#8217;ERRORS detectats en el llistat provisional de places assignades (Annex II, 529Kb .pdf)<\/a> publicat el passat 26 de mar\u00e7 de 2021 amb n\u00famero de registre 2021.<\/p>\n<hr>\n<p><b>(26\/03\/2021):<\/b> Amb data 26\/03\/2021 s&#8217;ha publicat en el BOUMH:<\/p>\n<ul>\n<li><a title=\"Ho veur\u00e0s en una nova finestra\" href=\"https:\/\/internacional.umh.es\/files\/2021\/03\/Anexo-II.pdf\" target=\"_blank\" rel=\"noopener noreferrer\">El llistat provisional de places assignades (Annex II, 529Kb .pdf)<\/a><\/li>\n<\/ul>\n<p style=\"text-align: justify\">Es concedeix als interessats un termini de 10 dies h\u00e0bils a comptar a partir de l&#8217;endem\u00e0 a la publicaci\u00f3 de la present per a la presentaci\u00f3 de possibles AL\u00b7LEGACIONS. Les possibles al\u00b7legacions es realitzaran mitjan\u00e7ant inst\u00e0ncia Exposa-Sol\u00b7licita dirigida al Servei de Relacions Internacionals i es podran presentar en el Registre General de la UMH (edifici Rectorat), en els Registres Auxiliars (situats en els CEGECA), a trav\u00e9s de la Seu Electr\u00f2nica o per qualsevol altre procediment contemplat en 38 de la Llei 30\/1992, de 26 de novembre, de R\u00e8gim Jur\u00eddic de les Administracions P\u00fabliques i del Procediment Administratiu Com\u00fa, en virtut del que es disposa en la disposici\u00f3 final setena, disposici\u00f3 derogat\u00f2ria \u00fanica, apartat 2, \u00faltim par\u00e0graf, de la Llei 39\/2015, d&#8217;1 d&#8217;octubre, del Procediment Administratiu Com\u00fa de les Administracions P\u00fabliques.<\/p>\n<p style=\"text-align: justify\">Aquells alumnes que hagen resultat <strong>provisionalment beneficiaris d&#8217;una pla\u00e7a SICUE, hauran de presentar en el termini i pels mitjans indicats (PREFERENTMENT COM A DOCUMENT ADJUNT A INST\u00c0NCIA GENERAL PER SEU ELECTR\u00d2NICA) en l&#8217;apartat anterior el seu <a title=\"Ho veur\u00e0s en una nova finestra\" href=\"https:\/\/internacional.umh.es\/files\/2021\/03\/Anexo-III.pdf\" target=\"_blank\" rel=\"noopener noreferrer\">(ACCEPTACI\u00d3\/REN\u00daNCIA a la mateixa (Annex III, 1,13Mb .pdf)<\/a><\/strong><\/p>\n<h3><strong>En cas de no rebre l&#8217;acceptaci\u00f3 o ren\u00fancia en el termini establit, s&#8217;entendr\u00e0 que l&#8217;estudiant renuncia a la seua pla\u00e7a.<\/strong><\/h3>\n<hr>\n<p><b>(18\/03\/2021):<\/b> Publicaci\u00f3 en BOUMH del <a title=\"Ho veur\u00e0s en una nova finestra\" href=\"https:\/\/boumh.umh.es\/files\/2021\/03\/bil-Admitidos-y-excluidos_21_22_Listado-provisional-de-solicitudes-admitidas-y-excluidas.pdf\" target=\"_blank\" rel=\"noopener noreferrer\" data-saferedirecturl=\"https:\/\/www.google.com\/url?q=https:\/\/boumh.umh.es\/files\/2021\/03\/bil-Admitidos-y-excluidos_21_22_Listado-provisional-de-solicitudes-admitidas-y-excluidas.pdf&amp;source=gmail&amp;ust=1616161114174000&amp;usg=AFQjCNGsUen7y93c0xsP2-A0zEk5l7gxDA\">Llistat de sol\u00b7licituds admeses i excloses convocat\u00f2ria del programa SICUE per al curs acad\u00e8mic 2021\/2022 (1,38Mb .pdf)<\/a><\/p>\n<hr>\n<p><b>(15\/03\/2021):<\/b> Ens acaben de comunicar <strong><u>RESTRICCIONS\/SUSPENSIONS<\/u><\/strong> a la mobilitat a causa de la situaci\u00f3 sanit\u00e0ria:<\/p>\n<ul>\n<li><strong>UNIVERSITAT DE CADIS<\/strong>: la seua <strong>Facultat de Medicina<\/strong> ens comunica que ha decidit <strong>suspendre el Programa de Mobilitat SICUE<\/strong> per al Curs 2021-2022<\/li>\n<p><\/p>\n<li><strong>UNIVERSITAT COMPLUTENSE DE MADRID<\/strong>: Els Facultats de Medicina i de Treball Social de la Universitat Complutense de Madrid han <strong>cancell\u00b7lat la realitzaci\u00f3 de pr\u00e0ctiques per a alumnes provinents de programes mobilitat<\/strong> durant el curs 2021\/2022.<\/li>\n<p><\/p>\n<li><strong>UNIVERSITAT DE GRANADA<\/strong>: la seua Facultat de Medicina comunica que en el curs 2021-2022 <strong>no poden admetre estudiants de 6\u00e9 curs de mobilitat nacional entrant per a fer el rotatori als hospitals de Granada<\/strong>. Si podran fer-ho als hospitals de Ja\u00e9n i Almeria (que depenen de la Facultat granadina).<\/li>\n<p><\/p>\n<li><strong>UNIVERSITAT DE LA LAGUNA<\/strong>: la Facultat de Ci\u00e8ncies de la Salut i l&#8217;Escola d&#8217;Infermeria La nostra Senyora de la Candelaria de la ULL han decidit <strong>suspendre la mobilitat SICUE (entrant-sortint) per al pr\u00f2xim curs acad\u00e8mic 2021-2022, afectant els Graus en Medicina i Fisioter\u00e0pia<\/strong>.<\/li>\n<p><\/p>\n<li><strong>UNIVERSITAT DE NAVARRA<\/strong>: La Facultat de Medicina de la Universitat de Navarra ha <strong>decidit cancell\u00b7lar durant el curs 2021-2022 els programes SICUE<\/strong> tant per a alumnes d&#8217;altres universitats com per als seus.<\/li>\n<p><\/p>\n<li><strong>UNIVERSITAT D&#8217;EXTREMADURA<\/strong>: <strong>No acollir\u00e0 alumnes per als rotatoris cl\u00ednics, en principi durant el primer semestre<\/strong> curs 2021-22, dels titulacions dels Graus en Medicina i Grau en Fisioter\u00e0pia de la seua Facultat de Medicina (Badajoz).<\/li>\n<p><\/p>\n<li><strong>UNIVERSITAT REI JOAN CARLES:<\/strong><br \/>\n<strong>\u2013 Grau de Fisioter\u00e0pia<\/strong>, es susp\u00e9n la mobilitat quan incloga el Pr\u00e0cticum I i II per al curs 2021\/2022<br \/>\n\u2013 Al <strong>Grau de Ter\u00e0pia Ocupacional<\/strong>, es susp\u00e9n la mobilitat quan incloga el Pr\u00e0cticum I i II per al curs 2021\/2022<br \/>\n<strong>\u2013 Suspeses els activitats d&#8217;Intercanvi SICUE per al Grau en Medicina, per al curs pr\u00f2xim 2021\/2022<\/strong><\/li>\n<\/ul>\n<p style=\"text-align: justify\">Davant aquesta situaci\u00f3 us oferim, <strong>als estudiant que hagu\u00e9reu sol\u00b7licitat algun d&#8217;aqueixos destins,<\/strong> la <strong><u>possibilitat de canviar el dest\u00ed o destins en la vostra sol\u00b7licitud (que pogueren veure&#8217;s afectats per aqueixes restriccions o cancell\u00b7lacions segons el cas) <\/u><\/strong>per un altre o altres destins en els quals pogu\u00e9reu estar interessats.<\/p>\n<p style=\"text-align: justify\">S&#8217;atendran peticions per a aqueixa nova selecci\u00f3 prioritzada <strong>fins dimecres que veu 17 de mar\u00e7 2021<\/strong> (inclusivament).<\/p>\n<p style=\"text-align: justify\"><strong>Us recordem el link al text de la convocat\u00f2ria en el qual podeu consultar l&#8217;Annex de plaus oferides:<\/strong><\/p>\n<ul>\n<li><a title=\"Ho veur\u00e0s en una nova finestra\" href=\"https:\/\/internacional.umh.es\/files\/2021\/02\/RR_00227_2021.pdf\" target=\"_blank\" rel=\"noopener noreferrer\"><strong>Desc\u00e0rrega la Resoluci\u00f3 Rectoral publicada en el BOUMH (943Kb .pdf)<\/strong><\/a><\/li>\n<\/ul>\n<hr>\n<p style=\"text-align: justify\"><strong>(09\/02\/2021):<\/strong> El Vicerectorat de Relacions Internacionals de la Universitat Miguel Hern\u00e1ndez (UMH) d&#8217;Elx ha publicat la<b> convocat\u00f2ria del programa de mobilitat nacional SICUE (places) per al curs acad\u00e8mic 2021\/2022.<\/b> El programa SICUE permet a l&#8217;estudiantat de les universitats espanyoles poder realitzar una part dels seus estudis en una altra universitat diferent a la seua, amb garanties de reconeixement acad\u00e8mic i d&#8217;aprofitament, aix\u00ed com d&#8217;adequaci\u00f3 al seu perfil curricular.<\/p>\n<ul>\n<li><a title=\"Ho veur\u00e0s en una nova finestra\" href=\"https:\/\/internacional.umh.es\/files\/2021\/02\/RR_00227_2021.pdf\" target=\"_blank\" rel=\"noopener noreferrer\"><b>Pots consultar les bases de la convocat\u00f2ria, els criteris de concessi\u00f3 i procediment de sol\u00b7licitud (942Kb .pdf)<\/b><\/a><\/li>\n<\/ul>\n<p>Pots consultar el<b> cat\u00e0leg de places en l&#8217;Annex II del text de la convocat\u00f2ria<\/b><\/p>\n<p>La sol\u00b7licitud es realitzar\u00e0 <b>EN L\u00cdNIA<\/b>, a trav\u00e9s de l&#8217;acc\u00e9s personalitzat dels estudiants.<\/p>\n<p>El <b>termini de presentaci\u00f3 de sol\u00b7licituds ser\u00e0 des del 12 de febrer fins al 4 de mar\u00e7, tots dos inclusivament.<\/b><\/p>\n<p>La documentaci\u00f3 a aportar ser\u00e0 la seg\u00fcent:<\/p>\n<ol>\n<li>Sol\u00b7licitud signada (una vegada realitzada la inscripci\u00f3 EN L\u00cdNIA, l&#8217;estudiant ha de descarregar el PDF, imprimir-lo i signar-lo).<\/li>\n<li>Fotoc\u00f2pia del DNI.<\/li>\n<li>Extracte sense validesa acad\u00e8mica de l&#8217;expedient (disponible en l&#8217;acc\u00e9s personalitzat de l&#8217;estudiant), que incloga les qualificacions obtingudes a 15 d&#8217;octubre de 2020.<\/li>\n<\/ol>\n<p>Tota la documentaci\u00f3 que haja d&#8217;aportar-se es presentar\u00e0 a trav\u00e9s de la <a title=\"Ho veur\u00e0s en una nova finestra\" href=\"https:\/\/sede.umh.es\/ca\/procedimientos\/instancia-general\/\" target=\"_blank\" rel=\"noopener noreferrer\"><b>SEU ELECTR\u00d2NICA<\/b><\/a> del <b>Registre General de la UMH o <\/b>dels <b>Registres<\/b> <b>Auxiliars dels CEGECAS.<\/b><\/p>\n<p><strong><u>AV\u00cdS IMPORTANT<\/u><\/strong><br \/>\nA l&#8217;hora de realitzar la sol\u00b7licitud en l\u00ednia des dels accessos personalitzats utilitze preferentment <strong>el navegador Internet Explorer.<\/strong><\/p>\n<p>Qualsevol altre navegador \u00e9s susceptible de crear problemes i fer impossible la desc\u00e0rrega del PDF amb la sol\u00b7licitud acabada que els estudiants han de remetre al Servei de RRII per Seu electr\u00f2nica al costat del seu extracte d&#8217;expedient i el seu DNI.<\/p>\n<hr>\n<h4><u>Llistat d&#8217;acords bilaterals de la UMH<\/u><\/h4>\n<p style=\"text-align: justify\">A continuaci\u00f3 pots consultar el <a title=\"Ho veur\u00e0s en una nova finestra\" href=\"https:\/\/internacional.umh.es\/files\/2021\/02\/UMH_Impreso_E_Tabla_de_Acuerdos_Bilaterales_UMH_2021.pdf\" target=\"_blank\" rel=\"noopener noreferrer\">llistat d&#8217;acords bilaterals de la UMH per al curs 2021-2022 (208Kb .pdf)<\/a><\/p>\n<hr>\n<h4><u>Sessions informatives SICUE 2021\/2022<\/u><\/h4>\n<p style=\"text-align: justify\">El <strong>dijous, 5 de novembre de 2020, <\/strong>el Servei de Relacions Internacionals, Cooperaci\u00f3 al Desenvolupament i Voluntariat ha desenvolupat les sessions informatives en l\u00ednia sobre els programes de mobilitat ERASMUS, SICUE i DEST\u00cd per al curs 2021\/2022.<\/p>\n<p style=\"text-align: justify\">A continuaci\u00f3 pots consultar la presentaci\u00f3 utilitzada durant les sessions informatives:<\/p>\n<ul>\n<li><strong><a title=\"Ho veur\u00e0s en una nova finestra\" href=\"https:\/\/internacional.umh.es\/files\/2021\/02\/Programas-de-movilidad-curso-21-22.pptx\" target=\"_blank\" rel=\"noopener noreferrer\">Presentaci\u00f3 sobre programes de mobilitat curs 2021-2022 (870Kb Castell\u00e0 .pptx)<\/a><\/strong><\/li>\n<\/ul>\n<p style=\"text-align: justify\">D&#8217;ac\u00ed a poc compartirem un document de preguntes i respostes per a aclarir tots els dubtes plantejats en les sessions.<\/p>\n<p>&nbsp;<\/p>","protected":false},"excerpt":{"rendered":"<p>(12\/11\/2021): El Vicerectorat de Relacions Internacionals publica l&#8217;Adjudicaci\u00f3 Definitiva d&#8217;Ajudes UMH a la mobilitat SICUE 21\/22.<\/p>\n<p>Pots descarregar el document de resoluci\u00f3 d&#8217;Adjudicaci\u00f3 definitiva d&#8217;ajudes UMH, SICUE 21\/22 (343Kb .pdf)<\/p>\n<p>At\u00e9s que s&#8217;han produ\u00eft ren\u00fancies i reduccions dels per\u00edodes d&#8217;estada \u00e9s possible que algun de vosaltres vegeu modificat favorablement els totals finalment adjudicats o passeu directament a [&#8230;]<\/p>\n","protected":false},"author":3107,"featured_media":0,"parent":0,"menu_order":0,"comment_status":"closed","ping_status":"closed","template":"","meta":{"ngg_post_thumbnail":0,"_links_to":"","_links_to_target":""},"yoast_head":"<!-- This site is optimized with the Yoast SEO plugin v17.5 - https:\/\/yoast.com\/wordpress\/plugins\/seo\/ -->\n<meta name=\"description\" content=\"El Vicerrectorado de RR.II. UMH publica el listado definitivo de becas para financiar estancias de movilidad nacional SICUE 2021\/2022\" \/>\n<meta name=\"robots\" content=\"index, follow, max-snippet:-1, max-image-preview:large, max-video-preview:-1\" \/>\n<link rel=\"canonical\" href=\"https:\/\/internacional.umh.es\/ca\/sicue-convocatoria-2021-2022\/\" \/>\n<meta property=\"og:locale\" content=\"ca_ES\" \/>\n<meta property=\"og:type\" content=\"article\" \/>\n<meta property=\"og:title\" content=\"SICUE Convocat\u00f2ria 2021-2022 - Internacionalitzaci\u00f3 i Cooperaci\u00f3\" \/>\n<meta property=\"og:description\" content=\"El Vicerrectorado de RR.II. UMH publica el listado definitivo de becas para financiar estancias de movilidad nacional SICUE 2021\/2022\" \/>\n<meta property=\"og:url\" content=\"https:\/\/internacional.umh.es\/en\/sicue-convocatoria-2021-2022\/\" \/>\n<meta property=\"og:site_name\" content=\"Internacionalitzaci\u00f3 i Cooperaci\u00f3\" \/>\n<meta property=\"article:modified_time\" content=\"2025-07-29T12:18:42+00:00\" \/>\n<meta name=\"twitter:card\" content=\"summary_large_image\" \/>\n<meta name=\"twitter:label1\" content=\"Est. reading time\" \/>\n\t<meta name=\"twitter:data1\" content=\"2 minuts\" \/>\n<script type=\"application\/ld+json\" class=\"yoast-schema-graph\">{\"@context\":\"https:\/\/schema.org\",\"@graph\":[{\"@type\":\"WebSite\",\"@id\":\"https:\/\/internacional.umh.es\/en\/#website\",\"url\":\"https:\/\/internacional.umh.es\/en\/\",\"name\":\"Internacionalitzaci\\u00f3 i Cooperaci\\u00f3\",\"description\":\"Universitat Miguel Hern\\u00e1ndez d&#039;Elx\",\"potentialAction\":[{\"@type\":\"SearchAction\",\"target\":{\"@type\":\"EntryPoint\",\"urlTemplate\":\"https:\/\/internacional.umh.es\/en\/?s={search_term_string}\"},\"query-input\":\"required name=search_term_string\"}],\"inLanguage\":\"ca\"},{\"@type\":\"WebPage\",\"@id\":\"https:\/\/internacional.umh.es\/en\/sicue-convocatoria-2021-2022\/#webpage\",\"url\":\"https:\/\/internacional.umh.es\/en\/sicue-convocatoria-2021-2022\/\",\"name\":\"SICUE Convocat\\u00f2ria 2021-2022 - Internacionalitzaci\\u00f3 i Cooperaci\\u00f3\",\"isPartOf\":{\"@id\":\"https:\/\/internacional.umh.es\/en\/#website\"},\"datePublished\":\"2022-02-11T08:40:53+00:00\",\"dateModified\":\"2025-07-29T12:18:42+00:00\",\"description\":\"El Vicerrectorado de RR.II. UMH publica el listado definitivo de becas para financiar estancias de movilidad nacional SICUE 2021\/2022\",\"breadcrumb\":{\"@id\":\"https:\/\/internacional.umh.es\/en\/sicue-convocatoria-2021-2022\/#breadcrumb\"},\"inLanguage\":\"ca\",\"potentialAction\":[{\"@type\":\"ReadAction\",\"target\":[\"https:\/\/internacional.umh.es\/en\/sicue-convocatoria-2021-2022\/\"]}]},{\"@type\":\"BreadcrumbList\",\"@id\":\"https:\/\/internacional.umh.es\/en\/sicue-convocatoria-2021-2022\/#breadcrumb\",\"itemListElement\":[{\"@type\":\"ListItem\",\"position\":1,\"name\":\"Home\",\"item\":\"https:\/\/internacional.umh.es\/en\/\"},{\"@type\":\"ListItem\",\"position\":2,\"name\":\"2021\/2022 SICUE Call\"}]}]}<\/script>\n<!-- \/ Yoast SEO plugin. -->","yoast_head_json":{"description":"El Vicerrectorado de RR.II. UMH publica el listado definitivo de becas para financiar estancias de movilidad nacional SICUE 2021\/2022","robots":{"index":"index","follow":"follow","max-snippet":"max-snippet:-1","max-image-preview":"max-image-preview:large","max-video-preview":"max-video-preview:-1"},"canonical":"https:\/\/internacional.umh.es\/ca\/sicue-convocatoria-2021-2022\/","og_locale":"ca_ES","og_type":"article","og_title":"SICUE Convocat\u00f2ria 2021-2022 - Internacionalitzaci\u00f3 i Cooperaci\u00f3","og_description":"El Vicerrectorado de RR.II. UMH publica el listado definitivo de becas para financiar estancias de movilidad nacional SICUE 2021\/2022","og_url":"https:\/\/internacional.umh.es\/en\/sicue-convocatoria-2021-2022\/","og_site_name":"Internacionalitzaci\u00f3 i Cooperaci\u00f3","article_modified_time":"2025-07-29T12:18:42+00:00","twitter_card":"summary_large_image","twitter_misc":{"Est. reading time":"2 minuts"},"schema":{"@context":"https:\/\/schema.org","@graph":[{"@type":"WebSite","@id":"https:\/\/internacional.umh.es\/en\/#website","url":"https:\/\/internacional.umh.es\/en\/","name":"Internacionalitzaci\u00f3 i Cooperaci\u00f3","description":"Universitat Miguel Hern\u00e1ndez d&#039;Elx","potentialAction":[{"@type":"SearchAction","target":{"@type":"EntryPoint","urlTemplate":"https:\/\/internacional.umh.es\/en\/?s={search_term_string}"},"query-input":"required name=search_term_string"}],"inLanguage":"ca"},{"@type":"WebPage","@id":"https:\/\/internacional.umh.es\/en\/sicue-convocatoria-2021-2022\/#webpage","url":"https:\/\/internacional.umh.es\/en\/sicue-convocatoria-2021-2022\/","name":"SICUE Convocat\u00f2ria 2021-2022 - Internacionalitzaci\u00f3 i Cooperaci\u00f3","isPartOf":{"@id":"https:\/\/internacional.umh.es\/en\/#website"},"datePublished":"2022-02-11T08:40:53+00:00","dateModified":"2025-07-29T12:18:42+00:00","description":"El Vicerrectorado de RR.II. UMH publica el listado definitivo de becas para financiar estancias de movilidad nacional SICUE 2021\/2022","breadcrumb":{"@id":"https:\/\/internacional.umh.es\/en\/sicue-convocatoria-2021-2022\/#breadcrumb"},"inLanguage":"ca","potentialAction":[{"@type":"ReadAction","target":["https:\/\/internacional.umh.es\/en\/sicue-convocatoria-2021-2022\/"]}]},{"@type":"BreadcrumbList","@id":"https:\/\/internacional.umh.es\/en\/sicue-convocatoria-2021-2022\/#breadcrumb","itemListElement":[{"@type":"ListItem","position":1,"name":"Home","item":"https:\/\/internacional.umh.es\/en\/"},{"@type":"ListItem","position":2,"name":"2021\/2022 SICUE Call"}]}]}},"_links":{"self":[{"href":"https:\/\/internacional.umh.es\/ca\/wp-json\/wp\/v2\/pages\/24457"}],"collection":[{"href":"https:\/\/internacional.umh.es\/ca\/wp-json\/wp\/v2\/pages"}],"about":[{"href":"https:\/\/internacional.umh.es\/ca\/wp-json\/wp\/v2\/types\/page"}],"author":[{"embeddable":true,"href":"https:\/\/internacional.umh.es\/ca\/wp-json\/wp\/v2\/users\/3107"}],"replies":[{"embeddable":true,"href":"https:\/\/internacional.umh.es\/ca\/wp-json\/wp\/v2\/comments?post=24457"}],"version-history":[{"count":0,"href":"https:\/\/internacional.umh.es\/ca\/wp-json\/wp\/v2\/pages\/24457\/revisions"}],"wp:attachment":[{"href":"https:\/\/internacional.umh.es\/ca\/wp-json\/wp\/v2\/media?parent=24457"}],"curies":[{"name":"wp","href":"https:\/\/api.w.org\/{rel}","templated":true}]}}