{"id":2481,"date":"2015-07-23T09:09:22","date_gmt":"2015-07-23T07:09:22","guid":{"rendered":"http:\/\/internacional.umh.es\/?page_id=2481"},"modified":"2025-04-28T00:49:12","modified_gmt":"2025-04-27T22:49:12","slug":"movilidad","status":"publish","type":"page","link":"https:\/\/internacional.umh.es\/ca\/movilidad\/","title":{"rendered":"MOBILITAT"},"content":{"rendered":"<p><\/p>\n<p style=\"text-align: justify\"><img loading=\"lazy\" class=\"size-medium wp-image-27009 alignleft\" src=\"https:\/\/internacional.umh.es\/files\/2022\/06\/UMH-Campus-Salesas-Orihuela-300x200.jpg\" alt=\"Mobilitat estudiants UMH Campus Salesas Oriola\" title=\"Nombrosos estudiants Erasmus, SICUE o DESTINO acudeixen a la UMH a continuar amb les seues experi\u00e8ncies de mobilitat\" width=\"300\" height=\"200\" srcset=\"https:\/\/internacional.umh.es\/files\/2022\/06\/UMH-Campus-Salesas-Orihuela-300x200.jpg 300w, https:\/\/internacional.umh.es\/files\/2022\/06\/UMH-Campus-Salesas-Orihuela-1024x682.jpg 1024w, https:\/\/internacional.umh.es\/files\/2022\/06\/UMH-Campus-Salesas-Orihuela-768x512.jpg 768w, https:\/\/internacional.umh.es\/files\/2022\/06\/UMH-Campus-Salesas-Orihuela.jpg 1280w\" sizes=\"(max-width: 300px) 100vw, 300px\" \/>La Unitat de Mobilitat, dependent org\u00e0nicament del Vicerectorat de Relacions Internacionals, <strong>t\u00e9 com a principal funci\u00f3 la gesti\u00f3 de programes de mobilitat nacional i internacional destinada als estudiants, PDI i PAS de la UMH<\/strong>, amb la finalitat de realitzar estades per a estudis en universitats nacionals i estrangeres, i estades per a pr\u00e0ctiques, dins dels diferents programes de mobilitat, en institucions estrangeres.<\/p>\n<p style=\"text-align: justify\">Navega per cadascuna de les pestanyes per a m\u00e9s informaci\u00f3:<\/p>\n<ul>\n<li><a href=\"https:\/\/internacional.umh.es\/ca\/movilidad\/estudiantes\" title=\"Accedeix a informaci\u00f3 detallada sobre la mobilitat d'estudiants UMH\"><strong>Mobilitat per a estudiants<\/strong><\/a> (Erasmus Estudios i Pr\u00e0ctiques, Destino, SICUE, Vulcanus, altres beques, cursos d&#8217;estius)<\/li>\n<li><a href=\"https:\/\/internacional.umh.es\/ca\/movilidad\/pdi\" title=\"Accedeix a informaci\u00f3 detallada sobre la mobilitat de professorat investigador UMH\"><strong>Mobilitat per a PDI<\/strong> <\/a>(Erasmus per a estades formatives i docents, Destino, personal visitant, Setmanes Destino, Doc\u00e8ncia en angl\u00e9s)<\/li>\n<li><a href=\"https:\/\/internacional.umh.es\/ca\/movilidad\/pas\" title=\"Accedeix per a informaci\u00f3 detallada sobre la mobilitat del PAS UMH\"><strong>Mobilitat per a PAS<\/strong><\/a> (Erasmus per a estades formatives, personal visitant, Setmanes Internacionals)<\/li>\n<\/ul>\n<p>&nbsp;<\/p>\n<h2><strong>Unitat de mobilitat<\/strong><\/h2>\n<ul>\n<li><a href=\"https:\/\/www.umh.es\/contenido\/pas\/:persona_4239\/datos_val.html\" target=\"_blank\" title=\"Ho veur\u00e0s en una nova finestra\" rel=\"noopener noreferrer\"><strong>M\u00f3nica Candela Sempere<\/strong><\/a> \u2013 Gesti\u00f3 de la mobilitat d&#8217;estudiants, PDI i PAS Erasmus +<\/li>\n<li><a href=\"https:\/\/www.umh.es\/contenido\/Visitantes\/:persona_147953\/datos_val.html\" target=\"_blank\" title=\"Ho veur\u00e0s en una nova finestra\" rel=\"noopener noreferrer\"><strong>Susi Olivares Soto<\/strong><\/a>\u2013 Mobilitat d&#8217;estudiants \u2013 Programes DESTINO outgoing i Erasmus +<\/li>\n<li><a href=\"https:\/\/www.umh.es\/contenido\/Universidad\/:persona_155689\/datos_val.html\" target=\"_blank\" title=\"Ho veur\u00e0s en una nova finestra\" rel=\"noopener noreferrer\"><strong>El\u00edas Poveda Guill\u00f3 <\/strong><\/a>\u2013 Movilidad d&#8217;estudiants \u2013Gesti\u00f3 Programa SICUE \u2013 Dobles titulacions \u2013 Estudiant visitant<\/li>\n<li><a title=\"Ho veur\u00e0s en una nova finestra\" href=\"https:\/\/www.umh.es\/contenido\/Estudios\/:persona_266185\/datos_val.html\" target=\"_blank\" rel=\"noopener noreferrer\"><strong>Ana Sempere M\u00e9ndez <\/strong><\/a>\u2013 Mobilitat d&#8217;estudiants &#8211; Erasmus+ incoming<\/li>\n<li><a href=\"https:\/\/umh.es\/contenido\/Universidad\/:persona_253938\/datos_val.html\" target=\"_blank\" title=\"Ho veur\u00e0s en una nova finestra\" rel=\"noopener noreferrer\"><strong>Nuria Quiles Maci\u00e1 <\/strong><\/a>\u2013 Movilidad d&#8217;estudiants \u2013 Programes DESTINO incoming i Erasmus +<\/li>\n<li><a href=\"https:\/\/umh.es\/contenido\/Universidad\/:persona_156956\/datos_val.html\" target=\"_blank\" title=\"Ho veur\u00e0s en una nova finestra\" rel=\"noopener noreferrer\"><strong>Izabella Elwira Swiecicka Rodr\u00edguez <\/strong><\/a>\u2013 Movilidad d&#8217;estudiants ERASMUS incoming<\/li>\n<li><a href=\"https:\/\/www.umh.es\/contenido\/Universidad\/:persona_129355\/datos_val.html\" target=\"_blank\" title=\"Ho veur\u00e0s en una nova finestra\" rel=\"noopener noreferrer\"><strong>Juanjo Torres Gonz\u00e1lez<\/strong><\/a> \u2013 Movilidad de PDI i PAS Erasmus + outgoing<\/li>\n<li><a href=\"https:\/\/umh.es\/contenido\/Universidad\/:persona_4155\/datos_val.html\" target=\"_blank\" title=\"Ho veur\u00e0s en una nova finestra\" rel=\"noopener noreferrer\"><strong>Ursula Kress Mattis<\/strong><\/a> &#8211; Mobilitat PDI i PAS incoming<\/li>\n<\/ul>\n<p>&nbsp;<\/p>\n<h3><strong>Ubicaci\u00f3<\/strong><\/h3>\n<p>Universitat Miguel Hern\u00e1ndez<br \/>\nEdificio La G\u00e0l\u00b7lia, 1a planta<br \/>\nAvinguda de la Universitat, s\/n \u2013 03202 Elx (Espanya)<br \/>\nTel\u00e8fon: + 34 966 658 710<br \/>\nFax: + 34 966 658 705<br \/>\n<a title=\"Ho veur\u00e0s en una nova finestra\" href=\"mailto:movilidad@umh.es\" target=\"_blank\" rel=\"noopener\">movilidad@umh.es<\/a><\/p>","protected":false},"excerpt":{"rendered":"<p>La Unitat de Mobilitat, dependent org\u00e0nicament del Vicerectorat de Relacions Internacionals, t\u00e9 com a principal funci\u00f3 la gesti\u00f3 de programes de mobilitat nacional i internacional destinada als estudiants, PDI i PAS de la UMH, amb la finalitat de realitzar estades per a estudis en universitats nacionals i estrangeres, i estades per a pr\u00e0ctiques, dins dels [&#8230;]<\/p>\n","protected":false},"author":3296,"featured_media":0,"parent":0,"menu_order":2,"comment_status":"closed","ping_status":"closed","template":"","meta":{"ngg_post_thumbnail":0,"_links_to":"","_links_to_target":""},"yoast_head":"<!-- This site is optimized with the Yoast SEO plugin v17.5 - https:\/\/yoast.com\/wordpress\/plugins\/seo\/ -->\n<meta name=\"description\" content=\"La Unidad de Movilidad, dependiente del Vicerrectorado de RI\u00a0gestiona programas de movilidad de PDI, PAS y estudiantes de la UMH.\" \/>\n<meta name=\"robots\" content=\"index, follow, max-snippet:-1, max-image-preview:large, max-video-preview:-1\" \/>\n<link rel=\"canonical\" href=\"https:\/\/internacional.umh.es\/ca\/movilidad\/\" \/>\n<meta property=\"og:locale\" content=\"ca_ES\" \/>\n<meta property=\"og:type\" content=\"article\" \/>\n<meta property=\"og:title\" content=\"MOBILITAT - Internacionalitzaci\u00f3 i Cooperaci\u00f3\" \/>\n<meta property=\"og:description\" content=\"La Unidad de Movilidad, dependiente del Vicerrectorado de RI\u00a0gestiona programas de movilidad de PDI, PAS y estudiantes de la UMH.\" \/>\n<meta property=\"og:url\" content=\"https:\/\/internacional.umh.es\/en\/movilidad\/\" \/>\n<meta property=\"og:site_name\" content=\"Internacionalitzaci\u00f3 i Cooperaci\u00f3\" \/>\n<meta property=\"article:modified_time\" content=\"2025-04-27T22:49:12+00:00\" \/>\n<meta property=\"og:image\" content=\"https:\/\/internacional.umh.es\/files\/2022\/06\/UMH-Campus-Salesas-Orihuela-300x200.jpg\" \/>\n<meta name=\"twitter:card\" content=\"summary_large_image\" \/>\n<meta name=\"twitter:label1\" content=\"Est. reading time\" \/>\n\t<meta name=\"twitter:data1\" content=\"2 minuts\" \/>\n<script type=\"application\/ld+json\" class=\"yoast-schema-graph\">{\"@context\":\"https:\/\/schema.org\",\"@graph\":[{\"@type\":\"WebSite\",\"@id\":\"https:\/\/internacional.umh.es\/en\/#website\",\"url\":\"https:\/\/internacional.umh.es\/en\/\",\"name\":\"Internacionalitzaci\\u00f3 i Cooperaci\\u00f3\",\"description\":\"Universitat Miguel Hern\\u00e1ndez d&#039;Elx\",\"potentialAction\":[{\"@type\":\"SearchAction\",\"target\":{\"@type\":\"EntryPoint\",\"urlTemplate\":\"https:\/\/internacional.umh.es\/en\/?s={search_term_string}\"},\"query-input\":\"required name=search_term_string\"}],\"inLanguage\":\"ca\"},{\"@type\":\"ImageObject\",\"@id\":\"https:\/\/internacional.umh.es\/en\/movilidad\/#primaryimage\",\"inLanguage\":\"ca\",\"url\":\"https:\/\/internacional.umh.es\/files\/2022\/06\/UMH-Campus-Salesas-Orihuela.jpg\",\"contentUrl\":\"https:\/\/internacional.umh.es\/files\/2022\/06\/UMH-Campus-Salesas-Orihuela.jpg\",\"width\":1280,\"height\":853,\"caption\":\"Estudiantes UMH Campus Salesas Orihuela\"},{\"@type\":\"WebPage\",\"@id\":\"https:\/\/internacional.umh.es\/en\/movilidad\/#webpage\",\"url\":\"https:\/\/internacional.umh.es\/en\/movilidad\/\",\"name\":\"MOBILITAT - Internacionalitzaci\\u00f3 i Cooperaci\\u00f3\",\"isPartOf\":{\"@id\":\"https:\/\/internacional.umh.es\/en\/#website\"},\"primaryImageOfPage\":{\"@id\":\"https:\/\/internacional.umh.es\/en\/movilidad\/#primaryimage\"},\"datePublished\":\"2015-07-23T07:09:22+00:00\",\"dateModified\":\"2025-04-27T22:49:12+00:00\",\"description\":\"La Unidad de Movilidad, dependiente del Vicerrectorado de RI\\u00a0gestiona programas de movilidad de PDI, PAS y estudiantes de la UMH.\",\"breadcrumb\":{\"@id\":\"https:\/\/internacional.umh.es\/en\/movilidad\/#breadcrumb\"},\"inLanguage\":\"ca\",\"potentialAction\":[{\"@type\":\"ReadAction\",\"target\":[\"https:\/\/internacional.umh.es\/en\/movilidad\/\"]}]},{\"@type\":\"BreadcrumbList\",\"@id\":\"https:\/\/internacional.umh.es\/en\/movilidad\/#breadcrumb\",\"itemListElement\":[{\"@type\":\"ListItem\",\"position\":1,\"name\":\"Home\",\"item\":\"https:\/\/internacional.umh.es\/en\/\"},{\"@type\":\"ListItem\",\"position\":2,\"name\":\"MOBILITY\"}]}]}<\/script>\n<!-- \/ Yoast SEO plugin. -->","yoast_head_json":{"description":"La Unidad de Movilidad, dependiente del Vicerrectorado de RI\u00a0gestiona programas de movilidad de PDI, PAS y estudiantes de la UMH.","robots":{"index":"index","follow":"follow","max-snippet":"max-snippet:-1","max-image-preview":"max-image-preview:large","max-video-preview":"max-video-preview:-1"},"canonical":"https:\/\/internacional.umh.es\/ca\/movilidad\/","og_locale":"ca_ES","og_type":"article","og_title":"MOBILITAT - Internacionalitzaci\u00f3 i Cooperaci\u00f3","og_description":"La Unidad de Movilidad, dependiente del Vicerrectorado de RI\u00a0gestiona programas de movilidad de PDI, PAS y estudiantes de la UMH.","og_url":"https:\/\/internacional.umh.es\/en\/movilidad\/","og_site_name":"Internacionalitzaci\u00f3 i Cooperaci\u00f3","article_modified_time":"2025-04-27T22:49:12+00:00","og_image":[{"url":"https:\/\/internacional.umh.es\/files\/2022\/06\/UMH-Campus-Salesas-Orihuela-300x200.jpg"}],"twitter_card":"summary_large_image","twitter_misc":{"Est. reading time":"2 minuts"},"schema":{"@context":"https:\/\/schema.org","@graph":[{"@type":"WebSite","@id":"https:\/\/internacional.umh.es\/en\/#website","url":"https:\/\/internacional.umh.es\/en\/","name":"Internacionalitzaci\u00f3 i Cooperaci\u00f3","description":"Universitat Miguel Hern\u00e1ndez d&#039;Elx","potentialAction":[{"@type":"SearchAction","target":{"@type":"EntryPoint","urlTemplate":"https:\/\/internacional.umh.es\/en\/?s={search_term_string}"},"query-input":"required name=search_term_string"}],"inLanguage":"ca"},{"@type":"ImageObject","@id":"https:\/\/internacional.umh.es\/en\/movilidad\/#primaryimage","inLanguage":"ca","url":"https:\/\/internacional.umh.es\/files\/2022\/06\/UMH-Campus-Salesas-Orihuela.jpg","contentUrl":"https:\/\/internacional.umh.es\/files\/2022\/06\/UMH-Campus-Salesas-Orihuela.jpg","width":1280,"height":853,"caption":"Estudiantes UMH Campus Salesas Orihuela"},{"@type":"WebPage","@id":"https:\/\/internacional.umh.es\/en\/movilidad\/#webpage","url":"https:\/\/internacional.umh.es\/en\/movilidad\/","name":"MOBILITAT - Internacionalitzaci\u00f3 i Cooperaci\u00f3","isPartOf":{"@id":"https:\/\/internacional.umh.es\/en\/#website"},"primaryImageOfPage":{"@id":"https:\/\/internacional.umh.es\/en\/movilidad\/#primaryimage"},"datePublished":"2015-07-23T07:09:22+00:00","dateModified":"2025-04-27T22:49:12+00:00","description":"La Unidad de Movilidad, dependiente del Vicerrectorado de RI\u00a0gestiona programas de movilidad de PDI, PAS y estudiantes de la UMH.","breadcrumb":{"@id":"https:\/\/internacional.umh.es\/en\/movilidad\/#breadcrumb"},"inLanguage":"ca","potentialAction":[{"@type":"ReadAction","target":["https:\/\/internacional.umh.es\/en\/movilidad\/"]}]},{"@type":"BreadcrumbList","@id":"https:\/\/internacional.umh.es\/en\/movilidad\/#breadcrumb","itemListElement":[{"@type":"ListItem","position":1,"name":"Home","item":"https:\/\/internacional.umh.es\/en\/"},{"@type":"ListItem","position":2,"name":"MOBILITY"}]}]}},"_links":{"self":[{"href":"https:\/\/internacional.umh.es\/ca\/wp-json\/wp\/v2\/pages\/2481"}],"collection":[{"href":"https:\/\/internacional.umh.es\/ca\/wp-json\/wp\/v2\/pages"}],"about":[{"href":"https:\/\/internacional.umh.es\/ca\/wp-json\/wp\/v2\/types\/page"}],"author":[{"embeddable":true,"href":"https:\/\/internacional.umh.es\/ca\/wp-json\/wp\/v2\/users\/3296"}],"replies":[{"embeddable":true,"href":"https:\/\/internacional.umh.es\/ca\/wp-json\/wp\/v2\/comments?post=2481"}],"version-history":[{"count":0,"href":"https:\/\/internacional.umh.es\/ca\/wp-json\/wp\/v2\/pages\/2481\/revisions"}],"wp:attachment":[{"href":"https:\/\/internacional.umh.es\/ca\/wp-json\/wp\/v2\/media?parent=2481"}],"curies":[{"name":"wp","href":"https:\/\/api.w.org\/{rel}","templated":true}]}}