{"id":24883,"date":"2022-02-28T14:07:47","date_gmt":"2022-02-28T13:07:47","guid":{"rendered":"https:\/\/internacional.umh.es\/?page_id=24883"},"modified":"2025-12-12T14:29:32","modified_gmt":"2025-12-12T13:29:32","slug":"convocatorias-anteriores","status":"publish","type":"page","link":"https:\/\/internacional.umh.es\/ca\/internacionalizacion\/aiefi-internacionalizacion-de-centros\/convocatorias-anteriores\/","title":{"rendered":"Convocat\u00f2ries anteriors"},"content":{"rendered":"<p><\/p>\n<h4><strong>Convocat\u00f2ries anteriors 2021<\/strong><\/h4>\n<ul>\n<li><strong><a href=\"https:\/\/internacional.umh.es\/files\/2021\/05\/RR-Adjudicaci\u00f3n-definitiva-en-BOUMH.pdf\" target=\"_blank\" title=\"Ho veur\u00e0s en una nova finestra\" rel=\"noopener\">Concessi\u00f3 definitiva d&#8217;ajudes assignades dins de la Convocat\u00f2ria de AIEFI 2021 (2,12Mb .pdf)<\/a><\/strong><\/li>\n<li><strong><a href=\"https:\/\/internacional.umh.es\/files\/2021\/04\/bil-Listado-definitivo-admitidos-y-adjudicaci\u00f3n-provisional-en-BOUMH.pdf\" target=\"_blank\" title=\"Ho veur\u00e0s en una nova finestra\" rel=\"noopener\">Llistat definitiu admesos i adjudicaci\u00f3 provisional AIEFI 2021 (326kb .pdf)<\/a><\/strong><\/li>\n<li><strong><a href=\"https:\/\/boumh.umh.es\/files\/2021\/02\/AIEFI-2021_Listado-provisional-Admitidos-firmado.pdf\" target=\"_blank\" title=\"Ho veur\u00e0s en una nova finestra\" rel=\"noopener\">Llistat provisional AIEFI 2021 (395Kb Castell\u00e0 .pdf)<\/a><\/strong><\/li>\n<li><a href=\"https:\/\/internacional.umh.es\/files\/2021\/02\/RR_00152_2021.pdf\" target=\"_blank\" title=\"Ho veur\u00e0s en una nova finestra\" rel=\"noopener\">Convocat\u00f2ria per a participar en el programa d&#8217;Ajudes per a la Internacionalitzaci\u00f3 de les Escoles, Facultats i Instituts d&#8217;Investigaci\u00f3 de la UMH (AIEFI 2021) (519Kb .pdf)<\/a><\/strong><\/li>\n<li><strong><a href=\"https:\/\/internacional.umh.es\/files\/2021\/02\/Convocatoria-AIEFI-2021-Anexos.docx\" title=\"Ho veur\u00e0s en una nova finestra\" target=\"_blank\" rel=\"noopener\">Convocat\u00f2ria AIEFI 2021 &#8211; Annexos (341Kb .docx)<\/a><\/strong><\/li>\n<\/ul>\n<hr>\n<h4><strong>Convocat\u00f2ries anteriors 2020<\/strong><\/h4>\n<ul style=\"text-align: justify\">\n<li><a href=\"https:\/\/boumh.umh.es\/files\/2020\/07\/RR_01046_2020.pdf\" target=\"_blank\" title=\"Ho veur\u00e0s en una nova finestra\" rel=\"noopener\">Resoluci\u00f3 Rectoral per la qual es modifiquen les condicions, terminis d&#8217;execuci\u00f3 i justificaci\u00f3 de les ajudes per a la internacionalitzaci\u00f3 de les escoles, facultats i instituts d&#8217;investigaci\u00f3 (AIEFI) 2020 (14\/07\/2020) (199Kb Castell\u00e0 .pdf)<\/a> <\/li>\n<li><a href=\"https:\/\/internacional.umh.es\/files\/2021\/05\/RR-Programa-AIEFI-2020_concesi\u00f3n-definitiva.pdf\" target=\"_blank\" title=\"Ho veur\u00e0s en una nova finestra\" rel=\"noopener\">Llistat de concessi\u00f3 definitiva de les ajudes per a la internacionalitzaci\u00f3 d&#8217;escoles, facultats i instituts (AEFI) 2020 (150Kb .pdf)<\/a><\/li>\n<li><a href=\"https:\/\/internacional.umh.es\/files\/2020\/03\/RE_2020_001_1344-Concesion-provisional.pdf\" target=\"_blank\" title=\"Ho veur\u00e0s en una nova finestra\" rel=\"noopener\">Llistat provisional de beneficiaris en la convocat\u00f2ria d&#8217;Ajudes per a la Internacionalitzaci\u00f3 d&#8217;Escoles, Facultats i Instituts d&#8217;Investigaci\u00f3 (AIEFI) 2020 (718Kb .pdf)<\/a><\/li>\n<li><a href=\"https:\/\/registro.umh.es\/files\/2019\/12\/RE_2019_001_24843.pdf\" target=\"_blank\" title=\"Ho veur\u00e0s en una nova finestra\" rel=\"noopener noreferrer\">Convocat\u00f2ria per a participar en el programa d&#8217;Ajudes per a la Internacionalitzaci\u00f3 de les Escoles, Facultats i Instituts d&#8217;Investigaci\u00f3 de la UMH (AIEFI 2020) (5,50Mb .pdf)<\/a><\/li>\n<\/ul>\n<hr>\n<h4><strong>Convocat\u00f2ries anteriors 2019<\/strong><\/h4>\n<ul style=\"text-align: justify\">\n<li><a href=\"https:\/\/internacional.umh.es\/files\/2019\/03\/RE_2019_001_6744-Adjudicaci%C3%B3n-definitiva-20190322.pdf\" target=\"_blank\" title=\"Ho veur\u00e0s en una nova finestra\" rel=\"noopener\">Llistat de concessi\u00f3 definitiva de les Ajudes per a la Internacionalitzaci\u00f3 d&#8217;Escoles, Facultats i Instituts (AIEFI) 2019. Consultar la resoluci\u00f3 (466Kb .pdf)<\/a><\/li>\n<li><a href=\"https:\/\/internacional.umh.es\/files\/2019\/03\/AIEFI-RE_2019_001_5725-Adjudicaci%C3%B3nProvisional-20190301.pdf\" target=\"_blank\" title=\"Ho veur\u00e0s en una nova finestra\" rel=\"noopener\">Llistat provisional de beneficiaris en la Convocat\u00f2ria d&#8217;Ajudes per a la Internacionalitzaci\u00f3 d&#8217;Escoles, Facultats i Instituts d&#8217;Investigaci\u00f3 (AIEFI 2019) (667Kb Castell\u00e0 .pdf)<\/a><\/li>\n<li><a href=\"https:\/\/registro.umh.es\/files\/2019\/02\/RE_2019_001_4006.pdf\" target=\"_blank\" title=\"Ho veur\u00e0s en una nova finestra\" rel=\"noopener\">Llistat provisional de sol\u00b7licituds admeses i pendents d&#8217;esmenar en la convocat\u00f2ria AIEFI 2019 (432Kb Castell\u00e0 .pdf)<\/a><\/li>\n<li><a href=\"https:\/\/internacional.umh.es\/files\/2022\/04\/RE_2018_001_22881.pdf\" target=\"_blank\" rel=\"noopener noreferrer\" title=\"Ho veur\u00e0s en una nova finestra\">Convocat\u00f2ria per a participar en el programa d&#8217;Ajudes per a la Internacionalitzaci\u00f3 de les Escoles, Facultats i Instituts d&#8217;Investigaci\u00f3 de la UMH (AIEFI 2019) (5,48Mb .pdf)<\/a><\/li>\n<\/ul>\n<hr>\n<h4><strong>Convocat\u00f2ries anteriors 2018<\/strong><\/h4>\n<ul style=\"text-align: justify\">\n<li><a href=\"https:\/\/internacional.umh.es\/files\/2018\/04\/Resolucion-concesion-definitiva-RR-Adjudicaci%C3%B3n-definitiva-AIEFI-2018.pdf\" title=\"Ho veur\u00e0s en una nova finestra\">El Vicerectorat de Relacions Internacionals publica el llistat de concessi\u00f3 definitiva de les Ajudes per a la Internacionalitzaci\u00f3 d&#8217;Escoles, Facultats i Instituts (AIEFI) 2018 (1,73Mb .pdf)<\/a><\/li>\n<li><a href=\"https:\/\/internacional.umh.es\/files\/2018\/03\/Resolucion-Concesion-20180321-RE_2018_001_4470.pdf\" target=\"_blank\" rel=\"noopener noreferrer\" title=\"Ho veur\u00e0s en una nova finestra\">Llistat provisional de beneficiaris en la Convocat\u00f2ria d&#8217;Ajudes per a la Internacionalitzaci\u00f3 d&#8217;Escoles, Facultats i Instituts d&#8217;Investigaci\u00f3 (AIEFI 2018) (772Kb Castell\u00e0 .pdf)<\/a><\/li>\n<li><a href=\"https:\/\/internacional.umh.es\/files\/2018\/03\/Resolucion-Concesion-20180321-RE_2018_001_4470.pdf\" target=\"_blank\" rel=\"noopener noreferrer\" title=\"Ho veur\u00e0s en una nova finestra\">Llistat provisional de sol\u00b7licituds admeses i pendents d&#8217;esmenar en la convocat\u00f2ria AIEFI 2018 (434kb Castell\u00e0 .pdf)<\/a><\/li>\n<li><a href=\"https:\/\/internacional.umh.es\/files\/2016\/03\/RR-2349_17.pdf\" target=\"_blank\" rel=\"noopener noreferrer\" title=\"Ho veur\u00e0s en una nova finestra\">Convocat\u00f2ria d&#8217;Ajudes per a la Internacionalitzaci\u00f3 d&#8217;Escoles, Facultats i Instituts d&#8217;Investigaci\u00f3 de la UMH (AIEFI 2018) (2,95Mb .pdf)<\/a><\/li>\n<\/ul>\n<hr>\n<h4><strong>Convocat\u00f2ries anteriors 2017<\/strong><\/h4>\n<ul style=\"text-align: justify\">\n<li><a href=\"https:\/\/internacional.umh.es\/files\/2022\/04\/concesion-de-ayudas-RE_2017_001_3982-1.pdf\" target=\"_blank\" title=\"Ho veur\u00e0s en una nova finestra\" rel=\"noopener noreferrer\">Llistat definitiu de beneficiaris en la Convocat\u00f2ria d&#8217;Ajudes per a la Internacionalitzaci\u00f3 d&#8217;Escoles, Facultats i Instituts d&#8217;Investigaci\u00f3 (AIEFI 2017) (713Kb Castell\u00e0 .pdf)<\/a><\/li>\n<li><a href=\"https:\/\/internacional.umh.es\/files\/2022\/04\/Publicacion-resolucion-provisional-ayudas-RE_2017_001_2319-1.pdf\" target=\"_blank\" title=\"Ho veur\u00e0s en una nova finestra\" rel=\"noopener noreferrer\">Llistat de sol\u00b7licituds admeses i adjudicaci\u00f3 provisional (281Kb Castell\u00e0 .pdf)<\/a><\/li>\n<\/ul>\n<hr>\n<h4><strong>Convocat\u00f2ries anteriors 2015\/2016<\/strong><\/h4>\n<ul>\n<li style=\"text-align: justify\"><a href=\"https:\/\/internacional.umh.es\/files\/2016\/03\/RE_2016_001_2349.pdf\" target=\"_blank\" title=\"Ho veur\u00e0s en una nova finestra\" rel=\"noopener\">Llistat de sol\u00b7licituds admeses i pendents d&#8217;esmenar. Convocat\u00f2ria AIEFI 2015\/16 (246Kb Castell\u00e0 .pdf)<\/a><\/li>\n<li style=\"text-align: justify\"><a href=\"https:\/\/internacional.umh.es\/files\/2016\/03\/Convocatoria-AIEFI-2015_16.pdf\" target=\"_blank\" title=\"Ho veur\u00e0s en una nova finestra\" rel=\"noopener noreferrer\"> Convocat\u00f2ria d&#8217;Ajudes per a la Internacionalitzaci\u00f3 d&#8217;escoles, facultats i instituts d&#8217;investigaci\u00f3 2015\/16 (AIEFI) (164Kb Castell\u00e0 .pdf)<\/a><\/li>\n<\/ul>\n<p><\/p>","protected":false},"excerpt":{"rendered":"<p>Convocat\u00f2ries anteriors 2021<\/p>\n<p>Concessi\u00f3 definitiva d&#8217;ajudes assignades dins de la Convocat\u00f2ria de AIEFI 2021 (2,12Mb .pdf)<br \/>\nLlistat definitiu admesos i adjudicaci\u00f3 provisional AIEFI 2021 (326kb .pdf)<br \/>\nLlistat provisional AIEFI 2021 (395Kb Castell\u00e0 .pdf)<br \/>\nConvocat\u00f2ria per a participar en el programa d&#8217;Ajudes per a la Internacionalitzaci\u00f3 de les Escoles, Facultats i Instituts d&#8217;Investigaci\u00f3 de la UMH (AIEFI 2021) (519Kb .pdf)<br \/>\nConvocat\u00f2ria [&#8230;]<\/p>\n","protected":false},"author":5216,"featured_media":0,"parent":3128,"menu_order":2,"comment_status":"closed","ping_status":"closed","template":"","meta":{"ngg_post_thumbnail":0,"_links_to":"","_links_to_target":""},"yoast_head":"<!-- This site is optimized with the Yoast SEO plugin v17.5 - https:\/\/yoast.com\/wordpress\/plugins\/seo\/ -->\n<meta name=\"description\" content=\"Convocatorias anteriores ayudas Internacionalizaci\u00f3n de escuelas, facultades, institutos investigaci\u00f3n (AIEFI) proyecci\u00f3n internacional UMH\" \/>\n<meta name=\"robots\" content=\"index, follow, max-snippet:-1, max-image-preview:large, max-video-preview:-1\" \/>\n<link rel=\"canonical\" href=\"https:\/\/internacional.umh.es\/ca\/internacionalizacion\/aiefi-internacionalizacion-de-centros\/convocatorias-anteriores\/\" \/>\n<meta property=\"og:locale\" content=\"ca_ES\" \/>\n<meta property=\"og:type\" content=\"article\" \/>\n<meta property=\"og:title\" content=\"Convocat\u00f2ries anteriors - Internacionalitzaci\u00f3 i Cooperaci\u00f3\" \/>\n<meta property=\"og:description\" content=\"Convocatorias anteriores ayudas Internacionalizaci\u00f3n de escuelas, facultades, institutos investigaci\u00f3n (AIEFI) proyecci\u00f3n internacional UMH\" \/>\n<meta property=\"og:url\" content=\"https:\/\/internacional.umh.es\/internacionalizacion\/aiefi-internacionalizacion-de-centros\/convocatorias-anteriores\/\" \/>\n<meta property=\"og:site_name\" content=\"Internacionalitzaci\u00f3 i Cooperaci\u00f3\" \/>\n<meta property=\"article:modified_time\" content=\"2025-12-12T13:29:32+00:00\" \/>\n<meta name=\"twitter:card\" content=\"summary_large_image\" \/>\n<meta name=\"twitter:label1\" content=\"Est. reading time\" \/>\n\t<meta name=\"twitter:data1\" content=\"2 minuts\" \/>\n<script type=\"application\/ld+json\" class=\"yoast-schema-graph\">{\"@context\":\"https:\/\/schema.org\",\"@graph\":[{\"@type\":\"WebSite\",\"@id\":\"https:\/\/internacional.umh.es\/en\/#website\",\"url\":\"https:\/\/internacional.umh.es\/en\/\",\"name\":\"Internacionalitzaci\\u00f3 i Cooperaci\\u00f3\",\"description\":\"Universitat Miguel Hern\\u00e1ndez d&#039;Elx\",\"potentialAction\":[{\"@type\":\"SearchAction\",\"target\":{\"@type\":\"EntryPoint\",\"urlTemplate\":\"https:\/\/internacional.umh.es\/en\/?s={search_term_string}\"},\"query-input\":\"required name=search_term_string\"}],\"inLanguage\":\"ca\"},{\"@type\":\"WebPage\",\"@id\":\"https:\/\/internacional.umh.es\/internacionalizacion\/aiefi-internacionalizacion-de-centros\/convocatorias-anteriores\/#webpage\",\"url\":\"https:\/\/internacional.umh.es\/internacionalizacion\/aiefi-internacionalizacion-de-centros\/convocatorias-anteriores\/\",\"name\":\"Convocat\\u00f2ries anteriors - Internacionalitzaci\\u00f3 i Cooperaci\\u00f3\",\"isPartOf\":{\"@id\":\"https:\/\/internacional.umh.es\/en\/#website\"},\"datePublished\":\"2022-02-28T13:07:47+00:00\",\"dateModified\":\"2025-12-12T13:29:32+00:00\",\"description\":\"Convocatorias anteriores ayudas Internacionalizaci\\u00f3n de escuelas, facultades, institutos investigaci\\u00f3n (AIEFI) proyecci\\u00f3n internacional UMH\",\"breadcrumb\":{\"@id\":\"https:\/\/internacional.umh.es\/internacionalizacion\/aiefi-internacionalizacion-de-centros\/convocatorias-anteriores\/#breadcrumb\"},\"inLanguage\":\"ca\",\"potentialAction\":[{\"@type\":\"ReadAction\",\"target\":[\"https:\/\/internacional.umh.es\/internacionalizacion\/aiefi-internacionalizacion-de-centros\/convocatorias-anteriores\/\"]}]},{\"@type\":\"BreadcrumbList\",\"@id\":\"https:\/\/internacional.umh.es\/internacionalizacion\/aiefi-internacionalizacion-de-centros\/convocatorias-anteriores\/#breadcrumb\",\"itemListElement\":[{\"@type\":\"ListItem\",\"position\":1,\"name\":\"Home\",\"item\":\"https:\/\/internacional.umh.es\/en\/\"},{\"@type\":\"ListItem\",\"position\":2,\"name\":\"INTERNATIONALIZATION\",\"item\":\"https:\/\/internacional.umh.es\/en\/internacionalizacion\/\"},{\"@type\":\"ListItem\",\"position\":3,\"name\":\"AIEFI-Internacionalizaci\\u00f3n de centros\",\"item\":\"https:\/\/internacional.umh.es\/internacionalizacion\/aiefi-internacionalizacion-de-centros\/\"},{\"@type\":\"ListItem\",\"position\":4,\"name\":\"Previous calls\"}]}]}<\/script>\n<!-- \/ Yoast SEO plugin. -->","yoast_head_json":{"description":"Convocatorias anteriores ayudas Internacionalizaci\u00f3n de escuelas, facultades, institutos investigaci\u00f3n (AIEFI) proyecci\u00f3n internacional UMH","robots":{"index":"index","follow":"follow","max-snippet":"max-snippet:-1","max-image-preview":"max-image-preview:large","max-video-preview":"max-video-preview:-1"},"canonical":"https:\/\/internacional.umh.es\/ca\/internacionalizacion\/aiefi-internacionalizacion-de-centros\/convocatorias-anteriores\/","og_locale":"ca_ES","og_type":"article","og_title":"Convocat\u00f2ries anteriors - Internacionalitzaci\u00f3 i Cooperaci\u00f3","og_description":"Convocatorias anteriores ayudas Internacionalizaci\u00f3n de escuelas, facultades, institutos investigaci\u00f3n (AIEFI) proyecci\u00f3n internacional UMH","og_url":"https:\/\/internacional.umh.es\/internacionalizacion\/aiefi-internacionalizacion-de-centros\/convocatorias-anteriores\/","og_site_name":"Internacionalitzaci\u00f3 i Cooperaci\u00f3","article_modified_time":"2025-12-12T13:29:32+00:00","twitter_card":"summary_large_image","twitter_misc":{"Est. reading time":"2 minuts"},"schema":{"@context":"https:\/\/schema.org","@graph":[{"@type":"WebSite","@id":"https:\/\/internacional.umh.es\/en\/#website","url":"https:\/\/internacional.umh.es\/en\/","name":"Internacionalitzaci\u00f3 i Cooperaci\u00f3","description":"Universitat Miguel Hern\u00e1ndez d&#039;Elx","potentialAction":[{"@type":"SearchAction","target":{"@type":"EntryPoint","urlTemplate":"https:\/\/internacional.umh.es\/en\/?s={search_term_string}"},"query-input":"required name=search_term_string"}],"inLanguage":"ca"},{"@type":"WebPage","@id":"https:\/\/internacional.umh.es\/internacionalizacion\/aiefi-internacionalizacion-de-centros\/convocatorias-anteriores\/#webpage","url":"https:\/\/internacional.umh.es\/internacionalizacion\/aiefi-internacionalizacion-de-centros\/convocatorias-anteriores\/","name":"Convocat\u00f2ries anteriors - Internacionalitzaci\u00f3 i Cooperaci\u00f3","isPartOf":{"@id":"https:\/\/internacional.umh.es\/en\/#website"},"datePublished":"2022-02-28T13:07:47+00:00","dateModified":"2025-12-12T13:29:32+00:00","description":"Convocatorias anteriores ayudas Internacionalizaci\u00f3n de escuelas, facultades, institutos investigaci\u00f3n (AIEFI) proyecci\u00f3n internacional UMH","breadcrumb":{"@id":"https:\/\/internacional.umh.es\/internacionalizacion\/aiefi-internacionalizacion-de-centros\/convocatorias-anteriores\/#breadcrumb"},"inLanguage":"ca","potentialAction":[{"@type":"ReadAction","target":["https:\/\/internacional.umh.es\/internacionalizacion\/aiefi-internacionalizacion-de-centros\/convocatorias-anteriores\/"]}]},{"@type":"BreadcrumbList","@id":"https:\/\/internacional.umh.es\/internacionalizacion\/aiefi-internacionalizacion-de-centros\/convocatorias-anteriores\/#breadcrumb","itemListElement":[{"@type":"ListItem","position":1,"name":"Home","item":"https:\/\/internacional.umh.es\/en\/"},{"@type":"ListItem","position":2,"name":"INTERNATIONALIZATION","item":"https:\/\/internacional.umh.es\/en\/internacionalizacion\/"},{"@type":"ListItem","position":3,"name":"AIEFI-Internacionalizaci\u00f3n de centros","item":"https:\/\/internacional.umh.es\/internacionalizacion\/aiefi-internacionalizacion-de-centros\/"},{"@type":"ListItem","position":4,"name":"Previous calls"}]}]}},"_links":{"self":[{"href":"https:\/\/internacional.umh.es\/ca\/wp-json\/wp\/v2\/pages\/24883"}],"collection":[{"href":"https:\/\/internacional.umh.es\/ca\/wp-json\/wp\/v2\/pages"}],"about":[{"href":"https:\/\/internacional.umh.es\/ca\/wp-json\/wp\/v2\/types\/page"}],"author":[{"embeddable":true,"href":"https:\/\/internacional.umh.es\/ca\/wp-json\/wp\/v2\/users\/5216"}],"replies":[{"embeddable":true,"href":"https:\/\/internacional.umh.es\/ca\/wp-json\/wp\/v2\/comments?post=24883"}],"version-history":[{"count":0,"href":"https:\/\/internacional.umh.es\/ca\/wp-json\/wp\/v2\/pages\/24883\/revisions"}],"up":[{"embeddable":true,"href":"https:\/\/internacional.umh.es\/ca\/wp-json\/wp\/v2\/pages\/3128"}],"wp:attachment":[{"href":"https:\/\/internacional.umh.es\/ca\/wp-json\/wp\/v2\/media?parent=24883"}],"curies":[{"name":"wp","href":"https:\/\/api.w.org\/{rel}","templated":true}]}}