{"id":2521,"date":"2015-08-08T13:56:29","date_gmt":"2015-08-08T11:56:29","guid":{"rendered":"http:\/\/internacional.umh.es\/?page_id=2521"},"modified":"2025-12-05T18:09:14","modified_gmt":"2025-12-05T17:09:14","slug":"vicerrectores-adjuntos-y-directores","status":"publish","type":"page","link":"https:\/\/internacional.umh.es\/ca\/conocenos\/vicerrectores-adjuntos-y-directores\/","title":{"rendered":"Vicerectors adjunts i Directors"},"content":{"rendered":"<p><\/p>\n<h3><strong>Vicerector adjunt d&#8217;Internacionalitzaci\u00f3<\/strong><\/h3>\n<p style=\"text-align: justify;padding-left: 40px\"><img loading=\"lazy\" class=\"alignleft wp-image-31148\" title=\"Alberto Rodr\u00edguez es Vicerrector adjunt d'Internacionalitzaci\u00f3 de la UMH\n\" src=\"https:\/\/internacional.umh.es\/files\/2023\/06\/ALBERTO-RODRIGUEZ3-263x300.jpeg\" alt=\"Alberto Rodr\u00edguez UMH vicerrectores adjuntos imagen\" width=\"136\" height=\"155\" srcset=\"https:\/\/internacional.umh.es\/files\/2023\/06\/ALBERTO-RODRIGUEZ3-263x300.jpeg 263w, https:\/\/internacional.umh.es\/files\/2023\/06\/ALBERTO-RODRIGUEZ3.jpeg 676w\" sizes=\"(max-width: 136px) 100vw, 136px\" \/><strong>Alberto Rodr\u00edguez Mart\u00ednez<\/strong> \u00e9s professor titular del <a title=\"Ho veur\u00e0s en una nova finestra\" href=\"https:\/\/www.umh.es\/contenido\/Estudios\/:uor_4269\/datos_val.html\" target=\"_blank\" rel=\"noopener\">Departament d&#8217;Enginyeria de Comunicacions<\/a> de l&#8217;Escola Polit\u00e8cnica Superior d&#8217;Elx de la UMH en l&#8217;\u00e0rea de <a title=\"Ho veur\u00e0s en una nova finestra\" href=\"https:\/\/www.umh.es\/contenido\/Estudios\/:are_0800\/datos_val.html\" target=\"_blank\" rel=\"noopener\">Teoria del Senyal i Comunicacions<\/a>, a m\u00e9s col\u00b7labora tamb\u00e9 com a professor en altres universitats com la Tecnol\u00f2gica de Kaunas, a Litu\u00e0nia. \u00c9s membre de la Junta Directiva del Col\u00b7legi Oficial d&#8217;Enginyers de Telecomunicaci\u00f3 de la Comunitat Valenciana i Delegat del Col\u00b7legi per a la prov\u00edncia d&#8217;Alacant.<\/p>\n<p>Alberto Rodr\u00edguez Mart\u00ednez \u00e9s vicerector adjunt d&#8217;Internacionalitzaci\u00f3 per a:<\/p>\n<ul>\n<li>Promoure la internacionalitzaci\u00f3 de la Universitat, especialment en pa\u00efsos de la Uni\u00f3 Europea, Am\u00e8rica del Nord i \u00c0sia, establint aliances alineades<br \/>\namb l&#8217;estrat\u00e8gia d&#8217;internacionalitzaci\u00f3 de la UMH.<\/li>\n<li>Coordinar la participaci\u00f3 de la UMH en fires i esdeveniments d&#8217;educaci\u00f3 superior (NAFSA, EAIE) i fomentar la participaci\u00f3 en reunions, seminaris, trobades, projectes i xarxes internacionals d&#8217;inter\u00e9s.<\/li>\n<li>Promoure i coordinar la mobilitat del PDI i del PAS a trav\u00e9s dels programes ERASMUS+ i DESTINO, aix\u00ed com facilitar la incorporaci\u00f3 de PDI estranger en la UMH.<\/li>\n<li>Impulsar a la UMH com a dest\u00ed d&#8217;estudiants estrangers mitjan\u00e7ant el foment de l&#8217;oferta formativa en angl\u00e9s (assignatures optatives, grups LLAURA, nous t\u00edtols de grau i postgrau, dobles t\u00edtols UMH de grau i postgrau, t\u00edtols propis i les plataformes en l\u00ednia i canals d&#8217;educaci\u00f3 a dist\u00e0ncia de la UMH) en col\u00b7laboraci\u00f3 amb el Vicerectorat d&#8217;Estudis.<\/li>\n<li>Coordinar la relaci\u00f3 amb els membres dels equips de gesti\u00f3 amb compet\u00e8ncies en internacionalitzaci\u00f3 de les escoles, facultats i instituts. Gestionar el Programa d&#8217;Ajudes per a la Internacionalitzaci\u00f3 de les Escoles, Facultats i Instituts (AIEFI).<\/li>\n<li>Gestionar el programa de Projectes Docents d&#8217;Internacionalitzaci\u00f3 a casa (PRODIC).<\/li>\n<li>Promoure i donar suport a la participaci\u00f3 del PDI en sol\u00b7licituds de doctorats europeus professionals i no professionals.<\/li>\n<li>Fomentar la participaci\u00f3 del PDI en convocat\u00f2ries internacionals de rellev\u00e0ncia l&#8217;objectiu de la qual siga la internacionalitzaci\u00f3 de la formaci\u00f3 i la gesti\u00f3 universit\u00e0ries, especialment a Europa, Am\u00e8rica del Nord i \u00c0sia (Erasmus + STT\/STA i KA171, projectes KA2, c\u00e0tedres Jean Monet, programa Fullbright, c\u00e0tedres UNESCO).<\/li>\n<\/ul>\n<p style=\"text-align: justify\"><strong>Contacte:<\/strong><br \/>\n+34 96 665 8825<br \/>\n<a title=\"Ho veur\u00e0s en una nova finestra\" href=\"mailto:arodriguezm@umh.es\" target=\"_blank\" rel=\"noopener noreferrer\"><span class=\"limpia\">a<\/span>rodriguezm<span class=\"limpia\">@<\/span><span class=\"limpia\">o<\/span>mh.es<\/a><br \/>\n<a title=\"Veure la fitxa de Jos\u00e9 Manuel Blanes en una nova finestra\" href=\"https:\/\/www.umh.es\/contenido\/Estudios\/:persona_111567\/datos_ca.html\" target=\"_blank\" rel=\"noopener noreferrer\">Veure fitxa UMH<\/a><\/p>\n<hr>\n<h3><strong>Vicerector adjunt per a la Projecci\u00f3 i Comunicaci\u00f3 Internacional <\/strong><\/h3>\n<p style=\"text-align: justify;padding-left: 40px\"><img loading=\"lazy\" class=\"alignleft wp-image-15498 size-thumbnail\" title=\"Jos\u00e9 Luis Gonz\u00e1lez-Esteban \u00e9s vicerector adjunt de Relacions Internacionals per a projecci\u00f3 internacional de la UMH\" src=\"https:\/\/internacional.umh.es\/files\/2020\/06\/foto-perfil-150x150.png\" alt=\"Jos\u00e9 Luis Gonz\u00e1lez-Esteban UMH vicerectors adjunts\" width=\"150\" height=\"150\" srcset=\"https:\/\/internacional.umh.es\/files\/2020\/06\/foto-perfil-150x150.png 150w, https:\/\/internacional.umh.es\/files\/2020\/06\/foto-perfil-32x32.png 32w, https:\/\/internacional.umh.es\/files\/2020\/06\/foto-perfil-64x64.png 64w, https:\/\/internacional.umh.es\/files\/2020\/06\/foto-perfil-96x96.png 96w, https:\/\/internacional.umh.es\/files\/2020\/06\/foto-perfil-128x128.png 128w, https:\/\/internacional.umh.es\/files\/2020\/06\/foto-perfil.png 192w\" sizes=\"(max-width: 150px) 100vw, 150px\" \/><strong>Jos\u00e9 Luis Gonz\u00e1lez-Esteban<\/strong> \u00e9s periodista, professor titular de <a href=\"https:\/\/www.umh.es\/contenido\/Universidad\/:are_0675\/datos_val.html\" title=\"Ho veur\u00e0s en una nova finestra\" target=\"_blank\" rel=\"noopener\">Periodisme<\/a> en la Universitat Miguel Hern\u00e1ndez, imparteix doc\u00e8ncia de Periodisme Pol\u00edtic en el Grau, aix\u00ed com en el M\u00e0ster d&#8217;Innovaci\u00f3 en Periodisme i en el Programa de Doctorat de Ci\u00e8ncies Socials i Jur\u00eddiques. A m\u00e9s \u00e9s membre del Grup <a href=\"https:\/\/www.umh.es\/contenido\/Universidad\/:uor_1006_47\/datos_val.html\"> d&#8217;Investigaci\u00f3 de la comunicaci\u00f3 a la Comunitat Valenciana.<\/a> Est\u00e0 inscrit al Departament de Ci\u00e8ncies Socials i Humanes de la UMH, \u00e9s doctor en Periodisme per la Universitat Complutense de Madrid i m\u00e0ster en Dret Comunitari per la UCLM.<\/p>\n<p>Jos\u00e9 Luis Gonz\u00e1lez-Esteban \u00e9s vicerector adjunt per a la Projecci\u00f3 i Comunicaci\u00f3 Internacional per a:<\/p>\n<ul>\n<li>Potenciar l&#8217;estrat\u00e8gia de comunicaci\u00f3 de la UMH i augmentar la seua visibilitat a nivell internacional.<\/li>\n<li>Coordinar la participaci\u00f3 de la UMH en fires i esdeveniments internacionals d&#8217;educaci\u00f3 superior (Estudiar a Espanya), i fomentar la participaci\u00f3 en reunions, seminaris, trobades, projectes, i xarxes internacionals d&#8217;inter\u00e9s.<\/li>\n<li>Gestionar i coordinar l&#8217;estrat\u00e8gia de comunicaci\u00f3 del Vicerectorat dirigida a la divulgaci\u00f3 de la marca UMH i la comunicaci\u00f3 en xarxes socials i publicacions internacionals en col\u00b7laboraci\u00f3 amb el Vicerectorat d&#8217;Estudiants i Coordinaci\u00f3. Coordinar la revista i el programa radiof\u00f2nic GLOBAL UMH.<\/li>\n<li>Promoure la internacionalitzaci\u00f3 de la Universitat, especialment en pa\u00efsos de Llatinoam\u00e8rica, en coordinaci\u00f3 amb el director d&#8217;\u00e0rea del Programa ESPEJO IBEROAM\u00c8RICA, \u00c0frica i altres pa\u00efsos no comunitaris en vies de desenvolupament, establint aliances alineades amb l&#8217;estrat\u00e8gia d&#8217;internacionalitzaci\u00f3 de la UMH.<\/li>\n<li>Incrementar la captaci\u00f3 d&#8217;estudiants estrangers a trav\u00e9s de la promoci\u00f3 i desenvolupament dels programes Study Abroad i MUDI de la UMH.<\/li>\n<li>Impulsar la internacionalitzaci\u00f3 de la doc\u00e8ncia de la UMH a trav\u00e9s del programa DESTINO, especialment amb Llatinoam\u00e8rica, \u00c0frica i altres pa\u00efsos no comunitaris en vies de desenvolupament.<\/li>\n<li>Coordinar l&#8217;establiment d&#8217;acords amb agents externs per a la difusi\u00f3 internacional de l&#8217;oferta formativa de la UMH i la captaci\u00f3 d&#8217;estudiants estrangers.<\/li>\n<li>Impulsar la cooperaci\u00f3 amb institucions d&#8217;educaci\u00f3 superior especialment de pa\u00efsos de Llatinoam\u00e8rica, d&#8217;\u00c0frica i altres pa\u00efsos no comunitaris en vies de desenvolupament.<\/li>\n<\/ul>\n<p style=\"text-align: justify\"><strong>Contacte:<\/strong><br \/>\n+34 966 658 522<br \/>\n<a title=\"Ho veur\u00e0s en una nova finestra\" href=\"mailto:jose.gonzalez@umh.es\" target=\"_blank\" rel=\"noopener noreferrer\">jose.gonzalez@umh.es<\/a><br \/>\n<a title=\"Veure la fitxa de Jos\u00e9 Luis Gonz\u00e1lez Esteban en una nova finestra\" href=\"https:\/\/www.umh.es\/contenido\/Universidad\/:persona_143936\/datos_val.html\" target=\"_blank\" rel=\"noopener noreferrer\">Veure fitxa UMH<\/a><\/p>\n<hr>\n<h3><strong>Vicerector adjunt de Posicionament Institucional i R\u00e0nquings<\/strong><\/h3>\n<p style=\"text-align: justify;padding-left: 40px\"><img loading=\"lazy\" class=\"wp-image-31151 alignleft\" src=\"https:\/\/internacional.umh.es\/files\/2023\/06\/Blanes-e1596019811218-266x300-1.jpg\" alt=\"Jose Manuel Blanes vicerrectores adjuntos UMH imagen\" title=\"Jose Manuel Blanes \u00e9s Vicerector adjunt de Posicionament Institucional i R\u00e0nquings\" width=\"130\" height=\"147\"> <strong>Jos\u00e9 Manuel Blanes Mart\u00ednez<\/strong> \u00e9s professor titular de la Universitat Miguel Hern\u00e1ndez en l&#8217;\u00e0rea de Tecnologia Electr\u00f2nica. Est\u00e0 en el departament de <a href=\"https:\/\/www.umh.es\/contenido\/Estudios\/:uor_30\/datos_val.html\" title=\"Ho veur\u00e0s en una nova finestra\" target=\"_blank\" rel=\"noopener\">Ci\u00e8ncia de Materials, \u00d2ptica i Tecnologia Electr\u00f2nica<\/a>, i \u00e9s membre del Grup d&#8217;Investigaci\u00f3 de Grup d&#8217;Electr\u00f2nica Industrial.<\/a><\/p>\n<p>Jos\u00e9 Manuel Blanes Mart\u00ednez \u00e9s vicerector adjunt de Posicionament Institucional i R\u00e0nquings per a:<\/p>\n<ul>\n<li>Substituir al vicerector d&#8217;Internacionalitzaci\u00f3 i Cooperaci\u00f3 en els casos de vacant, abs\u00e8ncia o malaltia.<\/li>\n<li>Coordinar la pol\u00edtica universit\u00e0ria en mat\u00e8ria de posicionament en r\u00e0nquings nacionals i internacionals.<\/li>\n<li>Gestionar els processos de comunicaci\u00f3 de dades institucionals a r\u00e0nquings nacionals i internacionals, en col\u00b7laboraci\u00f3 amb la Secretaria General.<\/li>\n<li>Revisar i analitzar l&#8217;evoluci\u00f3 dels diferents indicadors institucionals i del posicionament en els r\u00e0nquings.<\/li>\n<li>Col\u00b7laborar en l&#8217;elaboraci\u00f3 d&#8217;informes i presentaci\u00f3 de l&#8217;evoluci\u00f3 de dades institucionals, en coordinaci\u00f3 amb la resta de vicerectorats competents.<\/li>\n<li>Orientar les pol\u00edtiques internes de la UMH amb la finalitat de millorar el posicionament de la UMH en els r\u00e0nquings internacionals, en coordinaci\u00f3 amb la resta de vicerectorats competents.<\/li>\n<li>Planificar i implantar estrat\u00e8gies globals dirigides a millorar el posicionament de la universitat en plans de finan\u00e7ament, en coordinaci\u00f3 amb la resta de vicerectorats competents.<\/li>\n<li>Coordinar les activitats relacionades amb els projectes i les aliances del programa Erasmus + Universidades Europees.<\/li>\n<li>Coordinar l&#8217;elaboraci\u00f3 del pla estrat\u00e8gic d&#8217;internacionalitzaci\u00f3 i cooperaci\u00f3.<\/li>\n<\/ul>\n<p><strong>Contacte:<\/strong><br \/>\n<span class=\"semantic\">+34 96 665 8488<\/span><br \/>\n<a title=\"Ho veur\u00e0s en una nova finestra\" href=\"mailto:jmblanes@umh.es\" target=\"_blank\" rel=\"noopener noreferrer\"><span class=\"limpia\">j<\/span>mblanes<span class=\"limpia\">@<\/span><span class=\"limpia\">o<\/span>mh.es<\/a><br \/>\n<a title=\"Veure la fitxa de Mar\u00eda Pastor Valero en una nova finestra\" href=\"https:\/\/www.umh.es\/contenido\/Estudios\/:persona_117822\/datos_val.html\" target=\"_blank\" rel=\"noopener noreferrer\">Veure fitxa UMH<\/a><\/p>\n<hr>\n<h3><strong>Directora d&#8217;\u00e0rea de Cooperaci\u00f3 al Desenvolupament i Voluntariat<\/strong><\/h3>\n<p><img loading=\"lazy\" class=\"wp-image-31292 alignleft\" src=\"https:\/\/internacional.umh.es\/files\/2023\/06\/JUANA-AZNAR-283x300.jpg\" alt=\"Juana Aznar UMH\" title=\"Juana Aznar \u00e9s Directora d'\u00e0rea de Cooperaci\u00f3 al Desenvolupament i Voluntariat\" width=\"134\" height=\"142\" srcset=\"https:\/\/internacional.umh.es\/files\/2023\/06\/JUANA-AZNAR-283x300.jpg 283w, https:\/\/internacional.umh.es\/files\/2023\/06\/JUANA-AZNAR-967x1024.jpg 967w, https:\/\/internacional.umh.es\/files\/2023\/06\/JUANA-AZNAR-768x813.jpg 768w, https:\/\/internacional.umh.es\/files\/2023\/06\/JUANA-AZNAR-1451x1536.jpg 1451w, https:\/\/internacional.umh.es\/files\/2023\/06\/JUANA-AZNAR-1935x2048.jpg 1935w\" sizes=\"(max-width: 134px) 100vw, 134px\" \/><\/a><strong>Juana Aznar M\u00e1rquez<\/strong> \u00e9s professora titular de la Universitat Miguel Hern\u00e1ndez en l&#8217;\u00e0rea de Fonaments de l&#8217;An\u00e0lisi Econ\u00f2mica i Membre de Grup d&#8217;Investigaci\u00f3 <a title=\"Ho veuer\u00e0s en una nova finestra\" href=\"https:\/\/www.umh.es\/contenido\/Estudios\/:uor_868_15\/datos_val.html\">Economia, Cultura i G\u00e8nere<\/a>. Juana pertany al Centre Interdisciplinari d&#8217;Estudis de G\u00e8nere i al Centre d&#8217;Innovaci\u00f3 i Desenvolupament Empresarial de la UMH i a la unitat d&#8217;Estudis Econ\u00f2mics i Financers.<\/p>\n<p>Juana Aznar M\u00e1rquez \u00e9s directora de l&#8217;\u00e0rea de Cooperaci\u00f3 al Desenvolupament i Voluntariat per a:<\/p>\n<ul>\n<li>Coordinar les accions i projectes de cooperaci\u00f3 al desenvolupament duts a terme per membres de la comunitat universit\u00e0ria, o pels seus centres, a nivell nacional i internacional.<\/li>\n<li>Fomentar i divulgar les iniciatives desenvolupades en la UMH en els \u00e0mbits docent i d&#8217;investigaci\u00f3, destinades a fins solidaris, de just\u00edcia social, voluntariat i cooperaci\u00f3 al desenvolupament.<\/li>\n<li>Sensibilitzar i formar a tots els col\u00b7lectius universitaris en temes de cooperaci\u00f3 al desenvolupament internacional.<\/li>\n<li>Establir aliances amb els diferents interlocutors socials i governamentals per al desenvolupament de projectes de cooperaci\u00f3 al desenvolupament formulats per la Universitat.<\/li>\n<li>Coordinar les activitats i convenis de cooperaci\u00f3 al desenvolupament entre la UMH i la resta d&#8217;administracions p\u00fabliques (GV, Diputaci\u00f3 Provincial i ajuntament).<\/li>\n<li>Coordinar el funcionament de les c\u00e0tedres relacionades amb la cooperaci\u00f3 internacional al desenvolupament i els Objectius de Desenvolupament Sostenible de l&#8217;Agenda 2030<\/li>\n<li>Coordinar les activitats de voluntariat, tant a nivell nacional com internacional, dels membres de la comunitat UMH en l&#8217;\u00e0mbit del voluntariat social.<\/li>\n<li>Facilitar als membres de la comunitat universit\u00e0ria la possibilitat de participar en el marc de voluntariat social.<\/li>\n<li>Impulsar els Objectius de Desenvolupament Sostenible de l&#8217;Agenda 2030 de les Nacions Unides en l&#8217;entorn universitari.<\/li>\n<\/ul>\n<p><strong>Contacte:<\/strong><br \/>\n<span class=\"semantic\">+34 96 674 9841<\/span><br \/>\n<a href=\"mailto:juana.aznar@umh.es\" target=\"_blank\" title=\"Ho veur\u00e0s en una nova finestra\" rel=\"noopener\">juana.aznar@umh.es<\/a><br \/>\n<a title=\"Veure la fitxa de Juana Aznar M\u00e0rquez en una nova finestra\" href=\"https:\/\/www.umh.es\/contenido\/Estudios\/:persona_120465\/datos_val.html\" target=\"_blank\" rel=\"noopener noreferrer\">Veure fitxa UMH<\/a><\/p>\n<hr>\n<h3><strong>Directora de l&#8217;\u00e0rea de Postgrau Internacional<\/strong><\/h3>\n<p style=\"text-align: justify;padding-left: 40px\"><img loading=\"lazy\" class=\"alignleft wp-image-15288\" title=\"Mar\u00eda Pastor Valero \u00e9s directora de l'\u00c0rea de Doctorat Internacional UMH\" src=\"https:\/\/internacional.umh.es\/files\/2020\/05\/MariaPastorValero-3-218x300.jpg\" alt=\"Mar\u00eda Pastor Valero UMH\" width=\"121\" height=\"167\" srcset=\"https:\/\/internacional.umh.es\/files\/2020\/05\/MariaPastorValero-3-218x300.jpg 218w, https:\/\/internacional.umh.es\/files\/2020\/05\/MariaPastorValero-3.jpg 308w\" sizes=\"(max-width: 121px) 100vw, 121px\" \/><strong>Mar\u00eda Pastor Valero<\/strong> \u00e9s professora titular de la Universitat Miguel Hern\u00e1ndez en l&#8217;\u00e0rea de Medicina Preventiva i Salut P\u00fablica, membre del Grup <a title=\"Ho veur\u00e0s en una nova finestra\" href=\"https:\/\/episaludpublicayglobal.umh.es\/\" target=\"_blank\" rel=\"noopener noreferrer\"> d&#8217;Investigaci\u00f3 d&#8217;Epidemiologia cl\u00ednica, pol\u00edtiques de salut i salut global<\/a> i de la Comissi\u00f3 del Programa <a title=\"Ho veur\u00e0s en una nova finestra\" href=\"https:\/\/www.umh.es\/contenido\/Estudios\/:tit_d_215\/datos_val.html\" target=\"_blank\" rel=\"noopener noreferrer\"> de Doctorat en Salut P\u00fablica, Ci\u00e8ncies M\u00e8diques i Quir\u00fargiques de la Facultat de Medicina<\/a>. \u00c9s coordinadora del Col\u00b7legi <a title=\"Ho veur\u00e0s en una nova finestra\" href=\"https:\/\/www.grupotordesillas.net\/colegios-doctorales\/salud-publica-historia-ciencia\/\" target=\"_blank\" rel=\"noopener noreferrer\"> Doctoral Tordesillas de Salut P\u00fablica i Hist\u00f2ria de la Ci\u00e8ncia de la UMH<\/a>.<\/p>\n<p>Mar\u00eda Pastor Valero \u00e9s directora de l&#8217;\u00e0rea de Postgrau Internacional per a:<\/p>\n<ul>\n<li>Gestionar l&#8217;obtenci\u00f3 i homologaci\u00f3 de t\u00edtols de postgrau (m\u00e0ster i doctorat) de l&#8217;estudiantat estranger en col\u00b7laboraci\u00f3 amb el Vicerectorat d&#8217;Investigaci\u00f3 i Transfer\u00e8ncia i amb el Servei de Gesti\u00f3 d&#8217;Estudis.<\/li>\n<li>Gestionar i coordinar les activitats dels col\u00b7legis doctorals del Grup Tordesillas en els quals participa la Universitat Miguel Hern\u00e1ndez.<\/li>\n<li>Coordinar i divulgar en la UMH les activitats d&#8217;estructures i xarxes de postgrau internacional en les quals participa la UMH amb institucions acad\u00e8miques estrangeres (AUIP).<\/li>\n<li>Gestionar i coordinar les activitats dins de l&#8217;acord entre la UMH i la Fundaci\u00f3 de Suport a la Investigaci\u00f3 de l&#8217;Estat de Sao Paulo (FAPESP, el Brasil).<\/li>\n<li>Dissenyar, promoure i potenciar el mecenatge de cooperaci\u00f3 p\u00fablic-privada per al finan\u00e7ament de projectes d&#8217;investigaci\u00f3 internacional entre la UMH i institucions acad\u00e8miques i d&#8217;investigaci\u00f3 superior estrangeres.<\/li>\n<\/ul>\n<p style=\"text-align: justify\"><strong>Contacte:<\/strong><br \/>\n+34 965 919 331<br \/>\n<a title=\"Ho veur\u00e0s en una nova finestra\" href=\"mailto:mpastor@umh.es\" target=\"_blank\" rel=\"noopener noreferrer\">mpastor@umh.es<\/a><br \/>\n<a title=\"Veure la fitxa de Mar\u00eda Pastor Valero en una nova finestra\" href=\"https:\/\/umh.es\/contenido\/Universidad\/:persona_148134\/datos_val.html\" target=\"_blank\" rel=\"noopener noreferrer\">Veure fitxa UMH<\/a><\/p>\n<hr>\n<h3><strong>Director de l&#8217;\u00e0rea Programa Espejo Iberoam\u00e8rica<\/strong><\/h3>\n<p style=\"text-align: justify;padding-left: 40px\"><img loading=\"lazy\" class=\"alignleft wp-image-18423\" title=\"Joaqu\u00edn Juli\u00e1n Pastor P\u00e9rez \u00e9s director del Programa Espejo Iberoam\u00e8rica de la UMH\" src=\"https:\/\/internacional.umh.es\/files\/2021\/02\/FOTO-JOAQUIN-J.-PASTORR.jpg\" alt=\"Joaqu\u00edn Juli\u00e1n Pastor P\u00e9rez UMH\" width=\"119\" height=\"172\" srcset=\"https:\/\/internacional.umh.es\/files\/2021\/02\/FOTO-JOAQUIN-J.-PASTORR.jpg 1737w, https:\/\/internacional.umh.es\/files\/2021\/02\/FOTO-JOAQUIN-J.-PASTORR-208x300.jpg 208w, https:\/\/internacional.umh.es\/files\/2021\/02\/FOTO-JOAQUIN-J.-PASTORR-768x1107.jpg 768w, https:\/\/internacional.umh.es\/files\/2021\/02\/FOTO-JOAQUIN-J.-PASTORR-711x1024.jpg 711w\" sizes=\"(max-width: 119px) 100vw, 119px\" \/><strong>Joaqu\u00edn Juli\u00e1n Pastor P\u00e9rez<\/strong> \u00e9s Catedr\u00e0tic <strong>d&#8217;Escola Universit\u00e0ria del Departament d&#8217;Enginyeria a l&#8217;Escola Polit\u00e8cnica Superior d&#8217;Oriola (EPSO)<\/strong> de la Universitat Miguel Hern\u00e1ndez (UMH) d&#8217;Elx i director del grup d&#8217;investigaci\u00f3 de nous materials per a la construcci\u00f3.<\/p>\n<p>Joaqu\u00edn Juli\u00e1n Pastor P\u00e9rez \u00e9s director del Programa <a title=\"Coneix totes les novetats del programa ara\" href=\"https:\/\/internacional.umh.es\/internacionalizacion\/postgrado\/\"><strong> Espejo Iberoam\u00e8rica<\/strong><\/a> per a:<\/p>\n<ul>\n<li>Promoure la internacionalitzaci\u00f3 de la UMH a Iberoam\u00e8rica en el marc del Programa Espejo Iberoam\u00e8rica. Impulsar la mobilitat d&#8217;estudiants llatinoamericans cap a la UMH.<\/li>\n<li>Seleccionar les universitats dest\u00ed i establir convenis amb universitats i institucions governamentals per a implantar programes de postgrau en el marc del Programa Espejo Iberoam\u00e8rica.<\/li>\n<li>Impulsar i dissenyar estrat\u00e8gies que comporten la participaci\u00f3 dels professors de la UMH en programes de postgrau d&#8217;institucions d&#8217;educaci\u00f3 superior d&#8217;Iberoam\u00e8rica.<\/li>\n<li>Proposar programes de continguts transversals i\/o de formaci\u00f3 cont\u00ednua a trav\u00e9s de cursos d&#8217;especialitzaci\u00f3, programes Study Abroad (en coordinaci\u00f3 amb el vicerector adjunt per a la Projecci\u00f3 i Comunicaci\u00f3 Internacional) i nanocursos subjectes a les seues respectives normatives en la UMH, dirigits a l&#8217;estudiantat i a professionals iberoamericans.<\/li>\n<li>Promoure reunions de car\u00e0cter acad\u00e8mic, cultural o cient\u00edfic per a contribuir a l&#8217;intercanvi i enriquiment d&#8217;experi\u00e8ncies i coneixements entre el professorat i el personal investigador de la UMH i les institucions d&#8217;educaci\u00f3 superior i centres d&#8217;investigaci\u00f3 d&#8217;Iberoam\u00e8rica.<\/li>\n<li>Fomentar activitats relacionades amb la innovaci\u00f3, l&#8217;emprenedoria i la transfer\u00e8ncia de coneixement en les institucions educatives i centres d&#8217;investigaci\u00f3 iberoamericans.<\/li>\n<\/ul>\n<p style=\"text-align: justify\"><strong>Contacte:<\/strong><br \/>\n+34 966 749 640<br \/>\n<a title=\"Ho veur\u00e0s en una nova finestra\" href=\"mailto:jjpastor@umh.es\" target=\"_blank\" rel=\"noopener\">jjpastor@umh.es<\/a><br \/>\n<a title=\"Veure la fitxa de Joaqu\u00edn Juli\u00e1n Pastor en una nova finestra\" href=\"https:\/\/www.umh.es\/contenido\/Universidad\/:persona_3777\/datos_val.html\" target=\"_blank\" rel=\"noopener noreferrer\"><strong>Veure fitxa UMH<\/strong><\/a><\/p>\n<p><\/p>","protected":false},"excerpt":{"rendered":"<p>Vicerector adjunt d&#8217;Internacionalitzaci\u00f3<br \/>\nAlberto Rodr\u00edguez Mart\u00ednez \u00e9s professor titular del Departament d&#8217;Enginyeria de Comunicacions de l&#8217;Escola Polit\u00e8cnica Superior d&#8217;Elx de la UMH en l&#8217;\u00e0rea de Teoria del Senyal i Comunicacions, a m\u00e9s col\u00b7labora tamb\u00e9 com a professor en altres universitats com la Tecnol\u00f2gica de Kaunas, a Litu\u00e0nia. \u00c9s membre de la Junta Directiva del Col\u00b7legi Oficial [&#8230;]<\/p>\n","protected":false},"author":3296,"featured_media":0,"parent":2517,"menu_order":2,"comment_status":"closed","ping_status":"closed","template":"","meta":{"ngg_post_thumbnail":0,"_links_to":"","_links_to_target":""},"yoast_head":"<!-- This site is optimized with the Yoast SEO plugin v17.5 - https:\/\/yoast.com\/wordpress\/plugins\/seo\/ -->\n<meta name=\"description\" content=\"Presentamos a los Vicerrectores adjuntos y directores de Internacionalizaci\u00f3n y Cooperaci\u00f3n de la Universidad Miguel Hern\u00e1ndez.\" \/>\n<meta name=\"robots\" content=\"index, follow, max-snippet:-1, max-image-preview:large, max-video-preview:-1\" \/>\n<link rel=\"canonical\" href=\"https:\/\/internacional.umh.es\/ca\/conocenos\/vicerrectores-adjuntos-y-directores\/\" \/>\n<meta property=\"og:locale\" content=\"ca_ES\" \/>\n<meta property=\"og:type\" content=\"article\" \/>\n<meta property=\"og:title\" content=\"Vicerectors adjunts i Directors - Internacionalitzaci\u00f3 i Cooperaci\u00f3\" \/>\n<meta property=\"og:description\" content=\"Presentamos a los Vicerrectores adjuntos y directores de Internacionalizaci\u00f3n y Cooperaci\u00f3n de la Universidad Miguel Hern\u00e1ndez.\" \/>\n<meta property=\"og:url\" content=\"https:\/\/internacional.umh.es\/en\/conocenos\/vicerrectores-adjuntos-y-directores\/\" \/>\n<meta property=\"og:site_name\" content=\"Internacionalitzaci\u00f3 i Cooperaci\u00f3\" \/>\n<meta property=\"article:modified_time\" content=\"2025-12-05T17:09:14+00:00\" \/>\n<meta property=\"og:image\" content=\"https:\/\/internacional.umh.es\/files\/2023\/06\/ALBERTO-RODRIGUEZ3-263x300.jpeg\" \/>\n<meta name=\"twitter:card\" content=\"summary_large_image\" \/>\n<meta name=\"twitter:label1\" content=\"Est. reading time\" \/>\n\t<meta name=\"twitter:data1\" content=\"9 minuts\" \/>\n<script type=\"application\/ld+json\" class=\"yoast-schema-graph\">{\"@context\":\"https:\/\/schema.org\",\"@graph\":[{\"@type\":\"WebSite\",\"@id\":\"https:\/\/internacional.umh.es\/en\/#website\",\"url\":\"https:\/\/internacional.umh.es\/en\/\",\"name\":\"Internacionalitzaci\\u00f3 i Cooperaci\\u00f3\",\"description\":\"Universitat Miguel Hern\\u00e1ndez d&#039;Elx\",\"potentialAction\":[{\"@type\":\"SearchAction\",\"target\":{\"@type\":\"EntryPoint\",\"urlTemplate\":\"https:\/\/internacional.umh.es\/en\/?s={search_term_string}\"},\"query-input\":\"required name=search_term_string\"}],\"inLanguage\":\"ca\"},{\"@type\":\"ImageObject\",\"@id\":\"https:\/\/internacional.umh.es\/en\/conocenos\/vicerrectores-adjuntos-y-directores\/#primaryimage\",\"inLanguage\":\"ca\",\"url\":\"https:\/\/internacional.umh.es\/files\/2023\/06\/ALBERTO-RODRIGUEZ3.jpeg\",\"contentUrl\":\"https:\/\/internacional.umh.es\/files\/2023\/06\/ALBERTO-RODRIGUEZ3.jpeg\",\"width\":676,\"height\":772},{\"@type\":\"WebPage\",\"@id\":\"https:\/\/internacional.umh.es\/en\/conocenos\/vicerrectores-adjuntos-y-directores\/#webpage\",\"url\":\"https:\/\/internacional.umh.es\/en\/conocenos\/vicerrectores-adjuntos-y-directores\/\",\"name\":\"Vicerectors adjunts i Directors - Internacionalitzaci\\u00f3 i Cooperaci\\u00f3\",\"isPartOf\":{\"@id\":\"https:\/\/internacional.umh.es\/en\/#website\"},\"primaryImageOfPage\":{\"@id\":\"https:\/\/internacional.umh.es\/en\/conocenos\/vicerrectores-adjuntos-y-directores\/#primaryimage\"},\"datePublished\":\"2015-08-08T11:56:29+00:00\",\"dateModified\":\"2025-12-05T17:09:14+00:00\",\"description\":\"Presentamos a los Vicerrectores adjuntos y directores de Internacionalizaci\\u00f3n y Cooperaci\\u00f3n de la Universidad Miguel Hern\\u00e1ndez.\",\"breadcrumb\":{\"@id\":\"https:\/\/internacional.umh.es\/en\/conocenos\/vicerrectores-adjuntos-y-directores\/#breadcrumb\"},\"inLanguage\":\"ca\",\"potentialAction\":[{\"@type\":\"ReadAction\",\"target\":[\"https:\/\/internacional.umh.es\/en\/conocenos\/vicerrectores-adjuntos-y-directores\/\"]}]},{\"@type\":\"BreadcrumbList\",\"@id\":\"https:\/\/internacional.umh.es\/en\/conocenos\/vicerrectores-adjuntos-y-directores\/#breadcrumb\",\"itemListElement\":[{\"@type\":\"ListItem\",\"position\":1,\"name\":\"Home\",\"item\":\"https:\/\/internacional.umh.es\/en\/\"},{\"@type\":\"ListItem\",\"position\":2,\"name\":\"ABOUT US\",\"item\":\"https:\/\/internacional.umh.es\/en\/conocenos\/\"},{\"@type\":\"ListItem\",\"position\":3,\"name\":\"Deputy Vice Rectors &amp; Directors\"}]}]}<\/script>\n<!-- \/ Yoast SEO plugin. -->","yoast_head_json":{"description":"Presentamos a los Vicerrectores adjuntos y directores de Internacionalizaci\u00f3n y Cooperaci\u00f3n de la Universidad Miguel Hern\u00e1ndez.","robots":{"index":"index","follow":"follow","max-snippet":"max-snippet:-1","max-image-preview":"max-image-preview:large","max-video-preview":"max-video-preview:-1"},"canonical":"https:\/\/internacional.umh.es\/ca\/conocenos\/vicerrectores-adjuntos-y-directores\/","og_locale":"ca_ES","og_type":"article","og_title":"Vicerectors adjunts i Directors - Internacionalitzaci\u00f3 i Cooperaci\u00f3","og_description":"Presentamos a los Vicerrectores adjuntos y directores de Internacionalizaci\u00f3n y Cooperaci\u00f3n de la Universidad Miguel Hern\u00e1ndez.","og_url":"https:\/\/internacional.umh.es\/en\/conocenos\/vicerrectores-adjuntos-y-directores\/","og_site_name":"Internacionalitzaci\u00f3 i Cooperaci\u00f3","article_modified_time":"2025-12-05T17:09:14+00:00","og_image":[{"url":"https:\/\/internacional.umh.es\/files\/2023\/06\/ALBERTO-RODRIGUEZ3-263x300.jpeg"}],"twitter_card":"summary_large_image","twitter_misc":{"Est. reading time":"9 minuts"},"schema":{"@context":"https:\/\/schema.org","@graph":[{"@type":"WebSite","@id":"https:\/\/internacional.umh.es\/en\/#website","url":"https:\/\/internacional.umh.es\/en\/","name":"Internacionalitzaci\u00f3 i Cooperaci\u00f3","description":"Universitat Miguel Hern\u00e1ndez d&#039;Elx","potentialAction":[{"@type":"SearchAction","target":{"@type":"EntryPoint","urlTemplate":"https:\/\/internacional.umh.es\/en\/?s={search_term_string}"},"query-input":"required name=search_term_string"}],"inLanguage":"ca"},{"@type":"ImageObject","@id":"https:\/\/internacional.umh.es\/en\/conocenos\/vicerrectores-adjuntos-y-directores\/#primaryimage","inLanguage":"ca","url":"https:\/\/internacional.umh.es\/files\/2023\/06\/ALBERTO-RODRIGUEZ3.jpeg","contentUrl":"https:\/\/internacional.umh.es\/files\/2023\/06\/ALBERTO-RODRIGUEZ3.jpeg","width":676,"height":772},{"@type":"WebPage","@id":"https:\/\/internacional.umh.es\/en\/conocenos\/vicerrectores-adjuntos-y-directores\/#webpage","url":"https:\/\/internacional.umh.es\/en\/conocenos\/vicerrectores-adjuntos-y-directores\/","name":"Vicerectors adjunts i Directors - Internacionalitzaci\u00f3 i Cooperaci\u00f3","isPartOf":{"@id":"https:\/\/internacional.umh.es\/en\/#website"},"primaryImageOfPage":{"@id":"https:\/\/internacional.umh.es\/en\/conocenos\/vicerrectores-adjuntos-y-directores\/#primaryimage"},"datePublished":"2015-08-08T11:56:29+00:00","dateModified":"2025-12-05T17:09:14+00:00","description":"Presentamos a los Vicerrectores adjuntos y directores de Internacionalizaci\u00f3n y Cooperaci\u00f3n de la Universidad Miguel Hern\u00e1ndez.","breadcrumb":{"@id":"https:\/\/internacional.umh.es\/en\/conocenos\/vicerrectores-adjuntos-y-directores\/#breadcrumb"},"inLanguage":"ca","potentialAction":[{"@type":"ReadAction","target":["https:\/\/internacional.umh.es\/en\/conocenos\/vicerrectores-adjuntos-y-directores\/"]}]},{"@type":"BreadcrumbList","@id":"https:\/\/internacional.umh.es\/en\/conocenos\/vicerrectores-adjuntos-y-directores\/#breadcrumb","itemListElement":[{"@type":"ListItem","position":1,"name":"Home","item":"https:\/\/internacional.umh.es\/en\/"},{"@type":"ListItem","position":2,"name":"ABOUT US","item":"https:\/\/internacional.umh.es\/en\/conocenos\/"},{"@type":"ListItem","position":3,"name":"Deputy Vice Rectors &amp; Directors"}]}]}},"_links":{"self":[{"href":"https:\/\/internacional.umh.es\/ca\/wp-json\/wp\/v2\/pages\/2521"}],"collection":[{"href":"https:\/\/internacional.umh.es\/ca\/wp-json\/wp\/v2\/pages"}],"about":[{"href":"https:\/\/internacional.umh.es\/ca\/wp-json\/wp\/v2\/types\/page"}],"author":[{"embeddable":true,"href":"https:\/\/internacional.umh.es\/ca\/wp-json\/wp\/v2\/users\/3296"}],"replies":[{"embeddable":true,"href":"https:\/\/internacional.umh.es\/ca\/wp-json\/wp\/v2\/comments?post=2521"}],"version-history":[{"count":0,"href":"https:\/\/internacional.umh.es\/ca\/wp-json\/wp\/v2\/pages\/2521\/revisions"}],"up":[{"embeddable":true,"href":"https:\/\/internacional.umh.es\/ca\/wp-json\/wp\/v2\/pages\/2517"}],"wp:attachment":[{"href":"https:\/\/internacional.umh.es\/ca\/wp-json\/wp\/v2\/media?parent=2521"}],"curies":[{"name":"wp","href":"https:\/\/api.w.org\/{rel}","templated":true}]}}