{"id":27161,"date":"2022-07-04T09:21:51","date_gmt":"2022-07-04T07:21:51","guid":{"rendered":"https:\/\/internacional.umh.es\/?page_id=27161"},"modified":"2024-03-25T17:08:06","modified_gmt":"2024-03-25T16:08:06","slug":"erasmus-pdi-2021-2022","status":"publish","type":"page","link":"https:\/\/internacional.umh.es\/ca\/erasmus-pdi-2021-2022\/","title":{"rendered":"ERASMUS PDI 2021\/2022"},"content":{"rendered":"<p><img loading=\"lazy\" class=\" wp-image-17289 alignnone\" title=\"Consulta les convocat\u00f2ries Erasmus+ per a PDI de la UMH\" src=\"https:\/\/internacional.umh.es\/files\/2020\/11\/logo-erasmus-plus-300x61.png\" alt=\"Erasmus+ PDI logo\" width=\"280\" height=\"57\" srcset=\"https:\/\/internacional.umh.es\/files\/2020\/11\/logo-erasmus-plus-300x61.png 300w, https:\/\/internacional.umh.es\/files\/2020\/11\/logo-erasmus-plus-768x156.png 768w, https:\/\/internacional.umh.es\/files\/2020\/11\/logo-erasmus-plus-1024x209.png 1024w, https:\/\/internacional.umh.es\/files\/2020\/11\/logo-erasmus-plus.png 1758w\" sizes=\"(max-width: 280px) 100vw, 280px\" \/><img loading=\"lazy\" class=\"alignnone wp-image-17766\" title=\"El Programa Erasmus+ de la UE cofinancia les seg\u00fcents convocat\u00f2ries Erasmus+ PDI per a la UMH\" src=\"https:\/\/internacional.umh.es\/files\/2021\/01\/logo-cofinanciado-ue.png\" alt=\"Logo Cofinan\u00e7at pel Programa Erasmus+ Uni\u00f3 Europea PDI\" width=\"262\" height=\"60\" srcset=\"https:\/\/internacional.umh.es\/files\/2021\/01\/logo-cofinanciado-ue.png 512w, https:\/\/internacional.umh.es\/files\/2021\/01\/logo-cofinanciado-ue-300x69.png 300w\" sizes=\"(max-width: 262px) 100vw, 262px\" \/><\/p>\n<hr>\n<h4>Enlla\u00e7os d&#8217;inter\u00e9s:<\/h4>\n<ul>\n<li><a title=\"Ho veur\u00e0s en una nova finestra\" href=\"https:\/\/internacional.umh.es\/files\/2021\/05\/Erasmus-Charter-for-Higher-Education.pdf\" target=\"_blank\" rel=\"noopener\">Carta Erasmus 2021-2027 (709Kb Angl\u00e9s .pdf)<\/a><\/li>\n<\/ul>\n<hr>\n<h4 style=\"text-align: justify\"><u>Convocat\u00f2ria 2021\/2022<\/u><\/h4>\n<p style=\"text-align: justify\"><span style=\"color: #ff0000\"><strong>NOU (15\/03\/2022): <\/strong><\/span>El Vicerectorat de Relacions Internacionals de la Universitat Miguel Hern\u00e1ndez (UMH) d&#8217;Elx publica el&nbsp;<strong>llistat provisional de sol\u00b7licituds admeses, excloses i pendents d&#8217;esmenar<\/strong> de la 2a convocat\u00f2ria del programa ERASMUS+ modalitat personal docent per a impartir doc\u00e8ncia (STA) o rebre formaci\u00f3 (STT) curs 2021\/2022<strong>.<\/strong><\/p>\n<p>Les persones interessades a presentar al\u00b7legacions poden fer-ho fins al <strong>29 de mar\u00e7 de 2022<\/strong> a trav\u00e9s de la seu electr\u00f2nica de la UMH, el Registre General, Auxiliars dels campus.<\/p>\n<p><strong><a title=\"Ho veur\u00e0s en una nova finestra\" href=\"https:\/\/internacional.umh.es\/files\/2022\/03\/Publicado.-listado-provi.-solic.-admiti-exclui-y-pend.-subs-PDI.pdf\" target=\"_blank\" rel=\"noopener\">Veure llistat de sol\u00b7licituds admeses, excloses i pendents d&#8217;esmenar (271Kb .pdf)<\/a><\/strong><\/p>\n<p style=\"text-align: justify\"><span style=\"color: #ff0000\"><strong>NOU (21\/02\/2022):<\/strong><\/span> El Vicerectorat de Relacions Internacionals de la Universitat Miguel Hern\u00e1ndez (UMH) d&#8217;Elx aprova la 2a convocat\u00f2ria del <b>Programa de Mobilitat ERASMUS+, modalitat doc\u00e8ncia (STA) i formaci\u00f3 (STT) per a personal docent i investigador (PDI)<\/b> per al curs 2021-2022. Les persones interessades a sol\u00b7licitar les ajudes poden fer-ho a trav\u00e9s de la Seu Electr\u00f2nica de la UMH (<a title=\"Ho veur\u00e0s en una nova finestra\" href=\"https:\/\/sede.umh.es\/ca\/\" target=\"_blank\" rel=\"noopener\" data-saferedirecturl=\"https:\/\/www.google.com\/url?q=https:\/\/sede.umh.es\/&amp;source=gmail&amp;ust=1644926283681000&amp;usg=AOvVaw0_6SlPs95zHcFU7lzJIOuR\"><b>https:\/\/sede.umh.es)<\/b><\/a>, en el Registre General o Auxiliars. Pots consultar el text complet de la convocat\u00f2ria a continuaci\u00f3:<\/p>\n<ul>\n<li><a title=\"Ho veur\u00e0s en una nova finestra\" href=\"https:\/\/internacional.umh.es\/files\/2022\/02\/Publicado-BOUMH.-RR_00466_2022.pdf\" target=\"_blank\" rel=\"noopener\">Text complet de la convocat\u00f2ria (422Kb .pdf)<\/a><\/li>\n<li><a title=\"Ho veur\u00e0s en una nova finestra\" href=\"https:\/\/internacional.umh.es\/files\/2022\/02\/Publicado-DOGV.2022_1239.pdf\" target=\"_blank\" rel=\"noopener\">Publicat en DOGV (208Kb .pdf)<\/a><\/li>\n<\/ul>\n<p>&nbsp;<\/p>\n<p style=\"text-align: justify\">El termini de presentaci\u00f3 de sol\u00b7licituds ser\u00e0 fins al <strong>4 de mar\u00e7 de 2022<\/strong>.<\/p>\n<p style=\"text-align: justify\">Les estades d&#8217;aquesta convocat\u00f2ria hauran de realitzar-se <strong>fins al 22 de desembre de 2022.<\/strong><\/p>\n<ul>\n<li><a title=\"Ho veur\u00e0s en una nova finestra\" href=\"https:\/\/internacional.umh.es\/files\/2022\/02\/Anexo-II.-SOLICITUD-para-docencia-STA.docx\" target=\"_blank\" rel=\"noopener\">Annex II: Model de sol\u00b7licitud per a impartir doc\u00e8ncia (69Kb Castell\u00e0 .docx)<\/a><\/li>\n<li><a title=\"Ho veur\u00e0s en una nova finestra\" href=\"https:\/\/internacional.umh.es\/files\/2022\/02\/Anexo-II.-Solicitud-para-Formacion-STT-PDI.docx\" target=\"_blank\" rel=\"noopener\">Annex II: Model de sol\u00b7licitud per a formaci\u00f3 (40Kb Castell\u00e0 .docx)<\/a><\/li>\n<li><a title=\"Ho veur\u00e0s en una nova finestra\" href=\"https:\/\/internacional.umh.es\/files\/2022\/02\/ANEXO-III.-Listado-de-Plazas-por-paises.pdf\" target=\"_blank\" rel=\"noopener\">Annex III: Llistat de places per pa\u00efsos (per a la modalitat de doc\u00e8ncia) (404Kb Castell\u00e0 .pdf)<\/a><\/li>\n<li><a title=\"Ho veur\u00e0s en una nova finestra\" href=\"https:\/\/internacional.umh.es\/files\/2022\/02\/Anexo-III-b.-Listado-de-paises-participantes.pdf\" target=\"_blank\" rel=\"noopener\">Annex III-b: Llistat de pa\u00efsos participants (per a la modalitat de formaci\u00f3) (171Kb Castell\u00e0 .pdf)<\/a><\/li>\n<li><a title=\"Ho veur\u00e0s en una nova finestra\" href=\"https:\/\/internacional.umh.es\/files\/2022\/02\/Anexo-IV.-Staff-Mobility-Agreement-teaching_integr_2020_EN.docx\" target=\"_blank\" rel=\"noopener\">Annex IV: Staff Mobility for Teaching (101Kb Castell\u00e0 .docx)<\/a><\/li>\n<li><a title=\"Ho veur\u00e0s en una nova finestra\" href=\"https:\/\/internacional.umh.es\/files\/2022\/02\/Anexo-IV.-Staff-Mobility-Agreement_training_integr_2020_EN.docx\" target=\"_blank\" rel=\"noopener\">Annex IV: Staff Mobility for Training (99Kb Castell\u00e0 .docx)<\/a><\/li>\n<\/ul>\n<p>&nbsp;<\/p>\n<p style=\"text-align: justify\">La documentaci\u00f3 a aportar ser\u00e0 la seg\u00fcent:<\/p>\n<ol>\n<li>Sol\u00b7licitud emplenada i signada<\/li>\n<li>Documents <b><span lang=\"ES-TRAD\">acreditatius<\/span><\/b><span lang=\"ES-TRAD\"> dels m\u00e8rits al\u00b7legats.<\/span><\/li>\n<li><b>Carta<\/b> <b><span lang=\"ES-TRAD\">d&#8217;invitaci\u00f3<\/span><\/b><span lang=\"ES-TRAD\"> de la instituci\u00f3 de dest\u00ed. Es podr\u00e0 aportar qualsevol document, tant en suport f\u00edsic com electr\u00f2nic, sempre que vinguen subscrits per la persona autoritzada i <b>es fa\u00e7a expressa refer\u00e8ncia al sol\u00b7licitant i a l&#8217;activitat docent o formaci\u00f3 proposada.<\/b><\/span><\/li>\n<li><b><span lang=\"ES-TRAD\">Acord de<\/span><\/b><span lang=\"ES-TRAD\"> <b>Mobilitat de l&#8217;Annex IV<\/b>, emplenat i signat pel sol\u00b7licitant (no es requereix la signatura de l&#8217;organitzaci\u00f3 de dest\u00ed en el moment de presentar la sol\u00b7licitud).<\/span>\n<p style=\"font-weight: 400;text-align: justify\"><strong>Passos a seguir per a presentar la sol\u00b7licitud a trav\u00e9s de la Seu Electr\u00f2nica:<\/strong><\/p>\n<ol>\n<li>Clicar a \u201c<strong>Tramitar<\/strong>\u201d.<\/li>\n<li>Introduir <strong>usuari<\/strong> i <strong>contrasenya<\/strong> de personal UMH.<\/li>\n<li>Emplenar les <strong>dades personals<\/strong> en cas de faltar alguna dada.<\/li>\n<li>Quan es carregue la \u00abInst\u00e0ncia general\u00bb, en l&#8217;apartat \u201cSol\u00b7licitud\u201d triar:\n<ul>\n<li>En el camp <strong>\u201cDirigit a\u201d: el Servei de Relacions Internacionals, Cooperaci\u00f3 al Desenvolupament i Voluntariat.<\/strong><\/li>\n<li>En el camp \u201cExposa-Sol\u00b7licita\u201d: indicar Presente sol\u00b7licitud per a participar en la 2a convocat\u00f2ria del Programa de Mobilitat Erasmus+ modalitat\u2026\u2026 (indicar la modalitat que s&#8217;est\u00e0 sol\u00b7licitant)\u201d.<\/li>\n<\/ul>\n<\/li>\n<li>Adjuntar documentaci\u00f3 requerida.<\/li>\n<li>Clicar a \u201c<strong>Presentar en Registre\u201d.<\/strong><\/li>\n<\/ol>\n<hr>\n<p style=\"font-weight: 400;text-align: justify\"><span style=\"color: #000000\"><strong>ANTERIOR (19\/01\/2022)<\/strong><\/span>: El Vicerectorat de Relacions Internacionals de la Universitat Miguel Hern\u00e1ndez (UMH) d&#8217;Elx publica el <strong>llistat definitiu d&#8217;ajudes concedides <\/strong>de la 1a convocat\u00f2ria del programa ERASMUS+ modalitat personal docent per a impartir doc\u00e8ncia (STA) o rebre formaci\u00f3 (STT) curs 2021\/2022.<\/p>\n<ul>\n<li style=\"text-align: justify\"><a title=\"Ho veur\u00e0s en una nova finestra\" href=\"https:\/\/internacional.umh.es\/files\/2022\/01\/Public.-correc.-errores.-RR_00132_2022.pdf\" target=\"_blank\" rel=\"noopener\">Veure llistat definitiu d&#8217;ajudes definitiu amb correcci\u00f3 d&#8217;errors (322Kb Castell\u00e0 .pdf)<\/a><\/li>\n<li style=\"text-align: justify\"><a title=\"Ho veur\u00e0s en una nova finestra\" href=\"https:\/\/internacional.umh.es\/files\/2022\/01\/Publicado.-RR_05214_2021.pdf\" target=\"_blank\" rel=\"noopener\">Consultar llistat definitiu d&#8217;ajudes definitiu (245kb Castell\u00e0 .pdf)<\/a><\/li>\n<\/ul>\n<p>&nbsp;<\/p>\n<hr>\n<p style=\"font-weight: 400;text-align: justify\"><strong>ANTERIOR (03\/12\/2021)<\/strong>: El Vicerectorat de Relacions Internacionals de la Universitat Miguel Hern\u00e1ndez (UMH) d&#8217;Elx publica el <strong>llistat provisional d&#8217;ajudes concedides <\/strong>de la 1a convocat\u00f2ria del programa ERASMUS+ modalitat personal docent per a impartir doc\u00e8ncia (STA) o rebre formaci\u00f3 (STT) curs 2021\/2022.<\/p>\n<p style=\"font-weight: 400\"><a title=\"Ho veur\u00e0s en una nova finestra\" href=\"https:\/\/internacional.umh.es\/files\/2021\/12\/Publicada.-listado-provisional-ayuda-concedida-erasmus-PDI-21-22.pdf\" target=\"_blank\" rel=\"noopener\">Consultar llistat provisional d&#8217;ajudes concedides (304 Kb.pdf)<\/a><\/p>\n<hr>\n<p style=\"text-align: justify\"><strong>ANTERIOR (23\/12\/2021):<\/strong> El Vicerectorat de Relacions Internacionals de la Universitat Miguel Hern\u00e1ndez (UMH) d&#8217;Elx publica el <strong>llistat definitiu de sol\u00b7licituds admeses i excloses <\/strong>de la 1a convocat\u00f2ria del programa ERASMUS+ modalitat personal docent per a impartir doc\u00e8ncia (STA) o rebre formaci\u00f3 (STT) curs 2021\/2022.<\/p>\n<p style=\"font-weight: 400\"><a title=\"Ho veur\u00e0s en una nova finestra\" href=\"https:\/\/internacional.umh.es\/files\/2021\/11\/Publicado.-Listado-admitidos-y-excluidos-PDI.pdf\" target=\"_blank\" rel=\"noopener\">Veure llistat definitiu de sol\u00b7licituds admeses i excloses (337 Kb Castell\u00e0 .pdf)<\/a><\/p>\n<hr>\n<p style=\"text-align: justify\"><strong>ANTERIOR (20\/10\/2021):<\/strong> El Vicerectorat de Relacions Internacionals de la Universitat Miguel Hern\u00e1ndez (UMH) d&#8217;Elx publica el <strong>llistat provisional de sol\u00b7licituds admeses, excloses i pendents d&#8217;esmenar<\/strong> de la 1a convocat\u00f2ria del programa ERASMUS+ modalitat personal docent per a impartir doc\u00e8ncia (STA) o rebre formaci\u00f3 (STT) curs 2021\/2022<strong>.<\/strong><\/p>\n<p style=\"text-align: justify\">Les persones interessades a presentar al\u00b7legacions poden fer-ho fins al <strong>4 de novembre de 2021<\/strong> a trav\u00e9s de la seu electr\u00f2nica de la UMH, el Registre General, Auxiliars dels campus.<\/p>\n<p style=\"font-weight: 400\"><a title=\"Ho veur\u00e0s en una nova finestra\" href=\"https:\/\/internacional.umh.es\/files\/2021\/10\/Publicado.-Listado-de-admitidos-y-excluidos.-Erasmus-PDI-21-22.pdf\" target=\"_blank\" rel=\"noopener noreferrer\">Veure llistat de sol\u00b7licituds admeses, excloses i pendents d&#8217;esmenar (275Kb Castell\u00e0 .pdf)<\/a><\/p>\n<hr>\n<p style=\"font-weight: 400;text-align: justify\"><strong>ANTERIOR (14\/09\/2021):<\/strong> El Vicerectorat de Relacions Internacionals de la Universitat Miguel Hern\u00e1ndez (UMH) d&#8217;Elx publica la 1a convocat\u00f2ria del <strong>Programa de Mobilitat ERASMUS+, modalitat doc\u00e8ncia (STA) i formaci\u00f3 (STT) per a personal docent i investigador (PDI)<\/strong> per al curs 2021-2022 . Les persones interessades a sol\u00b7licitar les ajudes poden fer-ho a trav\u00e9s de la Seu Electr\u00f2nica de la UMH (<a title=\"Ho veur\u00e0s en una nova finestra\" href=\"https:\/\/sede.umh.es\/ca\/\" target=\"_blank\" rel=\"noopener\" data-saferedirecturl=\"https:\/\/www.google.com\/url?q=https:\/\/sede.umh.es\/&amp;source=gmail&amp;ust=1627722848176000&amp;usg=AFQjCNFd6aSdlmckhfjFuuy0B4sz311rgg\"><strong>https:\/\/sede.umh.es)<\/strong><\/a>, en el Registre General o Auxiliars. Pots consultar el text complet de la convocat\u00f2ria a continuaci\u00f3:<\/p>\n<p><a title=\"Ho veur\u00e0s en una nova finestra\" href=\"https:\/\/internacional.umh.es\/files\/2021\/07\/Publicado-BOUMH.RR_03776_2021.pdf\" target=\"_blank\" rel=\"noopener noreferrer\"><strong>Consulta el text complet de la convocat\u00f2ria (1,15Mb Castell\u00e0 .pdf)<\/strong><\/a><\/p>\n<p>Ja ha eixit publicat en el DOGV les convocat\u00f2ries Erasmus per a PDI.<\/p>\n<p style=\"font-weight: 400\">Pots consultar l&#8217;extracte del DOGV a continuaci\u00f3: <a title=\"Ho veur\u00e0s en una nova finestra\" href=\"https:\/\/internacional.umh.es\/files\/2021\/09\/Publicado-DOGV-PDI.-2021_9057.pdf\" target=\"_blank\" rel=\"noopener noreferrer\">Publicat DOGV-PDI (237kb .pdf)<\/a><\/p>\n<p style=\"font-weight: 400\"><span style=\"color: #000000\">Termini de presentaci\u00f3 de sol\u00b7licituds fins al <strong>27 de setembre de 2021.<\/strong><\/span><\/p>\n<p style=\"font-weight: 400\">Les estades d&#8217;aquesta convocat\u00f2ria hauran de realitzar-se <strong>fins al 30 de maig de 2022.<\/strong><\/p>\n<p style=\"font-weight: 400;text-align: justify\">Els sol\u00b7licitants hauran de ser membres de la <strong>plantilla de personal docent<\/strong> de la Universitat Miguel Hern\u00e1ndez d&#8217;Elx, tant funcionaris com contractats, que es troben impartint doc\u00e8ncia en un pla d&#8217;estudis oficial de grau o postgrau en la mateixa en el moment de realitzar-se l&#8217;estada proposada.<\/p>\n<p style=\"font-weight: 400;text-align: justify\">Es podran sol\u00b7licitar ajudes per a la realitzaci\u00f3 d&#8217;estades breus <strong>fora d&#8217;Espanya, en el territori d&#8217;un pa\u00eds participant en el programa Erasmus+, en una organitzaci\u00f3 que tinga la condici\u00f3 d&#8217;elegible<\/strong> segons l&#8217;acci\u00f3 de mobilitat.Els requisits de cada tipus de modalitat es troben especificats en la convocat\u00f2ria (<a title=\"El veur\u00e0s en una nova finestra\" href=\"https:\/\/internacional.umh.es\/files\/2021\/07\/anexo-iii.-listado-de-plazas-por-pa\u00edses.pdf\" target=\"_*blank\" rel=\"*noopener noreferrer noopener\"><strong>Consulta l&#8217;ANNEX-III (404Kb Castell\u00e0 .pdf)-<\/strong><strong>Llistat-de-Places-per-pa\u00efsos (171Kb Castell\u00e0 .pdf)<\/strong><\/a> i <a title=\"Ho veur\u00e0s en una nova finestra\" href=\"https:\/\/internacional.umh.es\/files\/2021\/07\/Anexo-III-b.-Listado-de-paises-participantes.pdf\" target=\"_blank\" rel=\"noopener\"><strong>Annex-III-b (171kB Castell\u00e0 .pdf)<\/strong><strong>-Llistat de pa\u00efsos participants en la modalitat B<\/strong><\/a>).<\/p>\n<p style=\"font-weight: 400;text-align: justify\">L&#8217;estada es desenvolupar\u00e0 sobre la base de <a href=\"https:\/\/internacional.umh.es\/files\/2021\/07\/Anexo-IV.-Staff-Mobility-Agreement-teaching_integr_2020_EN.docx\" target=\"_blank\" rel=\"noopener noreferrer\"><strong>l&#8217;Acord de Mobilitat de l&#8217;Annex IV-STA. Acord de mobilitat doc\u00e8ncia (101Kb Angl\u00e9s .docx) <\/strong><\/a> i <a title=\"Ho veur\u00e0s en una nova finestra\" href=\"https:\/\/internacional.umh.es\/files\/2021\/07\/Anexo-IV.-Staff-Mobility-Agreement_training_integr_2020_EN-1.docx\" target=\"_blank\" rel=\"noopener noreferrer\"><strong>Annex IV\u2013STT. Acord de mobilitat formaci\u00f3 (modalitat doc\u00e8ncia| modalitat formaci\u00f3 (99Kb Angl\u00e9s .docx)<\/strong><\/a> pr\u00e8viament acordat amb la instituci\u00f3 de dest\u00ed i haur\u00e0 de realitzar-se en un pa\u00eds diferent al de la instituci\u00f3 d&#8217;origen i de resid\u00e8ncia del sol\u00b7licitant.<\/p>\n<p style=\"font-weight: 400;text-align: justify\">Les sol\u00b7licituds <strong><a title=\"Ho veur\u00e0s en una nova finestra\" href=\"https:\/\/internacional.umh.es\/files\/2021\/07\/Anexo-II.-SOLICITUD-para-docencia-STA.docx\" target=\"_blank\" rel=\"noopener noreferrer\">Annex II: Modalitat doc\u00e8ncia (STA) (68Kb Castell\u00e0 .docx)<\/a><\/strong> ; <a title=\"Ho veur\u00e0s en una nova finestra\" href=\"https:\/\/internacional.umh.es\/files\/2021\/07\/Anexo-II.-Solicitud-para-Formacion-STT-PDI.docx\" target=\"_blank\" rel=\"noopener noreferrer\"><strong>Annex II. Sol\u00b7licitud per a Formaci\u00f3 (STT) (39Kb Castell\u00e0 .docx)<\/strong><\/a> es podran presentar a trav\u00e9s de la seu electr\u00f2nica. Termini de presentaci\u00f3 de sol\u00b7licituds fins al <strong>27 de setembre de 2021.<\/strong><\/p>\n<hr>\n<h4 style=\"text-align: justify\">Convocat\u00f2ries anteriors<\/h4>\n<ul>\n<li><a title=\"Accedeix ara a la convocat\u00f2ria Erasmus+ PDI 2020-21\" href=\"https:\/\/internacional.umh.es\/erasmus-pdi-2020-2021\/\">ERASMUS PDI 2020\/2021<\/a><\/li>\n<li><a title=\"Accedeix ara a la convocat\u00f2ria Erasmus+ PDI 2019-20\" href=\"https:\/\/internacional.umh.es\/erasmus-pdi-2019-2020\/\">ERASMUS PDI 2019\/2020<\/a><\/li>\n<li><a title=\"Accedeix ara a la convocat\u00f2ria Erasmus+ PDI 2018-19\" href=\"https:\/\/internacional.umh.es\/erasmus-pdi-2018-2019\/\">ERASMUS PDI 2018\/2019<\/a><\/li>\n<li><a title=\"Accedeix ara a la convocat\u00f2ria Erasmus+ PDI 2017-18\" href=\"https:\/\/internacional.umh.es\/erasmus-pdi-2017-2018\/\">ERASMUS PDI 2017\/2018<\/a><\/li>\n<li><a title=\"Accedeix ara a la convocat\u00f2ria Erasmus+ PDI 2016-17\" href=\"https:\/\/internacional.umh.es\/erasmus-pdi-2016-2017\/\">ERASMUS PDI 2016\/2017<\/a><\/li>\n<li><a title=\"Accedeix ara a la convocat\u00f2ria Erasmus+ PDI 2015-16\" href=\"https:\/\/internacional.umh.es\/erasmus-pdi-2015-2016\/\">ERASMUS PDI 2015\/2016<\/a><\/li>\n<\/ul>\n<p>&nbsp;<\/li>\n<\/ol>\n<p><\/p>","protected":false},"excerpt":{"rendered":"<p>Enlla\u00e7os d&#8217;inter\u00e9s:<\/p>\n<p>Carta Erasmus 2021-2027 (709Kb Angl\u00e9s .pdf)<\/p>\n<p>Convocat\u00f2ria 2021\/2022<br \/>\nNOU (15\/03\/2022): El Vicerectorat de Relacions Internacionals de la Universitat Miguel Hern\u00e1ndez (UMH) d&#8217;Elx publica el&nbsp;llistat provisional de sol\u00b7licituds admeses, excloses i pendents d&#8217;esmenar de la 2a convocat\u00f2ria del programa ERASMUS+ modalitat personal docent per a impartir doc\u00e8ncia (STA) o rebre formaci\u00f3 (STT) curs 2021\/2022.<br \/>\nLes persones interessades a [&#8230;]<\/p>\n","protected":false},"author":4886,"featured_media":0,"parent":0,"menu_order":0,"comment_status":"closed","ping_status":"closed","template":"","meta":{"ngg_post_thumbnail":0,"_links_to":"","_links_to_target":""},"yoast_head":"<!-- This site is optimized with the Yoast SEO plugin v17.5 - https:\/\/yoast.com\/wordpress\/plugins\/seo\/ -->\n<meta name=\"description\" content=\"1\u00aa convocatoria del\u00a0Programa de Movilidad ERASMUS+, modalidad docencia y formaci\u00f3n para PDI\u00a0para el curso 2021-2022\" \/>\n<meta name=\"robots\" content=\"index, follow, max-snippet:-1, max-image-preview:large, max-video-preview:-1\" \/>\n<link rel=\"canonical\" href=\"https:\/\/internacional.umh.es\/ca\/erasmus-pdi-2021-2022\/\" \/>\n<meta property=\"og:locale\" content=\"ca_ES\" \/>\n<meta property=\"og:type\" content=\"article\" \/>\n<meta property=\"og:title\" content=\"ERASMUS+ modalidad personal docente curso 2021\/2022\" \/>\n<meta property=\"og:description\" content=\"1\u00aa convocatoria del\u00a0Programa de Movilidad ERASMUS+, modalidad docencia y formaci\u00f3n para PDI\u00a0para el curso 2021-2022\" \/>\n<meta property=\"og:url\" content=\"https:\/\/internacional.umh.es\/erasmus-pdi-2021-2022\/\" \/>\n<meta property=\"og:site_name\" content=\"Internacionalitzaci\u00f3 i Cooperaci\u00f3\" \/>\n<meta property=\"article:modified_time\" content=\"2024-03-25T16:08:06+00:00\" \/>\n<meta property=\"og:image\" content=\"https:\/\/internacional.umh.es\/files\/2020\/11\/logo-erasmus-plus-300x61.png\" \/>\n<meta name=\"twitter:card\" content=\"summary_large_image\" \/>\n<meta name=\"twitter:label1\" content=\"Est. reading time\" \/>\n\t<meta name=\"twitter:data1\" content=\"6 minuts\" \/>\n<script type=\"application\/ld+json\" class=\"yoast-schema-graph\">{\"@context\":\"https:\/\/schema.org\",\"@graph\":[{\"@type\":\"WebSite\",\"@id\":\"https:\/\/internacional.umh.es\/en\/#website\",\"url\":\"https:\/\/internacional.umh.es\/en\/\",\"name\":\"Internacionalitzaci\\u00f3 i Cooperaci\\u00f3\",\"description\":\"Universitat Miguel Hern\\u00e1ndez d&#039;Elx\",\"potentialAction\":[{\"@type\":\"SearchAction\",\"target\":{\"@type\":\"EntryPoint\",\"urlTemplate\":\"https:\/\/internacional.umh.es\/en\/?s={search_term_string}\"},\"query-input\":\"required name=search_term_string\"}],\"inLanguage\":\"ca\"},{\"@type\":\"ImageObject\",\"@id\":\"https:\/\/internacional.umh.es\/erasmus-pdi-2021-2022\/#primaryimage\",\"inLanguage\":\"ca\",\"url\":\"https:\/\/internacional.umh.es\/files\/2020\/11\/logo-erasmus-plus.png\",\"contentUrl\":\"https:\/\/internacional.umh.es\/files\/2020\/11\/logo-erasmus-plus.png\",\"width\":1758,\"height\":358,\"caption\":\"Logo Erasmus+\"},{\"@type\":\"WebPage\",\"@id\":\"https:\/\/internacional.umh.es\/erasmus-pdi-2021-2022\/#webpage\",\"url\":\"https:\/\/internacional.umh.es\/erasmus-pdi-2021-2022\/\",\"name\":\"ERASMUS+ modalidad personal docente curso 2021\/2022\",\"isPartOf\":{\"@id\":\"https:\/\/internacional.umh.es\/en\/#website\"},\"primaryImageOfPage\":{\"@id\":\"https:\/\/internacional.umh.es\/erasmus-pdi-2021-2022\/#primaryimage\"},\"datePublished\":\"2022-07-04T07:21:51+00:00\",\"dateModified\":\"2024-03-25T16:08:06+00:00\",\"description\":\"1\\u00aa convocatoria del\\u00a0Programa de Movilidad ERASMUS+, modalidad docencia y formaci\\u00f3n para PDI\\u00a0para el curso 2021-2022\",\"breadcrumb\":{\"@id\":\"https:\/\/internacional.umh.es\/erasmus-pdi-2021-2022\/#breadcrumb\"},\"inLanguage\":\"ca\",\"potentialAction\":[{\"@type\":\"ReadAction\",\"target\":[\"https:\/\/internacional.umh.es\/erasmus-pdi-2021-2022\/\"]}]},{\"@type\":\"BreadcrumbList\",\"@id\":\"https:\/\/internacional.umh.es\/erasmus-pdi-2021-2022\/#breadcrumb\",\"itemListElement\":[{\"@type\":\"ListItem\",\"position\":1,\"name\":\"Home\",\"item\":\"https:\/\/internacional.umh.es\/en\/\"},{\"@type\":\"ListItem\",\"position\":2,\"name\":\"ERASMUS PDI 2021\/2022\"}]}]}<\/script>\n<!-- \/ Yoast SEO plugin. -->","yoast_head_json":{"description":"1\u00aa convocatoria del\u00a0Programa de Movilidad ERASMUS+, modalidad docencia y formaci\u00f3n para PDI\u00a0para el curso 2021-2022","robots":{"index":"index","follow":"follow","max-snippet":"max-snippet:-1","max-image-preview":"max-image-preview:large","max-video-preview":"max-video-preview:-1"},"canonical":"https:\/\/internacional.umh.es\/ca\/erasmus-pdi-2021-2022\/","og_locale":"ca_ES","og_type":"article","og_title":"ERASMUS+ modalidad personal docente curso 2021\/2022","og_description":"1\u00aa convocatoria del\u00a0Programa de Movilidad ERASMUS+, modalidad docencia y formaci\u00f3n para PDI\u00a0para el curso 2021-2022","og_url":"https:\/\/internacional.umh.es\/erasmus-pdi-2021-2022\/","og_site_name":"Internacionalitzaci\u00f3 i Cooperaci\u00f3","article_modified_time":"2024-03-25T16:08:06+00:00","og_image":[{"url":"https:\/\/internacional.umh.es\/files\/2020\/11\/logo-erasmus-plus-300x61.png"}],"twitter_card":"summary_large_image","twitter_misc":{"Est. reading time":"6 minuts"},"schema":{"@context":"https:\/\/schema.org","@graph":[{"@type":"WebSite","@id":"https:\/\/internacional.umh.es\/en\/#website","url":"https:\/\/internacional.umh.es\/en\/","name":"Internacionalitzaci\u00f3 i Cooperaci\u00f3","description":"Universitat Miguel Hern\u00e1ndez d&#039;Elx","potentialAction":[{"@type":"SearchAction","target":{"@type":"EntryPoint","urlTemplate":"https:\/\/internacional.umh.es\/en\/?s={search_term_string}"},"query-input":"required name=search_term_string"}],"inLanguage":"ca"},{"@type":"ImageObject","@id":"https:\/\/internacional.umh.es\/erasmus-pdi-2021-2022\/#primaryimage","inLanguage":"ca","url":"https:\/\/internacional.umh.es\/files\/2020\/11\/logo-erasmus-plus.png","contentUrl":"https:\/\/internacional.umh.es\/files\/2020\/11\/logo-erasmus-plus.png","width":1758,"height":358,"caption":"Logo Erasmus+"},{"@type":"WebPage","@id":"https:\/\/internacional.umh.es\/erasmus-pdi-2021-2022\/#webpage","url":"https:\/\/internacional.umh.es\/erasmus-pdi-2021-2022\/","name":"ERASMUS+ modalidad personal docente curso 2021\/2022","isPartOf":{"@id":"https:\/\/internacional.umh.es\/en\/#website"},"primaryImageOfPage":{"@id":"https:\/\/internacional.umh.es\/erasmus-pdi-2021-2022\/#primaryimage"},"datePublished":"2022-07-04T07:21:51+00:00","dateModified":"2024-03-25T16:08:06+00:00","description":"1\u00aa convocatoria del\u00a0Programa de Movilidad ERASMUS+, modalidad docencia y formaci\u00f3n para PDI\u00a0para el curso 2021-2022","breadcrumb":{"@id":"https:\/\/internacional.umh.es\/erasmus-pdi-2021-2022\/#breadcrumb"},"inLanguage":"ca","potentialAction":[{"@type":"ReadAction","target":["https:\/\/internacional.umh.es\/erasmus-pdi-2021-2022\/"]}]},{"@type":"BreadcrumbList","@id":"https:\/\/internacional.umh.es\/erasmus-pdi-2021-2022\/#breadcrumb","itemListElement":[{"@type":"ListItem","position":1,"name":"Home","item":"https:\/\/internacional.umh.es\/en\/"},{"@type":"ListItem","position":2,"name":"ERASMUS PDI 2021\/2022"}]}]}},"_links":{"self":[{"href":"https:\/\/internacional.umh.es\/ca\/wp-json\/wp\/v2\/pages\/27161"}],"collection":[{"href":"https:\/\/internacional.umh.es\/ca\/wp-json\/wp\/v2\/pages"}],"about":[{"href":"https:\/\/internacional.umh.es\/ca\/wp-json\/wp\/v2\/types\/page"}],"author":[{"embeddable":true,"href":"https:\/\/internacional.umh.es\/ca\/wp-json\/wp\/v2\/users\/4886"}],"replies":[{"embeddable":true,"href":"https:\/\/internacional.umh.es\/ca\/wp-json\/wp\/v2\/comments?post=27161"}],"version-history":[{"count":0,"href":"https:\/\/internacional.umh.es\/ca\/wp-json\/wp\/v2\/pages\/27161\/revisions"}],"wp:attachment":[{"href":"https:\/\/internacional.umh.es\/ca\/wp-json\/wp\/v2\/media?parent=27161"}],"curies":[{"name":"wp","href":"https:\/\/api.w.org\/{rel}","templated":true}]}}