{"id":29,"date":"2010-09-06T11:09:39","date_gmt":"2010-09-06T11:09:39","guid":{"rendered":"http:\/\/internacional.umh.es\/acogida\/alojamiento\/"},"modified":"2024-02-16T14:15:49","modified_gmt":"2024-02-16T13:15:49","slug":"alojamiento","status":"publish","type":"page","link":"https:\/\/internacional.umh.es\/ca\/incoming\/welcome-office\/alojamiento\/","title":{"rendered":"Allotjament i transport"},"content":{"rendered":"<p><\/p>\n<h3><strong>Com arribar a la Universitat Miguel Hern\u00e1ndez?<\/strong><\/h3>\n<ul>\n<li><a title=\"Ho veur\u00e0s en una nova finestra\" href=\"https:\/\/www.visitelche.com\/va\/\" target=\"_blank\" rel=\"noopener noreferrer\"><strong>Elx<\/strong><\/a> es troba en una situaci\u00f3 privilegiada a 20 Km. d&#8217;Alacant. Juntament amb altres ciutats pr\u00f2ximes forma l&#8217;eix del corredor sud de l&#8217;Arc Mediterrani, una zona de gran dinamisme econ\u00f2mic i demogr\u00e0fic.<\/li>\n<\/ul>\n<p style=\"text-align: justify\">Elx es troba ben comunicada tant per terra, mar i aire. L&#8217;Aeroport <a title=\"Accedeix a la web de l'Aeroport d'Alacant-Elx Miguel Hern\u00e1ndez en una nova finestra\" href=\"https:\/\/www.aena.es\/va\/alacant-elx.html\" target=\"_blank\" rel=\"noopener noreferrer\"><strong>Alacant-Elx Miguel Hern\u00e1ndez<\/strong><\/a> est\u00e0 molt a prop, aix\u00ed com del <strong><a title=\"Visita la web del Port d'Alacant en una nova finestra\" href=\"https:\/\/www.puertoalicante.com\/va\/\" target=\"_blank\" rel=\"noopener noreferrer\">port mar\u00edtim<\/a><\/strong> de la capital de la prov\u00edncia o el Port de Santa Pola. Les <strong><a title=\"Ho veur\u00e0s en una nova finestra\" href=\"https:\/\/www.puertoalicante.com\/va\/\" target=\"_blank\" rel=\"noopener noreferrer\">comunicacions <\/a><\/strong>per carretera tamb\u00e9 s\u00f3n excel\u00b7lents, podent accedir f\u00e0cilment tant a l&#8217;Autopista del Mediterrani com a l&#8217;Autovia de Madrid. A m\u00e9s, les comunicacions per ferrocarril inclouen la <a title=\"Ho veur\u00e0s en una nova finestra\" href=\"https:\/\/goo.gl\/maps\/CKbTaUZM3A8XatfS7\" target=\"_blank\" rel=\"noopener noreferrer\">nova estaci\u00f3 de tren d&#8217;alta velocitat AVE<\/a>.<\/p>\n<ul>\n<li>\n<p style=\"text-align: justify\"><a title=\"Ho veur\u00e0s en una nova finestra\" href=\"http:\/\/www.santjoandalacant.es\/es\" target=\"_blank\" rel=\"noopener noreferrer\"><strong>Sant Joan d&#8217;Alacant<\/strong><\/a> est\u00e0 localitzada a 10 Km. al nord d&#8217;Alacant. <a title=\"Ho veur\u00e0s en una nova finestra\" href=\"https:\/\/www.santjoandalacant.es\/va\/node\/1039\" target=\"_blank\" rel=\"noopener noreferrer\">Hi ha diverses l\u00ednies d&#8217;autob\u00fas des d&#8217;Alacant<\/a> (<strong>la m\u00e9s utilitzada \u00e9s la 23<\/strong>).<\/p>\n<\/li>\n<li>\n<p style=\"text-align: justify\"><a title=\"Ho veur\u00e0s en una nova finestra\" href=\"http:\/\/www.orihuela.es\/\" target=\"_blank\" rel=\"noopener noreferrer\"><strong>Oriola<\/strong><\/a> es troba a 30 Km. al sud d&#8217;Elx. Existeixen tant autobusos com trens regulars des d&#8217;Elx i Alacant.<\/p>\n<\/li>\n<li>\n<p style=\"text-align: justify\"><a title=\"Ho veur\u00e0s en una nova finestra\" href=\"https:\/\/www.visitaltea.es\/ca\/com-arribar-a-altea\/\" target=\"_blank\" rel=\"noopener noreferrer\"><strong>Altea<\/strong><\/a> est\u00e0 a 53 Km. al nordest d&#8217;Alacant. Pot arribar a Altea mitjan\u00e7ant taxi, autob\u00fas des de l&#8217;Aeroport o Alacant, o tamb\u00e9 amb el <strong><a title=\"Ho veur\u00e0s en una nova finestra\" href=\"http:\/\/www.tramalicante.es\/page.php\" target=\"_blank\" rel=\"noopener noreferrer\">TRAM d&#8217;Alacant<\/a><\/strong> des d&#8217;Alacant.<\/p>\n<\/li>\n<\/ul>\n<p style=\"text-align: justify\">Per a arribar des de l&#8217;Aeroport als respectius Campus, es poden usar diferents vies de transport:<\/p>\n<ul>\n<li><strong>Taxi:<\/strong> els taxis (a Elx o a Alacant ) es poden agafar a l&#8217;eixida de l&#8217;Aeroport d&#8217;Alacant-Elx Miguel Hern\u00e1ndez<\/li>\n<\/ul>\n<ul>\n<li><strong>Autob\u00fas:<\/strong> cap a Alacant, Elx o Altea.\n<ul>\n<li><strong><a title=\"Ho veur\u00e0s en una nova finestra\" href=\"https:\/\/www.estacionalicante.es\/index.php\/ca\/\" target=\"_blank\" rel=\"noopener noreferrer\">Estaci\u00f3 d&#8217;Autobusos d&#8217;Alacant<\/a><\/strong>: Moll de Ponent, s\/n, 03003 Alacant : +34 965 130 700<\/li>\n<li><a title=\"Ho veur\u00e0s en una nova finestra\" href=\"https:\/\/www.visitelche.com\/va\/com-arribar-hi\/estacion-de-autobuses-elche\/\" target=\"_blank\" rel=\"noopener noreferrer\"><strong>Estaci\u00f3 d&#8217;Autobusos d&#8217;Elx<\/strong><\/a>: Avinguda Alcalde Vicente Quiles, 8 Tel.:+34 966 615 050<\/li>\n<\/ul>\n<\/li>\n<\/ul>\n<ul>\n<li><strong>Tren:<\/strong>\n<ul>\n<li>Des de l&#8217;Estaci\u00f3 de Trens d&#8217;Alacant, Avinguda de Salamanca s\/n. Tel.: +34 902 240 202 <a title=\"Ho veur\u00e0s en una nova finestra\" href=\"https:\/\/www.renfe.com\/es\/va\/cercanias\/cercanias-murcia-alacant\" target=\"_blank\" rel=\"noopener noreferrer\"><strong>renfe.es\/cercanias<\/strong><\/a><\/li>\n<li>Des de l&#8217;Estaci\u00f3 de Trens d&#8217;Elx, Avinguda del Ferrocarril, s\/n. Tel.: +34 965 456 254<\/li>\n<\/ul>\n<\/li>\n<\/ul>\n<ul>\n<li><strong>TRAM:<\/strong> cap a Altea nom\u00e9s des d&#8217;Alacant. <a title=\"Ho veur\u00e0s en una nova finestra\" href=\"https:\/\/www.tramalacant.es\/page.php?idioma=_vl\" target=\"_blank\" rel=\"noopener noreferrer\"><strong>TRAM<\/strong><\/a><\/li>\n<\/ul>\n<hr>\n<h4><strong>Allotjament<\/strong><\/h4>\n<p style=\"text-align: justify\">Prement els botons pots accedir a m\u00e9s informaci\u00f3 sobre cada programa d&#8217;allotjament durant la teua estada en la <strong>Universitat Miguel Hern\u00e0ndez d&#8217;Elx (UMH)<\/strong>. Es tracta de <strong>*empreses o institucions d&#8217;allotjament adherides a avantatges comercials a la comunitat universit\u00e0ria.<\/strong><\/p>\n<table style=\"border: 0px\">\n<tbody>\n<tr style=\"border: 0px\">\n<td><a title=\"Ho veur\u00e0s en una nova finestra\" href=\"https:\/\/ventajas.umh.es\/project_category\/alojamiento\/\" target=\"_blank\" rel=\"noopener\"><img loading=\"lazy\" class=\"alignleft wp-image-29370 size-medium\" title=\"Coneix l'\u00e0mplia xarxa d'allotjaments hotelers a la prov\u00edncia d'Alacant\" src=\"https:\/\/internacional.umh.es\/files\/2023\/03\/Boton-allotjaments-provincia-Alcante-300x110.png\" alt=\"Bot\u00f3 allotjaments prov\u00edncia Alacant\" width=\"300\" height=\"110\" srcset=\"https:\/\/internacional.umh.es\/files\/2023\/03\/Boton-allotjaments-provincia-Alcante-300x110.png 300w, https:\/\/internacional.umh.es\/files\/2023\/03\/Boton-allotjaments-provincia-Alcante.png 543w\" sizes=\"(max-width: 300px) 100vw, 300px\" \/><\/a><\/td>\n<td><a title=\"Ho veur\u00e0s en una nova finestra\" href=\"https:\/\/internacional.umh.es\/ca\/incoming\/welcome-office\/alojamiento\/residencias-de-estudiantes\/\"><img loading=\"lazy\" class=\"alignleft wp-image-29367 size-medium\" title=\"Coneix la xarxa de resid\u00e8ncies a la prov\u00edncia d'Alacant per a estudiants de la UMH\" src=\"https:\/\/internacional.umh.es\/files\/2023\/03\/Residencia-estudiants-boto-300x110.png\" alt=\"Resid\u00e8ncia estudiants boto\u0301\" width=\"300\" height=\"110\" srcset=\"https:\/\/internacional.umh.es\/files\/2023\/03\/Residencia-estudiants-boto-300x110.png 300w, https:\/\/internacional.umh.es\/files\/2023\/03\/Residencia-estudiants-boto.png 543w\" sizes=\"(max-width: 300px) 100vw, 300px\" \/><\/a><\/td>\n<\/tr>\n<\/tbody>\n<\/table>\n<p style=\"text-align: justify;font-size: 12px\"><strong>*<\/strong>La seccions web &#8220;Allotjaments (hotels) a la prov\u00edncia d&#8217;Alacant&#8221; i &#8220;Resid\u00e8ncies d&#8217;estudiants&#8221; contenen enlla\u00e7os de tercers d&#8217;altres p\u00e0gines web, que no s\u00f3n editades, controlades, mantingudes o supervisades pel Servei de Relacions Internacionals, Cooperaci\u00f3 al Desenvolupament i Voluntariat, no sent responsable per tant del contingut ni dels seus possibles futures modificacions.<\/p>\n<hr>\n<p>&nbsp;<\/p>\n<p style=\"text-align: justify\"><a title=\"Ho veur\u00e0s en una nova finestra\" href=\"https:\/\/housinganywhere.com\/elche--spain\/umh\/sign-up\" target=\"_blank\" rel=\"noopener noreferrer\"><img loading=\"lazy\" title=\"Accedeix per a reservar l'allotjament abans de realitzar la teua estada en la UMH en una nova finestra\" src=\"https:\/\/internacional.umh.es\/files\/2018\/11\/logo-full-2x-300x89.png\" alt=\"Housing Anywhere allotjament logo\" width=\"300\" height=\"89\"><\/a><\/p>\n<p>Per a reservar <a title=\"Ho veur\u00e0s en una nova finestra\" href=\"https:\/\/housinganywhere.com\/s\/Elche--Spain\" target=\"_blank\" rel=\"noopener\">el teu allotjament a Elx<\/a> de manera totalment segura i abans de la teua arribada a la ciutat, <i>Universitat Miguel Hern\u00e1ndez<\/i> et recomana HousingAnywhere, la plataforma internacional de cerca d&#8217;allotjament.<\/p>\n<p style=\"text-align: justify\">Clica ac\u00ed per a rebre un <strong>descompte del 30%<\/strong> sobre la tarifa \u00fanica de servei, ser identificat com a usuari VIP i rebre acc\u00e9s prioritari a les habitacions disponibles: <a title=\"Ho veur\u00e0s en una nova finestra\" href=\"https:\/\/housinganywhere.com\/es\/Elche--Espa\u00f1a\/umh\/sign-up\" target=\"_blank\" rel=\"noopener\">housinganywhere.com\/es\/elche&#8211;espa\u00f1a\/umh\/sign-up<\/a><\/p>\n<p style=\"text-align: justify\">NB. Primer haur\u00e0s de realitzar el pagament per al preu total i despr\u00e9s ja podr\u00e0s enviar un correu electr\u00f2nic a <a title=\"Ho veur\u00e0s en una nova finestra\" href=\"mailto:support@housinganywhere.com\" target=\"_blank\" rel=\"noopener\">support@housinganywhere.com<\/a> per a recuperar els diners obtinguts amb el descompte.<\/p>\n<p style=\"text-align: justify\">Pots trobar informaci\u00f3 sobre com trobar el teu nou lloc en l&#8217;apartat <a title=\"Ho veur\u00e0s en una nova finestra\" href=\"https:\/\/urldefense.com\/v3\/__https:\/\/housinganywhere.com\/es\/buscar-alojamiento__;!!D9dNQwwGXtA!V3L6itRVbNaaDsHrcfBjsLiRCqNwyLYwnGZPuqFKkpj2dPOsUrh3jNwhdmh-iAWHF52VO-LKjsKyb9IG-4J5ZQbDfgihgA$\" target=\"_blank\" rel=\"noopener\">&#8216;Com funciona&#8217;<\/a> de la p\u00e0gina web. Necessites m\u00e9s informaci\u00f3 o tens alguna pregunta espec\u00edfica? Envia un correu electr\u00f2nic a <a title=\"Ho veur\u00e0s en una nova finestra\" href=\"mailto:vip@housinganywhere.com\" target=\"_blank\" rel=\"noopener\">vip@housinganywhere.com<\/a><\/p>\n<p style=\"text-align: justify\"><a title=\"Ho veur\u00e0s en una nova finestra\" href=\"https:\/\/erasmusu.com\/es\/erasmus-universidad-miguel-hernandez-elche\" target=\"_blank\" rel=\"noopener noreferrer\"><img loading=\"lazy\" class=\"wp-image-12939\" title=\"Visita el seu web per a obtindre informaci\u00f3 sobre altres estudiants internacionals en una nova finestra\" src=\"https:\/\/internacional.umh.es\/files\/2019\/10\/descarga-e1570175388743-300x69.png\" alt=\"Erasmusu allotjament logo\" width=\"248\" height=\"57\" srcset=\"https:\/\/internacional.umh.es\/files\/2019\/10\/descarga-e1570175388743-300x69.png 300w, https:\/\/internacional.umh.es\/files\/2019\/10\/descarga-e1570175388743.png 415w\" sizes=\"(max-width: 248px) 100vw, 248px\" \/><\/a><\/p>\n<p>Es tracta de la major comunitat en l\u00ednia per a estudiants internacionals com tu. <a title=\"Visita el seu web per a obtindre informaci\u00f3 sobre altres estudiants internacionals en una nova finestra\" href=\"https:\/\/erasmusu.com\/es\/erasmus-elche-elx\/alquiler-estudiantes?utm_source=internacional.umh.es&amp;utm_medium=ac-page&amp;utm_campaign=umh-ac-jan20&amp;coupon\" target=\"_blank\" rel=\"noopener noreferrer\"><strong>Erasmusu<\/strong><\/a> ofereix informaci\u00f3 i contingut sobre ciutats, universitats, destins, blog, f\u00f2rums on con\u00e9ixer gent i allotjaments a reservar a trav\u00e9s de la plataforma.<\/p>\n<p>Segueix els seg\u00fcents passos:<\/p>\n<ol>\n<li>Cerca entre els <a title=\"Ho veur\u00e0s en una nova finestra\" href=\"https:\/\/erasmusu.com\/es\/erasmus-elche-elx\/alquiler-estudiantes?utm_source=internacional.umh.es&amp;utm_medium=ac-page&amp;utm_campaign=umh-ac-jan20&amp;coupon\" target=\"_blank\" rel=\"noopener noreferrer\">pisos per a estudiants<\/a>, filtrant \u201cNom\u00e9s verificats\u201d.<\/li>\n<li>Si necessites assist\u00e8ncia, data i pressupost <a title=\"Ho veur\u00e0s en una nova finestra\" href=\"https:\/\/docs.google.com\/forms\/d\/1RGP3odHFWU9wc5Ki2JmCD3ENtEFgJt3L-e_pPdulwc0\/viewform?edit_requested=true\" target=\"_blank\" rel=\"noopener noreferrer\">emplena el formulari<\/a> perqu\u00e8 et contactem.<\/li>\n<\/ol>\n<p><strong>Cup\u00f3 de descompte<\/strong><br \/>\nErasmusu \u00e9s la major comunitat d&#8217;estudiants a Europa. Reserva allotjaments verificats a trav\u00e9s d&#8217;un sistema segur, a Elx i a tot el m\u00f3n i podr\u00e0s trobar tamb\u00e9 informaci\u00f3 sobre ciutats, universitats, destins interessants i f\u00f2rums on con\u00e9ixer gent.<\/p>\n<p style=\"text-align: justify\">Com funciona:<\/p>\n<ul>\n<li>Cerca entre els nostres <a title=\"Ho veur\u00e0s en una nova finestra\" href=\"https:\/\/erasmusu.com\/es\/erasmus-elche-elx\/alquiler-estudiantes?utm_source=internacional.umh.es&amp;utm_medium=ac-page&amp;utm_campaign=umh-ac-feb20&amp;coupon\" target=\"_blank\" rel=\"noopener noreferrer\">pisos per a estudiants<\/a>, filtrant \u201cNom\u00e9s verificats\u201d<\/li>\n<li>Si necessites assist\u00e8ncia, escriu a umh@erasmusu.com data, ciutats i pressupost o <a title=\"Ho veur\u00e0s en una nova finestra\" href=\"https:\/\/docs.google.com\/forms\/d\/e\/1FAIpQLSezB2-DsKZkMin8kqBLuMx2jDk9kIk7k9g3rGAJenaLbmjSOw\/viewform\" target=\"_blank\" rel=\"noopener noreferrer\">emplena el formulari<\/a> perqu\u00e8 et contactem<\/li>\n<li><a title=\"Ho veur\u00e0s en una nova finestra\" href=\"https:\/\/erasmusu.com\/es\/erasmus-elche-elx\/alquiler-estudiantes?utm_source=internacional.umh.es&amp;utm_medium=ac-page&amp;utm_campaign=umh-ac-feb20&amp;coupon\" target=\"_blank\" rel=\"noopener noreferrer\">Reserva amb aquest enlla\u00e7<\/a> usant el <strong>codi promocional UMH30 <\/strong>i tindr\u00e0s un descompte del 30% sobre la comissi\u00f3 de reserva.<\/li>\n<\/ul>\n<p style=\"text-align: justify\"><a href=\"https:\/\/docs.google.com\/forms\/d\/e\/1FAIpQLSd0eGCAspiQ_EHE26rMn33we5iD0o02-UYJuxJNExnl66gjeQ\/viewform\" target=\"_blank\" rel=\"noopener noreferrer\">Clica si eres propietari d&#8217;un habitatge i vols posar-la en lloguer<\/a><\/p>\n<hr>\n<h4><strong>Transport<\/strong><\/h4>\n<p style=\"text-align: justify\">Per als estudiants incoming allotjats a Elx, la targeta TIU <a title=\"Coneix tots els avantatges que la UMH ofereix a la comunitat erasmus\" href=\"https:\/\/internacional.umh.es\/ca\/incoming\/welcome-office\/\">Erasmus<\/a> permet un descompte en el <strong>Bo Bus Jove de 10 viatges<\/strong>. Informa&#8217;t en <a title=\"Ho veur\u00e0s en una nova finestra\" href=\"http:\/\/www.auesa.es\/contacto.html\" target=\"_blank\" rel=\"noopener noreferrer\">les oficines d&#8217;Autobusos Urbans d&#8217;Elx<\/a>. Tamb\u00e9 <a title=\"Ho veur\u00e0s en una nova finestra\" href=\"https:\/\/alicante.vectalia.es\/linea\/linea-24-alicantee-autobuses-universidad-de-alicante-san-vicente-del-raspeig\/?group-id=679#linea=24\" target=\"_blank\" rel=\"noopener noreferrer\">pots visitar la p\u00e0gina d&#8217;autobusos interurbans d&#8217;Alacant<\/a> per a traslladar-te a una altra ciutat o els bons, prement un dels seg\u00fcents botons, segons el mitj\u00e0 de transport triat.<\/p>\n<p><a title=\"Ho veur\u00e0s en una nova finestra\" href=\"http:\/\/umhsostenible.com\/coche-compartido\" target=\"_blank\" rel=\"noopener noreferrer\"><img loading=\"lazy\" class=\"wp-image-12942 size-full alignleft\" title=\"Accedeix a l'app de compartir cotxe de la UMH i troba a altres estudiants\" src=\"https:\/\/internacional.umh.es\/files\/2019\/10\/1.png\" alt=\"Cotxe compartit bot\u00f3\" width=\"196\" height=\"76\"><\/a><a title=\"Ho veur\u00e0s en una nova finestra\" href=\"http:\/\/unibono.vectalia.es\/\" target=\"_blank\" rel=\"noopener noreferrer\"><img loading=\"lazy\" class=\"alignleft wp-image-12944 size-full\" title=\"Accedeix a les diferents rutes d'autobusos universitaris que recorren la prov\u00edncia de Alacant\" src=\"https:\/\/internacional.umh.es\/files\/2019\/10\/2.png\" alt=\"Autobusos universitaris bot\u00f3\" width=\"196\" height=\"76\"><\/a><a title=\"Ho veur\u00e0s en una nova finestra\" href=\"https:\/\/www.renfe.com\/es\/va\/cercanias\/cercanias-murcia-alacant\/tarifes\/abonaments\" target=\"_blank\" rel=\"noopener noreferrer\"><img loading=\"lazy\" class=\"alignleft wp-image-12945 size-full\" title=\"Consulta les tarifes i bons disponibles de rodalia per a arribar als campus de la UMH\" src=\"https:\/\/internacional.umh.es\/files\/2019\/10\/3.png\" alt=\"Abonament tren bot\u00f3\" width=\"196\" height=\"76\"><\/a><\/p>\n<p>&nbsp;<br \/>\n&nbsp;<\/p>\n<hr>\n<h5><strong>Qu\u00e8 fer en arribar a la Universitat Miguel Hern\u00e1ndez?<\/strong><\/h5>\n<p style=\"text-align: justify\">Una vegada que els estudiants han arribat als seus <strong><a title=\"Ho veur\u00e0s en una nova finestra\" href=\"http:\/\/universite.umh.es\/localizaciones\/\" target=\"_blank\" rel=\"noopener noreferrer\">respectius Campus<\/a><\/strong> hauran de presentar-se en el <a title=\"Ho veur\u00e0s en una nova finestra\" href=\"https:\/\/cegeca.umh.es\/ca\/\" target=\"_blank\" rel=\"noopener noreferrer\"><strong>Centre de Gesti\u00f3 de Campus (CEGECA)<\/strong><\/a>, per a formalitzar la matr\u00edcula i emplenar el Certificat d&#8217;Arribada de la seua universitat d&#8217;origen.<\/p>\n<p style=\"text-align: justify\">Per a poder matricular-se, els estudiants hauran de mostrar una c\u00f2pia de l&#8217;Acord Acad\u00e8mic (degudament segellat i signat per totes dues parts) i una c\u00f2pia del seu Document Nacional d&#8217;Identitat (per a membres de la UE) o Passaport (si no \u00e9s membre de la UE).<\/p>\n<p style=\"text-align: justify\">Si els estudiants necessiten ajuda en els seus primers dies en la UMH, la <strong><a title=\"Ho veur\u00e0s en una nova finestra\" href=\"https:\/\/delegacion.umh.es\/\" target=\"_blank\" rel=\"noopener noreferrer\">Delegaci\u00f3 d&#8217;Estudiants<\/a><\/strong> de cada Facultat els oferir\u00e0 la deguda informaci\u00f3 i ajuda.<\/p>\n<p><\/p>","protected":false},"excerpt":{"rendered":"<p>Com arribar a la Universitat Miguel Hern\u00e1ndez?<\/p>\n<p>Elx es troba en una situaci\u00f3 privilegiada a 20 Km. d&#8217;Alacant. Juntament amb altres ciutats pr\u00f2ximes forma l&#8217;eix del corredor sud de l&#8217;Arc Mediterrani, una zona de gran dinamisme econ\u00f2mic i demogr\u00e0fic.<\/p>\n<p>Elx es troba ben comunicada tant per terra, mar i aire. L&#8217;Aeroport Alacant-Elx Miguel Hern\u00e1ndez est\u00e0 molt a [&#8230;]<\/p>\n","protected":false},"author":3,"featured_media":0,"parent":15497,"menu_order":0,"comment_status":"closed","ping_status":"closed","template":"","meta":{"ngg_post_thumbnail":0,"_links_to":"","_links_to_target":""},"yoast_head":"<!-- This site is optimized with the Yoast SEO plugin v17.5 - https:\/\/yoast.com\/wordpress\/plugins\/seo\/ -->\n<meta name=\"description\" content=\"La Universidad Miguel Hern\u00e1ndez posee opciones de alojamiento y transporte interesantes para los campus de Altea, Elche, San Juan y Orihuela\" \/>\n<meta name=\"robots\" content=\"index, follow, max-snippet:-1, max-image-preview:large, max-video-preview:-1\" \/>\n<link rel=\"canonical\" href=\"https:\/\/internacional.umh.es\/ca\/incoming\/welcome-office\/alojamiento\/\" \/>\n<meta property=\"og:locale\" content=\"ca_ES\" \/>\n<meta property=\"og:type\" content=\"article\" \/>\n<meta property=\"og:title\" content=\"Allotjament i transport - Internacionalitzaci\u00f3 i Cooperaci\u00f3\" \/>\n<meta property=\"og:description\" content=\"La Universidad Miguel Hern\u00e1ndez posee opciones de alojamiento y transporte interesantes para los campus de Altea, Elche, San Juan y Orihuela\" \/>\n<meta property=\"og:url\" content=\"https:\/\/internacional.umh.es\/incoming\/welcome-office\/alojamiento\/\" \/>\n<meta property=\"og:site_name\" content=\"Internacionalitzaci\u00f3 i Cooperaci\u00f3\" \/>\n<meta property=\"article:modified_time\" content=\"2024-02-16T13:15:49+00:00\" \/>\n<meta property=\"og:image\" content=\"https:\/\/internacional.umh.es\/files\/2023\/03\/Boton-alojamientos-provincia-Alicante-300x110.png\" \/>\n<meta name=\"twitter:card\" content=\"summary_large_image\" \/>\n<meta name=\"twitter:label1\" content=\"Est. reading time\" \/>\n\t<meta name=\"twitter:data1\" content=\"6 minuts\" \/>\n<script type=\"application\/ld+json\" class=\"yoast-schema-graph\">{\"@context\":\"https:\/\/schema.org\",\"@graph\":[{\"@type\":\"WebSite\",\"@id\":\"https:\/\/internacional.umh.es\/en\/#website\",\"url\":\"https:\/\/internacional.umh.es\/en\/\",\"name\":\"Internacionalitzaci\\u00f3 i Cooperaci\\u00f3\",\"description\":\"Universitat Miguel Hern\\u00e1ndez d&#039;Elx\",\"potentialAction\":[{\"@type\":\"SearchAction\",\"target\":{\"@type\":\"EntryPoint\",\"urlTemplate\":\"https:\/\/internacional.umh.es\/en\/?s={search_term_string}\"},\"query-input\":\"required name=search_term_string\"}],\"inLanguage\":\"ca\"},{\"@type\":\"ImageObject\",\"@id\":\"https:\/\/internacional.umh.es\/incoming\/welcome-office\/alojamiento\/#primaryimage\",\"inLanguage\":\"ca\",\"url\":\"https:\/\/internacional.umh.es\/files\/2023\/03\/Boton-alojamientos-provincia-Alicante.png\",\"contentUrl\":\"https:\/\/internacional.umh.es\/files\/2023\/03\/Boton-alojamientos-provincia-Alicante.png\",\"width\":543,\"height\":200,\"caption\":\"Bot\\u00f3n alojamientos provincia Alicante\"},{\"@type\":\"WebPage\",\"@id\":\"https:\/\/internacional.umh.es\/incoming\/welcome-office\/alojamiento\/#webpage\",\"url\":\"https:\/\/internacional.umh.es\/incoming\/welcome-office\/alojamiento\/\",\"name\":\"Allotjament i transport - Internacionalitzaci\\u00f3 i Cooperaci\\u00f3\",\"isPartOf\":{\"@id\":\"https:\/\/internacional.umh.es\/en\/#website\"},\"primaryImageOfPage\":{\"@id\":\"https:\/\/internacional.umh.es\/incoming\/welcome-office\/alojamiento\/#primaryimage\"},\"datePublished\":\"2010-09-06T11:09:39+00:00\",\"dateModified\":\"2024-02-16T13:15:49+00:00\",\"description\":\"La Universidad Miguel Hern\\u00e1ndez posee opciones de alojamiento y transporte interesantes para los campus de Altea, Elche, San Juan y Orihuela\",\"breadcrumb\":{\"@id\":\"https:\/\/internacional.umh.es\/incoming\/welcome-office\/alojamiento\/#breadcrumb\"},\"inLanguage\":\"ca\",\"potentialAction\":[{\"@type\":\"ReadAction\",\"target\":[\"https:\/\/internacional.umh.es\/incoming\/welcome-office\/alojamiento\/\"]}]},{\"@type\":\"BreadcrumbList\",\"@id\":\"https:\/\/internacional.umh.es\/incoming\/welcome-office\/alojamiento\/#breadcrumb\",\"itemListElement\":[{\"@type\":\"ListItem\",\"position\":1,\"name\":\"Home\",\"item\":\"https:\/\/internacional.umh.es\/en\/\"},{\"@type\":\"ListItem\",\"position\":2,\"name\":\"INCOMING\",\"item\":\"https:\/\/internacional.umh.es\/incoming\/\"},{\"@type\":\"ListItem\",\"position\":3,\"name\":\"Welcome Office\",\"item\":\"https:\/\/internacional.umh.es\/incoming\/welcome-office\/\"},{\"@type\":\"ListItem\",\"position\":4,\"name\":\"Alojamiento y transporte\"}]}]}<\/script>\n<!-- \/ Yoast SEO plugin. -->","yoast_head_json":{"description":"La Universidad Miguel Hern\u00e1ndez posee opciones de alojamiento y transporte interesantes para los campus de Altea, Elche, San Juan y Orihuela","robots":{"index":"index","follow":"follow","max-snippet":"max-snippet:-1","max-image-preview":"max-image-preview:large","max-video-preview":"max-video-preview:-1"},"canonical":"https:\/\/internacional.umh.es\/ca\/incoming\/welcome-office\/alojamiento\/","og_locale":"ca_ES","og_type":"article","og_title":"Allotjament i transport - Internacionalitzaci\u00f3 i Cooperaci\u00f3","og_description":"La Universidad Miguel Hern\u00e1ndez posee opciones de alojamiento y transporte interesantes para los campus de Altea, Elche, San Juan y Orihuela","og_url":"https:\/\/internacional.umh.es\/incoming\/welcome-office\/alojamiento\/","og_site_name":"Internacionalitzaci\u00f3 i Cooperaci\u00f3","article_modified_time":"2024-02-16T13:15:49+00:00","og_image":[{"url":"https:\/\/internacional.umh.es\/files\/2023\/03\/Boton-alojamientos-provincia-Alicante-300x110.png"}],"twitter_card":"summary_large_image","twitter_misc":{"Est. reading time":"6 minuts"},"schema":{"@context":"https:\/\/schema.org","@graph":[{"@type":"WebSite","@id":"https:\/\/internacional.umh.es\/en\/#website","url":"https:\/\/internacional.umh.es\/en\/","name":"Internacionalitzaci\u00f3 i Cooperaci\u00f3","description":"Universitat Miguel Hern\u00e1ndez d&#039;Elx","potentialAction":[{"@type":"SearchAction","target":{"@type":"EntryPoint","urlTemplate":"https:\/\/internacional.umh.es\/en\/?s={search_term_string}"},"query-input":"required name=search_term_string"}],"inLanguage":"ca"},{"@type":"ImageObject","@id":"https:\/\/internacional.umh.es\/incoming\/welcome-office\/alojamiento\/#primaryimage","inLanguage":"ca","url":"https:\/\/internacional.umh.es\/files\/2023\/03\/Boton-alojamientos-provincia-Alicante.png","contentUrl":"https:\/\/internacional.umh.es\/files\/2023\/03\/Boton-alojamientos-provincia-Alicante.png","width":543,"height":200,"caption":"Bot\u00f3n alojamientos provincia Alicante"},{"@type":"WebPage","@id":"https:\/\/internacional.umh.es\/incoming\/welcome-office\/alojamiento\/#webpage","url":"https:\/\/internacional.umh.es\/incoming\/welcome-office\/alojamiento\/","name":"Allotjament i transport - Internacionalitzaci\u00f3 i Cooperaci\u00f3","isPartOf":{"@id":"https:\/\/internacional.umh.es\/en\/#website"},"primaryImageOfPage":{"@id":"https:\/\/internacional.umh.es\/incoming\/welcome-office\/alojamiento\/#primaryimage"},"datePublished":"2010-09-06T11:09:39+00:00","dateModified":"2024-02-16T13:15:49+00:00","description":"La Universidad Miguel Hern\u00e1ndez posee opciones de alojamiento y transporte interesantes para los campus de Altea, Elche, San Juan y Orihuela","breadcrumb":{"@id":"https:\/\/internacional.umh.es\/incoming\/welcome-office\/alojamiento\/#breadcrumb"},"inLanguage":"ca","potentialAction":[{"@type":"ReadAction","target":["https:\/\/internacional.umh.es\/incoming\/welcome-office\/alojamiento\/"]}]},{"@type":"BreadcrumbList","@id":"https:\/\/internacional.umh.es\/incoming\/welcome-office\/alojamiento\/#breadcrumb","itemListElement":[{"@type":"ListItem","position":1,"name":"Home","item":"https:\/\/internacional.umh.es\/en\/"},{"@type":"ListItem","position":2,"name":"INCOMING","item":"https:\/\/internacional.umh.es\/incoming\/"},{"@type":"ListItem","position":3,"name":"Welcome Office","item":"https:\/\/internacional.umh.es\/incoming\/welcome-office\/"},{"@type":"ListItem","position":4,"name":"Alojamiento y transporte"}]}]}},"_links":{"self":[{"href":"https:\/\/internacional.umh.es\/ca\/wp-json\/wp\/v2\/pages\/29"}],"collection":[{"href":"https:\/\/internacional.umh.es\/ca\/wp-json\/wp\/v2\/pages"}],"about":[{"href":"https:\/\/internacional.umh.es\/ca\/wp-json\/wp\/v2\/types\/page"}],"author":[{"embeddable":true,"href":"https:\/\/internacional.umh.es\/ca\/wp-json\/wp\/v2\/users\/3"}],"replies":[{"embeddable":true,"href":"https:\/\/internacional.umh.es\/ca\/wp-json\/wp\/v2\/comments?post=29"}],"version-history":[{"count":0,"href":"https:\/\/internacional.umh.es\/ca\/wp-json\/wp\/v2\/pages\/29\/revisions"}],"up":[{"embeddable":true,"href":"https:\/\/internacional.umh.es\/ca\/wp-json\/wp\/v2\/pages\/15497"}],"wp:attachment":[{"href":"https:\/\/internacional.umh.es\/ca\/wp-json\/wp\/v2\/media?parent=29"}],"curies":[{"name":"wp","href":"https:\/\/api.w.org\/{rel}","templated":true}]}}