{"id":29382,"date":"2023-03-07T08:45:53","date_gmt":"2023-03-07T07:45:53","guid":{"rendered":"https:\/\/internacional.umh.es\/?page_id=29382"},"modified":"2024-03-22T11:49:12","modified_gmt":"2024-03-22T10:49:12","slug":"residencias-de-estudiantes","status":"publish","type":"page","link":"https:\/\/internacional.umh.es\/ca\/incoming\/welcome-office\/alojamiento\/residencias-de-estudiantes\/","title":{"rendered":"Resid\u00e8ncies d&#8217;estudiants"},"content":{"rendered":"<p><\/p>\n<p style=\"text-align: justify\">Durant la teua estada en la Universitat Miguel Hern\u00e1ndez d&#8217;Elx podr\u00e0s consultar la xarxa de resid\u00e8ncies d&#8217;estudiants disponibles a la prov\u00edncia d&#8217;Alacant i pr\u00f2ximes als campus d&#8217;Oriola, Elx i Sant Joan. Es tracta de <strong>empreses o institucions situades a Oriola, Elx o Alacant adherides a avantatges comercials a la comunitat universit\u00e0ria<\/strong> de la UMH. Consulta els avantatges, instal\u00b7lacions, equipament de les habitacions, entorn i comunicacions al campus, tarifes, ofertes disponibles, etc. a continuaci\u00f3:<\/p>\n<table style=\"width: 100%;border: 0px\">\n<tbody>\n<tr style=\"border: 0px\">\n<td><a title=\"Ho veur\u00e0s en una nova finestra\" href=\"http:\/\/www.ru-miguelhernandez.es\/\" target=\"_blank\" rel=\"noopener\"><img loading=\"lazy\" class=\"aligncenter size-full wp-image-29385\" title=\"Accedeix per a m\u00e9s informaci\u00f3 sobre la resid\u00e8ncies d'estudiants Miguel Hern\u00e1ndez a Oriola\" src=\"https:\/\/internacional.umh.es\/files\/2023\/03\/Residencia-Universitaria_Miguel-Hernandez_logo.jpg\" alt=\"Resid\u00e8ncies d'estudiants Universit\u00e0ria_Miguel Hern\u00e0ndez_logo\" width=\"200\" height=\"200\" srcset=\"https:\/\/internacional.umh.es\/files\/2023\/03\/Residencia-Universitaria_Miguel-Hernandez_logo.jpg 300w, https:\/\/internacional.umh.es\/files\/2023\/03\/Residencia-Universitaria_Miguel-Hernandez_logo-150x150.jpg 150w\" sizes=\"(max-width: 200px) 100vw, 200px\" \/><\/a><\/td>\n<td><a title=\"Ho veur\u00e0s en una nova finestra\" href=\"http:\/\/www.elighall.com\/\" target=\"_blank\" rel=\"noopener\"><img loading=\"lazy\" class=\"aligncenter size-full wp-image-29388\" title=\"Accedeix per a m\u00e9s informaci\u00f3 sobre la Resid\u00e8ncies d'estudiants EligHall a Elx\" src=\"https:\/\/internacional.umh.es\/files\/2023\/03\/Elig-Hall_residencia-estudiantes-Elche-logo.jpg\" alt=\"Resid\u00e8ncia estudiants Elx logo\" width=\"200\" height=\"200\" srcset=\"https:\/\/internacional.umh.es\/files\/2023\/03\/Elig-Hall_residencia-estudiantes-Elche-logo.jpg 300w, https:\/\/internacional.umh.es\/files\/2023\/03\/Elig-Hall_residencia-estudiantes-Elche-logo-150x150.jpg 150w\" sizes=\"(max-width: 200px) 100vw, 200px\" \/><\/a><\/td>\n<td><a title=\"Ho veur\u00e0s en una nova finestra\" href=\"https:\/\/micampusresidencias.com\/residencias-universitarias-alicante\/micampus-alicante\/\" target=\"_blank\" rel=\"noopener\"><img loading=\"lazy\" class=\"aligncenter size-full wp-image-29391\" title=\"Accedeix per a m\u00e9s informaci\u00f3 sobre la resid\u00e8ncies d'estudiants micampus a la prov\u00edncia d'Alacant\" src=\"https:\/\/internacional.umh.es\/files\/2023\/03\/MyCampus-residencia-estudiantes-logo.jpg\" alt=\"Micampus resid\u00e8ncia estudiants logo\" width=\"200\" height=\"200\" srcset=\"https:\/\/internacional.umh.es\/files\/2023\/03\/MyCampus-residencia-estudiantes-logo.jpg 300w, https:\/\/internacional.umh.es\/files\/2023\/03\/MyCampus-residencia-estudiantes-logo-150x150.jpg 150w\" sizes=\"(max-width: 200px) 100vw, 200px\" \/><\/a><\/td>\n<\/tr>\n<tr style=\"border: 0px\">\n<td><strong>Correu electr\u00f2nic<\/strong><br \/>\n<a title=\"Ho veur\u00e0s en una nova finestra\" href=\"mailto:info@ru-miguelhernandez.es\" target=\"_blank\" rel=\"noopener\">info@ru-miguelhernandez.es<\/a><\/p>\n<p><strong>Web<\/strong><br \/>\n<a title=\"Ho veur\u00e0s en una nova finestra\" href=\"http:\/\/www.ru-miguelhernandez.es\/\" target=\"_blank\" rel=\"noopener\">ru-miguelhernandez.es<\/a><\/p>\n<p><strong>Tel\u00e8fon<\/strong><br \/>\n+34 966 74 58 65<\/p>\n<p><strong>Adre\u00e7a<\/strong><br \/>\nCarrer d&#8217;Antonio Pinies, 22,<br \/>\n03300, Oriola<\/p>\n<p><strong>Dist\u00e0ncia Campus<\/strong><br \/>\nOriola Salesas: 750 m.<br \/>\nOriola Desamparados: 25 min. (bus)<\/p>\n<p><strong>Campus UMH<\/strong><br \/>\nOriola Salesas<br \/>\ni Oriola Desamparados<\/p>\n<p><strong>Colectivos:<\/strong><br \/>\nAlumni, Estudiant, PAS, i PDI<\/p>\n<p><strong>Avantatges UMH<\/strong><br \/>\n<strong>10% descompte<\/strong> en els serveis oferits<br \/>\na la Comunitat Universit\u00e0ria.<\/td>\n<td><strong>Correu electr\u00f2nic<\/strong><br \/>\n<a title=\"Ho veur\u00e0s en una nova finestra\" href=\"mailto:reservas@elighall.com\" target=\"_blank\" rel=\"noopener\">reservas@elighall.com<\/a><\/p>\n<p><strong>Web<\/strong><br \/>\n<a title=\"Ho veur\u00e0s en una nova finestra\" href=\"http:\/\/www.elighall.com\/\" target=\"_blank\" rel=\"noopener\">elighall.com<\/a><\/p>\n<p><strong>Tel\u00e8fon<\/strong><br \/>\n+34 695 451 791<\/p>\n<p><strong>Adre\u00e7a<\/strong><br \/>\nC\/ Palmerers n\u00fam. 2<br \/>\n03203, Elx<\/p>\n<p><strong>Dist\u00e0ncia Campus<\/strong><br \/>\nEligHall centre: 30 min. (bus)<br \/>\nEligHall ciutat jard\u00ed: 12 min.<\/p>\n<p><strong>Campus UMH<\/strong><br \/>\nElx<\/p>\n<p><strong>Col\u00b7lectius:<\/strong><br \/>\nAlumni, Estudiant, PAS, i PDI<\/p>\n<p><strong>Avantatges UMH<\/strong><br \/>\n<strong>10% descompte<\/strong> sobre tarifa<br \/>\nde lloguer per habitaci\u00f3<br \/>\ndiaris i temporals.<\/td>\n<td><strong>Correu electr\u00f2nic<\/strong><br \/>\n<a title=\"Ho veur\u00e0s en una nova finestra\" href=\"mailto:alicante@micampusliving.com\" target=\"_blank\" rel=\"noopener\">alicante@micampusliving.com<\/a><\/p>\n<p><strong>Web<\/strong><br \/>\n<a title=\"Ho veur\u00e0s en una nova finestra\" href=\"https:\/\/micampusresidencias.com\/residencias-universitarias-alicante\/micampus-alicante\/\" target=\"_blank\" rel=\"noopener\">micampusresidencias.com<\/a><\/p>\n<p><strong>Tel\u00e8fon<\/strong><br \/>\n+34 673 40 34 07<\/p>\n<p><strong>Adre\u00e7a<\/strong><br \/>\nCarrer Alacant, 107<br \/>\n03690 Sant Vicent del Raspeig<\/p>\n<p><strong>Dist\u00e0ncia Campus<\/strong><br \/>\n45 min. combinant<br \/>\ntram + bus<\/p>\n<p><strong>Campus UMH<\/strong><br \/>\nSant Joan d&#8217;Alacant<\/p>\n<p><strong>Col\u00b7lectius:<\/strong><br \/>\nAlumni, Estudiant, PAS, i PDI<\/p>\n<p><strong>Avantatges UMH<\/strong><br \/>\n<strong>50% descompte<\/strong> 1r mes<br \/>\ni llavat bata i pijama<br \/>\nd&#8217;hospital gratis<\/td>\n<\/tr>\n<\/tbody>\n<\/table>\n<p><\/p>\n<p style=\"text-align: justify;font-size:12px\"><strong>*<\/strong>La secci\u00f3 web &#8220;Resid\u00e8ncies d&#8217;estudiants&#8221; cont\u00e9 enlla\u00e7os de tercers d&#8217;altres p\u00e0gines web, que no s\u00f3n editades, controlades, mantingudes o supervisades per membres del Servei de Relacions Internacionals, Cooperaci\u00f3 al Desenvolupament i Voluntariat de la UMH, no sent responsable per tant del contingut ni de les seues possibles modificacions.<\/p>\n<hr>\n<p><a href=\"https:\/\/internacional.umh.es\/incoming\/welcome-office\/alojamiento\/\" title=\"Ho veur\u00e0s en una nova finestra\">Vull m\u00e9s informaci\u00f3 sobre com arribar als campus a trav\u00e9s de diferents mitjans de transport<\/a><\/p>","protected":false},"excerpt":{"rendered":"<p>Durant la teua estada en la Universitat Miguel Hern\u00e1ndez d&#8217;Elx podr\u00e0s consultar la xarxa de resid\u00e8ncies d&#8217;estudiants disponibles a la prov\u00edncia d&#8217;Alacant i pr\u00f2ximes als campus d&#8217;Oriola, Elx i Sant Joan. Es tracta de empreses o institucions situades a Oriola, Elx o Alacant adherides a avantatges comercials a la comunitat universit\u00e0ria de la UMH. Consulta [&#8230;]<\/p>\n","protected":false},"author":3107,"featured_media":0,"parent":29,"menu_order":0,"comment_status":"closed","ping_status":"closed","template":"","meta":{"ngg_post_thumbnail":0,"_links_to":"","_links_to_target":""},"yoast_head":"<!-- This site is optimized with the Yoast SEO plugin v17.5 - https:\/\/yoast.com\/wordpress\/plugins\/seo\/ -->\n<meta name=\"description\" content=\"Durante tu estancia SICUE, Destino o Erasmus+ en la UMH podr\u00e1s consultar la red de residencias de estudiantes en la provincia de Alicante.\" \/>\n<meta name=\"robots\" content=\"index, follow, max-snippet:-1, max-image-preview:large, max-video-preview:-1\" \/>\n<link rel=\"canonical\" href=\"https:\/\/internacional.umh.es\/ca\/incoming\/welcome-office\/alojamiento\/residencias-de-estudiantes\/\" \/>\n<meta property=\"og:locale\" content=\"ca_ES\" \/>\n<meta property=\"og:type\" content=\"article\" \/>\n<meta property=\"og:title\" content=\"Resid\u00e8ncies d&#039;estudiants - Internacionalitzaci\u00f3 i Cooperaci\u00f3\" \/>\n<meta property=\"og:description\" content=\"Durante tu estancia SICUE, Destino o Erasmus+ en la UMH podr\u00e1s consultar la red de residencias de estudiantes en la provincia de Alicante.\" \/>\n<meta property=\"og:url\" content=\"https:\/\/internacional.umh.es\/incoming\/welcome-office\/alojamiento\/residencias-de-estudiantes\/\" \/>\n<meta property=\"og:site_name\" content=\"Internacionalitzaci\u00f3 i Cooperaci\u00f3\" \/>\n<meta property=\"article:modified_time\" content=\"2024-03-22T10:49:12+00:00\" \/>\n<meta property=\"og:image\" content=\"https:\/\/internacional.umh.es\/files\/2023\/03\/Residencia-Universitaria_Miguel-Hernandez_logo.jpg\" \/>\n<meta name=\"twitter:card\" content=\"summary_large_image\" \/>\n<meta name=\"twitter:label1\" content=\"Est. reading time\" \/>\n\t<meta name=\"twitter:data1\" content=\"1 minut\" \/>\n<script type=\"application\/ld+json\" class=\"yoast-schema-graph\">{\"@context\":\"https:\/\/schema.org\",\"@graph\":[{\"@type\":\"WebSite\",\"@id\":\"https:\/\/internacional.umh.es\/en\/#website\",\"url\":\"https:\/\/internacional.umh.es\/en\/\",\"name\":\"Internacionalitzaci\\u00f3 i Cooperaci\\u00f3\",\"description\":\"Universitat Miguel Hern\\u00e1ndez d&#039;Elx\",\"potentialAction\":[{\"@type\":\"SearchAction\",\"target\":{\"@type\":\"EntryPoint\",\"urlTemplate\":\"https:\/\/internacional.umh.es\/en\/?s={search_term_string}\"},\"query-input\":\"required name=search_term_string\"}],\"inLanguage\":\"ca\"},{\"@type\":\"ImageObject\",\"@id\":\"https:\/\/internacional.umh.es\/incoming\/welcome-office\/alojamiento\/residencias-de-estudiantes\/#primaryimage\",\"inLanguage\":\"ca\",\"url\":\"https:\/\/internacional.umh.es\/files\/2023\/03\/Residencia-Universitaria_Miguel-Hernandez_logo.jpg\",\"contentUrl\":\"https:\/\/internacional.umh.es\/files\/2023\/03\/Residencia-Universitaria_Miguel-Hernandez_logo.jpg\",\"width\":300,\"height\":300,\"caption\":\"Residencia Universitaria_Miguel Hern\\u00e1ndez_logo\"},{\"@type\":\"WebPage\",\"@id\":\"https:\/\/internacional.umh.es\/incoming\/welcome-office\/alojamiento\/residencias-de-estudiantes\/#webpage\",\"url\":\"https:\/\/internacional.umh.es\/incoming\/welcome-office\/alojamiento\/residencias-de-estudiantes\/\",\"name\":\"Resid\\u00e8ncies d'estudiants - Internacionalitzaci\\u00f3 i Cooperaci\\u00f3\",\"isPartOf\":{\"@id\":\"https:\/\/internacional.umh.es\/en\/#website\"},\"primaryImageOfPage\":{\"@id\":\"https:\/\/internacional.umh.es\/incoming\/welcome-office\/alojamiento\/residencias-de-estudiantes\/#primaryimage\"},\"datePublished\":\"2023-03-07T07:45:53+00:00\",\"dateModified\":\"2024-03-22T10:49:12+00:00\",\"description\":\"Durante tu estancia SICUE, Destino o Erasmus+ en la UMH podr\\u00e1s consultar la red de residencias de estudiantes en la provincia de Alicante.\",\"breadcrumb\":{\"@id\":\"https:\/\/internacional.umh.es\/incoming\/welcome-office\/alojamiento\/residencias-de-estudiantes\/#breadcrumb\"},\"inLanguage\":\"ca\",\"potentialAction\":[{\"@type\":\"ReadAction\",\"target\":[\"https:\/\/internacional.umh.es\/incoming\/welcome-office\/alojamiento\/residencias-de-estudiantes\/\"]}]},{\"@type\":\"BreadcrumbList\",\"@id\":\"https:\/\/internacional.umh.es\/incoming\/welcome-office\/alojamiento\/residencias-de-estudiantes\/#breadcrumb\",\"itemListElement\":[{\"@type\":\"ListItem\",\"position\":1,\"name\":\"Home\",\"item\":\"https:\/\/internacional.umh.es\/en\/\"},{\"@type\":\"ListItem\",\"position\":2,\"name\":\"INCOMING\",\"item\":\"https:\/\/internacional.umh.es\/incoming\/\"},{\"@type\":\"ListItem\",\"position\":3,\"name\":\"Welcome Office\",\"item\":\"https:\/\/internacional.umh.es\/incoming\/welcome-office\/\"},{\"@type\":\"ListItem\",\"position\":4,\"name\":\"Alojamiento y transporte\",\"item\":\"https:\/\/internacional.umh.es\/incoming\/welcome-office\/alojamiento\/\"},{\"@type\":\"ListItem\",\"position\":5,\"name\":\"Residencias de estudiantes\"}]}]}<\/script>\n<!-- \/ Yoast SEO plugin. -->","yoast_head_json":{"description":"Durante tu estancia SICUE, Destino o Erasmus+ en la UMH podr\u00e1s consultar la red de residencias de estudiantes en la provincia de Alicante.","robots":{"index":"index","follow":"follow","max-snippet":"max-snippet:-1","max-image-preview":"max-image-preview:large","max-video-preview":"max-video-preview:-1"},"canonical":"https:\/\/internacional.umh.es\/ca\/incoming\/welcome-office\/alojamiento\/residencias-de-estudiantes\/","og_locale":"ca_ES","og_type":"article","og_title":"Resid\u00e8ncies d'estudiants - Internacionalitzaci\u00f3 i Cooperaci\u00f3","og_description":"Durante tu estancia SICUE, Destino o Erasmus+ en la UMH podr\u00e1s consultar la red de residencias de estudiantes en la provincia de Alicante.","og_url":"https:\/\/internacional.umh.es\/incoming\/welcome-office\/alojamiento\/residencias-de-estudiantes\/","og_site_name":"Internacionalitzaci\u00f3 i Cooperaci\u00f3","article_modified_time":"2024-03-22T10:49:12+00:00","og_image":[{"url":"https:\/\/internacional.umh.es\/files\/2023\/03\/Residencia-Universitaria_Miguel-Hernandez_logo.jpg"}],"twitter_card":"summary_large_image","twitter_misc":{"Est. reading time":"1 minut"},"schema":{"@context":"https:\/\/schema.org","@graph":[{"@type":"WebSite","@id":"https:\/\/internacional.umh.es\/en\/#website","url":"https:\/\/internacional.umh.es\/en\/","name":"Internacionalitzaci\u00f3 i Cooperaci\u00f3","description":"Universitat Miguel Hern\u00e1ndez d&#039;Elx","potentialAction":[{"@type":"SearchAction","target":{"@type":"EntryPoint","urlTemplate":"https:\/\/internacional.umh.es\/en\/?s={search_term_string}"},"query-input":"required name=search_term_string"}],"inLanguage":"ca"},{"@type":"ImageObject","@id":"https:\/\/internacional.umh.es\/incoming\/welcome-office\/alojamiento\/residencias-de-estudiantes\/#primaryimage","inLanguage":"ca","url":"https:\/\/internacional.umh.es\/files\/2023\/03\/Residencia-Universitaria_Miguel-Hernandez_logo.jpg","contentUrl":"https:\/\/internacional.umh.es\/files\/2023\/03\/Residencia-Universitaria_Miguel-Hernandez_logo.jpg","width":300,"height":300,"caption":"Residencia Universitaria_Miguel Hern\u00e1ndez_logo"},{"@type":"WebPage","@id":"https:\/\/internacional.umh.es\/incoming\/welcome-office\/alojamiento\/residencias-de-estudiantes\/#webpage","url":"https:\/\/internacional.umh.es\/incoming\/welcome-office\/alojamiento\/residencias-de-estudiantes\/","name":"Resid\u00e8ncies d'estudiants - Internacionalitzaci\u00f3 i Cooperaci\u00f3","isPartOf":{"@id":"https:\/\/internacional.umh.es\/en\/#website"},"primaryImageOfPage":{"@id":"https:\/\/internacional.umh.es\/incoming\/welcome-office\/alojamiento\/residencias-de-estudiantes\/#primaryimage"},"datePublished":"2023-03-07T07:45:53+00:00","dateModified":"2024-03-22T10:49:12+00:00","description":"Durante tu estancia SICUE, Destino o Erasmus+ en la UMH podr\u00e1s consultar la red de residencias de estudiantes en la provincia de Alicante.","breadcrumb":{"@id":"https:\/\/internacional.umh.es\/incoming\/welcome-office\/alojamiento\/residencias-de-estudiantes\/#breadcrumb"},"inLanguage":"ca","potentialAction":[{"@type":"ReadAction","target":["https:\/\/internacional.umh.es\/incoming\/welcome-office\/alojamiento\/residencias-de-estudiantes\/"]}]},{"@type":"BreadcrumbList","@id":"https:\/\/internacional.umh.es\/incoming\/welcome-office\/alojamiento\/residencias-de-estudiantes\/#breadcrumb","itemListElement":[{"@type":"ListItem","position":1,"name":"Home","item":"https:\/\/internacional.umh.es\/en\/"},{"@type":"ListItem","position":2,"name":"INCOMING","item":"https:\/\/internacional.umh.es\/incoming\/"},{"@type":"ListItem","position":3,"name":"Welcome Office","item":"https:\/\/internacional.umh.es\/incoming\/welcome-office\/"},{"@type":"ListItem","position":4,"name":"Alojamiento y transporte","item":"https:\/\/internacional.umh.es\/incoming\/welcome-office\/alojamiento\/"},{"@type":"ListItem","position":5,"name":"Residencias de estudiantes"}]}]}},"_links":{"self":[{"href":"https:\/\/internacional.umh.es\/ca\/wp-json\/wp\/v2\/pages\/29382"}],"collection":[{"href":"https:\/\/internacional.umh.es\/ca\/wp-json\/wp\/v2\/pages"}],"about":[{"href":"https:\/\/internacional.umh.es\/ca\/wp-json\/wp\/v2\/types\/page"}],"author":[{"embeddable":true,"href":"https:\/\/internacional.umh.es\/ca\/wp-json\/wp\/v2\/users\/3107"}],"replies":[{"embeddable":true,"href":"https:\/\/internacional.umh.es\/ca\/wp-json\/wp\/v2\/comments?post=29382"}],"version-history":[{"count":0,"href":"https:\/\/internacional.umh.es\/ca\/wp-json\/wp\/v2\/pages\/29382\/revisions"}],"up":[{"embeddable":true,"href":"https:\/\/internacional.umh.es\/ca\/wp-json\/wp\/v2\/pages\/29"}],"wp:attachment":[{"href":"https:\/\/internacional.umh.es\/ca\/wp-json\/wp\/v2\/media?parent=29382"}],"curies":[{"name":"wp","href":"https:\/\/api.w.org\/{rel}","templated":true}]}}