{"id":32160,"date":"2023-10-26T12:54:42","date_gmt":"2023-10-26T10:54:42","guid":{"rendered":"https:\/\/internacional.umh.es\/?page_id=32160"},"modified":"2024-04-29T09:54:05","modified_gmt":"2024-04-29T07:54:05","slug":"la-umh-en-ruanda","status":"publish","type":"page","link":"https:\/\/internacional.umh.es\/ca\/cooperacion-y-voluntariado\/cooperacion-al-desarrollo\/la-umh-en-ruanda\/","title":{"rendered":"La UMH i Ruanda"},"content":{"rendered":"<p><\/p>\n<p style=\"text-align: justify\"><img loading=\"lazy\" class=\"alignleft size-medium wp-image-34492\" src=\"https:\/\/internacional.umh.es\/files\/2024\/04\/Sede-Ruanda-clases-voluntariado-UMH-300x200.jpg\" alt=\"Seu Ruanda classes voluntariat UMH\" title=\"Estudiants voluntaris de la UMH imparteixen doc\u00e8ncia en diverses escoles de Ruanda\" width=\"300\" height=\"200\" srcset=\"https:\/\/internacional.umh.es\/files\/2024\/04\/Sede-Ruanda-clases-voluntariado-UMH-300x200.jpg 300w, https:\/\/internacional.umh.es\/files\/2024\/04\/Sede-Ruanda-clases-voluntariado-UMH-1024x683.jpg 1024w, https:\/\/internacional.umh.es\/files\/2024\/04\/Sede-Ruanda-clases-voluntariado-UMH-768x512.jpg 768w, https:\/\/internacional.umh.es\/files\/2024\/04\/Sede-Ruanda-clases-voluntariado-UMH-1536x1024.jpg 1536w, https:\/\/internacional.umh.es\/files\/2024\/04\/Sede-Ruanda-clases-voluntariado-UMH.jpg 1920w\" sizes=\"(max-width: 300px) 100vw, 300px\" \/>Un dels projectes m\u00e9s emblem\u00e0tics de la Universitat Miguel Hern\u00e1ndez d&#8217;Elx en mat\u00e8ria de cooperaci\u00f3 al desenvolupament ha consistit a crear i consolidar una estructura sostenible dirigida a l&#8217;educaci\u00f3 i l&#8217;atenci\u00f3 soci-sanit\u00e0ria a \u00c0frica. La UMH al llarg de quasi 20 anys ha generat una superestructura estable dedicada a la cooperaci\u00f3 internacional al desenvolupament i mant\u00e9 una seu permanent a Ruanda, des d&#8217;on es realitza una activitat perfectament consolidada en l&#8217;\u00e0mbit sanitari amb actuacions als hospitals de Nemba (Gakenke) i Ruhengeri, i en l&#8217;\u00e0mbit educatiu en diversos centres com l&#8217;escola de Saint Jean d\u2019Nkumba, l&#8217;Escola Saint Vicent de Paul G.S. Nemba I, en la Ecole Superieure de Sciences de Ruhengeri en Musanze i a l&#8217;Escola de Apeki Tomba situada en el districte de Rulindo.<\/p>\n<p style=\"text-align: justify\">El comen\u00e7ament del projecte de cooperaci\u00f3 internacional al desenvolupament de la UMH a Ruanda va tindre lloc en 2004, data en la qual la nostra universitat va contribuir a la consolidaci\u00f3 i ampliaci\u00f3 de les infraestructures de l&#8217;hospital de Nemba. Des d&#8217;eixa data, la UMH ha impartit nombrosos cursos de formaci\u00f3 per a professionals sanitaris en \u00e0rees tan variades com: ecografia i radiografia, cardiologia, pneumologia i nefrologia, salut mental, intervenci\u00f3 psicol\u00f2gica, dermatologia i lepra, neurologia i neurofisiologia cl\u00ednica, t\u00e8cniques de laboratori, pr\u00e0ctiques del sistema cardiopulmonar, formaci\u00f3 en Tics, etc. Aix\u00ed mateix, els voluntaris de la UMH han intervingut activament en la formaci\u00f3 de l&#8217;estudiantat i en la millora de la capacitaci\u00f3 del professorat de les escoles, i ha parat atenci\u00f3 sanit\u00e0ria als pacients dels hospitals i educaci\u00f3 sociosanit\u00e0ria als familiars de malalts hospitalitzats en aquests.<\/p>\n<p style=\"text-align: justify\">Entre les infraestructures a les quals la UMH ha contribu\u00eft, b\u00e9 en la seua construcci\u00f3 o en la seua consolidaci\u00f3, podem destacar:<\/p>\n<ul>\n<li>l&#8217;\u00e0rea de pediatria de l&#8217;Hospital de Nemba en 2005;<\/li>\n<li>el centre de formaci\u00f3 i capacitaci\u00f3 de Nemba en 2006;<\/li>\n<li>la primera resid\u00e8ncia d&#8217;estudiants adscrita al centre de formaci\u00f3 de Nemba en 2007;<\/li>\n<li>l&#8217;aula d&#8217;inform\u00e0tica de l&#8217;hospital de Nemba i la segona resid\u00e8ncia d&#8217;estudiants adscrita al centre de formaci\u00f3 de Nemba en 2008;<\/li>\n<li>el centre de formaci\u00f3 professional en fusteria en 2009;<\/li>\n<li>la construcci\u00f3 de les 15 aules de les escoles de Nemba en 2010;<\/li>\n<li>el centre de prevenci\u00f3 sanit\u00e0ria per a estudiants en Nemba en 2011;<\/li>\n<li>les instal\u00b7lacions de formaci\u00f3 de l&#8217;escola d&#8217;educaci\u00f3 secund\u00e0ria de Saint Jean d\u2019Nkumba i la rehabilitaci\u00f3 de l&#8217;edifici de consultes de l&#8217;hospital de Nemba en 2016;<\/li>\n<li>la construcci\u00f3 del menjador i les cuines de les escoles de Nemba i de la sala de formaci\u00f3 per videoconfer\u00e8ncia a principis de 2017;<\/li>\n<li>la construcci\u00f3 d&#8217;una sala d&#8217;espera per a acompanyants dels pacients de l&#8217;Hospital de Nemba en 2018;<\/li>\n<li>la implantaci\u00f3 d&#8217;un projecte educomunicativo de r\u00e0dio escolar a l&#8217;escola de secund\u00e0ria ESSA-Ruhengeri en 2019;<\/li>\n<li>l&#8217;habilitaci\u00f3 d&#8217;una UCI a l&#8217;Hospital de Nemba en 2020;<\/li>\n<li>la construcci\u00f3 d&#8217;una biblioteca en la ESSA de Ruhengeri en el 2021;<\/li>\n<li>la construcci\u00f3 d&#8217;uns lavabos en la sala d&#8217;espera de l&#8217;Hospital de Nemba i dotaci\u00f3 de material a la seua UCI en 2022;<\/li>\n<li>i la rehabilitaci\u00f3 dels dormitoris de les xiquetes de l&#8217;Escola de Apeki Tomba en Rulindo en 2023.<\/li>\n<\/ul>\n<p style=\"text-align: justify\">Aix\u00ed mateix, la UMH ha reconstru\u00eft i mantingut dues resid\u00e8ncies, la de voluntariat i la de formaci\u00f3, que continuen operatives en l&#8217;actualitat. Cada resid\u00e8ncia compta amb diferents serveis i instal\u00b7lacions, que permeten allotjar tant a membres de la comunitat universit\u00e0ria com a visitants externs que es desplacen a con\u00e9ixer de primera m\u00e0 la labor exercida per la UMH, aix\u00ed com a col\u00b7laborar en les tasques que all\u00ed es realitzen<\/p>\n<p style=\"text-align: justify\">La UMH tamb\u00e9 mostra el seu suport a la poblaci\u00f3 ruandesa, mitjan\u00e7ant aportacions anuals (ja siga amb fons propis o privats) per a cobrir almenys un menjar al dia a l&#8217;estudiantat de les Escoles de Nemba, la mutualitat ruandesa de salut de fam\u00edlies vulnerables del Sector de Nemba i <a title=\"Accedeix per a con\u00e9ixer els detalls de la reforma de l'UCI dels hospitals de Nemba i Ruhengeri\" href=\"https:\/\/internacional.umh.es\/2020\/06\/23\/realizada-la-reforma-de-la-uci-del-hospital-de-nemba-en-ruanda\/\">per a dotar de material m\u00e8dic necessari per al funcionament de les UCI dels hospitals de Nemba i Ruhengeri<\/a>.<\/p>\n<p style=\"text-align: justify\">Amb la finalitat de refor\u00e7ar i donar continu\u00eftat a la seua pres\u00e8ncia institucional a Ruanda, la UMH va aprovar, mitjan\u00e7ant acord del Consell de Govern en sessi\u00f3 de 24 de novembre de 2015, <a title=\"Ho veur\u00e0s en una nova finestra\" href=\"https:\/\/catedraruanda.umh.es\/\" target=\"_blank\" rel=\"noopener\"><strong>la C\u00e0tedra <\/strong><strong>\u201cSeu de la UMH a Ruanda\u201d<\/strong><\/a> que des d&#8217;eixa data es constitueix com a plataforma de vinculaci\u00f3, estudi i divulgaci\u00f3 de tot el referent a l&#8217;activitat que es realitzen a Ruanda, incloent-hi projectes de cooperaci\u00f3 i voluntariat, de formaci\u00f3, d&#8217;investigaci\u00f3 i de construcci\u00f3 d&#8217;infraestructures, tant sanit\u00e0ries com educatives. A trav\u00e9s d&#8217;aquesta C\u00e0tedra la UMH col\u00b7labora activament amb totes aquelles institucions, organitzacions i associacions tant p\u00fabliques com privades que realitzen activitats similars a nivell local, auton\u00f2mic, nacional i internacional i estableix convenis de patrocini i mecenatge amb institucions p\u00fabliques o privades que desitgen col\u00b7laborar en la realitzaci\u00f3 de les activitats organitzades per aquesta C\u00e0tedra.<\/p>\n<p style=\"text-align: justify\">Totes les actuacions que la UMH realitza a Ruanda s\u00f3n possibles gr\u00e0cies a aportacions de la pr\u00f2pia universitat, subvencions procedents d&#8217;administracions p\u00fabliques principalment la Generalitat Valenciana i <span style=\"text-decoration: underline\"><a title=\"Ho veur\u00e0s en una nova finestra\" href=\"https:\/\/catedraruanda.umh.es\/donaciones\/hazunadonacion\/\" target=\"_blank\" rel=\"noopener\"><strong>aportacions privades<\/strong><\/a>.<\/span><\/p>\n<p>&nbsp;<\/p>","protected":false},"excerpt":{"rendered":"<p>Un dels projectes m\u00e9s emblem\u00e0tics de la Universitat Miguel Hern\u00e1ndez d&#8217;Elx en mat\u00e8ria de cooperaci\u00f3 al desenvolupament ha consistit a crear i consolidar una estructura sostenible dirigida a l&#8217;educaci\u00f3 i l&#8217;atenci\u00f3 soci-sanit\u00e0ria a \u00c0frica. La UMH al llarg de quasi 20 anys ha generat una superestructura estable dedicada a la cooperaci\u00f3 internacional al desenvolupament i [&#8230;]<\/p>\n","protected":false},"author":408,"featured_media":0,"parent":7280,"menu_order":3,"comment_status":"closed","ping_status":"closed","template":"","meta":{"ngg_post_thumbnail":0,"_links_to":"","_links_to_target":""},"yoast_head":"<!-- This site is optimized with the Yoast SEO plugin v17.5 - https:\/\/yoast.com\/wordpress\/plugins\/seo\/ -->\n<meta name=\"description\" content=\"la UMH a lo largo de 20 a\u00f1os ha generado una superestructura dedicada a la cooperaci\u00f3n internacional al desarrollo en su sede en Ruanda\" \/>\n<meta name=\"robots\" content=\"index, follow, max-snippet:-1, max-image-preview:large, max-video-preview:-1\" \/>\n<link rel=\"canonical\" href=\"https:\/\/internacional.umh.es\/ca\/cooperacion-y-voluntariado\/cooperacion-al-desarrollo\/la-umh-en-ruanda\/\" \/>\n<meta property=\"og:locale\" content=\"ca_ES\" \/>\n<meta property=\"og:type\" content=\"article\" \/>\n<meta property=\"og:title\" content=\"La UMH i Ruanda - Internacionalitzaci\u00f3 i Cooperaci\u00f3\" \/>\n<meta property=\"og:description\" content=\"la UMH a lo largo de 20 a\u00f1os ha generado una superestructura dedicada a la cooperaci\u00f3n internacional al desarrollo en su sede en Ruanda\" \/>\n<meta property=\"og:url\" content=\"https:\/\/internacional.umh.es\/ca\/cooperacion-y-voluntariado\/cooperacion-al-desarrollo\/la-umh-en-ruanda\/\" \/>\n<meta property=\"og:site_name\" content=\"Internacionalitzaci\u00f3 i Cooperaci\u00f3\" \/>\n<meta property=\"article:modified_time\" content=\"2024-04-29T07:54:05+00:00\" \/>\n<meta property=\"og:image\" content=\"https:\/\/internacional.umh.es\/files\/2024\/04\/Sede-Ruanda-clases-voluntariado-UMH-300x200.jpg\" \/>\n<meta name=\"twitter:card\" content=\"summary_large_image\" \/>\n<meta name=\"twitter:label1\" content=\"Est. reading time\" \/>\n\t<meta name=\"twitter:data1\" content=\"4 minuts\" \/>\n<script type=\"application\/ld+json\" class=\"yoast-schema-graph\">{\"@context\":\"https:\/\/schema.org\",\"@graph\":[{\"@type\":\"WebSite\",\"@id\":\"https:\/\/internacional.umh.es\/en\/#website\",\"url\":\"https:\/\/internacional.umh.es\/en\/\",\"name\":\"Internacionalitzaci\\u00f3 i Cooperaci\\u00f3\",\"description\":\"Universitat Miguel Hern\\u00e1ndez d&#039;Elx\",\"potentialAction\":[{\"@type\":\"SearchAction\",\"target\":{\"@type\":\"EntryPoint\",\"urlTemplate\":\"https:\/\/internacional.umh.es\/en\/?s={search_term_string}\"},\"query-input\":\"required name=search_term_string\"}],\"inLanguage\":\"ca\"},{\"@type\":\"ImageObject\",\"@id\":\"https:\/\/internacional.umh.es\/ca\/cooperacion-y-voluntariado\/cooperacion-al-desarrollo\/la-umh-en-ruanda\/#primaryimage\",\"inLanguage\":\"ca\",\"url\":\"https:\/\/internacional.umh.es\/files\/2024\/04\/Sede-Ruanda-clases-voluntariado-UMH.jpg\",\"contentUrl\":\"https:\/\/internacional.umh.es\/files\/2024\/04\/Sede-Ruanda-clases-voluntariado-UMH.jpg\",\"width\":1920,\"height\":1280,\"caption\":\"Sede Ruanda clases voluntariado UMH\"},{\"@type\":\"WebPage\",\"@id\":\"https:\/\/internacional.umh.es\/ca\/cooperacion-y-voluntariado\/cooperacion-al-desarrollo\/la-umh-en-ruanda\/#webpage\",\"url\":\"https:\/\/internacional.umh.es\/ca\/cooperacion-y-voluntariado\/cooperacion-al-desarrollo\/la-umh-en-ruanda\/\",\"name\":\"La UMH i Ruanda - Internacionalitzaci\\u00f3 i Cooperaci\\u00f3\",\"isPartOf\":{\"@id\":\"https:\/\/internacional.umh.es\/en\/#website\"},\"primaryImageOfPage\":{\"@id\":\"https:\/\/internacional.umh.es\/ca\/cooperacion-y-voluntariado\/cooperacion-al-desarrollo\/la-umh-en-ruanda\/#primaryimage\"},\"datePublished\":\"2023-10-26T10:54:42+00:00\",\"dateModified\":\"2024-04-29T07:54:05+00:00\",\"description\":\"la UMH a lo largo de 20 a\\u00f1os ha generado una superestructura dedicada a la cooperaci\\u00f3n internacional al desarrollo en su sede en Ruanda\",\"breadcrumb\":{\"@id\":\"https:\/\/internacional.umh.es\/ca\/cooperacion-y-voluntariado\/cooperacion-al-desarrollo\/la-umh-en-ruanda\/#breadcrumb\"},\"inLanguage\":\"ca\",\"potentialAction\":[{\"@type\":\"ReadAction\",\"target\":[\"https:\/\/internacional.umh.es\/ca\/cooperacion-y-voluntariado\/cooperacion-al-desarrollo\/la-umh-en-ruanda\/\"]}]},{\"@type\":\"BreadcrumbList\",\"@id\":\"https:\/\/internacional.umh.es\/ca\/cooperacion-y-voluntariado\/cooperacion-al-desarrollo\/la-umh-en-ruanda\/#breadcrumb\",\"itemListElement\":[{\"@type\":\"ListItem\",\"position\":1,\"name\":\"Home\",\"item\":\"https:\/\/internacional.umh.es\/en\/\"},{\"@type\":\"ListItem\",\"position\":2,\"name\":\"COOPERACI\\u00d3 I VOLUNTARIAT\",\"item\":\"https:\/\/internacional.umh.es\/ca\/cooperacion-y-voluntariado\/\"},{\"@type\":\"ListItem\",\"position\":3,\"name\":\"Cooperaci\\u00f3 aI Desenvolupament\",\"item\":\"https:\/\/internacional.umh.es\/ca\/cooperacion-y-voluntariado\/cooperacion-al-desarrollo\/\"},{\"@type\":\"ListItem\",\"position\":4,\"name\":\"La UMH i Ruanda\"}]}]}<\/script>\n<!-- \/ Yoast SEO plugin. -->","yoast_head_json":{"description":"la UMH a lo largo de 20 a\u00f1os ha generado una superestructura dedicada a la cooperaci\u00f3n internacional al desarrollo en su sede en Ruanda","robots":{"index":"index","follow":"follow","max-snippet":"max-snippet:-1","max-image-preview":"max-image-preview:large","max-video-preview":"max-video-preview:-1"},"canonical":"https:\/\/internacional.umh.es\/ca\/cooperacion-y-voluntariado\/cooperacion-al-desarrollo\/la-umh-en-ruanda\/","og_locale":"ca_ES","og_type":"article","og_title":"La UMH i Ruanda - Internacionalitzaci\u00f3 i Cooperaci\u00f3","og_description":"la UMH a lo largo de 20 a\u00f1os ha generado una superestructura dedicada a la cooperaci\u00f3n internacional al desarrollo en su sede en Ruanda","og_url":"https:\/\/internacional.umh.es\/ca\/cooperacion-y-voluntariado\/cooperacion-al-desarrollo\/la-umh-en-ruanda\/","og_site_name":"Internacionalitzaci\u00f3 i Cooperaci\u00f3","article_modified_time":"2024-04-29T07:54:05+00:00","og_image":[{"url":"https:\/\/internacional.umh.es\/files\/2024\/04\/Sede-Ruanda-clases-voluntariado-UMH-300x200.jpg"}],"twitter_card":"summary_large_image","twitter_misc":{"Est. reading time":"4 minuts"},"schema":{"@context":"https:\/\/schema.org","@graph":[{"@type":"WebSite","@id":"https:\/\/internacional.umh.es\/en\/#website","url":"https:\/\/internacional.umh.es\/en\/","name":"Internacionalitzaci\u00f3 i Cooperaci\u00f3","description":"Universitat Miguel Hern\u00e1ndez d&#039;Elx","potentialAction":[{"@type":"SearchAction","target":{"@type":"EntryPoint","urlTemplate":"https:\/\/internacional.umh.es\/en\/?s={search_term_string}"},"query-input":"required name=search_term_string"}],"inLanguage":"ca"},{"@type":"ImageObject","@id":"https:\/\/internacional.umh.es\/ca\/cooperacion-y-voluntariado\/cooperacion-al-desarrollo\/la-umh-en-ruanda\/#primaryimage","inLanguage":"ca","url":"https:\/\/internacional.umh.es\/files\/2024\/04\/Sede-Ruanda-clases-voluntariado-UMH.jpg","contentUrl":"https:\/\/internacional.umh.es\/files\/2024\/04\/Sede-Ruanda-clases-voluntariado-UMH.jpg","width":1920,"height":1280,"caption":"Sede Ruanda clases voluntariado UMH"},{"@type":"WebPage","@id":"https:\/\/internacional.umh.es\/ca\/cooperacion-y-voluntariado\/cooperacion-al-desarrollo\/la-umh-en-ruanda\/#webpage","url":"https:\/\/internacional.umh.es\/ca\/cooperacion-y-voluntariado\/cooperacion-al-desarrollo\/la-umh-en-ruanda\/","name":"La UMH i Ruanda - Internacionalitzaci\u00f3 i Cooperaci\u00f3","isPartOf":{"@id":"https:\/\/internacional.umh.es\/en\/#website"},"primaryImageOfPage":{"@id":"https:\/\/internacional.umh.es\/ca\/cooperacion-y-voluntariado\/cooperacion-al-desarrollo\/la-umh-en-ruanda\/#primaryimage"},"datePublished":"2023-10-26T10:54:42+00:00","dateModified":"2024-04-29T07:54:05+00:00","description":"la UMH a lo largo de 20 a\u00f1os ha generado una superestructura dedicada a la cooperaci\u00f3n internacional al desarrollo en su sede en Ruanda","breadcrumb":{"@id":"https:\/\/internacional.umh.es\/ca\/cooperacion-y-voluntariado\/cooperacion-al-desarrollo\/la-umh-en-ruanda\/#breadcrumb"},"inLanguage":"ca","potentialAction":[{"@type":"ReadAction","target":["https:\/\/internacional.umh.es\/ca\/cooperacion-y-voluntariado\/cooperacion-al-desarrollo\/la-umh-en-ruanda\/"]}]},{"@type":"BreadcrumbList","@id":"https:\/\/internacional.umh.es\/ca\/cooperacion-y-voluntariado\/cooperacion-al-desarrollo\/la-umh-en-ruanda\/#breadcrumb","itemListElement":[{"@type":"ListItem","position":1,"name":"Home","item":"https:\/\/internacional.umh.es\/en\/"},{"@type":"ListItem","position":2,"name":"COOPERACI\u00d3 I VOLUNTARIAT","item":"https:\/\/internacional.umh.es\/ca\/cooperacion-y-voluntariado\/"},{"@type":"ListItem","position":3,"name":"Cooperaci\u00f3 aI Desenvolupament","item":"https:\/\/internacional.umh.es\/ca\/cooperacion-y-voluntariado\/cooperacion-al-desarrollo\/"},{"@type":"ListItem","position":4,"name":"La UMH i Ruanda"}]}]}},"_links":{"self":[{"href":"https:\/\/internacional.umh.es\/ca\/wp-json\/wp\/v2\/pages\/32160"}],"collection":[{"href":"https:\/\/internacional.umh.es\/ca\/wp-json\/wp\/v2\/pages"}],"about":[{"href":"https:\/\/internacional.umh.es\/ca\/wp-json\/wp\/v2\/types\/page"}],"author":[{"embeddable":true,"href":"https:\/\/internacional.umh.es\/ca\/wp-json\/wp\/v2\/users\/408"}],"replies":[{"embeddable":true,"href":"https:\/\/internacional.umh.es\/ca\/wp-json\/wp\/v2\/comments?post=32160"}],"version-history":[{"count":0,"href":"https:\/\/internacional.umh.es\/ca\/wp-json\/wp\/v2\/pages\/32160\/revisions"}],"up":[{"embeddable":true,"href":"https:\/\/internacional.umh.es\/ca\/wp-json\/wp\/v2\/pages\/7280"}],"wp:attachment":[{"href":"https:\/\/internacional.umh.es\/ca\/wp-json\/wp\/v2\/media?parent=32160"}],"curies":[{"name":"wp","href":"https:\/\/api.w.org\/{rel}","templated":true}]}}