{"id":5732,"date":"2018-02-15T12:25:57","date_gmt":"2018-02-15T11:25:57","guid":{"rendered":"http:\/\/internacional.umh.es\/?page_id=5732"},"modified":"2026-02-23T10:37:55","modified_gmt":"2026-02-23T09:37:55","slug":"proyectos","status":"publish","type":"page","link":"https:\/\/internacional.umh.es\/ca\/internacionalizacion\/proyectos\/","title":{"rendered":"Projectes"},"content":{"rendered":"<p><img loading=\"lazy\" class=\"wp-image-17289 alignnone\" title=\"Proyectos Erasmus+ desarrollados en la UMH\" src=\"https:\/\/internacional.umh.es\/files\/2020\/11\/logo-erasmus-plus-300x61.png\" alt=\"Erasmus+ logo proyectos\" width=\"261\" height=\"53\" srcset=\"https:\/\/internacional.umh.es\/files\/2020\/11\/logo-erasmus-plus-300x61.png 300w, https:\/\/internacional.umh.es\/files\/2020\/11\/logo-erasmus-plus-768x156.png 768w, https:\/\/internacional.umh.es\/files\/2020\/11\/logo-erasmus-plus-1024x209.png 1024w, https:\/\/internacional.umh.es\/files\/2020\/11\/logo-erasmus-plus.png 1758w\" sizes=\"(max-width: 261px) 100vw, 261px\" \/>&nbsp;<img loading=\"lazy\" class=\"wp-image-17766 alignright\" title=\"Els projectes estan cofinan\u00e7ats pel programa Erasmus+ de la Uni\u00f3 Europea\" src=\"https:\/\/internacional.umh.es\/files\/2021\/01\/logo-cofinanciado-ue-300x69.png\" alt=\"Cofinan\u00e7at pel programa Erasmus+ de la Uni\u00f3 Europea programa bot\u00f3\" width=\"232\" height=\"53\" srcset=\"https:\/\/internacional.umh.es\/files\/2021\/01\/logo-cofinanciado-ue-300x69.png 300w, https:\/\/internacional.umh.es\/files\/2021\/01\/logo-cofinanciado-ue.png 512w\" sizes=\"(max-width: 232px) 100vw, 232px\" \/><\/p>\n<p style=\"text-align: justify\"><strong>IMPORTANT:<\/strong> com a novetat de la convocat\u00f2ria de 2024 per a les <strong>Associacions de Cooperaci\u00f3 d&#8217;\u00e0mbit <u>no<\/u> universitari<\/strong>, s&#8217;estableix un n\u00famero m\u00e0xim de <strong>10 sol\u00b7licituds<\/strong> per universitat. Es prioritzar\u00e0 per ordre de recepci\u00f3 de la <a href=\"https:\/\/internacional.umh.es\/ca\/internacionalizacion\/proyectos\/como-solicitar-proyectos-erasmus\/\" title=\"Desc\u00e0rrega els documents importants en sol\u00b7licitar un projecte Erasmus+\">fitxa completa<\/a> en el Servei de Relacions Internacionals, tenint prefer\u00e8ncia els sol\u00b7licitants que no tinguen un projecte Erasmus+ vigent i nom\u00e9s s&#8217;admetr\u00e0 una sol\u00b7licitud per persona. La data m\u00e0xima per a fer-nos arribar la fitxa ser\u00e0 el 16 de febrer de 2024 per a la convocat\u00f2ria de 5 de mar\u00e7, i el 15 de setembre per a la de l&#8217;1 d&#8217;octubre.<\/p>\n<ul id=\"2021\">\n<li><a title=\"Accedeix a com sol\u00b7licitar projectes internacionals en la UMH\" href=\"https:\/\/internacional.umh.es\/ca\/internacionalizacion\/proyectos\/como-solicitar-proyectos-erasmus\/\"><span style=\"text-decoration: underline\"><strong>Gesti\u00f3 de projectes<\/strong><\/span><\/a><\/li>\n<li><a title=\"Descobreix el gran nombre de Projectes KA2 que s'estan desenvolupant en la UMH\" href=\"https:\/\/internacional.umh.es\/ca\/proyectos-ka2-en-curso\/\"><strong>Projectes KA2 en curs<\/strong><\/a><\/li>\n<li><a title=\"Ho veur\u00e0s en una nova finestra\" href=\"http:\/\/www.sepie.es\/doc\/convocatoria\/2024\/erasmus_programme_guide_2024_es.pdf\" target=\"_blank\" rel=\"noopener\"><strong>ERASMUS+ 2024 Guia del programa (6,1mb Castell\u00e0 .pdf)<\/strong><\/a><\/li>\n<li><strong><a title=\"Accedeix a tota la informaci\u00f3 a l'hora de comunicar el teu projecte ara\" href=\"https:\/\/internacional.umh.es\/files\/2023\/02\/como_comunicar_tu_proyecto_es.pdf\" target=\"_blank\" rel=\"noopener\">Com comunicar el teu projecte (2,75mb Castell\u00e0 .pdf)<\/a><\/strong><\/li>\n<\/ul>\n<p>Tots els terminis de presentaci\u00f3 de sol\u00b7licituds especificats s&#8217;expressen en hora de Brussel\u00b7les.<br \/>\n<strong>* <\/strong>En cas de sol\u00b7licitar alguna proposta, pots posar-te en contacte amb el Servei d&#8217;RR.II.<br \/>\n<strong>Tel. 5-0672 i 96 665 8683<\/strong><\/p>\n<ul>\n<li><a title=\"Ho veur\u00e0s en una nova finestra\" href=\"http:\/\/www.sepie.es\/doc\/convocatoria\/2024\/convocatoria_EACA072023_es.pdf\" target=\"_blank\" rel=\"noopener\">Convocat\u00f2ria de propostes 2024. EAC\/A07\/2023 Programa Erasmus+ (C\/2023\/1262) (367Kb Castell\u00e0 .pdf)<\/a><\/li>\n<\/ul>\n<p>M\u00e9s informaci\u00f3 en la Guia Erasmus+ per a 2024 en la seg\u00fcent adre\u00e7a:<br \/>\n<a title=\"Ho veur\u00e0s en una nova finestra\" href=\"https:\/\/ec.europa.eu\/programmes\/erasmus-plus\/resources\/programme-guide\" target=\"_blank\" rel=\"noopener noreferrer\">ec.europa.eu\/programmes\/erasmus-plus\/resources\/programme-guide<\/a><\/p>\n<table width=\"100%\">\n<tbody>\n<tr>\n<td style=\"background: #CDCDCD\" colspan=\"4\" align=\"center\"><strong>Acci\u00f3 clau 2: Cooperaci\u00f3 entre organitzacions i institucions<\/strong><\/p>\n<p><strong>Associacions per a la cooperaci\u00f3<\/strong><\/td>\n<\/tr>\n<tr style=\"background: #CDCDCD\">\n<td align=\"center\">&nbsp;<\/td>\n<td align=\"center\">Subprogrames<\/td>\n<td align=\"center\">Dates presentaci\u00f3 sol\u00b7licituds<\/td>\n<td align=\"center\">On presentar les sol\u00b7licituds<\/td>\n<\/tr>\n<tr>\n<td rowspan=\"5\" width=\"200px\"><strong>Associacions de cooperaci\u00f3<\/strong><\/td>\n<td width=\"360px\">En els \u00e0mbits de l&#8217;educaci\u00f3, la formaci\u00f3 i la joventut<\/td>\n<td><strong>5 de mar\u00e7 de 2024 a les 12.00 hores<\/strong><\/td>\n<td align=\"center\">SEPIE<\/td>\n<\/tr>\n<tr>\n<td width=\"360px\">En l&#8217;\u00e0mbit de l&#8217;esport<\/td>\n<td><strong>5 de mar\u00e7 de 2024 a les 17.00 hores <\/strong><\/td>\n<td align=\"center\">EACEA<\/td>\n<\/tr>\n<tr>\n<td width=\"360px\">En l&#8217;\u00e0mbit de la joventut<\/td>\n<td><strong>1 d&#8217;octubre de 2024 a les 12.00 hores <\/strong><\/td>\n<td align=\"center\">EACEA<\/td>\n<\/tr>\n<\/tbody>\n<\/table>\n<table width=\"100%\">\n<tbody>\n<tr style=\"background: #CDCDCD\">\n<td align=\"center\">&nbsp;<\/td>\n<td align=\"center\">Subprogrames<\/td>\n<td align=\"center\">Dates presentaci\u00f3 sol\u00b7licituds<\/td>\n<td align=\"center\">On presentar les sol\u00b7licituds<\/td>\n<\/tr>\n<tr>\n<td rowspan=\"5\" width=\"200px\"><strong>Associacions a petita escala<\/strong><\/td>\n<td rowspan=\"2\" width=\"360px\">En els \u00e0mbits de l&#8217;educaci\u00f3 escolar,&nbsp; l&#8217;educaci\u00f3 i la formaci\u00f3 professionals, l&#8217;educaci\u00f3 d&#8217;adults i la joventut<\/td>\n<td><strong style=\"font-family: inherit;font-size: inherit\">5 de mar\u00e7 de 2024 a les 12.00 hores<\/strong><\/td>\n<td align=\"center\">SEPIE<\/td>\n<\/tr>\n<tr>\n<td><strong style=\"font-family: inherit;font-size: inherit\">1 d&#8217;octubre de 2024 a les 12.00 hores<\/strong><\/td>\n<td align=\"center\">SEPIE<\/td>\n<\/tr>\n<tr>\n<td width=\"360px\">En l&#8217;\u00e0mbit de l&#8217;esport<\/td>\n<td><strong style=\"font-family: inherit;font-size: inherit\">5 de mar\u00e7 de 2024 a les 17.00 hores<\/strong><\/td>\n<td align=\"center\">EACEA<\/td>\n<\/tr>\n<\/tbody>\n<\/table>\n<p>&nbsp;<\/p>\n<table width=\"100%\">\n<tbody>\n<tr>\n<td style=\"background: #CDCDCD\" colspan=\"4\" align=\"center\"><strong>Acci\u00f3 clau 2: Cooperaci\u00f3 entre organitzacions i institucions<\/strong><\/td>\n<\/tr>\n<tr style=\"background: #CDCDCD\">\n<td align=\"center\">&nbsp;<\/td>\n<td align=\"center\">Subprogrames<\/td>\n<td align=\"center\">Dates presentaci\u00f3 sol\u00b7licituds<\/td>\n<td align=\"center\">On presentar les sol\u00b7licituds<\/td>\n<\/tr>\n<tr>\n<td rowspan=\"5\" width=\"200px\"><strong>Associacions d&#8217;excel\u00b7l\u00e8ncia<\/strong><\/td>\n<td width=\"360px\">Centres d&#8217;excel\u00b7l\u00e8ncia professional<\/td>\n<td><strong>7 de maig de 2024 a les 17.00 hores<\/strong><\/td>\n<td align=\"center\">EACEA<\/td>\n<\/tr>\n<tr>\n<td width=\"360px\">Acci\u00f3 Erasmus Mundus<\/td>\n<td><strong>15 de febrer de 2024 a les 17.00 hores<\/strong><\/td>\n<td align=\"center\">EACEA<\/td>\n<\/tr>\n<\/tbody>\n<\/table>\n<p>&nbsp;<\/p>\n<table width=\"100%\">\n<tbody>\n<tr>\n<td style=\"background: #CDCDCD\" colspan=\"4\" align=\"center\"><strong>Acci\u00f3 clau 2: Cooperaci\u00f3 entre organitzacions i institucions<\/strong><\/td>\n<\/tr>\n<tr style=\"background: #CDCDCD\">\n<td align=\"center\">&nbsp;<\/td>\n<td align=\"center\">Subprogrames<\/td>\n<td align=\"center\">Dates presentaci\u00f3 sol\u00b7licituds<\/td>\n<td align=\"center\">On presentar les sol\u00b7licituds<\/td>\n<\/tr>\n<tr>\n<td rowspan=\"5\" width=\"200px\"><strong>Associacions per a la innovaci\u00f3<\/strong><\/td>\n<td width=\"360px\">Aliances per a la innovaci\u00f3<\/td>\n<td><strong>7 de mar\u00e7 de 2024 a les 17.00 hores<\/strong><\/td>\n<td align=\"center\">EACEA<\/td>\n<\/tr>\n<\/tbody>\n<\/table>\n<p>&nbsp;<\/p>\n<table width=\"100%\">\n<tbody>\n<tr>\n<td style=\"background: #CDCDCD\" colspan=\"4\" align=\"center\"><strong>Acci\u00f3 clau 2: Cooperaci\u00f3 entre organitzacions i institucions<\/strong><\/td>\n<\/tr>\n<tr style=\"background: #CDCDCD\">\n<td align=\"center\">&nbsp;<\/td>\n<td align=\"center\">Subprogrames<\/td>\n<td align=\"center\">Dates presentaci\u00f3 sol\u00b7licituds<\/td>\n<td align=\"center\">On presentar les sol\u00b7licituds<\/td>\n<\/tr>\n<tr>\n<td rowspan=\"4\" width=\"200px\"><strong>Desenvolupament de les capacitats en l&#8217;\u00e0mbit de l&#8217;educaci\u00f3 superior, l&#8217;educaci\u00f3 i la formaci\u00f3 professionals, la joventut i l&#8217;esport<\/strong><\/td>\n<td width=\"360px\">En l&#8217;\u00e0mbit de l&#8217;educaci\u00f3 superior<\/td>\n<td><strong>8 de febrer de 2024 a les 17.00 hores <\/strong><\/td>\n<td align=\"center\">EACEA<\/td>\n<\/tr>\n<tr>\n<td width=\"360px\">En l&#8217;\u00e0mbit de l&#8217;educaci\u00f3 i la formaci\u00f3 professionals<\/td>\n<td><strong>29 de febrer de 2024 a les 17.00 hores<\/strong><\/td>\n<td align=\"center\">EACEA<\/td>\n<\/tr>\n<tr>\n<td width=\"360px\">En l&#8217;\u00e0mbit de la joventut<\/td>\n<td><strong>6 de mar\u00e7 de 2024 a les 17.00 hores<\/strong><\/td>\n<td align=\"center\">EACEA<\/td>\n<\/tr>\n<tr>\n<td width=\"360px\">En l&#8217;\u00e0mbit de l&#8217;esport<\/td>\n<td><strong>5 de mar\u00e7 de 2024 a les 17.00 hores<\/strong><\/td>\n<td align=\"center\">EACEA<\/td>\n<\/tr>\n<\/tbody>\n<\/table>\n<p>&nbsp;<\/p>\n<table width=\"100%\">\n<tbody>\n<tr>\n<td style=\"background: #CDCDCD\" colspan=\"4\" align=\"center\"><strong>Acci\u00f3 clau 2: Cooperaci\u00f3 entre organitzacions i institucions<\/strong><\/td>\n<\/tr>\n<tr style=\"background: #CDCDCD\">\n<td align=\"center\">&nbsp;<\/td>\n<td align=\"center\">Subprogrames<\/td>\n<td align=\"center\">Dates presentaci\u00f3 sol\u00b7licituds<\/td>\n<td align=\"center\">On presentar les sol\u00b7licituds<\/td>\n<\/tr>\n<tr>\n<td rowspan=\"4\" width=\"200px\"><strong>Activitats esportives<\/strong><\/td>\n<\/tr>\n<tr>\n<td width=\"360px\">Esdeveniments esportius europeus sense \u00e0nim de lucre<\/td>\n<td><strong>5 de mar\u00e7 de 2024 a les 17.00 hores<\/strong><\/td>\n<td align=\"center\">EACEA<\/td>\n<\/tr>\n<\/tbody>\n<\/table>\n<p>&nbsp;<\/p>\n<table width=\"100%\">\n<tbody>\n<tr>\n<td style=\"background: #CDCDCD\" colspan=\"4\" align=\"center\"><strong>Accions Jean Monnet<\/strong><\/td>\n<\/tr>\n<tr style=\"background: #CDCDCD\">\n<td align=\"center\">&nbsp;<\/td>\n<td align=\"center\">Subprogrames<\/td>\n<td align=\"center\">Dates presentaci\u00f3 sol\u00b7licituds<\/td>\n<td align=\"center\">On presentar les sol\u00b7licituds<\/td>\n<\/tr>\n<tr>\n<td rowspan=\"5\" width=\"200px\"><strong>Accions i xarxes Jean Monnet<\/strong><\/td>\n<td width=\"360px\">En l&#8217;\u00e0mbit de l&#8217;educaci\u00f3 superior<\/td>\n<td><strong>1 de febrer de 2024 a les 17.00 hores<\/strong><\/td>\n<td align=\"center\">EACEA<\/td>\n<\/tr>\n<tr>\n<td width=\"360px\">En altres \u00e0mbits de l&#8217;educaci\u00f3 i la formaci\u00f3<\/td>\n<td><strong>1 de febrer de 2024 a les 17.00 hores<\/strong><\/td>\n<td align=\"center\">EACEA<\/td>\n<\/tr>\n<\/tbody>\n<\/table>\n<p>&nbsp;<br \/>\n&nbsp;<br \/>\n<a href=\"#2021\"><img loading=\"lazy\" class=\"alignright wp-image-20826 size-full\" title=\"Anar al principi de la p\u00e0gina\" src=\"https:\/\/internacional.umh.es\/files\/2021\/06\/Botonarriba.jpg\" alt=\"Bot\u00f3 damunt icona\" width=\"51\" height=\"50\" srcset=\"https:\/\/internacional.umh.es\/files\/2021\/06\/Botonarriba.jpg 51w, https:\/\/internacional.umh.es\/files\/2021\/06\/Botonarriba-32x32.jpg 32w\" sizes=\"(max-width: 51px) 100vw, 51px\" \/><\/a><\/p>","protected":false},"excerpt":{"rendered":"<p>&nbsp;<br \/>\nIMPORTANT: com a novetat de la convocat\u00f2ria de 2024 per a les Associacions de Cooperaci\u00f3 d&#8217;\u00e0mbit no universitari, s&#8217;estableix un n\u00famero m\u00e0xim de 10 sol\u00b7licituds per universitat. Es prioritzar\u00e0 per ordre de recepci\u00f3 de la fitxa completa en el Servei de Relacions Internacionals, tenint prefer\u00e8ncia els sol\u00b7licitants que no tinguen un projecte Erasmus+ vigent i [&#8230;]<\/p>\n","protected":false},"author":3296,"featured_media":0,"parent":2740,"menu_order":11,"comment_status":"closed","ping_status":"closed","template":"","meta":{"ngg_post_thumbnail":0,"_links_to":"","_links_to_target":""},"yoast_head":"<!-- This site is optimized with the Yoast SEO plugin v17.5 - https:\/\/yoast.com\/wordpress\/plugins\/seo\/ -->\n<meta name=\"description\" content=\"Relaci\u00f3n de proyectos de internacionalizaci\u00f3n, gesti\u00f3n de proyecto KA2, Proyecto KA2 en curso en los que se encuentra la UMH y finalizados.\" \/>\n<meta name=\"robots\" content=\"index, follow, max-snippet:-1, max-image-preview:large, max-video-preview:-1\" \/>\n<link rel=\"canonical\" href=\"https:\/\/internacional.umh.es\/ca\/internacionalizacion\/proyectos\/\" \/>\n<meta property=\"og:locale\" content=\"ca_ES\" \/>\n<meta property=\"og:type\" content=\"article\" \/>\n<meta property=\"og:title\" content=\"Projectes - Internacionalitzaci\u00f3 i Cooperaci\u00f3\" \/>\n<meta property=\"og:description\" content=\"Relaci\u00f3n de proyectos de internacionalizaci\u00f3n, gesti\u00f3n de proyecto KA2, Proyecto KA2 en curso en los que se encuentra la UMH y finalizados.\" \/>\n<meta property=\"og:url\" content=\"https:\/\/internacional.umh.es\/internacionalizacion\/proyectos\/\" \/>\n<meta property=\"og:site_name\" content=\"Internacionalitzaci\u00f3 i Cooperaci\u00f3\" \/>\n<meta property=\"article:modified_time\" content=\"2026-02-23T09:37:55+00:00\" \/>\n<meta property=\"og:image\" content=\"https:\/\/internacional.umh.es\/files\/2020\/11\/logo-erasmus-plus-300x61.png\" \/>\n<meta name=\"twitter:card\" content=\"summary_large_image\" \/>\n<meta name=\"twitter:label1\" content=\"Est. reading time\" \/>\n\t<meta name=\"twitter:data1\" content=\"4 minuts\" \/>\n<script type=\"application\/ld+json\" class=\"yoast-schema-graph\">{\"@context\":\"https:\/\/schema.org\",\"@graph\":[{\"@type\":\"WebSite\",\"@id\":\"https:\/\/internacional.umh.es\/en\/#website\",\"url\":\"https:\/\/internacional.umh.es\/en\/\",\"name\":\"Internacionalitzaci\\u00f3 i Cooperaci\\u00f3\",\"description\":\"Universitat Miguel Hern\\u00e1ndez d&#039;Elx\",\"potentialAction\":[{\"@type\":\"SearchAction\",\"target\":{\"@type\":\"EntryPoint\",\"urlTemplate\":\"https:\/\/internacional.umh.es\/en\/?s={search_term_string}\"},\"query-input\":\"required name=search_term_string\"}],\"inLanguage\":\"ca\"},{\"@type\":\"ImageObject\",\"@id\":\"https:\/\/internacional.umh.es\/internacionalizacion\/proyectos\/#primaryimage\",\"inLanguage\":\"ca\",\"url\":\"https:\/\/internacional.umh.es\/files\/2020\/11\/logo-erasmus-plus.png\",\"contentUrl\":\"https:\/\/internacional.umh.es\/files\/2020\/11\/logo-erasmus-plus.png\",\"width\":1758,\"height\":358,\"caption\":\"Logo Erasmus+\"},{\"@type\":\"WebPage\",\"@id\":\"https:\/\/internacional.umh.es\/internacionalizacion\/proyectos\/#webpage\",\"url\":\"https:\/\/internacional.umh.es\/internacionalizacion\/proyectos\/\",\"name\":\"Projectes - Internacionalitzaci\\u00f3 i Cooperaci\\u00f3\",\"isPartOf\":{\"@id\":\"https:\/\/internacional.umh.es\/en\/#website\"},\"primaryImageOfPage\":{\"@id\":\"https:\/\/internacional.umh.es\/internacionalizacion\/proyectos\/#primaryimage\"},\"datePublished\":\"2018-02-15T11:25:57+00:00\",\"dateModified\":\"2026-02-23T09:37:55+00:00\",\"description\":\"Relaci\\u00f3n de proyectos de internacionalizaci\\u00f3n, gesti\\u00f3n de proyecto KA2, Proyecto KA2 en curso en los que se encuentra la UMH y finalizados.\",\"breadcrumb\":{\"@id\":\"https:\/\/internacional.umh.es\/internacionalizacion\/proyectos\/#breadcrumb\"},\"inLanguage\":\"ca\",\"potentialAction\":[{\"@type\":\"ReadAction\",\"target\":[\"https:\/\/internacional.umh.es\/internacionalizacion\/proyectos\/\"]}]},{\"@type\":\"BreadcrumbList\",\"@id\":\"https:\/\/internacional.umh.es\/internacionalizacion\/proyectos\/#breadcrumb\",\"itemListElement\":[{\"@type\":\"ListItem\",\"position\":1,\"name\":\"Home\",\"item\":\"https:\/\/internacional.umh.es\/en\/\"},{\"@type\":\"ListItem\",\"position\":2,\"name\":\"INTERNATIONALIZATION\",\"item\":\"https:\/\/internacional.umh.es\/en\/internacionalizacion\/\"},{\"@type\":\"ListItem\",\"position\":3,\"name\":\"Proyectos\"}]}]}<\/script>\n<!-- \/ Yoast SEO plugin. -->","yoast_head_json":{"description":"Relaci\u00f3n de proyectos de internacionalizaci\u00f3n, gesti\u00f3n de proyecto KA2, Proyecto KA2 en curso en los que se encuentra la UMH y finalizados.","robots":{"index":"index","follow":"follow","max-snippet":"max-snippet:-1","max-image-preview":"max-image-preview:large","max-video-preview":"max-video-preview:-1"},"canonical":"https:\/\/internacional.umh.es\/ca\/internacionalizacion\/proyectos\/","og_locale":"ca_ES","og_type":"article","og_title":"Projectes - Internacionalitzaci\u00f3 i Cooperaci\u00f3","og_description":"Relaci\u00f3n de proyectos de internacionalizaci\u00f3n, gesti\u00f3n de proyecto KA2, Proyecto KA2 en curso en los que se encuentra la UMH y finalizados.","og_url":"https:\/\/internacional.umh.es\/internacionalizacion\/proyectos\/","og_site_name":"Internacionalitzaci\u00f3 i Cooperaci\u00f3","article_modified_time":"2026-02-23T09:37:55+00:00","og_image":[{"url":"https:\/\/internacional.umh.es\/files\/2020\/11\/logo-erasmus-plus-300x61.png"}],"twitter_card":"summary_large_image","twitter_misc":{"Est. reading time":"4 minuts"},"schema":{"@context":"https:\/\/schema.org","@graph":[{"@type":"WebSite","@id":"https:\/\/internacional.umh.es\/en\/#website","url":"https:\/\/internacional.umh.es\/en\/","name":"Internacionalitzaci\u00f3 i Cooperaci\u00f3","description":"Universitat Miguel Hern\u00e1ndez d&#039;Elx","potentialAction":[{"@type":"SearchAction","target":{"@type":"EntryPoint","urlTemplate":"https:\/\/internacional.umh.es\/en\/?s={search_term_string}"},"query-input":"required name=search_term_string"}],"inLanguage":"ca"},{"@type":"ImageObject","@id":"https:\/\/internacional.umh.es\/internacionalizacion\/proyectos\/#primaryimage","inLanguage":"ca","url":"https:\/\/internacional.umh.es\/files\/2020\/11\/logo-erasmus-plus.png","contentUrl":"https:\/\/internacional.umh.es\/files\/2020\/11\/logo-erasmus-plus.png","width":1758,"height":358,"caption":"Logo Erasmus+"},{"@type":"WebPage","@id":"https:\/\/internacional.umh.es\/internacionalizacion\/proyectos\/#webpage","url":"https:\/\/internacional.umh.es\/internacionalizacion\/proyectos\/","name":"Projectes - Internacionalitzaci\u00f3 i Cooperaci\u00f3","isPartOf":{"@id":"https:\/\/internacional.umh.es\/en\/#website"},"primaryImageOfPage":{"@id":"https:\/\/internacional.umh.es\/internacionalizacion\/proyectos\/#primaryimage"},"datePublished":"2018-02-15T11:25:57+00:00","dateModified":"2026-02-23T09:37:55+00:00","description":"Relaci\u00f3n de proyectos de internacionalizaci\u00f3n, gesti\u00f3n de proyecto KA2, Proyecto KA2 en curso en los que se encuentra la UMH y finalizados.","breadcrumb":{"@id":"https:\/\/internacional.umh.es\/internacionalizacion\/proyectos\/#breadcrumb"},"inLanguage":"ca","potentialAction":[{"@type":"ReadAction","target":["https:\/\/internacional.umh.es\/internacionalizacion\/proyectos\/"]}]},{"@type":"BreadcrumbList","@id":"https:\/\/internacional.umh.es\/internacionalizacion\/proyectos\/#breadcrumb","itemListElement":[{"@type":"ListItem","position":1,"name":"Home","item":"https:\/\/internacional.umh.es\/en\/"},{"@type":"ListItem","position":2,"name":"INTERNATIONALIZATION","item":"https:\/\/internacional.umh.es\/en\/internacionalizacion\/"},{"@type":"ListItem","position":3,"name":"Proyectos"}]}]}},"_links":{"self":[{"href":"https:\/\/internacional.umh.es\/ca\/wp-json\/wp\/v2\/pages\/5732"}],"collection":[{"href":"https:\/\/internacional.umh.es\/ca\/wp-json\/wp\/v2\/pages"}],"about":[{"href":"https:\/\/internacional.umh.es\/ca\/wp-json\/wp\/v2\/types\/page"}],"author":[{"embeddable":true,"href":"https:\/\/internacional.umh.es\/ca\/wp-json\/wp\/v2\/users\/3296"}],"replies":[{"embeddable":true,"href":"https:\/\/internacional.umh.es\/ca\/wp-json\/wp\/v2\/comments?post=5732"}],"version-history":[{"count":0,"href":"https:\/\/internacional.umh.es\/ca\/wp-json\/wp\/v2\/pages\/5732\/revisions"}],"up":[{"embeddable":true,"href":"https:\/\/internacional.umh.es\/ca\/wp-json\/wp\/v2\/pages\/2740"}],"wp:attachment":[{"href":"https:\/\/internacional.umh.es\/ca\/wp-json\/wp\/v2\/media?parent=5732"}],"curies":[{"name":"wp","href":"https:\/\/api.w.org\/{rel}","templated":true}]}}