{"id":78,"date":"2020-08-12T12:21:09","date_gmt":"2020-08-12T10:21:09","guid":{"rendered":"http:\/\/internacional.umh.es\/convenios\/"},"modified":"2024-01-22T11:29:58","modified_gmt":"2024-01-22T10:29:58","slug":"convenios","status":"publish","type":"page","link":"https:\/\/internacional.umh.es\/ca\/internacionalizacion\/convenios\/","title":{"rendered":"Convenis"},"content":{"rendered":"<p><\/p>\n<p style=\"text-align: justify\"><span style=\"text-align: justify\">Per a fomentar la <strong>internacionalitzaci\u00f3<\/strong> de la UMH i la col\u00b7laboraci\u00f3 amb altres universitats espanyoles i estrangeres s&#8217;han establit models de convenis i acords que serveixen de document de treball sobre el qual realitzar les modificacions que siguen necess\u00e0ries.<\/span><\/p>\n<h4>Models de conveni i acords<\/h4>\n<p style=\"text-align: justify\">Existeixen diferents tipus de models i acords depenent de la finalitat de l&#8217;acci\u00f3 a realitzar. A continuaci\u00f3 detallem els seg\u00fcents convenis o acords:<\/p>\n<p><strong>&#8211; Conveni Espec\u00edfic de col\u00b7laboraci\u00f3 amb Ajuntaments<\/strong>:<\/p>\n<ul>\n<li>Conveni espec\u00edfic amb <strong>AJUNTAMENTS per a estudiants ERASMUS<\/strong>. La persona interessada pot sol\u00b7licitar model actualitzat al Vicerectorat de Relacions Internacionals <a href=\"mailto:vdo.relinter@umh.es\" target=\"_blank\" title=\"Ho veur\u00e0s en una nova finestra\" rel=\"noopener\">vdo.relinter@umh.es<\/a><\/li>\n<\/ul>\n<p><\/p>\n<p><strong>&#8211; Col\u00b7laboraci\u00f3 general amb universitats.<\/strong> No \u00e9s necess\u00e0ria la signatura d&#8217;un conveni marc si se signar\u00e0 un conveni espec\u00edfic. En cas que, per part de la universitat s\u00f2cia, es preferira aquest tipus de conveni, posem a disposici\u00f3 el protocol general d&#8217;actuaci\u00f3:<\/p>\n<ul>\n<li><a href=\"https:\/\/internacional.umh.es\/files\/2021\/05\/Modelo-normalizado-convenio-marco-2021.doc\" target=\"_blank\" title=\"Ho veur\u00e0s en una nova finestra\" rel=\"noopener\">Model-normalitzat-conveni-marc-2021 (94Kb Castell\u00e0 .doc)<\/a><\/li>\n<li>En versi\u00f3 angl\u00e9s disponible en breu.<\/li>\n<\/ul>\n<p><\/p>\n<p><strong>&#8211; Acord espec\u00edfic d&#8217;intercanvi d&#8217;estudiants<\/strong>:<\/p>\n<ul>\n<li><a href=\"https:\/\/internacional.umh.es\/files\/2021\/07\/Modelo-normalizado-convenio-intercambio-estudiantes.docx\" target=\"_blank\" title=\"Ho veur\u00e0s en una nova finestra\" rel=\"noopener\">Model-normalitzat-conveni-intercanvi-estudiants (91,2Kb Castell\u00e0 .docx)<\/a><\/li>\n<li>En castell\u00e0 i angl\u00e9s (en proc\u00e9s de traducci\u00f3)<\/li>\n<li>En castell\u00e0 i portugu\u00e9s (en proc\u00e9s de traducci\u00f3)<\/li>\n<\/ul>\n<p><\/p>\n<p><strong>&#8211; Acord espec\u00edfic d&#8217;intercanvi de PDI <\/strong>(\u00e9s necessari proposar un pla de treball o projecte a desenvolupar durant l&#8217;intercanvi).<\/p>\n<ul>\n<li><a href=\"https:\/\/internacional.umh.es\/files\/2021\/07\/Modelo-normalizado-convenio-intercambio-profesores.docx\" target=\"_blank\" title=\"Ho veur\u00e0s en una nova finestra\" rel=\"noopener\"> Model-normalitzat-conveni-intercanvi-professors (88,5Kb Castell\u00e0.docx)<\/a><\/li>\n<li><a href=\"https:\/\/internacional.umh.es\/files\/2021\/07\/Modelo-normalizado-convenio-intercambio-profesores-V3.0.docx\" target=\"_blank\" title=\"Ho veur\u00e0s en una nova finestra\" rel=\"noopener\">Model-normalitzat-conveni-intercanvi-professors (92,4Kb Castell\u00e0 i angl\u00e9s .docx)<\/a><\/li>\n<\/ul>\n<p><\/p>\n<p><strong>&#8211; Acord d&#8217;enteniment (Memorandum of understanding):<\/strong><\/p>\n<ul>\n<li><a href=\"https:\/\/internacional.umh.es\/files\/2021\/04\/Memorando-de-entendimiento.docx\" target=\"_blank\" title=\"Ho veur\u00e0s en una nova finestra\" rel=\"noopener noreferrer\">Memor\u00e0ndum-de-entesa (238Kb Castell\u00e0 .docx)<\/a><\/li>\n<li><a href=\"https:\/\/internacional.umh.es\/files\/2021\/04\/Memorandum-of-Understanding-EN_SP.docx\" target=\"_blank\" title=\"Ho veur\u00e0s en una nova finestra\" rel=\"noopener noreferrer\">Memorandum-of-Understanding (344Kb Castell\u00e0 i angl\u00e9s .docx)<\/a><\/li>\n<\/ul>\n<p><\/p>\n<p><strong>&#8211; Acords espec\u00edfics de Programes d&#8217;Intercanvi:<\/strong><\/p>\n<ul>\n<li><a href=\"https:\/\/internacional.umh.es\/files\/2015\/12\/ERASMUS-PLUS-Agreement-template.docx\" target=\"_blank\" title=\"Ho veur\u00e0s en una nova finestra\" rel=\"noopener\">Acord bilateral per al Programa ERASMUS PLUS (63,2Kb Angl\u00e9s .docx) (mobilitat internacional -nom\u00e9s UE-)<\/a><\/li>\n<li><a href=\"https:\/\/internacional.umh.es\/files\/2020\/02\/Acuerdo-Bilateral-2020_2021.doc\" target=\"_blank\" title=\"Ho veur\u00e0s en una nova finestra\" rel=\"noopener noreferrer\">Acord bilateral mobilitat nacional per al Programa SICUE (90,5Kb Castell\u00e0 .docx)<\/a><\/a><\/li>\n<\/ul>\n<p><\/p>\n<p style=\"text-align: justify\"><strong>&#8211; Acords de Dobles Titulacions Grau, M\u00e0ster i Doctorat<\/strong>: la persona interessada pot sol\u00b7licitar model actualitzat al Vicerectorat de Relacions Internacionals de la Universitat Miguel Hern\u00e1ndez d&#8217;Elx a trav\u00e9s d&#8217;una comunicaci\u00f3 per escrit mitjan\u00e7ant la seg\u00fcent adre\u00e7a de correu electr\u00f2nic: <a href=\"mailto:vdo.relinter@umh.es\" target=\"_blank\" title=\"Ho veur\u00e0s en una nova finestra\" rel=\"noopener\">vdo.relinter@umh.es<\/a><\/p>\n<p style=\"text-align: justify\">Si vols m\u00e9s informaci\u00f3 sobre els <b>convenis ja existents fes clic sobre el mapa<\/b> (no inclou <a href=\"https:\/\/internacional.umh.es\/ca\/movilidad\/estudiantes\/erasmus\" title=\"Accedeix ara amb detall a la relaci\u00f3 de convenis Erasmus establerts per la UMH\">convenis Erasmus<\/a>).<\/p>\n<p>\n<!-- iframe plugin v.4.5 wordpress.org\/plugins\/iframe\/ -->\n<iframe src=\"https:\/\/www.google.com\/maps\/d\/embed?mid=1oAmC3BKTvsFsjVYNGpqZ0SyhRyU&#038;ehbc=2E312F\" width=\"100%\" height=\"480\" scrolling=\"yes\" class=\"iframe-class\" frameborder=\"0\"><\/iframe>\n<br \/>\n&nbsp;<\/p>","protected":false},"excerpt":{"rendered":"<p>Per a fomentar la internacionalitzaci\u00f3 de la UMH i la col\u00b7laboraci\u00f3 amb altres universitats espanyoles i estrangeres s&#8217;han establit models de convenis i acords que serveixen de document de treball sobre el qual realitzar les modificacions que siguen necess\u00e0ries.<br \/>\nModels de conveni i acords<br \/>\nExisteixen diferents tipus de models i acords depenent de la finalitat de l&#8217;acci\u00f3 [&#8230;]<\/p>\n","protected":false},"author":30,"featured_media":0,"parent":2740,"menu_order":3,"comment_status":"closed","ping_status":"closed","template":"","meta":{"ngg_post_thumbnail":0,"_links_to":"","_links_to_target":""},"yoast_head":"<!-- This site is optimized with the Yoast SEO plugin v17.5 - https:\/\/yoast.com\/wordpress\/plugins\/seo\/ -->\n<meta name=\"description\" content=\"Para fomentar la internacionalizaci\u00f3n de la UMH con otras universidades espa\u00f1olas y extranjeras se establecen convenios de colaboraci\u00f3n.\" \/>\n<meta name=\"robots\" content=\"index, follow, max-snippet:-1, max-image-preview:large, max-video-preview:-1\" \/>\n<link rel=\"canonical\" href=\"https:\/\/internacional.umh.es\/ca\/internacionalizacion\/convenios\/\" \/>\n<meta property=\"og:locale\" content=\"ca_ES\" \/>\n<meta property=\"og:type\" content=\"article\" \/>\n<meta property=\"og:title\" content=\"Convenis - Internacionalitzaci\u00f3 i Cooperaci\u00f3\" \/>\n<meta property=\"og:description\" content=\"Para fomentar la internacionalizaci\u00f3n de la UMH con otras universidades espa\u00f1olas y extranjeras se establecen convenios de colaboraci\u00f3n.\" \/>\n<meta property=\"og:url\" content=\"https:\/\/internacional.umh.es\/en\/internacionalizacion\/convenios\/\" \/>\n<meta property=\"og:site_name\" content=\"Internacionalitzaci\u00f3 i Cooperaci\u00f3\" \/>\n<meta property=\"article:modified_time\" content=\"2024-01-22T10:29:58+00:00\" \/>\n<meta name=\"twitter:card\" content=\"summary_large_image\" \/>\n<meta name=\"twitter:label1\" content=\"Est. reading time\" \/>\n\t<meta name=\"twitter:data1\" content=\"2 minuts\" \/>\n<script type=\"application\/ld+json\" class=\"yoast-schema-graph\">{\"@context\":\"https:\/\/schema.org\",\"@graph\":[{\"@type\":\"WebSite\",\"@id\":\"https:\/\/internacional.umh.es\/en\/#website\",\"url\":\"https:\/\/internacional.umh.es\/en\/\",\"name\":\"Internacionalitzaci\\u00f3 i Cooperaci\\u00f3\",\"description\":\"Universitat Miguel Hern\\u00e1ndez d&#039;Elx\",\"potentialAction\":[{\"@type\":\"SearchAction\",\"target\":{\"@type\":\"EntryPoint\",\"urlTemplate\":\"https:\/\/internacional.umh.es\/en\/?s={search_term_string}\"},\"query-input\":\"required name=search_term_string\"}],\"inLanguage\":\"ca\"},{\"@type\":\"WebPage\",\"@id\":\"https:\/\/internacional.umh.es\/en\/internacionalizacion\/convenios\/#webpage\",\"url\":\"https:\/\/internacional.umh.es\/en\/internacionalizacion\/convenios\/\",\"name\":\"Convenis - Internacionalitzaci\\u00f3 i Cooperaci\\u00f3\",\"isPartOf\":{\"@id\":\"https:\/\/internacional.umh.es\/en\/#website\"},\"datePublished\":\"2020-08-12T10:21:09+00:00\",\"dateModified\":\"2024-01-22T10:29:58+00:00\",\"description\":\"Para fomentar la internacionalizaci\\u00f3n de la UMH con otras universidades espa\\u00f1olas y extranjeras se establecen convenios de colaboraci\\u00f3n.\",\"breadcrumb\":{\"@id\":\"https:\/\/internacional.umh.es\/en\/internacionalizacion\/convenios\/#breadcrumb\"},\"inLanguage\":\"ca\",\"potentialAction\":[{\"@type\":\"ReadAction\",\"target\":[\"https:\/\/internacional.umh.es\/en\/internacionalizacion\/convenios\/\"]}]},{\"@type\":\"BreadcrumbList\",\"@id\":\"https:\/\/internacional.umh.es\/en\/internacionalizacion\/convenios\/#breadcrumb\",\"itemListElement\":[{\"@type\":\"ListItem\",\"position\":1,\"name\":\"Home\",\"item\":\"https:\/\/internacional.umh.es\/en\/\"},{\"@type\":\"ListItem\",\"position\":2,\"name\":\"INTERNATIONALIZATION\",\"item\":\"https:\/\/internacional.umh.es\/en\/internacionalizacion\/\"},{\"@type\":\"ListItem\",\"position\":3,\"name\":\"Agreements\"}]}]}<\/script>\n<!-- \/ Yoast SEO plugin. -->","yoast_head_json":{"description":"Para fomentar la internacionalizaci\u00f3n de la UMH con otras universidades espa\u00f1olas y extranjeras se establecen convenios de colaboraci\u00f3n.","robots":{"index":"index","follow":"follow","max-snippet":"max-snippet:-1","max-image-preview":"max-image-preview:large","max-video-preview":"max-video-preview:-1"},"canonical":"https:\/\/internacional.umh.es\/ca\/internacionalizacion\/convenios\/","og_locale":"ca_ES","og_type":"article","og_title":"Convenis - Internacionalitzaci\u00f3 i Cooperaci\u00f3","og_description":"Para fomentar la internacionalizaci\u00f3n de la UMH con otras universidades espa\u00f1olas y extranjeras se establecen convenios de colaboraci\u00f3n.","og_url":"https:\/\/internacional.umh.es\/en\/internacionalizacion\/convenios\/","og_site_name":"Internacionalitzaci\u00f3 i Cooperaci\u00f3","article_modified_time":"2024-01-22T10:29:58+00:00","twitter_card":"summary_large_image","twitter_misc":{"Est. reading time":"2 minuts"},"schema":{"@context":"https:\/\/schema.org","@graph":[{"@type":"WebSite","@id":"https:\/\/internacional.umh.es\/en\/#website","url":"https:\/\/internacional.umh.es\/en\/","name":"Internacionalitzaci\u00f3 i Cooperaci\u00f3","description":"Universitat Miguel Hern\u00e1ndez d&#039;Elx","potentialAction":[{"@type":"SearchAction","target":{"@type":"EntryPoint","urlTemplate":"https:\/\/internacional.umh.es\/en\/?s={search_term_string}"},"query-input":"required name=search_term_string"}],"inLanguage":"ca"},{"@type":"WebPage","@id":"https:\/\/internacional.umh.es\/en\/internacionalizacion\/convenios\/#webpage","url":"https:\/\/internacional.umh.es\/en\/internacionalizacion\/convenios\/","name":"Convenis - Internacionalitzaci\u00f3 i Cooperaci\u00f3","isPartOf":{"@id":"https:\/\/internacional.umh.es\/en\/#website"},"datePublished":"2020-08-12T10:21:09+00:00","dateModified":"2024-01-22T10:29:58+00:00","description":"Para fomentar la internacionalizaci\u00f3n de la UMH con otras universidades espa\u00f1olas y extranjeras se establecen convenios de colaboraci\u00f3n.","breadcrumb":{"@id":"https:\/\/internacional.umh.es\/en\/internacionalizacion\/convenios\/#breadcrumb"},"inLanguage":"ca","potentialAction":[{"@type":"ReadAction","target":["https:\/\/internacional.umh.es\/en\/internacionalizacion\/convenios\/"]}]},{"@type":"BreadcrumbList","@id":"https:\/\/internacional.umh.es\/en\/internacionalizacion\/convenios\/#breadcrumb","itemListElement":[{"@type":"ListItem","position":1,"name":"Home","item":"https:\/\/internacional.umh.es\/en\/"},{"@type":"ListItem","position":2,"name":"INTERNATIONALIZATION","item":"https:\/\/internacional.umh.es\/en\/internacionalizacion\/"},{"@type":"ListItem","position":3,"name":"Agreements"}]}]}},"_links":{"self":[{"href":"https:\/\/internacional.umh.es\/ca\/wp-json\/wp\/v2\/pages\/78"}],"collection":[{"href":"https:\/\/internacional.umh.es\/ca\/wp-json\/wp\/v2\/pages"}],"about":[{"href":"https:\/\/internacional.umh.es\/ca\/wp-json\/wp\/v2\/types\/page"}],"author":[{"embeddable":true,"href":"https:\/\/internacional.umh.es\/ca\/wp-json\/wp\/v2\/users\/30"}],"replies":[{"embeddable":true,"href":"https:\/\/internacional.umh.es\/ca\/wp-json\/wp\/v2\/comments?post=78"}],"version-history":[{"count":0,"href":"https:\/\/internacional.umh.es\/ca\/wp-json\/wp\/v2\/pages\/78\/revisions"}],"up":[{"embeddable":true,"href":"https:\/\/internacional.umh.es\/ca\/wp-json\/wp\/v2\/pages\/2740"}],"wp:attachment":[{"href":"https:\/\/internacional.umh.es\/ca\/wp-json\/wp\/v2\/media?parent=78"}],"curies":[{"name":"wp","href":"https:\/\/api.w.org\/{rel}","templated":true}]}}