{"id":9344,"date":"2018-12-20T13:15:15","date_gmt":"2018-12-20T12:15:15","guid":{"rendered":"http:\/\/internacional.umh.es\/?page_id=9344"},"modified":"2023-10-19T13:27:07","modified_gmt":"2023-10-19T11:27:07","slug":"cursos-de-espanol-erasmus","status":"publish","type":"page","link":"https:\/\/internacional.umh.es\/ca\/incoming\/cursos-de-espanol-erasmus\/","title":{"rendered":"Cursos d&#8217;espanyol"},"content":{"rendered":"<p>\n\t\t<style type=\"text\/css\">\n\t\t\t#gallery-2 {\n\t\t\t\tmargin: auto;\n\t\t\t}\n\t\t\t#gallery-2 .gallery-item {\n\t\t\t\tfloat: left;\n\t\t\t\tmargin-top: 10px;\n\t\t\t\ttext-align: center;\n\t\t\t\twidth: 33%;\n\t\t\t}\n\t\t\t#gallery-2 img {\n\t\t\t\tborder: 2px solid #cfcfcf;\n\t\t\t}\n\t\t\t#gallery-2 .gallery-caption {\n\t\t\t\tmargin-left: 0;\n\t\t\t}\n\t\t\t\/* see gallery_shortcode() in wp-includes\/media.php *\/\n\t\t<\/style>\n\t\t<div id='gallery-2' class='gallery galleryid-9344 gallery-columns-3 gallery-size-full'><dl class='gallery-item'>\n\t\t\t<dt class='gallery-icon landscape'>\n\t\t\t\t<img width=\"1024\" height=\"768\" src=\"https:\/\/internacional.umh.es\/files\/2022\/06\/Centro-de-Idiomas-UMH-hall.jpg\" class=\"attachment-full size-full\" alt=\"Centro de Idiomas UMH hall\" loading=\"lazy\" srcset=\"https:\/\/internacional.umh.es\/files\/2022\/06\/Centro-de-Idiomas-UMH-hall.jpg 1024w, https:\/\/internacional.umh.es\/files\/2022\/06\/Centro-de-Idiomas-UMH-hall-300x225.jpg 300w, https:\/\/internacional.umh.es\/files\/2022\/06\/Centro-de-Idiomas-UMH-hall-768x576.jpg 768w\" sizes=\"(max-width: 1024px) 100vw, 1024px\" \/>\n\t\t\t<\/dt><\/dl><dl class='gallery-item'>\n\t\t\t<dt class='gallery-icon landscape'>\n\t\t\t\t<img width=\"1025\" height=\"768\" src=\"https:\/\/internacional.umh.es\/files\/2022\/06\/Cursos-espanol-UMH-alumnos-1-scaled-e1654248053743.jpg\" class=\"attachment-full size-full\" alt=\"Cursos espa\u00f1ol UMH alumnos\" loading=\"lazy\" srcset=\"https:\/\/internacional.umh.es\/files\/2022\/06\/Cursos-espanol-UMH-alumnos-1-scaled-e1654248053743.jpg 1025w, https:\/\/internacional.umh.es\/files\/2022\/06\/Cursos-espanol-UMH-alumnos-1-scaled-e1654248053743-300x225.jpg 300w, https:\/\/internacional.umh.es\/files\/2022\/06\/Cursos-espanol-UMH-alumnos-1-scaled-e1654248053743-768x575.jpg 768w\" sizes=\"(max-width: 1025px) 100vw, 1025px\" \/>\n\t\t\t<\/dt><\/dl>\n\t\t\t<br style='clear: both' \/>\n\t\t<\/div>\n<\/p>\n<h5><strong>CURSOS D&#8217;ESPA\u00d1OL (Dirigit a totes les persones interessades)<\/strong><\/h5>\n<p><strong><span style=\"text-decoration: underline\">Convocat\u00f2ria setembre 2023<\/span><\/strong><\/p>\n<p><span style=\"color: #ff0000\"><strong>NOU (12\/09\/23): <\/strong><span style=\"color: #000000\">El <strong><a href=\"https:\/\/www.idiomasumh.es\/va\" target=\"_blank\" title=\"Ho veur\u00e0s en una nova finestra\" rel=\"noopener\">Centre d&#8217;Idiomes UMH<\/a><\/strong> ofereix cursos d&#8217;espanyol per a estudiants<em> incoming<\/em> i persones interessades, sigues o no de la Comunitat UMH.<\/span><\/span><\/p>\n<ul>\n<li><a href=\"http:\/\/bit.ly\/Espa\u00f1olCursos\" target=\"_blank\" title=\"Ho veur\u00e0s en una nova finestra\" rel=\"noopener\">Curs d&#8217;espanyol (millora el teu nivell)<\/a><\/li>\n<li><a href=\"http:\/\/bit.ly\/PreparacionEx\u00e1menesDELE\" target=\"_blank\" title=\"Ho veur\u00e0s en una nova finestra\" rel=\"noopener\">Curs de preparaci\u00f3 ex\u00e0mens DELE<\/a><\/li>\n<li>Proves Institut Cervantes <a href=\"http:\/\/bit.ly\/Ex\u00e1menesDELE\" target=\"_blank\" title=\"Ho veur\u00e0s en una nova finestra\" rel=\"noopener\">DELE<\/a> i <a href=\"http:\/\/bit.ly\/PruebaOficialCCSE\" target=\"_blank\" title=\"Ho veur\u00e0s en una nova finestra\" rel=\"noopener\">CCSE<\/a><\/li>\n<\/ul>\n<hr>\n<p><strong><span style=\"text-decoration: underline\">Convocat\u00f2ria juny 2023<\/span><\/strong><\/p>\n<p style=\"text-align: justify\"><strong>(08\/06\/23):<\/strong> Els cursos d&#8217;espanyol s&#8217;ofereixen a trav\u00e9s del <strong><a href=\"https:\/\/www.idiomasumh.es\/va\" target=\"_blank\" title=\"Ho veur\u00e0s en una nova finestra\" rel=\"noopener\"> Centre d&#8217;Idiomes UMH<\/a>. <\/strong>L&#8217;objectiu principal \u00e9s que els estudiants aprenguen a comunicar-se del mode m\u00e9s efica\u00e7 possible i se senten assegurances en interactuar amb els altres. Pots apuntar-te al curs, <strong>sigues o no de la Comunitat UMH<\/strong>.<\/p>\n<ul>\n<li style=\"text-align: justify\">Durant el mes de juliol, el Centre d&#8217;Idiomes UMH impartir\u00e0 un <a href=\"https:\/\/www.idiomasumh.es\/espanol\/espanol-julio\" target=\"_blank\" title=\"Ho veur\u00e0s en una nova finestra\" rel=\"noopener\">curs d&#8217;espanyol <strong>100% en l\u00ednia <\/strong><\/a>dissenyat per a estrangers que desitgen adquirir o refrescar els seus coneixements d&#8217;espanyol.<\/li>\n<li>10 sessions en l\u00ednia (2 hores cadascuna) per a capbussar-te en els nivells <strong>A2<\/strong> <strong>B1.1.<\/strong><\/li>\n<li>M\u00ednim 10 estudiants i m\u00e0xim 18.<\/li>\n<li>177\u20ac tarifa general i 160\u20ac tarifa amb descompte.<\/li>\n<li><strong>Fins al 21 de juny de 2023 a les 14:00h<\/strong> <strong>o fins que es completen les places oferides.<\/strong><\/li>\n<\/ul>\n<p style=\"text-align: justify\"><a href=\"https:\/\/www.idiomasumh.es\/curso-de-espanol-para-extranjeros-cdi\" target=\"_blank\" title=\"Ho veur\u00e0s en una nova finestra\" rel=\"noopener\">Amplia informaci\u00f3<\/a> sobre els cursos d&#8217;espanyol oferits pel Centre d&#8217;Idiomes UMH.<\/p>\n<hr>\n<h5><strong>CURS INTENSIU DE LLENGUA I CULTURA ESPANYOLA (Dirigit a estudiants Incoming de la UMH)<\/strong><\/h5>\n<p><span style=\"text-decoration: underline\"><strong>Convocat\u00f2ria 2023<\/strong><\/span><\/p>\n<ul>\n<li>\n<p style=\"text-align: justify\"><strong>OBJECTIUS:<\/strong> <strong><span style=\"color: #ff0000\">NOU (08\/06\/23).<\/span> <\/strong>El <a title=\"Coneix als membres del SRR.II. i contacta amb alguna de les seues \u00e0rees\" href=\"https:\/\/internacional.umh.es\/ca\/\">Servei de Relacions Internacionals, Cooperaci\u00f3 al Desenvolupament i Voluntariat<\/a> organitza cursos intensius de llengua i cultura espanyola per a facilitar la integraci\u00f3 als nostres nous <strong>estudiants <em>incoming<\/em> de la UMH<\/strong> (del programa Erasmus, del programa Destino i d&#8217;altres programes oficials d&#8217;intercanvi o de mobilitat). L&#8217;objectiu d&#8217;estos cursos <strong>100% en l\u00ednia<\/strong> \u00e9s dirigir-se als estudiants visitants per a con\u00e9ixer-se, adaptar-se, refor\u00e7ar l&#8217;idioma espanyol i aprendre les peculiaritats de la cultura espanyola.<\/p>\n<\/li>\n<li><strong>DATES:<\/strong> M\u00e9s informaci\u00f3 pr\u00f2ximament.<\/li>\n<li><strong>ESTRUCTURA:<\/strong> M\u00e9s informaci\u00f3 pr\u00f2ximament.<\/li>\n<li><strong>TAXES:<\/strong> Estos cursos s\u00f3n gratu\u00efts i exclusius per a <strong>estudiants <em>incoming<\/em> de la UMH <\/strong>(estudiants del programa Erasmus, del programa Destino i estudiants visitants).<\/li>\n<\/ul>\n<p>&nbsp;<\/p>","protected":false},"excerpt":{"rendered":"<p>\t\t\t#gallery-4 {<br \/>\n\t\t\t\tmargin: auto;<br \/>\n\t\t\t}<br \/>\n\t\t\t#gallery-4 .gallery-item {<br \/>\n\t\t\t\tfloat: left;<br \/>\n\t\t\t\tmargin-top: 10px;<br \/>\n\t\t\t\ttext-align: center;<br \/>\n\t\t\t\twidth: 33%;<br \/>\n\t\t\t}<br \/>\n\t\t\t#gallery-4 img {<br \/>\n\t\t\t\tborder: 2px solid #cfcfcf;<br \/>\n\t\t\t}<br \/>\n\t\t\t#gallery-4 .gallery-caption {<br \/>\n\t\t\t\tmargin-left: 0;<br \/>\n\t\t\t}<br \/>\n\t\t\t\/* see gallery_shortcode() in wp-includes\/media.php *\/<\/p>\n<p>CURSOS D&#8217;ESPA\u00d1OL (Dirigit a totes les persones interessades)<br \/>\nConvocat\u00f2ria setembre 2023<br \/>\nNOU (12\/09\/23): El Centre d&#8217;Idiomes UMH ofereix cursos d&#8217;espanyol per a estudiants incoming i persones interessades, sigues o no de la Comunitat UMH.<\/p>\n<p>Curs d&#8217;espanyol (millora [&#8230;]<\/p>\n","protected":false},"author":4274,"featured_media":0,"parent":8,"menu_order":9,"comment_status":"closed","ping_status":"closed","template":"","meta":{"ngg_post_thumbnail":0,"_links_to":"","_links_to_target":""},"yoast_head":"<!-- This site is optimized with the Yoast SEO plugin v17.5 - https:\/\/yoast.com\/wordpress\/plugins\/seo\/ -->\n<meta name=\"description\" content=\"El Servicio de Relaciones Internacionales de la UMH organiza cursos de espa\u00f1ol para estudiantes Erasmus ofertados por el Centro de Idiomas\" \/>\n<meta name=\"robots\" content=\"index, follow, max-snippet:-1, max-image-preview:large, max-video-preview:-1\" \/>\n<link rel=\"canonical\" href=\"https:\/\/internacional.umh.es\/ca\/incoming\/cursos-de-espanol-erasmus\/\" \/>\n<meta property=\"og:locale\" content=\"ca_ES\" \/>\n<meta property=\"og:type\" content=\"article\" \/>\n<meta property=\"og:title\" content=\"Cursos d&#039;espanyol - Internacionalitzaci\u00f3 i Cooperaci\u00f3\" \/>\n<meta property=\"og:description\" content=\"El Servicio de Relaciones Internacionales de la UMH organiza cursos de espa\u00f1ol para estudiantes Erasmus ofertados por el Centro de Idiomas\" \/>\n<meta property=\"og:url\" content=\"https:\/\/internacional.umh.es\/incoming\/cursos-de-espanol-erasmus\/\" \/>\n<meta property=\"og:site_name\" content=\"Internacionalitzaci\u00f3 i Cooperaci\u00f3\" \/>\n<meta property=\"article:modified_time\" content=\"2023-10-19T11:27:07+00:00\" \/>\n<meta property=\"og:image\" content=\"https:\/\/internacional.umh.es\/files\/2022\/06\/Centro-de-Idiomas-UMH-hall.jpg\" \/>\n<meta name=\"twitter:card\" content=\"summary_large_image\" \/>\n<meta name=\"twitter:label1\" content=\"Est. reading time\" \/>\n\t<meta name=\"twitter:data1\" content=\"2 minuts\" \/>\n<script type=\"application\/ld+json\" class=\"yoast-schema-graph\">{\"@context\":\"https:\/\/schema.org\",\"@graph\":[{\"@type\":\"WebSite\",\"@id\":\"https:\/\/internacional.umh.es\/en\/#website\",\"url\":\"https:\/\/internacional.umh.es\/en\/\",\"name\":\"Internacionalitzaci\\u00f3 i Cooperaci\\u00f3\",\"description\":\"Universitat Miguel Hern\\u00e1ndez d&#039;Elx\",\"potentialAction\":[{\"@type\":\"SearchAction\",\"target\":{\"@type\":\"EntryPoint\",\"urlTemplate\":\"https:\/\/internacional.umh.es\/en\/?s={search_term_string}\"},\"query-input\":\"required name=search_term_string\"}],\"inLanguage\":\"ca\"},{\"@type\":\"WebPage\",\"@id\":\"https:\/\/internacional.umh.es\/incoming\/cursos-de-espanol-erasmus\/#webpage\",\"url\":\"https:\/\/internacional.umh.es\/incoming\/cursos-de-espanol-erasmus\/\",\"name\":\"Cursos d'espanyol - Internacionalitzaci\\u00f3 i Cooperaci\\u00f3\",\"isPartOf\":{\"@id\":\"https:\/\/internacional.umh.es\/en\/#website\"},\"datePublished\":\"2018-12-20T12:15:15+00:00\",\"dateModified\":\"2023-10-19T11:27:07+00:00\",\"description\":\"El Servicio de Relaciones Internacionales de la UMH organiza cursos de espa\\u00f1ol para estudiantes Erasmus ofertados por el Centro de Idiomas\",\"breadcrumb\":{\"@id\":\"https:\/\/internacional.umh.es\/incoming\/cursos-de-espanol-erasmus\/#breadcrumb\"},\"inLanguage\":\"ca\",\"potentialAction\":[{\"@type\":\"ReadAction\",\"target\":[\"https:\/\/internacional.umh.es\/incoming\/cursos-de-espanol-erasmus\/\"]}]},{\"@type\":\"BreadcrumbList\",\"@id\":\"https:\/\/internacional.umh.es\/incoming\/cursos-de-espanol-erasmus\/#breadcrumb\",\"itemListElement\":[{\"@type\":\"ListItem\",\"position\":1,\"name\":\"Home\",\"item\":\"https:\/\/internacional.umh.es\/en\/\"},{\"@type\":\"ListItem\",\"position\":2,\"name\":\"INCOMING\",\"item\":\"https:\/\/internacional.umh.es\/incoming\/\"},{\"@type\":\"ListItem\",\"position\":3,\"name\":\"Cursos de espa\\u00f1ol\"}]}]}<\/script>\n<!-- \/ Yoast SEO plugin. -->","yoast_head_json":{"description":"El Servicio de Relaciones Internacionales de la UMH organiza cursos de espa\u00f1ol para estudiantes Erasmus ofertados por el Centro de Idiomas","robots":{"index":"index","follow":"follow","max-snippet":"max-snippet:-1","max-image-preview":"max-image-preview:large","max-video-preview":"max-video-preview:-1"},"canonical":"https:\/\/internacional.umh.es\/ca\/incoming\/cursos-de-espanol-erasmus\/","og_locale":"ca_ES","og_type":"article","og_title":"Cursos d'espanyol - Internacionalitzaci\u00f3 i Cooperaci\u00f3","og_description":"El Servicio de Relaciones Internacionales de la UMH organiza cursos de espa\u00f1ol para estudiantes Erasmus ofertados por el Centro de Idiomas","og_url":"https:\/\/internacional.umh.es\/incoming\/cursos-de-espanol-erasmus\/","og_site_name":"Internacionalitzaci\u00f3 i Cooperaci\u00f3","article_modified_time":"2023-10-19T11:27:07+00:00","og_image":[{"url":"https:\/\/internacional.umh.es\/files\/2022\/06\/Centro-de-Idiomas-UMH-hall.jpg"}],"twitter_card":"summary_large_image","twitter_misc":{"Est. reading time":"2 minuts"},"schema":{"@context":"https:\/\/schema.org","@graph":[{"@type":"WebSite","@id":"https:\/\/internacional.umh.es\/en\/#website","url":"https:\/\/internacional.umh.es\/en\/","name":"Internacionalitzaci\u00f3 i Cooperaci\u00f3","description":"Universitat Miguel Hern\u00e1ndez d&#039;Elx","potentialAction":[{"@type":"SearchAction","target":{"@type":"EntryPoint","urlTemplate":"https:\/\/internacional.umh.es\/en\/?s={search_term_string}"},"query-input":"required name=search_term_string"}],"inLanguage":"ca"},{"@type":"WebPage","@id":"https:\/\/internacional.umh.es\/incoming\/cursos-de-espanol-erasmus\/#webpage","url":"https:\/\/internacional.umh.es\/incoming\/cursos-de-espanol-erasmus\/","name":"Cursos d'espanyol - Internacionalitzaci\u00f3 i Cooperaci\u00f3","isPartOf":{"@id":"https:\/\/internacional.umh.es\/en\/#website"},"datePublished":"2018-12-20T12:15:15+00:00","dateModified":"2023-10-19T11:27:07+00:00","description":"El Servicio de Relaciones Internacionales de la UMH organiza cursos de espa\u00f1ol para estudiantes Erasmus ofertados por el Centro de Idiomas","breadcrumb":{"@id":"https:\/\/internacional.umh.es\/incoming\/cursos-de-espanol-erasmus\/#breadcrumb"},"inLanguage":"ca","potentialAction":[{"@type":"ReadAction","target":["https:\/\/internacional.umh.es\/incoming\/cursos-de-espanol-erasmus\/"]}]},{"@type":"BreadcrumbList","@id":"https:\/\/internacional.umh.es\/incoming\/cursos-de-espanol-erasmus\/#breadcrumb","itemListElement":[{"@type":"ListItem","position":1,"name":"Home","item":"https:\/\/internacional.umh.es\/en\/"},{"@type":"ListItem","position":2,"name":"INCOMING","item":"https:\/\/internacional.umh.es\/incoming\/"},{"@type":"ListItem","position":3,"name":"Cursos de espa\u00f1ol"}]}]}},"_links":{"self":[{"href":"https:\/\/internacional.umh.es\/ca\/wp-json\/wp\/v2\/pages\/9344"}],"collection":[{"href":"https:\/\/internacional.umh.es\/ca\/wp-json\/wp\/v2\/pages"}],"about":[{"href":"https:\/\/internacional.umh.es\/ca\/wp-json\/wp\/v2\/types\/page"}],"author":[{"embeddable":true,"href":"https:\/\/internacional.umh.es\/ca\/wp-json\/wp\/v2\/users\/4274"}],"replies":[{"embeddable":true,"href":"https:\/\/internacional.umh.es\/ca\/wp-json\/wp\/v2\/comments?post=9344"}],"version-history":[{"count":0,"href":"https:\/\/internacional.umh.es\/ca\/wp-json\/wp\/v2\/pages\/9344\/revisions"}],"up":[{"embeddable":true,"href":"https:\/\/internacional.umh.es\/ca\/wp-json\/wp\/v2\/pages\/8"}],"wp:attachment":[{"href":"https:\/\/internacional.umh.es\/ca\/wp-json\/wp\/v2\/media?parent=9344"}],"curies":[{"name":"wp","href":"https:\/\/api.w.org\/{rel}","templated":true}]}}