{"id":19606,"date":"2021-05-06T14:19:11","date_gmt":"2021-05-06T12:19:11","guid":{"rendered":"https:\/\/internacional.umh.es\/?page_id=19606"},"modified":"2026-04-02T12:49:09","modified_gmt":"2026-04-02T10:49:09","slug":"dobles-doctorados-cotutela-internacional","status":"publish","type":"page","link":"https:\/\/internacional.umh.es\/en\/movilidad\/estudiantes\/becas-umh-para-estudiantes-de-dobles-titulaciones\/dobles-doctorados-cotutela-internacional\/","title":{"rendered":"Dual doctorates\/Joint supervision"},"content":{"rendered":"<p><\/p>\n<p style=\"text-align: justify\"><span style=\"color: #ff0000\"><strong><a href=\"https:\/\/internacional.umh.es\/files\/2026\/02\/Plantillas-Puiblicaciones-convocatorias-25.png\"><img loading=\"lazy\" class=\"size-medium wp-image-43048 alignleft\" src=\"https:\/\/internacional.umh.es\/files\/2026\/02\/Plantillas-Puiblicaciones-convocatorias-25-240x300.png\" alt=\"\" width=\"240\" height=\"300\" srcset=\"https:\/\/internacional.umh.es\/files\/2026\/02\/Plantillas-Puiblicaciones-convocatorias-25-240x300.png 240w, https:\/\/internacional.umh.es\/files\/2026\/02\/Plantillas-Puiblicaciones-convocatorias-25-819x1024.png 819w, https:\/\/internacional.umh.es\/files\/2026\/02\/Plantillas-Puiblicaciones-convocatorias-25-768x960.png 768w, https:\/\/internacional.umh.es\/files\/2026\/02\/Plantillas-Puiblicaciones-convocatorias-25.png 1080w\" sizes=\"(max-width: 240px) 100vw, 240px\" \/><\/a><\/strong><\/span><strong><span style=\"color: #ff0000\">NEW (April 1, 2026)<\/span><\/strong>&nbsp;The Vice Rectorate for Internationalization and Cooperation at the Miguel Hern\u00e1ndez University of Elche (UMH) hereby publishes the provisional list of individuals accepted and rejected for further processing from the call for financial aid for international doctoral exchanges under joint supervision and international stays for mention of international doctorate during 2026.<\/p>\n<div>\n<ul>\n<li style=\"text-align: justify\"><strong><a href=\"https:\/\/boumh.umh.es\/files\/2026\/03\/ES_U05500001_2026_DOCH-0000000000000000000096009.pdf\" target=\"_blank\" rel=\"noopener\">List of applicants who are provisionally accepted and rejected from further processing<\/a><\/strong><\/li>\n<\/ul>\n<p style=\"text-align: justify\">The period for making corrections and\/or submitting required documentation is open and shall remain so through April 17, 2026.<\/p>\n<p style=\"text-align: justify\">Individuals who were rejected and who submitted their application for admission via the Electronic Office must correct any errors through the very electronic document. This is found in <em>Mis tr\u00e1mites\/Mis expedientes<\/em>, clicking <em>Detalle<\/em> of the <em>expediente<\/em>, then the <em>Subsanar\/otros tr\u00e1mites<\/em> option. All other excluded individuals must make corrections in writing via any of the offices of the UMH registries or via the channels established in Article 16 of Law 39\/2015, of 1 October, on Common Administrative Procedure of Public Administrations.<\/p>\n<\/div>\n<hr>\n<p style=\"text-align: justify\"><strong>(February 18, 2026)<\/strong>The Vice Rectorate for Internationalization and Cooperation at the Miguel Hern\u00e1ndez University of Elche (UMH) hereby publishes the call for financial aid for international doctoral exchanges under joint supervision and international stays for mention of international doctorate during 2026.<\/p>\n<ul>\n<li><a href=\"https:\/\/internacional.umh.es\/files\/2026\/02\/RR_00438_2026.pdf\" target=\"_blank\" rel=\"noopener\"><strong>Call regulations<\/strong><\/a><\/li>\n<li><a href=\"https:\/\/internacional.umh.es\/files\/2026\/02\/DOGV.-2026_5887_es.pdf\">Publication in the DOGV<\/a><\/li>\n<\/ul>\n<p>The period for submitting application is open through March 18, 2026.<\/p>\n<ul>\n<li>The application is completed over the Electronic Office at the following link:<\/li>\n<\/ul>\n<p><a href=\"https:\/\/sede.umh.es\/procedimientos\/becas-ayudas-programas-de-movilidad-internacional-para-estudiantes\/\">https:\/\/sede.umh.es\/procedimientos\/becas-ayudas-programas-de-movilidad-internacional-para-estudiantes\/<\/a><\/p>\n<p>In addition to the application form, the following documents are also required:<\/p>\n<ol>\n<li>Copy of Spanish National ID card, passport, or residence permit.<\/li>\n<li>Copy of academic transcript.<\/li>\n<li>Curriculum vitae (CVN; 4 pages maximum).<\/li>\n<li>Copy of certification or accrediting document of knowledge of languages.<\/li>\n<li>The agreement of the modality of international joint supervision.&nbsp;<\/li>\n<li>Acceptance by the coordinator of the UMH doctoral program.<\/li>\n<li>Acceptance by the coordinator of the doctoral program at the hosting institution.<\/li>\n<li>Accreditation, if applicable, of the concession of a predoctoral grant from a public call.<\/li>\n<li><a href=\"https:\/\/internacional.umh.es\/files\/2026\/02\/Declaracion-responsable.docx\">Affidavit or Responsible Declaration stating that you are not involved in any circumstance that might prevent you from being considered a beneficiary<\/a>.<\/li>\n<\/ol>\n<p>&nbsp;<\/p>\n<p>&nbsp;<br \/>\n<strong><u>PREVIOUS CALLS<\/u><\/strong><\/p>\n<div id=\"accordions-38192\" class=\"accordions-38192 accordions\">\r\n                <div id=\"accordions-lazy-38192\" class=\"accordions-lazy\">\r\n                    <\/div>\r\n        <script>\r\n            jQuery(window).load(function(){\r\n                jQuery('#accordions-lazy-38192').fadeOut();\r\n                jQuery('#accordions-38192 .items').fadeIn();\r\n            });\r\n        <\/script><style type='text\/css'>\r\n        @media only screen and (min-width: 1024px ){\r\n            #accordions-38192 {\r\n                            width: 100%;\r\n                        }\r\n        }\r\n        @media only screen and ( min-width: 768px ) and ( max-width: 1023px ) {\r\n            #accordions-38192 {\r\n                            width: 100%;\r\n                        }\r\n        }\r\n        @media only screen and ( min-width: 0px ) and ( max-width: 767px ){\r\n            #accordions-38192 {\r\n                            width: 100%;\r\n                        }\r\n        }\r\n                    #accordions-38192 .items {display: none;}\r\n            #accordions-38192 .accordions-lazy {\r\n                text-align: center;\r\n                position: absolute;\r\n                top: 50%;\r\n                left: 50%;\r\n                transform: translate(-50%, -50%);\r\n            }\r\n            #accordions-38192 {\r\n                            text-align: left;\r\n                                        background:#ffffff url() repeat scroll 0 0;\r\n                                    position: relative;\r\n        }\r\n        #accordions-38192 .accordions-head{\r\n                    background:#1e73be none repeat scroll 0 0;\r\n                                    outline: none;\r\n        }\r\n        #accordions-38192 .accordions-head-title{\r\n                            color:#ffffff;\r\n                            font-size:16px;\r\n                }\r\n        #accordions-38192 .accordions-head-title-toggle{\r\n                    color:#ffffff;\r\n                            font-size:16px;\r\n                }\r\n        #accordions-38192 .accordions-head:hover .accordions-head-title{\r\n                    color:#ffffff;\r\n                }\r\n        #accordions-38192 .ui-state-active{\r\n                    background: #174e7f;\r\n                    border: none;\r\n        }\r\n        #accordions-38192 .accordion-content{\r\n                            background:#ffffff none repeat scroll 0 0;\r\n                                                    border: none;\r\n        }\r\n        #accordions-38192 .accordion-icons{\r\n                                                                    }\r\n        #accordions-38192 .accordions-head:hover .accordion-icons span{\r\n                    }\r\n            <\/style>\r\n    <div class=\"items\">\r\n                        <div post_id=\"38192\" itemcount=\"0\" header_id=\"header-1771406693219\" id=\"header-1771406693219\" style=\"\" class=\"accordions-head head1771406693219 border-none\" toggle-text=\"\" main-text=\"2025\/2026\">\r\n                                            <span id=\"accordion-icons-1771406693219\" class=\"accordion-icons\">\r\n                            <span class=\"accordion-icon-active accordion-plus\"><i class=\"fas fa-chevron-up\"><\/i><\/span>\r\n                            <span class=\"accordion-icon-inactive accordion-minus\"><i class=\"fas fa-chevron-right\"><\/i><\/span>\r\n                        <\/span>\r\n                        <span id=\"header-text-1771406693219\" class=\"accordions-head-title\">2025\/2026<\/span>\r\n                                        <\/div>\r\n                <div class=\"accordion-content content1771406693219 \">\r\n                    <p><strong>(27\/06\/2025): <\/strong>El Vicerrectorado de Internacionalizaci\u00f3n y Cooperaci\u00f3n de la Universidad Miguel Hern\u00e1ndez (UMH) de Elche publica el\u00a0<strong>listado definitivo de ayudas concedidas<\/strong>\u00a0de la convocatoria de ayudas para estancias internacionales de doctorado en la modalidad de cotutela internacional y estancias internacionales para la menci\u00f3n de doctorado internacional durante el a\u00f1o 2025.<\/p>\n<div><a href=\"https:\/\/internacional.umh.es\/files\/2025\/06\/RR_01646_2025.pdf\" target=\"_blank\" rel=\"noopener\"><strong>Listado definitivo de ayudas concedidas<\/strong><\/a><\/div>\n<hr \/>\n<p><strong>(02\/06\/2025):\u00a0<\/strong>El Vicerrectorado de Internacionalizaci\u00f3n y Cooperaci\u00f3n de la Universidad Miguel Hern\u00e1ndez (UMH) de Elche publica el\u00a0<strong>listado definitivo de admitidos y excluidos<\/strong>\u00a0a tr\u00e1mite y el\u00a0<strong>listado provisional de ayudas concedidas<\/strong>\u00a0de la convocatoria de ayudas para estancias internacionales de doctorado en la modalidad de cotutela internacional y estancias internacionales para la menci\u00f3n de doctorado internacional durante el a\u00f1o 2025.<\/p>\n<div><a href=\"https:\/\/internacional.umh.es\/files\/2025\/06\/publicado.-Listado-provisional-ayudas.pdf\" target=\"_blank\" rel=\"noopener\"><strong>Listado provisional de ayudas concedidas<\/strong><\/a><\/div>\n<div><a href=\"https:\/\/internacional.umh.es\/files\/2025\/06\/Publicacion-BOUMH-resolucion-01351_2025.pdf\" target=\"_blank\" rel=\"noopener\"><strong>Listado definitivo de solicitudes admitidas y excluidas<\/strong><\/a><\/div>\n<hr \/>\n<p><strong>(07\/04\/2025):\u00a0<\/strong>El vicerrectorado de Internacionalizaci\u00f3n y Cooperaci\u00f3n de la Universidad Miguel Hern\u00e1ndez (UMH) de Elche ha publicado ya el\u00a0<strong>listado provisional de admitidos y excluidos<\/strong>\u00a0a tr\u00e1mite de la convocatoria de ayudas para estancias internacionales de doctorado en la modalidad de cotutela internacional y estancias internacionales para la menci\u00f3n de doctorado internacional durante el a\u00f1o 2025.<\/p>\n<ul>\n<li><strong><a href=\"https:\/\/internacional.umh.es\/files\/2025\/04\/BOUMH_-Doctorado-Internacional-2025_Listados-provisional-solicitudes-firmado_040425.pdf\" target=\"_blank\" rel=\"noopener\">Listado de solicitudes PROVISIONALMENTE admit<span class=\"gmail_default\">id<\/span>as y excluidas 2025 publicado en el BOUMH del viernes 04\/04\/2025.<\/a><\/strong><\/li>\n<\/ul>\n<p>Se concede a los interesados un plazo de\u00a0<b>10 d\u00edas h\u00e1biles a contar a partir del d\u00eda siguiente a la publicaci\u00f3n\u00a0<\/b>de la presente, para la subsanaci\u00f3n de errores o la aportaci\u00f3n de la documentaci\u00f3n requerida. Las personas excluidas que hubiesen realizado su solicitud de admisi\u00f3n en este procedimiento mediante la Sede Electr\u00f3nica, deber\u00e1n subsanar los errores o formular las reclamaciones a trav\u00e9s del propio expediente electr\u00f3nico que se encuentra en \u00ab<strong>Mis tr\u00e1mites\/ Mis expedientes<\/strong>\u00bb. Pinchando en \u00ab<strong>Detalle del expediente, opci\u00f3n \u00abSubsanar\/otros tr\u00e1mites<\/strong>\u00bb. El resto de personas excluidas deber\u00e1n subsanar por escrito a trav\u00e9s de las oficinas de Registro de la UMH o mediante los cauces establecidos en el art\u00edculo 16 de la Ley 39\/2015, de 1 de octubre, del Procedimiento Administrativo Com\u00fan de las Administraciones P\u00fablicas.<\/p>\n<hr \/>\n<p><strong>(03\/03\/2025):\u00a0<\/strong>El Vicerrectorado de Internacionalizaci\u00f3n y Cooperaci\u00f3n publica la convocatoria\u00a0Ayudas\u00a0para estancias internacionales de doctorado en la modalidad de cotutela internacional y estancias internacionales para la menci\u00f3n de doctorado internacional durante el a\u00f1o 2025.<\/p>\n<p><strong><a href=\"https:\/\/internacional.umh.es\/files\/2025\/03\/Publicado-BOUMH.RR_00541_2025.pdf\" target=\"_blank\" rel=\"noopener\">Bases de la convocatoria<\/a><\/strong><\/p>\n<p><a href=\"https:\/\/internacional.umh.es\/files\/2025\/03\/Publicado-DOGV.-2025_4123_es.pdf\" target=\"_blank\" rel=\"noopener\"><strong>Publicaci\u00f3n en el DOGV<\/strong><\/a><\/p>\n<p><strong>El plazo para presentar las solicitudes ser\u00e1 del\u00a06 al 27 de marzo de 2025.<\/strong><\/p>\n<p>La solicitud se realizar\u00e1 a trav\u00e9s de la sede electr\u00f3nica en el siguiente link:<\/p>\n<p><strong><a href=\"https:\/\/sede.umh.es\/procedimientos\/becas-ayudas-programas-de-movilidad-internacional-para-estudiantes\/\">https:\/\/sede.umh.es\/procedimientos\/becas-ayudas-programas-de-movilidad-internacional-para-estudiantes\/<\/a><\/strong><\/p>\n<p>Junto con la solicitud se deber\u00e1 aportar la siguiente documentaci\u00f3n:<\/p>\n<ol>\n<li>Copia del DNI, pasaporte o permiso de residencia.<\/li>\n<li>Copia del expediente acad\u00e9mico.<\/li>\n<li>Curriculum Vitae (CVN 4 p\u00e1ginas m\u00e1ximo).<\/li>\n<li>Copia del certificado o documento acreditativo de conocimientos de idiomas.<\/li>\n<li>El Convenio de modalidad de cotutela internacional.<\/li>\n<li>Aceptaci\u00f3n del coordinador del programa de doctorado de la UMH.<\/li>\n<li>Aceptaci\u00f3n del coordinador del programa de doctorado de acogida.<\/li>\n<li>Acreditaci\u00f3n, en su caso, de la concesi\u00f3n de beca predoctoral de convocatoria p\u00fablica.<\/li>\n<li><strong><a href=\"https:\/\/internacional.umh.es\/files\/2025\/03\/Declaracion-responsable.docx\" target=\"_blank\" rel=\"noopener\">Declaraci\u00f3n responsable de no estar incurso en circunstancias que impiden obtener la condici\u00f3n de beneficiario.<\/a><\/strong><\/li>\n<\/ol>\n                <\/div>\r\n                                <div post_id=\"38192\" itemcount=\"1\" header_id=\"header-1741003572037\" id=\"header-1741003572037\" style=\"\" class=\"accordions-head head1741003572037 border-none\" toggle-text=\"\" main-text=\"2023\/2024\">\r\n                                            <span id=\"accordion-icons-1741003572037\" class=\"accordion-icons\">\r\n                            <span class=\"accordion-icon-active accordion-plus\"><i class=\"fas fa-chevron-up\"><\/i><\/span>\r\n                            <span class=\"accordion-icon-inactive accordion-minus\"><i class=\"fas fa-chevron-right\"><\/i><\/span>\r\n                        <\/span>\r\n                        <span id=\"header-text-1741003572037\" class=\"accordions-head-title\">2023\/2024<\/span>\r\n                                        <\/div>\r\n                <div class=\"accordion-content content1741003572037 \">\r\n                    <p><span style=\"color: #ff0000\"><strong>NUEVO (20\/03\/2024):<\/strong> <\/span>A continuaci\u00f3n, puede consultar la publicaci\u00f3n de la resoluci\u00f3n en el Diari Oficial de la Generalitat Valenciana (DOGV) de fecha 20 de marzo de 2024:<\/p>\n<p><a href=\"https:\/\/internacional.umh.es\/files\/2024\/03\/DOGV_2024_2391_200324.pdf\" target=\"_blank\" rel=\"noopener\"><b><u>Consultar resoluci\u00f3n DOGV<\/u><\/b>\u00a0<\/a><\/p>\n<p>El <b><u>plazo de presentaci\u00f3n de solicitudes<\/u><\/b>\u00a0ser\u00e1 de diez d\u00edas h\u00e1biles a contar a partir del d\u00eda siguiente de la fecha de publicaci\u00f3n del extracto de esta convocatoria en el Diari Oficial de la Generalitat Valenciana (DOGV): es decir,\u00a0<b>del 21 de marzo al 9 de abril del 2024, ambos inclusive<\/b>.<\/p>\n<p>El solicitante debe presentar su solicitud a trav\u00e9s del registro electr\u00f3nico de la Sede Electr\u00f3nica de la UMH, haciendo uso de su certificado electr\u00f3nico o de su cuenta de usuario UMH. <i>ara ello debe\u00a0<b>acceder al procedimiento espec\u00edfico \u201c<\/b><\/i>MOVILIDAD- Programa internacional de salida para estudiantes<i><b>\u201d:<\/b><\/i><b><br \/>\n<\/b><a href=\"https:\/\/sede.umh.es\/procedimientos\/movilidad-programa-internacional-de-salida-para-estudiantes\/\" target=\"_blank\" rel=\"noopener\" data-saferedirecturl=\"https:\/\/www.google.com\/url?q=https:\/\/sede.umh.es\/procedimientos\/becas-ayudas-programas-de-movilidad-internacional-para-estudiantes\/&amp;source=gmail&amp;ust=1711016835797000&amp;usg=AOvVaw25QLDf8-Txy3IeO7ARbiUn\">https:\/\/sede.umh.es\/procedimientos\/becas-ayudas-programas-de-movilidad-internacional-para-estudiantes\/<br \/>\n<\/a><br \/>\nCon la solicitud deber\u00e1 aportar la documentaci\u00f3n siguiente:<br \/>\n1. Formulario contemplado en el\u00a0<a href=\"https:\/\/internacional.umh.es\/files\/2024\/03\/Anexo-II-3.docx\" target=\"_blank\" rel=\"noopener\">Anexo II<\/a> \/ <a href=\"https:\/\/internacional.umh.es\/files\/2024\/03\/Annex-II.docx\" target=\"_blank\" rel=\"noopener\">Annex II<\/a>\u00a0de la convocatoria<br \/>\n2. Copia del DNI, pasaporte o permiso de residencia.<br \/>\n3. Copia del expediente acad\u00e9mico.<br \/>\n4. Curriculum Vitae (CVN 4 p\u00e1ginas m\u00e1ximo)<br \/>\n5. Copia del certificado o documento acreditativo de conocimientos de idiomas.<br \/>\n6. El convenio de modalidad de cotutela internacional o de doble doctorado internacional.<br \/>\n7. Aceptaci\u00f3n del coordinador del programa de doctorado de la UMH.<br \/>\n8. Aceptaci\u00f3n del coordinador del programa de doctorado de acogida.<br \/>\n9. Acreditaci\u00f3n, en su caso, de la concesi\u00f3n de beca predoctoral de convocatoria p\u00fablica.<\/p>\n<p><span style=\"color: #000000\"><strong>(14\/03\/2024):<\/strong><\/span>\u00a0El Vicerrectorado de Internacionalizaci\u00f3n y Cooperaci\u00f3n ha publicado, en el\u00a0<u><a href=\"https:\/\/boumh.umh.es\/resolucion-rectoral-00712-2024-de-12-de-marzo-por-la-que-se-convocan-ayudas-para-estancias-internacionales-de-doctorado-en-las-modalidades-de-cotutela-internacional-y-doble-doctorado-internacional-p\/\" data-saferedirecturl=\"https:\/\/www.google.com\/url?q=https:\/\/boumh.umh.es\/resolucion-rectoral-00712-2024-de-12-de-marzo-por-la-que-se-convocan-ayudas-para-estancias-internacionales-de-doctorado-en-las-modalidades-de-cotutela-internacional-y-doble-doctorado-internacional-p\/&amp;source=gmail&amp;ust=1710491473528000&amp;usg=AOvVaw3M_j4T5ueCnoLvuKpS6oES\">Bolet\u00edn Oficial de la UMH de 13 de marzo de 2024<\/a><\/u>, la convocatoria de\u00a0AYUDAS PARA ESTANCIAS INTERNACIONALES DE DOCTORADO EN LAS MODALIDADES DE COTUTELA INTERNACIONAL y DOBLE DOCTORADO INTERNACIONAL PARA EL CURSO ACAD\u00c9MICO 2023\/2024<br \/>\nPuedes consultar el texto \u00edntegro de la convocatoria a continuaci\u00f3n:<\/p>\n<ul style=\"font-weight: 400\">\n<li><a href=\"https:\/\/internacional.umh.es\/files\/2024\/03\/RR_00712_2024.pdf\" target=\"_blank\" rel=\"noopener\">Consultar convocatoria<\/a><\/li>\n<\/ul>\n<p>El\u00a0plazo de\u00a0presentaci\u00f3n de solicitudes\u00a0ser\u00e1 de 10 d\u00edas h\u00e1biles y solo empezar\u00e1 a contar, y, por lo tanto, ser\u00e1 posible presentar solicitudes,\u00a0a partir del d\u00eda siguiente de la fecha de publicaci\u00f3n del extracto de esta convocatoria en el Diari Oficial de la Generalitat Valenciana.<\/p>\n                <\/div>\r\n                                <div post_id=\"38192\" itemcount=\"2\" header_id=\"header-1741003689077\" id=\"header-1741003689077\" style=\"\" class=\"accordions-head head1741003689077 border-none\" toggle-text=\"\" main-text=\"2021\/2022\">\r\n                                            <span id=\"accordion-icons-1741003689077\" class=\"accordion-icons\">\r\n                            <span class=\"accordion-icon-active accordion-plus\"><i class=\"fas fa-chevron-up\"><\/i><\/span>\r\n                            <span class=\"accordion-icon-inactive accordion-minus\"><i class=\"fas fa-chevron-right\"><\/i><\/span>\r\n                        <\/span>\r\n                        <span id=\"header-text-1741003689077\" class=\"accordions-head-title\">2021\/2022<\/span>\r\n                                        <\/div>\r\n                <div class=\"accordion-content content1741003689077 \">\r\n                    <ul>\n<li><a href=\"https:\/\/internacional.umh.es\/files\/2022\/09\/RR_02238_2022-Convocatoria-Doble-Doctorado-Internacional-Cotutela-en-BOUMH.pdf\" target=\"_blank\" rel=\"noopener\">Convocatoria de Ayudas <strong>para estancias de dobles Doctorados Internacional\/Cotutela Internacional de la UMH durante el curso acad\u00e9mico 2021-2022<\/strong><\/a><\/li>\n<\/ul>\n                <\/div>\r\n                                <div post_id=\"38192\" itemcount=\"3\" header_id=\"header-1741003752530\" id=\"header-1741003752530\" style=\"\" class=\"accordions-head head1741003752530 border-none\" toggle-text=\"\" main-text=\"2020\/2021\">\r\n                                            <span id=\"accordion-icons-1741003752530\" class=\"accordion-icons\">\r\n                            <span class=\"accordion-icon-active accordion-plus\"><i class=\"fas fa-chevron-up\"><\/i><\/span>\r\n                            <span class=\"accordion-icon-inactive accordion-minus\"><i class=\"fas fa-chevron-right\"><\/i><\/span>\r\n                        <\/span>\r\n                        <span id=\"header-text-1741003752530\" class=\"accordions-head-title\">2020\/2021<\/span>\r\n                                        <\/div>\r\n                <div class=\"accordion-content content1741003752530 \">\r\n                    <ul>\n<li><a title=\"Lo ver\u00e1s en una nueva ventana\" href=\"https:\/\/internacional.umh.es\/files\/2021\/07\/bil-ayudas-umh-d-doctorado-cotutela_admisin-provisional-y-plazo-subsanacin_20-21-copia-autentica.pdf\" target=\"_blank\" rel=\"noopener\"><b>Listado provisional ayudas doctorado-cotutela admisi\u00f3n-provisional (221Kb .pdf)<\/b><\/a><\/li>\n<li><a href=\"https:\/\/boumh.umh.es\/files\/2021\/04\/RR_02932_2021.pdf\" target=\"_blank\" rel=\"noopener\">Convocatoria de Ayudas <strong>para estancias de doble Doctorado Internacional\/Cotutela Internacional de la UMH durante el curso acad\u00e9mico 2020\/2021 (479Kb .pdf)<\/strong><\/a><\/li>\n<\/ul>\n                <\/div>\r\n                                <div post_id=\"38192\" itemcount=\"4\" header_id=\"header-1741003778870\" id=\"header-1741003778870\" style=\"\" class=\"accordions-head head1741003778870 border-none\" toggle-text=\"\" main-text=\"2018\/2019\">\r\n                                            <span id=\"accordion-icons-1741003778870\" class=\"accordion-icons\">\r\n                            <span class=\"accordion-icon-active accordion-plus\"><i class=\"fas fa-chevron-up\"><\/i><\/span>\r\n                            <span class=\"accordion-icon-inactive accordion-minus\"><i class=\"fas fa-chevron-right\"><\/i><\/span>\r\n                        <\/span>\r\n                        <span id=\"header-text-1741003778870\" class=\"accordions-head-title\">2018\/2019<\/span>\r\n                                        <\/div>\r\n                <div class=\"accordion-content content1741003778870 \">\r\n                    <ul>\n<li><a href=\"https:\/\/internacional.umh.es\/files\/2019\/05\/RE_2019_001_9339.pdf\" target=\"_blank\" rel=\"noopener\"><strong>Listado definitivo de Ayudas para estancias de doble Doctorado Internacional\/Cotutuela Internacional de la UMH para el curso acad\u00e9mico 2018\/2019 (395Kb .pdf)<\/strong><\/a><\/li>\n<li><a href=\"https:\/\/internacional.umh.es\/files\/2019\/04\/RE_2019_001_6985.pdf\" target=\"_blank\" rel=\"noopener\"><strong>Convocatoria de ayudas para estancias de doble Doctorado Internacional\/Cotutela Internacional de la UMH durante el curso acad\u00e9mico 2018\/2019 (5,42Mb .pdf)<\/strong><\/a><\/li>\n<\/ul>\n                <\/div>\r\n                                <div post_id=\"38192\" itemcount=\"5\" header_id=\"header-1741003797767\" id=\"header-1741003797767\" style=\"\" class=\"accordions-head head1741003797767 border-none\" toggle-text=\"\" main-text=\"2017\/2018\">\r\n                                            <span id=\"accordion-icons-1741003797767\" class=\"accordion-icons\">\r\n                            <span class=\"accordion-icon-active accordion-plus\"><i class=\"fas fa-chevron-up\"><\/i><\/span>\r\n                            <span class=\"accordion-icon-inactive accordion-minus\"><i class=\"fas fa-chevron-right\"><\/i><\/span>\r\n                        <\/span>\r\n                        <span id=\"header-text-1741003797767\" class=\"accordions-head-title\">2017\/2018<\/span>\r\n                                        <\/div>\r\n                <div class=\"accordion-content content1741003797767 \">\r\n                    <ul>\n<li><strong><a title=\"Lo ver\u00e1s en una nueva ventana\" href=\"https:\/\/internacional.umh.es\/files\/2018\/05\/RE_2018_001_4773.-DECLARACI\u00d3N-DESIERTO.pdf\" target=\"_blank\" rel=\"noopener noreferrer\">Declaraci\u00f3n por la que se declara desierta la convocatoria de ayudas de Doctorado Internacional\/Cotutela Internacional de la UMH durante el curso acad\u00e9mico 2017\/2018 (875Kb .pdf)<\/a><\/strong><\/li>\n<li><strong><a href=\"https:\/\/registro.umh.es\/files\/2018\/03\/RE_2018_001_3846.pdf\" target=\"_blank\" rel=\"noopener\">Listado provisional de solicitudes admitidas y excluidas. Apertura plazo de subsanaci\u00f3n (301Kb .pdf)<\/a><\/strong><\/li>\n<li><a href=\"https:\/\/registro.umh.es\/files\/2018\/02\/RE_2018_001_1741.pdf\" target=\"_blank\" rel=\"noopener\"><strong>Convocatoria para realizar una estancia acad\u00e9mica en el marco del Programa de Doble de Doctorado Internacional\/Cotutela Internacional en universidades socias, al amparo de convenios de Dobles Doctorados Internacionales\/Cotutela Internacional (2,40Kb .pdf)<\/strong><\/a><\/li>\n<li><a href=\"https:\/\/registro.umh.es\/files\/2018\/02\/RE_2018_001_1741.pdf\" target=\"_blank\" rel=\"noopener\"><strong>Importe de las ayudas, los criterios de valoraci\u00f3n y el resto de bases reguladoras pueden consultarse en el siguiente texto (2,40Kb .pdf)<\/strong><\/a><\/li>\n<\/ul>\n                <\/div>\r\n                    <\/div>\r\n    <script>\r\n        jQuery(document).ready(function($){accordions_active_index_38192 = [];        })\r\n    <\/script>    <script>\r\n        jQuery(document).ready(function($){\r\n            accordion_38192  = $(\"#accordions-38192 .items\").accordion({\r\n                event: \"click\",\r\n                collapsible:true,\r\n                heightStyle: \"content\",\r\n                animate: (\"swing\", 1000),\r\n                navigation: true,\r\n                active: 999,\r\n                            });\r\n        })\r\n    <\/script>\r\n                <\/div>\n<p>&nbsp;<\/p>\n<p style=\"text-align: justify\"><strong>LIST OF DUAL DOCTORATES<\/strong><\/p>\n<table style=\"font-weight: 400\" width=\"100%\">\n<tbody>\n<tr>\n<td width=\"276\"><strong>University<\/strong><\/td>\n<td width=\"52\"><strong>Country<\/strong><\/td>\n<td width=\"63\"><strong>Level<\/strong><\/td>\n<td width=\"451\"><strong>Program<\/strong><\/td>\n<\/tr>\n<tr>\n<td width=\"276\">Universidad de Sao Paolo y Universidad de Porto<\/td>\n<td width=\"52\">Brasil y Portugal<\/td>\n<td width=\"63\">Doctorate<\/td>\n<td width=\"451\">\n<p id=\"containerTitulo\" class=\"noFrame\"><span id=\"sobreTitulo\"><span id=\"caja-titulo\"><span id=\"titulo\">Public Health, Medical and Surgical Sciences<\/span><\/span><\/span><\/p>\n<\/td>\n<\/tr>\n<tr>\n<td width=\"276\">Pontificia Universidad Cat\u00f3lica de Valpara\u00edso<\/td>\n<td width=\"52\">Chile<\/td>\n<td width=\"63\">Doctorate<\/td>\n<td width=\"451\">\n<p id=\"containerTitulo\" class=\"noFrame\"><span id=\"sobreTitulo\"><span id=\"caja-titulo\"><span id=\"titulo\">Statistics, Optimization and Applied Mathematics<\/span><\/span><\/span><\/p>\n<\/td>\n<\/tr>\n<tr>\n<td width=\"276\">Universidad de Sonora<\/td>\n<td width=\"52\">Mexico<\/td>\n<td width=\"63\">Doctorate<\/td>\n<td width=\"451\">\n<p id=\"containerTitulo\" class=\"noFrame\"><span id=\"sobreTitulo\"><span id=\"caja-titulo\"><span id=\"titulo\">Agricultural, Agro-Environmental and Food Resources and Technologies<\/span><\/span><\/span><\/p>\n<\/td>\n<\/tr>\n<tr>\n<td width=\"276\">Wroclaw University of Environmental and Life Sciences<\/td>\n<td width=\"52\">Polond<\/td>\n<td width=\"63\">Doctorate<\/td>\n<td width=\"451\"><span id=\"sobreTitulo\"><span id=\"caja-titulo\"><span id=\"titulo\">Agricultural, Agro-Environmental and Food Resources and Technologies<\/span><\/span><\/span><\/td>\n<\/tr>\n<tr>\n<td width=\"276\">Universit\u00e1 degli Studi di Firenze<\/td>\n<td width=\"52\">Italy<\/td>\n<td width=\"63\">Doctorate<\/td>\n<td width=\"451\"><span id=\"sobreTitulo\"><span id=\"caja-titulo\"><span id=\"titulo\">Agricultural, Agro-Environmental and Food Resources and Technologies<\/span><\/span><\/span><\/td>\n<\/tr>\n<tr>\n<td width=\"276\">Universidad Nacional Agraria de La Molina<\/td>\n<td width=\"52\">Per\u00fa<\/td>\n<td width=\"63\">Doctorate<\/td>\n<td width=\"451\"><span id=\"sobreTitulo\"><span id=\"caja-titulo\"><span id=\"titulo\">Agricultural, Agro-Environmental and Food Resources and Technologies<\/span><\/span><\/span><\/td>\n<\/tr>\n<tr>\n<td width=\"276\">Universidade de Sao Paulo<\/td>\n<td width=\"52\">Brazil<\/td>\n<td width=\"63\">Doctorate<\/td>\n<td width=\"451\"><span id=\"sobreTitulo\"><span id=\"caja-titulo\"><span id=\"titulo\">Public Health, Medical and Surgical Sciences<\/span><\/span><\/span><\/td>\n<\/tr>\n<tr>\n<td width=\"276\">Universidad Tecnol\u00f3gica de Kaunas<\/td>\n<td width=\"52\">Lithuania<\/td>\n<td width=\"63\">Doctorate<\/td>\n<td width=\"451\">\n<p id=\"containerTitulo\" class=\"noFrame\"><span id=\"sobreTitulo\"><span id=\"caja-titulo\"><span id=\"titulo\">Industrial and Telecommunications Technologies<\/span><\/span><\/span><\/p>\n<\/td>\n<\/tr>\n<tr>\n<td width=\"276\">Centro de Investigaci\u00f3n y de Estudios Avanzados del Instituto Polit\u00e9cnico Nacional (CINVESTAV)<\/td>\n<td width=\"52\">Mexico<\/td>\n<td width=\"63\">Doctorate<\/td>\n<td width=\"451\"><span id=\"sobreTitulo\"><span id=\"caja-titulo\"><span id=\"titulo\">Industrial and Telecommunications Technologies<\/span><\/span><\/span><\/td>\n<\/tr>\n<tr>\n<td width=\"276\">Universidad Aut\u00f3noma de Nueva Le\u00f3n<\/td>\n<td width=\"52\">Mexico<\/td>\n<td width=\"63\">Doctorate<\/td>\n<td width=\"451\"><span id=\"sobreTitulo\"><span id=\"caja-titulo\"><span id=\"titulo\">Industrial and Telecommunications Technologies<\/span><\/span><\/span><\/td>\n<\/tr>\n<\/tbody>\n<\/table>\n<p>&nbsp;<\/p>","protected":false},"excerpt":{"rendered":"<p>NEW (April 1, 2026)&nbsp;The Vice Rectorate for Internationalization and Cooperation at the Miguel Hern\u00e1ndez University of Elche (UMH) hereby publishes the provisional list of individuals accepted and rejected for further processing from the call for financial aid for international doctoral exchanges under joint supervision and international stays for mention of international doctorate during 2026.<\/p>\n<p>List of [&#8230;]<\/p>\n","protected":false},"author":5216,"featured_media":0,"parent":3405,"menu_order":0,"comment_status":"closed","ping_status":"closed","template":"","meta":{"ngg_post_thumbnail":0,"_links_to":"","_links_to_target":""},"yoast_head":"<!-- This site is optimized with the Yoast SEO plugin v17.5 - https:\/\/yoast.com\/wordpress\/plugins\/seo\/ -->\n<meta name=\"description\" content=\"El Vicerrectorado de Relaciones Internacionales publica listado de solicitudes de las ayudas UMH a dobles doctorados \/ cotutela internacional.\" \/>\n<meta name=\"robots\" content=\"index, follow, max-snippet:-1, max-image-preview:large, max-video-preview:-1\" \/>\n<link rel=\"canonical\" href=\"https:\/\/internacional.umh.es\/en\/movilidad\/estudiantes\/becas-umh-para-estudiantes-de-dobles-titulaciones\/dobles-doctorados-cotutela-internacional\/\" \/>\n<meta property=\"og:locale\" content=\"en_US\" \/>\n<meta property=\"og:type\" content=\"article\" \/>\n<meta property=\"og:title\" content=\"Dual doctorates\/Joint supervision - International Relations and Cooperation\" \/>\n<meta property=\"og:description\" content=\"El Vicerrectorado de Relaciones Internacionales publica listado de solicitudes de las ayudas UMH a dobles doctorados \/ cotutela internacional.\" \/>\n<meta property=\"og:url\" content=\"https:\/\/internacional.umh.es\/movilidad\/estudiantes\/becas-umh-para-estudiantes-de-dobles-titulaciones\/dobles-doctorados-cotutela-internacional\/\" \/>\n<meta property=\"og:site_name\" content=\"International Relations and Cooperation\" \/>\n<meta property=\"article:modified_time\" content=\"2026-04-02T10:49:09+00:00\" \/>\n<meta property=\"og:image\" content=\"https:\/\/internacional.umh.es\/files\/2026\/02\/Plantillas-Puiblicaciones-convocatorias-25-240x300.png\" \/>\n<meta name=\"twitter:card\" content=\"summary_large_image\" \/>\n<meta name=\"twitter:label1\" content=\"Est. reading time\" \/>\n\t<meta name=\"twitter:data1\" content=\"2 minutes\" \/>\n<script type=\"application\/ld+json\" class=\"yoast-schema-graph\">{\"@context\":\"https:\/\/schema.org\",\"@graph\":[{\"@type\":\"WebSite\",\"@id\":\"https:\/\/internacional.umh.es\/en\/#website\",\"url\":\"https:\/\/internacional.umh.es\/en\/\",\"name\":\"International Relations and Cooperation\",\"description\":\"Miguel Hernandez University of Elche\",\"potentialAction\":[{\"@type\":\"SearchAction\",\"target\":{\"@type\":\"EntryPoint\",\"urlTemplate\":\"https:\/\/internacional.umh.es\/en\/?s={search_term_string}\"},\"query-input\":\"required name=search_term_string\"}],\"inLanguage\":\"en-US\"},{\"@type\":\"ImageObject\",\"@id\":\"https:\/\/internacional.umh.es\/movilidad\/estudiantes\/becas-umh-para-estudiantes-de-dobles-titulaciones\/dobles-doctorados-cotutela-internacional\/#primaryimage\",\"inLanguage\":\"en-US\",\"url\":\"https:\/\/internacional.umh.es\/files\/2026\/02\/Plantillas-Puiblicaciones-convocatorias-25.png\",\"contentUrl\":\"https:\/\/internacional.umh.es\/files\/2026\/02\/Plantillas-Puiblicaciones-convocatorias-25.png\",\"width\":1080,\"height\":1350},{\"@type\":\"WebPage\",\"@id\":\"https:\/\/internacional.umh.es\/movilidad\/estudiantes\/becas-umh-para-estudiantes-de-dobles-titulaciones\/dobles-doctorados-cotutela-internacional\/#webpage\",\"url\":\"https:\/\/internacional.umh.es\/movilidad\/estudiantes\/becas-umh-para-estudiantes-de-dobles-titulaciones\/dobles-doctorados-cotutela-internacional\/\",\"name\":\"Dual doctorates\/Joint supervision - International Relations and Cooperation\",\"isPartOf\":{\"@id\":\"https:\/\/internacional.umh.es\/en\/#website\"},\"primaryImageOfPage\":{\"@id\":\"https:\/\/internacional.umh.es\/movilidad\/estudiantes\/becas-umh-para-estudiantes-de-dobles-titulaciones\/dobles-doctorados-cotutela-internacional\/#primaryimage\"},\"datePublished\":\"2021-05-06T12:19:11+00:00\",\"dateModified\":\"2026-04-02T10:49:09+00:00\",\"description\":\"El Vicerrectorado de Relaciones Internacionales publica listado de solicitudes de las ayudas UMH a dobles doctorados \/ cotutela internacional.\",\"breadcrumb\":{\"@id\":\"https:\/\/internacional.umh.es\/movilidad\/estudiantes\/becas-umh-para-estudiantes-de-dobles-titulaciones\/dobles-doctorados-cotutela-internacional\/#breadcrumb\"},\"inLanguage\":\"en-US\",\"potentialAction\":[{\"@type\":\"ReadAction\",\"target\":[\"https:\/\/internacional.umh.es\/movilidad\/estudiantes\/becas-umh-para-estudiantes-de-dobles-titulaciones\/dobles-doctorados-cotutela-internacional\/\"]}]},{\"@type\":\"BreadcrumbList\",\"@id\":\"https:\/\/internacional.umh.es\/movilidad\/estudiantes\/becas-umh-para-estudiantes-de-dobles-titulaciones\/dobles-doctorados-cotutela-internacional\/#breadcrumb\",\"itemListElement\":[{\"@type\":\"ListItem\",\"position\":1,\"name\":\"Home\",\"item\":\"https:\/\/internacional.umh.es\/en\/\"},{\"@type\":\"ListItem\",\"position\":2,\"name\":\"MOBILITY\",\"item\":\"https:\/\/internacional.umh.es\/en\/movilidad\/\"},{\"@type\":\"ListItem\",\"position\":3,\"name\":\"Estudiantes\",\"item\":\"https:\/\/internacional.umh.es\/movilidad\/estudiantes\/\"},{\"@type\":\"ListItem\",\"position\":4,\"name\":\"UMH Grants: Dual Degree Programs\",\"item\":\"https:\/\/internacional.umh.es\/movilidad\/estudiantes\/becas-umh-para-estudiantes-de-dobles-titulaciones\/\"},{\"@type\":\"ListItem\",\"position\":5,\"name\":\"Dobles Doctorados\/Cotutela internacional\"}]}]}<\/script>\n<!-- \/ Yoast SEO plugin. -->","yoast_head_json":{"description":"El Vicerrectorado de Relaciones Internacionales publica listado de solicitudes de las ayudas UMH a dobles doctorados \/ cotutela internacional.","robots":{"index":"index","follow":"follow","max-snippet":"max-snippet:-1","max-image-preview":"max-image-preview:large","max-video-preview":"max-video-preview:-1"},"canonical":"https:\/\/internacional.umh.es\/en\/movilidad\/estudiantes\/becas-umh-para-estudiantes-de-dobles-titulaciones\/dobles-doctorados-cotutela-internacional\/","og_locale":"en_US","og_type":"article","og_title":"Dual doctorates\/Joint supervision - International Relations and Cooperation","og_description":"El Vicerrectorado de Relaciones Internacionales publica listado de solicitudes de las ayudas UMH a dobles doctorados \/ cotutela internacional.","og_url":"https:\/\/internacional.umh.es\/movilidad\/estudiantes\/becas-umh-para-estudiantes-de-dobles-titulaciones\/dobles-doctorados-cotutela-internacional\/","og_site_name":"International Relations and Cooperation","article_modified_time":"2026-04-02T10:49:09+00:00","og_image":[{"url":"https:\/\/internacional.umh.es\/files\/2026\/02\/Plantillas-Puiblicaciones-convocatorias-25-240x300.png"}],"twitter_card":"summary_large_image","twitter_misc":{"Est. reading time":"2 minutes"},"schema":{"@context":"https:\/\/schema.org","@graph":[{"@type":"WebSite","@id":"https:\/\/internacional.umh.es\/en\/#website","url":"https:\/\/internacional.umh.es\/en\/","name":"International Relations and Cooperation","description":"Miguel Hernandez University of Elche","potentialAction":[{"@type":"SearchAction","target":{"@type":"EntryPoint","urlTemplate":"https:\/\/internacional.umh.es\/en\/?s={search_term_string}"},"query-input":"required name=search_term_string"}],"inLanguage":"en-US"},{"@type":"ImageObject","@id":"https:\/\/internacional.umh.es\/movilidad\/estudiantes\/becas-umh-para-estudiantes-de-dobles-titulaciones\/dobles-doctorados-cotutela-internacional\/#primaryimage","inLanguage":"en-US","url":"https:\/\/internacional.umh.es\/files\/2026\/02\/Plantillas-Puiblicaciones-convocatorias-25.png","contentUrl":"https:\/\/internacional.umh.es\/files\/2026\/02\/Plantillas-Puiblicaciones-convocatorias-25.png","width":1080,"height":1350},{"@type":"WebPage","@id":"https:\/\/internacional.umh.es\/movilidad\/estudiantes\/becas-umh-para-estudiantes-de-dobles-titulaciones\/dobles-doctorados-cotutela-internacional\/#webpage","url":"https:\/\/internacional.umh.es\/movilidad\/estudiantes\/becas-umh-para-estudiantes-de-dobles-titulaciones\/dobles-doctorados-cotutela-internacional\/","name":"Dual doctorates\/Joint supervision - International Relations and Cooperation","isPartOf":{"@id":"https:\/\/internacional.umh.es\/en\/#website"},"primaryImageOfPage":{"@id":"https:\/\/internacional.umh.es\/movilidad\/estudiantes\/becas-umh-para-estudiantes-de-dobles-titulaciones\/dobles-doctorados-cotutela-internacional\/#primaryimage"},"datePublished":"2021-05-06T12:19:11+00:00","dateModified":"2026-04-02T10:49:09+00:00","description":"El Vicerrectorado de Relaciones Internacionales publica listado de solicitudes de las ayudas UMH a dobles doctorados \/ cotutela internacional.","breadcrumb":{"@id":"https:\/\/internacional.umh.es\/movilidad\/estudiantes\/becas-umh-para-estudiantes-de-dobles-titulaciones\/dobles-doctorados-cotutela-internacional\/#breadcrumb"},"inLanguage":"en-US","potentialAction":[{"@type":"ReadAction","target":["https:\/\/internacional.umh.es\/movilidad\/estudiantes\/becas-umh-para-estudiantes-de-dobles-titulaciones\/dobles-doctorados-cotutela-internacional\/"]}]},{"@type":"BreadcrumbList","@id":"https:\/\/internacional.umh.es\/movilidad\/estudiantes\/becas-umh-para-estudiantes-de-dobles-titulaciones\/dobles-doctorados-cotutela-internacional\/#breadcrumb","itemListElement":[{"@type":"ListItem","position":1,"name":"Home","item":"https:\/\/internacional.umh.es\/en\/"},{"@type":"ListItem","position":2,"name":"MOBILITY","item":"https:\/\/internacional.umh.es\/en\/movilidad\/"},{"@type":"ListItem","position":3,"name":"Estudiantes","item":"https:\/\/internacional.umh.es\/movilidad\/estudiantes\/"},{"@type":"ListItem","position":4,"name":"UMH Grants: Dual Degree Programs","item":"https:\/\/internacional.umh.es\/movilidad\/estudiantes\/becas-umh-para-estudiantes-de-dobles-titulaciones\/"},{"@type":"ListItem","position":5,"name":"Dobles Doctorados\/Cotutela internacional"}]}]}},"_links":{"self":[{"href":"https:\/\/internacional.umh.es\/en\/wp-json\/wp\/v2\/pages\/19606"}],"collection":[{"href":"https:\/\/internacional.umh.es\/en\/wp-json\/wp\/v2\/pages"}],"about":[{"href":"https:\/\/internacional.umh.es\/en\/wp-json\/wp\/v2\/types\/page"}],"author":[{"embeddable":true,"href":"https:\/\/internacional.umh.es\/en\/wp-json\/wp\/v2\/users\/5216"}],"replies":[{"embeddable":true,"href":"https:\/\/internacional.umh.es\/en\/wp-json\/wp\/v2\/comments?post=19606"}],"version-history":[{"count":0,"href":"https:\/\/internacional.umh.es\/en\/wp-json\/wp\/v2\/pages\/19606\/revisions"}],"up":[{"embeddable":true,"href":"https:\/\/internacional.umh.es\/en\/wp-json\/wp\/v2\/pages\/3405"}],"wp:attachment":[{"href":"https:\/\/internacional.umh.es\/en\/wp-json\/wp\/v2\/media?parent=19606"}],"curies":[{"name":"wp","href":"https:\/\/api.w.org\/{rel}","templated":true}]}}