{"id":39340,"date":"2025-05-02T13:59:02","date_gmt":"2025-05-02T11:59:02","guid":{"rendered":"https:\/\/internacional.umh.es\/?page_id=39340"},"modified":"2025-09-16T14:40:23","modified_gmt":"2025-09-16T12:40:23","slug":"podcast-alumni-umh-global-un-mundo-de-oportunidades","status":"publish","type":"page","link":"https:\/\/internacional.umh.es\/en\/global-umh\/podcast-alumni-umh-global-un-mundo-de-oportunidades\/","title":{"rendered":"UMH Global Alumni Podcasts: A world of opportunities"},"content":{"rendered":"<p><\/p>\n<p class=\"titulo-cuerpo\" style=\"text-align: justify\"><strong><a href=\"https:\/\/internacional.umh.es\/files\/2025\/03\/PODCAST-ALUMNI_2.png\"><img loading=\"lazy\" class=\" wp-image-38705 alignleft\" src=\"https:\/\/internacional.umh.es\/files\/2025\/03\/PODCAST-ALUMNI_2-300x300.png\" alt=\"\" width=\"207\" height=\"207\" srcset=\"https:\/\/internacional.umh.es\/files\/2025\/03\/PODCAST-ALUMNI_2-300x300.png 300w, https:\/\/internacional.umh.es\/files\/2025\/03\/PODCAST-ALUMNI_2-1024x1024.png 1024w, https:\/\/internacional.umh.es\/files\/2025\/03\/PODCAST-ALUMNI_2-150x150.png 150w, https:\/\/internacional.umh.es\/files\/2025\/03\/PODCAST-ALUMNI_2-768x768.png 768w, https:\/\/internacional.umh.es\/files\/2025\/03\/PODCAST-ALUMNI_2.png 1080w\" sizes=\"(max-width: 207px) 100vw, 207px\" \/><\/a>Alumni UMH and the Service of International Relations and Cooperation have launched a podcast with alumni who talk about their Erasmus experiences and how they helped them get ahead professionally<br \/>\n<\/strong><\/p>\n<p style=\"text-align: justify\">This program features UMH alumni with different backgrounds. These include Adr\u00edan Mora, who is the International Space Station\/Columbus flight director; Sandra Calvo, who is working at Google in artificial intelligence in Finland; and \u00d3scar Ja\u00e9n, manager of large accounts at Nestl\u00e9, among other interesting individuals.<\/p>\n<p>Further information available <a href=\"https:\/\/internacional.umh.es\/2025\/03\/31\/alumni-umh-y-relaciones-internacionales-ponen-en-marcha-un-podcast-con-personas-tituladas-cuya-experiencia-erasmus-les-ayudo-en-su-carrera-profesional\/\">at this link<\/a>.<\/p>\n<hr>\n<p><strong><img loading=\"lazy\" class=\" wp-image-39755 alignleft\" src=\"https:\/\/internacional.umh.es\/files\/2025\/06\/Portada-Oscar-Jaen-300x300.png\" alt=\"\" width=\"244\" height=\"244\" srcset=\"https:\/\/internacional.umh.es\/files\/2025\/06\/Portada-Oscar-Jaen-300x300.png 300w, https:\/\/internacional.umh.es\/files\/2025\/06\/Portada-Oscar-Jaen-1024x1024.png 1024w, https:\/\/internacional.umh.es\/files\/2025\/06\/Portada-Oscar-Jaen-150x150.png 150w, https:\/\/internacional.umh.es\/files\/2025\/06\/Portada-Oscar-Jaen-768x768.png 768w, https:\/\/internacional.umh.es\/files\/2025\/06\/Portada-Oscar-Jaen.png 1080w\" sizes=\"(max-width: 244px) 100vw, 244px\" \/>06&#215;01: \u00d3scar Jaen and his career at Nestl\u00e9 following his Erasmus in Par\u00eds<\/strong><\/p>\n<p style=\"text-align: justify\">Today, Alumni UMH Global highlights \u00d3scar Ja\u00e9n, an inspiring UMH graduate of business administration and management, whose successful career at multinational company, Nestl\u00e9, underscores the impact of academic training and international exposure.<\/p>\n<p>&nbsp;<\/p>\n<p><a href=\"https:\/\/open.spotify.com\/episode\/5bpMAnNyr7gY6QMv92MDzn?si=-Ct0Hra8SOK3DrxbnAphrA&amp;nd=1&amp;dlsi=94108725bc9d49a5\" target=\"_blank\" rel=\"noopener\">Spotify link to listen to the program&nbsp;<\/a><\/p>\n<p><a href=\"https:\/\/radio.umh.es\/2025\/05\/23\/oscar-jaen-key-account-manager-en-nestle-en-alumni-umh-global-23-de-mayo-de-2025\/\" target=\"_blank\" rel=\"noopener\">Listen on Radio UMH<\/a><\/p>\n<p>&nbsp;<\/p>\n<hr>\n<p><strong><a href=\"https:\/\/internacional.umh.es\/files\/2025\/05\/Portada-Neus-Torres.png\"><img loading=\"lazy\" class=\" wp-image-39446 alignleft\" src=\"https:\/\/internacional.umh.es\/files\/2025\/05\/Portada-Neus-Torres-300x300.png\" alt=\"\" width=\"243\" height=\"243\" srcset=\"https:\/\/internacional.umh.es\/files\/2025\/05\/Portada-Neus-Torres-300x300.png 300w, https:\/\/internacional.umh.es\/files\/2025\/05\/Portada-Neus-Torres-1024x1024.png 1024w, https:\/\/internacional.umh.es\/files\/2025\/05\/Portada-Neus-Torres-150x150.png 150w, https:\/\/internacional.umh.es\/files\/2025\/05\/Portada-Neus-Torres-768x768.png 768w, https:\/\/internacional.umh.es\/files\/2025\/05\/Portada-Neus-Torres.png 1080w\" sizes=\"(max-width: 243px) 100vw, 243px\" \/><\/a>05&#215;01: Neus Torres and her fine arts Erasmus in Middlesbrough<br \/>\n<\/strong><\/p>\n<p style=\"text-align: justify\">Alumni UMH Global unveils a new chapter with Neus Torres, a UMH alumnus who has followed a unique path since enrolling in the fine arts program at the UMH.<\/p>\n<p>&nbsp;<\/p>\n<p><a href=\"https:\/\/open.spotify.com\/episode\/2oNRv3tuYx9BDzG0jNFBsO?si=a8d9b13e5f2440ec\" target=\"_blank\" rel=\"noopener\">Spotify link to listen to the program<\/a><\/p>\n<p><a href=\"https:\/\/radio.umh.es\/2025\/05\/16\/de-bellas-artes-a-la-la-cofundacion-de-la-empresa-phenotypica-con-neus-torres-en-alumni-umh-global-16-de-mayo-de-2025\/\" target=\"_blank\" rel=\"noopener\">Listen on Radio UMH<\/a><\/p>\n<p>&nbsp;<\/p>\n<hr>\n<p><strong><a href=\"https:\/\/internacional.umh.es\/files\/2025\/05\/Portada-Adrian-Mora-1.png\"><img loading=\"lazy\" class=\" wp-image-39406 alignleft\" src=\"https:\/\/internacional.umh.es\/files\/2025\/05\/Portada-Adrian-Mora-1-300x300.png\" alt=\"\" width=\"243\" height=\"243\" srcset=\"https:\/\/internacional.umh.es\/files\/2025\/05\/Portada-Adrian-Mora-1-300x300.png 300w, https:\/\/internacional.umh.es\/files\/2025\/05\/Portada-Adrian-Mora-1-1024x1024.png 1024w, https:\/\/internacional.umh.es\/files\/2025\/05\/Portada-Adrian-Mora-1-150x150.png 150w, https:\/\/internacional.umh.es\/files\/2025\/05\/Portada-Adrian-Mora-1-768x768.png 768w, https:\/\/internacional.umh.es\/files\/2025\/05\/Portada-Adrian-Mora-1.png 1080w\" sizes=\"(max-width: 243px) 100vw, 243px\" \/><\/a>04&#215;01: Adri\u00e1n Mora talks about his Erasmus stay in Stralsund (Germany)<br \/>\n<\/strong><\/p>\n<p style=\"text-align: justify\">Alumni UMH Global presents a new chapter with Adri\u00e1n Mora, a distinguished UMH alumnus who studied industrial engineering at the UMH, enabling the beginning of a brilliant professional career in aerospace.<\/p>\n<p>&nbsp;<\/p>\n<p><a href=\"https:\/\/open.spotify.com\/episode\/03j4swYg9NJz8XEMHg8Vn4\" target=\"_blank\" rel=\"noopener\">Spotify link to listen to the program<\/a><\/p>\n<p><a href=\"https:\/\/radio.umh.es\/2025\/05\/09\/de-ingenieria-industrial-a-la-estacion-espacial-internacional-con-adrian-mora-en-alumni-umh-global-9-de-mayo-de-2025\/\" target=\"_blank\" rel=\"noopener\">Listen on Radio UMH<\/a><\/p>\n<p>&nbsp;<\/p>\n<hr>\n<p><strong><a href=\"https:\/\/internacional.umh.es\/files\/2025\/05\/Portada-episodio-3.png\"><img loading=\"lazy\" class=\" wp-image-39343 alignleft\" src=\"https:\/\/internacional.umh.es\/files\/2025\/05\/Portada-episodio-3-300x300.png\" alt=\"\" width=\"241\" height=\"241\" srcset=\"https:\/\/internacional.umh.es\/files\/2025\/05\/Portada-episodio-3-300x300.png 300w, https:\/\/internacional.umh.es\/files\/2025\/05\/Portada-episodio-3-1024x1024.png 1024w, https:\/\/internacional.umh.es\/files\/2025\/05\/Portada-episodio-3-150x150.png 150w, https:\/\/internacional.umh.es\/files\/2025\/05\/Portada-episodio-3-768x768.png 768w, https:\/\/internacional.umh.es\/files\/2025\/05\/Portada-episodio-3.png 1080w\" sizes=\"(max-width: 241px) 100vw, 241px\" \/><\/a>03&#215;01: Sergio Ib\u00e1\u00f1ez discusses his Erasmus stays in Portugal and Francia<br \/>\n<\/strong><\/p>\n<p style=\"text-align: justify\">Alumni UMH Global brings us a new episode with Sergio Ib\u00e1\u00f1ez, a distinguished UMH alumnus who completed his studies in biotechnology at our university, and then furthered his education with a master&#8217;s degree of biotechnology and bioengineering and a bioengineering doctorate.<\/p>\n<p>&nbsp;<\/p>\n<p><a href=\"https:\/\/open.spotify.com\/episode\/3hRbEVJMkxSG2wfRZbbXHt?si=3I3RzxkQS1-atcScYjLYJw\" target=\"_blank\" rel=\"noopener\">Spotify link to listen to the program<\/a><\/p>\n<p>&nbsp;<\/p>\n<hr>\n<p><strong><a href=\"https:\/\/internacional.umh.es\/files\/2025\/05\/Portadas-Alumni-UMH-Global.png\"><img loading=\"lazy\" class=\" wp-image-39346 alignleft\" src=\"https:\/\/internacional.umh.es\/files\/2025\/05\/Portadas-Alumni-UMH-Global-300x300.png\" alt=\"\" width=\"241\" height=\"241\" srcset=\"https:\/\/internacional.umh.es\/files\/2025\/05\/Portadas-Alumni-UMH-Global-300x300.png 300w, https:\/\/internacional.umh.es\/files\/2025\/05\/Portadas-Alumni-UMH-Global-1024x1024.png 1024w, https:\/\/internacional.umh.es\/files\/2025\/05\/Portadas-Alumni-UMH-Global-150x150.png 150w, https:\/\/internacional.umh.es\/files\/2025\/05\/Portadas-Alumni-UMH-Global-768x768.png 768w, https:\/\/internacional.umh.es\/files\/2025\/05\/Portadas-Alumni-UMH-Global.png 1080w\" sizes=\"(max-width: 241px) 100vw, 241px\" \/><\/a>02&#215;01: Sandra Calvo and her time in Finland<br \/>\n<\/strong><\/p>\n<p style=\"text-align: justify\">For our second episode of Alumni UMH Global, we have the pleasure of talking with Sandra Calvo, a graduate who studied industrial engineering at the UMH, and this marked the start of a fantastic professional career that is unfolding far beyond Spain\u2019s borders.<\/p>\n<p>&nbsp;<\/p>\n<p><a href=\"https:\/\/open.spotify.com\/episode\/5z3giowt6RJ5x0Ioqod3l1?si=OKiXXFU2SrGnwojB1IGUbA\" target=\"_blank\" rel=\"noopener\">Spotify link to listen to the program<\/a><\/p>\n<p><a href=\"https:\/\/radio.umh.es\/2025\/04\/11\/ingenieria-industrial-con-sandra-calvo-en-alumni-umh-global-11-de-abril-de-2025\/\" target=\"_blank\" rel=\"noopener\">Listen on Radio UMH&nbsp;<\/a><\/p>\n<p>&nbsp;<\/p>\n<hr>\n<p style=\"text-align: justify\"><strong><a href=\"https:\/\/internacional.umh.es\/files\/2025\/05\/Portada-episodio-1.png\"><img loading=\"lazy\" class=\" wp-image-39349 alignleft\" src=\"https:\/\/internacional.umh.es\/files\/2025\/05\/Portada-episodio-1-300x300.png\" alt=\"\" width=\"241\" height=\"241\" srcset=\"https:\/\/internacional.umh.es\/files\/2025\/05\/Portada-episodio-1-300x300.png 300w, https:\/\/internacional.umh.es\/files\/2025\/05\/Portada-episodio-1-1024x1024.png 1024w, https:\/\/internacional.umh.es\/files\/2025\/05\/Portada-episodio-1-150x150.png 150w, https:\/\/internacional.umh.es\/files\/2025\/05\/Portada-episodio-1-768x768.png 768w, https:\/\/internacional.umh.es\/files\/2025\/05\/Portada-episodio-1.png 1080w\" sizes=\"(max-width: 241px) 100vw, 241px\" \/><\/a>01&#215;01: Eduardo Mart\u00ednez. Erasmus mobility in Bolonia (Italy) and work experiences in England, The Netherlands, Saudi Arabia, and Kuwait.<br \/>\n<\/strong><\/p>\n<p style=\"text-align: justify\">The first episode of Alumni UMH Global introduces you to Eduardo Mart\u00ednez, a UMH alumnus who began his academic journey with a diplomatura of labor relations. Discover how his arrival at Miguel Hern\u00e1ndez University in Elche in 2008 marked the beginning of a career with international experiences in various parts of the world. Currently, Eduardo has been working as a corporate human resources manager in the international development and technology department at Ribera Salud since 2018.<\/p>\n<p><a href=\"https:\/\/open.spotify.com\/episode\/27BDY08m8CkgzOIkdpVBD9?si=h5JiZWS3QySo488s-MUNGA\" target=\"_blank\" rel=\"noopener\">Spotify link to listen to the program<\/a><\/p>\n<p><a href=\"https:\/\/radio.umh.es\/2025\/04\/04\/relaciones-laborales-con-eduardo-martinez-en-alumni-umh-global-4-de-abril-de-2025\/\" target=\"_blank\" rel=\"noopener\">Listen on Radio UMH&nbsp;<\/a><\/p>","protected":false},"excerpt":{"rendered":"<p>Alumni UMH and the Service of International Relations and Cooperation have launched a podcast with alumni who talk about their Erasmus experiences and how they helped them get ahead professionally<\/p>\n<p>This program features UMH alumni with different backgrounds. These include Adr\u00edan Mora, who is the International Space Station\/Columbus flight director; Sandra Calvo, who is working at [&#8230;]<\/p>\n","protected":false},"author":28614,"featured_media":0,"parent":2482,"menu_order":2,"comment_status":"closed","ping_status":"closed","template":"","meta":{"ngg_post_thumbnail":0,"_links_to":"","_links_to_target":""},"yoast_head":"<!-- This site is optimized with the Yoast SEO plugin v17.5 - https:\/\/yoast.com\/wordpress\/plugins\/seo\/ -->\n<meta name=\"robots\" content=\"index, follow, max-snippet:-1, max-image-preview:large, max-video-preview:-1\" \/>\n<link rel=\"canonical\" href=\"https:\/\/internacional.umh.es\/en\/global-umh\/podcast-alumni-umh-global-un-mundo-de-oportunidades\/\" \/>\n<meta property=\"og:locale\" content=\"en_US\" \/>\n<meta property=\"og:type\" content=\"article\" \/>\n<meta property=\"og:title\" content=\"UMH Global Alumni Podcasts: A world of opportunities - International Relations and Cooperation\" \/>\n<meta property=\"og:description\" content=\"Alumni UMH and the Service of International Relations and Cooperation have launched a podcast with alumni who talk about their Erasmus experiences and how they helped them get ahead professionally This program features UMH alumni with different backgrounds. These include Adr\u00edan Mora, who is the International Space Station\/Columbus flight director; Sandra Calvo, who is working at [...]\" \/>\n<meta property=\"og:url\" content=\"https:\/\/internacional.umh.es\/en\/global-umh\/podcast-alumni-umh-global-un-mundo-de-oportunidades\/\" \/>\n<meta property=\"og:site_name\" content=\"International Relations and Cooperation\" \/>\n<meta property=\"article:modified_time\" content=\"2025-09-16T12:40:23+00:00\" \/>\n<meta property=\"og:image\" content=\"https:\/\/internacional.umh.es\/files\/2025\/03\/PODCAST-ALUMNI_2-300x300.png\" \/>\n<meta name=\"twitter:card\" content=\"summary_large_image\" \/>\n<meta name=\"twitter:label1\" content=\"Est. reading time\" \/>\n\t<meta name=\"twitter:data1\" content=\"3 minutes\" \/>\n<script type=\"application\/ld+json\" class=\"yoast-schema-graph\">{\"@context\":\"https:\/\/schema.org\",\"@graph\":[{\"@type\":\"WebSite\",\"@id\":\"https:\/\/internacional.umh.es\/en\/#website\",\"url\":\"https:\/\/internacional.umh.es\/en\/\",\"name\":\"International Relations and Cooperation\",\"description\":\"Miguel Hernandez University of Elche\",\"potentialAction\":[{\"@type\":\"SearchAction\",\"target\":{\"@type\":\"EntryPoint\",\"urlTemplate\":\"https:\/\/internacional.umh.es\/en\/?s={search_term_string}\"},\"query-input\":\"required name=search_term_string\"}],\"inLanguage\":\"en-US\"},{\"@type\":\"ImageObject\",\"@id\":\"https:\/\/internacional.umh.es\/en\/global-umh\/podcast-alumni-umh-global-un-mundo-de-oportunidades\/#primaryimage\",\"inLanguage\":\"en-US\",\"url\":\"https:\/\/internacional.umh.es\/files\/2025\/03\/PODCAST-ALUMNI_2.png\",\"contentUrl\":\"https:\/\/internacional.umh.es\/files\/2025\/03\/PODCAST-ALUMNI_2.png\",\"width\":1080,\"height\":1080},{\"@type\":\"WebPage\",\"@id\":\"https:\/\/internacional.umh.es\/en\/global-umh\/podcast-alumni-umh-global-un-mundo-de-oportunidades\/#webpage\",\"url\":\"https:\/\/internacional.umh.es\/en\/global-umh\/podcast-alumni-umh-global-un-mundo-de-oportunidades\/\",\"name\":\"UMH Global Alumni Podcasts: A world of opportunities - International Relations and Cooperation\",\"isPartOf\":{\"@id\":\"https:\/\/internacional.umh.es\/en\/#website\"},\"primaryImageOfPage\":{\"@id\":\"https:\/\/internacional.umh.es\/en\/global-umh\/podcast-alumni-umh-global-un-mundo-de-oportunidades\/#primaryimage\"},\"datePublished\":\"2025-05-02T11:59:02+00:00\",\"dateModified\":\"2025-09-16T12:40:23+00:00\",\"breadcrumb\":{\"@id\":\"https:\/\/internacional.umh.es\/en\/global-umh\/podcast-alumni-umh-global-un-mundo-de-oportunidades\/#breadcrumb\"},\"inLanguage\":\"en-US\",\"potentialAction\":[{\"@type\":\"ReadAction\",\"target\":[\"https:\/\/internacional.umh.es\/en\/global-umh\/podcast-alumni-umh-global-un-mundo-de-oportunidades\/\"]}]},{\"@type\":\"BreadcrumbList\",\"@id\":\"https:\/\/internacional.umh.es\/en\/global-umh\/podcast-alumni-umh-global-un-mundo-de-oportunidades\/#breadcrumb\",\"itemListElement\":[{\"@type\":\"ListItem\",\"position\":1,\"name\":\"Home\",\"item\":\"https:\/\/internacional.umh.es\/en\/\"},{\"@type\":\"ListItem\",\"position\":2,\"name\":\"Global UMH\",\"item\":\"https:\/\/internacional.umh.es\/en\/global-umh\/\"},{\"@type\":\"ListItem\",\"position\":3,\"name\":\"UMH Global Alumni Podcasts: A world of opportunities\"}]}]}<\/script>\n<!-- \/ Yoast SEO plugin. -->","yoast_head_json":{"robots":{"index":"index","follow":"follow","max-snippet":"max-snippet:-1","max-image-preview":"max-image-preview:large","max-video-preview":"max-video-preview:-1"},"canonical":"https:\/\/internacional.umh.es\/en\/global-umh\/podcast-alumni-umh-global-un-mundo-de-oportunidades\/","og_locale":"en_US","og_type":"article","og_title":"UMH Global Alumni Podcasts: A world of opportunities - International Relations and Cooperation","og_description":"Alumni UMH and the Service of International Relations and Cooperation have launched a podcast with alumni who talk about their Erasmus experiences and how they helped them get ahead professionally This program features UMH alumni with different backgrounds. These include Adr\u00edan Mora, who is the International Space Station\/Columbus flight director; Sandra Calvo, who is working at [...]","og_url":"https:\/\/internacional.umh.es\/en\/global-umh\/podcast-alumni-umh-global-un-mundo-de-oportunidades\/","og_site_name":"International Relations and Cooperation","article_modified_time":"2025-09-16T12:40:23+00:00","og_image":[{"url":"https:\/\/internacional.umh.es\/files\/2025\/03\/PODCAST-ALUMNI_2-300x300.png"}],"twitter_card":"summary_large_image","twitter_misc":{"Est. reading time":"3 minutes"},"schema":{"@context":"https:\/\/schema.org","@graph":[{"@type":"WebSite","@id":"https:\/\/internacional.umh.es\/en\/#website","url":"https:\/\/internacional.umh.es\/en\/","name":"International Relations and Cooperation","description":"Miguel Hernandez University of Elche","potentialAction":[{"@type":"SearchAction","target":{"@type":"EntryPoint","urlTemplate":"https:\/\/internacional.umh.es\/en\/?s={search_term_string}"},"query-input":"required name=search_term_string"}],"inLanguage":"en-US"},{"@type":"ImageObject","@id":"https:\/\/internacional.umh.es\/en\/global-umh\/podcast-alumni-umh-global-un-mundo-de-oportunidades\/#primaryimage","inLanguage":"en-US","url":"https:\/\/internacional.umh.es\/files\/2025\/03\/PODCAST-ALUMNI_2.png","contentUrl":"https:\/\/internacional.umh.es\/files\/2025\/03\/PODCAST-ALUMNI_2.png","width":1080,"height":1080},{"@type":"WebPage","@id":"https:\/\/internacional.umh.es\/en\/global-umh\/podcast-alumni-umh-global-un-mundo-de-oportunidades\/#webpage","url":"https:\/\/internacional.umh.es\/en\/global-umh\/podcast-alumni-umh-global-un-mundo-de-oportunidades\/","name":"UMH Global Alumni Podcasts: A world of opportunities - International Relations and Cooperation","isPartOf":{"@id":"https:\/\/internacional.umh.es\/en\/#website"},"primaryImageOfPage":{"@id":"https:\/\/internacional.umh.es\/en\/global-umh\/podcast-alumni-umh-global-un-mundo-de-oportunidades\/#primaryimage"},"datePublished":"2025-05-02T11:59:02+00:00","dateModified":"2025-09-16T12:40:23+00:00","breadcrumb":{"@id":"https:\/\/internacional.umh.es\/en\/global-umh\/podcast-alumni-umh-global-un-mundo-de-oportunidades\/#breadcrumb"},"inLanguage":"en-US","potentialAction":[{"@type":"ReadAction","target":["https:\/\/internacional.umh.es\/en\/global-umh\/podcast-alumni-umh-global-un-mundo-de-oportunidades\/"]}]},{"@type":"BreadcrumbList","@id":"https:\/\/internacional.umh.es\/en\/global-umh\/podcast-alumni-umh-global-un-mundo-de-oportunidades\/#breadcrumb","itemListElement":[{"@type":"ListItem","position":1,"name":"Home","item":"https:\/\/internacional.umh.es\/en\/"},{"@type":"ListItem","position":2,"name":"Global UMH","item":"https:\/\/internacional.umh.es\/en\/global-umh\/"},{"@type":"ListItem","position":3,"name":"UMH Global Alumni Podcasts: A world of opportunities"}]}]}},"_links":{"self":[{"href":"https:\/\/internacional.umh.es\/en\/wp-json\/wp\/v2\/pages\/39340"}],"collection":[{"href":"https:\/\/internacional.umh.es\/en\/wp-json\/wp\/v2\/pages"}],"about":[{"href":"https:\/\/internacional.umh.es\/en\/wp-json\/wp\/v2\/types\/page"}],"author":[{"embeddable":true,"href":"https:\/\/internacional.umh.es\/en\/wp-json\/wp\/v2\/users\/28614"}],"replies":[{"embeddable":true,"href":"https:\/\/internacional.umh.es\/en\/wp-json\/wp\/v2\/comments?post=39340"}],"version-history":[{"count":0,"href":"https:\/\/internacional.umh.es\/en\/wp-json\/wp\/v2\/pages\/39340\/revisions"}],"up":[{"embeddable":true,"href":"https:\/\/internacional.umh.es\/en\/wp-json\/wp\/v2\/pages\/2482"}],"wp:attachment":[{"href":"https:\/\/internacional.umh.es\/en\/wp-json\/wp\/v2\/media?parent=39340"}],"curies":[{"name":"wp","href":"https:\/\/api.w.org\/{rel}","templated":true}]}}