{"id":40909,"date":"2025-09-19T11:10:23","date_gmt":"2025-09-19T09:10:23","guid":{"rendered":"https:\/\/internacional.umh.es\/?page_id=40909"},"modified":"2025-11-20T12:40:04","modified_gmt":"2025-11-20T11:40:04","slug":"ix-universitat-de-la-tardor","status":"publish","type":"page","link":"https:\/\/internacional.umh.es\/en\/cooperacion-y-voluntariado\/formacion-en-voluntariado\/eventos\/ix-universitat-de-la-tardor\/","title":{"rendered":"University of the Fall IX"},"content":{"rendered":"<p><\/p>\n<h4><a href=\"https:\/\/internacional.umh.es\/files\/2025\/10\/cartel-para-redes.png\"><img loading=\"lazy\" class=\"aligncenter wp-image-40915 size-full\" src=\"https:\/\/internacional.umh.es\/files\/2025\/09\/Cabeceras-1.png\" alt=\"\" width=\"970\" height=\"250\" srcset=\"https:\/\/internacional.umh.es\/files\/2025\/09\/Cabeceras-1.png 970w, https:\/\/internacional.umh.es\/files\/2025\/09\/Cabeceras-1-300x77.png 300w, https:\/\/internacional.umh.es\/files\/2025\/09\/Cabeceras-1-768x198.png 768w\" sizes=\"(max-width: 970px) 100vw, 970px\" \/><\/a><\/h4>\n<h2 style=\"text-align: center\">University of the Fall IX<\/h2>\n<h4 style=\"text-align: center\"><span style=\"color: #d96c06\"><strong>Digital Bridges: Technologies, Cooperation and Global Transformation<\/strong><\/span><\/h4>\n<h3>&nbsp;<\/h3>\n<h3 style=\"text-align: justify\"><strong><span style=\"color: #d96c06\">What is the University of the Fall?<\/span><\/strong><\/h3>\n<p style=\"text-align: justify\">The University of the Fall is a conference on development cooperation organized by the five public universities within the Valencian Autonomous Community, in conjunction with the Generalitat Valenciana (GVA). This, its ninth edition, is going to run under the slogan of \u2018Digital Bridges: Technologies, Cooperation and Global Cooperation.\u2019<\/p>\n<p style=\"text-align: justify\">This conference is going to examine how<strong> automation and artificial intelligence<\/strong> are redefining the panorama for development, and are creating both opportunities and challenges in training and employment. We will also analyze the potential of new technologies as tools to drive progress in developing countries, as well as the specific applications in vital sectors, such as agriculture, health, and education.<\/p>\n<p style=\"text-align: justify\">Featuring conferences and roundtables, University of the Fall IX is attracting experts and professionals who are discussing how <strong>cooperation can and must facilitate access to technology<\/strong>, while also addressing ethical and governance implications that arise under this new scenario.<\/p>\n<h3><span style=\"color: #d96c06\"><strong>Program<\/strong><\/span><\/h3>\n<div id=\"accordions-41003\" class=\"accordions-41003 accordions\">\r\n                <div id=\"accordions-lazy-41003\" class=\"accordions-lazy\">\r\n                    <\/div>\r\n        <script>\r\n            jQuery(window).load(function(){\r\n                jQuery('#accordions-lazy-41003').fadeOut();\r\n                jQuery('#accordions-41003 .items').fadeIn();\r\n            });\r\n        <\/script><style type='text\/css'>\r\n        @media only screen and (min-width: 1024px ){\r\n            #accordions-41003 {\r\n                            width: 100%;\r\n                        }\r\n        }\r\n        @media only screen and ( min-width: 768px ) and ( max-width: 1023px ) {\r\n            #accordions-41003 {\r\n                            width: 100%;\r\n                        }\r\n        }\r\n        @media only screen and ( min-width: 0px ) and ( max-width: 767px ){\r\n            #accordions-41003 {\r\n                            width: 100%;\r\n                        }\r\n        }\r\n                    #accordions-41003 .items {display: none;}\r\n            #accordions-41003 .accordions-lazy {\r\n                text-align: center;\r\n                position: absolute;\r\n                top: 50%;\r\n                left: 50%;\r\n                transform: translate(-50%, -50%);\r\n            }\r\n            #accordions-41003 {\r\n                            text-align: left;\r\n                                        background:#ffffff url() repeat scroll 0 0;\r\n                                    position: relative;\r\n        }\r\n        #accordions-41003 .accordions-head{\r\n                    background:#d96c06 none repeat scroll 0 0;\r\n                                    outline: none;\r\n        }\r\n        #accordions-41003 .accordions-head-title{\r\n                            color:#ffffff;\r\n                            font-size:16px;\r\n                }\r\n        #accordions-41003 .accordions-head-title-toggle{\r\n                    color:#ffffff;\r\n                            font-size:16px;\r\n                }\r\n        #accordions-41003 .accordions-head:hover .accordions-head-title{\r\n                    color:#ffffff;\r\n                }\r\n        #accordions-41003 .ui-state-active{\r\n                    background: #d96c06;\r\n                    border: none;\r\n        }\r\n        #accordions-41003 .accordion-content{\r\n                            background:#ffffff none repeat scroll 0 0;\r\n                                                    border: none;\r\n        }\r\n        #accordions-41003 .accordion-icons{\r\n                        color:#ffffff;\r\n                                                                    }\r\n        #accordions-41003 .accordions-head:hover .accordion-icons span{\r\n                    }\r\n            <\/style>\r\n    <div class=\"items\">\r\n                        <div post_id=\"41003\" itemcount=\"0\" header_id=\"header-1758203477999\" id=\"header-1758203477999\" style=\"\" class=\"accordions-head head1758203477999 border-none\" toggle-text=\"\" main-text=\"Mi\u00e9rcoles 22 de octubre\">\r\n                                            <span id=\"accordion-icons-1758203477999\" class=\"accordion-icons\">\r\n                            <span class=\"accordion-icon-active accordion-plus\">\u2193<\/span>\r\n                            <span class=\"accordion-icon-inactive accordion-minus\"><i class=\"fas fa-chevron-right\"><\/i><\/span>\r\n                        <\/span>\r\n                        <span id=\"header-text-1758203477999\" class=\"accordions-head-title\">Mi\u00e9rcoles 22 de octubre<\/span>\r\n                                        <\/div>\r\n                <div class=\"accordion-content content1758203477999 \">\r\n                    <p style=\"text-align: justify\" data-start=\"53\" data-end=\"88\">\u2192 <strong data-start=\"55\" data-end=\"72\">10:00 - 10:30 <span style=\"color: #d96c06\">Acreditaciones<\/span><\/strong><\/p>\n<p style=\"text-align: justify\" data-start=\"90\" data-end=\"123\">\u2192 <strong data-start=\"92\" data-end=\"109\">10:30 - 11:00 <span style=\"color: #d96c06\">Inauguraci\u00f3n<\/span><\/strong><\/p>\n<ul style=\"text-align: justify\">\n<li data-start=\"90\" data-end=\"123\"><strong>Juan Jos\u00e9 Ruiz Mart\u00ednez :<\/strong> rector de la Universidad Miguel Hern\u00e1ndez<\/li>\n<li data-start=\"90\" data-end=\"123\"><strong>Pedro Carceller Icardo:<\/strong> director general de Cooperaci\u00f3n de la Generalitat Valenciana<\/li>\n<li data-start=\"90\" data-end=\"123\"><strong>Pilar Serra A\u00f1\u00f3: <\/strong>vicerrectora de Sostenibilidad, Cooperaci\u00f3n y Vida Saludable de la Universitat de Val\u00e8ncia<\/li>\n<li data-start=\"90\" data-end=\"123\"><strong>Jos\u00e9 Francisco Monserrat:\u00a0<\/strong>vicerrector de Internacionalizaci\u00f3n y Comunicaci\u00f3n de la Universitat Polit\u00e8cnica de Val\u00e8ncia<\/li>\n<li><strong>Rosa Mar\u00eda Mart\u00ednez:<\/strong> vicerrectora de Relaciones Internacionales y Cooperaci\u00f3n para el Desarrollo de la Universidad de Alicante<\/li>\n<li data-start=\"90\" data-end=\"123\"><strong>Maria Chiara Marullo:<\/strong> directora del Proyecto de Modelo y Plan de Cooperaci\u00f3n al Desarrollo de la Universitat Jaume I<\/li>\n<\/ul>\n<p style=\"text-align: justify\" data-start=\"125\" data-end=\"255\">\u2192 <strong data-start=\"127\" data-end=\"144\">11:00 - 12:00 <span style=\"color: #d96c06\">Conferencia: <em data-start=\"158\" data-end=\"253\">Impacto de la automatizaci\u00f3n y la inteligencia artificial y la cooperaci\u00f3n al desarrollo<\/em><\/span><\/strong><\/p>\n<p style=\"text-align: justify\" data-start=\"41\" data-end=\"291\">An\u00e1lisis, tanto de los desaf\u00edos como de las oportunidades que estas tecnolog\u00edas emergentes presentan para los pa\u00edses en desarrollo, y de c\u00f3mo la cooperaci\u00f3n puede adaptarse y aprovecharlas para lograr un desarrollo m\u00e1s inclusivo y sostenible.<\/p>\n<ul style=\"text-align: justify\">\n<li data-start=\"41\" data-end=\"291\"><strong>Agapito Ledezma: <\/strong>experiencia en m\u00e1s de 30<span class=\"a_GcMg font-feature-liga-off font-feature-clig-off font-feature-calt-off text-decoration-none text-strikethrough-none\">\u00a0proyectos de cooperaci\u00f3n internacional en TIC y energ\u00eda sostenible<\/span><\/li>\n<\/ul>\n<p style=\"text-align: justify\" data-start=\"510\" data-end=\"536\">\u2192 <strong data-start=\"512\" data-end=\"529\">12:00 - 12:30 <span style=\"color: #d96c06\">Caf\u00e9<\/span><\/strong><\/p>\n<p style=\"text-align: justify\" data-start=\"538\" data-end=\"607\">\u2192 <strong data-start=\"540\" data-end=\"557\">12:30 - 14:00<\/strong> <span style=\"color: #d96c06\"><strong data-start=\"558\" data-end=\"605\">Mesa 1: Cooperaci\u00f3n y tecnolog\u00edas emergentes<\/strong><\/span><\/p>\n<p style=\"text-align: justify\" data-start=\"609\" data-end=\"843\">C\u00f3mo las tecnolog\u00edas emergentes est\u00e1n siendo aplicadas en diversos sectores clave para impulsar el desarrollo en pa\u00edses en desarrollo, analizando tanto sus beneficios como los desaf\u00edos \u00e9ticos y de gobernanza que conllevan.<\/p>\n<ul style=\"text-align: justify\">\n<li data-start=\"609\" data-end=\"843\"><strong>Javier Gimeno Blanes (Moderador):<\/strong> director de la C\u00e1tedra Sede UMH en Ruanda<\/li>\n<li data-start=\"609\" data-end=\"843\"><strong>Carlos Capataz Gordillo:<\/strong> <span class=\"a_GcMg font-feature-liga-off font-feature-clig-off font-feature-calt-off text-decoration-none text-strikethrough-none\">40 a\u00f1os en Cruz Roja Espa\u00f1ola: servicios sociales y voluntariado<\/span><\/li>\n<li data-start=\"609\" data-end=\"843\"><b>Andr\u00e9s Mart\u00ednez Fern\u00e1ndez: <\/b>p<span class=\"a_GcMg font-feature-liga-off font-feature-clig-off font-feature-calt-off text-decoration-none text-strikethrough-none\">atrono y exdirector de la Fundaci\u00f3n EHAS, dedicada a cooperaci\u00f3n tecnol\u00f3gica<\/span><\/li>\n<li data-start=\"609\" data-end=\"843\"><strong>Lis Gaibar Garc\u00eda:<\/strong> coordinadora del Programa de Voluntariado de Cooperaci\u00f3n Internacional al Desarrollo de la UMH en Ruanda<\/li>\n<\/ul>\n<p style=\"text-align: justify\" data-start=\"845\" data-end=\"872\">\u2192 <strong data-start=\"847\" data-end=\"864\">14:00 - 15:30<\/strong> <span style=\"color: #d96c06\"><strong>Comida<\/strong><\/span><\/p>\n<p style=\"text-align: justify\" data-start=\"874\" data-end=\"903\">\u2192 <strong data-start=\"876\" data-end=\"893\">15:30 - 18:30<\/strong> <span style=\"color: #d96c06\"><strong>Talleres<\/strong><\/span><\/p>\n<ul style=\"text-align: justify\">\n<li data-start=\"905\" data-end=\"1250\"><strong>Taller 1:<span style=\"color: #d96c06\"><em data-start=\"919\" data-end=\"1056\">\u201cCompartiendo inquietudes de Cooperaci\u00f3n al Desarrollo entre las ONGDs y las Universidades. Asentando las bases para futuras alianzas\u201d.<\/em><\/span><\/strong> Taller realizado en colaboraci\u00f3n con la Coordinadora Valenciana d\u2019ONGD.<\/li>\n<li data-start=\"905\" data-end=\"1250\"><strong data-start=\"1132\" data-end=\"1145\">Taller 2:<\/strong> <em data-start=\"1146\" data-end=\"1198\"><span style=\"color: #d96c06\"><strong>\u201cMigraci\u00f3n y Tecnolog\u00eda: Derechos Humanos en Movimiento\u201d<\/strong><\/span>.<\/em> Taller impartido por la Red Sanitaria Solidaria.<\/li>\n<\/ul>\n<p style=\"text-align: justify\" data-start=\"1252\" data-end=\"1281\">\u2192 <strong data-start=\"1254\" data-end=\"1263\">19:00<\/strong> Visita cultural<\/p>\n                <\/div>\r\n                                <div post_id=\"41003\" itemcount=\"1\" header_id=\"header-1758226589073\" id=\"header-1758226589073\" style=\"\" class=\"accordions-head head1758226589073 border-none\" toggle-text=\"\" main-text=\"Jueves 23 de octubre\">\r\n                                            <span id=\"accordion-icons-1758226589073\" class=\"accordion-icons\">\r\n                            <span class=\"accordion-icon-active accordion-plus\">\u2193<\/span>\r\n                            <span class=\"accordion-icon-inactive accordion-minus\"><i class=\"fas fa-chevron-right\"><\/i><\/span>\r\n                        <\/span>\r\n                        <span id=\"header-text-1758226589073\" class=\"accordions-head-title\">Jueves 23 de octubre<\/span>\r\n                                        <\/div>\r\n                <div class=\"accordion-content content1758226589073 \">\r\n                    <p style=\"text-align: justify\"><strong>\u2192 9:30 - 11:00 <b><\/b><\/strong><span style=\"color: #d96c06\"><b>MESA 2: Desaf\u00edos y oportunidades digitales para la econom\u00eda circular en la cooperaci\u00f3n al desarrollo<\/b><\/span><\/p>\n<p style=\"text-align: justify\"><span style=\"font-weight: 400\">C\u00f3mo las tecnolog\u00edas digitales pueden potenciar los principios de la econom\u00eda circular, generando nuevas oportunidades de desarrollo sostenible y abordando las desigualdades en pa\u00edses en desarrollo.<\/span><\/p>\n<ul style=\"text-align: justify\">\n<li><strong>Laura Mart\u00ednez-Carrasco Mart\u00ednez (Moderadora):<\/strong> cooperaci\u00f3n agroalimentaria y desarrollo rural sostenible en Uganda<\/li>\n<li><strong>Luis Moreno Izquierdo: <\/strong>especialista en transformaci\u00f3n digital y econom\u00eda del turismo<\/li>\n<li><strong>Ruth Carrasco Gallego: <\/strong>especialista en modelos de econom\u00eda circular y ODS<\/li>\n<li><strong>Gabriela Ribes Giner:<\/strong> <span class=\"a_GcMg font-feature-liga-off font-feature-clig-off font-feature-calt-off text-decoration-none text-strikethrough-none\">Catedr\u00e1tica en Organizaci\u00f3n de Empresas en la UPV<\/span><\/li>\n<\/ul>\n<p style=\"text-align: justify\"><strong>\u2192 11:00 - 11:30 <span style=\"color: #d96c06\">Caf\u00e9<\/span><\/strong><\/p>\n<p style=\"text-align: justify\"><strong>\u2192 11:30 - 13:00 <span style=\"color: #d96c06\">MESA 3: El papel de la cooperaci\u00f3n internacional al desarrollo en la promoci\u00f3n de un trabajo digno y sostenible en la era digital<\/span><\/strong><\/p>\n<p style=\"text-align: justify\"><span style=\"font-weight: 400\">Esta mesa se centrar\u00e1 en c\u00f3mo la cooperaci\u00f3n internacional al desarrollo, en conjunto con las nuevas tecnolog\u00edas, puede promover un trabajo digno y sostenible, facilitando la adquisici\u00f3n de nuevas competencias y la creaci\u00f3n de oportunidades laborales<\/span><\/p>\n<ul style=\"text-align: justify\">\n<li><strong>Mar\u00eda Trelis Villanueva (Moderadora): <\/strong>in<span class=\"a_GcMg font-feature-liga-off font-feature-clig-off font-feature-calt-off text-decoration-none text-strikethrough-none\">vestigadora en parasitolog\u00eda y salud global<\/span><\/li>\n<li><strong>Lola Garz\u00f3n Ben\u00edtez: <\/strong><span class=\"a_GcMg font-feature-liga-off font-feature-clig-off font-feature-calt-off text-decoration-none text-strikethrough-none\">l\u00edder de proyectos europeos de emprendimiento clim\u00e1tico<\/span><\/li>\n<li><strong>Silvia Rueda Pascual: <\/strong><span class=\"a_GcMg font-feature-liga-off font-feature-clig-off font-feature-calt-off text-decoration-none text-strikethrough-none\">L\u00edder en igualdad: Girls4STEM, brecha digital y g\u00e9nero<\/span><\/li>\n<\/ul>\n<p style=\"text-align: justify\"><strong>\u2192 13:00 - 13:30<\/strong> <span style=\"color: #d96c06\"><strong>Clausura del evento<\/strong><\/span><\/p>\n<ul>\n<li><strong>Juana Aznar M\u00e1rquez: <\/strong>directora del \u00e1rea de Cooperaci\u00f3n al Desarrollo y Voluntariado de la UMH<\/li>\n<\/ul>\n                <\/div>\r\n                    <\/div>\r\n    <script>\r\n        jQuery(document).ready(function($){accordions_active_index_41003 = [];        })\r\n    <\/script>    <script>\r\n        jQuery(document).ready(function($){\r\n            accordion_41003  = $(\"#accordions-41003 .items\").accordion({\r\n                event: \"click\",\r\n                collapsible:true,\r\n                heightStyle: \"content\",\r\n                animate: (\"swing\", 1000),\r\n                navigation: true,\r\n                active: 999,\r\n                            });\r\n        })\r\n    <\/script>\r\n                <\/div>\n<h3>&nbsp;<\/h3>\n<h3><strong><span style=\"color: #d96c06\">Registration<\/span><\/strong><\/h3>\n<div id=\"accordions-41014\" class=\"accordions-41014 accordions\">\r\n                <div id=\"accordions-lazy-41014\" class=\"accordions-lazy\">\r\n                    <\/div>\r\n        <script>\r\n            jQuery(window).load(function(){\r\n                jQuery('#accordions-lazy-41014').fadeOut();\r\n                jQuery('#accordions-41014 .items').fadeIn();\r\n            });\r\n        <\/script><style type='text\/css'>\r\n        @media only screen and (min-width: 1024px ){\r\n            #accordions-41014 {\r\n                            width: 100%;\r\n                        }\r\n        }\r\n        @media only screen and ( min-width: 768px ) and ( max-width: 1023px ) {\r\n            #accordions-41014 {\r\n                            width: 100%;\r\n                        }\r\n        }\r\n        @media only screen and ( min-width: 0px ) and ( max-width: 767px ){\r\n            #accordions-41014 {\r\n                            width: 100%;\r\n                        }\r\n        }\r\n                    #accordions-41014 .items {display: none;}\r\n            #accordions-41014 .accordions-lazy {\r\n                text-align: center;\r\n                position: absolute;\r\n                top: 50%;\r\n                left: 50%;\r\n                transform: translate(-50%, -50%);\r\n            }\r\n            #accordions-41014 {\r\n                            text-align: left;\r\n                                        background:#ffffff url() repeat scroll 0 0;\r\n                                    position: relative;\r\n        }\r\n        #accordions-41014 .accordions-head{\r\n                    background:#d96c06 none repeat scroll 0 0;\r\n                                    outline: none;\r\n        }\r\n        #accordions-41014 .accordions-head-title{\r\n                            color:#ffffff;\r\n                            font-size:16px;\r\n                }\r\n        #accordions-41014 .accordions-head-title-toggle{\r\n                    color:#ffffff;\r\n                            font-size:16px;\r\n                }\r\n        #accordions-41014 .accordions-head:hover .accordions-head-title{\r\n                    color:#ffffff;\r\n                }\r\n        #accordions-41014 .ui-state-active{\r\n                    background: #d96c06;\r\n                    border: none;\r\n        }\r\n        #accordions-41014 .accordion-content{\r\n                            background:#ffffff none repeat scroll 0 0;\r\n                                                    border: none;\r\n        }\r\n        #accordions-41014 .accordion-icons{\r\n                        color:#ffffff;\r\n                                                                    }\r\n        #accordions-41014 .accordions-head:hover .accordion-icons span{\r\n                    }\r\n            <\/style>\r\n    <div class=\"items\">\r\n                        <div post_id=\"41014\" itemcount=\"0\" header_id=\"header-1758230653706\" id=\"header-1758230653706\" style=\"\" class=\"accordions-head head1758230653706 border-none\" toggle-text=\"\" main-text=\"Todo lo que necesitas saber\">\r\n                                            <span id=\"accordion-icons-1758230653706\" class=\"accordion-icons\">\r\n                            <span class=\"accordion-icon-active accordion-plus\">\u2193<\/span>\r\n                            <span class=\"accordion-icon-inactive accordion-minus\"><i class=\"fas fa-chevron-right\"><\/i><\/span>\r\n                        <\/span>\r\n                        <span id=\"header-text-1758230653706\" class=\"accordions-head-title\">Todo lo que necesitas saber<\/span>\r\n                                        <\/div>\r\n                <div class=\"accordion-content content1758230653706 \">\r\n                    <p><span style=\"font-weight: 400\"><span style=\"color: #d96c06\"><strong>1.-\u00a0<\/strong><span style=\"color: #000000\">El precio de inscripci\u00f3n a las jornadas ser\u00e1 de <strong>20 euros<\/strong> para la <b><span style=\"color: #d96c06\">Comunidad universitaria de cualquiera de las cinco universidades p\u00fablicas valencianas (Estudiantes, PDI, PTGAS y Alumni)<\/span>; 20 euros <span style=\"color: #d96c06\">para personal de ONGDS<\/span>; y 25 euros <\/b>para <b><span style=\"color: #d96c06\">p\u00fablico en general<\/span>. <\/b>Dicha cuant\u00eda incluye las comidas, caf\u00e9s y asistencia a todas las actividades de las jornadas de las personas asistentes<\/span><\/span><\/span><\/p>\n<p><span style=\"font-weight: 400\"><span style=\"color: #d96c06\"><strong>2.-<\/strong><\/span>Una vez cumplimentes los datos en el enlace de inscripci\u00f3n a la jornada tendr\u00e1s la opci\u00f3n de hacer el <strong>pago de forma inmediata<\/strong> o dar al bot\u00f3n <\/span><span style=\"font-weight: 400\">de <strong>imprimir que tambi\u00e9n permite guardar el recibo en formato pdf<\/strong><\/span><span style=\"font-weight: 400\">. para hacer el pago en otro momento. Tanto si eliges una opci\u00f3n como la otra, recibir\u00e1s un correo electr\u00f3nico con el resguardo de tu inscripci\u00f3n pudiendo volver a entrar a la misma en cualquier momento.<\/span><\/p>\n<p><span style=\"font-weight: 400\"><strong><span style=\"color: #d96c06\">3.-<\/span><\/strong>Si perteneces a la comunidad universitaria de la UA, UJI, UPV o UV, antes de efectuar el pago de tu recibo, <strong>deber\u00e1s contactar con tu universidad donde te explicar\u00e1n c\u00f3mo formalizar tu inscripci\u00f3n<\/strong> (ver datos de contacto).<\/span><\/p>\n<p><span style=\"font-weight: 400\"><strong><span style=\"color: #d96c06\">4.-<\/span><\/strong>Dentro de las Jornadas se ha previsto la realizaci\u00f3n de dos talleres de forma simult\u00e1nea el d\u00eda 22\/09\/2025 en el intervalo de 15:30 a 18:30 horas, y a los efectos de una mejor organizaci\u00f3n necesitamos que, si vas a asistir, <strong>cumplimentes su correspondiente formulario de inscripci\u00f3n<\/strong>. A estos talleres, si son de tu inter\u00e9s, te puedes inscribir de forma independiente y gratuita con respecto al resto de las jornadas, pudiendo obtener un certificado espec\u00edfico de <\/span><span style=\"font-weight: 400\">asistencia<\/span><span style=\"font-weight: 400\"> a los mismos:<\/span><\/p>\n<ul>\n<li><b><span style=\"color: #d96c06\">TALLER 1:<\/span> \u201cCompartiendo inquietudes de Cooperaci\u00f3n al Desarrollo entre las ONGDs y las Universidades. Sentando las bases para futuras alianzas\u201d. Taller realizado en colaboraci\u00f3n con la CVONGDs.<\/b><\/li>\n<\/ul>\n<p><span style=\"font-weight: 400\">Este taller ser\u00e1 en formato h\u00edbrido (presencial y on-line).<\/span><\/p>\n<ul>\n<li><b><span style=\"color: #d96c06\">TALLER 2:<\/span> \u201cMigraci\u00f3n y Tecnolog\u00eda: Derechos Humanos en Movimiento\u201d. Taller impartido por la Red Sanitaria Solidaria.<\/b><\/li>\n<\/ul>\n<p><span style=\"font-weight: 400\">Este taller ser\u00e1 en modalidad presencial en el edificio Valona del Campus de Elche de la UMH.\u00a0 <span style=\"color: #ff0000\"><em><strong>IMPORTANTE<\/strong>: Este taller ser\u00e1 en modalidad presencial en el edificio Valona del Campus de Elche de la UMH y su asistencia al mismo vendr\u00e1 condicionada por el aforo del aula teniendo preferencia aquellas personas inscritas a las jornadas completas.<\/em><\/span><\/span><\/p>\n<hr \/>\n<h4><strong><span style=\"color: #000000\">Enlaces de inscripci\u00f3n\u00a0<\/span><\/strong><\/h4>\n<ul>\n<li><strong>Jornadas: <span style=\"color: #000000\"><span style=\"color: #d96c06\"><a style=\"color: #d96c06\" href=\"http:\/\/universite.umh.es\/fpogestion\/aspx\/Preinscripcion\/Preinscripcion.aspx\" target=\"_blank\" rel=\"noopener\">http:\/\/universite.umh.es\/fpogestion\/aspx\/Preinscripcion\/Preinscripcion.aspx<\/a><\/span><\/span><\/strong><\/li>\n<\/ul>\n<p><span style=\"color: #000000\">En <strong>\"Tipo de ense\u00f1anza\"<\/strong> se selecciona <strong>\"COOPERACI\u00d3N AL DESARROLLO Y VOLUNTARIADO\"<\/strong> y en <strong>\"Ense\u00f1anza\"<\/strong> IX UNIVERSIDAD DE OTO\u00d1O. PUENTES DIGITALES: TECONOLOG\u00cdAS, COOPERACI\u00d3N Y TRANSFORMACI\u00d3N GLOBAL<\/span><\/p>\n<p><strong>Recuerda que el plazo de inscripci\u00f3n termina el pr\u00f3ximo 12 de octubre<\/strong><\/p>\n<ul>\n<li style=\"list-style-type: none\">\n<ul>\n<li><a href=\"https:\/\/forms.gle\/XHA9Zf5T6o3aR3Ms8\" target=\"_blank\" rel=\"noopener\"><strong><span style=\"color: #d96c06\">Taller 1: Formulario de inscripci\u00f3n\u00a0<\/span><\/strong><\/a><\/li>\n<li><a href=\"https:\/\/forms.gle\/6RzK84W1joeXtJeU9\" target=\"_blank\" rel=\"noopener\"><span style=\"color: #d96c06\"><strong>Taller 2: Formulario de inscripci\u00f3n\u00a0<\/strong><\/span><\/a><\/li>\n<\/ul>\n<\/li>\n<\/ul>\n                <\/div>\r\n                    <\/div>\r\n    <script>\r\n        jQuery(document).ready(function($){accordions_active_index_41014 = [];        })\r\n    <\/script>    <script>\r\n        jQuery(document).ready(function($){\r\n            accordion_41014  = $(\"#accordions-41014 .items\").accordion({\r\n                event: \"click\",\r\n                collapsible:true,\r\n                heightStyle: \"content\",\r\n                animate: (\"swing\", 1000),\r\n                navigation: true,\r\n                active: 999,\r\n                            });\r\n        })\r\n    <\/script>\r\n                <\/div>\n<p>&nbsp;<\/p>\n<h3><strong><span style=\"color: #d96c06\">Speakers<\/span><\/strong><\/h3>\n<table style=\"margin: 0 auto;border-collapse: collapse;width: 100%;text-align: center\">\n<tbody>\n<tr>\n<td style=\"border: 2px solid #d96c06;padding: 8px;width: 20%\"><span style=\"color: #d96c06\"><b>Javier Gimeno Blanes<\/b><\/span><\/td>\n<td style=\"border: 2px solid #d96c06;padding: 8px;width: 20%\"><span style=\"color: #d96c06\"><b>Carlos Capataz Gordillo<\/b><\/span><\/td>\n<td style=\"border: 2px solid #d96c06;padding: 8px;width: 20%\"><span style=\"color: #d96c06\"><b>Andr\u00e9s Mart\u00ednez Fern\u00e1ndez<\/b><\/span><\/td>\n<\/tr>\n<tr>\n<td style=\"border: 2px solid #d96c06;padding: 8px;text-align: center\"><strong>Roundtable 1. Cooperation and Emerging Technologies<\/strong><\/td>\n<td style=\"border: 2px solid #d96c06;padding: 8px;text-align: center\"><strong>Roundtable 1. Cooperation and Emerging Technologies<\/strong><\/td>\n<td style=\"border: 2px solid #d96c06;padding: 8px;text-align: center\"><strong>Roundtable 1. Cooperation and Emerging Technologies<\/strong><\/td>\n<\/tr>\n<tr>\n<td style=\"border: 2px solid #d96c06;padding: 8px;line-height: 0\"><a href=\"https:\/\/internacional.umh.es\/files\/2025\/10\/Ponentes-8.png\"><img loading=\"lazy\" class=\"aligncenter wp-image-41338 size-large\" src=\"https:\/\/internacional.umh.es\/files\/2025\/10\/Ponentes-8-724x1024.png\" alt=\"\" width=\"724\" height=\"1024\" srcset=\"https:\/\/internacional.umh.es\/files\/2025\/10\/Ponentes-8-724x1024.png 724w, https:\/\/internacional.umh.es\/files\/2025\/10\/Ponentes-8-212x300.png 212w, https:\/\/internacional.umh.es\/files\/2025\/10\/Ponentes-8-768x1086.png 768w, https:\/\/internacional.umh.es\/files\/2025\/10\/Ponentes-8-1086x1536.png 1086w, https:\/\/internacional.umh.es\/files\/2025\/10\/Ponentes-8.png 1414w\" sizes=\"(max-width: 724px) 100vw, 724px\" \/><\/a><\/td>\n<td style=\"border: 2px solid #d96c06;padding: 8px;line-height: 0\"><a href=\"https:\/\/internacional.umh.es\/files\/2025\/10\/Ponentes-7.png\"><img loading=\"lazy\" class=\"aligncenter wp-image-41341 size-large\" src=\"https:\/\/internacional.umh.es\/files\/2025\/10\/Ponentes-7-724x1024.png\" alt=\"\" width=\"724\" height=\"1024\" srcset=\"https:\/\/internacional.umh.es\/files\/2025\/10\/Ponentes-7-724x1024.png 724w, https:\/\/internacional.umh.es\/files\/2025\/10\/Ponentes-7-212x300.png 212w, https:\/\/internacional.umh.es\/files\/2025\/10\/Ponentes-7-768x1086.png 768w, https:\/\/internacional.umh.es\/files\/2025\/10\/Ponentes-7-1086x1536.png 1086w, https:\/\/internacional.umh.es\/files\/2025\/10\/Ponentes-7.png 1414w\" sizes=\"(max-width: 724px) 100vw, 724px\" \/><\/a><\/td>\n<td style=\"border: 2px solid #d96c06;padding: 8px;line-height: 0\"><a href=\"https:\/\/internacional.umh.es\/files\/2025\/10\/Ponentes-6.png\"><img loading=\"lazy\" class=\"aligncenter wp-image-41344 size-large\" src=\"https:\/\/internacional.umh.es\/files\/2025\/10\/Ponentes-6-724x1024.png\" alt=\"\" width=\"724\" height=\"1024\" srcset=\"https:\/\/internacional.umh.es\/files\/2025\/10\/Ponentes-6-724x1024.png 724w, https:\/\/internacional.umh.es\/files\/2025\/10\/Ponentes-6-212x300.png 212w, https:\/\/internacional.umh.es\/files\/2025\/10\/Ponentes-6-768x1086.png 768w, https:\/\/internacional.umh.es\/files\/2025\/10\/Ponentes-6-1086x1536.png 1086w, https:\/\/internacional.umh.es\/files\/2025\/10\/Ponentes-6.png 1414w\" sizes=\"(max-width: 724px) 100vw, 724px\" \/><\/a><\/td>\n<\/tr>\n<\/tbody>\n<\/table>\n<p>&nbsp;<\/p>\n<table style=\"margin: 0 auto;border-collapse: collapse;width: 100%;text-align: center\">\n<tbody>\n<tr>\n<td style=\"border: 2px solid #d96c06;padding: 8px;width: 20%\"><span style=\"color: #d96c06\"><b>Laura Mart\u00ednez-Carrasco Mart\u00ednez<\/b><\/span><\/td>\n<td style=\"border: 2px solid #d96c06;padding: 8px;width: 20%\"><span style=\"color: #d96c06\"><b>Ruth Carrasco Gallego<\/b><\/span><\/td>\n<td style=\"border: 2px solid #d96c06;padding: 8px;width: 20%\"><span style=\"color: #d96c06\"><b>Gabriela Ribes Giner<\/b><\/span><\/td>\n<td style=\"border: 2px solid #d96c06;padding: 8px;width: 20%\"><span style=\"color: #d96c06\"><b>Luis Moreno Izquierdo<\/b><\/span><\/td>\n<\/tr>\n<tr>\n<td style=\"border: 2px solid #d96c06;padding: 8px;text-align: center\"><strong>Roundtable 2. Digital Challenges and Opportunities for the Circular Economy in Development Cooperation&nbsp;<\/strong><\/td>\n<td style=\"border: 2px solid #d96c06;padding: 8px;text-align: center\"><strong>Roundtable 2. Digital Challenges and Opportunities for the Circular Economy in Development Cooperation<\/strong><\/td>\n<td style=\"border: 2px solid #d96c06;padding: 8px;text-align: center\"><strong>Roundtable 2. Digital Challenges and Opportunities for the Circular Economy in Development Cooperation<\/strong><\/td>\n<td style=\"border: 2px solid #d96c06;padding: 8px;text-align: center\"><strong>Roundtable 2. Digital Challenges and Opportunities for the Circular Economy in Development Cooperation<\/strong><\/td>\n<\/tr>\n<tr>\n<td style=\"border: 2px solid #d96c06;padding: 8px;line-height: 0\"><a href=\"https:\/\/internacional.umh.es\/files\/2025\/10\/Ponentes-18.png\"><img loading=\"lazy\" class=\"aligncenter wp-image-41402 size-large\" src=\"https:\/\/internacional.umh.es\/files\/2025\/10\/Ponentes-18-724x1024.png\" alt=\"\" width=\"724\" height=\"1024\" srcset=\"https:\/\/internacional.umh.es\/files\/2025\/10\/Ponentes-18-724x1024.png 724w, https:\/\/internacional.umh.es\/files\/2025\/10\/Ponentes-18-212x300.png 212w, https:\/\/internacional.umh.es\/files\/2025\/10\/Ponentes-18-768x1086.png 768w, https:\/\/internacional.umh.es\/files\/2025\/10\/Ponentes-18-1086x1536.png 1086w, https:\/\/internacional.umh.es\/files\/2025\/10\/Ponentes-18.png 1414w\" sizes=\"(max-width: 724px) 100vw, 724px\" \/><\/a><\/td>\n<td style=\"border: 2px solid #d96c06;padding: 8px;line-height: 0\"><a href=\"https:\/\/internacional.umh.es\/files\/2025\/09\/Ponentes-10.png\"><img loading=\"lazy\" class=\"aligncenter size-large wp-image-41240\" src=\"https:\/\/internacional.umh.es\/files\/2025\/09\/Ponentes-10-724x1024.png\" alt=\"\" width=\"724\" height=\"1024\" srcset=\"https:\/\/internacional.umh.es\/files\/2025\/09\/Ponentes-10-724x1024.png 724w, https:\/\/internacional.umh.es\/files\/2025\/09\/Ponentes-10-212x300.png 212w, https:\/\/internacional.umh.es\/files\/2025\/09\/Ponentes-10-768x1086.png 768w, https:\/\/internacional.umh.es\/files\/2025\/09\/Ponentes-10-1086x1536.png 1086w, https:\/\/internacional.umh.es\/files\/2025\/09\/Ponentes-10.png 1414w\" sizes=\"(max-width: 724px) 100vw, 724px\" \/><\/a><\/td>\n<td style=\"border: 2px solid #d96c06;padding: 8px;line-height: 0\"><a href=\"https:\/\/internacional.umh.es\/files\/2025\/10\/Ponentes-2.png\"><img loading=\"lazy\" class=\"aligncenter size-large wp-image-41326\" src=\"https:\/\/internacional.umh.es\/files\/2025\/10\/Ponentes-2-724x1024.png\" alt=\"\" width=\"724\" height=\"1024\" srcset=\"https:\/\/internacional.umh.es\/files\/2025\/10\/Ponentes-2-724x1024.png 724w, https:\/\/internacional.umh.es\/files\/2025\/10\/Ponentes-2-212x300.png 212w, https:\/\/internacional.umh.es\/files\/2025\/10\/Ponentes-2-768x1086.png 768w, https:\/\/internacional.umh.es\/files\/2025\/10\/Ponentes-2-1086x1536.png 1086w, https:\/\/internacional.umh.es\/files\/2025\/10\/Ponentes-2.png 1414w\" sizes=\"(max-width: 724px) 100vw, 724px\" \/><\/a><\/td>\n<td style=\"border: 2px solid #d96c06;padding: 8px;line-height: 0\"><a href=\"https:\/\/internacional.umh.es\/files\/2025\/10\/Ponentes-17-1.png\"><img loading=\"lazy\" class=\"aligncenter wp-image-41372 size-large\" src=\"https:\/\/internacional.umh.es\/files\/2025\/10\/Ponentes-17-1-724x1024.png\" alt=\"\" width=\"724\" height=\"1024\" srcset=\"https:\/\/internacional.umh.es\/files\/2025\/10\/Ponentes-17-1-724x1024.png 724w, https:\/\/internacional.umh.es\/files\/2025\/10\/Ponentes-17-1-212x300.png 212w, https:\/\/internacional.umh.es\/files\/2025\/10\/Ponentes-17-1-768x1086.png 768w, https:\/\/internacional.umh.es\/files\/2025\/10\/Ponentes-17-1-1086x1536.png 1086w, https:\/\/internacional.umh.es\/files\/2025\/10\/Ponentes-17-1.png 1414w\" sizes=\"(max-width: 724px) 100vw, 724px\" \/><\/a><\/td>\n<\/tr>\n<\/tbody>\n<\/table>\n<p>\u200b<\/p>\n<table style=\"margin: 0 auto;border-collapse: collapse;width: 100%;text-align: center\">\n<tbody>\n<tr>\n<td style=\"border: 2px solid #d96c06;padding: 8px;width: 20%\"><span style=\"color: #d96c06\"><b>Mar\u00eda Trelis Villanueva<\/b><\/span><\/td>\n<td style=\"border: 2px solid #d96c06;padding: 8px;width: 20%\"><span style=\"color: #d96c06\"><b>Lola Garz\u00f3n Ben\u00edtez<\/b><\/span><\/td>\n<td style=\"border: 2px solid #d96c06;padding: 8px;width: 20%\"><span style=\"color: #d96c06\"><b>Silvia Rueda Pascual<\/b><\/span><\/td>\n<\/tr>\n<tr>\n<td style=\"border: 2px solid #d96c06;padding: 8px;text-align: center\"><strong>Roundtable 3. <span class=\"a_GcMg font-feature-liga-off font-feature-clig-off font-feature-calt-off text-decoration-none text-strikethrough-none\">Role of International Development Cooperation in the Promotion of Dignified and Sustainable Employment in the Digital Era<\/span><\/strong><\/td>\n<td style=\"border: 2px solid #d96c06;padding: 8px;text-align: center\"><strong>Roundtable 3. <span class=\"a_GcMg font-feature-liga-off font-feature-clig-off font-feature-calt-off text-decoration-none text-strikethrough-none\">Role of International Development Cooperation in the Promotion of Dignified and Sustainable Employment in the Digital Era<\/span><\/strong><\/td>\n<td style=\"border: 2px solid #d96c06;padding: 8px;text-align: center\"><strong>Roundtable 3. <span class=\"a_GcMg font-feature-liga-off font-feature-clig-off font-feature-calt-off text-decoration-none text-strikethrough-none\">Role of International Development Cooperation in the Promotion of Dignified and Sustainable Employment in the Digital Era<\/span><\/strong><\/td>\n<\/tr>\n<tr>\n<td style=\"border: 2px solid #d96c06;padding: 8px;line-height: 0\"><a href=\"https:\/\/internacional.umh.es\/files\/2025\/10\/Ponentes-4.png\"><img loading=\"lazy\" class=\"aligncenter size-large wp-image-41332\" src=\"https:\/\/internacional.umh.es\/files\/2025\/10\/Ponentes-4-724x1024.png\" alt=\"\" width=\"724\" height=\"1024\" srcset=\"https:\/\/internacional.umh.es\/files\/2025\/10\/Ponentes-4-724x1024.png 724w, https:\/\/internacional.umh.es\/files\/2025\/10\/Ponentes-4-212x300.png 212w, https:\/\/internacional.umh.es\/files\/2025\/10\/Ponentes-4-768x1086.png 768w, https:\/\/internacional.umh.es\/files\/2025\/10\/Ponentes-4-1086x1536.png 1086w, https:\/\/internacional.umh.es\/files\/2025\/10\/Ponentes-4.png 1414w\" sizes=\"(max-width: 724px) 100vw, 724px\" \/><\/a><\/td>\n<td style=\"border: 2px solid #d96c06;padding: 8px;line-height: 0\"><a href=\"https:\/\/internacional.umh.es\/files\/2025\/10\/Ponentes-15.png\"><img loading=\"lazy\" class=\"aligncenter size-large wp-image-41357\" src=\"https:\/\/internacional.umh.es\/files\/2025\/10\/Ponentes-15-724x1024.png\" alt=\"\" width=\"724\" height=\"1024\" srcset=\"https:\/\/internacional.umh.es\/files\/2025\/10\/Ponentes-15-724x1024.png 724w, https:\/\/internacional.umh.es\/files\/2025\/10\/Ponentes-15-212x300.png 212w, https:\/\/internacional.umh.es\/files\/2025\/10\/Ponentes-15-768x1086.png 768w, https:\/\/internacional.umh.es\/files\/2025\/10\/Ponentes-15-1086x1536.png 1086w, https:\/\/internacional.umh.es\/files\/2025\/10\/Ponentes-15.png 1414w\" sizes=\"(max-width: 724px) 100vw, 724px\" \/><\/a><\/td>\n<td style=\"border: 2px solid #d96c06;padding: 8px;line-height: 0\"><a href=\"https:\/\/internacional.umh.es\/files\/2025\/09\/Ponentes-8.png\"><img loading=\"lazy\" class=\"aligncenter size-large wp-image-41234\" src=\"https:\/\/internacional.umh.es\/files\/2025\/09\/Ponentes-8-724x1024.png\" alt=\"\" width=\"724\" height=\"1024\" srcset=\"https:\/\/internacional.umh.es\/files\/2025\/09\/Ponentes-8-724x1024.png 724w, https:\/\/internacional.umh.es\/files\/2025\/09\/Ponentes-8-212x300.png 212w, https:\/\/internacional.umh.es\/files\/2025\/09\/Ponentes-8-768x1086.png 768w, https:\/\/internacional.umh.es\/files\/2025\/09\/Ponentes-8-1086x1536.png 1086w, https:\/\/internacional.umh.es\/files\/2025\/09\/Ponentes-8.png 1414w\" sizes=\"(max-width: 724px) 100vw, 724px\" \/><\/a><\/td>\n<\/tr>\n<\/tbody>\n<\/table>\n<p>\u200b<\/p>\n<table style=\"margin: 0;border-collapse: collapse;width: 33%;text-align: center\">\n<tbody>\n<tr>\n<td style=\"border: 2px solid #d96c06;padding: 8px;width: 20%\"><span style=\"color: #d96c06\"><b>Agapito Ledezma Espino<\/b><\/span><\/td>\n<\/tr>\n<tr>\n<td style=\"border: 2px solid #d96c06;padding: 8px;text-align: center\"><b><span class=\"a_GcMg font-feature-liga-off font-feature-clig-off font-feature-calt-off text-decoration-none text-strikethrough-none\">Presentation: Impact of Automation, Artificial Intelligence and Development Cooperation<\/span><\/b><\/td>\n<\/tr>\n<tr>\n<td style=\"border: 2px solid #d96c06;padding: 8px;line-height: 0\"><a href=\"https:\/\/internacional.umh.es\/files\/2025\/10\/Ponentes-19.png\"><img loading=\"lazy\" class=\"aligncenter wp-image-41405 size-large\" src=\"https:\/\/internacional.umh.es\/files\/2025\/10\/Ponentes-19-724x1024.png\" alt=\"\" width=\"724\" height=\"1024\" srcset=\"https:\/\/internacional.umh.es\/files\/2025\/10\/Ponentes-19-724x1024.png 724w, https:\/\/internacional.umh.es\/files\/2025\/10\/Ponentes-19-212x300.png 212w, https:\/\/internacional.umh.es\/files\/2025\/10\/Ponentes-19-768x1086.png 768w, https:\/\/internacional.umh.es\/files\/2025\/10\/Ponentes-19-1086x1536.png 1086w, https:\/\/internacional.umh.es\/files\/2025\/10\/Ponentes-19.png 1414w\" sizes=\"(max-width: 724px) 100vw, 724px\" \/><\/a>&nbsp;<\/td>\n<\/tr>\n<\/tbody>\n<\/table>\n<h3>&nbsp;<\/h3>\n<h3 style=\"text-align: justify\"><span style=\"color: #d96c06\"><strong>Valona Hall on the Elche Campus of the Miguel Hern\u00e1ndez University of Elche<\/strong><\/span><\/h3>\n<p style=\"text-align: justify\"><span style=\"color: #000000\">Located on the southeast corner of the Elche Campus, right where UNESCO and University avenues cross. This is the UMH\u2019s newest building, of almost 5000 square meters, built to host congresses, featuring&nbsp; a rooftop terrace, dining hall, several spaces for exhibitions, and a cinema. <\/span><\/p>\n<p style=\"text-align: justify\"><a href=\"https:\/\/internacional.umh.es\/files\/2025\/09\/3.png\"><img loading=\"lazy\" class=\"aligncenter wp-image-40930 size-medium\" src=\"https:\/\/internacional.umh.es\/files\/2025\/09\/3-300x212.png\" alt=\"\" width=\"300\" height=\"212\" srcset=\"https:\/\/internacional.umh.es\/files\/2025\/09\/3-300x212.png 300w, https:\/\/internacional.umh.es\/files\/2025\/09\/3-1024x724.png 1024w, https:\/\/internacional.umh.es\/files\/2025\/09\/3-768x543.png 768w, https:\/\/internacional.umh.es\/files\/2025\/09\/3-1536x1086.png 1536w, https:\/\/internacional.umh.es\/files\/2025\/09\/3-2048x1448.png 2048w\" sizes=\"(max-width: 300px) 100vw, 300px\" \/><\/a><\/p>\n<h3><span style=\"color: #d96c06\"><strong>Contact information<\/strong><\/span><\/h3>\n<table style=\"margin: 0 auto;border-collapse: collapse;width: 100%;text-align: center\">\n<tbody>\n<tr>\n<td style=\"border: 2px solid #d96c06;padding: 8px;width: 20%\"><span style=\"color: #d96c06\"><b>Miguel Hern\u00e1ndez University of Elche<\/b><\/span><\/td>\n<td style=\"border: 2px solid #d96c06;padding: 8px;width: 20%\"><span style=\"color: #d96c06\"><b>University of Alicante<\/b><\/span><\/td>\n<td style=\"border: 2px solid #d96c06;padding: 8px;width: 20%\"><span style=\"color: #d96c06\"><b>University of Valencia<\/b><\/span><\/td>\n<td style=\"border: 2px solid #d96c06;padding: 8px;width: 20%\"><span style=\"color: #d96c06\"><b>Technical University of Valencia<\/b><\/span><\/td>\n<td style=\"border: 2px solid #d96c06;padding: 8px;width: 20%\"><span style=\"color: #d96c06\"><b>Jaume I University<\/b><\/span><\/td>\n<\/tr>\n<tr>\n<td style=\"border: 2px solid #d96c06;padding: 8px\"><strong>Service of International Relations and&nbsp;Cooperation&nbsp;<\/strong><\/p>\n<p><span style=\"font-weight: 400\">+34 96 665 8683 <a href=\"mailto:cooperacion@umh.es\" target=\"_blank\" rel=\"noopener\">cooperacion@umh.es<\/a><\/span><\/td>\n<td style=\"border: 2px solid #d96c06;padding: 8px\"><strong>Service of International Relations<\/strong><\/p>\n<p><strong>Area of University Development Cooperation <\/strong><a href=\"https:\/\/sri.ua.es\/es\/cooperacion\/\"><span style=\"font-weight: 400\">https:\/\/sri.ua.es\/es\/cooperacion\/<\/span><\/a><span style=\"font-weight: 400\">&nbsp;<\/span><\/p>\n<p><a href=\"https:\/\/sri.ua.es\/es\/cooperacion\/solicitudes-consultas-sugerencias-y-quejas.html\"><span style=\"font-weight: 400\">https:\/\/sri.ua.es\/es\/cooperacion\/solicitudes-consultas-sugerencias-y-quejas.html<\/span><\/a><\/td>\n<td style=\"border: 2px solid #d96c06;padding: 8px\"><strong>Service of International Relations and&nbsp;Cooperation<\/strong><\/p>\n<p><strong>Section of Cooperation <\/strong><\/p>\n<p><span style=\"font-weight: 400\">+34 96 162 5756<\/span><\/p>\n<p><span style=\"font-weight: 400\">&nbsp; <\/span><a href=\"mailto:ccd@upv.es\"><span style=\"font-weight: 400\">coop@uv.es<\/span><\/a><\/td>\n<td style=\"border: 2px solid #d96c06;padding: 8px\"><strong>&nbsp;Center for Development Cooperation&nbsp;<\/strong><\/p>\n<p><span style=\"font-weight: 400\">+34 96 387 7898<\/span><\/p>\n<p><a href=\"mailto:ccd@upv.es\"><span style=\"font-weight: 400\">ccd@upv.es<\/span><\/a><\/td>\n<td style=\"border: 2px solid #d96c06;padding: 8px\"><strong>Office of Development Cooperation and Solidarity&nbsp;<\/strong><\/p>\n<p style=\"margin: 0\"><span style=\"font-weight: 400\">+34 96 472 9390<\/span><\/p>\n<p style=\"margin: 0\"><a style=\"font-family: inherit;font-size: inherit\" href=\"mailto:ocds@uji.es\">ocds@uji.es<\/a><\/p>\n<\/td>\n<\/tr>\n<\/tbody>\n<\/table>\n<p><\/p>","protected":false},"excerpt":{"rendered":"<p>University of the Fall IX<br \/>\nDigital Bridges: Technologies, Cooperation and Global Transformation<br \/>\n&nbsp;<br \/>\nWhat is the University of the Fall?<br \/>\nThe University of the Fall is a conference on development cooperation organized by the five public universities within the Valencian Autonomous Community, in conjunction with the Generalitat Valenciana (GVA). This, its ninth edition, is going to run under the [&#8230;]<\/p>\n","protected":false},"author":28614,"featured_media":0,"parent":17111,"menu_order":0,"comment_status":"closed","ping_status":"closed","template":"","meta":{"ngg_post_thumbnail":0,"_links_to":"","_links_to_target":""},"yoast_head":"<!-- This site is optimized with the Yoast SEO plugin v17.5 - https:\/\/yoast.com\/wordpress\/plugins\/seo\/ -->\n<meta name=\"robots\" content=\"index, follow, max-snippet:-1, max-image-preview:large, max-video-preview:-1\" \/>\n<link rel=\"canonical\" href=\"https:\/\/internacional.umh.es\/en\/cooperacion-y-voluntariado\/formacion-en-voluntariado\/eventos\/ix-universitat-de-la-tardor\/\" \/>\n<meta property=\"og:locale\" content=\"en_US\" \/>\n<meta property=\"og:type\" content=\"article\" \/>\n<meta property=\"og:title\" content=\"University of the Fall IX - International Relations and Cooperation\" \/>\n<meta property=\"og:description\" content=\"University of the Fall IX Digital Bridges: Technologies, Cooperation and Global Transformation &nbsp; What is the University of the Fall? The University of the Fall is a conference on development cooperation organized by the five public universities within the Valencian Autonomous Community, in conjunction with the Generalitat Valenciana (GVA). This, its ninth edition, is going to run under the [...]\" \/>\n<meta property=\"og:url\" content=\"https:\/\/internacional.umh.es\/ca\/cooperacion-y-voluntariado\/formacion-en-voluntariado\/eventos\/ix-universitat-de-la-tardor\/\" \/>\n<meta property=\"og:site_name\" content=\"International Relations and Cooperation\" \/>\n<meta property=\"article:modified_time\" content=\"2025-11-20T11:40:04+00:00\" \/>\n<meta property=\"og:image\" content=\"https:\/\/internacional.umh.es\/files\/2025\/09\/Cabeceras-1.png\" \/>\n<meta name=\"twitter:card\" content=\"summary_large_image\" \/>\n<meta name=\"twitter:label1\" content=\"Est. reading time\" \/>\n\t<meta name=\"twitter:data1\" content=\"6 minutes\" \/>\n<script type=\"application\/ld+json\" class=\"yoast-schema-graph\">{\"@context\":\"https:\/\/schema.org\",\"@graph\":[{\"@type\":\"WebSite\",\"@id\":\"https:\/\/internacional.umh.es\/en\/#website\",\"url\":\"https:\/\/internacional.umh.es\/en\/\",\"name\":\"International Relations and Cooperation\",\"description\":\"Miguel Hernandez University of Elche\",\"potentialAction\":[{\"@type\":\"SearchAction\",\"target\":{\"@type\":\"EntryPoint\",\"urlTemplate\":\"https:\/\/internacional.umh.es\/en\/?s={search_term_string}\"},\"query-input\":\"required name=search_term_string\"}],\"inLanguage\":\"en-US\"},{\"@type\":\"ImageObject\",\"@id\":\"https:\/\/internacional.umh.es\/ca\/cooperacion-y-voluntariado\/formacion-en-voluntariado\/eventos\/ix-universitat-de-la-tardor\/#primaryimage\",\"inLanguage\":\"en-US\",\"url\":\"https:\/\/internacional.umh.es\/files\/2025\/09\/Cabeceras-1.png\",\"contentUrl\":\"https:\/\/internacional.umh.es\/files\/2025\/09\/Cabeceras-1.png\",\"width\":970,\"height\":250},{\"@type\":\"WebPage\",\"@id\":\"https:\/\/internacional.umh.es\/ca\/cooperacion-y-voluntariado\/formacion-en-voluntariado\/eventos\/ix-universitat-de-la-tardor\/#webpage\",\"url\":\"https:\/\/internacional.umh.es\/ca\/cooperacion-y-voluntariado\/formacion-en-voluntariado\/eventos\/ix-universitat-de-la-tardor\/\",\"name\":\"University of the Fall IX - International Relations and Cooperation\",\"isPartOf\":{\"@id\":\"https:\/\/internacional.umh.es\/en\/#website\"},\"primaryImageOfPage\":{\"@id\":\"https:\/\/internacional.umh.es\/ca\/cooperacion-y-voluntariado\/formacion-en-voluntariado\/eventos\/ix-universitat-de-la-tardor\/#primaryimage\"},\"datePublished\":\"2025-09-19T09:10:23+00:00\",\"dateModified\":\"2025-11-20T11:40:04+00:00\",\"breadcrumb\":{\"@id\":\"https:\/\/internacional.umh.es\/ca\/cooperacion-y-voluntariado\/formacion-en-voluntariado\/eventos\/ix-universitat-de-la-tardor\/#breadcrumb\"},\"inLanguage\":\"en-US\",\"potentialAction\":[{\"@type\":\"ReadAction\",\"target\":[\"https:\/\/internacional.umh.es\/ca\/cooperacion-y-voluntariado\/formacion-en-voluntariado\/eventos\/ix-universitat-de-la-tardor\/\"]}]},{\"@type\":\"BreadcrumbList\",\"@id\":\"https:\/\/internacional.umh.es\/ca\/cooperacion-y-voluntariado\/formacion-en-voluntariado\/eventos\/ix-universitat-de-la-tardor\/#breadcrumb\",\"itemListElement\":[{\"@type\":\"ListItem\",\"position\":1,\"name\":\"Home\",\"item\":\"https:\/\/internacional.umh.es\/en\/\"},{\"@type\":\"ListItem\",\"position\":2,\"name\":\"COOPERACI\\u00d3 I VOLUNTARIAT\",\"item\":\"https:\/\/internacional.umh.es\/ca\/cooperacion-y-voluntariado\/\"},{\"@type\":\"ListItem\",\"position\":3,\"name\":\"Formaci\\u00f3 i esdeveniments\",\"item\":\"https:\/\/internacional.umh.es\/ca\/cooperacion-y-voluntariado\/formacion-en-voluntariado\/\"},{\"@type\":\"ListItem\",\"position\":4,\"name\":\"Esdeveniments\",\"item\":\"https:\/\/internacional.umh.es\/ca\/cooperacion-y-voluntariado\/formacion-en-voluntariado\/eventos\/\"},{\"@type\":\"ListItem\",\"position\":5,\"name\":\"IX Universitat de la Tardor\"}]}]}<\/script>\n<!-- \/ Yoast SEO plugin. -->","yoast_head_json":{"robots":{"index":"index","follow":"follow","max-snippet":"max-snippet:-1","max-image-preview":"max-image-preview:large","max-video-preview":"max-video-preview:-1"},"canonical":"https:\/\/internacional.umh.es\/en\/cooperacion-y-voluntariado\/formacion-en-voluntariado\/eventos\/ix-universitat-de-la-tardor\/","og_locale":"en_US","og_type":"article","og_title":"University of the Fall IX - International Relations and Cooperation","og_description":"University of the Fall IX Digital Bridges: Technologies, Cooperation and Global Transformation &nbsp; What is the University of the Fall? The University of the Fall is a conference on development cooperation organized by the five public universities within the Valencian Autonomous Community, in conjunction with the Generalitat Valenciana (GVA). This, its ninth edition, is going to run under the [...]","og_url":"https:\/\/internacional.umh.es\/ca\/cooperacion-y-voluntariado\/formacion-en-voluntariado\/eventos\/ix-universitat-de-la-tardor\/","og_site_name":"International Relations and Cooperation","article_modified_time":"2025-11-20T11:40:04+00:00","og_image":[{"url":"https:\/\/internacional.umh.es\/files\/2025\/09\/Cabeceras-1.png"}],"twitter_card":"summary_large_image","twitter_misc":{"Est. reading time":"6 minutes"},"schema":{"@context":"https:\/\/schema.org","@graph":[{"@type":"WebSite","@id":"https:\/\/internacional.umh.es\/en\/#website","url":"https:\/\/internacional.umh.es\/en\/","name":"International Relations and Cooperation","description":"Miguel Hernandez University of Elche","potentialAction":[{"@type":"SearchAction","target":{"@type":"EntryPoint","urlTemplate":"https:\/\/internacional.umh.es\/en\/?s={search_term_string}"},"query-input":"required name=search_term_string"}],"inLanguage":"en-US"},{"@type":"ImageObject","@id":"https:\/\/internacional.umh.es\/ca\/cooperacion-y-voluntariado\/formacion-en-voluntariado\/eventos\/ix-universitat-de-la-tardor\/#primaryimage","inLanguage":"en-US","url":"https:\/\/internacional.umh.es\/files\/2025\/09\/Cabeceras-1.png","contentUrl":"https:\/\/internacional.umh.es\/files\/2025\/09\/Cabeceras-1.png","width":970,"height":250},{"@type":"WebPage","@id":"https:\/\/internacional.umh.es\/ca\/cooperacion-y-voluntariado\/formacion-en-voluntariado\/eventos\/ix-universitat-de-la-tardor\/#webpage","url":"https:\/\/internacional.umh.es\/ca\/cooperacion-y-voluntariado\/formacion-en-voluntariado\/eventos\/ix-universitat-de-la-tardor\/","name":"University of the Fall IX - International Relations and Cooperation","isPartOf":{"@id":"https:\/\/internacional.umh.es\/en\/#website"},"primaryImageOfPage":{"@id":"https:\/\/internacional.umh.es\/ca\/cooperacion-y-voluntariado\/formacion-en-voluntariado\/eventos\/ix-universitat-de-la-tardor\/#primaryimage"},"datePublished":"2025-09-19T09:10:23+00:00","dateModified":"2025-11-20T11:40:04+00:00","breadcrumb":{"@id":"https:\/\/internacional.umh.es\/ca\/cooperacion-y-voluntariado\/formacion-en-voluntariado\/eventos\/ix-universitat-de-la-tardor\/#breadcrumb"},"inLanguage":"en-US","potentialAction":[{"@type":"ReadAction","target":["https:\/\/internacional.umh.es\/ca\/cooperacion-y-voluntariado\/formacion-en-voluntariado\/eventos\/ix-universitat-de-la-tardor\/"]}]},{"@type":"BreadcrumbList","@id":"https:\/\/internacional.umh.es\/ca\/cooperacion-y-voluntariado\/formacion-en-voluntariado\/eventos\/ix-universitat-de-la-tardor\/#breadcrumb","itemListElement":[{"@type":"ListItem","position":1,"name":"Home","item":"https:\/\/internacional.umh.es\/en\/"},{"@type":"ListItem","position":2,"name":"COOPERACI\u00d3 I VOLUNTARIAT","item":"https:\/\/internacional.umh.es\/ca\/cooperacion-y-voluntariado\/"},{"@type":"ListItem","position":3,"name":"Formaci\u00f3 i esdeveniments","item":"https:\/\/internacional.umh.es\/ca\/cooperacion-y-voluntariado\/formacion-en-voluntariado\/"},{"@type":"ListItem","position":4,"name":"Esdeveniments","item":"https:\/\/internacional.umh.es\/ca\/cooperacion-y-voluntariado\/formacion-en-voluntariado\/eventos\/"},{"@type":"ListItem","position":5,"name":"IX Universitat de la Tardor"}]}]}},"_links":{"self":[{"href":"https:\/\/internacional.umh.es\/en\/wp-json\/wp\/v2\/pages\/40909"}],"collection":[{"href":"https:\/\/internacional.umh.es\/en\/wp-json\/wp\/v2\/pages"}],"about":[{"href":"https:\/\/internacional.umh.es\/en\/wp-json\/wp\/v2\/types\/page"}],"author":[{"embeddable":true,"href":"https:\/\/internacional.umh.es\/en\/wp-json\/wp\/v2\/users\/28614"}],"replies":[{"embeddable":true,"href":"https:\/\/internacional.umh.es\/en\/wp-json\/wp\/v2\/comments?post=40909"}],"version-history":[{"count":0,"href":"https:\/\/internacional.umh.es\/en\/wp-json\/wp\/v2\/pages\/40909\/revisions"}],"up":[{"embeddable":true,"href":"https:\/\/internacional.umh.es\/en\/wp-json\/wp\/v2\/pages\/17111"}],"wp:attachment":[{"href":"https:\/\/internacional.umh.es\/en\/wp-json\/wp\/v2\/media?parent=40909"}],"curies":[{"name":"wp","href":"https:\/\/api.w.org\/{rel}","templated":true}]}}