{"id":42836,"date":"2026-02-16T14:25:39","date_gmt":"2026-02-16T13:25:39","guid":{"rendered":"https:\/\/internacional.umh.es\/?page_id=42836"},"modified":"2026-03-18T15:09:19","modified_gmt":"2026-03-18T14:09:19","slug":"que-sabes-de-los-valores-de-la-ue","status":"publish","type":"page","link":"https:\/\/internacional.umh.es\/en\/internacionalizacion\/eventos\/que-sabes-de-los-valores-de-la-ue\/","title":{"rendered":"What Do You Know about EU Values?"},"content":{"rendered":"<p><a href=\"https:\/\/internacional.umh.es\/files\/2026\/02\/\u00bfQUE-SABES-DE-LOS-VALORES-DE-LA-2.png\"><img loading=\"lazy\" class=\"alignnone wp-image-42848\" src=\"https:\/\/internacional.umh.es\/files\/2026\/02\/\u00bfQUE-SABES-DE-LOS-VALORES-DE-LA-2-300x63.png\" alt=\"\" width=\"910\" height=\"191\" srcset=\"https:\/\/internacional.umh.es\/files\/2026\/02\/\u00bfQUE-SABES-DE-LOS-VALORES-DE-LA-2-300x63.png 300w, https:\/\/internacional.umh.es\/files\/2026\/02\/\u00bfQUE-SABES-DE-LOS-VALORES-DE-LA-2-768x160.png 768w, https:\/\/internacional.umh.es\/files\/2026\/02\/\u00bfQUE-SABES-DE-LOS-VALORES-DE-LA-2-1536x320.png 1536w, https:\/\/internacional.umh.es\/files\/2026\/02\/\u00bfQUE-SABES-DE-LOS-VALORES-DE-LA-2.png 1920w\" sizes=\"(max-width: 910px) 100vw, 910px\" \/><\/a><\/p>\n<p style=\"text-align: justify\"><span class=\"a_GcMg font-feature-liga-off font-feature-clig-off font-feature-calt-off text-decoration-none text-strikethrough-none\">\u201cWhat Do You Know about EU Values?\u201d is taking place March 25 &amp; 26, 2026. This international workshop aims to be a space for meeting, dialogue, and exchange of ideas through round tables and games with EU values as the focus. <\/span><\/p>\n<hr>\n<h1><strong>Program<\/strong><\/h1>\n<p><a href=\"https:\/\/internacional.umh.es\/files\/2026\/02\/CARTEL-CURSOS-VALORES-EU-4.png\"><img loading=\"lazy\" class=\"alignnone size-medium wp-image-42851\" src=\"https:\/\/internacional.umh.es\/files\/2026\/02\/CARTEL-CURSOS-VALORES-EU-4-240x300.png\" alt=\"\" width=\"240\" height=\"300\" srcset=\"https:\/\/internacional.umh.es\/files\/2026\/02\/CARTEL-CURSOS-VALORES-EU-4-240x300.png 240w, https:\/\/internacional.umh.es\/files\/2026\/02\/CARTEL-CURSOS-VALORES-EU-4-819x1024.png 819w, https:\/\/internacional.umh.es\/files\/2026\/02\/CARTEL-CURSOS-VALORES-EU-4-768x960.png 768w, https:\/\/internacional.umh.es\/files\/2026\/02\/CARTEL-CURSOS-VALORES-EU-4.png 1080w\" sizes=\"(max-width: 240px) 100vw, 240px\" \/><\/a><\/p>\n<p style=\"text-align: justify\">Respect for human dignity, freedom, democracy, equality, the rule of law, and respect for human rights are essential values for ensuring peaceful coexistence and the well-being of citizens in a society characterized by pluralism, non-discrimination, tolerance, justice, solidarity, and equality between men and women. These are the values of the European Union.<\/p>\n<p style=\"text-align: justify\"><span style=\"font-weight: 400\">The main purpose of this activity is to offer university students basic training and elements for reflection on these values. Values that we may enjoy within the European Union, but which are not the general norm on the international scene, but rather the exception. Even within the European Union, there are many threats to these values today, and many risks that can erode and weaken them. It is therefore essential to care for, protect, and reinforce them. To this end, active involvement by citizens, especially young people, is essential. They must possess sufficient information and training at a time when misinformation is on the rise. <\/span><\/p>\n<div id=\"accordions-43222\" class=\"accordions-43222 accordions\">\r\n                <div id=\"accordions-lazy-43222\" class=\"accordions-lazy\">\r\n                    <\/div>\r\n        <script>\r\n            jQuery(window).load(function(){\r\n                jQuery('#accordions-lazy-43222').fadeOut();\r\n                jQuery('#accordions-43222 .items').fadeIn();\r\n            });\r\n        <\/script><style type='text\/css'>\r\n        @media only screen and (min-width: 1024px ){\r\n            #accordions-43222 {\r\n                            width: 100%;\r\n                        }\r\n        }\r\n        @media only screen and ( min-width: 768px ) and ( max-width: 1023px ) {\r\n            #accordions-43222 {\r\n                            width: 100%;\r\n                        }\r\n        }\r\n        @media only screen and ( min-width: 0px ) and ( max-width: 767px ){\r\n            #accordions-43222 {\r\n                            width: 100%;\r\n                        }\r\n        }\r\n                    #accordions-43222 .items {display: none;}\r\n            #accordions-43222 .accordions-lazy {\r\n                text-align: center;\r\n                position: absolute;\r\n                top: 50%;\r\n                left: 50%;\r\n                transform: translate(-50%, -50%);\r\n            }\r\n            #accordions-43222 {\r\n                            text-align: left;\r\n                                        background:#ffffff url() repeat scroll 0 0;\r\n                                    position: relative;\r\n        }\r\n        #accordions-43222 .accordions-head{\r\n                    background:#1e73be none repeat scroll 0 0;\r\n                                    outline: none;\r\n        }\r\n        #accordions-43222 .accordions-head-title{\r\n                            color:#ffffff;\r\n                            font-size:16px;\r\n                }\r\n        #accordions-43222 .accordions-head-title-toggle{\r\n                    color:#ffffff;\r\n                            font-size:16px;\r\n                }\r\n        #accordions-43222 .accordions-head:hover .accordions-head-title{\r\n                    color:#ffffff;\r\n                }\r\n        #accordions-43222 .ui-state-active{\r\n                    background: #174e7f;\r\n                    border: none;\r\n        }\r\n        #accordions-43222 .accordion-content{\r\n                            background:#ffffff none repeat scroll 0 0;\r\n                                                    border: none;\r\n        }\r\n        #accordions-43222 .accordion-icons{\r\n                        color:#97abbf;\r\n                                                background:#1e73be none repeat scroll 0 0;\r\n                                            }\r\n        #accordions-43222 .accordions-head:hover .accordion-icons span{\r\n                        color:#89a4bf;\r\n                    }\r\n            <\/style>\r\n    <div class=\"items\">\r\n                        <div post_id=\"43222\" itemcount=\"0\" header_id=\"header-1773400578177\" id=\"header-1773400578177\" style=\"\" class=\"accordions-head head1773400578177 border-none\" toggle-text=\"\" main-text=\"Program Structure\">\r\n                                            <span id=\"accordion-icons-1773400578177\" class=\"accordion-icons\">\r\n                            <span class=\"accordion-icon-active accordion-plus\"><i class=\"fas fa-chevron-up\"><\/i><\/span>\r\n                            <span class=\"accordion-icon-inactive accordion-minus\"><i class=\"fas fa-chevron-right\"><\/i><\/span>\r\n                        <\/span>\r\n                        <span id=\"header-text-1773400578177\" class=\"accordions-head-title\">Program Structure<\/span>\r\n                                        <\/div>\r\n                <div class=\"accordion-content content1773400578177 \">\r\n                    <p style=\"font-weight: 400\">Course activities consist of two parts:<\/p>\n<p style=\"font-weight: 400\">A training seminar in roundtable format.<\/p>\n<p style=\"font-weight: 400\">This shall offer relevant information to lay the groundwork for the subsequent debate.<\/p>\n<p style=\"font-weight: 400\">Course speakers shall provide guidance, explaining the most relevant aspects from the main topics.<\/p>\n<p style=\"font-weight: 400\">The roundtables are then followed by a Q&amp;A session and brief debate.<\/p>\n<ol start=\"2\">\n<li style=\"font-weight: 400\">A hands-on, participatory workshop<\/li>\n<\/ol>\n<p style=\"font-weight: 400\">The spotlight falls directly and fully upon the participants, as it is based on their active involvement.<\/p>\n<p style=\"font-weight: 400\">The aim is to consolidate, from a practical and dynamic perspective, the knowledge attained in the roundtables.<\/p>\n<p style=\"font-weight: 400\">Using innovative teaching resources (gamification tools, such as Kahoot and Escape Room), knowledge is reviewed and put into practice, and questions and concerns are addressed.<\/p>\n<p style=\"font-weight: 400\">Next, a debate commences on a couple of topics previously chosen by the participants, in which the students must reach a final consensus position.<\/p>\n                <\/div>\r\n                                <div post_id=\"43222\" itemcount=\"1\" header_id=\"header-1773401371219\" id=\"header-1773401371219\" style=\"\" class=\"accordions-head head1773401371219 border-none\" toggle-text=\"\" main-text=\"Wednesday, March 25th \">\r\n                                            <span id=\"accordion-icons-1773401371219\" class=\"accordion-icons\">\r\n                            <span class=\"accordion-icon-active accordion-plus\"><i class=\"fas fa-chevron-up\"><\/i><\/span>\r\n                            <span class=\"accordion-icon-inactive accordion-minus\"><i class=\"fas fa-chevron-right\"><\/i><\/span>\r\n                        <\/span>\r\n                        <span id=\"header-text-1773401371219\" class=\"accordions-head-title\">Wednesday, March 25th <\/span>\r\n                                        <\/div>\r\n                <div class=\"accordion-content content1773401371219 \">\r\n                    <p>I. Training seminar: Roundtables. March 25, Undergraduate Room. Arenals Hall.<\/p>\n<p>ROUNDTABLE 1. 4:30 p.m. (all local CET)<\/p>\n<p>Moderator: Elena Crespo Navarro. Associate Professor of International Public Law and International Relations. Miguel Hern\u00e1ndez University of Elche.<\/p>\n<p>Speakers:<\/p>\n<p>Elena Crespo Navarro. Miguel Hern\u00e1ndez University of Elche: \u201cThe European Union: A Union of Values\u201d<\/p>\n<p>Francisco Pascual Vives. Professor of International Public Law and International Relations. University of Alcal\u00e1: \u201cThe EU and Human Rights\u201d<\/p>\n<p>Laura E. Aragon\u00e9s Molina. Assistant Professor of International Public Law and International Relations. University of Alcal\u00e1: \u201cThe Values of Democracy and the Rule of Law\u201d<\/p>\n<p>Monica Parodi. Associate Professor of European Union Law. University of Florence: \u201cEU instruments for Promoting Its Values in External Relations: Overview\u201d<\/p>\n<p>Coffee break. 6:30 p.m.<\/p>\n<p>ROUNDTABLE 2. 7:00 p.m.<\/p>\n<p>Moderator: Elena Crespo Navarro. Associate Professor of International Public Law and International Relations. UMH.<\/p>\n<p>Speakers:<\/p>\n<p>Roc\u00edo M. Pozo Tom\u00e1s: Pre-doctoral Investigator in International Public Law and International Relations. Miguel Hern\u00e1ndez University of Elche: \u201cEuropean Union Action and Commitment to Equality between Women and Men\u201d<\/p>\n<p>Adela Rodr\u00edguez Ma\u00f1ogil: Assistant Professor of International Public Law and International Relations. Miguel Hern\u00e1ndez University of Elche: \u201cThe EU and Discrimination Based on Sexual Orientation and Gender Identity\u201d<\/p>\n<p>Alessandra Nasoni: Substitute Instructor of International Public Law and International Relations. Miguel Hern\u00e1ndez University of Elche: \u201cDisinformation, AI, and European Union Values\u201d<\/p>\n                <\/div>\r\n                                <div post_id=\"43222\" itemcount=\"2\" header_id=\"header-1773401525492\" id=\"header-1773401525492\" style=\"\" class=\"accordions-head head1773401525492 border-none\" toggle-text=\"\" main-text=\"Thursday, March 26th \">\r\n                                            <span id=\"accordion-icons-1773401525492\" class=\"accordion-icons\">\r\n                            <span class=\"accordion-icon-active accordion-plus\"><i class=\"fas fa-chevron-up\"><\/i><\/span>\r\n                            <span class=\"accordion-icon-inactive accordion-minus\"><i class=\"fas fa-chevron-right\"><\/i><\/span>\r\n                        <\/span>\r\n                        <span id=\"header-text-1773401525492\" class=\"accordions-head-title\">Thursday, March 26th <\/span>\r\n                                        <\/div>\r\n                <div class=\"accordion-content content1773401525492 \">\r\n                    <ol start=\"2026\">\n<li style=\"font-weight: 400\">Participatory practical workshop. Thursday, March 26, 2026. Room 0.2. Arenals Hall<\/li>\n<\/ol>\n<p style=\"font-weight: 400\">First part: Gamification. 10 a.m. (all local CET)<\/p>\n<p style=\"font-weight: 400\">Coffee break. 11:15 a.m.<\/p>\n<p style=\"font-weight: 400\">Second part: Debate 11:30 a.m.<\/p>\n                <\/div>\r\n                    <\/div>\r\n    <script>\r\n        jQuery(document).ready(function($){accordions_active_index_43222 = [];        })\r\n    <\/script>    <script>\r\n        jQuery(document).ready(function($){\r\n            accordion_43222  = $(\"#accordions-43222 .items\").accordion({\r\n                event: \"click\",\r\n                collapsible:true,\r\n                heightStyle: \"content\",\r\n                animate: (\"swing\", 1000),\r\n                navigation: true,\r\n                active: 999,\r\n                            });\r\n        })\r\n    <\/script>\r\n                <\/div>\n<p>&nbsp;<\/p>\n<hr>\n<h1><strong>Registration<\/strong><\/h1>\n<p>The deadline for registering is March 10, 2026. If you are a UMH student, do not hesitate and complete the application form. Do not know how? Then follow the instructions that follow.<\/p>\n<ol>\n<li>Click <a href=\"https:\/\/universite.umh.es\/fpogestion\/aspx\/Preinscripcion\/Preinscripcion.aspx\" target=\"_blank\" rel=\"noopener\">this link.<\/a><\/li>\n<li>Select the drop-down menu, <em>Tipo de ense\u00f1anza<\/em>; then <em>STUDY ABROAD<\/em>&nbsp;<\/li>\n<li>Select the drop-down menu, <em>Ense\u00f1anza<\/em>, <em>What do you know about EU values?<\/em><\/li>\n<li>Fill in all the boxes and enter the pre-selection process.&nbsp;<\/li>\n<\/ol>\n<p>&nbsp;<\/p>","protected":false},"excerpt":{"rendered":"<p>\u201cWhat Do You Know about EU Values?\u201d is taking place March 25 &amp; 26, 2026. This international workshop aims to be a space for meeting, dialogue, and exchange of ideas through round tables and games with EU values as the focus. <\/p>\n<p>Program<\/p>\n<p>Respect for human dignity, freedom, democracy, equality, the rule of law, and respect for [&#8230;]<\/p>\n","protected":false},"author":16862,"featured_media":0,"parent":15561,"menu_order":0,"comment_status":"closed","ping_status":"closed","template":"","meta":{"ngg_post_thumbnail":0,"_links_to":"","_links_to_target":""},"yoast_head":"<!-- This site is optimized with the Yoast SEO plugin v17.5 - https:\/\/yoast.com\/wordpress\/plugins\/seo\/ -->\n<meta name=\"robots\" content=\"index, follow, max-snippet:-1, max-image-preview:large, max-video-preview:-1\" \/>\n<link rel=\"canonical\" href=\"https:\/\/internacional.umh.es\/en\/internacionalizacion\/eventos\/que-sabes-de-los-valores-de-la-ue\/\" \/>\n<meta property=\"og:locale\" content=\"en_US\" \/>\n<meta property=\"og:type\" content=\"article\" \/>\n<meta property=\"og:title\" content=\"What Do You Know about EU Values? - International Relations and Cooperation\" \/>\n<meta property=\"og:description\" content=\"\u201cWhat Do You Know about EU Values?\u201d is taking place March 25 &amp; 26, 2026. This international workshop aims to be a space for meeting, dialogue, and exchange of ideas through round tables and games with EU values as the focus.  Program Respect for human dignity, freedom, democracy, equality, the rule of law, and respect for [...]\" \/>\n<meta property=\"og:url\" content=\"https:\/\/internacional.umh.es\/internacionalizacion\/eventos\/que-sabes-de-los-valores-de-la-ue\/\" \/>\n<meta property=\"og:site_name\" content=\"International Relations and Cooperation\" \/>\n<meta property=\"article:modified_time\" content=\"2026-03-18T14:09:19+00:00\" \/>\n<meta property=\"og:image\" content=\"https:\/\/internacional.umh.es\/files\/2026\/02\/\u00bfQUE-SABES-DE-LOS-VALORES-DE-LA-2-300x63.png\" \/>\n<meta name=\"twitter:card\" content=\"summary_large_image\" \/>\n<meta name=\"twitter:label1\" content=\"Est. reading time\" \/>\n\t<meta name=\"twitter:data1\" content=\"2 minutes\" \/>\n<script type=\"application\/ld+json\" class=\"yoast-schema-graph\">{\"@context\":\"https:\/\/schema.org\",\"@graph\":[{\"@type\":\"WebSite\",\"@id\":\"https:\/\/internacional.umh.es\/en\/#website\",\"url\":\"https:\/\/internacional.umh.es\/en\/\",\"name\":\"International Relations and Cooperation\",\"description\":\"Miguel Hernandez University of Elche\",\"potentialAction\":[{\"@type\":\"SearchAction\",\"target\":{\"@type\":\"EntryPoint\",\"urlTemplate\":\"https:\/\/internacional.umh.es\/en\/?s={search_term_string}\"},\"query-input\":\"required name=search_term_string\"}],\"inLanguage\":\"en-US\"},{\"@type\":\"ImageObject\",\"@id\":\"https:\/\/internacional.umh.es\/internacionalizacion\/eventos\/que-sabes-de-los-valores-de-la-ue\/#primaryimage\",\"inLanguage\":\"en-US\",\"url\":\"https:\/\/internacional.umh.es\/files\/2026\/02\/\\u00bfQUE-SABES-DE-LOS-VALORES-DE-LA-2.png\",\"contentUrl\":\"https:\/\/internacional.umh.es\/files\/2026\/02\/\\u00bfQUE-SABES-DE-LOS-VALORES-DE-LA-2.png\",\"width\":1920,\"height\":400},{\"@type\":\"WebPage\",\"@id\":\"https:\/\/internacional.umh.es\/internacionalizacion\/eventos\/que-sabes-de-los-valores-de-la-ue\/#webpage\",\"url\":\"https:\/\/internacional.umh.es\/internacionalizacion\/eventos\/que-sabes-de-los-valores-de-la-ue\/\",\"name\":\"What Do You Know about EU Values? - International Relations and Cooperation\",\"isPartOf\":{\"@id\":\"https:\/\/internacional.umh.es\/en\/#website\"},\"primaryImageOfPage\":{\"@id\":\"https:\/\/internacional.umh.es\/internacionalizacion\/eventos\/que-sabes-de-los-valores-de-la-ue\/#primaryimage\"},\"datePublished\":\"2026-02-16T13:25:39+00:00\",\"dateModified\":\"2026-03-18T14:09:19+00:00\",\"breadcrumb\":{\"@id\":\"https:\/\/internacional.umh.es\/internacionalizacion\/eventos\/que-sabes-de-los-valores-de-la-ue\/#breadcrumb\"},\"inLanguage\":\"en-US\",\"potentialAction\":[{\"@type\":\"ReadAction\",\"target\":[\"https:\/\/internacional.umh.es\/internacionalizacion\/eventos\/que-sabes-de-los-valores-de-la-ue\/\"]}]},{\"@type\":\"BreadcrumbList\",\"@id\":\"https:\/\/internacional.umh.es\/internacionalizacion\/eventos\/que-sabes-de-los-valores-de-la-ue\/#breadcrumb\",\"itemListElement\":[{\"@type\":\"ListItem\",\"position\":1,\"name\":\"Home\",\"item\":\"https:\/\/internacional.umh.es\/en\/\"},{\"@type\":\"ListItem\",\"position\":2,\"name\":\"INTERNATIONALIZATION\",\"item\":\"https:\/\/internacional.umh.es\/en\/internacionalizacion\/\"},{\"@type\":\"ListItem\",\"position\":3,\"name\":\"Eventos\",\"item\":\"https:\/\/internacional.umh.es\/internacionalizacion\/eventos\/\"},{\"@type\":\"ListItem\",\"position\":4,\"name\":\"\\u00bfQu\\u00e9 sabes de los valores de la UE?\"}]}]}<\/script>\n<!-- \/ Yoast SEO plugin. -->","yoast_head_json":{"robots":{"index":"index","follow":"follow","max-snippet":"max-snippet:-1","max-image-preview":"max-image-preview:large","max-video-preview":"max-video-preview:-1"},"canonical":"https:\/\/internacional.umh.es\/en\/internacionalizacion\/eventos\/que-sabes-de-los-valores-de-la-ue\/","og_locale":"en_US","og_type":"article","og_title":"What Do You Know about EU Values? - International Relations and Cooperation","og_description":"\u201cWhat Do You Know about EU Values?\u201d is taking place March 25 &amp; 26, 2026. This international workshop aims to be a space for meeting, dialogue, and exchange of ideas through round tables and games with EU values as the focus.  Program Respect for human dignity, freedom, democracy, equality, the rule of law, and respect for [...]","og_url":"https:\/\/internacional.umh.es\/internacionalizacion\/eventos\/que-sabes-de-los-valores-de-la-ue\/","og_site_name":"International Relations and Cooperation","article_modified_time":"2026-03-18T14:09:19+00:00","og_image":[{"url":"https:\/\/internacional.umh.es\/files\/2026\/02\/\u00bfQUE-SABES-DE-LOS-VALORES-DE-LA-2-300x63.png"}],"twitter_card":"summary_large_image","twitter_misc":{"Est. reading time":"2 minutes"},"schema":{"@context":"https:\/\/schema.org","@graph":[{"@type":"WebSite","@id":"https:\/\/internacional.umh.es\/en\/#website","url":"https:\/\/internacional.umh.es\/en\/","name":"International Relations and Cooperation","description":"Miguel Hernandez University of Elche","potentialAction":[{"@type":"SearchAction","target":{"@type":"EntryPoint","urlTemplate":"https:\/\/internacional.umh.es\/en\/?s={search_term_string}"},"query-input":"required name=search_term_string"}],"inLanguage":"en-US"},{"@type":"ImageObject","@id":"https:\/\/internacional.umh.es\/internacionalizacion\/eventos\/que-sabes-de-los-valores-de-la-ue\/#primaryimage","inLanguage":"en-US","url":"https:\/\/internacional.umh.es\/files\/2026\/02\/\u00bfQUE-SABES-DE-LOS-VALORES-DE-LA-2.png","contentUrl":"https:\/\/internacional.umh.es\/files\/2026\/02\/\u00bfQUE-SABES-DE-LOS-VALORES-DE-LA-2.png","width":1920,"height":400},{"@type":"WebPage","@id":"https:\/\/internacional.umh.es\/internacionalizacion\/eventos\/que-sabes-de-los-valores-de-la-ue\/#webpage","url":"https:\/\/internacional.umh.es\/internacionalizacion\/eventos\/que-sabes-de-los-valores-de-la-ue\/","name":"What Do You Know about EU Values? - International Relations and Cooperation","isPartOf":{"@id":"https:\/\/internacional.umh.es\/en\/#website"},"primaryImageOfPage":{"@id":"https:\/\/internacional.umh.es\/internacionalizacion\/eventos\/que-sabes-de-los-valores-de-la-ue\/#primaryimage"},"datePublished":"2026-02-16T13:25:39+00:00","dateModified":"2026-03-18T14:09:19+00:00","breadcrumb":{"@id":"https:\/\/internacional.umh.es\/internacionalizacion\/eventos\/que-sabes-de-los-valores-de-la-ue\/#breadcrumb"},"inLanguage":"en-US","potentialAction":[{"@type":"ReadAction","target":["https:\/\/internacional.umh.es\/internacionalizacion\/eventos\/que-sabes-de-los-valores-de-la-ue\/"]}]},{"@type":"BreadcrumbList","@id":"https:\/\/internacional.umh.es\/internacionalizacion\/eventos\/que-sabes-de-los-valores-de-la-ue\/#breadcrumb","itemListElement":[{"@type":"ListItem","position":1,"name":"Home","item":"https:\/\/internacional.umh.es\/en\/"},{"@type":"ListItem","position":2,"name":"INTERNATIONALIZATION","item":"https:\/\/internacional.umh.es\/en\/internacionalizacion\/"},{"@type":"ListItem","position":3,"name":"Eventos","item":"https:\/\/internacional.umh.es\/internacionalizacion\/eventos\/"},{"@type":"ListItem","position":4,"name":"\u00bfQu\u00e9 sabes de los valores de la UE?"}]}]}},"_links":{"self":[{"href":"https:\/\/internacional.umh.es\/en\/wp-json\/wp\/v2\/pages\/42836"}],"collection":[{"href":"https:\/\/internacional.umh.es\/en\/wp-json\/wp\/v2\/pages"}],"about":[{"href":"https:\/\/internacional.umh.es\/en\/wp-json\/wp\/v2\/types\/page"}],"author":[{"embeddable":true,"href":"https:\/\/internacional.umh.es\/en\/wp-json\/wp\/v2\/users\/16862"}],"replies":[{"embeddable":true,"href":"https:\/\/internacional.umh.es\/en\/wp-json\/wp\/v2\/comments?post=42836"}],"version-history":[{"count":0,"href":"https:\/\/internacional.umh.es\/en\/wp-json\/wp\/v2\/pages\/42836\/revisions"}],"up":[{"embeddable":true,"href":"https:\/\/internacional.umh.es\/en\/wp-json\/wp\/v2\/pages\/15561"}],"wp:attachment":[{"href":"https:\/\/internacional.umh.es\/en\/wp-json\/wp\/v2\/media?parent=42836"}],"curies":[{"name":"wp","href":"https:\/\/api.w.org\/{rel}","templated":true}]}}